{"version":"1.0","provider_name":"L&#039;IHEDN: Institut des hautes \u00e9tudes de d\u00e9fense nationale (Institute for Higher National Defence Studies)","provider_url":"https:\/\/ihedn.fr\/en","title":"L'avenir de la planification L&#039;IHEDN : Institut des hautes \u00e9tudes de d\u00e9fense nationale","type":"rich","width":600,"height":338,"html":"<blockquote class=\"wp-embedded-content\" data-secret=\"TnEvdIWDXC\"><a href=\"https:\/\/ihedn.fr\/en\/lundis-de-lihedn\/lavenir-de-la-planification\/\">The future of planning<\/a><\/blockquote><iframe sandbox=\"allow-scripts\" security=\"restricted\" src=\"https:\/\/ihedn.fr\/en\/lundis-de-lihedn\/lavenir-de-la-planification\/embed\/#?secret=TnEvdIWDXC\" width=\"600\" height=\"338\" title=\"&quot;The future of planning&quot; - IHEDN: Institut des hautes \u00e9tudes de d\u00e9fense nationale (Institute for Advanced Studies in National Defence)\" data-secret=\"TnEvdIWDXC\" frameborder=\"0\" marginwidth=\"0\" marginheight=\"0\" scrolling=\"no\" class=\"wp-embedded-content\"><\/iframe><script>\n\/*! This file is auto-generated *\/\n!function(d,l){\"use strict\";l.querySelector&&d.addEventListener&&\"undefined\"!=typeof URL&&(d.wp=d.wp||{},d.wp.receiveEmbedMessage||(d.wp.receiveEmbedMessage=function(e){var t=e.data;if((t||t.secret||t.message||t.value)&&!\/[^a-zA-Z0-9]\/.test(t.secret)){for(var s,r,n,a=l.querySelectorAll('iframe[data-secret=\"'+t.secret+'\"]'),o=l.querySelectorAll('blockquote[data-secret=\"'+t.secret+'\"]'),c=new RegExp(\"^https?:$\",\"i\"),i=0;i<o.length;i++)o[i].style.display=\"none\";for(i=0;i<a.length;i++)s=a[i],e.source===s.contentWindow&&(s.removeAttribute(\"style\"),\"height\"===t.message?(1e3<(r=parseInt(t.value,10))?r=1e3:~~r<200&&(r=200),s.height=r):\"link\"===t.message&&(r=new URL(s.getAttribute(\"src\")),n=new URL(t.value),c.test(n.protocol))&&n.host===r.host&&l.activeElement===s&&(d.top.location.href=t.value))}},d.addEventListener(\"message\",d.wp.receiveEmbedMessage,!1),l.addEventListener(\"DOMContentLoaded\",function(){for(var e,t,s=l.querySelectorAll(\"iframe.wp-embedded-content\"),r=0;r<s.length;r++)(t=(e=s[r]).getAttribute(\"data-secret\"))||(t=Math.random().toString(36).substring(2,12),e.src+=\"#?secret=\"+t,e.setAttribute(\"data-secret\",t)),e.contentWindow.postMessage({message:\"ready\",secret:t},\"*\")},!1)))}(window,document);\n\/\/# sourceURL=https:\/\/ihedn.fr\/wp-includes\/js\/wp-embed.min.js\n<\/script>","thumbnail_url":"https:\/\/ihedn.fr\/wp-content\/uploads\/2020\/12\/Lundis-de-lIHedn-SILICANI_OCTOBRE_2020.jpeg","thumbnail_width":320,"thumbnail_height":148,"description":"Directeur de l\u2019administration g\u00e9n\u00e9rale du minist\u00e8re de la culture (1986-1992), directeur de cabinet de Simone Veil, ministre d\u2019Etat, ministre de la sant\u00e9, des affaires sociales et de la ville (1993), commissaire \u00e0 la r\u00e9forme de l\u2019Etat (1995-1998), auteur du Livre blanc sur l\u2019avenir de la Fonction Publique, pr\u00e9sident de l\u2019ARCEP, autorit\u00e9 de r\u00e9gulation des communications \u00e9lectroniques et des postes (2009-2015)."}