{"version":"1.0","provider_name":"L&#039;IHEDN: Institut des hautes \u00e9tudes de d\u00e9fense nationale (Institute for Higher National Defence Studies)","provider_url":"https:\/\/ihedn.fr\/en","title":"L\u2019\u00e9pop\u00e9e du Rafale, l\u2019avion de combat supr\u00eame","type":"rich","width":600,"height":338,"html":"<blockquote class=\"wp-embedded-content\" data-secret=\"BrTqA45tnN\"><a href=\"https:\/\/ihedn.fr\/en\/notre-selection\/lepopee-du-rafale-lavion-de-combat-supreme\/\">The saga of the Rafale, the ultimate fighter jet<\/a><\/blockquote><iframe sandbox=\"allow-scripts\" security=\"restricted\" src=\"https:\/\/ihedn.fr\/en\/notre-selection\/lepopee-du-rafale-lavion-de-combat-supreme\/embed\/#?secret=BrTqA45tnN\" width=\"600\" height=\"338\" title=\"&quot;The epic of the Rafale, the ultimate fighter plane&quot; - IHEDN: Institut des hautes \u00e9tudes de d\u00e9fense nationale (Institute for Advanced Studies in National Defence)\" data-secret=\"BrTqA45tnN\" frameborder=\"0\" marginwidth=\"0\" marginheight=\"0\" scrolling=\"no\" class=\"wp-embedded-content\"><\/iframe><script>\n\/*! This file is auto-generated *\/\n!function(d,l){\"use strict\";l.querySelector&&d.addEventListener&&\"undefined\"!=typeof URL&&(d.wp=d.wp||{},d.wp.receiveEmbedMessage||(d.wp.receiveEmbedMessage=function(e){var t=e.data;if((t||t.secret||t.message||t.value)&&!\/[^a-zA-Z0-9]\/.test(t.secret)){for(var s,r,n,a=l.querySelectorAll('iframe[data-secret=\"'+t.secret+'\"]'),o=l.querySelectorAll('blockquote[data-secret=\"'+t.secret+'\"]'),c=new RegExp(\"^https?:$\",\"i\"),i=0;i<o.length;i++)o[i].style.display=\"none\";for(i=0;i<a.length;i++)s=a[i],e.source===s.contentWindow&&(s.removeAttribute(\"style\"),\"height\"===t.message?(1e3<(r=parseInt(t.value,10))?r=1e3:~~r<200&&(r=200),s.height=r):\"link\"===t.message&&(r=new URL(s.getAttribute(\"src\")),n=new URL(t.value),c.test(n.protocol))&&n.host===r.host&&l.activeElement===s&&(d.top.location.href=t.value))}},d.addEventListener(\"message\",d.wp.receiveEmbedMessage,!1),l.addEventListener(\"DOMContentLoaded\",function(){for(var e,t,s=l.querySelectorAll(\"iframe.wp-embedded-content\"),r=0;r<s.length;r++)(t=(e=s[r]).getAttribute(\"data-secret\"))||(t=Math.random().toString(36).substring(2,12),e.src+=\"#?secret=\"+t,e.setAttribute(\"data-secret\",t)),e.contentWindow.postMessage({message:\"ready\",secret:t},\"*\")},!1)))}(window,document);\n\/\/# sourceURL=https:\/\/ihedn.fr\/wp-includes\/js\/wp-embed.min.js\n<\/script>","thumbnail_url":"https:\/\/ihedn.fr\/wp-content\/uploads\/2024\/12\/LIH_18_11_2024_site_internet.jpg","thumbnail_width":1920,"thumbnail_height":1080,"description":"En 1983, la France lan\u00e7ait le programme d\u2019un a\u00e9ronef r\u00e9volutionnaire, utilis\u00e9 par ses arm\u00e9es depuis 2002 avant de conna\u00eetre le succ\u00e8s \u00e0 l\u2019export. Focus sur l\u2019histoire et les caract\u00e9ristiques de ce fleuron \u00e9volutif avec les \u00e9clairages d\u2019un pilote, d\u2019un ancien ing\u00e9nieur de Dassault Aviation et du g\u00e9n\u00e9ral Philippe Lavigne, chef d\u2019\u00e9tat-major de l\u2019arm\u00e9e de l\u2019Air et de l\u2019Espace de 2018 \u00e0 2021."}