{"version":"1.0","provider_name":"L&#039;IHEDN: Institut des hautes \u00e9tudes de d\u00e9fense nationale (Institute for Higher National Defence Studies)","provider_url":"https:\/\/ihedn.fr\/en","title":"L\u2019union europ\u00e9enne face aux d\u00e9fis des menaces hybrides - L&#039;IHEDN : Institut des hautes \u00e9tudes de d\u00e9fense nationale","type":"rich","width":600,"height":338,"html":"<blockquote class=\"wp-embedded-content\" data-secret=\"HyiZyNQdl2\"><a href=\"https:\/\/ihedn.fr\/en\/uncategorized\/lunion-europeenne-face-aux-defis-des-menaces-hybrides\/\">The European Union and the challenges of hybrid threats<\/a><\/blockquote><iframe sandbox=\"allow-scripts\" security=\"restricted\" src=\"https:\/\/ihedn.fr\/en\/uncategorized\/lunion-europeenne-face-aux-defis-des-menaces-hybrides\/embed\/#?secret=HyiZyNQdl2\" width=\"600\" height=\"338\" title=\"\u201cThe European Union facing the challenges of hybrid threats\u201d \u2014 IHEDN: Institute for Higher National Defence Studies\" data-secret=\"HyiZyNQdl2\" frameborder=\"0\" marginwidth=\"0\" marginheight=\"0\" scrolling=\"no\" class=\"wp-embedded-content\"><\/iframe><script>\n\/*! This file is auto-generated *\/\n!function(d,l){\"use strict\";l.querySelector&&d.addEventListener&&\"undefined\"!=typeof URL&&(d.wp=d.wp||{},d.wp.receiveEmbedMessage||(d.wp.receiveEmbedMessage=function(e){var t=e.data;if((t||t.secret||t.message||t.value)&&!\/[^a-zA-Z0-9]\/.test(t.secret)){for(var s,r,n,a=l.querySelectorAll('iframe[data-secret=\"'+t.secret+'\"]'),o=l.querySelectorAll('blockquote[data-secret=\"'+t.secret+'\"]'),c=new RegExp(\"^https?:$\",\"i\"),i=0;i<o.length;i++)o[i].style.display=\"none\";for(i=0;i<a.length;i++)s=a[i],e.source===s.contentWindow&&(s.removeAttribute(\"style\"),\"height\"===t.message?(1e3<(r=parseInt(t.value,10))?r=1e3:~~r<200&&(r=200),s.height=r):\"link\"===t.message&&(r=new URL(s.getAttribute(\"src\")),n=new URL(t.value),c.test(n.protocol))&&n.host===r.host&&l.activeElement===s&&(d.top.location.href=t.value))}},d.addEventListener(\"message\",d.wp.receiveEmbedMessage,!1),l.addEventListener(\"DOMContentLoaded\",function(){for(var e,t,s=l.querySelectorAll(\"iframe.wp-embedded-content\"),r=0;r<s.length;r++)(t=(e=s[r]).getAttribute(\"data-secret\"))||(t=Math.random().toString(36).substring(2,12),e.src+=\"#?secret=\"+t,e.setAttribute(\"data-secret\",t)),e.contentWindow.postMessage({message:\"ready\",secret:t},\"*\")},!1)))}(window,document);\n\/\/# sourceURL=https:\/\/ihedn.fr\/wp-includes\/js\/wp-embed.min.js\n<\/script>","thumbnail_url":"https:\/\/ihedn.fr\/wp-content\/uploads\/2020\/12\/IHEDN-Lunion-europeenne-face-aux-defis-des-menaces-hybrides.jpg","thumbnail_width":1000,"thumbnail_height":687,"description":"Organis\u00e9 sous l\u2019\u00e9gide du Coll\u00e8ge Europ\u00e9en de S\u00e9curit\u00e9 et de D\u00e9fense (CESD), le cours intitul\u00e9 \u00ab\u00a0L\u2019Union Europ\u00e9enne face aux d\u00e9fis des menaces hybrides\u00a0\u00bb a d\u00e9but\u00e9 ce jour \u00e0 par une allocution du g\u00e9n\u00e9ral de corps d\u2019arm\u00e9e Patrick Destremau, directeur de l\u2019Institut des Hautes Etudes de D\u00e9fense Nationale (IHEDN). Pr\u00e9par\u00e9e et conduite par le D\u00e9partement de [&hellip;]"}