{"version":"1.0","provider_name":"L&#039;IHEDN: Institut des hautes \u00e9tudes de d\u00e9fense nationale (Institute for Higher National Defence Studies)","provider_url":"https:\/\/ihedn.fr\/en","title":"Le Sahel, \u00e9picentre g\u00e9opolitique","type":"rich","width":600,"height":338,"html":"<blockquote class=\"wp-embedded-content\" data-secret=\"JGQRGgs7Yy\"><a href=\"https:\/\/ihedn.fr\/en\/veille-strategique\/le-sahel-epicentre-geopolitique\/\">The Sahel, geopolitical epicentre<\/a><\/blockquote><iframe sandbox=\"allow-scripts\" security=\"restricted\" src=\"https:\/\/ihedn.fr\/en\/veille-strategique\/le-sahel-epicentre-geopolitique\/embed\/#?secret=JGQRGgs7Yy\" width=\"600\" height=\"338\" title=\"&quot;The Sahel, a geopolitical epicentre&quot; - IHEDN : Institut des hautes \u00e9tudes de d\u00e9fense nationale (Graduate Institute of National Defence)\" data-secret=\"JGQRGgs7Yy\" frameborder=\"0\" marginwidth=\"0\" marginheight=\"0\" scrolling=\"no\" class=\"wp-embedded-content\"><\/iframe><script>\n\/*! This file is auto-generated *\/\n!function(d,l){\"use strict\";l.querySelector&&d.addEventListener&&\"undefined\"!=typeof URL&&(d.wp=d.wp||{},d.wp.receiveEmbedMessage||(d.wp.receiveEmbedMessage=function(e){var t=e.data;if((t||t.secret||t.message||t.value)&&!\/[^a-zA-Z0-9]\/.test(t.secret)){for(var s,r,n,a=l.querySelectorAll('iframe[data-secret=\"'+t.secret+'\"]'),o=l.querySelectorAll('blockquote[data-secret=\"'+t.secret+'\"]'),c=new RegExp(\"^https?:$\",\"i\"),i=0;i<o.length;i++)o[i].style.display=\"none\";for(i=0;i<a.length;i++)s=a[i],e.source===s.contentWindow&&(s.removeAttribute(\"style\"),\"height\"===t.message?(1e3<(r=parseInt(t.value,10))?r=1e3:~~r<200&&(r=200),s.height=r):\"link\"===t.message&&(r=new URL(s.getAttribute(\"src\")),n=new URL(t.value),c.test(n.protocol))&&n.host===r.host&&l.activeElement===s&&(d.top.location.href=t.value))}},d.addEventListener(\"message\",d.wp.receiveEmbedMessage,!1),l.addEventListener(\"DOMContentLoaded\",function(){for(var e,t,s=l.querySelectorAll(\"iframe.wp-embedded-content\"),r=0;r<s.length;r++)(t=(e=s[r]).getAttribute(\"data-secret\"))||(t=Math.random().toString(36).substring(2,12),e.src+=\"#?secret=\"+t,e.setAttribute(\"data-secret\",t)),e.contentWindow.postMessage({message:\"ready\",secret:t},\"*\")},!1)))}(window,document);\n\/\/# sourceURL=https:\/\/ihedn.fr\/wp-includes\/js\/wp-embed.min.js\n<\/script>","thumbnail_url":"https:\/\/ihedn.fr\/wp-content\/uploads\/2024\/01\/le_sahel_epicentre.jpg","thumbnail_width":316,"thumbnail_height":503,"description":"\u00c0 travers une analyse perspicace de la sociogen\u00e8se de l\u2019extr\u00e9misme et du crime au Sahel et des changements de paradigmes, l\u2019auteur d\u00e9cortique les dynamiques historiques, politiques et culturelles qui ont fa\u00e7onn\u00e9 le Sahel en un \u00e9picentre g\u00e9opolitique. Ce livre propose un regard riche et nuanc\u00e9 sur le Sahel, en mettant en avant des initiatives structurelles locales et des strat\u00e9gies communautaires qui cherchent \u00e0 r\u00e9soudre les probl\u00e8mes s\u00e9curitaires de la r\u00e9gion."}