{"version":"1.0","provider_name":"L&#039;IHEDN: Institut des hautes \u00e9tudes de d\u00e9fense nationale (Institute for Higher National Defence Studies)","provider_url":"https:\/\/ihedn.fr\/en","title":"Les armes nucl\u00e9aires tactiques r\u00e9habilit\u00e9es ? - L&#039;IHEDN : Institut des hautes \u00e9tudes de d\u00e9fense nationale","type":"rich","width":600,"height":338,"html":"<blockquote class=\"wp-embedded-content\" data-secret=\"xyohdliaPE\"><a href=\"https:\/\/ihedn.fr\/en\/veille-strategique\/les-armes-nucleaires-tactiques-rehabilitees\/\">Tactical nuclear weapons rehabilitated?<\/a><\/blockquote><iframe sandbox=\"allow-scripts\" security=\"restricted\" src=\"https:\/\/ihedn.fr\/en\/veille-strategique\/les-armes-nucleaires-tactiques-rehabilitees\/embed\/#?secret=xyohdliaPE\" width=\"600\" height=\"338\" title=\"&#8220;Les armes nucl\u00e9aires tactiques r\u00e9habilit\u00e9es ?&#8221; &#8212; L&#039;IHEDN : Institut des hautes \u00e9tudes de d\u00e9fense nationale\" data-secret=\"xyohdliaPE\" frameborder=\"0\" marginwidth=\"0\" marginheight=\"0\" scrolling=\"no\" class=\"wp-embedded-content\"><\/iframe><script>\n\/*! This file is auto-generated *\/\n!function(d,l){\"use strict\";l.querySelector&&d.addEventListener&&\"undefined\"!=typeof URL&&(d.wp=d.wp||{},d.wp.receiveEmbedMessage||(d.wp.receiveEmbedMessage=function(e){var t=e.data;if((t||t.secret||t.message||t.value)&&!\/[^a-zA-Z0-9]\/.test(t.secret)){for(var s,r,n,a=l.querySelectorAll('iframe[data-secret=\"'+t.secret+'\"]'),o=l.querySelectorAll('blockquote[data-secret=\"'+t.secret+'\"]'),c=new RegExp(\"^https?:$\",\"i\"),i=0;i<o.length;i++)o[i].style.display=\"none\";for(i=0;i<a.length;i++)s=a[i],e.source===s.contentWindow&&(s.removeAttribute(\"style\"),\"height\"===t.message?(1e3<(r=parseInt(t.value,10))?r=1e3:~~r<200&&(r=200),s.height=r):\"link\"===t.message&&(r=new URL(s.getAttribute(\"src\")),n=new URL(t.value),c.test(n.protocol))&&n.host===r.host&&l.activeElement===s&&(d.top.location.href=t.value))}},d.addEventListener(\"message\",d.wp.receiveEmbedMessage,!1),l.addEventListener(\"DOMContentLoaded\",function(){for(var e,t,s=l.querySelectorAll(\"iframe.wp-embedded-content\"),r=0;r<s.length;r++)(t=(e=s[r]).getAttribute(\"data-secret\"))||(t=Math.random().toString(36).substring(2,12),e.src+=\"#?secret=\"+t,e.setAttribute(\"data-secret\",t)),e.contentWindow.postMessage({message:\"ready\",secret:t},\"*\")},!1)))}(window,document);\n\/\/# sourceURL=https:\/\/ihedn.fr\/wp-includes\/js\/wp-embed.min.js\n<\/script>","description":"L\u2019\u00e9tude pose la question de la r\u00e9habilitation des armes nucl\u00e9aires tactiques en partant de l\u2019hypoth\u00e8se que celles-ci augmentent le risque d\u2019une escalade du conventionnel vers le nucl\u00e9aire parce qu\u2019elles sont davantage employables que des armes nucl\u00e9aires strat\u00e9giques. La premi\u00e8re partie est consacr\u00e9e \u00e0 la terminologie et vise \u00e0 saisir la notion d\u2019arme nucl\u00e9aire tactique. La [&hellip;]"}