{"id":2635,"date":"2020-12-22T17:33:52","date_gmt":"2020-12-22T15:33:52","guid":{"rendered":"https:\/\/ihedn.concilium.click\/?page_id=2635"},"modified":"2021-12-02T14:58:05","modified_gmt":"2021-12-02T13:58:05","slug":"session-europeenne-des-responsables-darmement","status":"publish","type":"formation","link":"https:\/\/ihedn.fr\/en\/formation\/session-europeenne-des-responsables-darmement\/","title":{"rendered":"European session of arms managers"},"content":{"rendered":"\t\t<div data-elementor-type=\"wp-page\" data-elementor-id=\"2635\" class=\"elementor elementor-2635\" data-elementor-post-type=\"formation\">\n\t\t\t\t\t\t<section data-particle_enable=\"false\" data-particle-mobile-disabled=\"false\" class=\"elementor-section elementor-top-section elementor-element elementor-element-b077e34 elementor-section-boxed elementor-section-height-default elementor-section-height-default\" data-id=\"b077e34\" data-element_type=\"section\" data-e-type=\"section\">\n\t\t\t\t\t\t<div class=\"elementor-container elementor-column-gap-default\">\n\t\t\t\t\t<div class=\"elementor-column elementor-col-100 elementor-top-column elementor-element elementor-element-9edc387\" data-id=\"9edc387\" data-element_type=\"column\" data-e-type=\"column\">\n\t\t\t<div class=\"elementor-widget-wrap elementor-element-populated\">\n\t\t\t\t\t\t<div class=\"elementor-element elementor-element-87ccd0f elementor-widget elementor-widget-heading\" data-id=\"87ccd0f\" data-element_type=\"widget\" data-e-type=\"widget\" data-widget_type=\"heading.default\">\n\t\t\t\t<div class=\"elementor-widget-container\">\n\t\t\t\t\t<h3 class=\"elementor-heading-title elementor-size-xl\">SERA - AED<\/h3>\t\t\t\t<\/div>\n\t\t\t\t<\/div>\n\t\t\t\t\t<\/div>\n\t\t<\/div>\n\t\t\t\t\t<\/div>\n\t\t<\/section>\n\t\t\t\t<section data-particle_enable=\"false\" data-particle-mobile-disabled=\"false\" class=\"elementor-section elementor-top-section elementor-element elementor-element-8379c06 elementor-section-boxed elementor-section-height-default elementor-section-height-default\" data-id=\"8379c06\" data-element_type=\"section\" data-e-type=\"section\">\n\t\t\t\t\t\t<div class=\"elementor-container elementor-column-gap-default\">\n\t\t\t\t\t<div class=\"elementor-column elementor-col-100 elementor-top-column elementor-element elementor-element-90e29a6\" data-id=\"90e29a6\" data-element_type=\"column\" data-e-type=\"column\">\n\t\t\t<div class=\"elementor-widget-wrap elementor-element-populated\">\n\t\t\t\t\t\t<div class=\"elementor-element elementor-element-eeaa539 elementor-widget elementor-widget-text-editor\" data-id=\"eeaa539\" data-element_type=\"widget\" data-e-type=\"widget\" data-widget_type=\"text-editor.default\">\n\t\t\t\t<div class=\"elementor-widget-container\">\n\t\t\t\t\t\t\t\t\t<p><img fetchpriority=\"high\" decoding=\"async\" class=\"wp-image-2638 size-medium alignleft\" src=\"https:\/\/ihedn.fr\/wp-content\/uploads\/2020\/12\/IHEDN-SERA-300x260.png\" alt=\"\" width=\"300\" height=\"260\" \/>Renforcer les liens entre cadres dirigeants europ\u00e9ens, \u00e9tatiques et industriels de la communaut\u00e9 d\u2019armement, en vue d&rsquo;\u00e9changes et\/ou de perspectives de coop\u00e9ration europ\u00e9enne.<\/p>\t\t\t\t\t\t\t\t<\/div>\n\t\t\t\t<\/div>\n\t\t\t\t\t<\/div>\n\t\t<\/div>\n\t\t\t\t\t<\/div>\n\t\t<\/section>\n\t\t\t\t<section data-particle_enable=\"false\" data-particle-mobile-disabled=\"false\" class=\"elementor-section elementor-top-section elementor-element elementor-element-3de5ccb elementor-section-boxed elementor-section-height-default elementor-section-height-default\" data-id=\"3de5ccb\" data-element_type=\"section\" data-e-type=\"section\">\n\t\t\t\t\t\t<div class=\"elementor-container elementor-column-gap-default\">\n\t\t\t\t\t<div class=\"elementor-column elementor-col-100 elementor-top-column elementor-element elementor-element-61e8f80\" data-id=\"61e8f80\" data-element_type=\"column\" data-e-type=\"column\">\n\t\t\t<div class=\"elementor-widget-wrap elementor-element-populated\">\n\t\t\t\t\t\t<div class=\"elementor-element elementor-element-87d3979 elementor-widget elementor-widget-heading\" data-id=\"87d3979\" data-element_type=\"widget\" data-e-type=\"widget\" data-widget_type=\"heading.default\">\n\t\t\t\t<div class=\"elementor-widget-container\">\n\t\t\t\t\t<h2 class=\"elementor-heading-title elementor-size-default\">Objectifs<\/h2>\t\t\t\t<\/div>\n\t\t\t\t<\/div>\n\t\t\t\t<div class=\"elementor-element elementor-element-0f07edd elementor-hidden-tablet elementor-widget-divider--view-line elementor-invisible elementor-widget elementor-widget-divider\" data-id=\"0f07edd\" data-element_type=\"widget\" data-e-type=\"widget\" data-settings=\"{&quot;_animation&quot;:&quot;fadeInUp&quot;,&quot;_animation_delay&quot;:100}\" data-widget_type=\"divider.default\">\n\t\t\t\t<div class=\"elementor-widget-container\">\n\t\t\t\t\t\t\t<div class=\"elementor-divider\">\n\t\t\t<span class=\"elementor-divider-separator\">\n\t\t\t\t\t\t<\/span>\n\t\t<\/div>\n\t\t\t\t\t\t<\/div>\n\t\t\t\t<\/div>\n\t\t\t\t<div class=\"elementor-element elementor-element-9816409 elementor-widget elementor-widget-text-editor\" data-id=\"9816409\" data-element_type=\"widget\" data-e-type=\"widget\" data-widget_type=\"text-editor.default\">\n\t\t\t\t<div class=\"elementor-widget-container\">\n\t\t\t\t\t\t\t\t\t<p><span style=\"color: #c80a23;\"><strong>\u2022<\/strong><\/span> renforcer les liens entre cadres dirigeants europ\u00e9ens, institutionnels et industriels, au sein de la communaut\u00e9 d\u2019armement, dans une perspective d\u2019affermissement de la coop\u00e9ration \u00e0 l\u2019\u00e9chelle europ\u00e9enne ;<\/p><p><strong><span style=\"color: #c80a23;\">\u2022<\/span> <\/strong>assurer aux auditeurs une meilleure compr\u00e9hension des probl\u00e9matiques europ\u00e9ennes actuelles en mati\u00e8re de d\u00e9fense, et notamment du point de vue de la composante \u00ab armement \u00bb et \u00ab \u00e9conomie de d\u00e9fense \u00bb ;<\/p><p><strong><span style=\"color: #c80a23;\">\u2022<\/span> <\/strong>promouvoir une r\u00e9flexion europ\u00e9enne commune engag\u00e9e dans le cadre d\u2019un partage d\u2019exp\u00e9rience entre les auditeurs ;<\/p><p><strong><span style=\"color: #c80a23;\">\u2022<\/span> <\/strong>favoriser le dialogue et le d\u00e9bat d\u2019id\u00e9es, dans le cadre des sessions de comit\u00e9, sur la vision strat\u00e9gique au niveau national, au sein de chaque pays europ\u00e9en, au sujet de la coop\u00e9ration dans le domaine de l\u2019armement.<\/p>\t\t\t\t\t\t\t\t<\/div>\n\t\t\t\t<\/div>\n\t\t\t\t\t<\/div>\n\t\t<\/div>\n\t\t\t\t\t<\/div>\n\t\t<\/section>\n\t\t\t\t<section data-particle_enable=\"false\" data-particle-mobile-disabled=\"false\" class=\"elementor-section elementor-top-section elementor-element elementor-element-8edcae2 elementor-section-boxed elementor-section-height-default elementor-section-height-default\" data-id=\"8edcae2\" data-element_type=\"section\" data-e-type=\"section\">\n\t\t\t\t\t\t<div class=\"elementor-container elementor-column-gap-default\">\n\t\t\t\t\t<div class=\"elementor-column elementor-col-100 elementor-top-column elementor-element elementor-element-316f608\" data-id=\"316f608\" data-element_type=\"column\" data-e-type=\"column\">\n\t\t\t<div class=\"elementor-widget-wrap elementor-element-populated\">\n\t\t\t\t\t\t<div class=\"elementor-element elementor-element-86da3af elementor-widget elementor-widget-heading\" data-id=\"86da3af\" data-element_type=\"widget\" data-e-type=\"widget\" data-widget_type=\"heading.default\">\n\t\t\t\t<div class=\"elementor-widget-container\">\n\t\t\t\t\t<h2 class=\"elementor-heading-title elementor-size-default\">Publics vis\u00e9s<\/h2>\t\t\t\t<\/div>\n\t\t\t\t<\/div>\n\t\t\t\t<div class=\"elementor-element elementor-element-1477b03 elementor-hidden-tablet elementor-widget-divider--view-line elementor-invisible elementor-widget elementor-widget-divider\" data-id=\"1477b03\" data-element_type=\"widget\" data-e-type=\"widget\" data-settings=\"{&quot;_animation&quot;:&quot;fadeInUp&quot;,&quot;_animation_delay&quot;:100}\" data-widget_type=\"divider.default\">\n\t\t\t\t<div class=\"elementor-widget-container\">\n\t\t\t\t\t\t\t<div class=\"elementor-divider\">\n\t\t\t<span class=\"elementor-divider-separator\">\n\t\t\t\t\t\t<\/span>\n\t\t<\/div>\n\t\t\t\t\t\t<\/div>\n\t\t\t\t<\/div>\n\t\t\t\t<div class=\"elementor-element elementor-element-06f09b2 elementor-widget elementor-widget-text-editor\" data-id=\"06f09b2\" data-element_type=\"widget\" data-e-type=\"widget\" data-widget_type=\"text-editor.default\">\n\t\t\t\t<div class=\"elementor-widget-container\">\n\t\t\t\t\t\t\t\t\t<p><span style=\"color: #c80a23;\"><strong>\u2022<\/strong> <\/span>responsables civils et militaires de haut niveau exer\u00e7ant au sein des directions nationales en charge de l\u2019acquisition des \u00e9quipements de d\u00e9fense ou dans le cadre d\u2019administrations impliqu\u00e9es dans les questions d\u2019armement, notamment dans une perspective europ\u00e9enne ;<\/p><p><strong><span style=\"color: #c80a23;\">\u2022<\/span> <\/strong>officiers sup\u00e9rieurs des forces arm\u00e9es, aux fonctions op\u00e9rationnelles ou li\u00e9es \u00e0 la d\u00e9finition des besoins militaires et \u00e0 la planification\u00a0;<\/p><p><strong><span style=\"color: #c80a23;\">\u2022<\/span> <\/strong>cadres sup\u00e9rieurs d\u2019entreprises directement impliqu\u00e9s dans la fourniture d\u2019\u00e9quipements de d\u00e9fense ou dans le d\u00e9veloppement et la recherche de technologies li\u00e9es aux domaines de la s\u00e9curit\u00e9 et de la d\u00e9fense.<\/p>\t\t\t\t\t\t\t\t<\/div>\n\t\t\t\t<\/div>\n\t\t\t\t\t<\/div>\n\t\t<\/div>\n\t\t\t\t\t<\/div>\n\t\t<\/section>\n\t\t\t\t<section data-particle_enable=\"false\" data-particle-mobile-disabled=\"false\" class=\"elementor-section elementor-top-section elementor-element elementor-element-733f26f elementor-section-boxed elementor-section-height-default elementor-section-height-default\" data-id=\"733f26f\" data-element_type=\"section\" data-e-type=\"section\">\n\t\t\t\t\t\t<div class=\"elementor-container elementor-column-gap-default\">\n\t\t\t\t\t<div class=\"elementor-column elementor-col-100 elementor-top-column elementor-element elementor-element-107cc67\" data-id=\"107cc67\" data-element_type=\"column\" data-e-type=\"column\">\n\t\t\t<div class=\"elementor-widget-wrap elementor-element-populated\">\n\t\t\t\t\t\t<div class=\"elementor-element elementor-element-1eedc89 elementor-widget elementor-widget-heading\" data-id=\"1eedc89\" data-element_type=\"widget\" data-e-type=\"widget\" data-widget_type=\"heading.default\">\n\t\t\t\t<div class=\"elementor-widget-container\">\n\t\t\t\t\t<h2 class=\"elementor-heading-title elementor-size-default\">Th\u00e8me principal<\/h2>\t\t\t\t<\/div>\n\t\t\t\t<\/div>\n\t\t\t\t<div class=\"elementor-element elementor-element-d64080d elementor-hidden-tablet elementor-widget-divider--view-line elementor-invisible elementor-widget elementor-widget-divider\" data-id=\"d64080d\" data-element_type=\"widget\" data-e-type=\"widget\" data-settings=\"{&quot;_animation&quot;:&quot;fadeInUp&quot;,&quot;_animation_delay&quot;:100}\" data-widget_type=\"divider.default\">\n\t\t\t\t<div class=\"elementor-widget-container\">\n\t\t\t\t\t\t\t<div class=\"elementor-divider\">\n\t\t\t<span class=\"elementor-divider-separator\">\n\t\t\t\t\t\t<\/span>\n\t\t<\/div>\n\t\t\t\t\t\t<\/div>\n\t\t\t\t<\/div>\n\t\t\t\t<div class=\"elementor-element elementor-element-3bc7449 elementor-widget elementor-widget-text-editor\" data-id=\"3bc7449\" data-element_type=\"widget\" data-e-type=\"widget\" data-widget_type=\"text-editor.default\">\n\t\t\t\t<div class=\"elementor-widget-container\">\n\t\t\t\t\t\t\t\t\t<p><span style=\"color: #034b7b;\"><strong>\u00ab European strategic autonomy \u00bb<\/strong><\/span> vs. <strong><span style=\"color: #034b7b;\">\u00ab Nation first \u00bb<\/span><\/strong><\/p><p><strong><span style=\"color: #034b7b;\">How to proceed in favour of European defence industry ?<\/span><\/strong><\/p>\t\t\t\t\t\t\t\t<\/div>\n\t\t\t\t<\/div>\n\t\t\t\t\t<\/div>\n\t\t<\/div>\n\t\t\t\t\t<\/div>\n\t\t<\/section>\n\t\t\t\t<section data-particle_enable=\"false\" data-particle-mobile-disabled=\"false\" class=\"elementor-section elementor-top-section elementor-element elementor-element-e7add95 elementor-section-boxed elementor-section-height-default elementor-section-height-default elementor-invisible\" data-id=\"e7add95\" data-element_type=\"section\" data-e-type=\"section\" data-settings=\"{&quot;background_background&quot;:&quot;classic&quot;,&quot;animation&quot;:&quot;bounceInRight&quot;}\">\n\t\t\t\t\t\t<div class=\"elementor-container elementor-column-gap-default\">\n\t\t\t\t\t<div class=\"elementor-column elementor-col-100 elementor-top-column elementor-element elementor-element-8c14ef5\" data-id=\"8c14ef5\" data-element_type=\"column\" data-e-type=\"column\">\n\t\t\t<div class=\"elementor-widget-wrap elementor-element-populated\">\n\t\t\t\t\t\t<section data-particle_enable=\"false\" data-particle-mobile-disabled=\"false\" class=\"elementor-section elementor-inner-section elementor-element elementor-element-f71bb65 elementor-section-boxed elementor-section-height-default elementor-section-height-default\" data-id=\"f71bb65\" data-element_type=\"section\" data-e-type=\"section\">\n\t\t\t\t\t\t<div class=\"elementor-container elementor-column-gap-default\">\n\t\t\t\t\t<div class=\"elementor-column elementor-col-50 elementor-inner-column elementor-element elementor-element-db5b029\" data-id=\"db5b029\" data-element_type=\"column\" data-e-type=\"column\">\n\t\t\t<div class=\"elementor-widget-wrap elementor-element-populated\">\n\t\t\t\t\t\t<div class=\"elementor-element elementor-element-26a407d elementor-widget elementor-widget-text-editor\" data-id=\"26a407d\" data-element_type=\"widget\" data-e-type=\"widget\" data-widget_type=\"text-editor.default\">\n\t\t\t\t<div class=\"elementor-widget-container\">\n\t\t\t\t\t\t\t\t\t<h4 style=\"text-align: center;\"><span style=\"color: #ffffff;\"><strong>Dates<\/strong><\/span><\/h4><p style=\"text-align: center;\"><span style=\"color: #ffffff;\">du 14 au 18 mars 2022, en France<\/span><br \/><span style=\"color: #ffffff;\">du 25 au 29 avril 2022, en Allemagne<\/span><br \/><span style=\"color: #ffffff;\">du 16 au 20 mai 2022, en Finlande<\/span><br \/><span style=\"color: #ffffff;\">du 20 au 24 juin 2022, en France<\/span><\/p>\t\t\t\t\t\t\t\t<\/div>\n\t\t\t\t<\/div>\n\t\t\t\t\t<\/div>\n\t\t<\/div>\n\t\t\t\t<div class=\"elementor-column elementor-col-50 elementor-inner-column elementor-element elementor-element-f4964bb\" data-id=\"f4964bb\" data-element_type=\"column\" data-e-type=\"column\">\n\t\t\t<div class=\"elementor-widget-wrap elementor-element-populated\">\n\t\t\t\t\t\t<div class=\"elementor-element elementor-element-c17734d elementor-widget elementor-widget-text-editor\" data-id=\"c17734d\" data-element_type=\"widget\" data-e-type=\"widget\" data-widget_type=\"text-editor.default\">\n\t\t\t\t<div class=\"elementor-widget-container\">\n\t\t\t\t\t\t\t\t\t<div><h4 style=\"text-align: center;\"><span style=\"color: #ffffff;\"><strong>Contacts<\/strong><\/span><\/h4><div style=\"text-align: center;\"><div><div style=\"text-align: center;\"><div class=\"field field-name-field-formation-courriel field-type-email field-label-hidden\"><div class=\"field-items\"><div class=\"field-item even\"><span style=\"color: #ffffff;\"><a style=\"color: #ffffff;\" href=\"mailto:bae@ihedn.fr\">bae@ihedn.fr<\/a> <br \/><\/span><\/div><\/div><\/div><\/div><\/div><\/div><\/div>\t\t\t\t\t\t\t\t<\/div>\n\t\t\t\t<\/div>\n\t\t\t\t\t<\/div>\n\t\t<\/div>\n\t\t\t\t\t<\/div>\n\t\t<\/section>\n\t\t\t\t\t<\/div>\n\t\t<\/div>\n\t\t\t\t\t<\/div>\n\t\t<\/section>\n\t\t\t\t<section data-particle_enable=\"false\" data-particle-mobile-disabled=\"false\" class=\"elementor-section elementor-top-section elementor-element elementor-element-43378e8 elementor-section-boxed elementor-section-height-default elementor-section-height-default\" data-id=\"43378e8\" data-element_type=\"section\" data-e-type=\"section\">\n\t\t\t\t\t\t<div class=\"elementor-container elementor-column-gap-default\">\n\t\t\t\t\t<div class=\"elementor-column elementor-col-100 elementor-top-column elementor-element elementor-element-227c33d\" data-id=\"227c33d\" data-element_type=\"column\" data-e-type=\"column\">\n\t\t\t<div class=\"elementor-widget-wrap elementor-element-populated\">\n\t\t\t\t\t\t<div class=\"elementor-element elementor-element-9e79b4e elementor-widget elementor-widget-toggle\" data-id=\"9e79b4e\" data-element_type=\"widget\" data-e-type=\"widget\" data-settings=\"{&quot;motion_fx_motion_fx_scrolling&quot;:&quot;yes&quot;,&quot;motion_fx_devices&quot;:[&quot;desktop&quot;,&quot;tablet&quot;,&quot;mobile&quot;]}\" data-widget_type=\"toggle.default\">\n\t\t\t\t<div class=\"elementor-widget-container\">\n\t\t\t\t\t\t\t<div class=\"elementor-toggle\">\n\t\t\t\t\t\t\t<div class=\"elementor-toggle-item\">\n\t\t\t\t\t<div id=\"elementor-tab-title-1661\" class=\"elementor-tab-title\" data-tab=\"1\" role=\"button\" aria-controls=\"elementor-tab-content-1661\" aria-expanded=\"false\">\n\t\t\t\t\t\t\t\t\t\t\t\t<span class=\"elementor-toggle-icon elementor-toggle-icon-left\" aria-hidden=\"true\">\n\t\t\t\t\t\t\t\t\t\t\t\t\t\t\t<span class=\"elementor-toggle-icon-closed\"><svg class=\"e-font-icon-svg e-fas-caret-square-down\" viewBox=\"0 0 448 512\" xmlns=\"http:\/\/www.w3.org\/2000\/svg\"><path d=\"M448 80v352c0 26.5-21.5 48-48 48H48c-26.5 0-48-21.5-48-48V80c0-26.5 21.5-48 48-48h352c26.5 0 48 21.5 48 48zM92.5 220.5l123 123c4.7 4.7 12.3 4.7 17 0l123-123c7.6-7.6 2.2-20.5-8.5-20.5H101c-10.7 0-16.1 12.9-8.5 20.5z\"><\/path><\/svg><\/span>\n\t\t\t\t\t\t\t\t<span class=\"elementor-toggle-icon-opened\"><svg class=\"elementor-toggle-icon-opened e-font-icon-svg e-far-caret-square-up\" viewBox=\"0 0 448 512\" xmlns=\"http:\/\/www.w3.org\/2000\/svg\"><path d=\"M322.9 304H125.1c-10.7 0-16.1-13-8.5-20.5l98.9-98.3c4.7-4.7 12.2-4.7 16.9 0l98.9 98.3c7.7 7.5 2.3 20.5-8.4 20.5zM448 80v352c0 26.5-21.5 48-48 48H48c-26.5 0-48-21.5-48-48V80c0-26.5 21.5-48 48-48h352c26.5 0 48 21.5 48 48zm-48 346V86c0-3.3-2.7-6-6-6H54c-3.3 0-6 2.7-6 6v340c0 3.3 2.7 6 6 6h340c3.3 0 6-2.7 6-6z\"><\/path><\/svg><\/span>\n\t\t\t\t\t\t\t\t\t\t\t\t\t<\/span>\n\t\t\t\t\t\t\t\t\t\t\t\t<a class=\"elementor-toggle-title\" tabindex=\"0\">P\u00e9dagogie<\/a>\n\t\t\t\t\t<\/div>\n\n\t\t\t\t\t<div id=\"elementor-tab-content-1661\" class=\"elementor-tab-content elementor-clearfix\" data-tab=\"1\" role=\"region\" aria-labelledby=\"elementor-tab-title-1661\"><ul><li>conf\u00e9rences et d\u00e9bats ; visites de sites industriels et militaires en France et dans les pays h\u00f4tes europ\u00e9ens (en l\u2019occurrence, au titre de l\u2019ann\u00e9e 2022, l\u2019Allemagne et la Finlande) ;<\/li><li>missions d\u2019\u00e9tudes dans les pays europ\u00e9ens ;<\/li><li>travaux de comit\u00e9 (r\u00e9daction d\u2019un rapport final de comit\u00e9).<\/li><\/ul><\/div>\n\t\t\t\t<\/div>\n\t\t\t\t\t\t\t<div class=\"elementor-toggle-item\">\n\t\t\t\t\t<div id=\"elementor-tab-title-1662\" class=\"elementor-tab-title\" data-tab=\"2\" role=\"button\" aria-controls=\"elementor-tab-content-1662\" aria-expanded=\"false\">\n\t\t\t\t\t\t\t\t\t\t\t\t<span class=\"elementor-toggle-icon elementor-toggle-icon-left\" aria-hidden=\"true\">\n\t\t\t\t\t\t\t\t\t\t\t\t\t\t\t<span class=\"elementor-toggle-icon-closed\"><svg class=\"e-font-icon-svg e-fas-caret-square-down\" viewBox=\"0 0 448 512\" xmlns=\"http:\/\/www.w3.org\/2000\/svg\"><path d=\"M448 80v352c0 26.5-21.5 48-48 48H48c-26.5 0-48-21.5-48-48V80c0-26.5 21.5-48 48-48h352c26.5 0 48 21.5 48 48zM92.5 220.5l123 123c4.7 4.7 12.3 4.7 17 0l123-123c7.6-7.6 2.2-20.5-8.5-20.5H101c-10.7 0-16.1 12.9-8.5 20.5z\"><\/path><\/svg><\/span>\n\t\t\t\t\t\t\t\t<span class=\"elementor-toggle-icon-opened\"><svg class=\"elementor-toggle-icon-opened e-font-icon-svg e-far-caret-square-up\" viewBox=\"0 0 448 512\" xmlns=\"http:\/\/www.w3.org\/2000\/svg\"><path d=\"M322.9 304H125.1c-10.7 0-16.1-13-8.5-20.5l98.9-98.3c4.7-4.7 12.2-4.7 16.9 0l98.9 98.3c7.7 7.5 2.3 20.5-8.4 20.5zM448 80v352c0 26.5-21.5 48-48 48H48c-26.5 0-48-21.5-48-48V80c0-26.5 21.5-48 48-48h352c26.5 0 48 21.5 48 48zm-48 346V86c0-3.3-2.7-6-6-6H54c-3.3 0-6 2.7-6 6v340c0 3.3 2.7 6 6 6h340c3.3 0 6-2.7 6-6z\"><\/path><\/svg><\/span>\n\t\t\t\t\t\t\t\t\t\t\t\t\t<\/span>\n\t\t\t\t\t\t\t\t\t\t\t\t<a class=\"elementor-toggle-title\" tabindex=\"0\">Admission<\/a>\n\t\t\t\t\t<\/div>\n\n\t\t\t\t\t<div id=\"elementor-tab-content-1662\" class=\"elementor-tab-content elementor-clearfix\" data-tab=\"2\" role=\"region\" aria-labelledby=\"elementor-tab-title-1662\"><div><div><div><div id=\"accordion-5fe083309060b\" role=\"tablist\" aria-multiselectable=\"true\"><div id=\"collapse-5fe083309060b\" role=\"tabpanel\" aria-labelledby=\"ui-collapse-873\" aria-hidden=\"false\" aria-expanded=\"true\"><div role=\"presentation\"><div role=\"presentation\"><div role=\"presentation\"><div role=\"presentation\"><p>sur invitation (transmission d\u2019un dossier de candidat)<\/p><\/div><\/div><\/div><\/div><\/div><\/div><\/div><\/div><\/div><\/div>\n\t\t\t\t<\/div>\n\t\t\t\t\t\t\t<div class=\"elementor-toggle-item\">\n\t\t\t\t\t<div id=\"elementor-tab-title-1663\" class=\"elementor-tab-title\" data-tab=\"3\" role=\"button\" aria-controls=\"elementor-tab-content-1663\" aria-expanded=\"false\">\n\t\t\t\t\t\t\t\t\t\t\t\t<span class=\"elementor-toggle-icon elementor-toggle-icon-left\" aria-hidden=\"true\">\n\t\t\t\t\t\t\t\t\t\t\t\t\t\t\t<span class=\"elementor-toggle-icon-closed\"><svg class=\"e-font-icon-svg e-fas-caret-square-down\" viewBox=\"0 0 448 512\" xmlns=\"http:\/\/www.w3.org\/2000\/svg\"><path d=\"M448 80v352c0 26.5-21.5 48-48 48H48c-26.5 0-48-21.5-48-48V80c0-26.5 21.5-48 48-48h352c26.5 0 48 21.5 48 48zM92.5 220.5l123 123c4.7 4.7 12.3 4.7 17 0l123-123c7.6-7.6 2.2-20.5-8.5-20.5H101c-10.7 0-16.1 12.9-8.5 20.5z\"><\/path><\/svg><\/span>\n\t\t\t\t\t\t\t\t<span class=\"elementor-toggle-icon-opened\"><svg class=\"elementor-toggle-icon-opened e-font-icon-svg e-far-caret-square-up\" viewBox=\"0 0 448 512\" xmlns=\"http:\/\/www.w3.org\/2000\/svg\"><path d=\"M322.9 304H125.1c-10.7 0-16.1-13-8.5-20.5l98.9-98.3c4.7-4.7 12.2-4.7 16.9 0l98.9 98.3c7.7 7.5 2.3 20.5-8.4 20.5zM448 80v352c0 26.5-21.5 48-48 48H48c-26.5 0-48-21.5-48-48V80c0-26.5 21.5-48 48-48h352c26.5 0 48 21.5 48 48zm-48 346V86c0-3.3-2.7-6-6-6H54c-3.3 0-6 2.7-6 6v340c0 3.3 2.7 6 6 6h340c3.3 0 6-2.7 6-6z\"><\/path><\/svg><\/span>\n\t\t\t\t\t\t\t\t\t\t\t\t\t<\/span>\n\t\t\t\t\t\t\t\t\t\t\t\t<a class=\"elementor-toggle-title\" tabindex=\"0\">Pr\u00e9requis<\/a>\n\t\t\t\t\t<\/div>\n\n\t\t\t\t\t<div id=\"elementor-tab-content-1663\" class=\"elementor-tab-content elementor-clearfix\" data-tab=\"3\" role=\"region\" aria-labelledby=\"elementor-tab-title-1663\"><div role=\"presentation\"><div id=\"collapse-5fe21175574ff\" role=\"tabpanel\" aria-labelledby=\"ui-collapse-286\" aria-hidden=\"false\" aria-expanded=\"true\"><div role=\"presentation\"><div role=\"presentation\"><div role=\"presentation\"><div role=\"presentation\"><p>Ma\u00eetrise de l&rsquo;anglais<\/p><\/div><\/div><\/div><\/div><\/div><\/div><\/div>\n\t\t\t\t<\/div>\n\t\t\t\t\t\t\t<div class=\"elementor-toggle-item\">\n\t\t\t\t\t<div id=\"elementor-tab-title-1664\" class=\"elementor-tab-title\" data-tab=\"4\" role=\"button\" aria-controls=\"elementor-tab-content-1664\" aria-expanded=\"false\">\n\t\t\t\t\t\t\t\t\t\t\t\t<span class=\"elementor-toggle-icon elementor-toggle-icon-left\" aria-hidden=\"true\">\n\t\t\t\t\t\t\t\t\t\t\t\t\t\t\t<span class=\"elementor-toggle-icon-closed\"><svg class=\"e-font-icon-svg e-fas-caret-square-down\" viewBox=\"0 0 448 512\" xmlns=\"http:\/\/www.w3.org\/2000\/svg\"><path d=\"M448 80v352c0 26.5-21.5 48-48 48H48c-26.5 0-48-21.5-48-48V80c0-26.5 21.5-48 48-48h352c26.5 0 48 21.5 48 48zM92.5 220.5l123 123c4.7 4.7 12.3 4.7 17 0l123-123c7.6-7.6 2.2-20.5-8.5-20.5H101c-10.7 0-16.1 12.9-8.5 20.5z\"><\/path><\/svg><\/span>\n\t\t\t\t\t\t\t\t<span class=\"elementor-toggle-icon-opened\"><svg class=\"elementor-toggle-icon-opened e-font-icon-svg e-far-caret-square-up\" viewBox=\"0 0 448 512\" xmlns=\"http:\/\/www.w3.org\/2000\/svg\"><path d=\"M322.9 304H125.1c-10.7 0-16.1-13-8.5-20.5l98.9-98.3c4.7-4.7 12.2-4.7 16.9 0l98.9 98.3c7.7 7.5 2.3 20.5-8.4 20.5zM448 80v352c0 26.5-21.5 48-48 48H48c-26.5 0-48-21.5-48-48V80c0-26.5 21.5-48 48-48h352c26.5 0 48 21.5 48 48zm-48 346V86c0-3.3-2.7-6-6-6H54c-3.3 0-6 2.7-6 6v340c0 3.3 2.7 6 6 6h340c3.3 0 6-2.7 6-6z\"><\/path><\/svg><\/span>\n\t\t\t\t\t\t\t\t\t\t\t\t\t<\/span>\n\t\t\t\t\t\t\t\t\t\t\t\t<a class=\"elementor-toggle-title\" tabindex=\"0\">Observations<\/a>\n\t\t\t\t\t<\/div>\n\n\t\t\t\t\t<div id=\"elementor-tab-content-1664\" class=\"elementor-tab-content elementor-clearfix\" data-tab=\"4\" role=\"region\" aria-labelledby=\"elementor-tab-title-1664\"><ul><li>les travaux de comit\u00e9 doivent aboutir \u00e0 l\u2019\u00e9laboration d\u2019un rapport de comit\u00e9 et d\u2019une note de position destin\u00e9s aux d\u00e9cideurs institutionnels europ\u00e9ens de haut niveau (directions nationales d\u2019armement ; Agence europ\u00e9enne de d\u00e9fense\u2026) ;<\/li><li>\u00e0 l\u2019issue de la session, les auditeurs sont invit\u00e9s \u00e0 joindre l\u2019Association des auditeurs de la SERA.<\/li><\/ul><\/div>\n\t\t\t\t<\/div>\n\t\t\t\t\t\t\t<div class=\"elementor-toggle-item\">\n\t\t\t\t\t<div id=\"elementor-tab-title-1665\" class=\"elementor-tab-title\" data-tab=\"5\" role=\"button\" aria-controls=\"elementor-tab-content-1665\" aria-expanded=\"false\">\n\t\t\t\t\t\t\t\t\t\t\t\t<span class=\"elementor-toggle-icon elementor-toggle-icon-left\" aria-hidden=\"true\">\n\t\t\t\t\t\t\t\t\t\t\t\t\t\t\t<span class=\"elementor-toggle-icon-closed\"><svg class=\"e-font-icon-svg e-fas-caret-square-down\" viewBox=\"0 0 448 512\" xmlns=\"http:\/\/www.w3.org\/2000\/svg\"><path d=\"M448 80v352c0 26.5-21.5 48-48 48H48c-26.5 0-48-21.5-48-48V80c0-26.5 21.5-48 48-48h352c26.5 0 48 21.5 48 48zM92.5 220.5l123 123c4.7 4.7 12.3 4.7 17 0l123-123c7.6-7.6 2.2-20.5-8.5-20.5H101c-10.7 0-16.1 12.9-8.5 20.5z\"><\/path><\/svg><\/span>\n\t\t\t\t\t\t\t\t<span class=\"elementor-toggle-icon-opened\"><svg class=\"elementor-toggle-icon-opened e-font-icon-svg e-far-caret-square-up\" viewBox=\"0 0 448 512\" xmlns=\"http:\/\/www.w3.org\/2000\/svg\"><path d=\"M322.9 304H125.1c-10.7 0-16.1-13-8.5-20.5l98.9-98.3c4.7-4.7 12.2-4.7 16.9 0l98.9 98.3c7.7 7.5 2.3 20.5-8.4 20.5zM448 80v352c0 26.5-21.5 48-48 48H48c-26.5 0-48-21.5-48-48V80c0-26.5 21.5-48 48-48h352c26.5 0 48 21.5 48 48zm-48 346V86c0-3.3-2.7-6-6-6H54c-3.3 0-6 2.7-6 6v340c0 3.3 2.7 6 6 6h340c3.3 0 6-2.7 6-6z\"><\/path><\/svg><\/span>\n\t\t\t\t\t\t\t\t\t\t\t\t\t<\/span>\n\t\t\t\t\t\t\t\t\t\t\t\t<a class=\"elementor-toggle-title\" tabindex=\"0\">Sanction<\/a>\n\t\t\t\t\t<\/div>\n\n\t\t\t\t\t<div id=\"elementor-tab-content-1665\" class=\"elementor-tab-content elementor-clearfix\" data-tab=\"5\" role=\"region\" aria-labelledby=\"elementor-tab-title-1665\"><ul><li>remise d\u2019un certificat<\/li><li>titre d\u2019auditeur de la SERA<\/li><\/ul><\/div>\n\t\t\t\t<\/div>\n\t\t\t\t\t\t\t\t<\/div>\n\t\t\t\t\t\t<\/div>\n\t\t\t\t<\/div>\n\t\t\t\t\t<\/div>\n\t\t<\/div>\n\t\t\t\t\t<\/div>\n\t\t<\/section>\n\t\t\t\t<section data-particle_enable=\"false\" data-particle-mobile-disabled=\"false\" class=\"elementor-section elementor-top-section elementor-element elementor-element-ae673c0 elementor-section-boxed elementor-section-height-default elementor-section-height-default\" data-id=\"ae673c0\" data-element_type=\"section\" data-e-type=\"section\">\n\t\t\t\t\t\t<div class=\"elementor-container elementor-column-gap-default\">\n\t\t\t\t\t<div class=\"elementor-column elementor-col-100 elementor-top-column elementor-element elementor-element-fff00f7\" data-id=\"fff00f7\" data-element_type=\"column\" data-e-type=\"column\">\n\t\t\t<div class=\"elementor-widget-wrap elementor-element-populated\">\n\t\t\t\t\t\t<div class=\"elementor-element elementor-element-567b03c elementor-position-inline-end elementor-view-default elementor-mobile-position-block-start elementor-widget elementor-widget-icon-box\" data-id=\"567b03c\" data-element_type=\"widget\" data-e-type=\"widget\" data-widget_type=\"icon-box.default\">\n\t\t\t\t<div class=\"elementor-widget-container\">\n\t\t\t\t\t\t\t<div class=\"elementor-icon-box-wrapper\">\n\n\t\t\t\t\t\t<div class=\"elementor-icon-box-icon\">\n\t\t\t\t<a href=\"https:\/\/ihedn.fr\/wp-content\/uploads\/2021\/12\/SERA33_Leaflet_French.pdf\" target=\"_blank\" class=\"elementor-icon\" tabindex=\"-1\" aria-label=\"T\u00e9l\u00e9charger la plaquette de la SERA 33\">\n\t\t\t\t<svg aria-hidden=\"true\" class=\"e-font-icon-svg e-fas-file-download\" viewBox=\"0 0 384 512\" xmlns=\"http:\/\/www.w3.org\/2000\/svg\"><path d=\"M224 136V0H24C10.7 0 0 10.7 0 24v464c0 13.3 10.7 24 24 24h336c13.3 0 24-10.7 24-24V160H248c-13.2 0-24-10.8-24-24zm76.45 211.36l-96.42 95.7c-6.65 6.61-17.39 6.61-24.04 0l-96.42-95.7C73.42 337.29 80.54 320 94.82 320H160v-80c0-8.84 7.16-16 16-16h32c8.84 0 16 7.16 16 16v80h65.18c14.28 0 21.4 17.29 11.27 27.36zM377 105L279.1 7c-4.5-4.5-10.6-7-17-7H256v128h128v-6.1c0-6.3-2.5-12.4-7-16.9z\"><\/path><\/svg>\t\t\t\t<\/a>\n\t\t\t<\/div>\n\t\t\t\n\t\t\t\t\t\t<div class=\"elementor-icon-box-content\">\n\n\t\t\t\t\t\t\t\t\t<h3 class=\"elementor-icon-box-title\">\n\t\t\t\t\t\t<a href=\"https:\/\/ihedn.fr\/wp-content\/uploads\/2021\/12\/SERA33_Leaflet_French.pdf\" target=\"_blank\" >\n\t\t\t\t\t\t\tT\u00e9l\u00e9charger la plaquette de la SERA 33\t\t\t\t\t\t<\/a>\n\t\t\t\t\t<\/h3>\n\t\t\t\t\n\t\t\t\t\n\t\t\t<\/div>\n\t\t\t\n\t\t<\/div>\n\t\t\t\t\t\t<\/div>\n\t\t\t\t<\/div>\n\t\t\t\t<div class=\"elementor-element elementor-element-a2824d5 elementor-position-inline-end elementor-view-default elementor-mobile-position-block-start elementor-widget elementor-widget-icon-box\" data-id=\"a2824d5\" data-element_type=\"widget\" data-e-type=\"widget\" data-widget_type=\"icon-box.default\">\n\t\t\t\t<div class=\"elementor-widget-container\">\n\t\t\t\t\t\t\t<div class=\"elementor-icon-box-wrapper\">\n\n\t\t\t\t\t\t<div class=\"elementor-icon-box-icon\">\n\t\t\t\t<a href=\"https:\/\/ihedn.fr\/wp-content\/uploads\/2021\/12\/SERA33_Leaflet_English.pdf\" target=\"_blank\" class=\"elementor-icon\" tabindex=\"-1\" aria-label=\"T\u00e9l\u00e9charger la plaquette de la SERA 33 en anglais\">\n\t\t\t\t<svg aria-hidden=\"true\" class=\"e-font-icon-svg e-fas-file-download\" viewBox=\"0 0 384 512\" xmlns=\"http:\/\/www.w3.org\/2000\/svg\"><path d=\"M224 136V0H24C10.7 0 0 10.7 0 24v464c0 13.3 10.7 24 24 24h336c13.3 0 24-10.7 24-24V160H248c-13.2 0-24-10.8-24-24zm76.45 211.36l-96.42 95.7c-6.65 6.61-17.39 6.61-24.04 0l-96.42-95.7C73.42 337.29 80.54 320 94.82 320H160v-80c0-8.84 7.16-16 16-16h32c8.84 0 16 7.16 16 16v80h65.18c14.28 0 21.4 17.29 11.27 27.36zM377 105L279.1 7c-4.5-4.5-10.6-7-17-7H256v128h128v-6.1c0-6.3-2.5-12.4-7-16.9z\"><\/path><\/svg>\t\t\t\t<\/a>\n\t\t\t<\/div>\n\t\t\t\n\t\t\t\t\t\t<div class=\"elementor-icon-box-content\">\n\n\t\t\t\t\t\t\t\t\t<h3 class=\"elementor-icon-box-title\">\n\t\t\t\t\t\t<a href=\"https:\/\/ihedn.fr\/wp-content\/uploads\/2021\/12\/SERA33_Leaflet_English.pdf\" target=\"_blank\" >\n\t\t\t\t\t\t\tT\u00e9l\u00e9charger la plaquette de la SERA 33 en anglais\t\t\t\t\t\t<\/a>\n\t\t\t\t\t<\/h3>\n\t\t\t\t\n\t\t\t\t\n\t\t\t<\/div>\n\t\t\t\n\t\t<\/div>\n\t\t\t\t\t\t<\/div>\n\t\t\t\t<\/div>\n\t\t\t\t\t<\/div>\n\t\t<\/div>\n\t\t\t\t\t<\/div>\n\t\t<\/section>\n\t\t\t\t<\/div>\n\t\t","protected":false},"featured_media":2638,"template":"","meta":[],"class_list":["post-2635","formation","type-formation","status-publish","has-post-thumbnail","hentry"],"yoast_head":"<!-- This site is optimized with the Yoast SEO plugin v27.5 - https:\/\/yoast.com\/product\/yoast-seo-wordpress\/ -->\n<title>Session europ\u00e9enne des responsables d&#039;armement - L&#039;IHEDN : Institut des hautes \u00e9tudes de d\u00e9fense nationale<\/title>\n<meta name=\"robots\" content=\"index, follow, max-snippet:-1, max-image-preview:large, max-video-preview:-1\" \/>\n<link rel=\"canonical\" href=\"https:\/\/ihedn.fr\/en\/formation\/session-europeenne-des-responsables-darmement\/\" \/>\n<meta property=\"og:locale\" content=\"en_GB\" \/>\n<meta property=\"og:type\" content=\"article\" \/>\n<meta property=\"og:title\" content=\"Session europ\u00e9enne des responsables d&#039;armement - L&#039;IHEDN : Institut des hautes \u00e9tudes de d\u00e9fense nationale\" \/>\n<meta property=\"og:description\" content=\"SERA &#8211; AED Renforcer les liens entre cadres dirigeants europ\u00e9ens, \u00e9tatiques et industriels de la communaut\u00e9 d\u2019armement, en vue d&rsquo;\u00e9changes et\/ou de perspectives de coop\u00e9ration europ\u00e9enne. Objectifs \u2022 renforcer les liens entre cadres dirigeants europ\u00e9ens, institutionnels et industriels, au sein de la communaut\u00e9 d\u2019armement, dans une perspective d\u2019affermissement de la coop\u00e9ration \u00e0 l\u2019\u00e9chelle europ\u00e9enne ; [&hellip;]\" \/>\n<meta property=\"og:url\" content=\"https:\/\/ihedn.fr\/en\/formation\/session-europeenne-des-responsables-darmement\/\" \/>\n<meta property=\"og:site_name\" content=\"L&#039;IHEDN : Institut des hautes \u00e9tudes de d\u00e9fense nationale\" \/>\n<meta property=\"article:publisher\" content=\"https:\/\/www.facebook.com\/ihedn\/\" \/>\n<meta property=\"article:modified_time\" content=\"2021-12-02T13:58:05+00:00\" \/>\n<meta property=\"og:image\" content=\"https:\/\/ihedn.fr\/wp-content\/uploads\/2020\/12\/IHEDN-SERA.png\" \/>\n\t<meta property=\"og:image:width\" content=\"360\" \/>\n\t<meta property=\"og:image:height\" content=\"260\" \/>\n\t<meta property=\"og:image:type\" content=\"image\/png\" \/>\n<meta name=\"twitter:card\" content=\"summary_large_image\" \/>\n<meta name=\"twitter:site\" content=\"@IHEDN\" \/>\n<meta name=\"twitter:label1\" content=\"Estimated reading time\" \/>\n\t<meta name=\"twitter:data1\" content=\"2 minutes\" \/>\n<script type=\"application\/ld+json\" class=\"yoast-schema-graph\">{\"@context\":\"https:\\\/\\\/schema.org\",\"@graph\":[{\"@type\":\"WebPage\",\"@id\":\"https:\\\/\\\/ihedn.fr\\\/formation\\\/session-europeenne-des-responsables-darmement\\\/\",\"url\":\"https:\\\/\\\/ihedn.fr\\\/formation\\\/session-europeenne-des-responsables-darmement\\\/\",\"name\":\"Session europ\u00e9enne des responsables d'armement - L&#039;IHEDN : Institut des hautes \u00e9tudes de d\u00e9fense nationale\",\"isPartOf\":{\"@id\":\"https:\\\/\\\/ihedn.fr\\\/#website\"},\"primaryImageOfPage\":{\"@id\":\"https:\\\/\\\/ihedn.fr\\\/formation\\\/session-europeenne-des-responsables-darmement\\\/#primaryimage\"},\"image\":{\"@id\":\"https:\\\/\\\/ihedn.fr\\\/formation\\\/session-europeenne-des-responsables-darmement\\\/#primaryimage\"},\"thumbnailUrl\":\"https:\\\/\\\/ihedn.fr\\\/wp-content\\\/uploads\\\/2020\\\/12\\\/IHEDN-SERA.png\",\"datePublished\":\"2020-12-22T15:33:52+00:00\",\"dateModified\":\"2021-12-02T13:58:05+00:00\",\"breadcrumb\":{\"@id\":\"https:\\\/\\\/ihedn.fr\\\/formation\\\/session-europeenne-des-responsables-darmement\\\/#breadcrumb\"},\"inLanguage\":\"en-GB\",\"potentialAction\":[{\"@type\":\"ReadAction\",\"target\":[\"https:\\\/\\\/ihedn.fr\\\/formation\\\/session-europeenne-des-responsables-darmement\\\/\"]}]},{\"@type\":\"ImageObject\",\"inLanguage\":\"en-GB\",\"@id\":\"https:\\\/\\\/ihedn.fr\\\/formation\\\/session-europeenne-des-responsables-darmement\\\/#primaryimage\",\"url\":\"https:\\\/\\\/ihedn.fr\\\/wp-content\\\/uploads\\\/2020\\\/12\\\/IHEDN-SERA.png\",\"contentUrl\":\"https:\\\/\\\/ihedn.fr\\\/wp-content\\\/uploads\\\/2020\\\/12\\\/IHEDN-SERA.png\",\"width\":360,\"height\":260},{\"@type\":\"BreadcrumbList\",\"@id\":\"https:\\\/\\\/ihedn.fr\\\/formation\\\/session-europeenne-des-responsables-darmement\\\/#breadcrumb\",\"itemListElement\":[{\"@type\":\"ListItem\",\"position\":1,\"name\":\"Accueil\",\"item\":\"https:\\\/\\\/ihedn.fr\\\/\"},{\"@type\":\"ListItem\",\"position\":2,\"name\":\"Formation\",\"item\":\"https:\\\/\\\/ihedn.fr\\\/en\\\/formation\\\/\"},{\"@type\":\"ListItem\",\"position\":3,\"name\":\"Se former\",\"item\":\"https:\\\/\\\/ihedn.fr\\\/se-former\\\/\"},{\"@type\":\"ListItem\",\"position\":4,\"name\":\"Sessions europ\u00e9ennes et internationales\",\"item\":\"https:\\\/\\\/ihedn.fr\\\/?page_id=493\"},{\"@type\":\"ListItem\",\"position\":5,\"name\":\"Session europ\u00e9enne des responsables d&rsquo;armement\"}]},{\"@type\":\"WebSite\",\"@id\":\"https:\\\/\\\/ihedn.fr\\\/#website\",\"url\":\"https:\\\/\\\/ihedn.fr\\\/\",\"name\":\"IHEDN : Institut des hautes \u00e9tudes de d\u00e9fense nationale |\",\"description\":\"Site officiel de l&#039;IHEDN plac\u00e9 sous la tutelle du Premier ministre.\",\"publisher\":{\"@id\":\"https:\\\/\\\/ihedn.fr\\\/#organization\"},\"potentialAction\":[{\"@type\":\"SearchAction\",\"target\":{\"@type\":\"EntryPoint\",\"urlTemplate\":\"https:\\\/\\\/ihedn.fr\\\/?s={search_term_string}\"},\"query-input\":{\"@type\":\"PropertyValueSpecification\",\"valueRequired\":true,\"valueName\":\"search_term_string\"}}],\"inLanguage\":\"en-GB\"},{\"@type\":\"Organization\",\"@id\":\"https:\\\/\\\/ihedn.fr\\\/#organization\",\"name\":\"IHEDN - Institut des Hautes Etudes de D\u00e9fense Nationale\",\"url\":\"https:\\\/\\\/ihedn.fr\\\/\",\"logo\":{\"@type\":\"ImageObject\",\"inLanguage\":\"en-GB\",\"@id\":\"https:\\\/\\\/ihedn.fr\\\/#\\\/schema\\\/logo\\\/image\\\/\",\"url\":\"https:\\\/\\\/ihedn.fr\\\/wp-content\\\/uploads\\\/2020\\\/11\\\/BLOC_RF_IHEDN_WEB.png\",\"contentUrl\":\"https:\\\/\\\/ihedn.fr\\\/wp-content\\\/uploads\\\/2020\\\/11\\\/BLOC_RF_IHEDN_WEB.png\",\"width\":500,\"height\":237,\"caption\":\"IHEDN - Institut des Hautes Etudes de D\u00e9fense Nationale\"},\"image\":{\"@id\":\"https:\\\/\\\/ihedn.fr\\\/#\\\/schema\\\/logo\\\/image\\\/\"},\"sameAs\":[\"https:\\\/\\\/www.facebook.com\\\/ihedn\\\/\",\"https:\\\/\\\/x.com\\\/IHEDN\",\"https:\\\/\\\/www.instagram.com\\\/ihedn\\\/\",\"https:\\\/\\\/www.linkedin.com\\\/school\\\/ihedn\\\/\",\"https:\\\/\\\/fr.wikipedia.org\\\/wiki\\\/Institut_des_hautes_\u00e9tudes_de_D\u00e9fense_nationale\"]}]}<\/script>\n<!-- \/ Yoast SEO plugin. -->","yoast_head_json":{"title":"European session for arms managers - IHEDN: Institut des hautes \u00e9tudes de d\u00e9fense nationale (Institute for Advanced National Defence Studies)","robots":{"index":"index","follow":"follow","max-snippet":"max-snippet:-1","max-image-preview":"max-image-preview:large","max-video-preview":"max-video-preview:-1"},"canonical":"https:\/\/ihedn.fr\/en\/formation\/session-europeenne-des-responsables-darmement\/","og_locale":"en_GB","og_type":"article","og_title":"Session europ\u00e9enne des responsables d'armement - L&#039;IHEDN : Institut des hautes \u00e9tudes de d\u00e9fense nationale","og_description":"SERA &#8211; AED Renforcer les liens entre cadres dirigeants europ\u00e9ens, \u00e9tatiques et industriels de la communaut\u00e9 d\u2019armement, en vue d&rsquo;\u00e9changes et\/ou de perspectives de coop\u00e9ration europ\u00e9enne. Objectifs \u2022 renforcer les liens entre cadres dirigeants europ\u00e9ens, institutionnels et industriels, au sein de la communaut\u00e9 d\u2019armement, dans une perspective d\u2019affermissement de la coop\u00e9ration \u00e0 l\u2019\u00e9chelle europ\u00e9enne ; [&hellip;]","og_url":"https:\/\/ihedn.fr\/en\/formation\/session-europeenne-des-responsables-darmement\/","og_site_name":"L&#039;IHEDN : Institut des hautes \u00e9tudes de d\u00e9fense nationale","article_publisher":"https:\/\/www.facebook.com\/ihedn\/","article_modified_time":"2021-12-02T13:58:05+00:00","og_image":[{"width":360,"height":260,"url":"https:\/\/ihedn.fr\/wp-content\/uploads\/2020\/12\/IHEDN-SERA.png","type":"image\/png"}],"twitter_card":"summary_large_image","twitter_site":"@IHEDN","twitter_misc":{"Estimated reading time":"2 minutes"},"schema":{"@context":"https:\/\/schema.org","@graph":[{"@type":"WebPage","@id":"https:\/\/ihedn.fr\/formation\/session-europeenne-des-responsables-darmement\/","url":"https:\/\/ihedn.fr\/formation\/session-europeenne-des-responsables-darmement\/","name":"European session for arms managers - IHEDN: Institut des hautes \u00e9tudes de d\u00e9fense nationale (Institute for Advanced National Defence Studies)","isPartOf":{"@id":"https:\/\/ihedn.fr\/#website"},"primaryImageOfPage":{"@id":"https:\/\/ihedn.fr\/formation\/session-europeenne-des-responsables-darmement\/#primaryimage"},"image":{"@id":"https:\/\/ihedn.fr\/formation\/session-europeenne-des-responsables-darmement\/#primaryimage"},"thumbnailUrl":"https:\/\/ihedn.fr\/wp-content\/uploads\/2020\/12\/IHEDN-SERA.png","datePublished":"2020-12-22T15:33:52+00:00","dateModified":"2021-12-02T13:58:05+00:00","breadcrumb":{"@id":"https:\/\/ihedn.fr\/formation\/session-europeenne-des-responsables-darmement\/#breadcrumb"},"inLanguage":"en-GB","potentialAction":[{"@type":"ReadAction","target":["https:\/\/ihedn.fr\/formation\/session-europeenne-des-responsables-darmement\/"]}]},{"@type":"ImageObject","inLanguage":"en-GB","@id":"https:\/\/ihedn.fr\/formation\/session-europeenne-des-responsables-darmement\/#primaryimage","url":"https:\/\/ihedn.fr\/wp-content\/uploads\/2020\/12\/IHEDN-SERA.png","contentUrl":"https:\/\/ihedn.fr\/wp-content\/uploads\/2020\/12\/IHEDN-SERA.png","width":360,"height":260},{"@type":"BreadcrumbList","@id":"https:\/\/ihedn.fr\/formation\/session-europeenne-des-responsables-darmement\/#breadcrumb","itemListElement":[{"@type":"ListItem","position":1,"name":"Accueil","item":"https:\/\/ihedn.fr\/"},{"@type":"ListItem","position":2,"name":"Formation","item":"https:\/\/ihedn.fr\/en\/formation\/"},{"@type":"ListItem","position":3,"name":"Se former","item":"https:\/\/ihedn.fr\/se-former\/"},{"@type":"ListItem","position":4,"name":"Sessions europ\u00e9ennes et internationales","item":"https:\/\/ihedn.fr\/?page_id=493"},{"@type":"ListItem","position":5,"name":"Session europ\u00e9enne des responsables d&rsquo;armement"}]},{"@type":"WebSite","@id":"https:\/\/ihedn.fr\/#website","url":"https:\/\/ihedn.fr\/","name":"IHEDN: Institut des hautes \u00e9tudes de d\u00e9fense nationale (Institute for Higher National Defence Studies)","description":"Official website of the IHEDN under the supervision of the Prime Minister.","publisher":{"@id":"https:\/\/ihedn.fr\/#organization"},"potentialAction":[{"@type":"SearchAction","target":{"@type":"EntryPoint","urlTemplate":"https:\/\/ihedn.fr\/?s={search_term_string}"},"query-input":{"@type":"PropertyValueSpecification","valueRequired":true,"valueName":"search_term_string"}}],"inLanguage":"en-GB"},{"@type":"Organization","@id":"https:\/\/ihedn.fr\/#organization","name":"IHEDN - Institute for Higher National Defence Studies","url":"https:\/\/ihedn.fr\/","logo":{"@type":"ImageObject","inLanguage":"en-GB","@id":"https:\/\/ihedn.fr\/#\/schema\/logo\/image\/","url":"https:\/\/ihedn.fr\/wp-content\/uploads\/2020\/11\/BLOC_RF_IHEDN_WEB.png","contentUrl":"https:\/\/ihedn.fr\/wp-content\/uploads\/2020\/11\/BLOC_RF_IHEDN_WEB.png","width":500,"height":237,"caption":"IHEDN - Institut des Hautes Etudes de D\u00e9fense Nationale"},"image":{"@id":"https:\/\/ihedn.fr\/#\/schema\/logo\/image\/"},"sameAs":["https:\/\/www.facebook.com\/ihedn\/","https:\/\/x.com\/IHEDN","https:\/\/www.instagram.com\/ihedn\/","https:\/\/www.linkedin.com\/school\/ihedn\/","https:\/\/fr.wikipedia.org\/wiki\/Institut_des_hautes_\u00e9tudes_de_D\u00e9fense_nationale"]}]}},"publishpress_future_workflow_manual_trigger":{"enabledWorkflows":[]},"_links":{"self":[{"href":"https:\/\/ihedn.fr\/en\/wp-json\/wp\/v2\/formation\/2635","targetHints":{"allow":["GET"]}}],"collection":[{"href":"https:\/\/ihedn.fr\/en\/wp-json\/wp\/v2\/formation"}],"about":[{"href":"https:\/\/ihedn.fr\/en\/wp-json\/wp\/v2\/types\/formation"}],"version-history":[{"count":5,"href":"https:\/\/ihedn.fr\/en\/wp-json\/wp\/v2\/formation\/2635\/revisions"}],"predecessor-version":[{"id":17113,"href":"https:\/\/ihedn.fr\/en\/wp-json\/wp\/v2\/formation\/2635\/revisions\/17113"}],"wp:featuredmedia":[{"embeddable":true,"href":"https:\/\/ihedn.fr\/en\/wp-json\/wp\/v2\/media\/2638"}],"wp:attachment":[{"href":"https:\/\/ihedn.fr\/en\/wp-json\/wp\/v2\/media?parent=2635"}],"curies":[{"name":"wp","href":"https:\/\/api.w.org\/{rel}","templated":true}]}}