{"id":36154,"date":"2023-03-14T16:19:51","date_gmt":"2023-03-14T15:19:51","guid":{"rendered":"https:\/\/ihedn.fr\/?post_type=formation&#038;p=36154"},"modified":"2026-02-12T09:18:39","modified_gmt":"2026-02-12T08:18:39","slug":"session-internationale-armement-amerique-latine-siamlat","status":"publish","type":"formation","link":"https:\/\/ihedn.fr\/en\/formation\/session-internationale-armement-amerique-latine-siamlat\/","title":{"rendered":"Latin America International Armament Session (SIAMLAT)"},"content":{"rendered":"<div data-elementor-type=\"wp-post\" data-elementor-id=\"36154\" class=\"elementor elementor-36154\" data-elementor-post-type=\"formation\">\n\t\t\t\t<div data-particle_enable=\"false\" data-particle-mobile-disabled=\"false\" class=\"elementor-element elementor-element-c15531b e-flex e-con-boxed e-con e-parent\" data-id=\"c15531b\" data-element_type=\"container\" data-e-type=\"container\">\n\t\t\t\t\t<div class=\"e-con-inner\">\n\t\t\t\t<div class=\"elementor-element elementor-element-62c1354 elementor-widget__width-inherit elementor-widget-tablet__width-initial elementor-widget elementor-widget-heading\" data-id=\"62c1354\" data-element_type=\"widget\" data-e-type=\"widget\" data-widget_type=\"heading.default\">\n\t\t\t\t<div class=\"elementor-widget-container\">\n\t\t\t\t\t<h1 class=\"elementor-heading-title elementor-size-default\">Latin America International Armament Session (SIAMLAT)<\/h1>\t\t\t\t<\/div>\n\t\t\t\t<\/div>\n\t\t\t\t<div class=\"elementor-element elementor-element-97b67c3 elementor-widget-divider--view-line elementor-invisible elementor-widget elementor-widget-divider\" data-id=\"97b67c3\" data-element_type=\"widget\" data-e-type=\"widget\" data-settings=\"{&quot;_animation&quot;:&quot;fadeInUp&quot;,&quot;_animation_delay&quot;:100}\" data-widget_type=\"divider.default\">\n\t\t\t\t<div class=\"elementor-widget-container\">\n\t\t\t\t\t\t\t<div class=\"elementor-divider\">\n\t\t\t<span class=\"elementor-divider-separator\">\n\t\t\t\t\t\t<\/span>\n\t\t<\/div>\n\t\t\t\t\t\t<\/div>\n\t\t\t\t<\/div>\n\t\t\t\t\t<\/div>\n\t\t\t\t<\/div>\n\t\t<div data-particle_enable=\"false\" data-particle-mobile-disabled=\"false\" class=\"elementor-element elementor-element-4406f89 e-flex e-con-boxed e-con e-parent\" data-id=\"4406f89\" data-element_type=\"container\" data-e-type=\"container\">\n\t\t\t\t\t<div class=\"e-con-inner\">\n\t\t\t\t<div class=\"elementor-element elementor-element-a9a409f elementor-widget elementor-widget-text-editor\" data-id=\"a9a409f\" data-element_type=\"widget\" data-e-type=\"widget\" data-widget_type=\"text-editor.default\">\n\t\t\t\t<div class=\"elementor-widget-container\">\n\t\t\t\t\t\t\t\t\t<p style=\"text-align: left;\">To discover and discuss the French approach to a given issue of defence, security and international relations in Latin America, and to encourage exchanges between high-level officials from countries and local organisations on issues of common interest.<\/p>\t\t\t\t\t\t\t\t<\/div>\n\t\t\t\t<\/div>\n\t\t\t\t\t<\/div>\n\t\t\t\t<\/div>\n\t\t<div data-particle_enable=\"false\" data-particle-mobile-disabled=\"false\" class=\"elementor-element elementor-element-f04451e e-flex e-con-boxed e-con e-parent\" data-id=\"f04451e\" data-element_type=\"container\" data-e-type=\"container\">\n\t\t\t\t\t<div class=\"e-con-inner\">\n\t\t\t\t<div class=\"elementor-element elementor-element-bfddc44 elementor-widget elementor-widget-image\" data-id=\"bfddc44\" data-element_type=\"widget\" data-e-type=\"widget\" data-widget_type=\"image.default\">\n\t\t\t\t<div class=\"elementor-widget-container\">\n\t\t\t\t\t\t\t\t\t\t\t\t\t\t\t<img fetchpriority=\"high\" decoding=\"async\" width=\"1365\" height=\"683\" src=\"https:\/\/ihedn.fr\/wp-content\/uploads\/2023\/03\/VISUELS_SITE_INTERNET3.jpg\" class=\"attachment-full size-full wp-image-36156\" alt=\"\" \/>\t\t\t\t\t\t\t\t\t\t\t\t\t\t\t<\/div>\n\t\t\t\t<\/div>\n\t\t\t\t\t<\/div>\n\t\t\t\t<\/div>\n\t\t<div data-particle_enable=\"false\" data-particle-mobile-disabled=\"false\" class=\"elementor-element elementor-element-a9b2855 e-con-full e-flex e-con e-child\" data-id=\"a9b2855\" data-element_type=\"container\" data-e-type=\"container\">\n\t\t<div data-particle_enable=\"false\" data-particle-mobile-disabled=\"false\" class=\"elementor-element elementor-element-1063067 e-con-full e-flex e-con e-child\" data-id=\"1063067\" data-element_type=\"container\" data-e-type=\"container\">\n\t\t\t\t<div class=\"elementor-element elementor-element-b834fa0 elementor-widget elementor-widget-heading\" data-id=\"b834fa0\" data-element_type=\"widget\" data-e-type=\"widget\" data-widget_type=\"heading.default\">\n\t\t\t\t<div class=\"elementor-widget-container\">\n\t\t\t\t\t<h2 class=\"elementor-heading-title elementor-size-default\">Objectives<\/h2>\t\t\t\t<\/div>\n\t\t\t\t<\/div>\n\t\t\t\t<div class=\"elementor-element elementor-element-3033a13 elementor-widget-divider--view-line elementor-widget elementor-widget-divider\" data-id=\"3033a13\" data-element_type=\"widget\" data-e-type=\"widget\" data-widget_type=\"divider.default\">\n\t\t\t\t<div class=\"elementor-widget-container\">\n\t\t\t\t\t\t\t<div class=\"elementor-divider\">\n\t\t\t<span class=\"elementor-divider-separator\">\n\t\t\t\t\t\t<\/span>\n\t\t<\/div>\n\t\t\t\t\t\t<\/div>\n\t\t\t\t<\/div>\n\t\t\t\t<\/div>\n\t\t<div data-particle_enable=\"false\" data-particle-mobile-disabled=\"false\" class=\"elementor-element elementor-element-d7cac8b e-flex e-con-boxed e-con e-child\" data-id=\"d7cac8b\" data-element_type=\"container\" data-e-type=\"container\">\n\t\t\t\t\t<div class=\"e-con-inner\">\n\t\t\t\t<div class=\"elementor-element elementor-element-eb1a4c1 elementor-widget elementor-widget-text-editor\" data-id=\"eb1a4c1\" data-element_type=\"widget\" data-e-type=\"widget\" data-widget_type=\"text-editor.default\">\n\t\t\t\t<div class=\"elementor-widget-container\">\n\t\t\t\t\t\t\t\t\t<ul><li>Discover France's approach to defence, security and international relations in the region;<\/li><li>An opportunity to discuss future prospects in relation to the year's issues;<\/li><li>Share French operational know-how with a view to developing future defence and security cooperation agreements;<\/li><li>Encourage the emergence and consolidation of a privileged cooperation network as part of active diplomacy in the region.<\/li><\/ul>\t\t\t\t\t\t\t\t<\/div>\n\t\t\t\t<\/div>\n\t\t\t\t\t<\/div>\n\t\t\t\t<\/div>\n\t\t\t\t<\/div>\n\t\t<div data-particle_enable=\"false\" data-particle-mobile-disabled=\"false\" class=\"elementor-element elementor-element-6a2053c e-con-full e-flex e-con e-child\" data-id=\"6a2053c\" data-element_type=\"container\" data-e-type=\"container\">\n\t\t<div data-particle_enable=\"false\" data-particle-mobile-disabled=\"false\" class=\"elementor-element elementor-element-442c36a e-con-full e-flex e-con e-child\" data-id=\"442c36a\" data-element_type=\"container\" data-e-type=\"container\">\n\t\t\t\t<div class=\"elementor-element elementor-element-844bff5 elementor-widget elementor-widget-heading\" data-id=\"844bff5\" data-element_type=\"widget\" data-e-type=\"widget\" data-widget_type=\"heading.default\">\n\t\t\t\t<div class=\"elementor-widget-container\">\n\t\t\t\t\t<h2 class=\"elementor-heading-title elementor-size-default\">Target audience<\/h2>\t\t\t\t<\/div>\n\t\t\t\t<\/div>\n\t\t\t\t<div class=\"elementor-element elementor-element-4e2a611 elementor-widget-divider--view-line elementor-widget elementor-widget-divider\" data-id=\"4e2a611\" data-element_type=\"widget\" data-e-type=\"widget\" data-widget_type=\"divider.default\">\n\t\t\t\t<div class=\"elementor-widget-container\">\n\t\t\t\t\t\t\t<div class=\"elementor-divider\">\n\t\t\t<span class=\"elementor-divider-separator\">\n\t\t\t\t\t\t<\/span>\n\t\t<\/div>\n\t\t\t\t\t\t<\/div>\n\t\t\t\t<\/div>\n\t\t\t\t<\/div>\n\t\t<div data-particle_enable=\"false\" data-particle-mobile-disabled=\"false\" class=\"elementor-element elementor-element-ed8ca84 e-flex e-con-boxed e-con e-child\" data-id=\"ed8ca84\" data-element_type=\"container\" data-e-type=\"container\">\n\t\t\t\t\t<div class=\"e-con-inner\">\n\t\t\t\t<div class=\"elementor-element elementor-element-fce978b elementor-widget elementor-widget-text-editor\" data-id=\"fce978b\" data-element_type=\"widget\" data-e-type=\"widget\" data-widget_type=\"text-editor.default\">\n\t\t\t\t<div class=\"elementor-widget-container\">\n\t\t\t\t\t\t\t\t\t<ul><li style=\"text-align: left;\">Senior officials with expertise in capability coherence and\/or defence procurement (politicians, military personnel, defence engineers, contractors, directors of research institutes, etc.).<\/li><\/ul>\t\t\t\t\t\t\t\t<\/div>\n\t\t\t\t<\/div>\n\t\t\t\t<div class=\"elementor-element elementor-element-a6011b6 elementor-widget elementor-widget-text-editor\" data-id=\"a6011b6\" data-element_type=\"widget\" data-e-type=\"widget\" data-widget_type=\"text-editor.default\">\n\t\t\t\t<div class=\"elementor-widget-container\">\n\t\t\t\t\t\t\t\t\t<p style=\"text-align: left;\"><strong>Admission: <\/strong>by invitation only.<\/p><p style=\"text-align: left;\"><strong>Prerequisites : <\/strong>Fluency in English, relevant professional experience and a high level of responsibility.<\/p>\t\t\t\t\t\t\t\t<\/div>\n\t\t\t\t<\/div>\n\t\t\t\t\t<\/div>\n\t\t\t\t<\/div>\n\t\t\t\t<\/div>\n\t\t<div data-particle_enable=\"false\" data-particle-mobile-disabled=\"false\" class=\"elementor-element elementor-element-c2d4a79 e-con-full e-flex e-con e-child\" data-id=\"c2d4a79\" data-element_type=\"container\" data-e-type=\"container\">\n\t\t<div data-particle_enable=\"false\" data-particle-mobile-disabled=\"false\" class=\"elementor-element elementor-element-4d1f423 e-con-full e-flex e-con e-child\" data-id=\"4d1f423\" data-element_type=\"container\" data-e-type=\"container\">\n\t\t\t\t<div class=\"elementor-element elementor-element-761a5ff elementor-widget elementor-widget-heading\" data-id=\"761a5ff\" data-element_type=\"widget\" data-e-type=\"widget\" data-widget_type=\"heading.default\">\n\t\t\t\t<div class=\"elementor-widget-container\">\n\t\t\t\t\t<h2 class=\"elementor-heading-title elementor-size-default\">main themes<\/h2>\t\t\t\t<\/div>\n\t\t\t\t<\/div>\n\t\t\t\t<div class=\"elementor-element elementor-element-8d1e116 elementor-widget-divider--view-line elementor-widget elementor-widget-divider\" data-id=\"8d1e116\" data-element_type=\"widget\" data-e-type=\"widget\" data-widget_type=\"divider.default\">\n\t\t\t\t<div class=\"elementor-widget-container\">\n\t\t\t\t\t\t\t<div class=\"elementor-divider\">\n\t\t\t<span class=\"elementor-divider-separator\">\n\t\t\t\t\t\t<\/span>\n\t\t<\/div>\n\t\t\t\t\t\t<\/div>\n\t\t\t\t<\/div>\n\t\t\t\t<\/div>\n\t\t<div data-particle_enable=\"false\" data-particle-mobile-disabled=\"false\" class=\"elementor-element elementor-element-e7ff923 e-flex e-con-boxed e-con e-child\" data-id=\"e7ff923\" data-element_type=\"container\" data-e-type=\"container\">\n\t\t\t\t\t<div class=\"e-con-inner\">\n\t\t\t\t<div class=\"elementor-element elementor-element-c482b35 elementor-widget elementor-widget-text-editor\" data-id=\"c482b35\" data-element_type=\"widget\" data-e-type=\"widget\" data-widget_type=\"text-editor.default\">\n\t\t\t\t<div class=\"elementor-widget-container\">\n\t\t\t\t\t\t\t\t\t<ul><li>The context of forces equipment ;<\/li><li>Equipping the forces from the specification of the need to the drafting of the solution;<\/li><li>Management of weapons programmes ;<\/li><li>Equipment delivery: from use to entry into service.<\/li><\/ul>\t\t\t\t\t\t\t\t<\/div>\n\t\t\t\t<\/div>\n\t\t\t\t\t<\/div>\n\t\t\t\t<\/div>\n\t\t\t\t<\/div>\n\t\t<div data-particle_enable=\"false\" data-particle-mobile-disabled=\"false\" class=\"elementor-element elementor-element-1848f8c e-con-full e-flex e-con e-child\" data-id=\"1848f8c\" data-element_type=\"container\" data-e-type=\"container\">\n\t\t<div data-particle_enable=\"false\" data-particle-mobile-disabled=\"false\" class=\"elementor-element elementor-element-ec7ec73 e-con-full e-flex e-con e-child\" data-id=\"ec7ec73\" data-element_type=\"container\" data-e-type=\"container\">\n\t\t\t\t<div class=\"elementor-element elementor-element-c142906 elementor-widget elementor-widget-heading\" data-id=\"c142906\" data-element_type=\"widget\" data-e-type=\"widget\" data-widget_type=\"heading.default\">\n\t\t\t\t<div class=\"elementor-widget-container\">\n\t\t\t\t\t<h2 class=\"elementor-heading-title elementor-size-default\">educational triptych<\/h2>\t\t\t\t<\/div>\n\t\t\t\t<\/div>\n\t\t\t\t<div class=\"elementor-element elementor-element-c2ce63d elementor-widget-divider--view-line elementor-widget elementor-widget-divider\" data-id=\"c2ce63d\" data-element_type=\"widget\" data-e-type=\"widget\" data-widget_type=\"divider.default\">\n\t\t\t\t<div class=\"elementor-widget-container\">\n\t\t\t\t\t\t\t<div class=\"elementor-divider\">\n\t\t\t<span class=\"elementor-divider-separator\">\n\t\t\t\t\t\t<\/span>\n\t\t<\/div>\n\t\t\t\t\t\t<\/div>\n\t\t\t\t<\/div>\n\t\t\t\t<\/div>\n\t\t<div data-particle_enable=\"false\" data-particle-mobile-disabled=\"false\" class=\"elementor-element elementor-element-af5b995 e-flex e-con-boxed e-con e-child\" data-id=\"af5b995\" data-element_type=\"container\" data-e-type=\"container\">\n\t\t\t\t\t<div class=\"e-con-inner\">\n\t\t\t\t<div class=\"elementor-element elementor-element-e269028 elementor-widget elementor-widget-text-editor\" data-id=\"e269028\" data-element_type=\"widget\" data-e-type=\"widget\" data-widget_type=\"text-editor.default\">\n\t\t\t\t<div class=\"elementor-widget-container\">\n\t\t\t\t\t\t\t\t\t<ul><li>Conferences and round tables<\/li><li>Visits to industrial and military sites<\/li><\/ul>\t\t\t\t\t\t\t\t<\/div>\n\t\t\t\t<\/div>\n\t\t\t\t<div class=\"elementor-element elementor-element-36ce854 elementor-widget elementor-widget-text-editor\" data-id=\"36ce854\" data-element_type=\"widget\" data-e-type=\"widget\" data-widget_type=\"text-editor.default\">\n\t\t\t\t<div class=\"elementor-widget-container\">\n\t\t\t\t\t\t\t\t\t<p style=\"text-align: left;\">Training organised in partnership with the Direction g\u00e9n\u00e9rale de l'armement (DGA).<\/p>\t\t\t\t\t\t\t\t<\/div>\n\t\t\t\t<\/div>\n\t\t\t\t\t<\/div>\n\t\t\t\t<\/div>\n\t\t\t\t<\/div>\n\t\t<div data-particle_enable=\"false\" data-particle-mobile-disabled=\"false\" class=\"elementor-element elementor-element-ee5f769 e-con-full e-flex e-con e-child\" data-id=\"ee5f769\" data-element_type=\"container\" data-e-type=\"container\">\n\t\t<div data-particle_enable=\"false\" data-particle-mobile-disabled=\"false\" class=\"elementor-element elementor-element-b5f95d9 e-con-full e-flex e-con e-child\" data-id=\"b5f95d9\" data-element_type=\"container\" data-e-type=\"container\">\n\t\t\t\t<div class=\"elementor-element elementor-element-bb18a7c elementor-widget elementor-widget-heading\" data-id=\"bb18a7c\" data-element_type=\"widget\" data-e-type=\"widget\" data-widget_type=\"heading.default\">\n\t\t\t\t<div class=\"elementor-widget-container\">\n\t\t\t\t\t<h2 class=\"elementor-heading-title elementor-size-default\">Next session<\/h2>\t\t\t\t<\/div>\n\t\t\t\t<\/div>\n\t\t\t\t<div class=\"elementor-element elementor-element-3caaa06 elementor-widget-divider--view-line elementor-widget elementor-widget-divider\" data-id=\"3caaa06\" data-element_type=\"widget\" data-e-type=\"widget\" data-widget_type=\"divider.default\">\n\t\t\t\t<div class=\"elementor-widget-container\">\n\t\t\t\t\t\t\t<div class=\"elementor-divider\">\n\t\t\t<span class=\"elementor-divider-separator\">\n\t\t\t\t\t\t<\/span>\n\t\t<\/div>\n\t\t\t\t\t\t<\/div>\n\t\t\t\t<\/div>\n\t\t\t\t<\/div>\n\t\t<div data-particle_enable=\"false\" data-particle-mobile-disabled=\"false\" class=\"elementor-element elementor-element-e95ff0d e-flex e-con-boxed e-con e-child\" data-id=\"e95ff0d\" data-element_type=\"container\" data-e-type=\"container\">\n\t\t\t\t\t<div class=\"e-con-inner\">\n\t\t\t\t<div class=\"elementor-element elementor-element-329ab3c elementor-widget elementor-widget-text-editor\" data-id=\"329ab3c\" data-element_type=\"widget\" data-e-type=\"widget\" data-widget_type=\"text-editor.default\">\n\t\t\t\t<div class=\"elementor-widget-container\">\n\t\t\t\t\t\t\t\t\t<p>From 23 to 27 November 2026<\/p>\t\t\t\t\t\t\t\t<\/div>\n\t\t\t\t<\/div>\n\t\t\t\t\t<\/div>\n\t\t\t\t<\/div>\n\t\t\t\t<\/div>\n\t\t\t\t<section data-particle_enable=\"false\" data-particle-mobile-disabled=\"false\" class=\"elementor-section elementor-top-section elementor-element elementor-element-a7f2177 elementor-section-boxed elementor-section-height-default elementor-section-height-default\" data-id=\"a7f2177\" data-element_type=\"section\" data-e-type=\"section\">\n\t\t\t\t\t\t<div class=\"elementor-container elementor-column-gap-default\">\n\t\t\t\t\t<div class=\"elementor-column elementor-col-100 elementor-top-column elementor-element elementor-element-c9aff6c\" data-id=\"c9aff6c\" data-element_type=\"column\" data-e-type=\"column\" data-settings=\"{&quot;background_background&quot;:&quot;classic&quot;}\">\n\t\t\t<div class=\"elementor-widget-wrap elementor-element-populated\">\n\t\t\t\t\t\t<div class=\"elementor-element elementor-element-d77297e elementor-widget elementor-widget-text-editor\" data-id=\"d77297e\" data-element_type=\"widget\" data-e-type=\"widget\" data-widget_type=\"text-editor.default\">\n\t\t\t\t<div class=\"elementor-widget-container\">\n\t\t\t\t\t\t\t\t\t<p style=\"text-align: center;\">CONTACT<\/p><p style=\"text-align: center;\"><a href=\"mailto:bae@ihedn.fr\"><span style=\"color: #ffffff;\">deai@ihedn.fr<\/span><\/a><\/p>\t\t\t\t\t\t\t\t<\/div>\n\t\t\t\t<\/div>\n\t\t\t\t\t<\/div>\n\t\t<\/div>\n\t\t\t\t\t<\/div>\n\t\t<\/section>\n\t\t<div data-particle_enable=\"false\" data-particle-mobile-disabled=\"false\" class=\"elementor-element elementor-element-b6bfef2 e-con-full e-flex e-con e-child\" data-id=\"b6bfef2\" data-element_type=\"container\" data-e-type=\"container\">\n\t\t\t\t<div class=\"elementor-element elementor-element-08086dd elementor-widget elementor-widget-text-editor\" data-id=\"08086dd\" data-element_type=\"widget\" data-e-type=\"widget\" data-widget_type=\"text-editor.default\">\n\t\t\t\t<div class=\"elementor-widget-container\">\n\t\t\t\t\t\t\t\t\t<p>Last modified on :<\/p>\t\t\t\t\t\t\t\t<\/div>\n\t\t\t\t<\/div>\n\t\t\t\t<div class=\"elementor-element elementor-element-f9f6308 elementor-widget elementor-widget-text-editor\" data-id=\"f9f6308\" data-element_type=\"widget\" data-e-type=\"widget\" data-widget_type=\"text-editor.default\">\n\t\t\t\t<div class=\"elementor-widget-container\">\n\t\t\t\t\t\t\t\t\t12 February 2026\t\t\t\t\t\t\t\t<\/div>\n\t\t\t\t<\/div>\n\t\t\t\t<\/div>\n\t\t\t\t<\/div>","protected":false},"featured_media":36156,"template":"","meta":[],"class_list":["post-36154","formation","type-formation","status-publish","has-post-thumbnail","hentry"],"yoast_head":"<!-- This site is optimized with the Yoast SEO plugin v27.5 - https:\/\/yoast.com\/product\/yoast-seo-wordpress\/ -->\n<title>Session internationale armement Am\u00e9rique latine (SIAMLAT)<\/title>\n<meta name=\"description\" content=\"D\u00e9couvrir et discuter de l\u2019approche fran\u00e7aise li\u00e9e \u00e0 une probl\u00e9matique donn\u00e9e de d\u00e9fense, de s\u00e9curit\u00e9 et de relations internationales sur la zone Am\u00e9rique Latine et favoriser des \u00e9changes entre des responsables de haut niveau des pays et d\u2019organisations locales sur des probl\u00e9matiques d\u2019int\u00e9r\u00eat commun.\" \/>\n<meta name=\"robots\" content=\"index, follow, max-snippet:-1, max-image-preview:large, max-video-preview:-1\" \/>\n<link rel=\"canonical\" href=\"https:\/\/ihedn.fr\/en\/formation\/session-internationale-armement-amerique-latine-siamlat\/\" \/>\n<meta property=\"og:locale\" content=\"en_GB\" \/>\n<meta property=\"og:type\" content=\"article\" \/>\n<meta property=\"og:title\" content=\"Session internationale armement Am\u00e9rique latine (SIAMLAT)\" \/>\n<meta property=\"og:description\" content=\"D\u00e9couvrir et discuter de l\u2019approche fran\u00e7aise li\u00e9e \u00e0 une probl\u00e9matique donn\u00e9e de d\u00e9fense, de s\u00e9curit\u00e9 et de relations internationales sur la zone Am\u00e9rique Latine et favoriser des \u00e9changes entre des responsables de haut niveau des pays et d\u2019organisations locales sur des probl\u00e9matiques d\u2019int\u00e9r\u00eat commun.\" \/>\n<meta property=\"og:url\" content=\"https:\/\/ihedn.fr\/en\/formation\/session-internationale-armement-amerique-latine-siamlat\/\" \/>\n<meta property=\"og:site_name\" content=\"L&#039;IHEDN : Institut des hautes \u00e9tudes de d\u00e9fense nationale\" \/>\n<meta property=\"article:publisher\" content=\"https:\/\/www.facebook.com\/ihedn\/\" \/>\n<meta property=\"article:modified_time\" content=\"2026-02-12T08:18:39+00:00\" \/>\n<meta property=\"og:image\" content=\"https:\/\/ihedn.fr\/wp-content\/uploads\/2023\/03\/VISUELS_SITE_INTERNET3.jpg\" \/>\n\t<meta property=\"og:image:width\" content=\"1365\" \/>\n\t<meta property=\"og:image:height\" content=\"683\" \/>\n\t<meta property=\"og:image:type\" content=\"image\/jpeg\" \/>\n<meta name=\"twitter:card\" content=\"summary_large_image\" \/>\n<meta name=\"twitter:title\" content=\"Session internationale armement Am\u00e9rique latine (SIAMLAT)\" \/>\n<meta name=\"twitter:description\" content=\"D\u00e9couvrir et discuter de l\u2019approche fran\u00e7aise li\u00e9e \u00e0 une probl\u00e9matique donn\u00e9e de d\u00e9fense, de s\u00e9curit\u00e9 et de relations internationales sur la zone Am\u00e9rique Latine et favoriser des \u00e9changes entre des responsables de haut niveau des pays et d\u2019organisations locales sur des probl\u00e9matiques d\u2019int\u00e9r\u00eat commun.\" \/>\n<meta name=\"twitter:image\" content=\"https:\/\/ihedn.fr\/wp-content\/uploads\/2023\/03\/VISUELS_SITE_INTERNET3.jpg\" \/>\n<meta name=\"twitter:site\" content=\"@IHEDN\" \/>\n<meta name=\"twitter:label1\" content=\"Estimated reading time\" \/>\n\t<meta name=\"twitter:data1\" content=\"2 minutes\" \/>\n<script type=\"application\/ld+json\" class=\"yoast-schema-graph\">{\"@context\":\"https:\\\/\\\/schema.org\",\"@graph\":[{\"@type\":\"WebPage\",\"@id\":\"https:\\\/\\\/ihedn.fr\\\/formation\\\/session-internationale-armement-amerique-latine-siamlat\\\/\",\"url\":\"https:\\\/\\\/ihedn.fr\\\/formation\\\/session-internationale-armement-amerique-latine-siamlat\\\/\",\"name\":\"Session internationale armement Am\u00e9rique latine (SIAMLAT)\",\"isPartOf\":{\"@id\":\"https:\\\/\\\/ihedn.fr\\\/#website\"},\"primaryImageOfPage\":{\"@id\":\"https:\\\/\\\/ihedn.fr\\\/formation\\\/session-internationale-armement-amerique-latine-siamlat\\\/#primaryimage\"},\"image\":{\"@id\":\"https:\\\/\\\/ihedn.fr\\\/formation\\\/session-internationale-armement-amerique-latine-siamlat\\\/#primaryimage\"},\"thumbnailUrl\":\"https:\\\/\\\/ihedn.fr\\\/wp-content\\\/uploads\\\/2023\\\/03\\\/VISUELS_SITE_INTERNET3.jpg\",\"datePublished\":\"2023-03-14T15:19:51+00:00\",\"dateModified\":\"2026-02-12T08:18:39+00:00\",\"description\":\"D\u00e9couvrir et discuter de l\u2019approche fran\u00e7aise li\u00e9e \u00e0 une probl\u00e9matique donn\u00e9e de d\u00e9fense, de s\u00e9curit\u00e9 et de relations internationales sur la zone Am\u00e9rique Latine et favoriser des \u00e9changes entre des responsables de haut niveau des pays et d\u2019organisations locales sur des probl\u00e9matiques d\u2019int\u00e9r\u00eat commun.\",\"breadcrumb\":{\"@id\":\"https:\\\/\\\/ihedn.fr\\\/formation\\\/session-internationale-armement-amerique-latine-siamlat\\\/#breadcrumb\"},\"inLanguage\":\"en-GB\",\"potentialAction\":[{\"@type\":\"ReadAction\",\"target\":[\"https:\\\/\\\/ihedn.fr\\\/formation\\\/session-internationale-armement-amerique-latine-siamlat\\\/\"]}]},{\"@type\":\"ImageObject\",\"inLanguage\":\"en-GB\",\"@id\":\"https:\\\/\\\/ihedn.fr\\\/formation\\\/session-internationale-armement-amerique-latine-siamlat\\\/#primaryimage\",\"url\":\"https:\\\/\\\/ihedn.fr\\\/wp-content\\\/uploads\\\/2023\\\/03\\\/VISUELS_SITE_INTERNET3.jpg\",\"contentUrl\":\"https:\\\/\\\/ihedn.fr\\\/wp-content\\\/uploads\\\/2023\\\/03\\\/VISUELS_SITE_INTERNET3.jpg\",\"width\":1365,\"height\":683},{\"@type\":\"BreadcrumbList\",\"@id\":\"https:\\\/\\\/ihedn.fr\\\/formation\\\/session-internationale-armement-amerique-latine-siamlat\\\/#breadcrumb\",\"itemListElement\":[{\"@type\":\"ListItem\",\"position\":1,\"name\":\"Accueil\",\"item\":\"https:\\\/\\\/ihedn.fr\\\/\"},{\"@type\":\"ListItem\",\"position\":2,\"name\":\"Formation\",\"item\":\"https:\\\/\\\/ihedn.fr\\\/en\\\/formation\\\/\"},{\"@type\":\"ListItem\",\"position\":3,\"name\":\"Session internationale armement Am\u00e9rique latine (SIAMLAT)\"}]},{\"@type\":\"WebSite\",\"@id\":\"https:\\\/\\\/ihedn.fr\\\/#website\",\"url\":\"https:\\\/\\\/ihedn.fr\\\/\",\"name\":\"IHEDN : Institut des hautes \u00e9tudes de d\u00e9fense nationale |\",\"description\":\"Site officiel de l&#039;IHEDN plac\u00e9 sous la tutelle du Premier ministre.\",\"publisher\":{\"@id\":\"https:\\\/\\\/ihedn.fr\\\/#organization\"},\"potentialAction\":[{\"@type\":\"SearchAction\",\"target\":{\"@type\":\"EntryPoint\",\"urlTemplate\":\"https:\\\/\\\/ihedn.fr\\\/?s={search_term_string}\"},\"query-input\":{\"@type\":\"PropertyValueSpecification\",\"valueRequired\":true,\"valueName\":\"search_term_string\"}}],\"inLanguage\":\"en-GB\"},{\"@type\":\"Organization\",\"@id\":\"https:\\\/\\\/ihedn.fr\\\/#organization\",\"name\":\"IHEDN - Institut des Hautes Etudes de D\u00e9fense Nationale\",\"url\":\"https:\\\/\\\/ihedn.fr\\\/\",\"logo\":{\"@type\":\"ImageObject\",\"inLanguage\":\"en-GB\",\"@id\":\"https:\\\/\\\/ihedn.fr\\\/#\\\/schema\\\/logo\\\/image\\\/\",\"url\":\"https:\\\/\\\/ihedn.fr\\\/wp-content\\\/uploads\\\/2020\\\/11\\\/BLOC_RF_IHEDN_WEB.png\",\"contentUrl\":\"https:\\\/\\\/ihedn.fr\\\/wp-content\\\/uploads\\\/2020\\\/11\\\/BLOC_RF_IHEDN_WEB.png\",\"width\":500,\"height\":237,\"caption\":\"IHEDN - Institut des Hautes Etudes de D\u00e9fense Nationale\"},\"image\":{\"@id\":\"https:\\\/\\\/ihedn.fr\\\/#\\\/schema\\\/logo\\\/image\\\/\"},\"sameAs\":[\"https:\\\/\\\/www.facebook.com\\\/ihedn\\\/\",\"https:\\\/\\\/x.com\\\/IHEDN\",\"https:\\\/\\\/www.instagram.com\\\/ihedn\\\/\",\"https:\\\/\\\/www.linkedin.com\\\/school\\\/ihedn\\\/\",\"https:\\\/\\\/fr.wikipedia.org\\\/wiki\\\/Institut_des_hautes_\u00e9tudes_de_D\u00e9fense_nationale\"]}]}<\/script>\n<!-- \/ Yoast SEO plugin. -->","yoast_head_json":{"title":"Latin America International Armament Session (SIAMLAT)","description":"To discover and discuss the French approach to a given issue of defence, security and international relations in Latin America, and to encourage exchanges between high-level officials from countries and local organisations on issues of common interest.","robots":{"index":"index","follow":"follow","max-snippet":"max-snippet:-1","max-image-preview":"max-image-preview:large","max-video-preview":"max-video-preview:-1"},"canonical":"https:\/\/ihedn.fr\/en\/formation\/session-internationale-armement-amerique-latine-siamlat\/","og_locale":"en_GB","og_type":"article","og_title":"Session internationale armement Am\u00e9rique latine (SIAMLAT)","og_description":"D\u00e9couvrir et discuter de l\u2019approche fran\u00e7aise li\u00e9e \u00e0 une probl\u00e9matique donn\u00e9e de d\u00e9fense, de s\u00e9curit\u00e9 et de relations internationales sur la zone Am\u00e9rique Latine et favoriser des \u00e9changes entre des responsables de haut niveau des pays et d\u2019organisations locales sur des probl\u00e9matiques d\u2019int\u00e9r\u00eat commun.","og_url":"https:\/\/ihedn.fr\/en\/formation\/session-internationale-armement-amerique-latine-siamlat\/","og_site_name":"L&#039;IHEDN : Institut des hautes \u00e9tudes de d\u00e9fense nationale","article_publisher":"https:\/\/www.facebook.com\/ihedn\/","article_modified_time":"2026-02-12T08:18:39+00:00","og_image":[{"width":1365,"height":683,"url":"https:\/\/ihedn.fr\/wp-content\/uploads\/2023\/03\/VISUELS_SITE_INTERNET3.jpg","type":"image\/jpeg"}],"twitter_card":"summary_large_image","twitter_title":"Session internationale armement Am\u00e9rique latine (SIAMLAT)","twitter_description":"D\u00e9couvrir et discuter de l\u2019approche fran\u00e7aise li\u00e9e \u00e0 une probl\u00e9matique donn\u00e9e de d\u00e9fense, de s\u00e9curit\u00e9 et de relations internationales sur la zone Am\u00e9rique Latine et favoriser des \u00e9changes entre des responsables de haut niveau des pays et d\u2019organisations locales sur des probl\u00e9matiques d\u2019int\u00e9r\u00eat commun.","twitter_image":"https:\/\/ihedn.fr\/wp-content\/uploads\/2023\/03\/VISUELS_SITE_INTERNET3.jpg","twitter_site":"@IHEDN","twitter_misc":{"Estimated reading time":"2 minutes"},"schema":{"@context":"https:\/\/schema.org","@graph":[{"@type":"WebPage","@id":"https:\/\/ihedn.fr\/formation\/session-internationale-armement-amerique-latine-siamlat\/","url":"https:\/\/ihedn.fr\/formation\/session-internationale-armement-amerique-latine-siamlat\/","name":"Latin America International Armament Session (SIAMLAT)","isPartOf":{"@id":"https:\/\/ihedn.fr\/#website"},"primaryImageOfPage":{"@id":"https:\/\/ihedn.fr\/formation\/session-internationale-armement-amerique-latine-siamlat\/#primaryimage"},"image":{"@id":"https:\/\/ihedn.fr\/formation\/session-internationale-armement-amerique-latine-siamlat\/#primaryimage"},"thumbnailUrl":"https:\/\/ihedn.fr\/wp-content\/uploads\/2023\/03\/VISUELS_SITE_INTERNET3.jpg","datePublished":"2023-03-14T15:19:51+00:00","dateModified":"2026-02-12T08:18:39+00:00","description":"To discover and discuss the French approach to a given issue of defence, security and international relations in Latin America, and to encourage exchanges between high-level officials from countries and local organisations on issues of common interest.","breadcrumb":{"@id":"https:\/\/ihedn.fr\/formation\/session-internationale-armement-amerique-latine-siamlat\/#breadcrumb"},"inLanguage":"en-GB","potentialAction":[{"@type":"ReadAction","target":["https:\/\/ihedn.fr\/formation\/session-internationale-armement-amerique-latine-siamlat\/"]}]},{"@type":"ImageObject","inLanguage":"en-GB","@id":"https:\/\/ihedn.fr\/formation\/session-internationale-armement-amerique-latine-siamlat\/#primaryimage","url":"https:\/\/ihedn.fr\/wp-content\/uploads\/2023\/03\/VISUELS_SITE_INTERNET3.jpg","contentUrl":"https:\/\/ihedn.fr\/wp-content\/uploads\/2023\/03\/VISUELS_SITE_INTERNET3.jpg","width":1365,"height":683},{"@type":"BreadcrumbList","@id":"https:\/\/ihedn.fr\/formation\/session-internationale-armement-amerique-latine-siamlat\/#breadcrumb","itemListElement":[{"@type":"ListItem","position":1,"name":"Accueil","item":"https:\/\/ihedn.fr\/"},{"@type":"ListItem","position":2,"name":"Formation","item":"https:\/\/ihedn.fr\/en\/formation\/"},{"@type":"ListItem","position":3,"name":"Session internationale armement Am\u00e9rique latine (SIAMLAT)"}]},{"@type":"WebSite","@id":"https:\/\/ihedn.fr\/#website","url":"https:\/\/ihedn.fr\/","name":"IHEDN: Institut des hautes \u00e9tudes de d\u00e9fense nationale (Institute for Higher National Defence Studies)","description":"Official website of the IHEDN under the supervision of the Prime Minister.","publisher":{"@id":"https:\/\/ihedn.fr\/#organization"},"potentialAction":[{"@type":"SearchAction","target":{"@type":"EntryPoint","urlTemplate":"https:\/\/ihedn.fr\/?s={search_term_string}"},"query-input":{"@type":"PropertyValueSpecification","valueRequired":true,"valueName":"search_term_string"}}],"inLanguage":"en-GB"},{"@type":"Organization","@id":"https:\/\/ihedn.fr\/#organization","name":"IHEDN - Institute for Higher National Defence Studies","url":"https:\/\/ihedn.fr\/","logo":{"@type":"ImageObject","inLanguage":"en-GB","@id":"https:\/\/ihedn.fr\/#\/schema\/logo\/image\/","url":"https:\/\/ihedn.fr\/wp-content\/uploads\/2020\/11\/BLOC_RF_IHEDN_WEB.png","contentUrl":"https:\/\/ihedn.fr\/wp-content\/uploads\/2020\/11\/BLOC_RF_IHEDN_WEB.png","width":500,"height":237,"caption":"IHEDN - Institut des Hautes Etudes de D\u00e9fense Nationale"},"image":{"@id":"https:\/\/ihedn.fr\/#\/schema\/logo\/image\/"},"sameAs":["https:\/\/www.facebook.com\/ihedn\/","https:\/\/x.com\/IHEDN","https:\/\/www.instagram.com\/ihedn\/","https:\/\/www.linkedin.com\/school\/ihedn\/","https:\/\/fr.wikipedia.org\/wiki\/Institut_des_hautes_\u00e9tudes_de_D\u00e9fense_nationale"]}]}},"publishpress_future_workflow_manual_trigger":{"enabledWorkflows":[]},"_links":{"self":[{"href":"https:\/\/ihedn.fr\/en\/wp-json\/wp\/v2\/formation\/36154","targetHints":{"allow":["GET"]}}],"collection":[{"href":"https:\/\/ihedn.fr\/en\/wp-json\/wp\/v2\/formation"}],"about":[{"href":"https:\/\/ihedn.fr\/en\/wp-json\/wp\/v2\/types\/formation"}],"version-history":[{"count":54,"href":"https:\/\/ihedn.fr\/en\/wp-json\/wp\/v2\/formation\/36154\/revisions"}],"predecessor-version":[{"id":58295,"href":"https:\/\/ihedn.fr\/en\/wp-json\/wp\/v2\/formation\/36154\/revisions\/58295"}],"wp:featuredmedia":[{"embeddable":true,"href":"https:\/\/ihedn.fr\/en\/wp-json\/wp\/v2\/media\/36156"}],"wp:attachment":[{"href":"https:\/\/ihedn.fr\/en\/wp-json\/wp\/v2\/media?parent=36154"}],"curies":[{"name":"wp","href":"https:\/\/api.w.org\/{rel}","templated":true}]}}