{"id":37846,"date":"2023-04-03T14:17:48","date_gmt":"2023-04-03T13:17:48","guid":{"rendered":"https:\/\/ihedn.fr\/?post_type=formation&#038;p=37846"},"modified":"2025-11-05T15:46:11","modified_gmt":"2025-11-05T14:46:11","slug":"activites-dans-le-cadre-du-college-europeen-de-securite-et-defense","status":"publish","type":"formation","link":"https:\/\/ihedn.fr\/en\/formation\/activites-dans-le-cadre-du-college-europeen-de-securite-et-defense\/","title":{"rendered":"ACTIVITIES WITHIN THE FRAMEWORK OF THE EUROPEAN SECURITY AND DEFENCE COLLEGE"},"content":{"rendered":"<div data-elementor-type=\"wp-post\" data-elementor-id=\"37846\" class=\"elementor elementor-37846\" data-elementor-post-type=\"formation\">\n\t\t\t\t<div data-particle_enable=\"false\" data-particle-mobile-disabled=\"false\" class=\"elementor-element elementor-element-27e4ef1 e-flex e-con-boxed e-con e-parent\" data-id=\"27e4ef1\" data-element_type=\"container\" data-e-type=\"container\">\n\t\t\t\t\t<div class=\"e-con-inner\">\n\t\t\t\t<div class=\"elementor-element elementor-element-9ac7bbf elementor-widget__width-inherit elementor-widget-tablet__width-initial elementor-widget elementor-widget-heading\" data-id=\"9ac7bbf\" data-element_type=\"widget\" data-e-type=\"widget\" data-widget_type=\"heading.default\">\n\t\t\t\t<div class=\"elementor-widget-container\">\n\t\t\t\t\t<h1 class=\"elementor-heading-title elementor-size-default\">ACTIVITIES <span> WITHIN THE FRAMEWORK OF THE EUROPEAN SECURITY AND DEFENCE COLLEGE<\/span>\n<\/h1>\t\t\t\t<\/div>\n\t\t\t\t<\/div>\n\t\t\t\t<div class=\"elementor-element elementor-element-b064031 elementor-widget-divider--view-line elementor-invisible elementor-widget elementor-widget-divider\" data-id=\"b064031\" data-element_type=\"widget\" data-e-type=\"widget\" data-settings=\"{&quot;_animation&quot;:&quot;fadeInUp&quot;,&quot;_animation_delay&quot;:100}\" data-widget_type=\"divider.default\">\n\t\t\t\t<div class=\"elementor-widget-container\">\n\t\t\t\t\t\t\t<div class=\"elementor-divider\">\n\t\t\t<span class=\"elementor-divider-separator\">\n\t\t\t\t\t\t<\/span>\n\t\t<\/div>\n\t\t\t\t\t\t<\/div>\n\t\t\t\t<\/div>\n\t\t\t\t\t<\/div>\n\t\t\t\t<\/div>\n\t\t<div data-particle_enable=\"false\" data-particle-mobile-disabled=\"false\" class=\"elementor-element elementor-element-2790cac e-flex e-con-boxed e-con e-parent\" data-id=\"2790cac\" data-element_type=\"container\" data-e-type=\"container\">\n\t\t\t\t\t<div class=\"e-con-inner\">\n\t\t\t\t<div class=\"elementor-element elementor-element-3238fbc elementor-widget elementor-widget-text-editor\" data-id=\"3238fbc\" data-element_type=\"widget\" data-e-type=\"widget\" data-widget_type=\"text-editor.default\">\n\t\t\t\t<div class=\"elementor-widget-container\">\n\t\t\t\t\t\t\t\t\t<p style=\"text-align: left;\">Through its partnership with the European Security and Defence College (ESDC), the Institut des Hautes Etudes de D\u00e9fense Nationale is helping to build a common European defence culture. The courses organised with the CESD, between Paris and Brussels, are based around several conferences and round tables as well as group work bringing together participants from the institutions, organisations and agencies of the European Union and its Member States. \u00a0<\/p>\t\t\t\t\t\t\t\t<\/div>\n\t\t\t\t<\/div>\n\t\t\t\t\t<\/div>\n\t\t\t\t<\/div>\n\t\t<div data-particle_enable=\"false\" data-particle-mobile-disabled=\"false\" class=\"elementor-element elementor-element-539ea17 e-flex e-con-boxed e-con e-parent\" data-id=\"539ea17\" data-element_type=\"container\" data-e-type=\"container\">\n\t\t\t\t\t<div class=\"e-con-inner\">\n\t\t\t\t<div class=\"elementor-element elementor-element-15bb3d1 elementor-widget elementor-widget-image\" data-id=\"15bb3d1\" data-element_type=\"widget\" data-e-type=\"widget\" data-widget_type=\"image.default\">\n\t\t\t\t<div class=\"elementor-widget-container\">\n\t\t\t\t\t\t\t\t\t\t\t\t\t\t\t<img fetchpriority=\"high\" decoding=\"async\" width=\"1365\" height=\"683\" src=\"https:\/\/ihedn.fr\/wp-content\/uploads\/2023\/03\/VISUELS_SITE_INTERNET_PARTIE26.jpg\" class=\"attachment-full size-full wp-image-37744\" alt=\"\" \/>\t\t\t\t\t\t\t\t\t\t\t\t\t\t\t<\/div>\n\t\t\t\t<\/div>\n\t\t\t\t\t<\/div>\n\t\t\t\t<\/div>\n\t\t\t\t<section data-particle_enable=\"false\" data-particle-mobile-disabled=\"false\" class=\"elementor-section elementor-top-section elementor-element elementor-element-4b93f9e elementor-section-boxed elementor-section-height-default elementor-section-height-default\" data-id=\"4b93f9e\" data-element_type=\"section\" data-e-type=\"section\">\n\t\t\t\t\t\t<div class=\"elementor-container elementor-column-gap-default\">\n\t\t\t\t\t<div class=\"elementor-column elementor-col-100 elementor-top-column elementor-element elementor-element-fcfdc23\" data-id=\"fcfdc23\" data-element_type=\"column\" data-e-type=\"column\">\n\t\t\t<div class=\"elementor-widget-wrap elementor-element-populated\">\n\t\t\t\t\t\t<div class=\"elementor-element elementor-element-544317f elementor-widget elementor-widget-text-editor\" data-id=\"544317f\" data-element_type=\"widget\" data-e-type=\"widget\" data-widget_type=\"text-editor.default\">\n\t\t\t\t<div class=\"elementor-widget-container\">\n\t\t\t\t\t\t\t\t\t<ul><li>Climate change and security, 15 to 17 October 2024<\/li><li>Intelligence security challenges and opportunities in the EU, 19 to 21 November 2024<\/li><li>The EU facing hybrid threats, 17 to 19 December 2024<\/li><li>The challenges of space for EU and CSDP, from 11 to 13 February 2025<\/li><li>The challenges of securing maritime areas for the EU, 14 to 16 May 2024, in collaboration with the Cyprus Security &amp; Defence Academy, Cyprus, 28 to 30 April 2025<\/li><li>Senior Strategic Course (\"PolDef UE\"), 28 to 30 May 2024, in collaboration with the Center for High Defense Studies (CASD), Italy, Rome, 7 to 11 April 2025<\/li><li>European Armament Cooperation, 09 to 11 July 2024, Brussels - second half of 2025<\/li><\/ul>\t\t\t\t\t\t\t\t<\/div>\n\t\t\t\t<\/div>\n\t\t\t\t<div class=\"elementor-element elementor-element-a3e6fd4 elementor-widget elementor-widget-button\" data-id=\"a3e6fd4\" data-element_type=\"widget\" data-e-type=\"widget\" data-widget_type=\"button.default\">\n\t\t\t\t<div class=\"elementor-widget-container\">\n\t\t\t\t\t\t\t\t\t<div class=\"elementor-button-wrapper\">\n\t\t\t\t\t<a class=\"elementor-button elementor-button-link elementor-size-sm\" href=\"https:\/\/esdc.europa.eu\/courses\/\">\n\t\t\t\t\t\t<span class=\"elementor-button-content-wrapper\">\n\t\t\t\t\t\t\t\t\t<span class=\"elementor-button-text\">See all courses<\/span>\n\t\t\t\t\t<\/span>\n\t\t\t\t\t<\/a>\n\t\t\t\t<\/div>\n\t\t\t\t\t\t\t\t<\/div>\n\t\t\t\t<\/div>\n\t\t\t\t<div class=\"elementor-element elementor-element-443a07d elementor-widget elementor-widget-spacer\" data-id=\"443a07d\" data-element_type=\"widget\" data-e-type=\"widget\" data-widget_type=\"spacer.default\">\n\t\t\t\t<div class=\"elementor-widget-container\">\n\t\t\t\t\t\t\t<div class=\"elementor-spacer\">\n\t\t\t<div class=\"elementor-spacer-inner\"><\/div>\n\t\t<\/div>\n\t\t\t\t\t\t<\/div>\n\t\t\t\t<\/div>\n\t\t\t\t\t<\/div>\n\t\t<\/div>\n\t\t\t\t\t<\/div>\n\t\t<\/section>\n\t\t\t\t<section data-particle_enable=\"false\" data-particle-mobile-disabled=\"false\" class=\"elementor-section elementor-top-section elementor-element elementor-element-98e5090 elementor-section-boxed elementor-section-height-default elementor-section-height-default\" data-id=\"98e5090\" data-element_type=\"section\" data-e-type=\"section\">\n\t\t\t\t\t\t<div class=\"elementor-container elementor-column-gap-default\">\n\t\t\t\t\t<div class=\"elementor-column elementor-col-100 elementor-top-column elementor-element elementor-element-a646adb\" data-id=\"a646adb\" data-element_type=\"column\" data-e-type=\"column\">\n\t\t\t<div class=\"elementor-widget-wrap elementor-element-populated\">\n\t\t\t\t\t\t<section data-particle_enable=\"false\" data-particle-mobile-disabled=\"false\" class=\"elementor-section elementor-inner-section elementor-element elementor-element-8d1f048 elementor-section-content-middle elementor-section-boxed elementor-section-height-default elementor-section-height-default\" data-id=\"8d1f048\" data-element_type=\"section\" data-e-type=\"section\">\n\t\t\t\t\t\t<div class=\"elementor-container elementor-column-gap-default\">\n\t\t\t<a class=\"eael-wrapper-link-c3f49c5 --eael-wrapper-link-tag\" href=\"https:\/\/ihedn.fr\/en\/formation\/college-europeen-de-securite-et-defense-1\/\"><\/a>\t\t<div data-eael-wrapper-link=\"eael-wrapper-link-c3f49c5\" class=\"elementor-column elementor-col-33 elementor-inner-column elementor-element elementor-element-c3f49c5\" data-id=\"c3f49c5\" data-element_type=\"column\" data-e-type=\"column\" data-settings=\"{&quot;background_background&quot;:&quot;classic&quot;}\">\n\t\t\t<div class=\"elementor-widget-wrap elementor-element-populated\">\n\t\t\t\t\t\t<div class=\"elementor-element elementor-element-5cbea18 elementor-align-center elementor-widget elementor-widget-button\" data-id=\"5cbea18\" data-element_type=\"widget\" data-e-type=\"widget\" data-widget_type=\"button.default\">\n\t\t\t\t<div class=\"elementor-widget-container\">\n\t\t\t\t\t\t\t\t\t<div class=\"elementor-button-wrapper\">\n\t\t\t\t\t<a class=\"elementor-button elementor-button-link elementor-size-lg\" href=\"https:\/\/ihedn.fr\/en\/formation\/college-europeen-de-securite-et-defense-1\/\">\n\t\t\t\t\t\t<span class=\"elementor-button-content-wrapper\">\n\t\t\t\t\t\t\t\t\t<span class=\"elementor-button-text\">COURSES ORGANISED AS PART OF THE<br>EUROPEAN SECURITY AND DEFENCE COLLEGE<\/span>\n\t\t\t\t\t<\/span>\n\t\t\t\t\t<\/a>\n\t\t\t\t<\/div>\n\t\t\t\t\t\t\t\t<\/div>\n\t\t\t\t<\/div>\n\t\t\t\t\t<\/div>\n\t\t<\/div>\n\t\t\t\t<div class=\"elementor-column elementor-col-33 elementor-inner-column elementor-element elementor-element-a22543d\" data-id=\"a22543d\" data-element_type=\"column\" data-e-type=\"column\">\n\t\t\t<div class=\"elementor-widget-wrap\">\n\t\t\t\t\t\t\t<\/div>\n\t\t<\/div>\n\t\t\t\t<div class=\"elementor-column elementor-col-33 elementor-inner-column elementor-element elementor-element-a415538\" data-id=\"a415538\" data-element_type=\"column\" data-e-type=\"column\" data-settings=\"{&quot;background_background&quot;:&quot;classic&quot;}\">\n\t\t\t<div class=\"elementor-widget-wrap elementor-element-populated\">\n\t\t\t\t\t\t<div class=\"elementor-element elementor-element-5aabce1 elementor-align-center elementor-widget elementor-widget-button\" data-id=\"5aabce1\" data-element_type=\"widget\" data-e-type=\"widget\" data-widget_type=\"button.default\">\n\t\t\t\t<div class=\"elementor-widget-container\">\n\t\t\t\t\t\t\t\t\t<div class=\"elementor-button-wrapper\">\n\t\t\t\t\t<a class=\"elementor-button elementor-button-link elementor-size-lg\" href=\"https:\/\/ihedn.fr\/en\/formation\/deai-le-cours-strategique-de-haut-niveau-politique-de-defense-ue\/\">\n\t\t\t\t\t\t<span class=\"elementor-button-content-wrapper\">\n\t\t\t\t\t\t\t\t\t<span class=\"elementor-button-text\">THE HIGH-LEVEL STRATEGIC COURSE<br>(EU DEFENCE POLICY)<\/span>\n\t\t\t\t\t<\/span>\n\t\t\t\t\t<\/a>\n\t\t\t\t<\/div>\n\t\t\t\t\t\t\t\t<\/div>\n\t\t\t\t<\/div>\n\t\t\t\t\t<\/div>\n\t\t<\/div>\n\t\t\t\t\t<\/div>\n\t\t<\/section>\n\t\t\t\t\t<\/div>\n\t\t<\/div>\n\t\t\t\t\t<\/div>\n\t\t<\/section>\n\t\t\t\t<\/div>","protected":false},"featured_media":0,"template":"","meta":[],"class_list":["post-37846","formation","type-formation","status-publish","hentry"],"yoast_head":"<!-- This site is optimized with the Yoast SEO plugin v27.5 - https:\/\/yoast.com\/product\/yoast-seo-wordpress\/ -->\n<title>ACTIVIT\u00c9S DANS LE CADRE DU COLL\u00c8GE EUROP\u00c9EN DE S\u00c9CURIT\u00c9 ET D\u00c9FENSE - L&#039;IHEDN : Institut des hautes \u00e9tudes de d\u00e9fense nationale<\/title>\n<meta name=\"robots\" content=\"index, follow, max-snippet:-1, max-image-preview:large, max-video-preview:-1\" \/>\n<link rel=\"canonical\" href=\"https:\/\/ihedn.fr\/en\/formation\/activites-dans-le-cadre-du-college-europeen-de-securite-et-defense\/\" \/>\n<meta property=\"og:locale\" content=\"en_GB\" \/>\n<meta property=\"og:type\" content=\"article\" \/>\n<meta property=\"og:title\" content=\"ACTIVIT\u00c9S DANS LE CADRE DU COLL\u00c8GE EUROP\u00c9EN DE S\u00c9CURIT\u00c9 ET D\u00c9FENSE - L&#039;IHEDN : Institut des hautes \u00e9tudes de d\u00e9fense nationale\" \/>\n<meta property=\"og:description\" content=\"ACTIVIT\u00c9S DANS LE CADRE DU COLL\u00c8GE EUROP\u00c9EN DE S\u00c9CURIT\u00c9 ET D\u00c9FENSE Dans le cadre de son partenariat avec le Coll\u00e8ge Europ\u00e9en de S\u00e9curit\u00e9 et de D\u00e9fense (CESD), l\u2019Institut des Hautes Etudes de D\u00e9fense Nationale participe \u00e0 la construction d\u2019une culture de d\u00e9fense europ\u00e9enne commune. Les cours organis\u00e9s avec le CESD, entre Paris et Bruxelles, s\u2019articulent [&hellip;]\" \/>\n<meta property=\"og:url\" content=\"https:\/\/ihedn.fr\/en\/formation\/activites-dans-le-cadre-du-college-europeen-de-securite-et-defense\/\" \/>\n<meta property=\"og:site_name\" content=\"L&#039;IHEDN : Institut des hautes \u00e9tudes de d\u00e9fense nationale\" \/>\n<meta property=\"article:publisher\" content=\"https:\/\/www.facebook.com\/ihedn\/\" \/>\n<meta property=\"article:modified_time\" content=\"2025-11-05T14:46:11+00:00\" \/>\n<meta property=\"og:image\" content=\"https:\/\/ihedn.fr\/wp-content\/uploads\/2023\/03\/VISUELS_SITE_INTERNET_PARTIE26.jpg\" \/>\n\t<meta property=\"og:image:width\" content=\"1365\" \/>\n\t<meta property=\"og:image:height\" content=\"683\" \/>\n\t<meta property=\"og:image:type\" content=\"image\/jpeg\" \/>\n<meta name=\"twitter:card\" content=\"summary_large_image\" \/>\n<meta name=\"twitter:site\" content=\"@IHEDN\" \/>\n<meta name=\"twitter:label1\" content=\"Estimated reading time\" \/>\n\t<meta name=\"twitter:data1\" content=\"2 minutes\" \/>\n<script type=\"application\/ld+json\" class=\"yoast-schema-graph\">{\"@context\":\"https:\\\/\\\/schema.org\",\"@graph\":[{\"@type\":\"WebPage\",\"@id\":\"https:\\\/\\\/ihedn.fr\\\/formation\\\/activites-dans-le-cadre-du-college-europeen-de-securite-et-defense\\\/\",\"url\":\"https:\\\/\\\/ihedn.fr\\\/formation\\\/activites-dans-le-cadre-du-college-europeen-de-securite-et-defense\\\/\",\"name\":\"ACTIVIT\u00c9S DANS LE CADRE DU COLL\u00c8GE EUROP\u00c9EN DE S\u00c9CURIT\u00c9 ET D\u00c9FENSE - L&#039;IHEDN : Institut des hautes \u00e9tudes de d\u00e9fense nationale\",\"isPartOf\":{\"@id\":\"https:\\\/\\\/ihedn.fr\\\/#website\"},\"primaryImageOfPage\":{\"@id\":\"https:\\\/\\\/ihedn.fr\\\/formation\\\/activites-dans-le-cadre-du-college-europeen-de-securite-et-defense\\\/#primaryimage\"},\"image\":{\"@id\":\"https:\\\/\\\/ihedn.fr\\\/formation\\\/activites-dans-le-cadre-du-college-europeen-de-securite-et-defense\\\/#primaryimage\"},\"thumbnailUrl\":\"https:\\\/\\\/ihedn.fr\\\/wp-content\\\/uploads\\\/2023\\\/03\\\/VISUELS_SITE_INTERNET_PARTIE26.jpg\",\"datePublished\":\"2023-04-03T13:17:48+00:00\",\"dateModified\":\"2025-11-05T14:46:11+00:00\",\"breadcrumb\":{\"@id\":\"https:\\\/\\\/ihedn.fr\\\/formation\\\/activites-dans-le-cadre-du-college-europeen-de-securite-et-defense\\\/#breadcrumb\"},\"inLanguage\":\"en-GB\",\"potentialAction\":[{\"@type\":\"ReadAction\",\"target\":[\"https:\\\/\\\/ihedn.fr\\\/formation\\\/activites-dans-le-cadre-du-college-europeen-de-securite-et-defense\\\/\"]}]},{\"@type\":\"ImageObject\",\"inLanguage\":\"en-GB\",\"@id\":\"https:\\\/\\\/ihedn.fr\\\/formation\\\/activites-dans-le-cadre-du-college-europeen-de-securite-et-defense\\\/#primaryimage\",\"url\":\"https:\\\/\\\/ihedn.fr\\\/wp-content\\\/uploads\\\/2023\\\/03\\\/VISUELS_SITE_INTERNET_PARTIE26.jpg\",\"contentUrl\":\"https:\\\/\\\/ihedn.fr\\\/wp-content\\\/uploads\\\/2023\\\/03\\\/VISUELS_SITE_INTERNET_PARTIE26.jpg\"},{\"@type\":\"BreadcrumbList\",\"@id\":\"https:\\\/\\\/ihedn.fr\\\/formation\\\/activites-dans-le-cadre-du-college-europeen-de-securite-et-defense\\\/#breadcrumb\",\"itemListElement\":[{\"@type\":\"ListItem\",\"position\":1,\"name\":\"Accueil\",\"item\":\"https:\\\/\\\/ihedn.fr\\\/\"},{\"@type\":\"ListItem\",\"position\":2,\"name\":\"Formation\",\"item\":\"https:\\\/\\\/ihedn.fr\\\/en\\\/formation\\\/\"},{\"@type\":\"ListItem\",\"position\":3,\"name\":\"ACTIVIT\u00c9S DANS LE CADRE DU COLL\u00c8GE EUROP\u00c9EN DE S\u00c9CURIT\u00c9 ET D\u00c9FENSE\"}]},{\"@type\":\"WebSite\",\"@id\":\"https:\\\/\\\/ihedn.fr\\\/#website\",\"url\":\"https:\\\/\\\/ihedn.fr\\\/\",\"name\":\"IHEDN : Institut des hautes \u00e9tudes de d\u00e9fense nationale |\",\"description\":\"Site officiel de l&#039;IHEDN plac\u00e9 sous la tutelle du Premier ministre.\",\"publisher\":{\"@id\":\"https:\\\/\\\/ihedn.fr\\\/#organization\"},\"potentialAction\":[{\"@type\":\"SearchAction\",\"target\":{\"@type\":\"EntryPoint\",\"urlTemplate\":\"https:\\\/\\\/ihedn.fr\\\/?s={search_term_string}\"},\"query-input\":{\"@type\":\"PropertyValueSpecification\",\"valueRequired\":true,\"valueName\":\"search_term_string\"}}],\"inLanguage\":\"en-GB\"},{\"@type\":\"Organization\",\"@id\":\"https:\\\/\\\/ihedn.fr\\\/#organization\",\"name\":\"IHEDN - Institut des Hautes Etudes de D\u00e9fense Nationale\",\"url\":\"https:\\\/\\\/ihedn.fr\\\/\",\"logo\":{\"@type\":\"ImageObject\",\"inLanguage\":\"en-GB\",\"@id\":\"https:\\\/\\\/ihedn.fr\\\/#\\\/schema\\\/logo\\\/image\\\/\",\"url\":\"https:\\\/\\\/ihedn.fr\\\/wp-content\\\/uploads\\\/2020\\\/11\\\/BLOC_RF_IHEDN_WEB.png\",\"contentUrl\":\"https:\\\/\\\/ihedn.fr\\\/wp-content\\\/uploads\\\/2020\\\/11\\\/BLOC_RF_IHEDN_WEB.png\",\"width\":500,\"height\":237,\"caption\":\"IHEDN - Institut des Hautes Etudes de D\u00e9fense Nationale\"},\"image\":{\"@id\":\"https:\\\/\\\/ihedn.fr\\\/#\\\/schema\\\/logo\\\/image\\\/\"},\"sameAs\":[\"https:\\\/\\\/www.facebook.com\\\/ihedn\\\/\",\"https:\\\/\\\/x.com\\\/IHEDN\",\"https:\\\/\\\/www.instagram.com\\\/ihedn\\\/\",\"https:\\\/\\\/www.linkedin.com\\\/school\\\/ihedn\\\/\",\"https:\\\/\\\/fr.wikipedia.org\\\/wiki\\\/Institut_des_hautes_\u00e9tudes_de_D\u00e9fense_nationale\"]}]}<\/script>\n<!-- \/ Yoast SEO plugin. -->","yoast_head_json":{"title":"ACTIVITIES WITHIN THE FRAMEWORK OF THE EUROPEAN SECURITY AND DEFENCE COLLEGE - IHEDN: Institut des hautes \u00e9tudes de d\u00e9fense nationale (Institute for Advanced National Defence Studies)","robots":{"index":"index","follow":"follow","max-snippet":"max-snippet:-1","max-image-preview":"max-image-preview:large","max-video-preview":"max-video-preview:-1"},"canonical":"https:\/\/ihedn.fr\/en\/formation\/activites-dans-le-cadre-du-college-europeen-de-securite-et-defense\/","og_locale":"en_GB","og_type":"article","og_title":"ACTIVIT\u00c9S DANS LE CADRE DU COLL\u00c8GE EUROP\u00c9EN DE S\u00c9CURIT\u00c9 ET D\u00c9FENSE - L&#039;IHEDN : Institut des hautes \u00e9tudes de d\u00e9fense nationale","og_description":"ACTIVIT\u00c9S DANS LE CADRE DU COLL\u00c8GE EUROP\u00c9EN DE S\u00c9CURIT\u00c9 ET D\u00c9FENSE Dans le cadre de son partenariat avec le Coll\u00e8ge Europ\u00e9en de S\u00e9curit\u00e9 et de D\u00e9fense (CESD), l\u2019Institut des Hautes Etudes de D\u00e9fense Nationale participe \u00e0 la construction d\u2019une culture de d\u00e9fense europ\u00e9enne commune. Les cours organis\u00e9s avec le CESD, entre Paris et Bruxelles, s\u2019articulent [&hellip;]","og_url":"https:\/\/ihedn.fr\/en\/formation\/activites-dans-le-cadre-du-college-europeen-de-securite-et-defense\/","og_site_name":"L&#039;IHEDN : Institut des hautes \u00e9tudes de d\u00e9fense nationale","article_publisher":"https:\/\/www.facebook.com\/ihedn\/","article_modified_time":"2025-11-05T14:46:11+00:00","og_image":[{"width":1365,"height":683,"url":"https:\/\/ihedn.fr\/wp-content\/uploads\/2023\/03\/VISUELS_SITE_INTERNET_PARTIE26.jpg","type":"image\/jpeg"}],"twitter_card":"summary_large_image","twitter_site":"@IHEDN","twitter_misc":{"Estimated reading time":"2 minutes"},"schema":{"@context":"https:\/\/schema.org","@graph":[{"@type":"WebPage","@id":"https:\/\/ihedn.fr\/formation\/activites-dans-le-cadre-du-college-europeen-de-securite-et-defense\/","url":"https:\/\/ihedn.fr\/formation\/activites-dans-le-cadre-du-college-europeen-de-securite-et-defense\/","name":"ACTIVITIES WITHIN THE FRAMEWORK OF THE EUROPEAN SECURITY AND DEFENCE COLLEGE - IHEDN: Institut des hautes \u00e9tudes de d\u00e9fense nationale (Institute for Advanced National Defence Studies)","isPartOf":{"@id":"https:\/\/ihedn.fr\/#website"},"primaryImageOfPage":{"@id":"https:\/\/ihedn.fr\/formation\/activites-dans-le-cadre-du-college-europeen-de-securite-et-defense\/#primaryimage"},"image":{"@id":"https:\/\/ihedn.fr\/formation\/activites-dans-le-cadre-du-college-europeen-de-securite-et-defense\/#primaryimage"},"thumbnailUrl":"https:\/\/ihedn.fr\/wp-content\/uploads\/2023\/03\/VISUELS_SITE_INTERNET_PARTIE26.jpg","datePublished":"2023-04-03T13:17:48+00:00","dateModified":"2025-11-05T14:46:11+00:00","breadcrumb":{"@id":"https:\/\/ihedn.fr\/formation\/activites-dans-le-cadre-du-college-europeen-de-securite-et-defense\/#breadcrumb"},"inLanguage":"en-GB","potentialAction":[{"@type":"ReadAction","target":["https:\/\/ihedn.fr\/formation\/activites-dans-le-cadre-du-college-europeen-de-securite-et-defense\/"]}]},{"@type":"ImageObject","inLanguage":"en-GB","@id":"https:\/\/ihedn.fr\/formation\/activites-dans-le-cadre-du-college-europeen-de-securite-et-defense\/#primaryimage","url":"https:\/\/ihedn.fr\/wp-content\/uploads\/2023\/03\/VISUELS_SITE_INTERNET_PARTIE26.jpg","contentUrl":"https:\/\/ihedn.fr\/wp-content\/uploads\/2023\/03\/VISUELS_SITE_INTERNET_PARTIE26.jpg"},{"@type":"BreadcrumbList","@id":"https:\/\/ihedn.fr\/formation\/activites-dans-le-cadre-du-college-europeen-de-securite-et-defense\/#breadcrumb","itemListElement":[{"@type":"ListItem","position":1,"name":"Accueil","item":"https:\/\/ihedn.fr\/"},{"@type":"ListItem","position":2,"name":"Formation","item":"https:\/\/ihedn.fr\/en\/formation\/"},{"@type":"ListItem","position":3,"name":"ACTIVIT\u00c9S DANS LE CADRE DU COLL\u00c8GE EUROP\u00c9EN DE S\u00c9CURIT\u00c9 ET D\u00c9FENSE"}]},{"@type":"WebSite","@id":"https:\/\/ihedn.fr\/#website","url":"https:\/\/ihedn.fr\/","name":"IHEDN: Institut des hautes \u00e9tudes de d\u00e9fense nationale (Institute for Higher National Defence Studies)","description":"Official website of the IHEDN under the supervision of the Prime Minister.","publisher":{"@id":"https:\/\/ihedn.fr\/#organization"},"potentialAction":[{"@type":"SearchAction","target":{"@type":"EntryPoint","urlTemplate":"https:\/\/ihedn.fr\/?s={search_term_string}"},"query-input":{"@type":"PropertyValueSpecification","valueRequired":true,"valueName":"search_term_string"}}],"inLanguage":"en-GB"},{"@type":"Organization","@id":"https:\/\/ihedn.fr\/#organization","name":"IHEDN - Institute for Higher National Defence Studies","url":"https:\/\/ihedn.fr\/","logo":{"@type":"ImageObject","inLanguage":"en-GB","@id":"https:\/\/ihedn.fr\/#\/schema\/logo\/image\/","url":"https:\/\/ihedn.fr\/wp-content\/uploads\/2020\/11\/BLOC_RF_IHEDN_WEB.png","contentUrl":"https:\/\/ihedn.fr\/wp-content\/uploads\/2020\/11\/BLOC_RF_IHEDN_WEB.png","width":500,"height":237,"caption":"IHEDN - Institut des Hautes Etudes de D\u00e9fense Nationale"},"image":{"@id":"https:\/\/ihedn.fr\/#\/schema\/logo\/image\/"},"sameAs":["https:\/\/www.facebook.com\/ihedn\/","https:\/\/x.com\/IHEDN","https:\/\/www.instagram.com\/ihedn\/","https:\/\/www.linkedin.com\/school\/ihedn\/","https:\/\/fr.wikipedia.org\/wiki\/Institut_des_hautes_\u00e9tudes_de_D\u00e9fense_nationale"]}]}},"publishpress_future_workflow_manual_trigger":{"enabledWorkflows":[]},"_links":{"self":[{"href":"https:\/\/ihedn.fr\/en\/wp-json\/wp\/v2\/formation\/37846","targetHints":{"allow":["GET"]}}],"collection":[{"href":"https:\/\/ihedn.fr\/en\/wp-json\/wp\/v2\/formation"}],"about":[{"href":"https:\/\/ihedn.fr\/en\/wp-json\/wp\/v2\/types\/formation"}],"version-history":[{"count":42,"href":"https:\/\/ihedn.fr\/en\/wp-json\/wp\/v2\/formation\/37846\/revisions"}],"predecessor-version":[{"id":56599,"href":"https:\/\/ihedn.fr\/en\/wp-json\/wp\/v2\/formation\/37846\/revisions\/56599"}],"wp:attachment":[{"href":"https:\/\/ihedn.fr\/en\/wp-json\/wp\/v2\/media?parent=37846"}],"curies":[{"name":"wp","href":"https:\/\/api.w.org\/{rel}","templated":true}]}}