{"id":10573,"date":"2021-05-04T13:28:40","date_gmt":"2021-05-04T12:28:40","guid":{"rendered":"https:\/\/ihedn.fr\/?page_id=10573"},"modified":"2023-06-05T14:50:59","modified_gmt":"2023-06-05T13:50:59","slug":"nos-lectures","status":"publish","type":"page","link":"https:\/\/ihedn.fr\/en\/publications\/nos-lectures\/","title":{"rendered":"What we read"},"content":{"rendered":"<div data-elementor-type=\"wp-page\" data-elementor-id=\"10573\" class=\"elementor elementor-10573\" data-elementor-post-type=\"page\">\n\t\t\t\t\t\t<section data-particle_enable=\"false\" data-particle-mobile-disabled=\"false\" class=\"elementor-section elementor-top-section elementor-element elementor-element-465f3d6 elementor-section-boxed elementor-section-height-default elementor-section-height-default\" data-id=\"465f3d6\" data-element_type=\"section\" data-e-type=\"section\">\n\t\t\t\t\t\t<div class=\"elementor-container elementor-column-gap-default\">\n\t\t\t\t\t<div class=\"elementor-column elementor-col-100 elementor-top-column elementor-element elementor-element-9b55cac\" data-id=\"9b55cac\" data-element_type=\"column\" data-e-type=\"column\">\n\t\t\t<div class=\"elementor-widget-wrap elementor-element-populated\">\n\t\t\t\t\t\t<div class=\"elementor-element elementor-element-b94d416 elementor-widget elementor-widget-heading\" data-id=\"b94d416\" data-element_type=\"widget\" data-e-type=\"widget\" data-widget_type=\"heading.default\">\n\t\t\t\t<div class=\"elementor-widget-container\">\n\t\t\t\t\t<h1 class=\"elementor-heading-title elementor-size-default\">What we read<\/h1>\t\t\t\t<\/div>\n\t\t\t\t<\/div>\n\t\t\t\t<div class=\"elementor-element elementor-element-9a61b50 elementor-widget-divider--view-line elementor-widget elementor-widget-divider\" data-id=\"9a61b50\" data-element_type=\"widget\" data-e-type=\"widget\" data-widget_type=\"divider.default\">\n\t\t\t\t<div class=\"elementor-widget-container\">\n\t\t\t\t\t\t\t<div class=\"elementor-divider\">\n\t\t\t<span class=\"elementor-divider-separator\">\n\t\t\t\t\t\t<\/span>\n\t\t<\/div>\n\t\t\t\t\t\t<\/div>\n\t\t\t\t<\/div>\n\t\t\t\t\t<\/div>\n\t\t<\/div>\n\t\t\t\t\t<\/div>\n\t\t<\/section>\n\t\t\t\t<section data-particle_enable=\"false\" data-particle-mobile-disabled=\"false\" class=\"elementor-section elementor-top-section elementor-element elementor-element-5923821 elementor-section-boxed elementor-section-height-default elementor-section-height-default\" data-id=\"5923821\" data-element_type=\"section\" data-e-type=\"section\">\n\t\t\t\t\t\t<div class=\"elementor-container elementor-column-gap-default\">\n\t\t\t\t\t<div class=\"elementor-column elementor-col-100 elementor-top-column elementor-element elementor-element-05e0a09\" data-id=\"05e0a09\" data-element_type=\"column\" data-e-type=\"column\">\n\t\t\t<div class=\"elementor-widget-wrap elementor-element-populated\">\n\t\t\t\t\t\t<div class=\"elementor-element elementor-element-e4324a9 elementor-grid-2 elementor-posts--thumbnail-left elementor-grid-tablet-2 elementor-grid-mobile-1 load-more-align-center elementor-widget elementor-widget-posts\" data-id=\"e4324a9\" data-element_type=\"widget\" data-e-type=\"widget\" data-settings=\"{&quot;classic_columns&quot;:&quot;2&quot;,&quot;classic_row_gap&quot;:{&quot;unit&quot;:&quot;px&quot;,&quot;size&quot;:7,&quot;sizes&quot;:[]},&quot;pagination_type&quot;:&quot;load_more_on_click&quot;,&quot;classic_columns_tablet&quot;:&quot;2&quot;,&quot;classic_columns_mobile&quot;:&quot;1&quot;,&quot;classic_row_gap_tablet&quot;:{&quot;unit&quot;:&quot;px&quot;,&quot;size&quot;:&quot;&quot;,&quot;sizes&quot;:[]},&quot;classic_row_gap_mobile&quot;:{&quot;unit&quot;:&quot;px&quot;,&quot;size&quot;:&quot;&quot;,&quot;sizes&quot;:[]},&quot;load_more_spinner&quot;:{&quot;value&quot;:&quot;fas fa-spinner&quot;,&quot;library&quot;:&quot;fa-solid&quot;}}\" data-widget_type=\"posts.classic\">\n\t\t\t\t<div class=\"elementor-widget-container\">\n\t\t\t\t\t\t\t<div class=\"elementor-posts-container elementor-posts elementor-posts--skin-classic elementor-grid\" role=\"list\">\n\t\t\t\t<article class=\"elementor-post elementor-grid-item post-47830 post type-post status-publish format-standard has-post-thumbnail hentry category-nos-lectures category-veille-strategique\" role=\"listitem\">\n\t\t\t\t<a class=\"elementor-post__thumbnail__link\" href=\"https:\/\/ihedn.fr\/en\/veille-strategique\/entre-guerres\/\" tabindex=\"-1\" >\n\t\t\t<div class=\"elementor-post__thumbnail\"><img fetchpriority=\"high\" decoding=\"async\" width=\"195\" height=\"285\" src=\"https:\/\/ihedn.fr\/wp-content\/uploads\/2024\/05\/entre-guerres.jpg\" class=\"attachment-full size-full wp-image-47831\" alt=\"\" srcset=\"https:\/\/ihedn.fr\/wp-content\/uploads\/2024\/05\/entre-guerres.jpg 195w, https:\/\/ihedn.fr\/wp-content\/uploads\/2024\/05\/entre-guerres-8x12.jpg 8w\" sizes=\"(max-width: 195px) 100vw, 195px\" \/><\/div>\n\t\t<\/a>\n\t\t\t\t<div class=\"elementor-post__text\">\n\t\t\t\t<h3 class=\"elementor-post__title\">\n\t\t\t<a href=\"https:\/\/ihedn.fr\/en\/veille-strategique\/entre-guerres\/\" >\n\t\t\t\tBetween wars\t\t\t<\/a>\n\t\t<\/h3>\n\t\t\t\t<div class=\"elementor-post__meta-data\">\n\t\t\t\t\t<span class=\"elementor-post-date\">\n\t\t\t31 May 2024\t\t<\/span>\n\t\t\t\t<\/div>\n\t\t\t\t<div class=\"elementor-post__excerpt\">\n\t\t\t<p>In this autobiography, General Lecointre, former Army Chief of Staff, recounts his military career, from the battlefields of Rwanda to Sarajevo and Iraq, and gives an account of his intimate experience as a man of war. Fran\u00e7ois LECOINTRE, Paris, Gallimard, 2024<\/p>\n\t\t<\/div>\n\t\t\n\t\t<a class=\"elementor-post__read-more\" href=\"https:\/\/ihedn.fr\/en\/veille-strategique\/entre-guerres\/\" aria-label=\"Read more about Between wars\" tabindex=\"-1\" >\n\t\t\tread more \"\t\t<\/a>\n\n\t\t\t\t<\/div>\n\t\t\t\t<\/article>\n\t\t\t\t<article class=\"elementor-post elementor-grid-item post-47824 post type-post status-publish format-standard has-post-thumbnail hentry category-nos-lectures category-veille-strategique\" role=\"listitem\">\n\t\t\t\t<a class=\"elementor-post__thumbnail__link\" href=\"https:\/\/ihedn.fr\/en\/veille-strategique\/lindo-pacifique-nouveau-centre-du-monde\/\" tabindex=\"-1\" >\n\t\t\t<div class=\"elementor-post__thumbnail\"><img decoding=\"async\" width=\"239\" height=\"350\" src=\"https:\/\/ihedn.fr\/wp-content\/uploads\/2024\/05\/tallandier-indo-pacifique-crg.jpg\" class=\"attachment-full size-full wp-image-47825\" alt=\"\" srcset=\"https:\/\/ihedn.fr\/wp-content\/uploads\/2024\/05\/tallandier-indo-pacifique-crg.jpg 239w, https:\/\/ihedn.fr\/wp-content\/uploads\/2024\/05\/tallandier-indo-pacifique-crg-8x12.jpg 8w\" sizes=\"(max-width: 239px) 100vw, 239px\" \/><\/div>\n\t\t<\/a>\n\t\t\t\t<div class=\"elementor-post__text\">\n\t\t\t\t<h3 class=\"elementor-post__title\">\n\t\t\t<a href=\"https:\/\/ihedn.fr\/en\/veille-strategique\/lindo-pacifique-nouveau-centre-du-monde\/\" >\n\t\t\t\tThe Indo-Pacific. The new centre of the world\t\t\t<\/a>\n\t\t<\/h3>\n\t\t\t\t<div class=\"elementor-post__meta-data\">\n\t\t\t\t\t<span class=\"elementor-post-date\">\n\t\t\t31 May 2024\t\t<\/span>\n\t\t\t\t<\/div>\n\t\t\t\t<div class=\"elementor-post__excerpt\">\n\t\t\t<p>This book shows how the Indo-Pacific is a major geostrategic challenge for the 21st century: an economic engine driven by China's ambitions and the maritimisation of the world, it accounts for 90% of container transport. The authors also look at<\/p>\n\t\t<\/div>\n\t\t\n\t\t<a class=\"elementor-post__read-more\" href=\"https:\/\/ihedn.fr\/en\/veille-strategique\/lindo-pacifique-nouveau-centre-du-monde\/\" aria-label=\"Read more about The Indo-Pacific. The new centre of the world\" tabindex=\"-1\" >\n\t\t\tread more \"\t\t<\/a>\n\n\t\t\t\t<\/div>\n\t\t\t\t<\/article>\n\t\t\t\t<article class=\"elementor-post elementor-grid-item post-47818 post type-post status-publish format-standard has-post-thumbnail hentry category-nos-lectures category-veille-strategique\" role=\"listitem\">\n\t\t\t\t<a class=\"elementor-post__thumbnail__link\" href=\"https:\/\/ihedn.fr\/en\/veille-strategique\/un-monde-en-guerre\/\" tabindex=\"-1\" >\n\t\t\t<div class=\"elementor-post__thumbnail\"><img decoding=\"async\" width=\"800\" height=\"1304\" src=\"https:\/\/ihedn.fr\/wp-content\/uploads\/2024\/05\/un-monde-en-guerre.jpg\" class=\"attachment-full size-full wp-image-47819\" alt=\"\" srcset=\"https:\/\/ihedn.fr\/wp-content\/uploads\/2024\/05\/un-monde-en-guerre.jpg 800w, https:\/\/ihedn.fr\/wp-content\/uploads\/2024\/05\/un-monde-en-guerre-7x12.jpg 7w\" sizes=\"(max-width: 800px) 100vw, 800px\" \/><\/div>\n\t\t<\/a>\n\t\t\t\t<div class=\"elementor-post__text\">\n\t\t\t\t<h3 class=\"elementor-post__title\">\n\t\t\t<a href=\"https:\/\/ihedn.fr\/en\/veille-strategique\/un-monde-en-guerre\/\" >\n\t\t\t\tA world at war\t\t\t<\/a>\n\t\t<\/h3>\n\t\t\t\t<div class=\"elementor-post__meta-data\">\n\t\t\t\t\t<span class=\"elementor-post-date\">\n\t\t\t31 May 2024\t\t<\/span>\n\t\t\t\t<\/div>\n\t\t\t\t<div class=\"elementor-post__excerpt\">\n\t\t\t<p>The various contributions in this volume deal with the war in Ukraine using tools from different disciplines in the humanities and social sciences. The volume does not confine itself to long-standing debates such as the question of moral justification.<\/p>\n\t\t<\/div>\n\t\t\n\t\t<a class=\"elementor-post__read-more\" href=\"https:\/\/ihedn.fr\/en\/veille-strategique\/un-monde-en-guerre\/\" aria-label=\"Read more about A world at war\" tabindex=\"-1\" >\n\t\t\tread more \"\t\t<\/a>\n\n\t\t\t\t<\/div>\n\t\t\t\t<\/article>\n\t\t\t\t<article class=\"elementor-post elementor-grid-item post-47803 post type-post status-publish format-standard has-post-thumbnail hentry category-nos-lectures category-veille-strategique\" role=\"listitem\">\n\t\t\t\t<a class=\"elementor-post__thumbnail__link\" href=\"https:\/\/ihedn.fr\/en\/veille-strategique\/la-guerre-du-sport\/\" tabindex=\"-1\" >\n\t\t\t<div class=\"elementor-post__thumbnail\"><img loading=\"lazy\" decoding=\"async\" width=\"239\" height=\"350\" src=\"https:\/\/ihedn.fr\/wp-content\/uploads\/2024\/05\/la-guerre-du-sport-crg.jpg\" class=\"attachment-full size-full wp-image-47804\" alt=\"\" srcset=\"https:\/\/ihedn.fr\/wp-content\/uploads\/2024\/05\/la-guerre-du-sport-crg.jpg 239w, https:\/\/ihedn.fr\/wp-content\/uploads\/2024\/05\/la-guerre-du-sport-crg-8x12.jpg 8w\" sizes=\"(max-width: 239px) 100vw, 239px\" \/><\/div>\n\t\t<\/a>\n\t\t\t\t<div class=\"elementor-post__text\">\n\t\t\t\t<h3 class=\"elementor-post__title\">\n\t\t\t<a href=\"https:\/\/ihedn.fr\/en\/veille-strategique\/la-guerre-du-sport\/\" >\n\t\t\t\tThe war on sport\t\t\t<\/a>\n\t\t<\/h3>\n\t\t\t\t<div class=\"elementor-post__meta-data\">\n\t\t\t\t\t<span class=\"elementor-post-date\">\n\t\t\t31 May 2024\t\t<\/span>\n\t\t\t\t<\/div>\n\t\t\t\t<div class=\"elementor-post__excerpt\">\n\t\t\t<p>This book takes stock of the political instrumentalisation of sport. To do this, the authors look back at key events such as the Sochi Games in 2014, which Russia used to signal its return to the international stage, the<\/p>\n\t\t<\/div>\n\t\t\n\t\t<a class=\"elementor-post__read-more\" href=\"https:\/\/ihedn.fr\/en\/veille-strategique\/la-guerre-du-sport\/\" aria-label=\"Read more about The war on sport\" tabindex=\"-1\" >\n\t\t\tread more \"\t\t<\/a>\n\n\t\t\t\t<\/div>\n\t\t\t\t<\/article>\n\t\t\t\t<article class=\"elementor-post elementor-grid-item post-47797 post type-post status-publish format-standard has-post-thumbnail hentry category-nos-lectures category-veille-strategique\" role=\"listitem\">\n\t\t\t\t<a class=\"elementor-post__thumbnail__link\" href=\"https:\/\/ihedn.fr\/en\/veille-strategique\/la-bataille-de-dien-bien-phu\/\" tabindex=\"-1\" >\n\t\t\t<div class=\"elementor-post__thumbnail\"><img loading=\"lazy\" decoding=\"async\" width=\"383\" height=\"383\" src=\"https:\/\/ihedn.fr\/wp-content\/uploads\/2024\/05\/la-bataille-de-dien-bien-phu-13-mars-7-mai-1954.jpg\" class=\"attachment-full size-full wp-image-47798\" alt=\"\" srcset=\"https:\/\/ihedn.fr\/wp-content\/uploads\/2024\/05\/la-bataille-de-dien-bien-phu-13-mars-7-mai-1954.jpg 383w, https:\/\/ihedn.fr\/wp-content\/uploads\/2024\/05\/la-bataille-de-dien-bien-phu-13-mars-7-mai-1954-300x300.jpg 300w, https:\/\/ihedn.fr\/wp-content\/uploads\/2024\/05\/la-bataille-de-dien-bien-phu-13-mars-7-mai-1954-150x150.jpg 150w, https:\/\/ihedn.fr\/wp-content\/uploads\/2024\/05\/la-bataille-de-dien-bien-phu-13-mars-7-mai-1954-12x12.jpg 12w\" sizes=\"(max-width: 383px) 100vw, 383px\" \/><\/div>\n\t\t<\/a>\n\t\t\t\t<div class=\"elementor-post__text\">\n\t\t\t\t<h3 class=\"elementor-post__title\">\n\t\t\t<a href=\"https:\/\/ihedn.fr\/en\/veille-strategique\/la-bataille-de-dien-bien-phu\/\" >\n\t\t\t\tThe battle of Dien Bien Phu\t\t\t<\/a>\n\t\t<\/h3>\n\t\t\t\t<div class=\"elementor-post__meta-data\">\n\t\t\t\t\t<span class=\"elementor-post-date\">\n\t\t\t31 May 2024\t\t<\/span>\n\t\t\t\t<\/div>\n\t\t\t\t<div class=\"elementor-post__excerpt\">\n\t\t\t<p>Using 165 images from French army archives, Pierre Journoud tells the story of the battle of Dien Bien Phu. More specifically, he looks back at the origins of the battle and some of the key episodes in the last major confrontation of the war.<\/p>\n\t\t<\/div>\n\t\t\n\t\t<a class=\"elementor-post__read-more\" href=\"https:\/\/ihedn.fr\/en\/veille-strategique\/la-bataille-de-dien-bien-phu\/\" aria-label=\"Read more about The battle of Dien Bien Phu\" tabindex=\"-1\" >\n\t\t\tread more \"\t\t<\/a>\n\n\t\t\t\t<\/div>\n\t\t\t\t<\/article>\n\t\t\t\t<article class=\"elementor-post elementor-grid-item post-47791 post type-post status-publish format-standard has-post-thumbnail hentry category-nos-lectures category-veille-strategique\" role=\"listitem\">\n\t\t\t\t<a class=\"elementor-post__thumbnail__link\" href=\"https:\/\/ihedn.fr\/en\/veille-strategique\/quand-de-gaulle-libere-paris-juin-aout-1944\/\" tabindex=\"-1\" >\n\t\t\t<div class=\"elementor-post__thumbnail\"><img loading=\"lazy\" decoding=\"async\" width=\"317\" height=\"492\" src=\"https:\/\/ihedn.fr\/wp-content\/uploads\/2024\/05\/Quand-de-Gaulle-libere-Paris-juin-aout-1944.png\" class=\"attachment-full size-full wp-image-47793\" alt=\"\" srcset=\"https:\/\/ihedn.fr\/wp-content\/uploads\/2024\/05\/Quand-de-Gaulle-libere-Paris-juin-aout-1944.png 317w, https:\/\/ihedn.fr\/wp-content\/uploads\/2024\/05\/Quand-de-Gaulle-libere-Paris-juin-aout-1944-8x12.png 8w\" sizes=\"(max-width: 317px) 100vw, 317px\" \/><\/div>\n\t\t<\/a>\n\t\t\t\t<div class=\"elementor-post__text\">\n\t\t\t\t<h3 class=\"elementor-post__title\">\n\t\t\t<a href=\"https:\/\/ihedn.fr\/en\/veille-strategique\/quand-de-gaulle-libere-paris-juin-aout-1944\/\" >\n\t\t\t\tWhen de Gaulle liberated Paris, June-August 1944\t\t\t<\/a>\n\t\t<\/h3>\n\t\t\t\t<div class=\"elementor-post__meta-data\">\n\t\t\t\t\t<span class=\"elementor-post-date\">\n\t\t\t31 May 2024\t\t<\/span>\n\t\t\t\t<\/div>\n\t\t\t\t<div class=\"elementor-post__excerpt\">\n\t\t\t<p>In the spirit of a chronicle, this book looks back at General de Gaulle's return journey to France at the end of the Second World War and the liberation of Paris. Jean-Fran\u00e7ois MURACCIOLE, Paris, Odile Jacob, 2024 More information<\/p>\n\t\t<\/div>\n\t\t\n\t\t<a class=\"elementor-post__read-more\" href=\"https:\/\/ihedn.fr\/en\/veille-strategique\/quand-de-gaulle-libere-paris-juin-aout-1944\/\" aria-label=\"Read more about When de Gaulle liberated Paris, June-August 1944\" tabindex=\"-1\" >\n\t\t\tread more \"\t\t<\/a>\n\n\t\t\t\t<\/div>\n\t\t\t\t<\/article>\n\t\t\t\t<article class=\"elementor-post elementor-grid-item post-47409 post type-post status-publish format-standard has-post-thumbnail hentry category-nos-lectures category-veille-strategique\" role=\"listitem\">\n\t\t\t\t<a class=\"elementor-post__thumbnail__link\" href=\"https:\/\/ihedn.fr\/en\/veille-strategique\/le-siege-de-leningrad-septembre-1941-janvier-1944\/\" tabindex=\"-1\" >\n\t\t\t<div class=\"elementor-post__thumbnail\"><img loading=\"lazy\" decoding=\"async\" width=\"239\" height=\"350\" src=\"https:\/\/ihedn.fr\/wp-content\/uploads\/2024\/05\/livre-5.jpg\" class=\"attachment-full size-full wp-image-47410\" alt=\"Livre &quot;Le si\u00e8ge de Leningrad. Septembre 1941-Janvier 1944&quot;\" srcset=\"https:\/\/ihedn.fr\/wp-content\/uploads\/2024\/05\/livre-5.jpg 239w, https:\/\/ihedn.fr\/wp-content\/uploads\/2024\/05\/livre-5-8x12.jpg 8w\" sizes=\"(max-width: 239px) 100vw, 239px\" \/><\/div>\n\t\t<\/a>\n\t\t\t\t<div class=\"elementor-post__text\">\n\t\t\t\t<h3 class=\"elementor-post__title\">\n\t\t\t<a href=\"https:\/\/ihedn.fr\/en\/veille-strategique\/le-siege-de-leningrad-septembre-1941-janvier-1944\/\" >\n\t\t\t\tThe siege of Leningrad. September 1941-January 1944\t\t\t<\/a>\n\t\t<\/h3>\n\t\t\t\t<div class=\"elementor-post__meta-data\">\n\t\t\t\t\t<span class=\"elementor-post-date\">\n\t\t\t13 May 2024\t\t<\/span>\n\t\t\t\t<\/div>\n\t\t\t\t<div class=\"elementor-post__excerpt\">\n\t\t\t<p>Based on a meticulous historical study of numerous sources, including diaries, Sarah Gruszka analyses the siege of Leningrad. She focuses on the experiences of the besieged, who found themselves confronted not only with the<\/p>\n\t\t<\/div>\n\t\t\n\t\t<a class=\"elementor-post__read-more\" href=\"https:\/\/ihedn.fr\/en\/veille-strategique\/le-siege-de-leningrad-septembre-1941-janvier-1944\/\" aria-label=\"Read more about The siege of Leningrad. September 1941-January 1944\" tabindex=\"-1\" >\n\t\t\tread more \"\t\t<\/a>\n\n\t\t\t\t<\/div>\n\t\t\t\t<\/article>\n\t\t\t\t<article class=\"elementor-post elementor-grid-item post-47403 post type-post status-publish format-standard has-post-thumbnail hentry category-nos-lectures category-veille-strategique\" role=\"listitem\">\n\t\t\t\t<a class=\"elementor-post__thumbnail__link\" href=\"https:\/\/ihedn.fr\/en\/veille-strategique\/chine-etats-unis-le-capitalisme-contre-la-mondialisation\/\" tabindex=\"-1\" >\n\t\t\t<div class=\"elementor-post__thumbnail\"><img loading=\"lazy\" decoding=\"async\" width=\"800\" height=\"1247\" src=\"https:\/\/ihedn.fr\/wp-content\/uploads\/2024\/05\/livre-4.jpg\" class=\"attachment-full size-full wp-image-47404\" alt=\"Livre &quot;Chine\/Etats-Unis, le capitalisme contre la mondialisation&quot;\" srcset=\"https:\/\/ihedn.fr\/wp-content\/uploads\/2024\/05\/livre-4.jpg 800w, https:\/\/ihedn.fr\/wp-content\/uploads\/2024\/05\/livre-4-8x12.jpg 8w\" sizes=\"(max-width: 800px) 100vw, 800px\" \/><\/div>\n\t\t<\/a>\n\t\t\t\t<div class=\"elementor-post__text\">\n\t\t\t\t<h3 class=\"elementor-post__title\">\n\t\t\t<a href=\"https:\/\/ihedn.fr\/en\/veille-strategique\/chine-etats-unis-le-capitalisme-contre-la-mondialisation\/\" >\n\t\t\t\tChina\/United States, capitalism versus globalisation\t\t\t<\/a>\n\t\t<\/h3>\n\t\t\t\t<div class=\"elementor-post__meta-data\">\n\t\t\t\t\t<span class=\"elementor-post-date\">\n\t\t\t13 May 2024\t\t<\/span>\n\t\t\t\t<\/div>\n\t\t\t\t<div class=\"elementor-post__excerpt\">\n\t\t\t<p>The author of this book seeks to elucidate the forces behind the competition between China and the United States and what is at stake. He argues that it is capitalism itself that is undermining globalisation and leading to the current fragmentation. Benjamin BURBAUMER,<\/p>\n\t\t<\/div>\n\t\t\n\t\t<a class=\"elementor-post__read-more\" href=\"https:\/\/ihedn.fr\/en\/veille-strategique\/chine-etats-unis-le-capitalisme-contre-la-mondialisation\/\" aria-label=\"Read more about China\/United States: capitalism versus globalisation\" tabindex=\"-1\" >\n\t\t\tread more \"\t\t<\/a>\n\n\t\t\t\t<\/div>\n\t\t\t\t<\/article>\n\t\t\t\t<article class=\"elementor-post elementor-grid-item post-47391 post type-post status-publish format-standard has-post-thumbnail hentry category-nos-lectures category-veille-strategique\" role=\"listitem\">\n\t\t\t\t<a class=\"elementor-post__thumbnail__link\" href=\"https:\/\/ihedn.fr\/en\/veille-strategique\/preparer-la-guerre-strategie-innovation-et-puissance-militaire-a-lepoque-contemporaine\/\" tabindex=\"-1\" >\n\t\t\t<div class=\"elementor-post__thumbnail\"><img loading=\"lazy\" decoding=\"async\" width=\"302\" height=\"480\" src=\"https:\/\/ihedn.fr\/wp-content\/uploads\/2024\/05\/livre-2.jpg\" class=\"attachment-full size-full wp-image-47392\" alt=\"Livre &quot;Pr\u00e9parer la guerre. Strat\u00e9gie, innovation et puissance militaire \u00e0 l\u2019\u00e9poque contemporaine&quot;\" srcset=\"https:\/\/ihedn.fr\/wp-content\/uploads\/2024\/05\/livre-2.jpg 302w, https:\/\/ihedn.fr\/wp-content\/uploads\/2024\/05\/livre-2-8x12.jpg 8w\" sizes=\"(max-width: 302px) 100vw, 302px\" \/><\/div>\n\t\t<\/a>\n\t\t\t\t<div class=\"elementor-post__text\">\n\t\t\t\t<h3 class=\"elementor-post__title\">\n\t\t\t<a href=\"https:\/\/ihedn.fr\/en\/veille-strategique\/preparer-la-guerre-strategie-innovation-et-puissance-militaire-a-lepoque-contemporaine\/\" >\n\t\t\t\tPreparing for war. Strategy, innovation and military power in contemporary times\t\t\t<\/a>\n\t\t<\/h3>\n\t\t\t\t<div class=\"elementor-post__meta-data\">\n\t\t\t\t\t<span class=\"elementor-post-date\">\n\t\t\t13 May 2024\t\t<\/span>\n\t\t\t\t<\/div>\n\t\t\t\t<div class=\"elementor-post__excerpt\">\n\t\t\t<p>This book takes a systematic look at a fundamental aspect of defence strategy: military change. It goes beyond fads about 'transformation' or 'innovation' to analyse in detail the political, organisational and strategic factors that enable<\/p>\n\t\t<\/div>\n\t\t\n\t\t<a class=\"elementor-post__read-more\" href=\"https:\/\/ihedn.fr\/en\/veille-strategique\/preparer-la-guerre-strategie-innovation-et-puissance-militaire-a-lepoque-contemporaine\/\" aria-label=\"Read more about Preparing for war. Strategy, innovation and military power in contemporary times\" tabindex=\"-1\" >\n\t\t\tread more \"\t\t<\/a>\n\n\t\t\t\t<\/div>\n\t\t\t\t<\/article>\n\t\t\t\t<article class=\"elementor-post elementor-grid-item post-47385 post type-post status-publish format-standard has-post-thumbnail hentry category-nos-lectures category-veille-strategique\" role=\"listitem\">\n\t\t\t\t<a class=\"elementor-post__thumbnail__link\" href=\"https:\/\/ihedn.fr\/en\/veille-strategique\/the-russian-way-of-deterrence-strategic-culture-coercion-and-war\/\" tabindex=\"-1\" >\n\t\t\t<div class=\"elementor-post__thumbnail\"><img loading=\"lazy\" decoding=\"async\" width=\"400\" height=\"600\" src=\"https:\/\/ihedn.fr\/wp-content\/uploads\/2024\/05\/livre-1.jpg\" class=\"attachment-full size-full wp-image-47386\" alt=\"Livre &quot;The Russian Way of Deterrence. Strategic Culture, Coercion, and War&quot;\" srcset=\"https:\/\/ihedn.fr\/wp-content\/uploads\/2024\/05\/livre-1.jpg 400w, https:\/\/ihedn.fr\/wp-content\/uploads\/2024\/05\/livre-1-8x12.jpg 8w\" sizes=\"(max-width: 400px) 100vw, 400px\" \/><\/div>\n\t\t<\/a>\n\t\t\t\t<div class=\"elementor-post__text\">\n\t\t\t\t<h3 class=\"elementor-post__title\">\n\t\t\t<a href=\"https:\/\/ihedn.fr\/en\/veille-strategique\/the-russian-way-of-deterrence-strategic-culture-coercion-and-war\/\" >\n\t\t\t\tThe Russian Way of Deterrence. Strategic Culture, Coercion, and War\t\t\t<\/a>\n\t\t<\/h3>\n\t\t\t\t<div class=\"elementor-post__meta-data\">\n\t\t\t\t\t<span class=\"elementor-post-date\">\n\t\t\t13 May 2024\t\t<\/span>\n\t\t\t\t<\/div>\n\t\t\t\t<div class=\"elementor-post__excerpt\">\n\t\t\t<p>In this book, David Adamsky, an acknowledged specialist in strategic issues, analyses deterrence as it is thought of and applied by Russia today. He provides a veritable genealogy of the Russian approach to coercion and puts it into perspective in relation to<\/p>\n\t\t<\/div>\n\t\t\n\t\t<a class=\"elementor-post__read-more\" href=\"https:\/\/ihedn.fr\/en\/veille-strategique\/the-russian-way-of-deterrence-strategic-culture-coercion-and-war\/\" aria-label=\"Read more about The Russian Way of Deterrence. Strategic Culture, Coercion, and War\" tabindex=\"-1\" >\n\t\t\tread more \"\t\t<\/a>\n\n\t\t\t\t<\/div>\n\t\t\t\t<\/article>\n\t\t\t\t<article class=\"elementor-post elementor-grid-item post-46839 post type-post status-publish format-standard has-post-thumbnail hentry category-nos-lectures category-veille-strategique\" role=\"listitem\">\n\t\t\t\t<a class=\"elementor-post__thumbnail__link\" href=\"https:\/\/ihedn.fr\/en\/veille-strategique\/comment-selabore-une-politique-mondiale-dans-les-coulisses-de-lonu\/\" tabindex=\"-1\" >\n\t\t\t<div class=\"elementor-post__thumbnail\"><img loading=\"lazy\" decoding=\"async\" width=\"648\" height=\"1000\" src=\"https:\/\/ihedn.fr\/wp-content\/uploads\/2024\/03\/sciencespo.jpg\" class=\"attachment-full size-full wp-image-46840\" alt=\"livre &quot;Comment s\u2019\u00e9labore une politique mondiale : dans les coulisses de l\u2019ONU&quot;\" srcset=\"https:\/\/ihedn.fr\/wp-content\/uploads\/2024\/03\/sciencespo.jpg 648w, https:\/\/ihedn.fr\/wp-content\/uploads\/2024\/03\/sciencespo-8x12.jpg 8w\" sizes=\"(max-width: 648px) 100vw, 648px\" \/><\/div>\n\t\t<\/a>\n\t\t\t\t<div class=\"elementor-post__text\">\n\t\t\t\t<h3 class=\"elementor-post__title\">\n\t\t\t<a href=\"https:\/\/ihedn.fr\/en\/veille-strategique\/comment-selabore-une-politique-mondiale-dans-les-coulisses-de-lonu\/\" >\n\t\t\t\tHow global policy is made: behind the scenes at the UN\t\t\t<\/a>\n\t\t<\/h3>\n\t\t\t\t<div class=\"elementor-post__meta-data\">\n\t\t\t\t\t<span class=\"elementor-post-date\">\n\t\t\t28 March 2024\t\t<\/span>\n\t\t\t\t<\/div>\n\t\t\t\t<div class=\"elementor-post__excerpt\">\n\t\t\t<p>Decision-making within the UN is often misunderstood, and is shown here in all its complexity. Interests, worldviews and even political ideologies clash.  The term \"mosaic\" is used to describe this laborious process. Three examples are given,<\/p>\n\t\t<\/div>\n\t\t\n\t\t<a class=\"elementor-post__read-more\" href=\"https:\/\/ihedn.fr\/en\/veille-strategique\/comment-selabore-une-politique-mondiale-dans-les-coulisses-de-lonu\/\" aria-label=\"Read more about How global policy is made: behind the scenes at the UN\" tabindex=\"-1\" >\n\t\t\tread more \"\t\t<\/a>\n\n\t\t\t\t<\/div>\n\t\t\t\t<\/article>\n\t\t\t\t<article class=\"elementor-post elementor-grid-item post-46833 post type-post status-publish format-standard has-post-thumbnail hentry category-nos-lectures category-veille-strategique\" role=\"listitem\">\n\t\t\t\t<a class=\"elementor-post__thumbnail__link\" href=\"https:\/\/ihedn.fr\/en\/veille-strategique\/indopacifique-region-strategique\/\" tabindex=\"-1\" >\n\t\t\t<div class=\"elementor-post__thumbnail\"><img loading=\"lazy\" decoding=\"async\" width=\"275\" height=\"411\" src=\"https:\/\/ihedn.fr\/wp-content\/uploads\/2024\/03\/indopac.jpg\" class=\"attachment-full size-full wp-image-46834\" alt=\"livre &quot; Indopacifique, r\u00e9gion strat\u00e9gique&quot;\" srcset=\"https:\/\/ihedn.fr\/wp-content\/uploads\/2024\/03\/indopac.jpg 275w, https:\/\/ihedn.fr\/wp-content\/uploads\/2024\/03\/indopac-8x12.jpg 8w\" sizes=\"(max-width: 275px) 100vw, 275px\" \/><\/div>\n\t\t<\/a>\n\t\t\t\t<div class=\"elementor-post__text\">\n\t\t\t\t<h3 class=\"elementor-post__title\">\n\t\t\t<a href=\"https:\/\/ihedn.fr\/en\/veille-strategique\/indopacifique-region-strategique\/\" >\n\t\t\t\tIndopacific, a strategic region\t\t\t<\/a>\n\t\t<\/h3>\n\t\t\t\t<div class=\"elementor-post__meta-data\">\n\t\t\t\t\t<span class=\"elementor-post-date\">\n\t\t\t28 March 2024\t\t<\/span>\n\t\t\t\t<\/div>\n\t\t\t\t<div class=\"elementor-post__excerpt\">\n\t\t\t<p>The Indo-Pacific covers half the globe, is home to half the world's population, possesses a large proportion of the world's critical resources and is home to several major areas of tension, three of which are nuclear-armed. This book brings together leading experts to explain<\/p>\n\t\t<\/div>\n\t\t\n\t\t<a class=\"elementor-post__read-more\" href=\"https:\/\/ihedn.fr\/en\/veille-strategique\/indopacifique-region-strategique\/\" aria-label=\"Read more about Indopacific, a strategic region\" tabindex=\"-1\" >\n\t\t\tread more \"\t\t<\/a>\n\n\t\t\t\t<\/div>\n\t\t\t\t<\/article>\n\t\t\t\t<article class=\"elementor-post elementor-grid-item post-46827 post type-post status-publish format-standard has-post-thumbnail hentry category-nos-lectures category-veille-strategique\" role=\"listitem\">\n\t\t\t\t<a class=\"elementor-post__thumbnail__link\" href=\"https:\/\/ihedn.fr\/en\/veille-strategique\/les-mondes-du-renseignement\/\" tabindex=\"-1\" >\n\t\t\t<div class=\"elementor-post__thumbnail\"><img loading=\"lazy\" decoding=\"async\" width=\"338\" height=\"480\" src=\"https:\/\/ihedn.fr\/wp-content\/uploads\/2024\/03\/monde-renseignement.jpg\" class=\"attachment-full size-full wp-image-46828\" alt=\"Livre &quot;Les mondes du renseignement&quot;\" srcset=\"https:\/\/ihedn.fr\/wp-content\/uploads\/2024\/03\/monde-renseignement.jpg 338w, https:\/\/ihedn.fr\/wp-content\/uploads\/2024\/03\/monde-renseignement-8x12.jpg 8w\" sizes=\"(max-width: 338px) 100vw, 338px\" \/><\/div>\n\t\t<\/a>\n\t\t\t\t<div class=\"elementor-post__text\">\n\t\t\t\t<h3 class=\"elementor-post__title\">\n\t\t\t<a href=\"https:\/\/ihedn.fr\/en\/veille-strategique\/les-mondes-du-renseignement\/\" >\n\t\t\t\tThe worlds of intelligence\t\t\t<\/a>\n\t\t<\/h3>\n\t\t\t\t<div class=\"elementor-post__meta-data\">\n\t\t\t\t\t<span class=\"elementor-post-date\">\n\t\t\t28 March 2024\t\t<\/span>\n\t\t\t\t<\/div>\n\t\t\t\t<div class=\"elementor-post__excerpt\">\n\t\t\t<p>If intelligence has never been so open to the outside world, yet still seems so unintelligible and uncertain, it is because the world is more complex, because there are more issues at stake and more threats, and because<\/p>\n\t\t<\/div>\n\t\t\n\t\t<a class=\"elementor-post__read-more\" href=\"https:\/\/ihedn.fr\/en\/veille-strategique\/les-mondes-du-renseignement\/\" aria-label=\"Read more about The worlds of intelligence\" tabindex=\"-1\" >\n\t\t\tread more \"\t\t<\/a>\n\n\t\t\t\t<\/div>\n\t\t\t\t<\/article>\n\t\t\t\t<article class=\"elementor-post elementor-grid-item post-46578 post type-post status-publish format-standard has-post-thumbnail hentry category-nos-lectures category-veille-strategique\" role=\"listitem\">\n\t\t\t\t<a class=\"elementor-post__thumbnail__link\" href=\"https:\/\/ihedn.fr\/en\/veille-strategique\/soldat-de-la-cyberguerre\/\" tabindex=\"-1\" >\n\t\t\t<div class=\"elementor-post__thumbnail\"><img loading=\"lazy\" decoding=\"async\" width=\"239\" height=\"350\" src=\"https:\/\/ihedn.fr\/wp-content\/uploads\/2024\/03\/livre-5.jpg\" class=\"attachment-full size-full wp-image-46579\" alt=\"Couverture du livre &quot;Soldat de la cyberguerre&quot;\" srcset=\"https:\/\/ihedn.fr\/wp-content\/uploads\/2024\/03\/livre-5.jpg 239w, https:\/\/ihedn.fr\/wp-content\/uploads\/2024\/03\/livre-5-8x12.jpg 8w\" sizes=\"(max-width: 239px) 100vw, 239px\" \/><\/div>\n\t\t<\/a>\n\t\t\t\t<div class=\"elementor-post__text\">\n\t\t\t\t<h3 class=\"elementor-post__title\">\n\t\t\t<a href=\"https:\/\/ihedn.fr\/en\/veille-strategique\/soldat-de-la-cyberguerre\/\" >\n\t\t\t\tSoldier of the cyberwar\t\t\t<\/a>\n\t\t<\/h3>\n\t\t\t\t<div class=\"elementor-post__meta-data\">\n\t\t\t\t\t<span class=\"elementor-post-date\">\n\t\t\t11 March 2024\t\t<\/span>\n\t\t\t\t<\/div>\n\t\t\t\t<div class=\"elementor-post__excerpt\">\n\t\t\t<p>The first ComCyber, it tells the story of the beginnings of French cyber defence and how it was rapidly built up to deal with unprecedented attacks, with many illustrations of cyber attacks in support, particularly to counter Daech. The book tells the story of a<\/p>\n\t\t<\/div>\n\t\t\n\t\t<a class=\"elementor-post__read-more\" href=\"https:\/\/ihedn.fr\/en\/veille-strategique\/soldat-de-la-cyberguerre\/\" aria-label=\"Read more about Cyberwarrior\" tabindex=\"-1\" >\n\t\t\tread more \"\t\t<\/a>\n\n\t\t\t\t<\/div>\n\t\t\t\t<\/article>\n\t\t\t\t<article class=\"elementor-post elementor-grid-item post-46572 post type-post status-publish format-standard has-post-thumbnail hentry category-nos-lectures category-veille-strategique\" role=\"listitem\">\n\t\t\t\t<a class=\"elementor-post__thumbnail__link\" href=\"https:\/\/ihedn.fr\/en\/veille-strategique\/ces-guerres-qui-nous-attendent-2030-2060-3\/\" tabindex=\"-1\" >\n\t\t\t<div class=\"elementor-post__thumbnail\"><img loading=\"lazy\" decoding=\"async\" width=\"275\" height=\"411\" src=\"https:\/\/ihedn.fr\/wp-content\/uploads\/2024\/03\/livre-4.jpg\" class=\"attachment-full size-full wp-image-46573\" alt=\"Couverture du livre &quot;Ces guerres qui nous attendent 2030-2060&quot;\" srcset=\"https:\/\/ihedn.fr\/wp-content\/uploads\/2024\/03\/livre-4.jpg 275w, https:\/\/ihedn.fr\/wp-content\/uploads\/2024\/03\/livre-4-8x12.jpg 8w\" sizes=\"(max-width: 275px) 100vw, 275px\" \/><\/div>\n\t\t<\/a>\n\t\t\t\t<div class=\"elementor-post__text\">\n\t\t\t\t<h3 class=\"elementor-post__title\">\n\t\t\t<a href=\"https:\/\/ihedn.fr\/en\/veille-strategique\/ces-guerres-qui-nous-attendent-2030-2060-3\/\" >\n\t\t\t\tThe wars that await us 2030-2060\t\t\t<\/a>\n\t\t<\/h3>\n\t\t\t\t<div class=\"elementor-post__meta-data\">\n\t\t\t\t\t<span class=\"elementor-post-date\">\n\t\t\t11 March 2024\t\t<\/span>\n\t\t\t\t<\/div>\n\t\t\t\t<div class=\"elementor-post__excerpt\">\n\t\t\t<p>In this third volume, the Red Team, a collective of science fiction authors, cartoonists and scriptwriters working under the guidance of the Defence Innovation Agency, presents two new anticipation scenarios. Their aim is to imagine the threats that could directly<\/p>\n\t\t<\/div>\n\t\t\n\t\t<a class=\"elementor-post__read-more\" href=\"https:\/\/ihedn.fr\/en\/veille-strategique\/ces-guerres-qui-nous-attendent-2030-2060-3\/\" aria-label=\"Read more about The wars that await us 2030-2060\" tabindex=\"-1\" >\n\t\t\tread more \"\t\t<\/a>\n\n\t\t\t\t<\/div>\n\t\t\t\t<\/article>\n\t\t\t\t<article class=\"elementor-post elementor-grid-item post-46566 post type-post status-publish format-standard has-post-thumbnail hentry category-nos-lectures category-veille-strategique\" role=\"listitem\">\n\t\t\t\t<a class=\"elementor-post__thumbnail__link\" href=\"https:\/\/ihedn.fr\/en\/veille-strategique\/technopolitique\/\" tabindex=\"-1\" >\n\t\t\t<div class=\"elementor-post__thumbnail\"><img loading=\"lazy\" decoding=\"async\" width=\"409\" height=\"600\" src=\"https:\/\/ihedn.fr\/wp-content\/uploads\/2024\/03\/livre-3.jpg\" class=\"attachment-full size-full wp-image-46567\" alt=\"Couverture du livre &quot;Technopolitique&quot;\" srcset=\"https:\/\/ihedn.fr\/wp-content\/uploads\/2024\/03\/livre-3.jpg 409w, https:\/\/ihedn.fr\/wp-content\/uploads\/2024\/03\/livre-3-8x12.jpg 8w\" sizes=\"(max-width: 409px) 100vw, 409px\" \/><\/div>\n\t\t<\/a>\n\t\t\t\t<div class=\"elementor-post__text\">\n\t\t\t\t<h3 class=\"elementor-post__title\">\n\t\t\t<a href=\"https:\/\/ihedn.fr\/en\/veille-strategique\/technopolitique\/\" >\n\t\t\t\tTechnopolitics\t\t\t<\/a>\n\t\t<\/h3>\n\t\t\t\t<div class=\"elementor-post__meta-data\">\n\t\t\t\t\t<span class=\"elementor-post-date\">\n\t\t\t11 March 2024\t\t<\/span>\n\t\t\t\t<\/div>\n\t\t\t\t<div class=\"elementor-post__excerpt\">\n\t\t\t<p>A researcher at the \u00c9cole des hautes \u00e9tudes en sciences sociales, the author defends the idea that hypervelocity technologies, both civilian and military, are turning each and every one of us into soldiers. In her view, our brains have become the ultimate battlefield.<\/p>\n\t\t<\/div>\n\t\t\n\t\t<a class=\"elementor-post__read-more\" href=\"https:\/\/ihedn.fr\/en\/veille-strategique\/technopolitique\/\" aria-label=\"Read more about Technopolitics\" tabindex=\"-1\" >\n\t\t\tread more \"\t\t<\/a>\n\n\t\t\t\t<\/div>\n\t\t\t\t<\/article>\n\t\t\t\t<article class=\"elementor-post elementor-grid-item post-46560 post type-post status-publish format-standard has-post-thumbnail hentry category-nos-lectures category-veille-strategique\" role=\"listitem\">\n\t\t\t\t<a class=\"elementor-post__thumbnail__link\" href=\"https:\/\/ihedn.fr\/en\/veille-strategique\/freres-darmes\/\" tabindex=\"-1\" >\n\t\t\t<div class=\"elementor-post__thumbnail\"><img loading=\"lazy\" decoding=\"async\" width=\"350\" height=\"532\" src=\"https:\/\/ihedn.fr\/wp-content\/uploads\/2024\/03\/livre-2.jpg\" class=\"attachment-full size-full wp-image-46561\" alt=\"Couverture de livre &quot;Fr\u00e8res d&#039;armes&quot;\" srcset=\"https:\/\/ihedn.fr\/wp-content\/uploads\/2024\/03\/livre-2.jpg 350w, https:\/\/ihedn.fr\/wp-content\/uploads\/2024\/03\/livre-2-8x12.jpg 8w\" sizes=\"(max-width: 350px) 100vw, 350px\" \/><\/div>\n\t\t<\/a>\n\t\t\t\t<div class=\"elementor-post__text\">\n\t\t\t\t<h3 class=\"elementor-post__title\">\n\t\t\t<a href=\"https:\/\/ihedn.fr\/en\/veille-strategique\/freres-darmes\/\" >\n\t\t\t\tBrothers in arms\t\t\t<\/a>\n\t\t<\/h3>\n\t\t\t\t<div class=\"elementor-post__meta-data\">\n\t\t\t\t\t<span class=\"elementor-post-date\">\n\t\t\t11 March 2024\t\t<\/span>\n\t\t\t\t<\/div>\n\t\t\t\t<div class=\"elementor-post__excerpt\">\n\t\t\t<p>The author of this book was a military doctor for some thirty years, and took part in the French army's main overseas operations: Afghanistan, Mali, the Central African Republic and the former Yugoslavia. His account is a testament to the role of the doctor charged with intervening in wartime,<\/p>\n\t\t<\/div>\n\t\t\n\t\t<a class=\"elementor-post__read-more\" href=\"https:\/\/ihedn.fr\/en\/veille-strategique\/freres-darmes\/\" aria-label=\"Read more about Brothers in arms\" tabindex=\"-1\" >\n\t\t\tread more \"\t\t<\/a>\n\n\t\t\t\t<\/div>\n\t\t\t\t<\/article>\n\t\t\t\t<article class=\"elementor-post elementor-grid-item post-46554 post type-post status-publish format-standard has-post-thumbnail hentry category-nos-lectures category-veille-strategique\" role=\"listitem\">\n\t\t\t\t<a class=\"elementor-post__thumbnail__link\" href=\"https:\/\/ihedn.fr\/en\/veille-strategique\/histoire-de-la-securite-europeenne-depuis-1945-de-la-guerre-froide-a-la-guerre-en-ukraine\/\" tabindex=\"-1\" >\n\t\t\t<div class=\"elementor-post__thumbnail\"><img loading=\"lazy\" decoding=\"async\" width=\"339\" height=\"508\" src=\"https:\/\/ihedn.fr\/wp-content\/uploads\/2024\/03\/livre-1.jpeg\" class=\"attachment-full size-full wp-image-46555\" alt=\"Couverture du livre &quot;Histoire de la s\u00e9curit\u00e9 europ\u00e9enne depuis 1945&quot;\" srcset=\"https:\/\/ihedn.fr\/wp-content\/uploads\/2024\/03\/livre-1.jpeg 339w, https:\/\/ihedn.fr\/wp-content\/uploads\/2024\/03\/livre-1-8x12.jpeg 8w\" sizes=\"(max-width: 339px) 100vw, 339px\" \/><\/div>\n\t\t<\/a>\n\t\t\t\t<div class=\"elementor-post__text\">\n\t\t\t\t<h3 class=\"elementor-post__title\">\n\t\t\t<a href=\"https:\/\/ihedn.fr\/en\/veille-strategique\/histoire-de-la-securite-europeenne-depuis-1945-de-la-guerre-froide-a-la-guerre-en-ukraine\/\" >\n\t\t\t\tHistory of European security since 1945 - From the Cold War to the war in Ukraine\t\t\t<\/a>\n\t\t<\/h3>\n\t\t\t\t<div class=\"elementor-post__meta-data\">\n\t\t\t\t\t<span class=\"elementor-post-date\">\n\t\t\t11 March 2024\t\t<\/span>\n\t\t\t\t<\/div>\n\t\t\t\t<div class=\"elementor-post__excerpt\">\n\t\t\t<p>This book offers both a thematic and chronological analysis of the principles, players and tools of European security since the end of the Second World War. BADALASSI Nicolas, Paris, Armand Colin, 2024 More information<\/p>\n\t\t<\/div>\n\t\t\n\t\t<a class=\"elementor-post__read-more\" href=\"https:\/\/ihedn.fr\/en\/veille-strategique\/histoire-de-la-securite-europeenne-depuis-1945-de-la-guerre-froide-a-la-guerre-en-ukraine\/\" aria-label=\"Read more about History of European security since 1945 - From the Cold War to the war in Ukraine\" tabindex=\"-1\" >\n\t\t\tread more \"\t\t<\/a>\n\n\t\t\t\t<\/div>\n\t\t\t\t<\/article>\n\t\t\t\t<article class=\"elementor-post elementor-grid-item post-45842 post type-post status-publish format-standard has-post-thumbnail hentry category-nos-lectures category-veille-strategique\" role=\"listitem\">\n\t\t\t\t<a class=\"elementor-post__thumbnail__link\" href=\"https:\/\/ihedn.fr\/en\/veille-strategique\/les-freres-musulmans-a-lepreuve-du-pouvoir-egypte-tunisie-2011-2021\/\" tabindex=\"-1\" >\n\t\t\t<div class=\"elementor-post__thumbnail\"><img loading=\"lazy\" decoding=\"async\" width=\"350\" height=\"531\" src=\"https:\/\/ihedn.fr\/wp-content\/uploads\/2024\/02\/livre-7.jpg\" class=\"attachment-full size-full wp-image-45843\" alt=\"Livre Les Fr\u00e8res musulmans \u00e0 l\u2019\u00e9preuve du pouvoir - Egypte, Tunisie (2011-2021)\" srcset=\"https:\/\/ihedn.fr\/wp-content\/uploads\/2024\/02\/livre-7.jpg 350w, https:\/\/ihedn.fr\/wp-content\/uploads\/2024\/02\/livre-7-8x12.jpg 8w\" sizes=\"(max-width: 350px) 100vw, 350px\" \/><\/div>\n\t\t<\/a>\n\t\t\t\t<div class=\"elementor-post__text\">\n\t\t\t\t<h3 class=\"elementor-post__title\">\n\t\t\t<a href=\"https:\/\/ihedn.fr\/en\/veille-strategique\/les-freres-musulmans-a-lepreuve-du-pouvoir-egypte-tunisie-2011-2021\/\" >\n\t\t\t\tThe Muslim Brotherhood and the test of power - Egypt, Tunisia (2011-2021)\t\t\t<\/a>\n\t\t<\/h3>\n\t\t\t\t<div class=\"elementor-post__meta-data\">\n\t\t\t\t\t<span class=\"elementor-post-date\">\n\t\t\t2 February 2024\t\t<\/span>\n\t\t\t\t<\/div>\n\t\t\t\t<div class=\"elementor-post__excerpt\">\n\t\t\t<p>In Egypt and Tunisia, the Muslim Brotherhood were the big winners of the \"Arab Spring\" of 2011. A few months after the uprisings, which they had not anticipated, elections brought them to power.  So what happened between their arrival<\/p>\n\t\t<\/div>\n\t\t\n\t\t<a class=\"elementor-post__read-more\" href=\"https:\/\/ihedn.fr\/en\/veille-strategique\/les-freres-musulmans-a-lepreuve-du-pouvoir-egypte-tunisie-2011-2021\/\" aria-label=\"Read more about The Muslim Brotherhood and the test of power - Egypt, Tunisia (2011-2021)\" tabindex=\"-1\" >\n\t\t\tread more \"\t\t<\/a>\n\n\t\t\t\t<\/div>\n\t\t\t\t<\/article>\n\t\t\t\t<article class=\"elementor-post elementor-grid-item post-45836 post type-post status-publish format-standard has-post-thumbnail hentry category-nos-lectures category-veille-strategique\" role=\"listitem\">\n\t\t\t\t<a class=\"elementor-post__thumbnail__link\" href=\"https:\/\/ihedn.fr\/en\/veille-strategique\/lacceleration-de-lhistoire-les-noeuds-geostrategiques-dun-monde-hors-de-controle\/\" tabindex=\"-1\" >\n\t\t\t<div class=\"elementor-post__thumbnail\"><img loading=\"lazy\" decoding=\"async\" width=\"223\" height=\"345\" src=\"https:\/\/ihedn.fr\/wp-content\/uploads\/2024\/02\/livre-x.jpg\" class=\"attachment-full size-full wp-image-45837\" alt=\"Livre L\u2019acc\u00e9l\u00e9ration de l\u2019Histoire - les n\u0153uds g\u00e9ostrat\u00e9giques d\u2019un monde hors de contr\u00f4le\" srcset=\"https:\/\/ihedn.fr\/wp-content\/uploads\/2024\/02\/livre-x.jpg 223w, https:\/\/ihedn.fr\/wp-content\/uploads\/2024\/02\/livre-x-8x12.jpg 8w\" sizes=\"(max-width: 223px) 100vw, 223px\" \/><\/div>\n\t\t<\/a>\n\t\t\t\t<div class=\"elementor-post__text\">\n\t\t\t\t<h3 class=\"elementor-post__title\">\n\t\t\t<a href=\"https:\/\/ihedn.fr\/en\/veille-strategique\/lacceleration-de-lhistoire-les-noeuds-geostrategiques-dun-monde-hors-de-controle\/\" >\n\t\t\t\tThe acceleration of history - the geostrategic knots of a world out of control\t\t\t<\/a>\n\t\t<\/h3>\n\t\t\t\t<div class=\"elementor-post__meta-data\">\n\t\t\t\t\t<span class=\"elementor-post-date\">\n\t\t\t2 February 2024\t\t<\/span>\n\t\t\t\t<\/div>\n\t\t\t\t<div class=\"elementor-post__excerpt\">\n\t\t\t<p>A dual geopolitical and geo-economic acceleration is underway, against a backdrop of growing Sino-American rivalry, Sino-Russian rapprochement, the strengthening of NATO and the political emergence of the \"global South\". The author points out the dangers of these pivotal zones where trade is concentrated.<\/p>\n\t\t<\/div>\n\t\t\n\t\t<a class=\"elementor-post__read-more\" href=\"https:\/\/ihedn.fr\/en\/veille-strategique\/lacceleration-de-lhistoire-les-noeuds-geostrategiques-dun-monde-hors-de-controle\/\" aria-label=\"Read more about The acceleration of history - the geostrategic knots of a world out of control\" tabindex=\"-1\" >\n\t\t\tread more \"\t\t<\/a>\n\n\t\t\t\t<\/div>\n\t\t\t\t<\/article>\n\t\t\t\t<article class=\"elementor-post elementor-grid-item post-45830 post type-post status-publish format-standard has-post-thumbnail hentry category-nos-lectures category-veille-strategique\" role=\"listitem\">\n\t\t\t\t<a class=\"elementor-post__thumbnail__link\" href=\"https:\/\/ihedn.fr\/en\/veille-strategique\/geopolitique-de-lenvironnement\/\" tabindex=\"-1\" >\n\t\t\t<div class=\"elementor-post__thumbnail\"><img loading=\"lazy\" decoding=\"async\" width=\"314\" height=\"480\" src=\"https:\/\/ihedn.fr\/wp-content\/uploads\/2024\/02\/livre-6.jpg\" class=\"attachment-full size-full wp-image-45831\" alt=\"Livre G\u00e9opolitique de l\u2019environnement\" srcset=\"https:\/\/ihedn.fr\/wp-content\/uploads\/2024\/02\/livre-6.jpg 314w, https:\/\/ihedn.fr\/wp-content\/uploads\/2024\/02\/livre-6-8x12.jpg 8w\" sizes=\"(max-width: 314px) 100vw, 314px\" \/><\/div>\n\t\t<\/a>\n\t\t\t\t<div class=\"elementor-post__text\">\n\t\t\t\t<h3 class=\"elementor-post__title\">\n\t\t\t<a href=\"https:\/\/ihedn.fr\/en\/veille-strategique\/geopolitique-de-lenvironnement\/\" >\n\t\t\t\tGeopolitics of the environment\t\t\t<\/a>\n\t\t<\/h3>\n\t\t\t\t<div class=\"elementor-post__meta-data\">\n\t\t\t\t\t<span class=\"elementor-post-date\">\n\t\t\t2 February 2024\t\t<\/span>\n\t\t\t\t<\/div>\n\t\t\t\t<div class=\"elementor-post__excerpt\">\n\t\t\t<p>Our entry into the Anthropocene - this new geological era characterised by the unprecedented influence of human societies on the planet's natural cycles - is having profound repercussions on international relations. Climate change, loss of biodiversity: the effects of<\/p>\n\t\t<\/div>\n\t\t\n\t\t<a class=\"elementor-post__read-more\" href=\"https:\/\/ihedn.fr\/en\/veille-strategique\/geopolitique-de-lenvironnement\/\" aria-label=\"Read more about Geopolitics of the environment\" tabindex=\"-1\" >\n\t\t\tread more \"\t\t<\/a>\n\n\t\t\t\t<\/div>\n\t\t\t\t<\/article>\n\t\t\t\t<article class=\"elementor-post elementor-grid-item post-45824 post type-post status-publish format-standard has-post-thumbnail hentry category-nos-lectures category-veille-strategique\" role=\"listitem\">\n\t\t\t\t<a class=\"elementor-post__thumbnail__link\" href=\"https:\/\/ihedn.fr\/en\/veille-strategique\/economie-de-la-guerre\/\" tabindex=\"-1\" >\n\t\t\t<div class=\"elementor-post__thumbnail\"><img loading=\"lazy\" decoding=\"async\" width=\"586\" height=\"907\" src=\"https:\/\/ihedn.fr\/wp-content\/uploads\/2024\/02\/livre-5.jpg\" class=\"attachment-full size-full wp-image-45825\" alt=\"Livre \u00c9conomie de la guerre\" srcset=\"https:\/\/ihedn.fr\/wp-content\/uploads\/2024\/02\/livre-5.jpg 586w, https:\/\/ihedn.fr\/wp-content\/uploads\/2024\/02\/livre-5-8x12.jpg 8w\" sizes=\"(max-width: 586px) 100vw, 586px\" \/><\/div>\n\t\t<\/a>\n\t\t\t\t<div class=\"elementor-post__text\">\n\t\t\t\t<h3 class=\"elementor-post__title\">\n\t\t\t<a href=\"https:\/\/ihedn.fr\/en\/veille-strategique\/economie-de-la-guerre\/\" >\n\t\t\t\tEconomics of war\t\t\t<\/a>\n\t\t<\/h3>\n\t\t\t\t<div class=\"elementor-post__meta-data\">\n\t\t\t\t\t<span class=\"elementor-post-date\">\n\t\t\t2 February 2024\t\t<\/span>\n\t\t\t\t<\/div>\n\t\t\t\t<div class=\"elementor-post__excerpt\">\n\t\t\t<p>Is it economically rational for political entities to choose the path of destructive conflict rather than that of mutually beneficial exchange and cooperation? Defence economics was created to answer this fundamental question,<\/p>\n\t\t<\/div>\n\t\t\n\t\t<a class=\"elementor-post__read-more\" href=\"https:\/\/ihedn.fr\/en\/veille-strategique\/economie-de-la-guerre\/\" aria-label=\"Read more about Economics of war\" tabindex=\"-1\" >\n\t\t\tread more \"\t\t<\/a>\n\n\t\t\t\t<\/div>\n\t\t\t\t<\/article>\n\t\t\t\t<article class=\"elementor-post elementor-grid-item post-45818 post type-post status-publish format-standard has-post-thumbnail hentry category-nos-lectures category-veille-strategique\" role=\"listitem\">\n\t\t\t\t<a class=\"elementor-post__thumbnail__link\" href=\"https:\/\/ihedn.fr\/en\/veille-strategique\/la-quasi-guerre-quand-la-france-et-les-etats-unis-saffrontaient-1798-1800\/\" tabindex=\"-1\" >\n\t\t\t<div class=\"elementor-post__thumbnail\"><img loading=\"lazy\" decoding=\"async\" width=\"231\" height=\"365\" src=\"https:\/\/ihedn.fr\/wp-content\/uploads\/2024\/02\/livre-4.jpg\" class=\"attachment-full size-full wp-image-45819\" alt=\", La quasi-guerre - quand la France et les \u00c9tats-Unis s\u2019affrontaient,1798-1800\" srcset=\"https:\/\/ihedn.fr\/wp-content\/uploads\/2024\/02\/livre-4.jpg 231w, https:\/\/ihedn.fr\/wp-content\/uploads\/2024\/02\/livre-4-8x12.jpg 8w\" sizes=\"(max-width: 231px) 100vw, 231px\" \/><\/div>\n\t\t<\/a>\n\t\t\t\t<div class=\"elementor-post__text\">\n\t\t\t\t<h3 class=\"elementor-post__title\">\n\t\t\t<a href=\"https:\/\/ihedn.fr\/en\/veille-strategique\/la-quasi-guerre-quand-la-france-et-les-etats-unis-saffrontaient-1798-1800\/\" >\n\t\t\t\tThe near war - when France and the United States clashed, 1798-1800\t\t\t<\/a>\n\t\t<\/h3>\n\t\t\t\t<div class=\"elementor-post__meta-data\">\n\t\t\t\t\t<span class=\"elementor-post-date\">\n\t\t\t2 February 2024\t\t<\/span>\n\t\t\t\t<\/div>\n\t\t\t\t<div class=\"elementor-post__excerpt\">\n\t\t\t<p>Who knows that France and the United States once clashed? In the second half of the 1790s, these two allied powers came into open conflict. Although war was never officially declared, the French and Americans clashed at the time.<\/p>\n\t\t<\/div>\n\t\t\n\t\t<a class=\"elementor-post__read-more\" href=\"https:\/\/ihedn.fr\/en\/veille-strategique\/la-quasi-guerre-quand-la-france-et-les-etats-unis-saffrontaient-1798-1800\/\" aria-label=\"Read more about The near war - when France and the United States clashed, 1798-1800\" tabindex=\"-1\" >\n\t\t\tread more \"\t\t<\/a>\n\n\t\t\t\t<\/div>\n\t\t\t\t<\/article>\n\t\t\t\t<article class=\"elementor-post elementor-grid-item post-45811 post type-post status-publish format-standard has-post-thumbnail hentry category-nos-lectures category-veille-strategique\" role=\"listitem\">\n\t\t\t\t<a class=\"elementor-post__thumbnail__link\" href=\"https:\/\/ihedn.fr\/en\/veille-strategique\/la-cohabitation-des-religions-pourquoi-est-elle-si-difficile\/\" tabindex=\"-1\" >\n\t\t\t<div class=\"elementor-post__thumbnail\"><img loading=\"lazy\" decoding=\"async\" width=\"300\" height=\"493\" src=\"https:\/\/ihedn.fr\/wp-content\/uploads\/2024\/02\/livre-3.jpg\" class=\"attachment-full size-full wp-image-45804\" alt=\"Livre La cohabitation des religions - pourquoi est-elle si difficile ?\" srcset=\"https:\/\/ihedn.fr\/wp-content\/uploads\/2024\/02\/livre-3.jpg 300w, https:\/\/ihedn.fr\/wp-content\/uploads\/2024\/02\/livre-3-7x12.jpg 7w\" sizes=\"(max-width: 300px) 100vw, 300px\" \/><\/div>\n\t\t<\/a>\n\t\t\t\t<div class=\"elementor-post__text\">\n\t\t\t\t<h3 class=\"elementor-post__title\">\n\t\t\t<a href=\"https:\/\/ihedn.fr\/en\/veille-strategique\/la-cohabitation-des-religions-pourquoi-est-elle-si-difficile\/\" >\n\t\t\t\tReligious coexistence - why is it so difficult?\t\t\t<\/a>\n\t\t<\/h3>\n\t\t\t\t<div class=\"elementor-post__meta-data\">\n\t\t\t\t\t<span class=\"elementor-post-date\">\n\t\t\t2 February 2024\t\t<\/span>\n\t\t\t\t<\/div>\n\t\t\t\t<div class=\"elementor-post__excerpt\">\n\t\t\t<p>You can kill in the name of God! We have recently rediscovered this through acts of terrorism and new wars of religion, in France and elsewhere. In the Western world today, many people think that believers should renounce their claim to the name of God.<\/p>\n\t\t<\/div>\n\t\t\n\t\t<a class=\"elementor-post__read-more\" href=\"https:\/\/ihedn.fr\/en\/veille-strategique\/la-cohabitation-des-religions-pourquoi-est-elle-si-difficile\/\" aria-label=\"Read more about Religious coexistence - why is it so difficult?\" tabindex=\"-1\" >\n\t\t\tread more \"\t\t<\/a>\n\n\t\t\t\t<\/div>\n\t\t\t\t<\/article>\n\t\t\t\t<article class=\"elementor-post elementor-grid-item post-45803 post type-post status-publish format-standard has-post-thumbnail hentry category-nos-lectures category-veille-strategique\" role=\"listitem\">\n\t\t\t\t<a class=\"elementor-post__thumbnail__link\" href=\"https:\/\/ihedn.fr\/en\/veille-strategique\/napoleon-memoires\/\" tabindex=\"-1\" >\n\t\t\t<div class=\"elementor-post__thumbnail\"><img loading=\"lazy\" decoding=\"async\" width=\"227\" height=\"342\" src=\"https:\/\/ihedn.fr\/wp-content\/uploads\/2024\/02\/livre-2.jpg\" class=\"attachment-full size-full wp-image-45805\" alt=\"Live Napol\u00e9on - M\u00e9moires\" srcset=\"https:\/\/ihedn.fr\/wp-content\/uploads\/2024\/02\/livre-2.jpg 227w, https:\/\/ihedn.fr\/wp-content\/uploads\/2024\/02\/livre-2-8x12.jpg 8w\" sizes=\"(max-width: 227px) 100vw, 227px\" \/><\/div>\n\t\t<\/a>\n\t\t\t\t<div class=\"elementor-post__text\">\n\t\t\t\t<h3 class=\"elementor-post__title\">\n\t\t\t<a href=\"https:\/\/ihedn.fr\/en\/veille-strategique\/napoleon-memoires\/\" >\n\t\t\t\tNAPOLEON - Memoirs\t\t\t<\/a>\n\t\t<\/h3>\n\t\t\t\t<div class=\"elementor-post__meta-data\">\n\t\t\t\t\t<span class=\"elementor-post-date\">\n\t\t\t2 February 2024\t\t<\/span>\n\t\t\t\t<\/div>\n\t\t\t\t<div class=\"elementor-post__excerpt\">\n\t\t\t<p>The third and final volume of Napoleon's Memoirs opens with the Emperor's abdication, forced to leave Fontainebleau for the island of Elba. This forced exile did nothing to dampen Napoleon's spirit of conquest, and all he could think about was returning to Paris. After<\/p>\n\t\t<\/div>\n\t\t\n\t\t<a class=\"elementor-post__read-more\" href=\"https:\/\/ihedn.fr\/en\/veille-strategique\/napoleon-memoires\/\" aria-label=\"Read more about NAPOLEON - Memoirs\" tabindex=\"-1\" >\n\t\t\tread more \"\t\t<\/a>\n\n\t\t\t\t<\/div>\n\t\t\t\t<\/article>\n\t\t\t\t<article class=\"elementor-post elementor-grid-item post-45794 post type-post status-publish format-standard has-post-thumbnail hentry category-nos-lectures category-veille-strategique\" role=\"listitem\">\n\t\t\t\t<a class=\"elementor-post__thumbnail__link\" href=\"https:\/\/ihedn.fr\/en\/veille-strategique\/quarante-articles\/\" tabindex=\"-1\" >\n\t\t\t<div class=\"elementor-post__thumbnail\"><img loading=\"lazy\" decoding=\"async\" width=\"300\" height=\"457\" src=\"https:\/\/ihedn.fr\/wp-content\/uploads\/2024\/02\/livre-1.jpg\" class=\"attachment-full size-full wp-image-45795\" alt=\"Livre &quot;quarante articles&quot; - sur la France, l\u2019Allemagne, la guerre, la politique et la sc\u00e8ne internationale, 1933-1937\" srcset=\"https:\/\/ihedn.fr\/wp-content\/uploads\/2024\/02\/livre-1.jpg 300w, https:\/\/ihedn.fr\/wp-content\/uploads\/2024\/02\/livre-1-8x12.jpg 8w\" sizes=\"(max-width: 300px) 100vw, 300px\" \/><\/div>\n\t\t<\/a>\n\t\t\t\t<div class=\"elementor-post__text\">\n\t\t\t\t<h3 class=\"elementor-post__title\">\n\t\t\t<a href=\"https:\/\/ihedn.fr\/en\/veille-strategique\/quarante-articles\/\" >\n\t\t\t\t\"Forty articles - On France, Germany, the war, politics and the international scene, 1933-1937\t\t\t<\/a>\n\t\t<\/h3>\n\t\t\t\t<div class=\"elementor-post__meta-data\">\n\t\t\t\t\t<span class=\"elementor-post-date\">\n\t\t\t2 February 2024\t\t<\/span>\n\t\t\t\t<\/div>\n\t\t\t\t<div class=\"elementor-post__excerpt\">\n\t\t\t<p>These texts were written by Charles de Gaulle, usually in extenso, sometimes with a circumstantial insertion by Andr\u00e9 Pironneau. Signed by Andr\u00e9 Pironneau to cover the officer exposed to the risks of \"hierarchical disapproval\", they are unpublished but provide an interesting insight into the history of the French army.<\/p>\n\t\t<\/div>\n\t\t\n\t\t<a class=\"elementor-post__read-more\" href=\"https:\/\/ihedn.fr\/en\/veille-strategique\/quarante-articles\/\" aria-label=\"Read more about &quot;Forty articles&quot; - On France, Germany, the war, politics and the international scene, 1933-1937\" tabindex=\"-1\" >\n\t\t\tread more \"\t\t<\/a>\n\n\t\t\t\t<\/div>\n\t\t\t\t<\/article>\n\t\t\t\t<article class=\"elementor-post elementor-grid-item post-44974 post type-post status-publish format-standard has-post-thumbnail hentry category-nos-lectures category-veille-strategique\" role=\"listitem\">\n\t\t\t\t<a class=\"elementor-post__thumbnail__link\" href=\"https:\/\/ihedn.fr\/en\/veille-strategique\/pax-atomica\/\" tabindex=\"-1\" >\n\t\t\t<div class=\"elementor-post__thumbnail\"><img loading=\"lazy\" decoding=\"async\" width=\"350\" height=\"530\" src=\"https:\/\/ihedn.fr\/wp-content\/uploads\/2024\/01\/pax_atomica.jpg\" class=\"attachment-full size-full wp-image-44975\" alt=\"Livre Pax atomica ?\" srcset=\"https:\/\/ihedn.fr\/wp-content\/uploads\/2024\/01\/pax_atomica.jpg 350w, https:\/\/ihedn.fr\/wp-content\/uploads\/2024\/01\/pax_atomica-8x12.jpg 8w\" sizes=\"(max-width: 350px) 100vw, 350px\" \/><\/div>\n\t\t<\/a>\n\t\t\t\t<div class=\"elementor-post__text\">\n\t\t\t\t<h3 class=\"elementor-post__title\">\n\t\t\t<a href=\"https:\/\/ihedn.fr\/en\/veille-strategique\/pax-atomica\/\" >\n\t\t\t\tPax atomica?\t\t\t<\/a>\n\t\t<\/h3>\n\t\t\t\t<div class=\"elementor-post__meta-data\">\n\t\t\t\t\t<span class=\"elementor-post-date\">\n\t\t\t5 January 2024\t\t<\/span>\n\t\t\t\t<\/div>\n\t\t\t\t<div class=\"elementor-post__excerpt\">\n\t\t\t<p>Is deterrence a moderating factor in international relations? What role exactly does the atomic weapon play in a landscape where the forms of warfare have diversified? These questions are crucial today in the face of Russia's threats and at a time when<\/p>\n\t\t<\/div>\n\t\t\n\t\t<a class=\"elementor-post__read-more\" href=\"https:\/\/ihedn.fr\/en\/veille-strategique\/pax-atomica\/\" aria-label=\"Read more about Pax atomica ?\" tabindex=\"-1\" >\n\t\t\tread more \"\t\t<\/a>\n\n\t\t\t\t<\/div>\n\t\t\t\t<\/article>\n\t\t\t\t<article class=\"elementor-post elementor-grid-item post-44968 post type-post status-publish format-standard has-post-thumbnail hentry category-nos-lectures category-veille-strategique\" role=\"listitem\">\n\t\t\t\t<a class=\"elementor-post__thumbnail__link\" href=\"https:\/\/ihedn.fr\/en\/veille-strategique\/grands-diplomates\/\" tabindex=\"-1\" >\n\t\t\t<div class=\"elementor-post__thumbnail\"><img loading=\"lazy\" decoding=\"async\" width=\"351\" height=\"548\" src=\"https:\/\/ihedn.fr\/wp-content\/uploads\/2024\/01\/grands_diplomates.jpg\" class=\"attachment-full size-full wp-image-44969\" alt=\"Livre Grands diplomates\" srcset=\"https:\/\/ihedn.fr\/wp-content\/uploads\/2024\/01\/grands_diplomates.jpg 351w, https:\/\/ihedn.fr\/wp-content\/uploads\/2024\/01\/grands_diplomates-8x12.jpg 8w\" sizes=\"(max-width: 351px) 100vw, 351px\" \/><\/div>\n\t\t<\/a>\n\t\t\t\t<div class=\"elementor-post__text\">\n\t\t\t\t<h3 class=\"elementor-post__title\">\n\t\t\t<a href=\"https:\/\/ihedn.fr\/en\/veille-strategique\/grands-diplomates\/\" >\n\t\t\t\tGreat diplomats\t\t\t<\/a>\n\t\t<\/h3>\n\t\t\t\t<div class=\"elementor-post__meta-data\">\n\t\t\t\t\t<span class=\"elementor-post-date\">\n\t\t\t5 January 2024\t\t<\/span>\n\t\t\t\t<\/div>\n\t\t\t\t<div class=\"elementor-post__excerpt\">\n\t\t\t<p>This book has been written by ambassadors, historians and journalists. The aim is to provide an overview of the history of international relations, from the supremacy of the Europeans (17th-20th centuries) to the multilateralism of today, through the two world wars, the Second World War and the Second World War.<\/p>\n\t\t<\/div>\n\t\t\n\t\t<a class=\"elementor-post__read-more\" href=\"https:\/\/ihedn.fr\/en\/veille-strategique\/grands-diplomates\/\" aria-label=\"Read more about Great diplomats\" tabindex=\"-1\" >\n\t\t\tread more \"\t\t<\/a>\n\n\t\t\t\t<\/div>\n\t\t\t\t<\/article>\n\t\t\t\t<article class=\"elementor-post elementor-grid-item post-44962 post type-post status-publish format-standard has-post-thumbnail hentry category-nos-lectures category-veille-strategique\" role=\"listitem\">\n\t\t\t\t<a class=\"elementor-post__thumbnail__link\" href=\"https:\/\/ihedn.fr\/en\/veille-strategique\/ressources-naturelles-et-mondialisation-le-petrole-et-le-venezuela\/\" tabindex=\"-1\" >\n\t\t\t<div class=\"elementor-post__thumbnail\"><img loading=\"lazy\" decoding=\"async\" width=\"316\" height=\"489\" src=\"https:\/\/ihedn.fr\/wp-content\/uploads\/2024\/01\/ressources_naturelles.jpg\" class=\"attachment-full size-full wp-image-44963\" alt=\"Livre Ressources naturelles et mondialisation : le p\u00e9trole et le Venezuela\" srcset=\"https:\/\/ihedn.fr\/wp-content\/uploads\/2024\/01\/ressources_naturelles.jpg 316w, https:\/\/ihedn.fr\/wp-content\/uploads\/2024\/01\/ressources_naturelles-8x12.jpg 8w\" sizes=\"(max-width: 316px) 100vw, 316px\" \/><\/div>\n\t\t<\/a>\n\t\t\t\t<div class=\"elementor-post__text\">\n\t\t\t\t<h3 class=\"elementor-post__title\">\n\t\t\t<a href=\"https:\/\/ihedn.fr\/en\/veille-strategique\/ressources-naturelles-et-mondialisation-le-petrole-et-le-venezuela\/\" >\n\t\t\t\tNatural resources and globalisation: oil and Venezuela\t\t\t<\/a>\n\t\t<\/h3>\n\t\t\t\t<div class=\"elementor-post__meta-data\">\n\t\t\t\t\t<span class=\"elementor-post-date\">\n\t\t\t5 January 2024\t\t<\/span>\n\t\t\t\t<\/div>\n\t\t\t\t<div class=\"elementor-post__excerpt\">\n\t\t\t<p>This book analyses the process of globalisation of capitalism in its historical relationship with natural resources. Today, international capital is imposing itself on national sovereign rights through a structure of international arbitration. The author takes the example of oil, taking into account<\/p>\n\t\t<\/div>\n\t\t\n\t\t<a class=\"elementor-post__read-more\" href=\"https:\/\/ihedn.fr\/en\/veille-strategique\/ressources-naturelles-et-mondialisation-le-petrole-et-le-venezuela\/\" aria-label=\"Read more about Natural resources and globalisation: oil and Venezuela\" tabindex=\"-1\" >\n\t\t\tread more \"\t\t<\/a>\n\n\t\t\t\t<\/div>\n\t\t\t\t<\/article>\n\t\t\t\t<article class=\"elementor-post elementor-grid-item post-44956 post type-post status-publish format-standard has-post-thumbnail hentry category-nos-lectures category-veille-strategique\" role=\"listitem\">\n\t\t\t\t<a class=\"elementor-post__thumbnail__link\" href=\"https:\/\/ihedn.fr\/en\/veille-strategique\/les-talibans-face-a-lopium\/\" tabindex=\"-1\" >\n\t\t\t<div class=\"elementor-post__thumbnail\"><img loading=\"lazy\" decoding=\"async\" width=\"316\" height=\"503\" src=\"https:\/\/ihedn.fr\/wp-content\/uploads\/2024\/01\/talibans_opium.jpg\" class=\"attachment-full size-full wp-image-44957\" alt=\"Livre Les talibans face \u00e0 l\u2019opium\" srcset=\"https:\/\/ihedn.fr\/wp-content\/uploads\/2024\/01\/talibans_opium.jpg 316w, https:\/\/ihedn.fr\/wp-content\/uploads\/2024\/01\/talibans_opium-8x12.jpg 8w\" sizes=\"(max-width: 316px) 100vw, 316px\" \/><\/div>\n\t\t<\/a>\n\t\t\t\t<div class=\"elementor-post__text\">\n\t\t\t\t<h3 class=\"elementor-post__title\">\n\t\t\t<a href=\"https:\/\/ihedn.fr\/en\/veille-strategique\/les-talibans-face-a-lopium\/\" >\n\t\t\t\tThe Taliban and opium\t\t\t<\/a>\n\t\t<\/h3>\n\t\t\t\t<div class=\"elementor-post__meta-data\">\n\t\t\t\t\t<span class=\"elementor-post-date\">\n\t\t\t5 January 2024\t\t<\/span>\n\t\t\t\t<\/div>\n\t\t\t\t<div class=\"elementor-post__excerpt\">\n\t\t\t<p>In 1996, the Taliban came up against a contradiction between religious and economic reasons, driven by drug trafficking. However, the need for funding generated by the war of insurrection and the support of the peasant masses led to the adoption of a pragmatic approach.<\/p>\n\t\t<\/div>\n\t\t\n\t\t<a class=\"elementor-post__read-more\" href=\"https:\/\/ihedn.fr\/en\/veille-strategique\/les-talibans-face-a-lopium\/\" aria-label=\"Read more about The Taliban and opium\" tabindex=\"-1\" >\n\t\t\tread more \"\t\t<\/a>\n\n\t\t\t\t<\/div>\n\t\t\t\t<\/article>\n\t\t\t\t<article class=\"elementor-post elementor-grid-item post-44950 post type-post status-publish format-standard has-post-thumbnail hentry category-nos-lectures category-veille-strategique\" role=\"listitem\">\n\t\t\t\t<a class=\"elementor-post__thumbnail__link\" href=\"https:\/\/ihedn.fr\/en\/veille-strategique\/le-sahel-epicentre-geopolitique\/\" tabindex=\"-1\" >\n\t\t\t<div class=\"elementor-post__thumbnail\"><img loading=\"lazy\" decoding=\"async\" width=\"316\" height=\"503\" src=\"https:\/\/ihedn.fr\/wp-content\/uploads\/2024\/01\/le_sahel_epicentre.jpg\" class=\"attachment-full size-full wp-image-44951\" alt=\"Livre Le Sahel, \u00e9picentre g\u00e9opolitique\" srcset=\"https:\/\/ihedn.fr\/wp-content\/uploads\/2024\/01\/le_sahel_epicentre.jpg 316w, https:\/\/ihedn.fr\/wp-content\/uploads\/2024\/01\/le_sahel_epicentre-8x12.jpg 8w\" sizes=\"(max-width: 316px) 100vw, 316px\" \/><\/div>\n\t\t<\/a>\n\t\t\t\t<div class=\"elementor-post__text\">\n\t\t\t\t<h3 class=\"elementor-post__title\">\n\t\t\t<a href=\"https:\/\/ihedn.fr\/en\/veille-strategique\/le-sahel-epicentre-geopolitique\/\" >\n\t\t\t\tThe Sahel, geopolitical epicentre\t\t\t<\/a>\n\t\t<\/h3>\n\t\t\t\t<div class=\"elementor-post__meta-data\">\n\t\t\t\t\t<span class=\"elementor-post-date\">\n\t\t\t5 January 2024\t\t<\/span>\n\t\t\t\t<\/div>\n\t\t\t\t<div class=\"elementor-post__excerpt\">\n\t\t\t<p>Through a perceptive analysis of the sociogenesis of extremism and crime in the Sahel and of paradigm shifts, the author unpacks the historical, political and cultural dynamics that have shaped the Sahel into a geopolitical epicentre. This book takes a look at<\/p>\n\t\t<\/div>\n\t\t\n\t\t<a class=\"elementor-post__read-more\" href=\"https:\/\/ihedn.fr\/en\/veille-strategique\/le-sahel-epicentre-geopolitique\/\" aria-label=\"Read more about The Sahel, a geopolitical epicentre\" tabindex=\"-1\" >\n\t\t\tread more \"\t\t<\/a>\n\n\t\t\t\t<\/div>\n\t\t\t\t<\/article>\n\t\t\t\t<\/div>\n\t\t\t\t\t<span class=\"e-load-more-spinner\">\n\t\t\t\t<svg aria-hidden=\"true\" class=\"e-font-icon-svg e-fas-spinner\" viewbox=\"0 0 512 512\" xmlns=\"http:\/\/www.w3.org\/2000\/svg\"><path d=\"M304 48c0 26.51-21.49 48-48 48s-48-21.49-48-48 21.49-48 48-48 48 21.49 48 48zm-48 368c-26.51 0-48 21.49-48 48s21.49 48 48 48 48-21.49 48-48-21.49-48-48-48zm208-208c-26.51 0-48 21.49-48 48s21.49 48 48 48 48-21.49 48-48-21.49-48-48-48zM96 256c0-26.51-21.49-48-48-48S0 229.49 0 256s21.49 48 48 48 48-21.49 48-48zm12.922 99.078c-26.51 0-48 21.49-48 48s21.49 48 48 48 48-21.49 48-48c0-26.509-21.491-48-48-48zm294.156 0c-26.51 0-48 21.49-48 48s21.49 48 48 48 48-21.49 48-48c0-26.509-21.49-48-48-48zM108.922 60.922c-26.51 0-48 21.49-48 48s21.49 48 48 48 48-21.49 48-48-21.491-48-48-48z\"><\/path><\/svg>\t\t\t<\/span>\n\t\t\n\t\t\t\t<div class=\"e-load-more-anchor\" data-page=\"1\" data-max-page=\"4\" data-next-page=\"https:\/\/ihedn.fr\/en\/wp-json\/wp\/v2\/pages\/10573\/page\/2\/\"><\/div>\n\t\t\t\t<div class=\"elementor-button-wrapper\">\n\t\t\t<a class=\"elementor-button elementor-size-sm\" role=\"button\">\n\t\t\t\t\t\t<span class=\"elementor-button-content-wrapper\">\n\t\t\t\t\t\t\t\t\t<span class=\"elementor-button-text\">Load more<\/span>\n\t\t\t\t\t<\/span>\n\t\t\t\t\t<\/a>\n\t\t<\/div>\n\t\t\t\t<div class=\"e-load-more-message\"><\/div>\n\t\t\t\t\t\t<\/div>\n\t\t\t\t<\/div>\n\t\t\t\t\t<\/div>\n\t\t<\/div>\n\t\t\t\t\t<\/div>\n\t\t<\/section>\n\t\t\t\t<\/div>","protected":false},"excerpt":{"rendered":"<p>What we read<\/p>","protected":false},"author":1,"featured_media":7757,"parent":469,"menu_order":0,"comment_status":"closed","ping_status":"closed","template":"","meta":{"footnotes":""},"class_list":["post-10573","page","type-page","status-publish","has-post-thumbnail","hentry"],"yoast_head":"<!-- This site is optimized with the Yoast SEO plugin v27.5 - https:\/\/yoast.com\/product\/yoast-seo-wordpress\/ -->\n<title>Nos lectures - L&#039;IHEDN : Institut des hautes \u00e9tudes de d\u00e9fense nationale<\/title>\n<meta name=\"robots\" content=\"index, follow, max-snippet:-1, max-image-preview:large, max-video-preview:-1\" \/>\n<link rel=\"canonical\" href=\"https:\/\/ihedn.fr\/en\/publications\/nos-lectures\/\" \/>\n<meta property=\"og:locale\" content=\"en_GB\" \/>\n<meta property=\"og:type\" content=\"article\" \/>\n<meta property=\"og:title\" content=\"Nos lectures - L&#039;IHEDN : Institut des hautes \u00e9tudes de d\u00e9fense nationale\" \/>\n<meta property=\"og:description\" content=\"Nos lectures\" \/>\n<meta property=\"og:url\" content=\"https:\/\/ihedn.fr\/en\/publications\/nos-lectures\/\" \/>\n<meta property=\"og:site_name\" content=\"L&#039;IHEDN : Institut des hautes \u00e9tudes de d\u00e9fense nationale\" \/>\n<meta property=\"article:publisher\" content=\"https:\/\/www.facebook.com\/ihedn\/\" \/>\n<meta property=\"article:modified_time\" content=\"2023-06-05T13:50:59+00:00\" \/>\n<meta property=\"og:image\" content=\"https:\/\/ihedn.fr\/wp-content\/uploads\/2021\/02\/Ecole_Militaire_Bibliotheque-02-scaled.jpg\" \/>\n\t<meta property=\"og:image:width\" content=\"2560\" \/>\n\t<meta property=\"og:image:height\" content=\"1714\" \/>\n\t<meta property=\"og:image:type\" content=\"image\/jpeg\" \/>\n<meta name=\"twitter:card\" content=\"summary_large_image\" \/>\n<meta name=\"twitter:site\" content=\"@IHEDN\" \/>\n<meta name=\"twitter:label1\" content=\"Estimated reading time\" \/>\n\t<meta name=\"twitter:data1\" content=\"16 minutes\" \/>\n<script type=\"application\/ld+json\" class=\"yoast-schema-graph\">{\"@context\":\"https:\\\/\\\/schema.org\",\"@graph\":[{\"@type\":\"WebPage\",\"@id\":\"https:\\\/\\\/ihedn.fr\\\/publications\\\/nos-lectures\\\/\",\"url\":\"https:\\\/\\\/ihedn.fr\\\/publications\\\/nos-lectures\\\/\",\"name\":\"Nos lectures - L&#039;IHEDN : Institut des hautes \u00e9tudes de d\u00e9fense nationale\",\"isPartOf\":{\"@id\":\"https:\\\/\\\/ihedn.fr\\\/#website\"},\"primaryImageOfPage\":{\"@id\":\"https:\\\/\\\/ihedn.fr\\\/publications\\\/nos-lectures\\\/#primaryimage\"},\"image\":{\"@id\":\"https:\\\/\\\/ihedn.fr\\\/publications\\\/nos-lectures\\\/#primaryimage\"},\"thumbnailUrl\":\"https:\\\/\\\/ihedn.fr\\\/wp-content\\\/uploads\\\/2021\\\/02\\\/Ecole_Militaire_Bibliotheque-02-scaled.jpg\",\"datePublished\":\"2021-05-04T12:28:40+00:00\",\"dateModified\":\"2023-06-05T13:50:59+00:00\",\"breadcrumb\":{\"@id\":\"https:\\\/\\\/ihedn.fr\\\/publications\\\/nos-lectures\\\/#breadcrumb\"},\"inLanguage\":\"en-GB\",\"potentialAction\":[{\"@type\":\"ReadAction\",\"target\":[\"https:\\\/\\\/ihedn.fr\\\/publications\\\/nos-lectures\\\/\"]}]},{\"@type\":\"ImageObject\",\"inLanguage\":\"en-GB\",\"@id\":\"https:\\\/\\\/ihedn.fr\\\/publications\\\/nos-lectures\\\/#primaryimage\",\"url\":\"https:\\\/\\\/ihedn.fr\\\/wp-content\\\/uploads\\\/2021\\\/02\\\/Ecole_Militaire_Bibliotheque-02-scaled.jpg\",\"contentUrl\":\"https:\\\/\\\/ihedn.fr\\\/wp-content\\\/uploads\\\/2021\\\/02\\\/Ecole_Militaire_Bibliotheque-02-scaled.jpg\",\"width\":2560,\"height\":1714,\"caption\":\"IHEDN | nos publications\"},{\"@type\":\"BreadcrumbList\",\"@id\":\"https:\\\/\\\/ihedn.fr\\\/publications\\\/nos-lectures\\\/#breadcrumb\",\"itemListElement\":[{\"@type\":\"ListItem\",\"position\":1,\"name\":\"Accueil\",\"item\":\"https:\\\/\\\/ihedn.fr\\\/\"},{\"@type\":\"ListItem\",\"position\":2,\"name\":\"Publications\",\"item\":\"https:\\\/\\\/ihedn.fr\\\/publications\\\/\"},{\"@type\":\"ListItem\",\"position\":3,\"name\":\"Nos lectures\"}]},{\"@type\":\"WebSite\",\"@id\":\"https:\\\/\\\/ihedn.fr\\\/#website\",\"url\":\"https:\\\/\\\/ihedn.fr\\\/\",\"name\":\"IHEDN : Institut des hautes \u00e9tudes de d\u00e9fense nationale |\",\"description\":\"Site officiel de l&#039;IHEDN plac\u00e9 sous la tutelle du Premier ministre.\",\"publisher\":{\"@id\":\"https:\\\/\\\/ihedn.fr\\\/#organization\"},\"potentialAction\":[{\"@type\":\"SearchAction\",\"target\":{\"@type\":\"EntryPoint\",\"urlTemplate\":\"https:\\\/\\\/ihedn.fr\\\/?s={search_term_string}\"},\"query-input\":{\"@type\":\"PropertyValueSpecification\",\"valueRequired\":true,\"valueName\":\"search_term_string\"}}],\"inLanguage\":\"en-GB\"},{\"@type\":\"Organization\",\"@id\":\"https:\\\/\\\/ihedn.fr\\\/#organization\",\"name\":\"IHEDN - Institut des Hautes Etudes de D\u00e9fense Nationale\",\"url\":\"https:\\\/\\\/ihedn.fr\\\/\",\"logo\":{\"@type\":\"ImageObject\",\"inLanguage\":\"en-GB\",\"@id\":\"https:\\\/\\\/ihedn.fr\\\/#\\\/schema\\\/logo\\\/image\\\/\",\"url\":\"https:\\\/\\\/ihedn.fr\\\/wp-content\\\/uploads\\\/2020\\\/11\\\/BLOC_RF_IHEDN_WEB.png\",\"contentUrl\":\"https:\\\/\\\/ihedn.fr\\\/wp-content\\\/uploads\\\/2020\\\/11\\\/BLOC_RF_IHEDN_WEB.png\",\"width\":500,\"height\":237,\"caption\":\"IHEDN - Institut des Hautes Etudes de D\u00e9fense Nationale\"},\"image\":{\"@id\":\"https:\\\/\\\/ihedn.fr\\\/#\\\/schema\\\/logo\\\/image\\\/\"},\"sameAs\":[\"https:\\\/\\\/www.facebook.com\\\/ihedn\\\/\",\"https:\\\/\\\/x.com\\\/IHEDN\",\"https:\\\/\\\/www.instagram.com\\\/ihedn\\\/\",\"https:\\\/\\\/www.linkedin.com\\\/school\\\/ihedn\\\/\",\"https:\\\/\\\/fr.wikipedia.org\\\/wiki\\\/Institut_des_hautes_\u00e9tudes_de_D\u00e9fense_nationale\"]}]}<\/script>\n<!-- \/ Yoast SEO plugin. -->","yoast_head_json":{"title":"What we read - IHEDN: Institut des hautes \u00e9tudes de d\u00e9fense nationale (Institute for Advanced Studies in National Defence)","robots":{"index":"index","follow":"follow","max-snippet":"max-snippet:-1","max-image-preview":"max-image-preview:large","max-video-preview":"max-video-preview:-1"},"canonical":"https:\/\/ihedn.fr\/en\/publications\/nos-lectures\/","og_locale":"en_GB","og_type":"article","og_title":"Nos lectures - L&#039;IHEDN : Institut des hautes \u00e9tudes de d\u00e9fense nationale","og_description":"Nos lectures","og_url":"https:\/\/ihedn.fr\/en\/publications\/nos-lectures\/","og_site_name":"L&#039;IHEDN : Institut des hautes \u00e9tudes de d\u00e9fense nationale","article_publisher":"https:\/\/www.facebook.com\/ihedn\/","article_modified_time":"2023-06-05T13:50:59+00:00","og_image":[{"width":2560,"height":1714,"url":"https:\/\/ihedn.fr\/wp-content\/uploads\/2021\/02\/Ecole_Militaire_Bibliotheque-02-scaled.jpg","type":"image\/jpeg"}],"twitter_card":"summary_large_image","twitter_site":"@IHEDN","twitter_misc":{"Estimated reading time":"16 minutes"},"schema":{"@context":"https:\/\/schema.org","@graph":[{"@type":"WebPage","@id":"https:\/\/ihedn.fr\/publications\/nos-lectures\/","url":"https:\/\/ihedn.fr\/publications\/nos-lectures\/","name":"What we read - IHEDN: Institut des hautes \u00e9tudes de d\u00e9fense nationale (Institute for Advanced Studies in National Defence)","isPartOf":{"@id":"https:\/\/ihedn.fr\/#website"},"primaryImageOfPage":{"@id":"https:\/\/ihedn.fr\/publications\/nos-lectures\/#primaryimage"},"image":{"@id":"https:\/\/ihedn.fr\/publications\/nos-lectures\/#primaryimage"},"thumbnailUrl":"https:\/\/ihedn.fr\/wp-content\/uploads\/2021\/02\/Ecole_Militaire_Bibliotheque-02-scaled.jpg","datePublished":"2021-05-04T12:28:40+00:00","dateModified":"2023-06-05T13:50:59+00:00","breadcrumb":{"@id":"https:\/\/ihedn.fr\/publications\/nos-lectures\/#breadcrumb"},"inLanguage":"en-GB","potentialAction":[{"@type":"ReadAction","target":["https:\/\/ihedn.fr\/publications\/nos-lectures\/"]}]},{"@type":"ImageObject","inLanguage":"en-GB","@id":"https:\/\/ihedn.fr\/publications\/nos-lectures\/#primaryimage","url":"https:\/\/ihedn.fr\/wp-content\/uploads\/2021\/02\/Ecole_Militaire_Bibliotheque-02-scaled.jpg","contentUrl":"https:\/\/ihedn.fr\/wp-content\/uploads\/2021\/02\/Ecole_Militaire_Bibliotheque-02-scaled.jpg","width":2560,"height":1714,"caption":"IHEDN | nos publications"},{"@type":"BreadcrumbList","@id":"https:\/\/ihedn.fr\/publications\/nos-lectures\/#breadcrumb","itemListElement":[{"@type":"ListItem","position":1,"name":"Accueil","item":"https:\/\/ihedn.fr\/"},{"@type":"ListItem","position":2,"name":"Publications","item":"https:\/\/ihedn.fr\/publications\/"},{"@type":"ListItem","position":3,"name":"Nos lectures"}]},{"@type":"WebSite","@id":"https:\/\/ihedn.fr\/#website","url":"https:\/\/ihedn.fr\/","name":"IHEDN: Institut des hautes \u00e9tudes de d\u00e9fense nationale (Institute for Higher National Defence Studies)","description":"Official website of the IHEDN under the supervision of the Prime Minister.","publisher":{"@id":"https:\/\/ihedn.fr\/#organization"},"potentialAction":[{"@type":"SearchAction","target":{"@type":"EntryPoint","urlTemplate":"https:\/\/ihedn.fr\/?s={search_term_string}"},"query-input":{"@type":"PropertyValueSpecification","valueRequired":true,"valueName":"search_term_string"}}],"inLanguage":"en-GB"},{"@type":"Organization","@id":"https:\/\/ihedn.fr\/#organization","name":"IHEDN - Institute for Higher National Defence Studies","url":"https:\/\/ihedn.fr\/","logo":{"@type":"ImageObject","inLanguage":"en-GB","@id":"https:\/\/ihedn.fr\/#\/schema\/logo\/image\/","url":"https:\/\/ihedn.fr\/wp-content\/uploads\/2020\/11\/BLOC_RF_IHEDN_WEB.png","contentUrl":"https:\/\/ihedn.fr\/wp-content\/uploads\/2020\/11\/BLOC_RF_IHEDN_WEB.png","width":500,"height":237,"caption":"IHEDN - Institut des Hautes Etudes de D\u00e9fense Nationale"},"image":{"@id":"https:\/\/ihedn.fr\/#\/schema\/logo\/image\/"},"sameAs":["https:\/\/www.facebook.com\/ihedn\/","https:\/\/x.com\/IHEDN","https:\/\/www.instagram.com\/ihedn\/","https:\/\/www.linkedin.com\/school\/ihedn\/","https:\/\/fr.wikipedia.org\/wiki\/Institut_des_hautes_\u00e9tudes_de_D\u00e9fense_nationale"]}]}},"publishpress_future_action":{"enabled":false,"date":"2026-05-06 06:02:04","action":"change-status","newStatus":"draft","terms":[],"taxonomy":"","extraData":[]},"publishpress_future_workflow_manual_trigger":{"enabledWorkflows":[]},"_links":{"self":[{"href":"https:\/\/ihedn.fr\/en\/wp-json\/wp\/v2\/pages\/10573","targetHints":{"allow":["GET"]}}],"collection":[{"href":"https:\/\/ihedn.fr\/en\/wp-json\/wp\/v2\/pages"}],"about":[{"href":"https:\/\/ihedn.fr\/en\/wp-json\/wp\/v2\/types\/page"}],"author":[{"embeddable":true,"href":"https:\/\/ihedn.fr\/en\/wp-json\/wp\/v2\/users\/1"}],"replies":[{"embeddable":true,"href":"https:\/\/ihedn.fr\/en\/wp-json\/wp\/v2\/comments?post=10573"}],"version-history":[{"count":35,"href":"https:\/\/ihedn.fr\/en\/wp-json\/wp\/v2\/pages\/10573\/revisions"}],"predecessor-version":[{"id":40309,"href":"https:\/\/ihedn.fr\/en\/wp-json\/wp\/v2\/pages\/10573\/revisions\/40309"}],"up":[{"embeddable":true,"href":"https:\/\/ihedn.fr\/en\/wp-json\/wp\/v2\/pages\/469"}],"wp:featuredmedia":[{"embeddable":true,"href":"https:\/\/ihedn.fr\/en\/wp-json\/wp\/v2\/media\/7757"}],"wp:attachment":[{"href":"https:\/\/ihedn.fr\/en\/wp-json\/wp\/v2\/media?parent=10573"}],"curies":[{"name":"wp","href":"https:\/\/api.w.org\/{rel}","templated":true}]}}