{"id":11376,"date":"2021-05-19T09:36:53","date_gmt":"2021-05-19T08:36:53","guid":{"rendered":"https:\/\/ihedn.fr\/?page_id=11376"},"modified":"2021-05-19T10:22:59","modified_gmt":"2021-05-19T09:22:59","slug":"9e-sn-1956-1957","status":"publish","type":"page","link":"https:\/\/ihedn.fr\/en\/9e-sn-1956-1957\/","title":{"rendered":"9th SN 1956-1957"},"content":{"rendered":"\t\t<div data-elementor-type=\"wp-page\" data-elementor-id=\"11376\" class=\"elementor elementor-11376\" data-elementor-post-type=\"page\">\n\t\t\t\t\t\t<section data-particle_enable=\"false\" data-particle-mobile-disabled=\"false\" class=\"elementor-section elementor-top-section elementor-element elementor-element-c1546a1 elementor-section-boxed elementor-section-height-default elementor-section-height-default\" data-id=\"c1546a1\" data-element_type=\"section\" data-e-type=\"section\">\n\t\t\t\t\t\t<div class=\"elementor-container elementor-column-gap-default\">\n\t\t\t\t\t<div class=\"elementor-column elementor-col-100 elementor-top-column elementor-element elementor-element-a80fd8d\" data-id=\"a80fd8d\" data-element_type=\"column\" data-e-type=\"column\">\n\t\t\t<div class=\"elementor-widget-wrap elementor-element-populated\">\n\t\t\t\t\t\t<div class=\"elementor-element elementor-element-dd8560f elementor-widget elementor-widget-image\" data-id=\"dd8560f\" data-element_type=\"widget\" data-e-type=\"widget\" data-widget_type=\"image.default\">\n\t\t\t\t<div class=\"elementor-widget-container\">\n\t\t\t\t\t\t\t\t\t\t\t\t\t\t\t<img fetchpriority=\"high\" decoding=\"async\" width=\"1664\" height=\"1200\" src=\"https:\/\/ihedn.fr\/wp-content\/uploads\/2021\/05\/09e-Session-nationale-1956-1957.jpg\" class=\"attachment-full size-full wp-image-11369\" alt=\"IHEDN - 9e Session nationale - 1956-1957\" srcset=\"https:\/\/ihedn.fr\/wp-content\/uploads\/2021\/05\/09e-Session-nationale-1956-1957.jpg 1664w, https:\/\/ihedn.fr\/wp-content\/uploads\/2021\/05\/09e-Session-nationale-1956-1957-1536x1108.jpg 1536w\" sizes=\"(max-width: 1664px) 100vw, 1664px\" \/>\t\t\t\t\t\t\t\t\t\t\t\t\t\t\t<\/div>\n\t\t\t\t<\/div>\n\t\t\t\t\t<\/div>\n\t\t<\/div>\n\t\t\t\t\t<\/div>\n\t\t<\/section>\n\t\t\t\t<section data-particle_enable=\"false\" data-particle-mobile-disabled=\"false\" class=\"elementor-section elementor-top-section elementor-element elementor-element-262842a elementor-section-boxed elementor-section-height-default elementor-section-height-default\" data-id=\"262842a\" data-element_type=\"section\" data-e-type=\"section\">\n\t\t\t\t\t\t<div class=\"elementor-container elementor-column-gap-default\">\n\t\t\t\t\t<div class=\"elementor-column elementor-col-100 elementor-top-column elementor-element elementor-element-acf6b20\" data-id=\"acf6b20\" data-element_type=\"column\" data-e-type=\"column\">\n\t\t\t<div class=\"elementor-widget-wrap elementor-element-populated\">\n\t\t\t\t\t\t<div class=\"elementor-element elementor-element-f0d4235 elementor-posts--thumbnail-left elementor-grid-3 elementor-grid-tablet-2 elementor-grid-mobile-1 elementor-widget elementor-widget-posts\" data-id=\"f0d4235\" data-element_type=\"widget\" data-e-type=\"widget\" data-settings=\"{&quot;classic_row_gap&quot;:{&quot;unit&quot;:&quot;px&quot;,&quot;size&quot;:6,&quot;sizes&quot;:[]},&quot;classic_columns&quot;:&quot;3&quot;,&quot;classic_columns_tablet&quot;:&quot;2&quot;,&quot;classic_columns_mobile&quot;:&quot;1&quot;,&quot;classic_row_gap_tablet&quot;:{&quot;unit&quot;:&quot;px&quot;,&quot;size&quot;:&quot;&quot;,&quot;sizes&quot;:[]},&quot;classic_row_gap_mobile&quot;:{&quot;unit&quot;:&quot;px&quot;,&quot;size&quot;:&quot;&quot;,&quot;sizes&quot;:[]}}\" data-widget_type=\"posts.classic\">\n\t\t\t\t<div class=\"elementor-widget-container\">\n\t\t\t\t\t\t\t<div class=\"elementor-posts-container elementor-posts elementor-posts--skin-classic elementor-grid\" role=\"list\">\n\t\t\t\t<article class=\"elementor-post elementor-grid-item post-39159 post type-post status-publish format-standard hentry category-veille-strategique\" role=\"listitem\">\n\t\t\t\t<div class=\"elementor-post__text\">\n\t\t\t\t<h2 class=\"elementor-post__title\">\n\t\t\t<a href=\"https:\/\/ihedn.fr\/en\/veille-strategique\/imaginer-au-dela-de-limaginaire-red-teaming-et-serious-game-au-service-de-lanticipation-et-de-la-prospective\/\" >\n\t\t\t\t\u2018\u2019Imaginer au-del\u00e0 de l\u2019imaginaire\u2019\u2019. Red teaming et serious game au service de l\u2019anticipation et de la prospective\t\t\t<\/a>\n\t\t<\/h2>\n\t\t\t\t<div class=\"elementor-post__excerpt\">\n\t\t\t<p>Cet article s\u2019int\u00e9resse aux nouveaux outils cognitifs qui sont mis \u00e0 disposition des forces arm\u00e9es pour penser la guerre de demain. Apr\u00e8s avoir pr\u00e9sent\u00e9 les<\/p>\n\t\t<\/div>\n\t\t\t\t<\/div>\n\t\t\t\t<\/article>\n\t\t\t\t<article class=\"elementor-post elementor-grid-item post-47329 post type-post status-publish format-standard hentry category-veille-strategique\" role=\"listitem\">\n\t\t\t\t<div class=\"elementor-post__text\">\n\t\t\t\t<h2 class=\"elementor-post__title\">\n\t\t\t<a href=\"https:\/\/ihedn.fr\/en\/veille-strategique\/wartime-economy-from-buzzword-to-reality-changes-in-european-defence-industrial-strategies-since-february-2022\/\" >\n\t\t\t\t\u2018\u2019Wartime economy\u2019\u2019 : From Buzzword to Reality ? Changes In European Defence Industrial Strategies Since February 2022\t\t\t<\/a>\n\t\t<\/h2>\n\t\t\t\t<div class=\"elementor-post__excerpt\">\n\t\t\t<p>Ce rapport pr\u00e9sente les principaux changements dans les strat\u00e9gies industrielles de d\u00e9fense qui ont eu lieu depuis f\u00e9vrier 2022 en France, en Allemagne, en Italie<\/p>\n\t\t<\/div>\n\t\t\t\t<\/div>\n\t\t\t\t<\/article>\n\t\t\t\t<article class=\"elementor-post elementor-grid-item post-9649 post type-post status-publish format-standard has-post-thumbnail hentry category-notre-actualite\" role=\"listitem\">\n\t\t\t\t<a class=\"elementor-post__thumbnail__link\" href=\"https:\/\/ihedn.fr\/en\/notre-actualite\/attaches-dadministration-du-ministere-des-armees\/\" tabindex=\"-1\" >\n\t\t\t<div class=\"elementor-post__thumbnail\"><img decoding=\"async\" width=\"1369\" height=\"599\" src=\"https:\/\/ihedn.fr\/wp-content\/uploads\/2021\/03\/2.-Capture-decran-ouverture-2e-Att-MINARM-1.png\" class=\"attachment-full size-full wp-image-9660\" alt=\"IHEDN | Attach\u00e9s d\u2019Administration \u00bb du minist\u00e8re des Arm\u00e9es\" \/><\/div>\n\t\t<\/a>\n\t\t\t\t<div class=\"elementor-post__text\">\n\t\t\t\t<h2 class=\"elementor-post__title\">\n\t\t\t<a href=\"https:\/\/ihedn.fr\/en\/notre-actualite\/attaches-dadministration-du-ministere-des-armees\/\" >\n\t\t\t\t\u00ab\u00a0Attach\u00e9s d\u2019Administration\u00a0\u00bb du minist\u00e8re des Arm\u00e9es\t\t\t<\/a>\n\t\t<\/h2>\n\t\t\t\t<div class=\"elementor-post__excerpt\">\n\t\t\t<p>Cette semaine s\u2019est tenu le 2e cycle \u00ab\u00a0Attach\u00e9s d\u2019Administration\u00a0\u00bb du minist\u00e8re des Arm\u00e9es, organis\u00e9 par l\u2019IHEDN, sous un format revu int\u00e9gralement en distanciel suite aux<\/p>\n\t\t<\/div>\n\t\t\t\t<\/div>\n\t\t\t\t<\/article>\n\t\t\t\t<article class=\"elementor-post elementor-grid-item post-22739 post type-post status-publish format-standard has-post-thumbnail hentry category-notre-actualite\" role=\"listitem\">\n\t\t\t\t<a class=\"elementor-post__thumbnail__link\" href=\"https:\/\/ihedn.fr\/en\/notre-actualite\/cybersecurite-tpe-pme-du-1er-semestre-2022-2\/\" tabindex=\"-1\" >\n\t\t\t<div class=\"elementor-post__thumbnail\"><img decoding=\"async\" width=\"1453\" height=\"1067\" src=\"https:\/\/ihedn.fr\/wp-content\/uploads\/2022\/05\/20220504-\u00aeIHEDN-cybersecurite-TPE_PME-001.jpg\" class=\"attachment-full size-full wp-image-22740\" alt=\"\u00aeIHEDN-cybers\u00e9curit\u00e9 TPE_PME\" \/><\/div>\n\t\t<\/a>\n\t\t\t\t<div class=\"elementor-post__text\">\n\t\t\t\t<h2 class=\"elementor-post__title\">\n\t\t\t<a href=\"https:\/\/ihedn.fr\/en\/notre-actualite\/cybersecurite-tpe-pme-du-1er-semestre-2022-2\/\" >\n\t\t\t\t\u00ab\u00a0Cybers\u00e9curit\u00e9 TPE \/ PME\u00a0\u00bb du 1<sup>er<\/sup> semestre 2022\t\t\t<\/a>\n\t\t<\/h2>\n\t\t\t\t<div class=\"elementor-post__excerpt\">\n\t\t\t<p>Les 3 et 4 mai s\u2019est tenue la formation \u00ab\u00a0cybers\u00e9curit\u00e9 TPE\/PME\u00a0\u00bb, organis\u00e9e et conduite par l\u2019Institut des hautes \u00e9tudes de d\u00e9fense nationale. Elle visait \u00e0<\/p>\n\t\t<\/div>\n\t\t\t\t<\/div>\n\t\t\t\t<\/article>\n\t\t\t\t<article class=\"elementor-post elementor-grid-item post-12845 post type-post status-publish format-standard has-post-thumbnail hentry category-notre-actualite\" role=\"listitem\">\n\t\t\t\t<a class=\"elementor-post__thumbnail__link\" href=\"https:\/\/ihedn.fr\/en\/notre-actualite\/termine-barre-et-machines-pour-la-6e-session-nationale-enjeux-et-strategies-maritimes\/\" tabindex=\"-1\" >\n\t\t\t<div class=\"elementor-post__thumbnail\"><img loading=\"lazy\" decoding=\"async\" width=\"1369\" height=\"409\" src=\"https:\/\/ihedn.fr\/wp-content\/uploads\/2021\/06\/IHEDN-3e-ESM-officielle-sans-masque.jpg\" class=\"attachment-full size-full wp-image-12881\" alt=\"\" \/><\/div>\n\t\t<\/a>\n\t\t\t\t<div class=\"elementor-post__text\">\n\t\t\t\t<h2 class=\"elementor-post__title\">\n\t\t\t<a href=\"https:\/\/ihedn.fr\/en\/notre-actualite\/termine-barre-et-machines-pour-la-6e-session-nationale-enjeux-et-strategies-maritimes\/\" >\n\t\t\t\t\u00ab\u00a0Termin\u00e9 barre et machines\u00a0\u00bb pour la 6e Session nationale \u00ab Enjeux et strat\u00e9gies maritimes\t\t\t<\/a>\n\t\t<\/h2>\n\t\t\t\t<div class=\"elementor-post__excerpt\">\n\t\t\t<p>Quelle ann\u00e9e pour les 34 auditeurs de la 6e Session nationale \u00ab Enjeux et strat\u00e9gies maritimes \u00bb depuis leur premi\u00e8re escale parisienne en septembre 2020.<\/p>\n\t\t<\/div>\n\t\t\t\t<\/div>\n\t\t\t\t<\/article>\n\t\t\t\t<article class=\"elementor-post elementor-grid-item post-45715 post type-post status-publish format-standard hentry category-veille-strategique\" role=\"listitem\">\n\t\t\t\t<div class=\"elementor-post__text\">\n\t\t\t\t<h2 class=\"elementor-post__title\">\n\t\t\t<a href=\"https:\/\/ihedn.fr\/en\/veille-strategique\/the-myths-that-warp-how-america-sees-russia-and-vice-versa\/\" >\n\t\t\t\t\u00ab \u202fThe Myths That Warp How America Sees Russia \u2014 and Vice Versa \u00bb\t\t\t<\/a>\n\t\t<\/h2>\n\t\t\t\t<div class=\"elementor-post__excerpt\">\n\t\t\t<p>Les \u00c9tats-Unis et la Russie sont oppos\u00e9s depuis longtemps. Lincoln critiquait d\u00e9j\u00e0 le r\u00e9gime tsariste et la Guerre Froide a bien entendu contribu\u00e9 \u00e0 former<\/p>\n\t\t<\/div>\n\t\t\t\t<\/div>\n\t\t\t\t<\/article>\n\t\t\t\t<article class=\"elementor-post elementor-grid-item post-44266 post type-post status-publish format-standard hentry category-veille-strategique\" role=\"listitem\">\n\t\t\t\t<div class=\"elementor-post__text\">\n\t\t\t\t<h2 class=\"elementor-post__title\">\n\t\t\t<a href=\"https:\/\/ihedn.fr\/en\/veille-strategique\/patrick-hinton-and-you-are-how-to-recognize-and-remedy-unrecognized-frictions\/\" >\n\t\t\t\t\u00ab And You Are? How to Recognize and Remedy Unrecognized Frictions \u00bb\t\t\t<\/a>\n\t\t<\/h2>\n\t\t\t\t<div class=\"elementor-post__excerpt\">\n\t\t\t<p>Il existe moins une arm\u00e9e que des composantes (marine, arm\u00e9e de terre ou de l\u2019air), et ces divisions se retrouvent aussi \u00e0 de plus bas<\/p>\n\t\t<\/div>\n\t\t\t\t<\/div>\n\t\t\t\t<\/article>\n\t\t\t\t<article class=\"elementor-post elementor-grid-item post-41606 post type-post status-publish format-standard has-post-thumbnail hentry category-notre-selection\" role=\"listitem\">\n\t\t\t\t<a class=\"elementor-post__thumbnail__link\" href=\"https:\/\/ihedn.fr\/en\/notre-selection\/athena-a-la-plage-le-cahier-de-vacances-de-lihedn\/\" tabindex=\"-1\" >\n\t\t\t<div class=\"elementor-post__thumbnail\"><img loading=\"lazy\" decoding=\"async\" width=\"1024\" height=\"512\" src=\"https:\/\/ihedn.fr\/wp-content\/uploads\/2023\/07\/athena-a-la-plage-1.jpg\" class=\"attachment-full size-full wp-image-41617\" alt=\"\" srcset=\"https:\/\/ihedn.fr\/wp-content\/uploads\/2023\/07\/athena-a-la-plage-1.jpg 1024w, https:\/\/ihedn.fr\/wp-content\/uploads\/2023\/07\/athena-a-la-plage-1-18x9.jpg 18w\" sizes=\"(max-width: 1024px) 100vw, 1024px\" \/><\/div>\n\t\t<\/a>\n\t\t\t\t<div class=\"elementor-post__text\">\n\t\t\t\t<h2 class=\"elementor-post__title\">\n\t\t\t<a href=\"https:\/\/ihedn.fr\/en\/notre-selection\/athena-a-la-plage-le-cahier-de-vacances-de-lihedn\/\" >\n\t\t\t\t\u00ab\u2009Ath\u00e9na \u00e0 la plage\u2009\u00bb : le cahier de vacances de l\u2019IHEDN\t\t\t<\/a>\n\t\t<\/h2>\n\t\t\t\t<div class=\"elementor-post__excerpt\">\n\t\t\t<p>D\u00e9esse de la strat\u00e9gie militaire, de la guerre et de la sagesse dans la mythologie grecque, Ath\u00e9na est aussi\u2026 la mascotte de l\u2019IHEDN. Jusqu\u2019\u00e0 fin ao\u00fbt, elle nous emm\u00e8ne explorer la culture de d\u00e9fense \u00e0 travers diff\u00e9rents contenus \u00e9rudits ou ludiques.<\/p>\n\t\t<\/div>\n\t\t\t\t<\/div>\n\t\t\t\t<\/article>\n\t\t\t\t<article class=\"elementor-post elementor-grid-item post-46459 post type-post status-publish format-standard hentry category-veille-strategique\" role=\"listitem\">\n\t\t\t\t<div class=\"elementor-post__text\">\n\t\t\t\t<h2 class=\"elementor-post__title\">\n\t\t\t<a href=\"https:\/\/ihedn.fr\/en\/veille-strategique\/automation-does-not-lead-to-leaner-land-forces\/\" >\n\t\t\t\t\u00ab\u202fAutomation Does Not Lead to Leaner Land Forces\u202f\u00bb\t\t\t<\/a>\n\t\t<\/h2>\n\t\t\t\t<div class=\"elementor-post__excerpt\">\n\t\t\t<p>L\u2019auteur analyse la question de l\u2019interd\u00e9pendance entre l\u2019humain et les nouvelles technologies. Il soutient l\u2019id\u00e9e selon laquelle le co\u00fbt et les limites des innovations technologiques<\/p>\n\t\t<\/div>\n\t\t\t\t<\/div>\n\t\t\t\t<\/article>\n\t\t\t\t<article class=\"elementor-post elementor-grid-item post-43719 post type-post status-publish format-standard hentry category-podcast category-veille-strategique\" role=\"listitem\">\n\t\t\t\t<div class=\"elementor-post__text\">\n\t\t\t\t<h2 class=\"elementor-post__title\">\n\t\t\t<a href=\"https:\/\/ihedn.fr\/en\/veille-strategique\/ce-que-lukraine-nous-apprend-sur-les-drones\/\" >\n\t\t\t\t\u00ab Ce que l&rsquo;Ukraine nous apprend sur les drones \u00bb\t\t\t<\/a>\n\t\t<\/h2>\n\t\t\t\t<div class=\"elementor-post__excerpt\">\n\t\t\t<p>Le Collimateur, 19 Septembre\u00a02023 Ulrike FRANKE, Senior policy \u00e0 l&rsquo;ECFR (European Council on Foreign Relations) \u00c9couter<\/p>\n\t\t<\/div>\n\t\t\t\t<\/div>\n\t\t\t\t<\/article>\n\t\t\t\t<article class=\"elementor-post elementor-grid-item post-44856 post type-post status-publish format-standard hentry category-veille-strategique\" role=\"listitem\">\n\t\t\t\t<div class=\"elementor-post__text\">\n\t\t\t\t<h2 class=\"elementor-post__title\">\n\t\t\t<a href=\"https:\/\/ihedn.fr\/en\/veille-strategique\/chinese-private-security-companies-neither-blackwater-nor-the-wagner-group\/\" >\n\t\t\t\t\u00ab Chinese Private Security Companies: Neither Blackwater Nor the Wagner Group \u00bb\t\t\t<\/a>\n\t\t<\/h2>\n\t\t\t\t<div class=\"elementor-post__excerpt\">\n\t\t\t<p>La volont\u00e9 chinoise de construire les nouvelles \u00ab\u00a0routes de la soie\u00a0\u00bb s\u2019est accompagn\u00e9e de la cr\u00e9ation de structures militaires priv\u00e9es d\u00e9di\u00e9es \u00e0 la d\u00e9fense des<\/p>\n\t\t<\/div>\n\t\t\t\t<\/div>\n\t\t\t\t<\/article>\n\t\t\t\t<article class=\"elementor-post elementor-grid-item post-47860 post type-post status-publish format-standard hentry category-doc-institutionnel category-veille-strategique\" role=\"listitem\">\n\t\t\t\t<div class=\"elementor-post__text\">\n\t\t\t\t<h2 class=\"elementor-post__title\">\n\t\t\t<a href=\"https:\/\/ihedn.fr\/en\/veille-strategique\/conclusion-des-travaux-dune-mission-dinformation-sur-lindustrie-de-defense-pourvoyeuse-dautonomie-strategique-en-europe\/\" >\n\t\t\t\t\u00ab Conclusion des travaux d\u2019une mission d\u2019information sur l\u2019industrie de d\u00e9fense, pourvoyeuse d\u2019autonomie strat\u00e9gique en Europe ? \u00bb\t\t\t<\/a>\n\t\t<\/h2>\n\t\t\t\t<div class=\"elementor-post__excerpt\">\n\t\t\t<p>Ce rapport d&rsquo;information a \u00e9t\u00e9 d\u00e9pos\u00e9 par la commission de la d\u00e9fense nationale et des forces arm\u00e9es, en conclusion des travaux d&rsquo;une mission d&rsquo;information sur<\/p>\n\t\t<\/div>\n\t\t\t\t<\/div>\n\t\t\t\t<\/article>\n\t\t\t\t<article class=\"elementor-post elementor-grid-item post-41092 post type-post status-publish format-standard hentry category-veille-strategique\" role=\"listitem\">\n\t\t\t\t<div class=\"elementor-post__text\">\n\t\t\t\t<h2 class=\"elementor-post__title\">\n\t\t\t<a href=\"https:\/\/ihedn.fr\/en\/veille-strategique\/construire-la-securite-economique-de-leurope\/\" >\n\t\t\t\t\u00ab Construire la s\u00e9curit\u00e9 \u00e9conomique de l\u2019Europe \u00bb\t\t\t<\/a>\n\t\t<\/h2>\n\t\t\t\t<div class=\"elementor-post__excerpt\">\n\t\t\t<p>Dans le contexte d\u2019\u00e9laboration de la strat\u00e9gie europ\u00e9enne de s\u00e9curit\u00e9 \u00e9conomique, l\u2019article revient sur les enjeux et l\u2019int\u00e9r\u00eat de ce concept, tout autant que sur<\/p>\n\t\t<\/div>\n\t\t\t\t<\/div>\n\t\t\t\t<\/article>\n\t\t\t\t<article class=\"elementor-post elementor-grid-item post-46454 post type-post status-publish format-standard hentry category-veille-strategique\" role=\"listitem\">\n\t\t\t\t<div class=\"elementor-post__text\">\n\t\t\t\t<h2 class=\"elementor-post__title\">\n\t\t\t<a href=\"https:\/\/ihedn.fr\/en\/veille-strategique\/counterstrategies-to-economic-warfare\/\" >\n\t\t\t\t\u00ab Counterstrategies to Economic Warfare \u00bb\t\t\t<\/a>\n\t\t<\/h2>\n\t\t\t\t<div class=\"elementor-post__excerpt\">\n\t\t\t<p>Alors que l\u2019interd\u00e9pendance \u00e9conomique est de plus en plus utilis\u00e9e comme un outil de comp\u00e9tition strat\u00e9gique, cet article \u00e9tablit une typologie de contremesures pour faire<\/p>\n\t\t<\/div>\n\t\t\t\t<\/div>\n\t\t\t\t<\/article>\n\t\t\t\t<article class=\"elementor-post elementor-grid-item post-43744 post type-post status-publish format-standard hentry category-podcast category-veille-strategique\" role=\"listitem\">\n\t\t\t\t<div class=\"elementor-post__text\">\n\t\t\t\t<h2 class=\"elementor-post__title\">\n\t\t\t<a href=\"https:\/\/ihedn.fr\/en\/veille-strategique\/japon-nouvel-acteur-cle-de-lindopacifique\/\" >\n\t\t\t\t\u00ab Cybers\u00e9curit\u00e9 maritime : comment la France lutte-t-elle contre les attaques cyber? \u00bb\t\t\t<\/a>\n\t\t<\/h2>\n\t\t\t\t<div class=\"elementor-post__excerpt\">\n\t\t\t<p>La transition num\u00e9rique concerne tous les secteurs \u00e9conomiques et comporte des vuln\u00e9rabilit\u00e9s qui peuvent fragiliser les diff\u00e9rents acteurs. Le domaine maritime est lui aussi concern\u00e9 par cette transformation\u2026 mais avec quelques particularit\u00e9s.<\/p>\n\t\t<\/div>\n\t\t\t\t<\/div>\n\t\t\t\t<\/article>\n\t\t\t\t<article class=\"elementor-post elementor-grid-item post-42927 post type-post status-publish format-standard hentry category-podcast category-veille-strategique\" role=\"listitem\">\n\t\t\t\t<div class=\"elementor-post__text\">\n\t\t\t\t<h2 class=\"elementor-post__title\">\n\t\t\t<a href=\"https:\/\/ihedn.fr\/en\/veille-strategique\/djihad-sur-leurope\/\" >\n\t\t\t\t\u00ab Djihad sur l\u2019Europe \u00bb\t\t\t<\/a>\n\t\t<\/h2>\n\t\t\t\t<div class=\"elementor-post__excerpt\">\n\t\t\t<p>S\u00e9rie documentaire, Arte, 6 septembre 2023, avec\u00a0 (En trois \u00e9pisodes qui d\u00e9taillent les racines et l\u2019essor du djihadisme comme id\u00e9ologie et moyen d\u2019action) Visionner<\/p>\n\t\t<\/div>\n\t\t\t\t<\/div>\n\t\t\t\t<\/article>\n\t\t\t\t<article class=\"elementor-post elementor-grid-item post-44887 post type-post status-publish format-standard hentry category-podcast category-veille-strategique\" role=\"listitem\">\n\t\t\t\t<div class=\"elementor-post__text\">\n\t\t\t\t<h2 class=\"elementor-post__title\">\n\t\t\t<a href=\"https:\/\/ihedn.fr\/en\/veille-strategique\/enjeux-strategiques-des-impacts-climatiques-le-role-de-la-dgris\/\" >\n\t\t\t\t\u00ab Enjeux strat\u00e9giques des impacts climatiques : le r\u00f4le de la DGRIS \u00bb\t\t\t<\/a>\n\t\t<\/h2>\n\t\t\t\t<div class=\"elementor-post__excerpt\">\n\t\t\t<p>Avec :\u00a0 \u00a0Alice RUFO \u00a0Sur le front climatique, IRIS, 7 d\u00e9cembre 2023 \u00c9couter<\/p>\n\t\t<\/div>\n\t\t\t\t<\/div>\n\t\t\t\t<\/article>\n\t\t\t\t<article class=\"elementor-post elementor-grid-item post-45730 post type-post status-publish format-standard hentry category-veille-strategique\" role=\"listitem\">\n\t\t\t\t<div class=\"elementor-post__text\">\n\t\t\t\t<h2 class=\"elementor-post__title\">\n\t\t\t<a href=\"https:\/\/ihedn.fr\/en\/veille-strategique\/equateur-une-plongee-rapide-dans-le-chaos-criminel\/\" >\n\t\t\t\t\u00ab \u00c9quateur : une plong\u00e9e rapide dans le chaos criminel \u00bb\t\t\t<\/a>\n\t\t<\/h2>\n\t\t\t\t<div class=\"elementor-post__excerpt\">\n\t\t\t<p>En ce d\u00e9but d\u2019ann\u00e9e 2024, l\u2019histoire s\u2019acc\u00e9l\u00e8re en Am\u00e9rique latine, r\u00e9gion en proie depuis des d\u00e9cennies \u00e0 une hyperviolence, qui vient rappeler l\u2019impact g\u00e9opolitique et<\/p>\n\t\t<\/div>\n\t\t\t\t<\/div>\n\t\t\t\t<\/article>\n\t\t\t\t<article class=\"elementor-post elementor-grid-item post-47422 post type-post status-publish format-standard has-post-thumbnail hentry category-defense-nationale category-lundis-de-lihedn category-notre-selection tag-esprit44\" role=\"listitem\">\n\t\t\t\t<a class=\"elementor-post__thumbnail__link\" href=\"https:\/\/ihedn.fr\/en\/notre-selection\/esprit-44-ce-que-la-defense-nationale-doit-a-lannee-1944\/\" tabindex=\"-1\" >\n\t\t\t<div class=\"elementor-post__thumbnail\"><img loading=\"lazy\" decoding=\"async\" width=\"1600\" height=\"900\" src=\"https:\/\/ihedn.fr\/wp-content\/uploads\/2024\/05\/esprit-44.jpg\" class=\"attachment-full size-full wp-image-47426\" alt=\"Visuel pour l&#039;article &quot;Esprit 44&quot; de l&#039;IHEDN\" srcset=\"https:\/\/ihedn.fr\/wp-content\/uploads\/2024\/05\/esprit-44.jpg 1600w, https:\/\/ihedn.fr\/wp-content\/uploads\/2024\/05\/esprit-44-1536x864.jpg 1536w, https:\/\/ihedn.fr\/wp-content\/uploads\/2024\/05\/esprit-44-18x10.jpg 18w\" sizes=\"(max-width: 1600px) 100vw, 1600px\" \/><\/div>\n\t\t<\/a>\n\t\t\t\t<div class=\"elementor-post__text\">\n\t\t\t\t<h2 class=\"elementor-post__title\">\n\t\t\t<a href=\"https:\/\/ihedn.fr\/en\/notre-selection\/esprit-44-ce-que-la-defense-nationale-doit-a-lannee-1944\/\" >\n\t\t\t\t\u00ab Esprit 44 \u00bb : ce que la d\u00e9fense nationale doit \u00e0 l\u2019ann\u00e9e 1944\t\t\t<\/a>\n\t\t<\/h2>\n\t\t\t\t<div class=\"elementor-post__excerpt\">\n\t\t\t<p>En partenariat avec la Fondation Charles-de-Gaulle, l\u2019IHEDN explore tout au long de cet \u00e9t\u00e9 diff\u00e9rents \u00e9v\u00e9nements survenus il y a 80 ans, cruciaux \u00e0 la fois pour le retour de la R\u00e9publique, la souverainet\u00e9 du pays et sa coh\u00e9sion nationale.<\/p>\n\t\t<\/div>\n\t\t\t\t<\/div>\n\t\t\t\t<\/article>\n\t\t\t\t<article class=\"elementor-post elementor-grid-item post-41133 post type-post status-publish format-standard hentry category-podcast category-veille-strategique\" role=\"listitem\">\n\t\t\t\t<div class=\"elementor-post__text\">\n\t\t\t\t<h2 class=\"elementor-post__title\">\n\t\t\t<a href=\"https:\/\/ihedn.fr\/en\/veille-strategique\/evaluating-nato-enlargement-since-the-end-of-the-cold-war\/\" >\n\t\t\t\t\u00ab Evaluating NATO enlargement since the end of the Cold War \u00bb\t\t\t<\/a>\n\t\t<\/h2>\n\t\t\t\t<div class=\"elementor-post__excerpt\">\n\t\t\t<p>Brookings, 15 juin 2023, avec James GOLDGELER (Brookings Institution), Jim TOWNSEND (Center for a New American Security), Joshua R. ITZKOWITZ SHIFRINSON (University of Maryland), Susan<\/p>\n\t\t<\/div>\n\t\t\t\t<\/div>\n\t\t\t\t<\/article>\n\t\t\t\t<article class=\"elementor-post elementor-grid-item post-42922 post type-post status-publish format-standard hentry category-podcast category-veille-strategique\" role=\"listitem\">\n\t\t\t\t<div class=\"elementor-post__text\">\n\t\t\t\t<h2 class=\"elementor-post__title\">\n\t\t\t<a href=\"https:\/\/ihedn.fr\/en\/veille-strategique\/flambee-des-cours-quand-le-grain-vient-a-manquer\/\" >\n\t\t\t\t\u00ab Flamb\u00e9e des cours : quand le grain vient \u00e0 manquer \u00bb\t\t\t<\/a>\n\t\t<\/h2>\n\t\t\t\t<div class=\"elementor-post__excerpt\">\n\t\t\t<p>France Culture, 18 septembre 2023, avec\u00a0 S\u00e9bastien ABIS Directeur du club DEMETER et chercheur associ\u00e9 \u00e0 l\u2019IRIS Pierre-Marie AUBERT Ing\u00e9nieur agronome, directeur duprogramme agriculture \u00e0<\/p>\n\t\t<\/div>\n\t\t\t\t<\/div>\n\t\t\t\t<\/article>\n\t\t\t\t<article class=\"elementor-post elementor-grid-item post-42934 post type-post status-publish format-standard hentry category-podcast category-veille-strategique\" role=\"listitem\">\n\t\t\t\t<div class=\"elementor-post__text\">\n\t\t\t\t<h2 class=\"elementor-post__title\">\n\t\t\t<a href=\"https:\/\/ihedn.fr\/en\/veille-strategique\/france-afrique-les-raisons-dune-crise\/\" >\n\t\t\t\t\u00ab France-Afrique : les raisons d&rsquo;une crise \u00bb\t\t\t<\/a>\n\t\t<\/h2>\n\t\t\t\t<div class=\"elementor-post__excerpt\">\n\t\t\t<p>Entretiens g\u00e9opo, 14 septembre 2023, avec&nbsp; Niagal\u00e9 Bagayoko Pascal Boniface \u00c9couter<\/p>\n\t\t<\/div>\n\t\t\t\t<\/div>\n\t\t\t\t<\/article>\n\t\t\t\t<article class=\"elementor-post elementor-grid-item post-44897 post type-post status-publish format-standard hentry category-podcast category-veille-strategique\" role=\"listitem\">\n\t\t\t\t<div class=\"elementor-post__text\">\n\t\t\t\t<h2 class=\"elementor-post__title\">\n\t\t\t<a href=\"https:\/\/ihedn.fr\/en\/veille-strategique\/gaza-quelles-recompositions-politiques-et-geopolitiques\/\" >\n\t\t\t\t\u00ab Gaza : quelles recompositions politiques et g\u00e9opolitiques ? \u00bb\t\t\t<\/a>\n\t\t<\/h2>\n\t\t\t\t<div class=\"elementor-post__excerpt\">\n\t\t\t<p>Avec :\u00a0 \u00a0Joan DEAS \u00a0Entretiens g\u00e9opo, 24 novembre 2023 \u00c9couter<\/p>\n\t\t<\/div>\n\t\t\t\t<\/div>\n\t\t\t\t<\/article>\n\t\t\t\t<article class=\"elementor-post elementor-grid-item post-43729 post type-post status-publish format-standard hentry category-podcast category-veille-strategique\" role=\"listitem\">\n\t\t\t\t<div class=\"elementor-post__text\">\n\t\t\t\t<h2 class=\"elementor-post__title\">\n\t\t\t<a href=\"https:\/\/ihedn.fr\/en\/veille-strategique\/geopolitique-de-la-drogue\/\" >\n\t\t\t\t\u00ab G\u00e9opolitique de la drogue \u00bb\t\t\t<\/a>\n\t\t<\/h2>\n\t\t\t\t<div class=\"elementor-post__excerpt\">\n\t\t\t<p>Entretiens g\u00e9opo, 22 Septembre 2023 Michel GANDILHON Pascal BONIFACE \u00c9couter<\/p>\n\t\t<\/div>\n\t\t\t\t<\/div>\n\t\t\t\t<\/article>\n\t\t\t\t<article class=\"elementor-post elementor-grid-item post-45749 post type-post status-publish format-standard hentry category-podcast category-veille-strategique\" role=\"listitem\">\n\t\t\t\t<div class=\"elementor-post__text\">\n\t\t\t\t<h2 class=\"elementor-post__title\">\n\t\t\t<a href=\"https:\/\/ihedn.fr\/en\/veille-strategique\/geopolitique-des-metaux-le-nouvel-or-noir\/\" >\n\t\t\t\t\u00ab G\u00e9opolitique des m\u00e9taux : le nouvel or noir ? \u00bb\t\t\t<\/a>\n\t\t<\/h2>\n\t\t\t\t<div class=\"elementor-post__excerpt\">\n\t\t\t<p>avec Emmanuel Hache, Entretiens g\u00e9opo, d\u00e9cembre 2023 \u00c9couter<\/p>\n\t\t<\/div>\n\t\t\t\t<\/div>\n\t\t\t\t<\/article>\n\t\t\t\t<article class=\"elementor-post elementor-grid-item post-44861 post type-post status-publish format-standard hentry category-veille-strategique\" role=\"listitem\">\n\t\t\t\t<div class=\"elementor-post__text\">\n\t\t\t\t<h2 class=\"elementor-post__title\">\n\t\t\t<a href=\"https:\/\/ihedn.fr\/en\/veille-strategique\/guerre-dukraine-ou-en-est-leconomie-russe\/\" >\n\t\t\t\t\u00ab Guerre d\u2019Ukraine : o\u00f9 en est l\u2019\u00e9conomie russe ? \u00bb\t\t\t<\/a>\n\t\t<\/h2>\n\t\t\t\t<div class=\"elementor-post__excerpt\">\n\t\t\t<p>Souvent class\u00e9e au 7e ou au 8e rang mondial, on jaugeait l\u2019\u00e9conomie russe primitive ; au d\u00e9clenchement de l\u2019invasion de l\u2019Ukraine, les vagues de sanctions<\/p>\n\t\t<\/div>\n\t\t\t\t<\/div>\n\t\t\t\t<\/article>\n\t\t\t\t<article class=\"elementor-post elementor-grid-item post-44308 post type-post status-publish format-standard hentry category-podcast category-veille-strategique\" role=\"listitem\">\n\t\t\t\t<div class=\"elementor-post__text\">\n\t\t\t\t<h2 class=\"elementor-post__title\">\n\t\t\t<a href=\"https:\/\/ihedn.fr\/en\/veille-strategique\/hamas-israel-quels-scenarios-apres-la-guerre\/\" >\n\t\t\t\t\u00ab\u2009Hamas-Isra\u00ebl : quels sc\u00e9narios apr\u00e8s la guerre\u2009?\u2009\u00bb\t\t\t<\/a>\n\t\t<\/h2>\n\t\t\t\t<div class=\"elementor-post__excerpt\">\n\t\t\t<p>Les attaques perp\u00e9tr\u00e9es par le Hamas en Isra\u00ebl le 7 octobre ont \u00e9t\u00e9 les premi\u00e8res d&rsquo;une telle ampleur men\u00e9es sur le territoire isra\u00e9lien. Elles ont caus\u00e9 la mort de 1400 civils et militaires isra\u00e9liens, et la prise de plus de 200 otages par le Hamas. Il s&rsquo;agit d&rsquo;un choc sans pr\u00e9c\u00e9dent en Isra\u00ebl qui ravive la m\u00e9moire de la Shoah et des pers\u00e9cutions subies par les Juifs dans le pass\u00e9.<\/p>\n\t\t<\/div>\n\t\t\t\t<\/div>\n\t\t\t\t<\/article>\n\t\t\t\t<article class=\"elementor-post elementor-grid-item post-44313 post type-post status-publish format-standard hentry category-podcast category-veille-strategique\" role=\"listitem\">\n\t\t\t\t<div class=\"elementor-post__text\">\n\t\t\t\t<h2 class=\"elementor-post__title\">\n\t\t\t<a href=\"https:\/\/ihedn.fr\/en\/veille-strategique\/hamas-israel-guerre-en-ukraine-quelles-lecons-militaires\/\" >\n\t\t\t\t\u00ab\u2009Hamas-Isra\u00ebl, Guerre en Ukraine : quelles le\u00e7ons militaires\u2009?\u2009\u00bb\t\t\t<\/a>\n\t\t<\/h2>\n\t\t\t\t<div class=\"elementor-post__excerpt\">\n\t\t\t<p>Le 7 octobre 2023, le Hamas a lanc\u00e9 une attaque surprise sur le territoire isra\u00e9lien. Celle-ci a \u00e0 ce jour provoqu\u00e9 la mort de plus 1 200 Isra\u00e9liens (selon les autorit\u00e9s isra\u00e9liennes) et la prise d\u2019otage de 150 personnes. Isra\u00ebl se lan\u00e7ait, d\u00e8s le 8 octobre dans une op\u00e9ration a\u00e9rienne contre Gaza qui a d\u00e9j\u00e0 fait plus de 1000 morts. Le Premier ministre isra\u00e9lien Benyamin Netanyaou annon\u00e7ait la mise en place d\u2019une op\u00e9ration terrestre \u00e0 travers la mobilisation de 300 000 r\u00e9servistes visant \u00e0 r\u00e9cup\u00e9rer les otages et \u00e0 \u00ab \u00e9radiquer le Hamas \u00bb. Ces r\u00e9cents \u00e9pisodes remettent le conflit isra\u00e9lo-palestinien au c\u0153ur de la sc\u00e8ne strat\u00e9gique. Apr\u00e8s pr\u00e8s de 75 ans de conflit, les perspectives de paix, et la mise en place d&rsquo;une solution \u00e0 deux \u00c9tats semblent plus inenvisageables que jamais.<\/p>\n\t\t<\/div>\n\t\t\t\t<\/div>\n\t\t\t\t<\/article>\n\t\t\t\t<article class=\"elementor-post elementor-grid-item post-44872 post type-post status-publish format-standard hentry category-veille-strategique\" role=\"listitem\">\n\t\t\t\t<div class=\"elementor-post__text\">\n\t\t\t\t<h2 class=\"elementor-post__title\">\n\t\t\t<a href=\"https:\/\/ihedn.fr\/en\/veille-strategique\/the-many-faces-of-the-monroe-doctrine\/\" >\n\t\t\t\t\u00ab Hamas\u2019s Goal in Gaza \u00bb\t\t\t<\/a>\n\t\t<\/h2>\n\t\t\t\t<div class=\"elementor-post__excerpt\">\n\t\t\t<p>La bande de Gaza n\u2019\u00e9tait plus consid\u00e9r\u00e9e par les forces de s\u00e9curit\u00e9 isra\u00e9lienne, depuis une d\u00e9cennie, comme une zone pouvant mettre en danger Isra\u00ebl. La<\/p>\n\t\t<\/div>\n\t\t\t\t<\/div>\n\t\t\t\t<\/article>\n\t\t\t\t<article class=\"elementor-post elementor-grid-item post-42891 post type-post status-publish format-standard hentry category-veille-strategique\" role=\"listitem\">\n\t\t\t\t<div class=\"elementor-post__text\">\n\t\t\t\t<h2 class=\"elementor-post__title\">\n\t\t\t<a href=\"https:\/\/ihedn.fr\/en\/veille-strategique\/haute-intensite-quels-defis-pour-les-armees-francaises\/\" >\n\t\t\t\t\u00ab Haute intensit\u00e9 : quels d\u00e9fis pour les arm\u00e9es fran\u00e7aises ?\t\t\t<\/a>\n\t\t<\/h2>\n\t\t\t\t<div class=\"elementor-post__excerpt\">\n\t\t\t<p>Le retour de la haute intensit\u00e9, entre autres, se traduit par une demande capacitaire croissante et cela induit une r\u00e9flexion sur notre capacit\u00e9 de riposte.<\/p>\n\t\t<\/div>\n\t\t\t\t<\/div>\n\t\t\t\t<\/article>\n\t\t\t\t<article class=\"elementor-post elementor-grid-item post-45759 post type-post status-publish format-standard hentry category-podcast category-veille-strategique\" role=\"listitem\">\n\t\t\t\t<div class=\"elementor-post__text\">\n\t\t\t\t<h2 class=\"elementor-post__title\">\n\t\t\t<a href=\"https:\/\/ihedn.fr\/en\/veille-strategique\/israel-une-offensive-sans-limite-avec-rony-brauman\/\" >\n\t\t\t\t\u00ab Isra\u00ebl : une offensive sans limite avec Rony Brauman \u00bb\t\t\t<\/a>\n\t\t<\/h2>\n\t\t\t\t<div class=\"elementor-post__excerpt\">\n\t\t\t<p>avec Rony Brauman, Entretiens g\u00e9opo, d\u00e9cembre 2023 \u00c9couter<\/p>\n\t\t<\/div>\n\t\t\t\t<\/div>\n\t\t\t\t<\/article>\n\t\t\t\t<article class=\"elementor-post elementor-grid-item post-44331 post type-post status-publish format-standard hentry category-podcast category-veille-strategique\" role=\"listitem\">\n\t\t\t\t<div class=\"elementor-post__text\">\n\t\t\t\t<h2 class=\"elementor-post__title\">\n\t\t\t<a href=\"https:\/\/ihedn.fr\/en\/veille-strategique\/israel-face-aux-tunnels-du-hezbollah\/\" >\n\t\t\t\t\u00ab\u2009Isra\u00ebl face aux tunnels du Hezbollah\u2009\u00bb\t\t\t<\/a>\n\t\t<\/h2>\n\t\t\t\t<div class=\"elementor-post__excerpt\">\n\t\t\t<p>Alors que l\u2019offensive isra\u00e9lienne sur la bande de Gaza devra faire face \u00e0 la probl\u00e9matique des tunnels du Hamas, le colonel Olivier Passot raconte les contremesures isra\u00e9liennes contre les tunnels venus du Liban en 2018, du point de vue de la Force int\u00e9rimaire des Nations unies au Liban (FINUL).<\/p>\n\t\t<\/div>\n\t\t\t\t<\/div>\n\t\t\t\t<\/article>\n\t\t\t\t<article class=\"elementor-post elementor-grid-item post-45784 post type-post status-publish format-standard hentry category-podcast category-veille-strategique\" role=\"listitem\">\n\t\t\t\t<div class=\"elementor-post__text\">\n\t\t\t\t<h2 class=\"elementor-post__title\">\n\t\t\t<a href=\"https:\/\/ihedn.fr\/en\/veille-strategique\/israel-hamas-faire-la-guerre-par-les-images\/\" >\n\t\t\t\t\u00ab Isra\u00ebl-Hamas : Faire la guerre par les images \u00bb\t\t\t<\/a>\n\t\t<\/h2>\n\t\t\t\t<div class=\"elementor-post__excerpt\">\n\t\t\t<p>avec Laurence Bindner et Am\u00e9lie Ferey, Le Collimateur, 16 janvier 2024 \u00c9couter<\/p>\n\t\t<\/div>\n\t\t\t\t<\/div>\n\t\t\t\t<\/article>\n\t\t\t\t<article class=\"elementor-post elementor-grid-item post-43740 post type-post status-publish format-standard hentry category-podcast category-veille-strategique\" role=\"listitem\">\n\t\t\t\t<div class=\"elementor-post__text\">\n\t\t\t\t<h2 class=\"elementor-post__title\">\n\t\t\t<a href=\"https:\/\/ihedn.fr\/en\/veille-strategique\/japon-nouvel-acteur-cle-de-l-indopacifique\/\" >\n\t\t\t\t\u00ab Japon : nouvel acteur cl\u00e9 de l\u2019Indopacifique ? \u00bb\t\t\t<\/a>\n\t\t<\/h2>\n\t\t\t\t<div class=\"elementor-post__excerpt\">\n\t\t\t<p>Le Japon, acteur cle\u0301 sur la sce\u0300ne internationale, est en plein bouleversement strate\u0301gique. La re\u0301cente publication de deux documents cruciaux, de\u0301die\u0301s respectivement a\u0300 la strate\u0301gie de se\u0301curite\u0301 nationale et a\u0300 la strate\u0301gie de de\u0301fense nationale, atteste de cette transformation majeure.<\/p>\n\t\t<\/div>\n\t\t\t\t<\/div>\n\t\t\t\t<\/article>\n\t\t\t\t<article class=\"elementor-post elementor-grid-item post-41114 post type-post status-publish format-standard hentry category-podcast category-veille-strategique\" role=\"listitem\">\n\t\t\t\t<div class=\"elementor-post__text\">\n\t\t\t\t<h2 class=\"elementor-post__title\">\n\t\t\t<a href=\"https:\/\/ihedn.fr\/en\/veille-strategique\/kosovo-faut-il-craindre-un-embrasement\/\" >\n\t\t\t\t\u00ab Kosovo : faut-il craindre un embrasement ?\t\t\t<\/a>\n\t\t<\/h2>\n\t\t\t\t<div class=\"elementor-post__excerpt\">\n\t\t\t<p>Affaires \u00e9trang\u00e8res,\u00a0 France culture, 10 juin 2023, avec : Marie KRPATA (Ifri), Fran\u00e7ois CHIMITS (CEPII), Shahin VALLEE (DGAP), Philippe LE CORRE (ESSEC) et Cyrille BRET<\/p>\n\t\t<\/div>\n\t\t\t\t<\/div>\n\t\t\t\t<\/article>\n\t\t\t\t<article class=\"elementor-post elementor-grid-item post-45779 post type-post status-publish format-standard hentry category-podcast category-veille-strategique\" role=\"listitem\">\n\t\t\t\t<div class=\"elementor-post__text\">\n\t\t\t\t<h2 class=\"elementor-post__title\">\n\t\t\t<a href=\"https:\/\/ihedn.fr\/en\/veille-strategique\/kosovo-siege-autour-du-poste-frontiere-dans-le-viseur-61\/\" >\n\t\t\t\t\u00ab Kosovo : Si\u00e8ge autour du poste-fronti\u00e8re [Dans le viseur #61] \u00bb\t\t\t<\/a>\n\t\t<\/h2>\n\t\t\t\t<div class=\"elementor-post__excerpt\">\n\t\t\t<p>Alexandre Jubelin, Le Collimateur, 12 janvier 2024 \u00c9couter<\/p>\n\t\t<\/div>\n\t\t\t\t<\/div>\n\t\t\t\t<\/article>\n\t\t\t\t<article class=\"elementor-post elementor-grid-item post-43724 post type-post status-publish format-standard hentry category-podcast category-veille-strategique\" role=\"listitem\">\n\t\t\t\t<div class=\"elementor-post__text\">\n\t\t\t\t<h2 class=\"elementor-post__title\">\n\t\t\t<a href=\"https:\/\/ihedn.fr\/en\/veille-strategique\/lallemagne-ses-ambitions-militaires-et-nous\/\" >\n\t\t\t\t\u00ab L&rsquo;Allemagne, ses ambitions militaires et nous \u00bb\t\t\t<\/a>\n\t\t<\/h2>\n\t\t\t\t<div class=\"elementor-post__excerpt\">\n\t\t\t<p>Le Collimateur, 26 Septembre\u00a02023 Elie TENENBAUM, directeur du centre des \u00e9tudes de s\u00e9curit\u00e9 de l\u2019IFRI L\u00e9o PERIA-PEIGNE, chercheur \u00e0 l\u2019IFRI \u00c9couter<\/p>\n\t\t<\/div>\n\t\t\t\t<\/div>\n\t\t\t\t<\/article>\n\t\t\t\t<article class=\"elementor-post elementor-grid-item post-42914 post type-post status-publish format-standard hentry category-podcast category-veille-strategique\" role=\"listitem\">\n\t\t\t\t<div class=\"elementor-post__text\">\n\t\t\t\t<h2 class=\"elementor-post__title\">\n\t\t\t<a href=\"https:\/\/ihedn.fr\/en\/veille-strategique\/larmee-chinoise-a-la-conquete-du-ciel\/\" >\n\t\t\t\t\u00ab L\u2019arm\u00e9e chinoise \u00e0 la conqu\u00eate du ciel \u00bb\t\t\t<\/a>\n\t\t<\/h2>\n\t\t\t\t<div class=\"elementor-post__excerpt\">\n\t\t\t<p>Le Collimateur, 12 septembre 2023, avec\u00a0 Alexandre JUBELIN Jean-Christophe NO\u00cbL Pierre VALLEE \u00c9couter<\/p>\n\t\t<\/div>\n\t\t\t\t<\/div>\n\t\t\t\t<\/article>\n\t\t\t\t<article class=\"elementor-post elementor-grid-item post-46783 post type-post status-publish format-standard hentry category-veille-strategique\" role=\"listitem\">\n\t\t\t\t<div class=\"elementor-post__text\">\n\t\t\t\t<h2 class=\"elementor-post__title\">\n\t\t\t<a href=\"https:\/\/ihedn.fr\/en\/veille-strategique\/larmee-francaise-au-sahel-un-corpus-doctrinal-a-lepreuve\/\" >\n\t\t\t\t\u00ab L\u2019arm\u00e9e fran\u00e7aise au Sahel : un corpus doctrinal \u00e0 l\u2019\u00e9preuve \u00bb\t\t\t<\/a>\n\t\t<\/h2>\n\t\t\t\t<div class=\"elementor-post__excerpt\">\n\t\t\t<p>L\u2019autrice de ce texte se propose d\u2019\u00e9valuer la pertinence du cadre doctrinal dans lequel s\u2019est inscrite la pr\u00e9sence militaire de la France dans l\u2019espace sah\u00e9lien<\/p>\n\t\t<\/div>\n\t\t\t\t<\/div>\n\t\t\t\t<\/article>\n\t\t\t\t<article class=\"elementor-post elementor-grid-item post-39971 post type-post status-publish format-standard has-post-thumbnail hentry category-notre-selection category-securite-nationale\" role=\"listitem\">\n\t\t\t\t<a class=\"elementor-post__thumbnail__link\" href=\"https:\/\/ihedn.fr\/en\/notre-selection\/lundis-de-lihedn-lart-operatif-russe-devoile\/\" tabindex=\"-1\" >\n\t\t\t<div class=\"elementor-post__thumbnail\"><img loading=\"lazy\" decoding=\"async\" width=\"2133\" height=\"1200\" src=\"https:\/\/ihedn.fr\/wp-content\/uploads\/2023\/05\/ARTDELAGUERRE-002.jpg\" class=\"attachment-full size-full wp-image-39975\" alt=\"Lundis de l\u2019IHEDN : \u00ab L\u2019art op\u00e9ratif \u00bb russe d\u00e9voil\u00e9\" srcset=\"https:\/\/ihedn.fr\/wp-content\/uploads\/2023\/05\/ARTDELAGUERRE-002.jpg 2133w, https:\/\/ihedn.fr\/wp-content\/uploads\/2023\/05\/ARTDELAGUERRE-002-1536x864.jpg 1536w, https:\/\/ihedn.fr\/wp-content\/uploads\/2023\/05\/ARTDELAGUERRE-002-2048x1152.jpg 2048w\" sizes=\"(max-width: 2133px) 100vw, 2133px\" \/><\/div>\n\t\t<\/a>\n\t\t\t\t<div class=\"elementor-post__text\">\n\t\t\t\t<h2 class=\"elementor-post__title\">\n\t\t\t<a href=\"https:\/\/ihedn.fr\/en\/notre-selection\/lundis-de-lihedn-lart-operatif-russe-devoile\/\" >\n\t\t\t\t\u00ab L\u2019art op\u00e9ratif \u00bb russe d\u00e9voil\u00e9\t\t\t<\/a>\n\t\t<\/h2>\n\t\t\t\t<div class=\"elementor-post__excerpt\">\n\t\t\t<p>Benoist Bihan et Jean Lopez ont pr\u00e9sent\u00e9, dans le cadre des d\u00e9bats strat\u00e9giques de l\u2019IHEDN, leur ouvrage \u201cConduire la guerre : entretiens sur l\u2019art op\u00e9ratif\u201d. Ils \u00e9clairent sa gen\u00e8se, ses applications dans des conflits historiques, mais aussi son actualit\u00e9, \u00e0 l\u2019heure du retour de la haute intensit\u00e9.<\/p>\n\t\t<\/div>\n\t\t\t\t<\/div>\n\t\t\t\t<\/article>\n\t\t\t\t<article class=\"elementor-post elementor-grid-item post-44318 post type-post status-publish format-standard hentry category-podcast category-veille-strategique\" role=\"listitem\">\n\t\t\t\t<div class=\"elementor-post__text\">\n\t\t\t\t<h2 class=\"elementor-post__title\">\n\t\t\t<a href=\"https:\/\/ihedn.fr\/en\/veille-strategique\/leffet-papillon-des-conflits-mondiaux\/\" >\n\t\t\t\t\u00ab\u2009L\u2019effet papillon des conflits mondiaux\u2009\u00bb\t\t\t<\/a>\n\t\t<\/h2>\n\t\t\t\t<div class=\"elementor-post__excerpt\">\n\t\t\t<p>Hamas-Isra\u00ebl, Guerre en Ukraine, Afghanistan, Sahel\u2026 quelles sont les cons\u00e9quences des conflits mondiaux sur les rapports de force internationaux ?<\/p>\n<p>Les attaques du 7 octobre lanc\u00e9es par le Hamas ont entra\u00een\u00e9 une s\u00e9rie de r\u00e9actions en cha\u00eene, sorte d'\u00a0\u00bbeffet papillon\u00a0\u00bb, \u00e0 commencer par le d\u00e9clenchement d\u2019une op\u00e9ration a\u00e9rienne contre Gaza par Isra\u00ebl le jour suivant. Les r\u00e9actions se multiplient \u00e9galement \u00e0 l\u2019\u00e9chelle r\u00e9gionale et internationale.<\/p>\n\t\t<\/div>\n\t\t\t\t<\/div>\n\t\t\t\t<\/article>\n\t\t\t\t<article class=\"elementor-post elementor-grid-item post-41119 post type-post status-publish format-standard hentry category-podcast category-veille-strategique\" role=\"listitem\">\n\t\t\t\t<div class=\"elementor-post__text\">\n\t\t\t\t<h2 class=\"elementor-post__title\">\n\t\t\t<a href=\"https:\/\/ihedn.fr\/en\/veille-strategique\/leurope-face-a-la-chine-le-cas-allemand\/\" >\n\t\t\t\t\u00ab L\u2019Europe face \u00e0 la Chine : le cas allemand \u00bb\t\t\t<\/a>\n\t\t<\/h2>\n\t\t\t\t<div class=\"elementor-post__excerpt\">\n\t\t\t<p>D\u00e9cryptage, RFI, 8 juin 2023 avec Lo\u00efc TREGOURES (IHEDN). \u00c9couter<\/p>\n\t\t<\/div>\n\t\t\t\t<\/div>\n\t\t\t\t<\/article>\n\t\t\t\t<article class=\"elementor-post elementor-grid-item post-41109 post type-post status-publish format-standard hentry category-podcast category-veille-strategique\" role=\"listitem\">\n\t\t\t\t<div class=\"elementor-post__text\">\n\t\t\t\t<h2 class=\"elementor-post__title\">\n\t\t\t<a href=\"https:\/\/ihedn.fr\/en\/veille-strategique\/linde-ou-lart-du-multi-alignement\/\" >\n\t\t\t\t\u00ab L\u2019Inde ou l\u2019art du \u00ab multi-alignement \u00bb\t\t\t<\/a>\n\t\t<\/h2>\n\t\t\t\t<div class=\"elementor-post__excerpt\">\n\t\t\t<p>Cultures Monde, France culture, 31 mai 2023 avec M\u00e9lissa LEVAILLANT, Olivier GUILLARD (EDHEC) et Jean-Luc RACINE (CNRS). \u00c9couter<\/p>\n\t\t<\/div>\n\t\t\t\t<\/div>\n\t\t\t\t<\/article>\n\t\t\t\t<article class=\"elementor-post elementor-grid-item post-46793 post type-post status-publish format-standard hentry category-veille-strategique\" role=\"listitem\">\n\t\t\t\t<div class=\"elementor-post__text\">\n\t\t\t\t<h2 class=\"elementor-post__title\">\n\t\t\t<a href=\"https:\/\/ihedn.fr\/en\/veille-strategique\/lindustrie-et-la-guerre-de-poutine-deconstruire-un-mythe\/\" >\n\t\t\t\t\u00ab L\u2019industrie et la guerre de Poutine : d\u00e9construire un mythe \u00bb\t\t\t<\/a>\n\t\t<\/h2>\n\t\t\t\t<div class=\"elementor-post__excerpt\">\n\t\t\t<p>Au travers d\u2019une \u00e9tude chiffr\u00e9e, l\u2019auteur pr\u00e9sente l\u2019\u00e9volution de l\u2019\u00e9conomie de l\u2019armement de la Russie depuis deux ans. Si la Russie n\u2019a pas connu un<\/p>\n\t\t<\/div>\n\t\t\t\t<\/div>\n\t\t\t\t<\/article>\n\t\t\t\t<article class=\"elementor-post elementor-grid-item post-44336 post type-post status-publish format-standard hentry category-podcast category-veille-strategique\" role=\"listitem\">\n\t\t\t\t<div class=\"elementor-post__text\">\n\t\t\t\t<h2 class=\"elementor-post__title\">\n\t\t\t<a href=\"https:\/\/ihedn.fr\/en\/veille-strategique\/liran-le-hamas-et-israel\/\" >\n\t\t\t\t\u00ab\u2009L\u2019Iran, le Hamas et Isra\u00ebl\u2009\u00bb\t\t\t<\/a>\n\t\t<\/h2>\n\t\t\t\t<div class=\"elementor-post__excerpt\">\n\t\t\t<p>Alors que l\u2019intervention isra\u00e9lienne dans la bande de Gaza face au Hamas se poursuit, le Collimateur se penche avec H\u00e9lo\u00efse Fayet (Institut Fran\u00e7ais des Relations Internationales) sur la place de l\u2019Iran, soutien historique du Hamas, et de sa strat\u00e9gie r\u00e9gionale dans ce conflit.<\/p>\n\t\t<\/div>\n\t\t\t\t<\/div>\n\t\t\t\t<\/article>\n\t\t\t\t<article class=\"elementor-post elementor-grid-item post-47850 post type-post status-publish format-standard hentry category-veille-strategique\" role=\"listitem\">\n\t\t\t\t<div class=\"elementor-post__text\">\n\t\t\t\t<h2 class=\"elementor-post__title\">\n\t\t\t<a href=\"https:\/\/ihedn.fr\/en\/veille-strategique\/lobligation-de-loyaute-envers-la-constitution-des-soldats-de-la-bundeswehr-et-lobligation-de-reserve-des-soldats-francais-deux-mecanismes-dencadrement-des-comportements-antidemocratiques-au-sein-des-f\/\" >\n\t\t\t\t\u00ab L\u2019obligation de loyaut\u00e9 envers la constitution des soldats de la Bundeswehr et l\u2019obligation de r\u00e9serve des soldats fran\u00e7ais : Deux m\u00e9canismes d\u2019encadrement des comportements antid\u00e9mocratiques au sein des forces arm\u00e9es \u00bb\t\t\t<\/a>\n\t\t<\/h2>\n\t\t\t\t<div class=\"elementor-post__excerpt\">\n\t\t\t<p>Dans un contexte de flamb\u00e9e populiste en Europe, cette note met en lumi\u00e8re les origines des actes antid\u00e9mocratiques r\u00e9pertori\u00e9s au sein de l\u2019arm\u00e9e en France<\/p>\n\t\t<\/div>\n\t\t\t\t<\/div>\n\t\t\t\t<\/article>\n\t\t\t\t<article class=\"elementor-post elementor-grid-item post-44902 post type-post status-publish format-standard hentry category-podcast category-veille-strategique\" role=\"listitem\">\n\t\t\t\t<div class=\"elementor-post__text\">\n\t\t\t\t<h2 class=\"elementor-post__title\">\n\t\t\t<a href=\"https:\/\/ihedn.fr\/en\/veille-strategique\/la-bataille-de-jerusalem\/\" >\n\t\t\t\t\u00ab La bataille de J\u00e9rusalem \u00bb\t\t\t<\/a>\n\t\t<\/h2>\n\t\t\t\t<div class=\"elementor-post__excerpt\">\n\t\t\t<p>Arte, 2023 Visionner<\/p>\n\t\t<\/div>\n\t\t\t\t<\/div>\n\t\t\t\t<\/article>\n\t\t\t\t<article class=\"elementor-post elementor-grid-item post-41086 post type-post status-publish format-standard hentry category-veille-strategique\" role=\"listitem\">\n\t\t\t\t<div class=\"elementor-post__text\">\n\t\t\t\t<h2 class=\"elementor-post__title\">\n\t\t\t<a href=\"https:\/\/ihedn.fr\/en\/veille-strategique\/la-communaute-politique-europeenne-avenir-dune-intuition\/\" >\n\t\t\t\t\u00ab La Communaut\u00e9 politique europ\u00e9enne : avenir d\u2019une intuition \u00bb\t\t\t<\/a>\n\t\t<\/h2>\n\t\t\t\t<div class=\"elementor-post__excerpt\">\n\t\t\t<p>A l\u2019occasion de la deuxi\u00e8me r\u00e9union de la Communaut\u00e9 politique europ\u00e9enne (CPE) qui s\u2019est tenue en Moldavie en juin 2023, ce court article revient sur<\/p>\n\t\t<\/div>\n\t\t\t\t<\/div>\n\t\t\t\t<\/article>\n\t\t\t\t<article class=\"elementor-post elementor-grid-item post-52148 post type-post status-publish format-standard has-post-thumbnail hentry category-defense-nationale category-lundis-de-lihedn category-notre-selection\" role=\"listitem\">\n\t\t\t\t<a class=\"elementor-post__thumbnail__link\" href=\"https:\/\/ihedn.fr\/en\/notre-selection\/la-defense-nationale-histoire-et-theorie-par-le-professeur-philippe-vial\/\" tabindex=\"-1\" >\n\t\t\t<div class=\"elementor-post__thumbnail\"><img loading=\"lazy\" decoding=\"async\" width=\"1920\" height=\"1080\" src=\"https:\/\/ihedn.fr\/wp-content\/uploads\/2025\/01\/BANDEAU_VALMY_JANVIER_2025.jpg\" class=\"attachment-full size-full wp-image-52157\" alt=\"La bataille de Valmy, le 20 septembre 1792, par Horace Vernet.\" srcset=\"https:\/\/ihedn.fr\/wp-content\/uploads\/2025\/01\/BANDEAU_VALMY_JANVIER_2025.jpg 1920w, https:\/\/ihedn.fr\/wp-content\/uploads\/2025\/01\/BANDEAU_VALMY_JANVIER_2025-1536x864.jpg 1536w, https:\/\/ihedn.fr\/wp-content\/uploads\/2025\/01\/BANDEAU_VALMY_JANVIER_2025-18x10.jpg 18w\" sizes=\"(max-width: 1920px) 100vw, 1920px\" \/><\/div>\n\t\t<\/a>\n\t\t\t\t<div class=\"elementor-post__text\">\n\t\t\t\t<h2 class=\"elementor-post__title\">\n\t\t\t<a href=\"https:\/\/ihedn.fr\/en\/notre-selection\/la-defense-nationale-histoire-et-theorie-par-le-professeur-philippe-vial\/\" >\n\t\t\t\t\u00ab La d\u00e9fense nationale, histoire et th\u00e9orie \u00bb, par le professeur Philippe Vial\t\t\t<\/a>\n\t\t<\/h2>\n\t\t\t\t<div class=\"elementor-post__excerpt\">\n\t\t\t<p>La notion de d\u00e9fense nationale, fondamentale pour notre institution, a une histoire riche et mouvement\u00e9e. L&rsquo;historien Philippe Vial l&rsquo;a retrac\u00e9e lors d&rsquo;une conf\u00e9rence devant les auditeurs de la 4e session nationale de l\u2019IHEDN. Premi\u00e8re partie (1870-1940).<\/p>\n\t\t<\/div>\n\t\t\t\t<\/div>\n\t\t\t\t<\/article>\n\t\t\t\t<article class=\"elementor-post elementor-grid-item post-41125 post type-post status-publish format-standard hentry category-podcast category-veille-strategique\" role=\"listitem\">\n\t\t\t\t<div class=\"elementor-post__text\">\n\t\t\t\t<h2 class=\"elementor-post__title\">\n\t\t\t<a href=\"https:\/\/ihedn.fr\/en\/veille-strategique\/la-dissuasion-nucleaire-dans-le-contexte-de-la-guerre-en-ukraine\/\" >\n\t\t\t\t\u00ab La dissuasion nucl\u00e9aire dans le contexte de la guerre en Ukraine \u00bb\t\t\t<\/a>\n\t\t<\/h2>\n\t\t\t\t<div class=\"elementor-post__excerpt\">\n\t\t\t<p>Boussole strat\u00e9gique, FMES,\u00a012 juin 2023 avec Benjamin HAUTECOUVERTURE (FRS). \u00c9couter<\/p>\n\t\t<\/div>\n\t\t\t\t<\/div>\n\t\t\t\t<\/article>\n\t\t\t\t<article class=\"elementor-post elementor-grid-item post-44346 post type-post status-publish format-standard hentry category-podcast category-veille-strategique\" role=\"listitem\">\n\t\t\t\t<div class=\"elementor-post__text\">\n\t\t\t\t<h2 class=\"elementor-post__title\">\n\t\t\t<a href=\"https:\/\/ihedn.fr\/en\/veille-strategique\/la-france-en-indopacifique\/\" >\n\t\t\t\t\u00ab La France en Indopacifique \u00bb\t\t\t<\/a>\n\t\t<\/h2>\n\t\t\t\t<div class=\"elementor-post__excerpt\">\n\t\t\t<p>Pour son premier num\u00e9ro, le podcast de l&rsquo;Acad\u00e9mie de d\u00e9fense de l&rsquo;\u00c9cole militaire (ACADEM) Pensez Strat\u00e9gique se penche sur la place de la France en Indopacifique. Dans cette \u00ab m\u00e9ta-r\u00e9gion \u00bb, th\u00e9\u00e2tre de la rivalit\u00e9 sino-am\u00e9ricaine, comment la France veut-elle \u0153uvrer \u00e0 la stabilit\u00e9 r\u00e9gionale tout en prot\u00e9geant sa souverainet\u00e9 ?<\/p>\n\t\t<\/div>\n\t\t\t\t<\/div>\n\t\t\t\t<\/article>\n\t\t\t\t<article class=\"elementor-post elementor-grid-item post-42908 post type-post status-publish format-standard hentry category-podcast category-veille-strategique\" role=\"listitem\">\n\t\t\t\t<div class=\"elementor-post__text\">\n\t\t\t\t<h2 class=\"elementor-post__title\">\n\t\t\t<a href=\"https:\/\/ihedn.fr\/en\/veille-strategique\/la-france-et-le-sahel-de-la-francafrique-aux-coups-detat\/\" >\n\t\t\t\t\u00ab La France et le Sahel : de la Fran\u00e7afrique aux coups d\u2019Etat \u00bb\t\t\t<\/a>\n\t\t<\/h2>\n\t\t\t\t<div class=\"elementor-post__excerpt\">\n\t\t\t<p>Le Collimateur, 29 ao\u00fbt 2023, avec\u00a0 Wassim NASR (France24) Elie TENENBAUM (Ifri) \u00c9couter<\/p>\n\t\t<\/div>\n\t\t\t\t<\/div>\n\t\t\t\t<\/article>\n\t\t\t\t<article class=\"elementor-post elementor-grid-item post-44907 post type-post status-publish format-standard hentry category-podcast category-veille-strategique\" role=\"listitem\">\n\t\t\t\t<div class=\"elementor-post__text\">\n\t\t\t\t<h2 class=\"elementor-post__title\">\n\t\t\t<a href=\"https:\/\/ihedn.fr\/en\/veille-strategique\/la-longue-guerre-iran-israel-usa\/\" >\n\t\t\t\t\u00ab La longue guerre Iran-Isra\u00ebl-USA \u00bb\t\t\t<\/a>\n\t\t<\/h2>\n\t\t\t\t<div class=\"elementor-post__excerpt\">\n\t\t\t<p>Arte, 2023 Visionner<\/p>\n\t\t<\/div>\n\t\t\t\t<\/div>\n\t\t\t\t<\/article>\n\t\t\t\t<article class=\"elementor-post elementor-grid-item post-44289 post type-post status-publish format-standard hentry category-veille-strategique\" role=\"listitem\">\n\t\t\t\t<div class=\"elementor-post__text\">\n\t\t\t\t<h2 class=\"elementor-post__title\">\n\t\t\t<a href=\"https:\/\/ihedn.fr\/en\/veille-strategique\/la-propulsion-nucleaire-navale-enjeux-techniques-et-strategiques-dune-technologie-confidentielle\/\" >\n\t\t\t\t\u00ab La propulsion nucl\u00e9aire navale : enjeux techniques et strat\u00e9giques d\u2019une technologie confidentielle \u00bb\t\t\t<\/a>\n\t\t<\/h2>\n\t\t\t\t<div class=\"elementor-post__excerpt\">\n\t\t\t<p>La propulsion nucl\u00e9aire conf\u00e8re de nombreux avantages\u00a0: autonomie, discr\u00e9tion, puissance et man\u0153uvrabilit\u00e9. Un historique de cette technologie est fait dans cet article ainsi qu\u2019une pr\u00e9sentation<\/p>\n\t\t<\/div>\n\t\t\t\t<\/div>\n\t\t\t\t<\/article>\n\t\t\t\t<article class=\"elementor-post elementor-grid-item post-45754 post type-post status-publish format-standard hentry category-podcast category-veille-strategique\" role=\"listitem\">\n\t\t\t\t<div class=\"elementor-post__text\">\n\t\t\t\t<h2 class=\"elementor-post__title\">\n\t\t\t<a href=\"https:\/\/ihedn.fr\/en\/veille-strategique\/la-realpolitik-appliquee-aux-conflits-actuels\/\" >\n\t\t\t\t\u00ab La realpolitik appliqu\u00e9e aux conflits actuels \u00bb\t\t\t<\/a>\n\t\t<\/h2>\n\t\t\t\t<div class=\"elementor-post__excerpt\">\n\t\t\t<p>avec G\u00e9rard Araud, Entretiens g\u00e9opo, d\u00e9cembre 2023 \u00c9couter<\/p>\n\t\t<\/div>\n\t\t\t\t<\/div>\n\t\t\t\t<\/article>\n\t\t\t\t<article class=\"elementor-post elementor-grid-item post-47844 post type-post status-publish format-standard hentry category-veille-strategique\" role=\"listitem\">\n\t\t\t\t<div class=\"elementor-post__text\">\n\t\t\t\t<h2 class=\"elementor-post__title\">\n\t\t\t<a href=\"https:\/\/ihedn.fr\/en\/veille-strategique\/le-futur-de-la-proliferation-nucleaire-apres-la-guerre-en-ukraine\/\" >\n\t\t\t\t\u00ab Le futur de la prolif\u00e9ration nucl\u00e9aire apr\u00e8s la guerre en Ukraine \u00bb\t\t\t<\/a>\n\t\t<\/h2>\n\t\t\t\t<div class=\"elementor-post__excerpt\">\n\t\t\t<p>L\u2019article passe en revue les arguments pr\u00e9voyant une acc\u00e9l\u00e9ration de la prolif\u00e9ration nucl\u00e9aire dans les ann\u00e9es \u00e0 venir et montre comment la litt\u00e9rature surestime en<\/p>\n\t\t<\/div>\n\t\t\t\t<\/div>\n\t\t\t\t<\/article>\n\t\t\t\t<article class=\"elementor-post elementor-grid-item post-47855 post type-post status-publish format-standard hentry category-veille-strategique\" role=\"listitem\">\n\t\t\t\t<div class=\"elementor-post__text\">\n\t\t\t\t<h2 class=\"elementor-post__title\">\n\t\t\t<a href=\"https:\/\/ihedn.fr\/en\/veille-strategique\/le-grand-elargissement-continu-un-nouveau-processus-vingt-ans-apres\/\" >\n\t\t\t\t\u00ab Le grand \u00e9largissement continu : un nouveau processus vingt ans apr\u00e8s \u00bb\t\t\t<\/a>\n\t\t<\/h2>\n\t\t\t\t<div class=\"elementor-post__excerpt\">\n\t\t\t<p>Cet article montre que l\u2019\u00e9largissement joue un r\u00f4le cl\u00e9 pour la s\u00e9curit\u00e9 europ\u00e9enne. L\u2019auteure d\u00e9crit les diff\u00e9rentes menaces int\u00e9rieures et les dangers ext\u00e9rieurs pour l\u2019Europe<\/p>\n\t\t<\/div>\n\t\t\t\t<\/div>\n\t\t\t\t<\/article>\n\t\t\t\t<article class=\"elementor-post elementor-grid-item post-43748 post type-post status-publish format-standard hentry category-podcast category-veille-strategique\" role=\"listitem\">\n\t\t\t\t<div class=\"elementor-post__text\">\n\t\t\t\t<h2 class=\"elementor-post__title\">\n\t\t\t<a href=\"https:\/\/ihedn.fr\/en\/veille-strategique\/cybersecurite-maritime-comment-la-france-lutte-t-elle-contre-les-attaques-cyber\/\" >\n\t\t\t\t\u00ab Le Moyen-Orient entre guerre et paix, Nouvelles alliances dans une r\u00e9gion en crise \u00bb\t\t\t<\/a>\n\t\t<\/h2>\n\t\t\t\t<div class=\"elementor-post__excerpt\">\n\t\t\t<p>Arte, 2023 \u00c9couter<\/p>\n\t\t<\/div>\n\t\t\t\t<\/div>\n\t\t\t\t<\/article>\n\t\t\t\t<article class=\"elementor-post elementor-grid-item post-44326 post type-post status-publish format-standard hentry category-podcast category-veille-strategique\" role=\"listitem\">\n\t\t\t\t<div class=\"elementor-post__text\">\n\t\t\t\t<h2 class=\"elementor-post__title\">\n\t\t\t<a href=\"https:\/\/ihedn.fr\/en\/veille-strategique\/le-putsch-dalger-une-tragedie-francaise\/\" >\n\t\t\t\t\u00ab\u2009Le putsch d\u2019Alger, une trag\u00e9die fran\u00e7aise\u2009\u00bb\t\t\t<\/a>\n\t\t<\/h2>\n\t\t\t\t<div class=\"elementor-post__excerpt\">\n\t\t\t<p>Pour ce nouvel \u00e9pisode du Fil de l\u2019\u00e9p\u00e9e, coproduit avec le podcast Paroles d\u2019histoire, le Collimateur \u00e9voque l\u2019un des moment les plus marquants de l\u2019histoire politico-militaire de la Ve R\u00e9publique, le putsch d\u2019Alger de 1961 ; avec Maurice Va\u00efsse, professeur \u00e9m\u00e9rite \u00e0 Sciences Po.<\/p>\n\t\t<\/div>\n\t\t\t\t<\/div>\n\t\t\t\t<\/article>\n\t\t\t\t<article class=\"elementor-post elementor-grid-item post-27724 post type-post status-publish format-standard has-post-thumbnail hentry category-lundis-de-lihedn category-notre-selection category-securite-internationale\" role=\"listitem\">\n\t\t\t\t<a class=\"elementor-post__thumbnail__link\" href=\"https:\/\/ihedn.fr\/en\/notre-selection\/le-rapport-de-lue-a-la-puissance-est-en-train-detre-bouleverse\/\" tabindex=\"-1\" >\n\t\t\t<div class=\"elementor-post__thumbnail\"><img loading=\"lazy\" decoding=\"async\" width=\"1600\" height=\"900\" src=\"https:\/\/ihedn.fr\/wp-content\/uploads\/2022\/11\/bandeau-model_HAROCHE-00-1.jpg\" class=\"attachment-full size-full wp-image-27350\" alt=\"\" srcset=\"https:\/\/ihedn.fr\/wp-content\/uploads\/2022\/11\/bandeau-model_HAROCHE-00-1.jpg 1600w, https:\/\/ihedn.fr\/wp-content\/uploads\/2022\/11\/bandeau-model_HAROCHE-00-1-1536x864.jpg 1536w\" sizes=\"(max-width: 1600px) 100vw, 1600px\" \/><\/div>\n\t\t<\/a>\n\t\t\t\t<div class=\"elementor-post__text\">\n\t\t\t\t<h2 class=\"elementor-post__title\">\n\t\t\t<a href=\"https:\/\/ihedn.fr\/en\/notre-selection\/le-rapport-de-lue-a-la-puissance-est-en-train-detre-bouleverse\/\" >\n\t\t\t\t\u00ab Le rapport de l&rsquo;UE \u00e0 la puissance est en train d&rsquo;\u00eatre boulevers\u00e9 \u00bb\t\t\t<\/a>\n\t\t<\/h2>\n\t\t\t\t<div class=\"elementor-post__excerpt\">\n\t\t\t<p>\u00ab Aux armes, Europ\u00e9ens ! \u00bb C\u2019est le titre de l\u2019article que Pierre Haroche, sp\u00e9cialiste de la politique de d\u00e9fense de l\u2019Union europ\u00e9enne (UE), publie dans le 3<sup>e<\/sup> volume du Rubicon, \u00ab Le r\u00e9veil europ\u00e9en et transatlantique \u00bb. Pour appuyer ce constat, le chercheur rappelle les moyens mis en \u0153uvre ces derni\u00e8res ann\u00e9es pour renforcer la s\u00e9curit\u00e9 europ\u00e9enne, et formule des propositions concr\u00e8tes. C\u2019est \u00e0 la lumi\u00e8re des derniers \u00e9v\u00e9nements qu\u2019il revient sur ces th\u00e8mes essentiels, \u00e0 l\u2019occasion du d\u00e9bat strat\u00e9gique organis\u00e9 \u00e0 l\u2019IHEDN, le 15 novembre.<\/p>\n\t\t<\/div>\n\t\t\t\t<\/div>\n\t\t\t\t<\/article>\n\t\t\t\t<article class=\"elementor-post elementor-grid-item post-44284 post type-post status-publish format-standard hentry category-veille-strategique\" role=\"listitem\">\n\t\t\t\t<div class=\"elementor-post__text\">\n\t\t\t\t<h2 class=\"elementor-post__title\">\n\t\t\t<a href=\"https:\/\/ihedn.fr\/en\/veille-strategique\/le-recul-de-la-france-en-afrique-une-perte-de-credibilite-mondiale\/\" >\n\t\t\t\t\u00ab\u2009Le recul de la France en Afrique : une perte de cr\u00e9dibilit\u00e9 mondiale\u2009\u00bb\t\t\t<\/a>\n\t\t<\/h2>\n\t\t\t\t<div class=\"elementor-post__excerpt\">\n\t\t\t<p>La pr\u00e9sence fran\u00e7aise en Afrique \u00e9tait un atout militaire important. Parall\u00e8lement le r\u00e9seau d\u2019ambassades fran\u00e7ais permettait de nouer de nombreuses collaborations entre la France et<\/p>\n\t\t<\/div>\n\t\t\t\t<\/div>\n\t\t\t\t<\/article>\n\t\t\t\t<article class=\"elementor-post elementor-grid-item post-45725 post type-post status-publish format-standard hentry category-veille-strategique\" role=\"listitem\">\n\t\t\t\t<div class=\"elementor-post__text\">\n\t\t\t\t<h2 class=\"elementor-post__title\">\n\t\t\t<a href=\"https:\/\/ihedn.fr\/en\/veille-strategique\/les-elections-de-2024-a-taiwan-un-paysage-politique-en-mouvement-ou-la-chine-reste-au-centre-du-jeu\/\" >\n\t\t\t\t\u00ab Les \u00e9lections de 2024 \u00e0 Ta\u00efwan : un paysage politique en mouvement o\u00f9 la Chine reste au centre du jeu \u00bb\t\t\t<\/a>\n\t\t<\/h2>\n\t\t\t\t<div class=\"elementor-post__excerpt\">\n\t\t\t<p>Les r\u00e9centes \u00e9lections ta\u00efwanaises ont vu une \u00e9volution dans le clivage politique. Il ne s\u2019agit plus d\u2019\u00eatre pour ou contre une union avec la Chine<\/p>\n\t\t<\/div>\n\t\t\t\t<\/div>\n\t\t\t\t<\/article>\n\t\t\t\t<article class=\"elementor-post elementor-grid-item post-41148 post type-post status-publish format-standard hentry category-podcast category-veille-strategique\" role=\"listitem\">\n\t\t\t\t<div class=\"elementor-post__text\">\n\t\t\t\t<h2 class=\"elementor-post__title\">\n\t\t\t<a href=\"https:\/\/ihedn.fr\/en\/veille-strategique\/les-enjeux-du-prochain-sommet-de-lotan\/\" >\n\t\t\t\t\u00ab Les enjeux du prochain sommet de l\u2019Otan \u00bb\t\t\t<\/a>\n\t\t<\/h2>\n\t\t\t\t<div class=\"elementor-post__excerpt\">\n\t\t\t<p>G\u00e9opolitique, 25 juin 2023, avec Jean &#8211; Pierre MAULNY (IRIS), Jean &#8211; Paul PALOMEROS (ancien chef d\u2019\u00e9tat-major de l\u2019Arm\u00e9e de l\u2019air et commandant alli\u00e9 Transformation<\/p>\n\t\t<\/div>\n\t\t\t\t<\/div>\n\t\t\t\t<\/article>\n\t\t\t\t<article class=\"elementor-post elementor-grid-item post-26340 post type-post status-publish format-standard has-post-thumbnail hentry category-defense-nationale category-notre-selection category-securite-nationale\" role=\"listitem\">\n\t\t\t\t<a class=\"elementor-post__thumbnail__link\" href=\"https:\/\/ihedn.fr\/en\/notre-selection\/les-enjeux-maritimes-touchent-directement-nos-populations\/\" tabindex=\"-1\" >\n\t\t\t<div class=\"elementor-post__thumbnail\"><img loading=\"lazy\" decoding=\"async\" width=\"1600\" height=\"900\" src=\"https:\/\/ihedn.fr\/wp-content\/uploads\/2022\/10\/bandeau-model_EURONAVAL-1.jpg\" class=\"attachment-full size-full wp-image-26367\" alt=\"\" srcset=\"https:\/\/ihedn.fr\/wp-content\/uploads\/2022\/10\/bandeau-model_EURONAVAL-1.jpg 1600w, https:\/\/ihedn.fr\/wp-content\/uploads\/2022\/10\/bandeau-model_EURONAVAL-1-1536x864.jpg 1536w\" sizes=\"(max-width: 1600px) 100vw, 1600px\" \/><\/div>\n\t\t<\/a>\n\t\t\t\t<div class=\"elementor-post__text\">\n\t\t\t\t<h2 class=\"elementor-post__title\">\n\t\t\t<a href=\"https:\/\/ihedn.fr\/en\/notre-selection\/les-enjeux-maritimes-touchent-directement-nos-populations\/\" >\n\t\t\t\t\u00ab Les enjeux maritimes touchent directement nos populations \u00bb\t\t\t<\/a>\n\t\t<\/h2>\n\t\t\t\t<div class=\"elementor-post__excerpt\">\n\t\t\t<p>Le vice-amiral d\u2019escadre (2s) G\u00e9rard Valin est chef de la majeure \u00ab enjeux et strat\u00e9gies maritimes \u00bb \u00e0 l\u2019Institut des hautes \u00e9tudes de d\u00e9fense nationale (IHEDN). Ancien amiral commandant la zone maritime oc\u00e9an Indien, il d\u00e9crypte les \u00e9volutions actuelles du domaine maritime, devenu un espace de confrontation.<\/p>\n\t\t<\/div>\n\t\t\t\t<\/div>\n\t\t\t\t<\/article>\n\t\t\t\t<article class=\"elementor-post elementor-grid-item post-46439 post type-post status-publish format-standard hentry category-veille-strategique\" role=\"listitem\">\n\t\t\t\t<div class=\"elementor-post__text\">\n\t\t\t\t<h2 class=\"elementor-post__title\">\n\t\t\t<a href=\"https:\/\/ihedn.fr\/en\/veille-strategique\/les-enjeux-militaires-de-la-guerre-dukraine-une-impasse-en-trompe-loeil\/\" >\n\t\t\t\t\u00ab Les enjeux militaires de la guerre d\u2019Ukraine : une impasse en trompe-l\u2019\u0153il ? \u00bb\t\t\t<\/a>\n\t\t<\/h2>\n\t\t\t\t<div class=\"elementor-post__excerpt\">\n\t\t\t<p>Les auteurs de cet article proposent une synth\u00e8se percutante et utile des principaux enjeux militaires de la guerre en Ukraine. Ils y analysent ses dynamiques<\/p>\n\t\t<\/div>\n\t\t\t\t<\/div>\n\t\t\t\t<\/article>\n\t\t\t\t<article class=\"elementor-post elementor-grid-item post-31535 post type-post status-publish format-standard has-post-thumbnail hentry category-defense-militaire category-defense-nationale category-lundis-de-lihedn category-notre-selection category-securite-internationale category-securite-nationale\" role=\"listitem\">\n\t\t\t\t<a class=\"elementor-post__thumbnail__link\" href=\"https:\/\/ihedn.fr\/en\/notre-selection\/les-femmes-doivent-etre-davantage-associees-a-la-diffusion-de-lesprit-de-defense\/\" tabindex=\"-1\" >\n\t\t\t<div class=\"elementor-post__thumbnail\"><img loading=\"lazy\" decoding=\"async\" width=\"1024\" height=\"512\" src=\"https:\/\/ihedn.fr\/wp-content\/uploads\/2022\/12\/Bandeau_deRavinel_1600x9002.jpg\" class=\"attachment-full size-full wp-image-31537\" alt=\"\" \/><\/div>\n\t\t<\/a>\n\t\t\t\t<div class=\"elementor-post__text\">\n\t\t\t\t<h2 class=\"elementor-post__title\">\n\t\t\t<a href=\"https:\/\/ihedn.fr\/en\/notre-selection\/les-femmes-doivent-etre-davantage-associees-a-la-diffusion-de-lesprit-de-defense\/\" >\n\t\t\t\t\u00ab Les femmes doivent \u00eatre davantage associ\u00e9es \u00e0 la diffusion de l\u2019esprit de d\u00e9fense \u00bb\t\t\t<\/a>\n\t\t<\/h2>\n\t\t\t\t<div class=\"elementor-post__excerpt\">\n\t\t\t<p>Sophie de Ravinel est auditrice de la 2<sup>e<\/sup> session nationale 2022-2023, majeure Politique de d\u00e9fense. Le contexte strat\u00e9gique actuel a \u00e9t\u00e9 l\u2019\u00e9l\u00e9ment d\u00e9clencheur de sa candidature. La journaliste politique du Figaro avait pour objectif de renforcer ses connaissances sur les enjeux de d\u00e9fense et s\u00e9curit\u00e9 nationale. Quelques jours apr\u00e8s l\u2019ouverture des inscriptions \u00e0 la session nationale 2023-2024, elle explique pourquoi les femmes devraient candidater. <\/p>\n\t\t<\/div>\n\t\t\t\t<\/div>\n\t\t\t\t<\/article>\n\t\t\t\t<article class=\"elementor-post elementor-grid-item post-44294 post type-post status-publish format-standard hentry category-podcast category-veille-strategique\" role=\"listitem\">\n\t\t\t\t<div class=\"elementor-post__text\">\n\t\t\t\t<h2 class=\"elementor-post__title\">\n\t\t\t<a href=\"https:\/\/ihedn.fr\/en\/veille-strategique\/louis-xiv-et-la-royale-le-soleil-a-rendez-vous-avec-la-mer\/\" >\n\t\t\t\t\u00ab\u2009Louis XIV et la Royale, le Soleil a rendez-vous avec la mer\u2009\u00bb\t\t\t<\/a>\n\t\t<\/h2>\n\t\t\t\t<div class=\"elementor-post__excerpt\">\n\t\t\t<p>En 1624, sous le r\u00e8gne de Louis XIII, Richelieu cr\u00e9e la Marine royale. Pourquoi alors retient-on Colbert et Louis XIV comme les v\u00e9ritables instigateurs d&rsquo;une politique navale ambitieuse ? Peut-on parler d&rsquo;un \u00e2ge d&rsquo;or de la Marine sous le Roi-Soleil ?<\/p>\n\t\t<\/div>\n\t\t\t\t<\/div>\n\t\t\t\t<\/article>\n\t\t\t\t<article class=\"elementor-post elementor-grid-item post-46431 post type-post status-publish format-standard hentry category-veille-strategique\" role=\"listitem\">\n\t\t\t\t<div class=\"elementor-post__text\">\n\t\t\t\t<h2 class=\"elementor-post__title\">\n\t\t\t<a href=\"https:\/\/ihedn.fr\/en\/veille-strategique\/macron-a-new-delhi-une-quete-partagee-dautonomie-strategique-dans-un-monde-multipolaire\/\" >\n\t\t\t\t\u00ab Macron \u00e0 New Delhi : une qu\u00eate partag\u00e9e d\u2019autonomie strat\u00e9gique dans un monde multipolaire \u00bb\t\t\t<\/a>\n\t\t<\/h2>\n\t\t\t\t<div class=\"elementor-post__excerpt\">\n\t\t\t<p>Ce court article est int\u00e9ressant \u00e0 deux \u00e9gards. D\u2019abord, il pr\u00e9sente, de mani\u00e8re p\u00e9dagogique, les points communs dans l\u2019exercice des politiques \u00e9trang\u00e8res de la France<\/p>\n\t\t<\/div>\n\t\t\t\t<\/div>\n\t\t\t\t<\/article>\n\t\t\t\t<article class=\"elementor-post elementor-grid-item post-44914 post type-post status-publish format-standard hentry category-podcast category-veille-strategique\" role=\"listitem\">\n\t\t\t\t<div class=\"elementor-post__text\">\n\t\t\t\t<h2 class=\"elementor-post__title\">\n\t\t\t<a href=\"https:\/\/ihedn.fr\/en\/veille-strategique\/mafias-et-banques\/\" >\n\t\t\t\t\u00ab Mafias et banques \u00bb\t\t\t<\/a>\n\t\t<\/h2>\n\t\t\t\t<div class=\"elementor-post__excerpt\">\n\t\t\t<p>Arte, 2023 Visionner<\/p>\n\t\t<\/div>\n\t\t\t\t<\/div>\n\t\t\t\t<\/article>\n\t\t\t\t<article class=\"elementor-post elementor-grid-item post-41098 post type-post status-publish format-standard hentry category-veille-strategique\" role=\"listitem\">\n\t\t\t\t<div class=\"elementor-post__text\">\n\t\t\t\t<h2 class=\"elementor-post__title\">\n\t\t\t<a href=\"https:\/\/ihedn.fr\/en\/veille-strategique\/maintenir-les-etats-unis-a-proximite-la-chine-a-distance-et-la-russie-affaiblie-comment-les-europeens-evoluent-dans-un-monde-competitif\/\" >\n\t\t\t\t\u00ab Maintenir les \u00c9tats-Unis \u00e0 proximit\u00e9, la Chine \u00e0 distance et la Russie affaiblie : comment les Europ\u00e9ens \u00e9voluent dans un monde comp\u00e9titif \u00bb\t\t\t<\/a>\n\t\t<\/h2>\n\t\t\t\t<div class=\"elementor-post__excerpt\">\n\t\t\t<p>R\u00e9alis\u00e9e aupr\u00e8s des populations de onze pays de l\u2019UE en avril 2023, cette enqu\u00eate porte sur les attitudes des Europ\u00e9ens \u00e0 l\u2019\u00e9gard de la Chine,<\/p>\n\t\t<\/div>\n\t\t\t\t<\/div>\n\t\t\t\t<\/article>\n\t\t\t\t<article class=\"elementor-post elementor-grid-item post-45789 post type-post status-publish format-standard hentry category-podcast category-veille-strategique\" role=\"listitem\">\n\t\t\t\t<div class=\"elementor-post__text\">\n\t\t\t\t<h2 class=\"elementor-post__title\">\n\t\t\t<a href=\"https:\/\/ihedn.fr\/en\/veille-strategique\/mer-rouge-lautre-front-de-la-guerre-au-moyen-orient\/\" >\n\t\t\t\t\u00ab Mer rouge : l\u2019autre front de la guerre au Moyen-Orient \u00bb\t\t\t<\/a>\n\t\t<\/h2>\n\t\t\t\t<div class=\"elementor-post__excerpt\">\n\t\t\t<p>France Culture, 20 janvier 2024 \u00c9couter<\/p>\n\t\t<\/div>\n\t\t\t\t<\/div>\n\t\t\t\t<\/article>\n\t\t\t\t<article class=\"elementor-post elementor-grid-item post-45769 post type-post status-publish format-standard hentry category-podcast category-veille-strategique\" role=\"listitem\">\n\t\t\t\t<div class=\"elementor-post__text\">\n\t\t\t\t<h2 class=\"elementor-post__title\">\n\t\t\t<a href=\"https:\/\/ihedn.fr\/en\/veille-strategique\/mines-et-ied-quand-le-danger-vient-du-sol\/\" >\n\t\t\t\t\u00ab Mines et IED : Quand le danger vient du sol \u00bb\t\t\t<\/a>\n\t\t<\/h2>\n\t\t\t\t<div class=\"elementor-post__excerpt\">\n\t\t\t<p>avec Isabelle Dufour et St\u00e9phane Audrand, Le Collimateur, 9 janvier 2024 \u00c9couter<\/p>\n\t\t<\/div>\n\t\t\t\t<\/div>\n\t\t\t\t<\/article>\n\t\t\t\t<article class=\"elementor-post elementor-grid-item post-51416 post type-post status-publish format-standard has-post-thumbnail hentry category-notre-selection\" role=\"listitem\">\n\t\t\t\t<a class=\"elementor-post__thumbnail__link\" href=\"https:\/\/ihedn.fr\/en\/notre-selection\/monuments-men-la-touche-francaise-dune-celebre-epopee\/\" tabindex=\"-1\" >\n\t\t\t<div class=\"elementor-post__thumbnail\"><img loading=\"lazy\" decoding=\"async\" width=\"1280\" height=\"640\" src=\"https:\/\/ihedn.fr\/wp-content\/uploads\/2024\/11\/monuments-men.jpg\" class=\"attachment-full size-full wp-image-51424\" alt=\"\" srcset=\"https:\/\/ihedn.fr\/wp-content\/uploads\/2024\/11\/monuments-men.jpg 1280w, https:\/\/ihedn.fr\/wp-content\/uploads\/2024\/11\/monuments-men-18x9.jpg 18w\" sizes=\"(max-width: 1280px) 100vw, 1280px\" \/><\/div>\n\t\t<\/a>\n\t\t\t\t<div class=\"elementor-post__text\">\n\t\t\t\t<h2 class=\"elementor-post__title\">\n\t\t\t<a href=\"https:\/\/ihedn.fr\/en\/notre-selection\/monuments-men-la-touche-francaise-dune-celebre-epopee\/\" >\n\t\t\t\t\u00ab Monuments Men \u00bb : la touche fran\u00e7aise d\u2019une c\u00e9l\u00e8bre \u00e9pop\u00e9e\t\t\t<\/a>\n\t\t<\/h2>\n\t\t\t\t<div class=\"elementor-post__excerpt\">\n\t\t\t<p>Mise en valeur par une exposition dans le Val-d\u2019Oise, la mission de r\u00e9cup\u00e9ration d\u2019\u0153uvres d\u2019art dans le IIIe Reich vaincu rec\u00e8le des facettes m\u00e9connues, au-del\u00e0 de l\u2019art et de la conservatrice et r\u00e9sistante Rose Valland.<\/p>\n\t\t<\/div>\n\t\t\t\t<\/div>\n\t\t\t\t<\/article>\n\t\t\t\t<article class=\"elementor-post elementor-grid-item post-54337 post type-post status-publish format-standard has-post-thumbnail hentry category-lundis-de-lihedn category-notre-selection category-securite-internationale\" role=\"listitem\">\n\t\t\t\t<a class=\"elementor-post__thumbnail__link\" href=\"https:\/\/ihedn.fr\/en\/notre-selection\/new-space-les-defis-strategiques-de-la-privatisation-de-lespace\/\" tabindex=\"-1\" >\n\t\t\t<div class=\"elementor-post__thumbnail\"><img loading=\"lazy\" decoding=\"async\" width=\"1920\" height=\"1080\" src=\"https:\/\/ihedn.fr\/wp-content\/uploads\/2025\/05\/BANDEAU_LIH_19052025.jpg\" class=\"attachment-full size-full wp-image-54339\" alt=\"Capsule en orbite autour de la Terre | Lundis de l&#039;IHEDN New space\u2019 : les d\u00e9fis strat\u00e9giques de la privatisation de l\u2019espace\" srcset=\"https:\/\/ihedn.fr\/wp-content\/uploads\/2025\/05\/BANDEAU_LIH_19052025.jpg 1920w, https:\/\/ihedn.fr\/wp-content\/uploads\/2025\/05\/BANDEAU_LIH_19052025-1536x864.jpg 1536w, https:\/\/ihedn.fr\/wp-content\/uploads\/2025\/05\/BANDEAU_LIH_19052025-18x10.jpg 18w\" sizes=\"(max-width: 1920px) 100vw, 1920px\" \/><\/div>\n\t\t<\/a>\n\t\t\t\t<div class=\"elementor-post__text\">\n\t\t\t\t<h2 class=\"elementor-post__title\">\n\t\t\t<a href=\"https:\/\/ihedn.fr\/en\/notre-selection\/new-space-les-defis-strategiques-de-la-privatisation-de-lespace\/\" >\n\t\t\t\t\u00ab New space \u00bb : les d\u00e9fis strat\u00e9giques de la privatisation de l\u2019espace\t\t\t<\/a>\n\t\t<\/h2>\n\t\t\t\t<div class=\"elementor-post__excerpt\">\n\t\t\t<p>Port\u00e9 par l&rsquo;essor des acteurs priv\u00e9s et l&rsquo;innovation technologique, le new space bouleverse les rapports de force dans l\u2019espace. Entre ambitions de souverainet\u00e9, comp\u00e9titivit\u00e9 industrielle et encadrement juridique encore fragile, la France et l\u2019Europe cherchent leur place dans ce nouvel ordre orbital.<\/p>\n\t\t<\/div>\n\t\t\t\t<\/div>\n\t\t\t\t<\/article>\n\t\t\t\t<article class=\"elementor-post elementor-grid-item post-45705 post type-post status-publish format-standard hentry category-veille-strategique\" role=\"listitem\">\n\t\t\t\t<div class=\"elementor-post__text\">\n\t\t\t\t<h2 class=\"elementor-post__title\">\n\t\t\t<a href=\"https:\/\/ihedn.fr\/en\/veille-strategique\/hamass-goal-in-gaza\/\" >\n\t\t\t\t\u00ab Peace Between Israelis and Palestinians Remains Possible\u202f \u00bb\t\t\t<\/a>\n\t\t<\/h2>\n\t\t\t\t<div class=\"elementor-post__excerpt\">\n\t\t\t<p>Pour l\u2019auteur, les attaques du Hamas du 7 octobre ont marqu\u00e9 un double \u00e9chec. Celui du Hamas qui n\u2019a apport\u00e9 que ruine aux Gazaouis et<\/p>\n\t\t<\/div>\n\t\t\t\t<\/div>\n\t\t\t\t<\/article>\n\t\t\t\t<article class=\"elementor-post elementor-grid-item post-42939 post type-post status-publish format-standard hentry category-podcast category-veille-strategique\" role=\"listitem\">\n\t\t\t\t<div class=\"elementor-post__text\">\n\t\t\t\t<h2 class=\"elementor-post__title\">\n\t\t\t<a href=\"https:\/\/ihedn.fr\/en\/veille-strategique\/perspectives-et-prospective-geopolitiques\/\" >\n\t\t\t\t\u00ab Perspectives et prospective g\u00e9opolitiques \u00bb\t\t\t<\/a>\n\t\t<\/h2>\n\t\t\t\t<div class=\"elementor-post__excerpt\">\n\t\t\t<p>Entretiens g\u00e9opo, 07 septembre 2023, avec\u00a0 G\u00e9rard Chaliand Pascal Boniface \u00c9couter<\/p>\n\t\t<\/div>\n\t\t\t\t<\/div>\n\t\t\t\t<\/article>\n\t\t\t\t<article class=\"elementor-post elementor-grid-item post-44877 post type-post status-publish format-standard hentry category-podcast category-veille-strategique\" role=\"listitem\">\n\t\t\t\t<div class=\"elementor-post__text\">\n\t\t\t\t<h2 class=\"elementor-post__title\">\n\t\t\t<a href=\"https:\/\/ihedn.fr\/en\/veille-strategique\/porter-les-armes-en-russie-et-en-ukraine\/\" >\n\t\t\t\t\u00ab Porter les armes en Russie et en Ukraine \u00bb\t\t\t<\/a>\n\t\t<\/h2>\n\t\t\t\t<div class=\"elementor-post__excerpt\">\n\t\t\t<p>Avec :\u00a0 Anna COLIN LEBEDEV \u00a0 Le Collimateur, 28 novembre 2023 \u00c9couter<\/p>\n\t\t<\/div>\n\t\t\t\t<\/div>\n\t\t\t\t<\/article>\n\t\t\t\t<article class=\"elementor-post elementor-grid-item post-46788 post type-post status-publish format-standard hentry category-veille-strategique\" role=\"listitem\">\n\t\t\t\t<div class=\"elementor-post__text\">\n\t\t\t\t<h2 class=\"elementor-post__title\">\n\t\t\t<a href=\"https:\/\/ihedn.fr\/en\/veille-strategique\/pour-une-securite-economique-europeenne-efficace\/\" >\n\t\t\t\t\u00ab Pour une s\u00e9curit\u00e9 \u00e9conomique europ\u00e9enne efficace \u00bb\t\t\t<\/a>\n\t\t<\/h2>\n\t\t\t\t<div class=\"elementor-post__excerpt\">\n\t\t\t<p>\u00c0 partir d\u2019entretiens avec des d\u00e9cideurs, Fran\u00e7ois Godement d\u00e9chiffre les d\u00e9bats europ\u00e9ens autour du de-risking, et dessine une voie r\u00e9aliste pour coordonner l\u2019action de l&rsquo;UE<\/p>\n\t\t<\/div>\n\t\t\t\t<\/div>\n\t\t\t\t<\/article>\n\t\t\t\t<article class=\"elementor-post elementor-grid-item post-46777 post type-post status-publish format-standard hentry category-veille-strategique\" role=\"listitem\">\n\t\t\t\t<div class=\"elementor-post__text\">\n\t\t\t\t<h2 class=\"elementor-post__title\">\n\t\t\t<a href=\"https:\/\/ihedn.fr\/en\/veille-strategique\/pourquoi-la-france-ne-proposera-pas-de-parapluie-nucleaire-a-leurope\/\" >\n\t\t\t\t\u00ab Pourquoi la France ne proposera pas de \u00ab parapluie nucl\u00e9aire \u00bb \u00e0 l\u2019Europe \u00bb\t\t\t<\/a>\n\t\t<\/h2>\n\t\t\t\t<div class=\"elementor-post__excerpt\">\n\t\t\t<p>Cet article interroge et d\u00e9crypte la dimension europ\u00e9enne de la dissuasion nucl\u00e9aire fran\u00e7aise. P\u00e9dagogique et bien structur\u00e9, il pr\u00e9sente le cheminement historique de cette question,<\/p>\n\t\t<\/div>\n\t\t\t\t<\/div>\n\t\t\t\t<\/article>\n\t\t\t\t<article class=\"elementor-post elementor-grid-item post-45774 post type-post status-publish format-standard hentry category-podcast category-veille-strategique\" role=\"listitem\">\n\t\t\t\t<div class=\"elementor-post__text\">\n\t\t\t\t<h2 class=\"elementor-post__title\">\n\t\t\t<a href=\"https:\/\/ihedn.fr\/en\/veille-strategique\/proche-orient-vers-lembrasement\/\" >\n\t\t\t\t\u00ab Proche-Orient : vers l&#8217;embrasement ? \u00bb\t\t\t<\/a>\n\t\t<\/h2>\n\t\t\t\t<div class=\"elementor-post__excerpt\">\n\t\t\t<p>avec Georges Malbrunot, Entretiens g\u00e9opo, 11 janvier 2024 \u00c9couter<\/p>\n\t\t<\/div>\n\t\t\t\t<\/div>\n\t\t\t\t<\/article>\n\t\t\t\t<article class=\"elementor-post elementor-grid-item post-45794 post type-post status-publish format-standard has-post-thumbnail hentry category-nos-lectures category-veille-strategique\" role=\"listitem\">\n\t\t\t\t<a class=\"elementor-post__thumbnail__link\" href=\"https:\/\/ihedn.fr\/en\/veille-strategique\/quarante-articles\/\" tabindex=\"-1\" >\n\t\t\t<div class=\"elementor-post__thumbnail\"><img loading=\"lazy\" decoding=\"async\" width=\"300\" height=\"457\" src=\"https:\/\/ihedn.fr\/wp-content\/uploads\/2024\/02\/livre-1.jpg\" class=\"attachment-full size-full wp-image-45795\" alt=\"Livre &quot;quarante articles&quot; - sur la France, l\u2019Allemagne, la guerre, la politique et la sc\u00e8ne internationale, 1933-1937\" srcset=\"https:\/\/ihedn.fr\/wp-content\/uploads\/2024\/02\/livre-1.jpg 300w, https:\/\/ihedn.fr\/wp-content\/uploads\/2024\/02\/livre-1-8x12.jpg 8w\" sizes=\"(max-width: 300px) 100vw, 300px\" \/><\/div>\n\t\t<\/a>\n\t\t\t\t<div class=\"elementor-post__text\">\n\t\t\t\t<h2 class=\"elementor-post__title\">\n\t\t\t<a href=\"https:\/\/ihedn.fr\/en\/veille-strategique\/quarante-articles\/\" >\n\t\t\t\t\u00ab Quarante articles \u00bb &#8211; Sur la France, l\u2019Allemagne, la guerre, la politique et la sc\u00e8ne internationale, 1933-1937\t\t\t<\/a>\n\t\t<\/h2>\n\t\t\t\t<div class=\"elementor-post__excerpt\">\n\t\t\t<p>Ces textes ont \u00e9t\u00e9 r\u00e9dig\u00e9s par Charles de Gaulle, le plus souvent in extenso, quelquefois avec une insertion circonstancielle d\u2019Andr\u00e9 Pironneau. Sign\u00e9s par ce dernier<\/p>\n\t\t<\/div>\n\t\t\t\t<\/div>\n\t\t\t\t<\/article>\n\t\t\t\t<article class=\"elementor-post elementor-grid-item post-46772 post type-post status-publish format-standard hentry category-veille-strategique\" role=\"listitem\">\n\t\t\t\t<div class=\"elementor-post__text\">\n\t\t\t\t<h2 class=\"elementor-post__title\">\n\t\t\t<a href=\"https:\/\/ihedn.fr\/en\/veille-strategique\/quel-role-pour-le-groupe-aeronaval-a-lheure-de-la-guerre-en-reseau\/\" >\n\t\t\t\t\u00ab Quel r\u00f4le pour le groupe a\u00e9ronaval \u00e0 l\u2019heure de la guerre en r\u00e9seau ? \u00bb\t\t\t<\/a>\n\t\t<\/h2>\n\t\t\t\t<div class=\"elementor-post__excerpt\">\n\t\t\t<p>Les auteurs s\u2019int\u00e9ressent aux changements induits par l\u2019introduction des drones et de l\u2019IA pour les groupes a\u00e9ronavals. Ils constatent la bascule dans la nature du<\/p>\n\t\t<\/div>\n\t\t\t\t<\/div>\n\t\t\t\t<\/article>\n\t\t\t\t<article class=\"elementor-post elementor-grid-item post-41091 post type-post status-publish format-standard hentry category-veille-strategique\" role=\"listitem\">\n\t\t\t\t<div class=\"elementor-post__text\">\n\t\t\t\t<h2 class=\"elementor-post__title\">\n\t\t\t<a href=\"https:\/\/ihedn.fr\/en\/veille-strategique\/la-communaute-politique-europeenne-avenir-dune-intuition-2\/\" >\n\t\t\t\t\u00ab Quel r\u00f4le pour les services de renseignement russes en Afrique ? \u00bb\t\t\t<\/a>\n\t\t<\/h2>\n\t\t\t\t<div class=\"elementor-post__excerpt\">\n\t\t\t<p>L\u2019auteur analyse les op\u00e9rations des services de renseignement russes sur le continent africain et les pr\u00e9sente comme un des leviers d\u2019influence du Kremlin dans cette<\/p>\n\t\t<\/div>\n\t\t\t\t<\/div>\n\t\t\t\t<\/article>\n\t\t\t\t<article class=\"elementor-post elementor-grid-item post-41143 post type-post status-publish format-standard hentry category-podcast category-veille-strategique\" role=\"listitem\">\n\t\t\t\t<div class=\"elementor-post__text\">\n\t\t\t\t<h2 class=\"elementor-post__title\">\n\t\t\t<a href=\"https:\/\/ihedn.fr\/en\/veille-strategique\/quelle-defense-aerienne-pour-leurope\/\" >\n\t\t\t\t\u00ab Quelle d\u00e9fense a\u00e9rienne pour l\u2019Europe ? \u00bb\t\t\t<\/a>\n\t\t<\/h2>\n\t\t\t\t<div class=\"elementor-post__excerpt\">\n\t\t\t<p>D\u00e9cryptage, RFI, 20 juin 2023, avec Camille GRAND (ECFR), Jean &#8211; Pierre MAULNY (IRIS). \u00c9couter<\/p>\n\t\t<\/div>\n\t\t\t\t<\/div>\n\t\t\t\t<\/article>\n\t\t\t\t<article class=\"elementor-post elementor-grid-item post-47865 post type-post status-publish format-standard hentry category-doc-institutionnel category-veille-strategique\" role=\"listitem\">\n\t\t\t\t<div class=\"elementor-post__text\">\n\t\t\t\t<h2 class=\"elementor-post__title\">\n\t\t\t<a href=\"https:\/\/ihedn.fr\/en\/veille-strategique\/recommandation-sur-le-renforcement-de-la-securite-de-la-recherche\/\" >\n\t\t\t\t\u00ab Recommandation sur le renforcement de la s\u00e9curit\u00e9 de la recherche \u00bb\t\t\t<\/a>\n\t\t<\/h2>\n\t\t\t\t<div class=\"elementor-post__excerpt\">\n\t\t\t<p>Le Conseil europ\u00e9en a adopt\u00e9 une recommandation sur le renforcement de la s\u00e9curit\u00e9 de la recherche. Le texte a pour objectif d&rsquo;aider la Commission et<\/p>\n\t\t<\/div>\n\t\t\t\t<\/div>\n\t\t\t\t<\/article>\n\t\t\t\t<article class=\"elementor-post elementor-grid-item post-51225 post type-post status-publish format-standard has-post-thumbnail hentry category-notre-selection\" role=\"listitem\">\n\t\t\t\t<a class=\"elementor-post__thumbnail__link\" href=\"https:\/\/ihedn.fr\/en\/notre-selection\/renforcement-conflictualite-developpement-attaques-hybrides-entretien-avec-stephane-bouillon-secretaire-general-defense-securite-nationale\/\" tabindex=\"-1\" >\n\t\t\t<div class=\"elementor-post__thumbnail\"><img loading=\"lazy\" decoding=\"async\" width=\"1920\" height=\"960\" src=\"https:\/\/ihedn.fr\/wp-content\/uploads\/2024\/10\/Bandeau_ITW_BOUILLON.jpg\" class=\"attachment-full size-full wp-image-51251\" alt=\"Interview du pr\u00e9fet Bouillon pour l&#039;IHEDN\" srcset=\"https:\/\/ihedn.fr\/wp-content\/uploads\/2024\/10\/Bandeau_ITW_BOUILLON.jpg 1920w, https:\/\/ihedn.fr\/wp-content\/uploads\/2024\/10\/Bandeau_ITW_BOUILLON-1536x768.jpg 1536w, https:\/\/ihedn.fr\/wp-content\/uploads\/2024\/10\/Bandeau_ITW_BOUILLON-18x9.jpg 18w\" sizes=\"(max-width: 1920px) 100vw, 1920px\" \/><\/div>\n\t\t<\/a>\n\t\t\t\t<div class=\"elementor-post__text\">\n\t\t\t\t<h2 class=\"elementor-post__title\">\n\t\t\t<a href=\"https:\/\/ihedn.fr\/en\/notre-selection\/renforcement-conflictualite-developpement-attaques-hybrides-entretien-avec-stephane-bouillon-secretaire-general-defense-securite-nationale\/\" >\n\t\t\t\t\u00ab Renforcement de la conflictualit\u00e9, nouveau d\u00e9veloppement des attaques hybrides \u00bb : entretien avec St\u00e9phane Bouillon, Secr\u00e9taire g\u00e9n\u00e9ral de la d\u00e9fense et de la s\u00e9curit\u00e9 nationale\t\t\t<\/a>\n\t\t<\/h2>\n\t\t\t\t<div class=\"elementor-post__excerpt\">\n\t\t\t<p>Changement climatique, guerre en Ukraine, ing\u00e9rences num\u00e9riques \u00e9trang\u00e8res, <i>lawfare<\/i>, ran\u00e7ongiciels, cybers\u00e9curit\u00e9, strat\u00e9gie nationale de r\u00e9silience\u2026 Le pr\u00e9fet St\u00e9phane Bouillon, qui dirige depuis 2020 le Secr\u00e9tariat g\u00e9n\u00e9ral de la d\u00e9fense et de la s\u00e9curit\u00e9 nationale, revient dans un grand entretien de l\u2019IHEDN sur l\u2019\u00e9volution des menaces et le fonctionnement du SGDSN, tour de contr\u00f4le ou \u00ab gare de triage \u00bb de la s\u00e9curit\u00e9 et de la d\u00e9fense fran\u00e7aises.<\/p>\n\t\t<\/div>\n\t\t\t\t<\/div>\n\t\t\t\t<\/article>\n\t\t\t\t<article class=\"elementor-post elementor-grid-item post-44341 post type-post status-publish format-standard hentry category-podcast category-veille-strategique\" role=\"listitem\">\n\t\t\t\t<div class=\"elementor-post__text\">\n\t\t\t\t<h2 class=\"elementor-post__title\">\n\t\t\t<a href=\"https:\/\/ihedn.fr\/en\/veille-strategique\/renseignement-cyber-le-partenariat-etats-unis-ukraine\/\" >\n\t\t\t\t\u00ab\u2009Renseignement, cyber \u2013 Le partenariat \u00c9tats-Unis\/Ukraine\u2009\u00bb\t\t\t<\/a>\n\t\t<\/h2>\n\t\t\t\t<div class=\"elementor-post__excerpt\">\n\t\t\t<p>Derri\u00e8re les livraisons d\u2019armes, le soutien am\u00e9ricain \u00e0 l\u2019Ukraine se manifeste aussi par des volets plus discrets que sont le partage de renseignement et l\u2019aide cyber face \u00e0 la Russie, sur lesquels le Collimateur fait le point avec Jonathan Guiffard, expert associ\u00e9 \u00e0 l\u2019Institut Montaigne et doctorant \u00e0 l\u2019Institut Fran\u00e7ais de G\u00e9opolitique.<\/p>\n\t\t<\/div>\n\t\t\t\t<\/div>\n\t\t\t\t<\/article>\n\t\t\t\t<article class=\"elementor-post elementor-grid-item post-46444 post type-post status-publish format-standard hentry category-veille-strategique\" role=\"listitem\">\n\t\t\t\t<div class=\"elementor-post__text\">\n\t\t\t\t<h2 class=\"elementor-post__title\">\n\t\t\t<a href=\"https:\/\/ihedn.fr\/en\/veille-strategique\/replacer-lamerique-du-sud-sur-la-carte-francaise-de-lindo-pacifique-convergences-politiques-economiques-et-pistes-de-cooperation\/\" >\n\t\t\t\t\u00ab Replacer l\u2019Am\u00e9rique du Sud sur la carte fran\u00e7aise de l\u2019Indo-Pacifique. Convergences politiques, \u00e9conomiques et pistes de coop\u00e9ration \u00bb\t\t\t<\/a>\n\t\t<\/h2>\n\t\t\t\t<div class=\"elementor-post__excerpt\">\n\t\t\t<p>L\u2019autrice plaide pour un \u00e9largissement de la r\u00e9flexion strat\u00e9gique fran\u00e7aise et europ\u00e9enne sur l\u2019Indopacifique. En faveur d\u2019une approche plus pragmatique, elle pr\u00e9conise un r\u00e9engagement avec<\/p>\n\t\t<\/div>\n\t\t\t\t<\/div>\n\t\t\t\t<\/article>\n\t\t\t\t<article class=\"elementor-post elementor-grid-item post-45764 post type-post status-publish format-standard hentry category-podcast category-veille-strategique\" role=\"listitem\">\n\t\t\t\t<div class=\"elementor-post__text\">\n\t\t\t\t<h2 class=\"elementor-post__title\">\n\t\t\t<a href=\"https:\/\/ihedn.fr\/en\/veille-strategique\/sommes-nous-entres-en-economie-de-guerre-spoiler-non\/\" >\n\t\t\t\t\u00ab Sommes-nous entr\u00e9s en \u00ab \u00e9conomie de guerre ? (Spoiler : non) \u00bb\t\t\t<\/a>\n\t\t<\/h2>\n\t\t\t\t<div class=\"elementor-post__excerpt\">\n\t\t\t<p>Le Collimateur, avec Am\u00e9lie F\u00e9rey et Renaud Bellais, 2 janvier 2024 \u00c9couter<\/p>\n\t\t<\/div>\n\t\t\t\t<\/div>\n\t\t\t\t<\/article>\n\t\t\t\t<article class=\"elementor-post elementor-grid-item post-44882 post type-post status-publish format-standard hentry category-podcast category-veille-strategique\" role=\"listitem\">\n\t\t\t\t<div class=\"elementor-post__text\">\n\t\t\t\t<h2 class=\"elementor-post__title\">\n\t\t\t<a href=\"https:\/\/ihedn.fr\/en\/veille-strategique\/soutenir-lukraine-jusquou\/\" >\n\t\t\t\t\u00ab Soutenir l\u2019Ukraine, jusqu\u2019o\u00f9 ? \u00bb\t\t\t<\/a>\n\t\t<\/h2>\n\t\t\t\t<div class=\"elementor-post__excerpt\">\n\t\t\t<p>Avec :\u00a0 \u00a0Ulrike FRANKE Elie TENENBAUM Rym MOMTAZ \u00a0Le Collimateur, 5 d\u00e9cembre 2023 \u00c9couter<\/p>\n\t\t<\/div>\n\t\t\t\t<\/div>\n\t\t\t\t<\/article>\n\t\t\t\t<article class=\"elementor-post elementor-grid-item post-46449 post type-post status-publish format-standard hentry category-veille-strategique\" role=\"listitem\">\n\t\t\t\t<div class=\"elementor-post__text\">\n\t\t\t\t<h2 class=\"elementor-post__title\">\n\t\t\t<a href=\"https:\/\/ihedn.fr\/en\/veille-strategique\/south-koreas-emergence-as-a-defense-industrial-powerhouse\/\" >\n\t\t\t\t\u00ab\u202fSouth Korea\u2019s Emergence as a Defense Industrial Powerhouse\u202f\u00bb\t\t\t<\/a>\n\t\t<\/h2>\n\t\t\t\t<div class=\"elementor-post__excerpt\">\n\t\t\t<p>Cette note examine l\u2019\u00e9mergence rapide de la Cor\u00e9e du Sud sur le march\u00e9 de l\u2019armement ces derni\u00e8res d\u00e9cennies. Elle fournit une analyse approfondie de son<\/p>\n\t\t<\/div>\n\t\t\t\t<\/div>\n\t\t\t\t<\/article>\n\t\t\t\t<article class=\"elementor-post elementor-grid-item post-42901 post type-post status-publish format-standard hentry category-podcast category-veille-strategique\" role=\"listitem\">\n\t\t\t\t<div class=\"elementor-post__text\">\n\t\t\t\t<h2 class=\"elementor-post__title\">\n\t\t\t<a href=\"https:\/\/ihedn.fr\/en\/veille-strategique\/technopuissance-qui-dominera-le-monde-au-21e-siecle\/\" >\n\t\t\t\t\u00ab Technopuissance : qui dominera le monde au 21e si\u00e8cle ? \u00bb\t\t\t<\/a>\n\t\t<\/h2>\n\t\t\t\t<div class=\"elementor-post__excerpt\">\n\t\t\t<p>CyberPouvoirs, France Inter, 27 ao\u00fbt 2023, avec\u00a0 Thomas GOMART (Ifri) \u00c9couter<\/p>\n\t\t<\/div>\n\t\t\t\t<\/div>\n\t\t\t\t<\/article>\n\t\t\t\t<article class=\"elementor-post elementor-grid-item post-44892 post type-post status-publish format-standard hentry category-podcast category-veille-strategique\" role=\"listitem\">\n\t\t\t\t<div class=\"elementor-post__text\">\n\t\t\t\t<h2 class=\"elementor-post__title\">\n\t\t\t<a href=\"https:\/\/ihedn.fr\/en\/veille-strategique\/the-making-of-the-american-hegemon\/\" >\n\t\t\t\t\u00ab The Making of the American Hegemon \u00bb\t\t\t<\/a>\n\t\t<\/h2>\n\t\t\t\t<div class=\"elementor-post__excerpt\">\n\t\t\t<p>Avec :\u00a0 \u00a0Sean MIRSKI \u00a0War on the rocks, 1 d\u00e9cembre 2023 \u00c9couter<\/p>\n\t\t<\/div>\n\t\t\t\t<\/div>\n\t\t\t\t<\/article>\n\t\t\t\t<article class=\"elementor-post elementor-grid-item post-44867 post type-post status-publish format-standard hentry category-veille-strategique\" role=\"listitem\">\n\t\t\t\t<div class=\"elementor-post__text\">\n\t\t\t\t<h2 class=\"elementor-post__title\">\n\t\t\t<a href=\"https:\/\/ihedn.fr\/en\/veille-strategique\/guerre-dukraine-ou-en-est-leconomie-russe-2\/\" >\n\t\t\t\t\u00ab The Many Faces of the Monroe Doctrine \u00bb\t\t\t<\/a>\n\t\t<\/h2>\n\t\t\t\t<div class=\"elementor-post__excerpt\">\n\t\t\t<p>La doctrine Monroe \u2013 \u00e9tablie au d\u00e9but du XIXe si\u00e8cle &#8211; est consid\u00e9r\u00e9e fondamentale pour comprendre la fa\u00e7on dont les Etats-Unis con\u00e7oivent le d\u00e9veloppement de<\/p>\n\t\t<\/div>\n\t\t\t\t<\/div>\n\t\t\t\t<\/article>\n\t\t\t\t<article class=\"elementor-post elementor-grid-item post-44279 post type-post status-publish format-standard hentry category-veille-strategique\" role=\"listitem\">\n\t\t\t\t<div class=\"elementor-post__text\">\n\t\t\t\t<h2 class=\"elementor-post__title\">\n\t\t\t<a href=\"https:\/\/ihedn.fr\/en\/veille-strategique\/the-return-of-nuclear-escalation\/\" >\n\t\t\t\t\u00ab\u2009The Return of Nuclear Escalation\u2009\u00bb\t\t\t<\/a>\n\t\t<\/h2>\n\t\t\t\t<div class=\"elementor-post__excerpt\">\n\t\t\t<p>L\u2019escalade nucl\u00e9aire ne semblait \u00eatre qu\u2019un mauvais souvenir de la guerre froide. Force est de constater que l\u2019emploi d\u2019armes atomiques dans les discours russes est<\/p>\n\t\t<\/div>\n\t\t\t\t<\/div>\n\t\t\t\t<\/article>\n\t\t\t\t<article class=\"elementor-post elementor-grid-item post-46388 post type-post status-publish format-standard has-post-thumbnail hentry category-notre-selection tag-guerreukraine\" role=\"listitem\">\n\t\t\t\t<a class=\"elementor-post__thumbnail__link\" href=\"https:\/\/ihedn.fr\/en\/notre-selection\/tout-ce-qui-sort-de-la-bouche-de-poutine-nest-pas-un-mensonge\/\" tabindex=\"-1\" >\n\t\t\t<div class=\"elementor-post__thumbnail\"><img loading=\"lazy\" decoding=\"async\" width=\"1920\" height=\"1080\" src=\"https:\/\/ihedn.fr\/wp-content\/uploads\/2024\/03\/VISUEL_POUTINE.jpg\" class=\"attachment-full size-full wp-image-46389\" alt=\"\" srcset=\"https:\/\/ihedn.fr\/wp-content\/uploads\/2024\/03\/VISUEL_POUTINE.jpg 1920w, https:\/\/ihedn.fr\/wp-content\/uploads\/2024\/03\/VISUEL_POUTINE-1536x864.jpg 1536w, https:\/\/ihedn.fr\/wp-content\/uploads\/2024\/03\/VISUEL_POUTINE-18x10.jpg 18w\" sizes=\"(max-width: 1920px) 100vw, 1920px\" \/><\/div>\n\t\t<\/a>\n\t\t\t\t<div class=\"elementor-post__text\">\n\t\t\t\t<h2 class=\"elementor-post__title\">\n\t\t\t<a href=\"https:\/\/ihedn.fr\/en\/notre-selection\/tout-ce-qui-sort-de-la-bouche-de-poutine-nest-pas-un-mensonge\/\" >\n\t\t\t\t\u00ab Tout ce qui sort de la bouche de Poutine n\u2019est pas un mensonge \u00bb\t\t\t<\/a>\n\t\t<\/h2>\n\t\t\t\t<div class=\"elementor-post__excerpt\">\n\t\t\t<p>Pour les historiens Tetiana Zemliakova et Guillaume Lancereau, Vladimir Poutine \u00ab articule une s\u00e9rie de clich\u00e9s tiers-mondistes du temps de la Guerre froide et une troupe de personnages imaginaires \u00bb \u00e0 partir \u00ab de l\u2019\u00e9tat concret du monde politique, intellectuel et juridique \u00bb. Analyse rh\u00e9torique.<\/p>\n\t\t<\/div>\n\t\t\t\t<\/div>\n\t\t\t\t<\/article>\n\t\t\t\t<article class=\"elementor-post elementor-grid-item post-45744 post type-post status-publish format-standard hentry category-podcast category-veille-strategique\" role=\"listitem\">\n\t\t\t\t<div class=\"elementor-post__text\">\n\t\t\t\t<h2 class=\"elementor-post__title\">\n\t\t\t<a href=\"https:\/\/ihedn.fr\/en\/veille-strategique\/triades-la-mafia-chinoise-a-la-conquete-du-monde\/\" >\n\t\t\t\t\u00ab Triades &#8211; La mafia chinoise \u00e0 la conqu\u00eate du monde \u00bb\t\t\t<\/a>\n\t\t<\/h2>\n\t\t\t\t<div class=\"elementor-post__excerpt\">\n\t\t\t<p>Arte, 26 d\u00e9cembre 2023 (trois \u00e9pisodes) Visionner<\/p>\n\t\t<\/div>\n\t\t\t\t<\/div>\n\t\t\t\t<\/article>\n\t\t\t\t<article class=\"elementor-post elementor-grid-item post-45710 post type-post status-publish format-standard hentry category-veille-strategique\" role=\"listitem\">\n\t\t\t\t<div class=\"elementor-post__text\">\n\t\t\t\t<h2 class=\"elementor-post__title\">\n\t\t\t<a href=\"https:\/\/ihedn.fr\/en\/veille-strategique\/peace-between-israelis-palestinians\/\" >\n\t\t\t\t\u00ab Ukraine Is Losing the Drone War\u202f \u00bb\t\t\t<\/a>\n\t\t<\/h2>\n\t\t\t\t<div class=\"elementor-post__excerpt\">\n\t\t\t<p>Depuis le d\u00e9but du conflit ouvert entre la Russie et l\u2019Ukraine, les deux camps ont souffert de lourdes pertes humaines et mat\u00e9rielles. Cependant l\u00e0 o\u00f9<\/p>\n\t\t<\/div>\n\t\t\t\t<\/div>\n\t\t\t\t<\/article>\n\t\t\t\t<article class=\"elementor-post elementor-grid-item post-43734 post type-post status-publish format-standard hentry category-podcast category-veille-strategique\" role=\"listitem\">\n\t\t\t\t<div class=\"elementor-post__text\">\n\t\t\t\t<h2 class=\"elementor-post__title\">\n\t\t\t<a href=\"https:\/\/ihedn.fr\/en\/veille-strategique\/un-divorce-franco-allemand\/\" >\n\t\t\t\t\u00ab Un divorce franco-allemand ? \u00bb\t\t\t<\/a>\n\t\t<\/h2>\n\t\t\t\t<div class=\"elementor-post__excerpt\">\n\t\t\t<p>Entretiens g\u00e9opo, 29 Septembre 2023 \u00a0Claude MARTIN Pascal BONIFACE \u00c9couter<\/p>\n\t\t<\/div>\n\t\t\t\t<\/div>\n\t\t\t\t<\/article>\n\t\t\t\t<article class=\"elementor-post elementor-grid-item post-41138 post type-post status-publish format-standard hentry category-podcast category-veille-strategique\" role=\"listitem\">\n\t\t\t\t<div class=\"elementor-post__text\">\n\t\t\t\t<h2 class=\"elementor-post__title\">\n\t\t\t<a href=\"https:\/\/ihedn.fr\/en\/veille-strategique\/une-nouvelle-lpm-pour-les-armees-pour-quoi-faire\/\" >\n\t\t\t\t\u00ab Une nouvelle LPM pour les Arm\u00e9es : pour quoi faire ? \u00bb\t\t\t<\/a>\n\t\t<\/h2>\n\t\t\t\t<div class=\"elementor-post__excerpt\">\n\t\t\t<p>Le Collimateur, IRSEM, 13 juin 2023, avec Elie TENENBAUM (Ifri), Gesine WEBER (GMF), Julien MALIZARD (Chaire EcoDef)<\/p>\n\t\t<\/div>\n\t\t\t\t<\/div>\n\t\t\t\t<\/article>\n\t\t\t\t<\/div>\n\t\t\n\t\t\t\t\t\t<\/div>\n\t\t\t\t<\/div>\n\t\t\t\t\t<\/div>\n\t\t<\/div>\n\t\t\t\t\t<\/div>\n\t\t<\/section>\n\t\t\t\t<\/div>\n\t\t","protected":false},"excerpt":{"rendered":"","protected":false},"author":1,"featured_media":11415,"parent":0,"menu_order":0,"comment_status":"closed","ping_status":"closed","template":"","meta":{"footnotes":""},"class_list":["post-11376","page","type-page","status-publish","has-post-thumbnail","hentry"],"yoast_head":"<!-- This site is optimized with the Yoast SEO plugin v27.5 - https:\/\/yoast.com\/product\/yoast-seo-wordpress\/ -->\n<title>9e SN 1956-1957 - L&#039;IHEDN : Institut des hautes \u00e9tudes de d\u00e9fense nationale<\/title>\n<meta name=\"robots\" content=\"index, follow, max-snippet:-1, max-image-preview:large, max-video-preview:-1\" \/>\n<link rel=\"canonical\" href=\"https:\/\/ihedn.fr\/en\/9e-sn-1956-1957\/\" \/>\n<meta property=\"og:locale\" content=\"en_GB\" \/>\n<meta property=\"og:type\" content=\"article\" \/>\n<meta property=\"og:title\" content=\"9e SN 1956-1957 - L&#039;IHEDN : Institut des hautes \u00e9tudes de d\u00e9fense nationale\" \/>\n<meta property=\"og:url\" content=\"https:\/\/ihedn.fr\/en\/9e-sn-1956-1957\/\" \/>\n<meta property=\"og:site_name\" content=\"L&#039;IHEDN : Institut des hautes \u00e9tudes de d\u00e9fense nationale\" \/>\n<meta property=\"article:publisher\" content=\"https:\/\/www.facebook.com\/ihedn\/\" \/>\n<meta property=\"article:modified_time\" content=\"2021-05-19T09:22:59+00:00\" \/>\n<meta property=\"og:image\" content=\"https:\/\/ihedn.fr\/wp-content\/uploads\/2021\/05\/9e-SESSION-fond.jpg\" \/>\n\t<meta property=\"og:image:width\" content=\"1500\" \/>\n\t<meta property=\"og:image:height\" content=\"312\" \/>\n\t<meta property=\"og:image:type\" content=\"image\/jpeg\" \/>\n<meta name=\"twitter:card\" content=\"summary_large_image\" \/>\n<meta name=\"twitter:site\" content=\"@IHEDN\" \/>\n<meta name=\"twitter:label1\" content=\"Estimated reading time\" \/>\n\t<meta name=\"twitter:data1\" content=\"1 minute\" \/>\n<script type=\"application\/ld+json\" class=\"yoast-schema-graph\">{\"@context\":\"https:\\\/\\\/schema.org\",\"@graph\":[{\"@type\":\"WebPage\",\"@id\":\"https:\\\/\\\/ihedn.fr\\\/9e-sn-1956-1957\\\/\",\"url\":\"https:\\\/\\\/ihedn.fr\\\/9e-sn-1956-1957\\\/\",\"name\":\"9e SN 1956-1957 - L&#039;IHEDN : Institut des hautes \u00e9tudes de d\u00e9fense nationale\",\"isPartOf\":{\"@id\":\"https:\\\/\\\/ihedn.fr\\\/#website\"},\"primaryImageOfPage\":{\"@id\":\"https:\\\/\\\/ihedn.fr\\\/9e-sn-1956-1957\\\/#primaryimage\"},\"image\":{\"@id\":\"https:\\\/\\\/ihedn.fr\\\/9e-sn-1956-1957\\\/#primaryimage\"},\"thumbnailUrl\":\"https:\\\/\\\/ihedn.fr\\\/wp-content\\\/uploads\\\/2021\\\/05\\\/9e-SESSION-fond.jpg\",\"datePublished\":\"2021-05-19T08:36:53+00:00\",\"dateModified\":\"2021-05-19T09:22:59+00:00\",\"breadcrumb\":{\"@id\":\"https:\\\/\\\/ihedn.fr\\\/9e-sn-1956-1957\\\/#breadcrumb\"},\"inLanguage\":\"en-GB\",\"potentialAction\":[{\"@type\":\"ReadAction\",\"target\":[\"https:\\\/\\\/ihedn.fr\\\/9e-sn-1956-1957\\\/\"]}]},{\"@type\":\"ImageObject\",\"inLanguage\":\"en-GB\",\"@id\":\"https:\\\/\\\/ihedn.fr\\\/9e-sn-1956-1957\\\/#primaryimage\",\"url\":\"https:\\\/\\\/ihedn.fr\\\/wp-content\\\/uploads\\\/2021\\\/05\\\/9e-SESSION-fond.jpg\",\"contentUrl\":\"https:\\\/\\\/ihedn.fr\\\/wp-content\\\/uploads\\\/2021\\\/05\\\/9e-SESSION-fond.jpg\",\"width\":1500,\"height\":312,\"caption\":\"9e Session nationale\"},{\"@type\":\"BreadcrumbList\",\"@id\":\"https:\\\/\\\/ihedn.fr\\\/9e-sn-1956-1957\\\/#breadcrumb\",\"itemListElement\":[{\"@type\":\"ListItem\",\"position\":1,\"name\":\"Accueil\",\"item\":\"https:\\\/\\\/ihedn.fr\\\/\"},{\"@type\":\"ListItem\",\"position\":2,\"name\":\"9e SN 1956-1957\"}]},{\"@type\":\"WebSite\",\"@id\":\"https:\\\/\\\/ihedn.fr\\\/#website\",\"url\":\"https:\\\/\\\/ihedn.fr\\\/\",\"name\":\"IHEDN : Institut des hautes \u00e9tudes de d\u00e9fense nationale |\",\"description\":\"Site officiel de l&#039;IHEDN plac\u00e9 sous la tutelle du Premier ministre.\",\"publisher\":{\"@id\":\"https:\\\/\\\/ihedn.fr\\\/#organization\"},\"potentialAction\":[{\"@type\":\"SearchAction\",\"target\":{\"@type\":\"EntryPoint\",\"urlTemplate\":\"https:\\\/\\\/ihedn.fr\\\/?s={search_term_string}\"},\"query-input\":{\"@type\":\"PropertyValueSpecification\",\"valueRequired\":true,\"valueName\":\"search_term_string\"}}],\"inLanguage\":\"en-GB\"},{\"@type\":\"Organization\",\"@id\":\"https:\\\/\\\/ihedn.fr\\\/#organization\",\"name\":\"IHEDN - Institut des Hautes Etudes de D\u00e9fense Nationale\",\"url\":\"https:\\\/\\\/ihedn.fr\\\/\",\"logo\":{\"@type\":\"ImageObject\",\"inLanguage\":\"en-GB\",\"@id\":\"https:\\\/\\\/ihedn.fr\\\/#\\\/schema\\\/logo\\\/image\\\/\",\"url\":\"https:\\\/\\\/ihedn.fr\\\/wp-content\\\/uploads\\\/2020\\\/11\\\/BLOC_RF_IHEDN_WEB.png\",\"contentUrl\":\"https:\\\/\\\/ihedn.fr\\\/wp-content\\\/uploads\\\/2020\\\/11\\\/BLOC_RF_IHEDN_WEB.png\",\"width\":500,\"height\":237,\"caption\":\"IHEDN - Institut des Hautes Etudes de D\u00e9fense Nationale\"},\"image\":{\"@id\":\"https:\\\/\\\/ihedn.fr\\\/#\\\/schema\\\/logo\\\/image\\\/\"},\"sameAs\":[\"https:\\\/\\\/www.facebook.com\\\/ihedn\\\/\",\"https:\\\/\\\/x.com\\\/IHEDN\",\"https:\\\/\\\/www.instagram.com\\\/ihedn\\\/\",\"https:\\\/\\\/www.linkedin.com\\\/school\\\/ihedn\\\/\",\"https:\\\/\\\/fr.wikipedia.org\\\/wiki\\\/Institut_des_hautes_\u00e9tudes_de_D\u00e9fense_nationale\"]}]}<\/script>\n<!-- \/ Yoast SEO plugin. -->","yoast_head_json":{"title":"9th SN 1956-1957 - IHEDN: Institut des hautes \u00e9tudes de d\u00e9fense nationale (Institute for Higher National Defence Studies)","robots":{"index":"index","follow":"follow","max-snippet":"max-snippet:-1","max-image-preview":"max-image-preview:large","max-video-preview":"max-video-preview:-1"},"canonical":"https:\/\/ihedn.fr\/en\/9e-sn-1956-1957\/","og_locale":"en_GB","og_type":"article","og_title":"9e SN 1956-1957 - L&#039;IHEDN : Institut des hautes \u00e9tudes de d\u00e9fense nationale","og_url":"https:\/\/ihedn.fr\/en\/9e-sn-1956-1957\/","og_site_name":"L&#039;IHEDN : Institut des hautes \u00e9tudes de d\u00e9fense nationale","article_publisher":"https:\/\/www.facebook.com\/ihedn\/","article_modified_time":"2021-05-19T09:22:59+00:00","og_image":[{"width":1500,"height":312,"url":"https:\/\/ihedn.fr\/wp-content\/uploads\/2021\/05\/9e-SESSION-fond.jpg","type":"image\/jpeg"}],"twitter_card":"summary_large_image","twitter_site":"@IHEDN","twitter_misc":{"Estimated reading time":"1 minute"},"schema":{"@context":"https:\/\/schema.org","@graph":[{"@type":"WebPage","@id":"https:\/\/ihedn.fr\/9e-sn-1956-1957\/","url":"https:\/\/ihedn.fr\/9e-sn-1956-1957\/","name":"9th SN 1956-1957 - IHEDN: Institut des hautes \u00e9tudes de d\u00e9fense nationale (Institute for Higher National Defence Studies)","isPartOf":{"@id":"https:\/\/ihedn.fr\/#website"},"primaryImageOfPage":{"@id":"https:\/\/ihedn.fr\/9e-sn-1956-1957\/#primaryimage"},"image":{"@id":"https:\/\/ihedn.fr\/9e-sn-1956-1957\/#primaryimage"},"thumbnailUrl":"https:\/\/ihedn.fr\/wp-content\/uploads\/2021\/05\/9e-SESSION-fond.jpg","datePublished":"2021-05-19T08:36:53+00:00","dateModified":"2021-05-19T09:22:59+00:00","breadcrumb":{"@id":"https:\/\/ihedn.fr\/9e-sn-1956-1957\/#breadcrumb"},"inLanguage":"en-GB","potentialAction":[{"@type":"ReadAction","target":["https:\/\/ihedn.fr\/9e-sn-1956-1957\/"]}]},{"@type":"ImageObject","inLanguage":"en-GB","@id":"https:\/\/ihedn.fr\/9e-sn-1956-1957\/#primaryimage","url":"https:\/\/ihedn.fr\/wp-content\/uploads\/2021\/05\/9e-SESSION-fond.jpg","contentUrl":"https:\/\/ihedn.fr\/wp-content\/uploads\/2021\/05\/9e-SESSION-fond.jpg","width":1500,"height":312,"caption":"9e Session nationale"},{"@type":"BreadcrumbList","@id":"https:\/\/ihedn.fr\/9e-sn-1956-1957\/#breadcrumb","itemListElement":[{"@type":"ListItem","position":1,"name":"Accueil","item":"https:\/\/ihedn.fr\/"},{"@type":"ListItem","position":2,"name":"9e SN 1956-1957"}]},{"@type":"WebSite","@id":"https:\/\/ihedn.fr\/#website","url":"https:\/\/ihedn.fr\/","name":"IHEDN: Institut des hautes \u00e9tudes de d\u00e9fense nationale (Institute for Higher National Defence Studies)","description":"Official website of the IHEDN under the supervision of the Prime Minister.","publisher":{"@id":"https:\/\/ihedn.fr\/#organization"},"potentialAction":[{"@type":"SearchAction","target":{"@type":"EntryPoint","urlTemplate":"https:\/\/ihedn.fr\/?s={search_term_string}"},"query-input":{"@type":"PropertyValueSpecification","valueRequired":true,"valueName":"search_term_string"}}],"inLanguage":"en-GB"},{"@type":"Organization","@id":"https:\/\/ihedn.fr\/#organization","name":"IHEDN - Institute for Higher National Defence Studies","url":"https:\/\/ihedn.fr\/","logo":{"@type":"ImageObject","inLanguage":"en-GB","@id":"https:\/\/ihedn.fr\/#\/schema\/logo\/image\/","url":"https:\/\/ihedn.fr\/wp-content\/uploads\/2020\/11\/BLOC_RF_IHEDN_WEB.png","contentUrl":"https:\/\/ihedn.fr\/wp-content\/uploads\/2020\/11\/BLOC_RF_IHEDN_WEB.png","width":500,"height":237,"caption":"IHEDN - Institut des Hautes Etudes de D\u00e9fense Nationale"},"image":{"@id":"https:\/\/ihedn.fr\/#\/schema\/logo\/image\/"},"sameAs":["https:\/\/www.facebook.com\/ihedn\/","https:\/\/x.com\/IHEDN","https:\/\/www.instagram.com\/ihedn\/","https:\/\/www.linkedin.com\/school\/ihedn\/","https:\/\/fr.wikipedia.org\/wiki\/Institut_des_hautes_\u00e9tudes_de_D\u00e9fense_nationale"]}]}},"publishpress_future_action":{"enabled":false,"date":"2026-05-09 11:23:19","action":"change-status","newStatus":"draft","terms":[],"taxonomy":"","extraData":[]},"publishpress_future_workflow_manual_trigger":{"enabledWorkflows":[]},"_links":{"self":[{"href":"https:\/\/ihedn.fr\/en\/wp-json\/wp\/v2\/pages\/11376","targetHints":{"allow":["GET"]}}],"collection":[{"href":"https:\/\/ihedn.fr\/en\/wp-json\/wp\/v2\/pages"}],"about":[{"href":"https:\/\/ihedn.fr\/en\/wp-json\/wp\/v2\/types\/page"}],"author":[{"embeddable":true,"href":"https:\/\/ihedn.fr\/en\/wp-json\/wp\/v2\/users\/1"}],"replies":[{"embeddable":true,"href":"https:\/\/ihedn.fr\/en\/wp-json\/wp\/v2\/comments?post=11376"}],"version-history":[{"count":5,"href":"https:\/\/ihedn.fr\/en\/wp-json\/wp\/v2\/pages\/11376\/revisions"}],"predecessor-version":[{"id":11417,"href":"https:\/\/ihedn.fr\/en\/wp-json\/wp\/v2\/pages\/11376\/revisions\/11417"}],"wp:featuredmedia":[{"embeddable":true,"href":"https:\/\/ihedn.fr\/en\/wp-json\/wp\/v2\/media\/11415"}],"wp:attachment":[{"href":"https:\/\/ihedn.fr\/en\/wp-json\/wp\/v2\/media?parent=11376"}],"curies":[{"name":"wp","href":"https:\/\/api.w.org\/{rel}","templated":true}]}}