{"id":40593,"date":"2023-06-15T14:34:36","date_gmt":"2023-06-15T13:34:36","guid":{"rendered":"https:\/\/ihedn.fr\/?page_id=40593"},"modified":"2026-04-14T08:30:59","modified_gmt":"2026-04-14T07:30:59","slug":"emploi","status":"publish","type":"page","link":"https:\/\/ihedn.fr\/en\/nous-rejoindre\/emploi\/","title":{"rendered":"Jobs"},"content":{"rendered":"<div data-elementor-type=\"wp-page\" data-elementor-id=\"40593\" class=\"elementor elementor-40593\" data-elementor-post-type=\"page\">\n\t\t\t\t<div data-particle_enable=\"false\" data-particle-mobile-disabled=\"false\" class=\"elementor-element elementor-element-a25594b e-flex e-con-boxed e-con e-parent\" data-id=\"a25594b\" data-element_type=\"container\" data-e-type=\"container\">\n\t\t\t\t\t<div class=\"e-con-inner\">\n\t\t\t\t<div class=\"elementor-element elementor-element-ec40291 elementor-widget elementor-widget-image\" data-id=\"ec40291\" data-element_type=\"widget\" data-e-type=\"widget\" data-widget_type=\"image.default\">\n\t\t\t\t<div class=\"elementor-widget-container\">\n\t\t\t\t\t\t\t\t\t\t\t\t\t\t\t<img decoding=\"async\" src=\"https:\/\/ihedn.fr\/wp-content\/uploads\/elementor\/thumbs\/BANDEAU_EMPLOI-q2tpakl58x64zjw8s2mentwnbxpra2mcna4aecntm0.jpg\" title=\"JOB_BAND\" alt=\"BANDEAU_EMPLOI\" loading=\"lazy\" \/>\t\t\t\t\t\t\t\t\t\t\t\t\t\t\t<\/div>\n\t\t\t\t<\/div>\n\t\t\t\t\t<\/div>\n\t\t\t\t<\/div>\n\t\t<div data-particle_enable=\"false\" data-particle-mobile-disabled=\"false\" class=\"elementor-element elementor-element-b5f3eb8 e-flex e-con-boxed e-con e-parent\" data-id=\"b5f3eb8\" data-element_type=\"container\" data-e-type=\"container\">\n\t\t\t\t\t<div class=\"e-con-inner\">\n\t\t<a class=\"eael-wrapper-link-b4fc880 --eael-wrapper-link-tag\" href=\"https:\/\/ihedn.fr\/en\/nous-rejoindre\/emploi\/adjoint-au-chef-du-departement-des-etudes-et-de-la-recherche-f-h\/\"><\/a><a data-eael-wrapper-link=\"eael-wrapper-link-b4fc880\" data-particle_enable=\"false\" data-particle-mobile-disabled=\"false\" class=\"elementor-element elementor-element-b4fc880 e-con-full card e-flex e-con e-child\" data-id=\"b4fc880\" data-element_type=\"container\" data-e-type=\"container\" data-settings=\"{&quot;background_background&quot;:&quot;classic&quot;}\" href=\"https:\/\/ihedn.fr\/en\/nous-rejoindre\/emploi\/representant-de-lihedn-aupres-des-organisations-internationales-a-bruxelles-base-a-paris\/\">\n\t\t\t\t<div class=\"elementor-element elementor-element-f27b45e elementor-widget elementor-widget-heading\" data-id=\"f27b45e\" data-element_type=\"widget\" data-e-type=\"widget\" data-widget_type=\"heading.default\">\n\t\t\t\t<div class=\"elementor-widget-container\">\n\t\t\t\t\t<h2 class=\"elementor-heading-title elementor-size-default\">Deputy Head of Studies and Research Department (F\/H)<\/h2>\t\t\t\t<\/div>\n\t\t\t\t<\/div>\n\t\t\t\t<div class=\"elementor-element elementor-element-6ed0a65 elementor-widget elementor-widget-text-editor\" data-id=\"6ed0a65\" data-element_type=\"widget\" data-e-type=\"widget\" data-widget_type=\"text-editor.default\">\n\t\t\t\t<div class=\"elementor-widget-container\">\n\t\t\t\t\t\t\t\t\t<p style=\"text-align: left;\"><strong>Open to permanent and contract employees<\/strong><\/p><p style=\"text-align: left;\"><strong><span style=\"color: #000000;\">Application deadline : <br \/><\/span><\/strong><strong><span style=\"color: #000000;\">15\/04\/2026<\/span><\/strong><\/p>\t\t\t\t\t\t\t\t<\/div>\n\t\t\t\t<\/div>\n\t\t<div data-particle_enable=\"false\" data-particle-mobile-disabled=\"false\" class=\"elementor-element elementor-element-040b293 e-con-full e-flex e-con e-child\" data-id=\"040b293\" data-element_type=\"container\" data-e-type=\"container\">\n\t\t\t\t<div class=\"elementor-element elementor-element-5e70906 arrow elementor-view-default elementor-widget elementor-widget-icon\" data-id=\"5e70906\" data-element_type=\"widget\" data-e-type=\"widget\" data-widget_type=\"icon.default\">\n\t\t\t\t<div class=\"elementor-widget-container\">\n\t\t\t\t\t\t\t<div class=\"elementor-icon-wrapper\">\n\t\t\t<div class=\"elementor-icon\">\n\t\t\t<svg aria-hidden=\"true\" class=\"e-font-icon-svg e-fas-arrow-right\" viewbox=\"0 0 448 512\" xmlns=\"http:\/\/www.w3.org\/2000\/svg\"><path d=\"M190.5 66.9l22.2-22.2c9.4-9.4 24.6-9.4 33.9 0L441 239c9.4 9.4 9.4 24.6 0 33.9L246.6 467.3c-9.4 9.4-24.6 9.4-33.9 0l-22.2-22.2c-9.5-9.5-9.3-25 .4-34.3L311.4 296H24c-13.3 0-24-10.7-24-24v-32c0-13.3 10.7-24 24-24h287.4L190.9 101.2c-9.8-9.3-10-24.8-.4-34.3z\"><\/path><\/svg>\t\t\t<\/div>\n\t\t<\/div>\n\t\t\t\t\t\t<\/div>\n\t\t\t\t<\/div>\n\t\t\t\t<\/div>\n\t\t\t\t<\/a>\n\t\t<a class=\"eael-wrapper-link-ba04fd5 --eael-wrapper-link-tag\" href=\"https:\/\/ihedn.fr\/en\/nous-rejoindre\/emploi\/assistant-au-sein-du-secretariat-mutualise-f-h\/\"><\/a><a data-eael-wrapper-link=\"eael-wrapper-link-ba04fd5\" data-particle_enable=\"false\" data-particle-mobile-disabled=\"false\" class=\"elementor-element elementor-element-ba04fd5 e-con-full card e-flex e-con e-child\" data-id=\"ba04fd5\" data-element_type=\"container\" data-e-type=\"container\" data-settings=\"{&quot;background_background&quot;:&quot;classic&quot;}\" href=\"https:\/\/ihedn.fr\/en\/nous-rejoindre\/emploi\/representant-de-lihedn-aupres-des-organisations-internationales-a-bruxelles-base-a-paris\/\">\n\t\t\t\t<div class=\"elementor-element elementor-element-a628b21 elementor-widget elementor-widget-heading\" data-id=\"a628b21\" data-element_type=\"widget\" data-e-type=\"widget\" data-widget_type=\"heading.default\">\n\t\t\t\t<div class=\"elementor-widget-container\">\n\t\t\t\t\t<h2 class=\"elementor-heading-title elementor-size-default\">Deputy Head of Human Resources (F\/H)<\/h2>\t\t\t\t<\/div>\n\t\t\t\t<\/div>\n\t\t\t\t<div class=\"elementor-element elementor-element-e24b75f elementor-widget elementor-widget-text-editor\" data-id=\"e24b75f\" data-element_type=\"widget\" data-e-type=\"widget\" data-widget_type=\"text-editor.default\">\n\t\t\t\t<div class=\"elementor-widget-container\">\n\t\t\t\t\t\t\t\t\t<p style=\"text-align: left;\"><strong>Open to permanent and contract employees<\/strong><\/p><p style=\"text-align: left;\"><strong><span style=\"color: #000000;\">Application deadline : <br \/><\/span><\/strong><strong><span style=\"color: #000000;\">17\/04\/2026<\/span><\/strong><\/p>\t\t\t\t\t\t\t\t<\/div>\n\t\t\t\t<\/div>\n\t\t<div data-particle_enable=\"false\" data-particle-mobile-disabled=\"false\" class=\"elementor-element elementor-element-1d26b4b e-con-full e-flex e-con e-child\" data-id=\"1d26b4b\" data-element_type=\"container\" data-e-type=\"container\">\n\t\t\t\t<div class=\"elementor-element elementor-element-ddbdb24 arrow elementor-view-default elementor-widget elementor-widget-icon\" data-id=\"ddbdb24\" data-element_type=\"widget\" data-e-type=\"widget\" data-widget_type=\"icon.default\">\n\t\t\t\t<div class=\"elementor-widget-container\">\n\t\t\t\t\t\t\t<div class=\"elementor-icon-wrapper\">\n\t\t\t<div class=\"elementor-icon\">\n\t\t\t<svg aria-hidden=\"true\" class=\"e-font-icon-svg e-fas-arrow-right\" viewbox=\"0 0 448 512\" xmlns=\"http:\/\/www.w3.org\/2000\/svg\"><path d=\"M190.5 66.9l22.2-22.2c9.4-9.4 24.6-9.4 33.9 0L441 239c9.4 9.4 9.4 24.6 0 33.9L246.6 467.3c-9.4 9.4-24.6 9.4-33.9 0l-22.2-22.2c-9.5-9.5-9.3-25 .4-34.3L311.4 296H24c-13.3 0-24-10.7-24-24v-32c0-13.3 10.7-24 24-24h287.4L190.9 101.2c-9.8-9.3-10-24.8-.4-34.3z\"><\/path><\/svg>\t\t\t<\/div>\n\t\t<\/div>\n\t\t\t\t\t\t<\/div>\n\t\t\t\t<\/div>\n\t\t\t\t<\/div>\n\t\t\t\t<\/a>\n\t\t<a class=\"eael-wrapper-link-9a0dfed --eael-wrapper-link-tag\" href=\"https:\/\/ihedn.fr\/en\/nous-rejoindre\/emploi\/architecte-des-systemes-et-reseaux-f-h\/\"><\/a><a data-eael-wrapper-link=\"eael-wrapper-link-9a0dfed\" data-particle_enable=\"false\" data-particle-mobile-disabled=\"false\" class=\"elementor-element elementor-element-9a0dfed e-con-full card e-flex e-con e-child\" data-id=\"9a0dfed\" data-element_type=\"container\" data-e-type=\"container\" data-settings=\"{&quot;background_background&quot;:&quot;classic&quot;}\" href=\"https:\/\/ihedn.fr\/en\/nous-rejoindre\/emploi\/representant-de-lihedn-aupres-des-organisations-internationales-a-bruxelles-base-a-paris\/\">\n\t\t\t\t<div class=\"elementor-element elementor-element-9642560 elementor-widget elementor-widget-heading\" data-id=\"9642560\" data-element_type=\"widget\" data-e-type=\"widget\" data-widget_type=\"heading.default\">\n\t\t\t\t<div class=\"elementor-widget-container\">\n\t\t\t\t\t<h2 class=\"elementor-heading-title elementor-size-default\">Systems and Networks Architect (F\/H)<\/h2>\t\t\t\t<\/div>\n\t\t\t\t<\/div>\n\t\t\t\t<div class=\"elementor-element elementor-element-e78ea9d elementor-widget elementor-widget-text-editor\" data-id=\"e78ea9d\" data-element_type=\"widget\" data-e-type=\"widget\" data-widget_type=\"text-editor.default\">\n\t\t\t\t<div class=\"elementor-widget-container\">\n\t\t\t\t\t\t\t\t\t<p style=\"text-align: left;\"><strong>Open to permanent and contract employees<\/strong><\/p><p style=\"text-align: left;\"><strong><span style=\"color: #000000;\">Application deadline : <br \/><\/span><\/strong><strong><span style=\"color: #000000;\">30\/04\/2026<\/span><\/strong><\/p>\t\t\t\t\t\t\t\t<\/div>\n\t\t\t\t<\/div>\n\t\t<div data-particle_enable=\"false\" data-particle-mobile-disabled=\"false\" class=\"elementor-element elementor-element-9bff6bd e-con-full e-flex e-con e-child\" data-id=\"9bff6bd\" data-element_type=\"container\" data-e-type=\"container\">\n\t\t\t\t<div class=\"elementor-element elementor-element-9e41fdc arrow elementor-view-default elementor-widget elementor-widget-icon\" data-id=\"9e41fdc\" data-element_type=\"widget\" data-e-type=\"widget\" data-widget_type=\"icon.default\">\n\t\t\t\t<div class=\"elementor-widget-container\">\n\t\t\t\t\t\t\t<div class=\"elementor-icon-wrapper\">\n\t\t\t<div class=\"elementor-icon\">\n\t\t\t<svg aria-hidden=\"true\" class=\"e-font-icon-svg e-fas-arrow-right\" viewbox=\"0 0 448 512\" xmlns=\"http:\/\/www.w3.org\/2000\/svg\"><path d=\"M190.5 66.9l22.2-22.2c9.4-9.4 24.6-9.4 33.9 0L441 239c9.4 9.4 9.4 24.6 0 33.9L246.6 467.3c-9.4 9.4-24.6 9.4-33.9 0l-22.2-22.2c-9.5-9.5-9.3-25 .4-34.3L311.4 296H24c-13.3 0-24-10.7-24-24v-32c0-13.3 10.7-24 24-24h287.4L190.9 101.2c-9.8-9.3-10-24.8-.4-34.3z\"><\/path><\/svg>\t\t\t<\/div>\n\t\t<\/div>\n\t\t\t\t\t\t<\/div>\n\t\t\t\t<\/div>\n\t\t\t\t<\/div>\n\t\t\t\t<\/a>\n\t\t<a class=\"eael-wrapper-link-9e586e8 --eael-wrapper-link-tag\" href=\"https:\/\/ihedn.fr\/en\/nous-rejoindre\/emploi\/analyste-junior-h-f\/\"><\/a><a data-eael-wrapper-link=\"eael-wrapper-link-9e586e8\" data-particle_enable=\"false\" data-particle-mobile-disabled=\"false\" class=\"elementor-element elementor-element-9e586e8 e-con-full card e-flex e-con e-child\" data-id=\"9e586e8\" data-element_type=\"container\" data-e-type=\"container\" data-settings=\"{&quot;background_background&quot;:&quot;classic&quot;}\" href=\"https:\/\/ihedn.fr\/en\/nous-rejoindre\/emploi\/representant-de-lihedn-aupres-des-organisations-internationales-a-bruxelles-base-a-paris\/\">\n\t\t\t\t<div class=\"elementor-element elementor-element-94af2b6 elementor-widget elementor-widget-heading\" data-id=\"94af2b6\" data-element_type=\"widget\" data-e-type=\"widget\" data-widget_type=\"heading.default\">\n\t\t\t\t<div class=\"elementor-widget-container\">\n\t\t\t\t\t<h2 class=\"elementor-heading-title elementor-size-default\">Junior Analyst<\/h2>\t\t\t\t<\/div>\n\t\t\t\t<\/div>\n\t\t\t\t<div class=\"elementor-element elementor-element-bc28af6 elementor-widget elementor-widget-text-editor\" data-id=\"bc28af6\" data-element_type=\"widget\" data-e-type=\"widget\" data-widget_type=\"text-editor.default\">\n\t\t\t\t<div class=\"elementor-widget-container\">\n\t\t\t\t\t\t\t\t\t<p style=\"text-align: left;\"><strong>Jobs open to contract staff<\/strong><\/p><p style=\"text-align: left;\"><strong><span style=\"color: #000000;\">Application deadline : <br \/><\/span><\/strong><strong><span style=\"color: #000000;\">30\/04\/2026<\/span><\/strong><\/p>\t\t\t\t\t\t\t\t<\/div>\n\t\t\t\t<\/div>\n\t\t<div data-particle_enable=\"false\" data-particle-mobile-disabled=\"false\" class=\"elementor-element elementor-element-9b27916 e-con-full e-flex e-con e-child\" data-id=\"9b27916\" data-element_type=\"container\" data-e-type=\"container\">\n\t\t\t\t<div class=\"elementor-element elementor-element-feeedbb arrow elementor-view-default elementor-widget elementor-widget-icon\" data-id=\"feeedbb\" data-element_type=\"widget\" data-e-type=\"widget\" data-widget_type=\"icon.default\">\n\t\t\t\t<div class=\"elementor-widget-container\">\n\t\t\t\t\t\t\t<div class=\"elementor-icon-wrapper\">\n\t\t\t<div class=\"elementor-icon\">\n\t\t\t<svg aria-hidden=\"true\" class=\"e-font-icon-svg e-fas-arrow-right\" viewbox=\"0 0 448 512\" xmlns=\"http:\/\/www.w3.org\/2000\/svg\"><path d=\"M190.5 66.9l22.2-22.2c9.4-9.4 24.6-9.4 33.9 0L441 239c9.4 9.4 9.4 24.6 0 33.9L246.6 467.3c-9.4 9.4-24.6 9.4-33.9 0l-22.2-22.2c-9.5-9.5-9.3-25 .4-34.3L311.4 296H24c-13.3 0-24-10.7-24-24v-32c0-13.3 10.7-24 24-24h287.4L190.9 101.2c-9.8-9.3-10-24.8-.4-34.3z\"><\/path><\/svg>\t\t\t<\/div>\n\t\t<\/div>\n\t\t\t\t\t\t<\/div>\n\t\t\t\t<\/div>\n\t\t\t\t<\/div>\n\t\t\t\t<\/a>\n\t\t<a class=\"eael-wrapper-link-c874aa4 --eael-wrapper-link-tag\" href=\"https:\/\/ihedn.fr\/en\/nous-rejoindre\/emploi\/charge-detudes-pole-europe-au-departement-de-leurope-et-des-affaires-internationales-h-f\/\"><\/a><a data-eael-wrapper-link=\"eael-wrapper-link-c874aa4\" data-particle_enable=\"false\" data-particle-mobile-disabled=\"false\" class=\"elementor-element elementor-element-c874aa4 e-con-full card e-flex e-con e-child\" data-id=\"c874aa4\" data-element_type=\"container\" data-e-type=\"container\" data-settings=\"{&quot;background_background&quot;:&quot;classic&quot;}\" href=\"https:\/\/ihedn.fr\/en\/nous-rejoindre\/emploi\/representant-de-lihedn-aupres-des-organisations-internationales-a-bruxelles-base-a-paris\/\">\n\t\t\t\t<div class=\"elementor-element elementor-element-81d6d56 elementor-widget elementor-widget-heading\" data-id=\"81d6d56\" data-element_type=\"widget\" data-e-type=\"widget\" data-widget_type=\"heading.default\">\n\t\t\t\t<div class=\"elementor-widget-container\">\n\t\t\t\t\t<h2 class=\"elementor-heading-title elementor-size-default\">Project Manager - Europe Unit in the Department of Europe and International Affairs M\/F<\/h2>\t\t\t\t<\/div>\n\t\t\t\t<\/div>\n\t\t\t\t<div class=\"elementor-element elementor-element-e41eff5 elementor-widget elementor-widget-text-editor\" data-id=\"e41eff5\" data-element_type=\"widget\" data-e-type=\"widget\" data-widget_type=\"text-editor.default\">\n\t\t\t\t<div class=\"elementor-widget-container\">\n\t\t\t\t\t\t\t\t\t<p style=\"text-align: left;\"><strong>Open to permanent and contract employees<\/strong><\/p><p><strong><span style=\"color: #000000;\">Application deadline : <br \/><\/span><\/strong><strong><span style=\"color: #000000;\">30\/04\/2026<\/span><\/strong><\/p>\t\t\t\t\t\t\t\t<\/div>\n\t\t\t\t<\/div>\n\t\t<div data-particle_enable=\"false\" data-particle-mobile-disabled=\"false\" class=\"elementor-element elementor-element-2aed189 e-con-full e-flex e-con e-child\" data-id=\"2aed189\" data-element_type=\"container\" data-e-type=\"container\">\n\t\t\t\t<div class=\"elementor-element elementor-element-af95eac arrow elementor-view-default elementor-widget elementor-widget-icon\" data-id=\"af95eac\" data-element_type=\"widget\" data-e-type=\"widget\" data-widget_type=\"icon.default\">\n\t\t\t\t<div class=\"elementor-widget-container\">\n\t\t\t\t\t\t\t<div class=\"elementor-icon-wrapper\">\n\t\t\t<div class=\"elementor-icon\">\n\t\t\t<svg aria-hidden=\"true\" class=\"e-font-icon-svg e-fas-arrow-right\" viewbox=\"0 0 448 512\" xmlns=\"http:\/\/www.w3.org\/2000\/svg\"><path d=\"M190.5 66.9l22.2-22.2c9.4-9.4 24.6-9.4 33.9 0L441 239c9.4 9.4 9.4 24.6 0 33.9L246.6 467.3c-9.4 9.4-24.6 9.4-33.9 0l-22.2-22.2c-9.5-9.5-9.3-25 .4-34.3L311.4 296H24c-13.3 0-24-10.7-24-24v-32c0-13.3 10.7-24 24-24h287.4L190.9 101.2c-9.8-9.3-10-24.8-.4-34.3z\"><\/path><\/svg>\t\t\t<\/div>\n\t\t<\/div>\n\t\t\t\t\t\t<\/div>\n\t\t\t\t<\/div>\n\t\t\t\t<\/div>\n\t\t\t\t<\/a>\n\t\t\t\t\t<\/div>\n\t\t\t\t<\/div>\n\t\t<div data-particle_enable=\"false\" data-particle-mobile-disabled=\"false\" class=\"elementor-element elementor-element-6994983 e-con-full e-flex e-con e-child\" data-id=\"6994983\" data-element_type=\"container\" data-e-type=\"container\">\n\t\t\t\t<div class=\"elementor-element elementor-element-0c60644 elementor-widget elementor-widget-text-editor\" data-id=\"0c60644\" data-element_type=\"widget\" data-e-type=\"widget\" data-widget_type=\"text-editor.default\">\n\t\t\t\t<div class=\"elementor-widget-container\">\n\t\t\t\t\t\t\t\t\t<p>Last modified on :<\/p>\t\t\t\t\t\t\t\t<\/div>\n\t\t\t\t<\/div>\n\t\t\t\t<div class=\"elementor-element elementor-element-38e7f2b elementor-widget elementor-widget-text-editor\" data-id=\"38e7f2b\" data-element_type=\"widget\" data-e-type=\"widget\" data-widget_type=\"text-editor.default\">\n\t\t\t\t<div class=\"elementor-widget-container\">\n\t\t\t\t\t\t\t\t\t14 April 2026\t\t\t\t\t\t\t\t<\/div>\n\t\t\t\t<\/div>\n\t\t\t\t<\/div>\n\t\t\t\t<\/div>","protected":false},"excerpt":{"rendered":"<p>Adjoint au chef du D\u00e9partement des \u00e9tudes et de la recherche (F\/H) Emploi ouvert aux titulaires et aux contractuels Date limite de candidature : 15\/04\/2026 Adjoint au chef du bureau des ressources humaines (F\/H) Emploi ouvert aux titulaires et aux contractuels Date limite de candidature : 17\/04\/2026 Architecte des syst\u00e8mes et r\u00e9seaux (F\/H) Emploi ouvert [&hellip;]<\/p>\n","protected":false},"author":1,"featured_media":0,"parent":561,"menu_order":0,"comment_status":"closed","ping_status":"closed","template":"","meta":{"footnotes":""},"class_list":["post-40593","page","type-page","status-publish","hentry"],"yoast_head":"<!-- This site is optimized with the Yoast SEO plugin v27.5 - https:\/\/yoast.com\/product\/yoast-seo-wordpress\/ -->\n<title>Emploi - L&#039;IHEDN : Institut des hautes \u00e9tudes de d\u00e9fense nationale<\/title>\n<meta name=\"description\" content=\"Retrouvez l&#039;ensemble des offres d&#039;emplois relay\u00e9es par l&#039;IHEDN\" \/>\n<meta name=\"robots\" content=\"index, follow, max-snippet:-1, max-image-preview:large, max-video-preview:-1\" \/>\n<link rel=\"canonical\" href=\"https:\/\/ihedn.fr\/en\/nous-rejoindre\/emploi\/\" \/>\n<meta property=\"og:locale\" content=\"en_GB\" \/>\n<meta property=\"og:type\" content=\"article\" \/>\n<meta property=\"og:title\" content=\"Emploi - L&#039;IHEDN : Institut des hautes \u00e9tudes de d\u00e9fense nationale\" \/>\n<meta property=\"og:description\" content=\"Retrouvez l&#039;ensemble des offres d&#039;emplois relay\u00e9es par l&#039;IHEDN\" \/>\n<meta property=\"og:url\" content=\"https:\/\/ihedn.fr\/en\/nous-rejoindre\/emploi\/\" \/>\n<meta property=\"og:site_name\" content=\"L&#039;IHEDN : Institut des hautes \u00e9tudes de d\u00e9fense nationale\" \/>\n<meta property=\"article:publisher\" content=\"https:\/\/www.facebook.com\/ihedn\/\" \/>\n<meta property=\"article:modified_time\" content=\"2026-04-14T07:30:59+00:00\" \/>\n<meta property=\"og:image\" content=\"https:\/\/ihedn.fr\/wp-content\/uploads\/elementor\/thumbs\/BANDEAU_EMPLOI-q2tpakl58x64zjw8s2mentwnbxpra2mcna4aecntma.jpg\" \/>\n<meta name=\"twitter:card\" content=\"summary_large_image\" \/>\n<meta name=\"twitter:site\" content=\"@IHEDN\" \/>\n<meta name=\"twitter:label1\" content=\"Estimated reading time\" \/>\n\t<meta name=\"twitter:data1\" content=\"1 minute\" \/>\n<script type=\"application\/ld+json\" class=\"yoast-schema-graph\">{\"@context\":\"https:\\\/\\\/schema.org\",\"@graph\":[{\"@type\":\"WebPage\",\"@id\":\"https:\\\/\\\/ihedn.fr\\\/nous-rejoindre\\\/emploi\\\/\",\"url\":\"https:\\\/\\\/ihedn.fr\\\/nous-rejoindre\\\/emploi\\\/\",\"name\":\"Emploi - L&#039;IHEDN : Institut des hautes \u00e9tudes de d\u00e9fense nationale\",\"isPartOf\":{\"@id\":\"https:\\\/\\\/ihedn.fr\\\/#website\"},\"primaryImageOfPage\":{\"@id\":\"https:\\\/\\\/ihedn.fr\\\/nous-rejoindre\\\/emploi\\\/#primaryimage\"},\"image\":{\"@id\":\"https:\\\/\\\/ihedn.fr\\\/nous-rejoindre\\\/emploi\\\/#primaryimage\"},\"thumbnailUrl\":\"https:\\\/\\\/ihedn.fr\\\/wp-content\\\/uploads\\\/elementor\\\/thumbs\\\/BANDEAU_EMPLOI-q2tpakl58x64zjw8s2mentwnbxpra2mcna4aecntma.jpg\",\"datePublished\":\"2023-06-15T13:34:36+00:00\",\"dateModified\":\"2026-04-14T07:30:59+00:00\",\"description\":\"Retrouvez l'ensemble des offres d'emplois relay\u00e9es par l'IHEDN\",\"breadcrumb\":{\"@id\":\"https:\\\/\\\/ihedn.fr\\\/nous-rejoindre\\\/emploi\\\/#breadcrumb\"},\"inLanguage\":\"en-GB\",\"potentialAction\":[{\"@type\":\"ReadAction\",\"target\":[\"https:\\\/\\\/ihedn.fr\\\/nous-rejoindre\\\/emploi\\\/\"]}]},{\"@type\":\"ImageObject\",\"inLanguage\":\"en-GB\",\"@id\":\"https:\\\/\\\/ihedn.fr\\\/nous-rejoindre\\\/emploi\\\/#primaryimage\",\"url\":\"https:\\\/\\\/ihedn.fr\\\/wp-content\\\/uploads\\\/elementor\\\/thumbs\\\/BANDEAU_EMPLOI-q2tpakl58x64zjw8s2mentwnbxpra2mcna4aecntma.jpg\",\"contentUrl\":\"https:\\\/\\\/ihedn.fr\\\/wp-content\\\/uploads\\\/elementor\\\/thumbs\\\/BANDEAU_EMPLOI-q2tpakl58x64zjw8s2mentwnbxpra2mcna4aecntma.jpg\"},{\"@type\":\"BreadcrumbList\",\"@id\":\"https:\\\/\\\/ihedn.fr\\\/nous-rejoindre\\\/emploi\\\/#breadcrumb\",\"itemListElement\":[{\"@type\":\"ListItem\",\"position\":1,\"name\":\"Accueil\",\"item\":\"https:\\\/\\\/ihedn.fr\\\/\"},{\"@type\":\"ListItem\",\"position\":2,\"name\":\"Annonces d&#8217;emploi\",\"item\":\"https:\\\/\\\/ihedn.fr\\\/nous-rejoindre\\\/\"},{\"@type\":\"ListItem\",\"position\":3,\"name\":\"Emploi\"}]},{\"@type\":\"WebSite\",\"@id\":\"https:\\\/\\\/ihedn.fr\\\/#website\",\"url\":\"https:\\\/\\\/ihedn.fr\\\/\",\"name\":\"IHEDN : Institut des hautes \u00e9tudes de d\u00e9fense nationale |\",\"description\":\"Site officiel de l&#039;IHEDN plac\u00e9 sous la tutelle du Premier ministre.\",\"publisher\":{\"@id\":\"https:\\\/\\\/ihedn.fr\\\/#organization\"},\"potentialAction\":[{\"@type\":\"SearchAction\",\"target\":{\"@type\":\"EntryPoint\",\"urlTemplate\":\"https:\\\/\\\/ihedn.fr\\\/?s={search_term_string}\"},\"query-input\":{\"@type\":\"PropertyValueSpecification\",\"valueRequired\":true,\"valueName\":\"search_term_string\"}}],\"inLanguage\":\"en-GB\"},{\"@type\":\"Organization\",\"@id\":\"https:\\\/\\\/ihedn.fr\\\/#organization\",\"name\":\"IHEDN - Institut des Hautes Etudes de D\u00e9fense Nationale\",\"url\":\"https:\\\/\\\/ihedn.fr\\\/\",\"logo\":{\"@type\":\"ImageObject\",\"inLanguage\":\"en-GB\",\"@id\":\"https:\\\/\\\/ihedn.fr\\\/#\\\/schema\\\/logo\\\/image\\\/\",\"url\":\"https:\\\/\\\/ihedn.fr\\\/wp-content\\\/uploads\\\/2020\\\/11\\\/BLOC_RF_IHEDN_WEB.png\",\"contentUrl\":\"https:\\\/\\\/ihedn.fr\\\/wp-content\\\/uploads\\\/2020\\\/11\\\/BLOC_RF_IHEDN_WEB.png\",\"width\":500,\"height\":237,\"caption\":\"IHEDN - Institut des Hautes Etudes de D\u00e9fense Nationale\"},\"image\":{\"@id\":\"https:\\\/\\\/ihedn.fr\\\/#\\\/schema\\\/logo\\\/image\\\/\"},\"sameAs\":[\"https:\\\/\\\/www.facebook.com\\\/ihedn\\\/\",\"https:\\\/\\\/x.com\\\/IHEDN\",\"https:\\\/\\\/www.instagram.com\\\/ihedn\\\/\",\"https:\\\/\\\/www.linkedin.com\\\/school\\\/ihedn\\\/\",\"https:\\\/\\\/fr.wikipedia.org\\\/wiki\\\/Institut_des_hautes_\u00e9tudes_de_D\u00e9fense_nationale\"]}]}<\/script>\n<!-- \/ Yoast SEO plugin. -->","yoast_head_json":{"title":"Employment - IHEDN: Institut des hautes \u00e9tudes de d\u00e9fense nationale (Institute for Advanced National Defence Studies)","description":"Find all the job offers relayed by IHEDN","robots":{"index":"index","follow":"follow","max-snippet":"max-snippet:-1","max-image-preview":"max-image-preview:large","max-video-preview":"max-video-preview:-1"},"canonical":"https:\/\/ihedn.fr\/en\/nous-rejoindre\/emploi\/","og_locale":"en_GB","og_type":"article","og_title":"Emploi - L&#039;IHEDN : Institut des hautes \u00e9tudes de d\u00e9fense nationale","og_description":"Retrouvez l'ensemble des offres d'emplois relay\u00e9es par l'IHEDN","og_url":"https:\/\/ihedn.fr\/en\/nous-rejoindre\/emploi\/","og_site_name":"L&#039;IHEDN : Institut des hautes \u00e9tudes de d\u00e9fense nationale","article_publisher":"https:\/\/www.facebook.com\/ihedn\/","article_modified_time":"2026-04-14T07:30:59+00:00","og_image":[{"url":"https:\/\/ihedn.fr\/wp-content\/uploads\/elementor\/thumbs\/BANDEAU_EMPLOI-q2tpakl58x64zjw8s2mentwnbxpra2mcna4aecntma.jpg","type":"","width":"","height":""}],"twitter_card":"summary_large_image","twitter_site":"@IHEDN","twitter_misc":{"Estimated reading time":"1 minute"},"schema":{"@context":"https:\/\/schema.org","@graph":[{"@type":"WebPage","@id":"https:\/\/ihedn.fr\/nous-rejoindre\/emploi\/","url":"https:\/\/ihedn.fr\/nous-rejoindre\/emploi\/","name":"Employment - IHEDN: Institut des hautes \u00e9tudes de d\u00e9fense nationale (Institute for Advanced National Defence Studies)","isPartOf":{"@id":"https:\/\/ihedn.fr\/#website"},"primaryImageOfPage":{"@id":"https:\/\/ihedn.fr\/nous-rejoindre\/emploi\/#primaryimage"},"image":{"@id":"https:\/\/ihedn.fr\/nous-rejoindre\/emploi\/#primaryimage"},"thumbnailUrl":"https:\/\/ihedn.fr\/wp-content\/uploads\/elementor\/thumbs\/BANDEAU_EMPLOI-q2tpakl58x64zjw8s2mentwnbxpra2mcna4aecntma.jpg","datePublished":"2023-06-15T13:34:36+00:00","dateModified":"2026-04-14T07:30:59+00:00","description":"Find all the job offers relayed by IHEDN","breadcrumb":{"@id":"https:\/\/ihedn.fr\/nous-rejoindre\/emploi\/#breadcrumb"},"inLanguage":"en-GB","potentialAction":[{"@type":"ReadAction","target":["https:\/\/ihedn.fr\/nous-rejoindre\/emploi\/"]}]},{"@type":"ImageObject","inLanguage":"en-GB","@id":"https:\/\/ihedn.fr\/nous-rejoindre\/emploi\/#primaryimage","url":"https:\/\/ihedn.fr\/wp-content\/uploads\/elementor\/thumbs\/BANDEAU_EMPLOI-q2tpakl58x64zjw8s2mentwnbxpra2mcna4aecntma.jpg","contentUrl":"https:\/\/ihedn.fr\/wp-content\/uploads\/elementor\/thumbs\/BANDEAU_EMPLOI-q2tpakl58x64zjw8s2mentwnbxpra2mcna4aecntma.jpg"},{"@type":"BreadcrumbList","@id":"https:\/\/ihedn.fr\/nous-rejoindre\/emploi\/#breadcrumb","itemListElement":[{"@type":"ListItem","position":1,"name":"Accueil","item":"https:\/\/ihedn.fr\/"},{"@type":"ListItem","position":2,"name":"Annonces d&#8217;emploi","item":"https:\/\/ihedn.fr\/nous-rejoindre\/"},{"@type":"ListItem","position":3,"name":"Emploi"}]},{"@type":"WebSite","@id":"https:\/\/ihedn.fr\/#website","url":"https:\/\/ihedn.fr\/","name":"IHEDN: Institut des hautes \u00e9tudes de d\u00e9fense nationale (Institute for Higher National Defence Studies)","description":"Official website of the IHEDN under the supervision of the Prime Minister.","publisher":{"@id":"https:\/\/ihedn.fr\/#organization"},"potentialAction":[{"@type":"SearchAction","target":{"@type":"EntryPoint","urlTemplate":"https:\/\/ihedn.fr\/?s={search_term_string}"},"query-input":{"@type":"PropertyValueSpecification","valueRequired":true,"valueName":"search_term_string"}}],"inLanguage":"en-GB"},{"@type":"Organization","@id":"https:\/\/ihedn.fr\/#organization","name":"IHEDN - Institute for Higher National Defence Studies","url":"https:\/\/ihedn.fr\/","logo":{"@type":"ImageObject","inLanguage":"en-GB","@id":"https:\/\/ihedn.fr\/#\/schema\/logo\/image\/","url":"https:\/\/ihedn.fr\/wp-content\/uploads\/2020\/11\/BLOC_RF_IHEDN_WEB.png","contentUrl":"https:\/\/ihedn.fr\/wp-content\/uploads\/2020\/11\/BLOC_RF_IHEDN_WEB.png","width":500,"height":237,"caption":"IHEDN - Institut des Hautes Etudes de D\u00e9fense Nationale"},"image":{"@id":"https:\/\/ihedn.fr\/#\/schema\/logo\/image\/"},"sameAs":["https:\/\/www.facebook.com\/ihedn\/","https:\/\/x.com\/IHEDN","https:\/\/www.instagram.com\/ihedn\/","https:\/\/www.linkedin.com\/school\/ihedn\/","https:\/\/fr.wikipedia.org\/wiki\/Institut_des_hautes_\u00e9tudes_de_D\u00e9fense_nationale"]}]}},"publishpress_future_action":{"enabled":false,"date":"2026-05-06 06:54:15","action":"change-status","newStatus":"draft","terms":[],"taxonomy":"","extraData":[]},"publishpress_future_workflow_manual_trigger":{"enabledWorkflows":[]},"_links":{"self":[{"href":"https:\/\/ihedn.fr\/en\/wp-json\/wp\/v2\/pages\/40593","targetHints":{"allow":["GET"]}}],"collection":[{"href":"https:\/\/ihedn.fr\/en\/wp-json\/wp\/v2\/pages"}],"about":[{"href":"https:\/\/ihedn.fr\/en\/wp-json\/wp\/v2\/types\/page"}],"author":[{"embeddable":true,"href":"https:\/\/ihedn.fr\/en\/wp-json\/wp\/v2\/users\/1"}],"replies":[{"embeddable":true,"href":"https:\/\/ihedn.fr\/en\/wp-json\/wp\/v2\/comments?post=40593"}],"version-history":[{"count":114,"href":"https:\/\/ihedn.fr\/en\/wp-json\/wp\/v2\/pages\/40593\/revisions"}],"predecessor-version":[{"id":59594,"href":"https:\/\/ihedn.fr\/en\/wp-json\/wp\/v2\/pages\/40593\/revisions\/59594"}],"up":[{"embeddable":true,"href":"https:\/\/ihedn.fr\/en\/wp-json\/wp\/v2\/pages\/561"}],"wp:attachment":[{"href":"https:\/\/ihedn.fr\/en\/wp-json\/wp\/v2\/media?parent=40593"}],"curies":[{"name":"wp","href":"https:\/\/api.w.org\/{rel}","templated":true}]}}