{"id":45998,"date":"2024-02-20T13:22:07","date_gmt":"2024-02-20T12:22:07","guid":{"rendered":"https:\/\/ihedn.fr\/?page_id=45998"},"modified":"2026-03-04T17:56:38","modified_gmt":"2026-03-04T16:56:38","slug":"pensez-strategique","status":"publish","type":"page","link":"https:\/\/ihedn.fr\/en\/pensez-strategique\/","title":{"rendered":"Think strategic"},"content":{"rendered":"<div data-elementor-type=\"wp-page\" data-elementor-id=\"45998\" class=\"elementor elementor-45998\" data-elementor-post-type=\"page\">\n\t\t\t\t<div data-particle_enable=\"false\" data-particle-mobile-disabled=\"false\" class=\"elementor-element elementor-element-4956864 e-flex e-con-boxed e-con e-parent\" data-id=\"4956864\" data-element_type=\"container\" data-e-type=\"container\">\n\t\t\t\t\t<div class=\"e-con-inner\">\n\t\t\t\t<div class=\"elementor-element elementor-element-5cb5899 elementor-widget elementor-widget-heading\" data-id=\"5cb5899\" data-element_type=\"widget\" data-e-type=\"widget\" data-widget_type=\"heading.default\">\n\t\t\t\t<div class=\"elementor-widget-container\">\n\t\t\t\t\t<h2 class=\"elementor-heading-title elementor-size-default\">Think strategic - the ACADEM podcast<\/h2>\t\t\t\t<\/div>\n\t\t\t\t<\/div>\n\t\t\t\t<div class=\"elementor-element elementor-element-f4cf591 elementor-widget-divider--view-line elementor-widget elementor-widget-divider\" data-id=\"f4cf591\" data-element_type=\"widget\" data-e-type=\"widget\" data-widget_type=\"divider.default\">\n\t\t\t\t<div class=\"elementor-widget-container\">\n\t\t\t\t\t\t\t<div class=\"elementor-divider\">\n\t\t\t<span class=\"elementor-divider-separator\">\n\t\t\t\t\t\t<\/span>\n\t\t<\/div>\n\t\t\t\t\t\t<\/div>\n\t\t\t\t<\/div>\n\t\t\t\t\t<\/div>\n\t\t\t\t<\/div>\n\t\t<div data-particle_enable=\"false\" data-particle-mobile-disabled=\"false\" class=\"elementor-element elementor-element-5764e5e e-flex e-con-boxed e-con e-parent\" data-id=\"5764e5e\" data-element_type=\"container\" data-e-type=\"container\">\n\t\t\t\t\t<div class=\"e-con-inner\">\n\t\t\t\t<div class=\"elementor-element elementor-element-6d8014a elementor-widget elementor-widget-image\" data-id=\"6d8014a\" data-element_type=\"widget\" data-e-type=\"widget\" data-widget_type=\"image.default\">\n\t\t\t\t<div class=\"elementor-widget-container\">\n\t\t\t\t\t\t\t\t\t\t\t\t\t\t\t<img fetchpriority=\"high\" decoding=\"async\" width=\"1920\" height=\"1080\" src=\"https:\/\/ihedn.fr\/wp-content\/uploads\/2024\/02\/BANDEAU_SITE_PENSEZSTRAT_2302.jpg\" class=\"attachment-full size-full wp-image-46111\" alt=\"\" srcset=\"https:\/\/ihedn.fr\/wp-content\/uploads\/2024\/02\/BANDEAU_SITE_PENSEZSTRAT_2302.jpg 1920w, https:\/\/ihedn.fr\/wp-content\/uploads\/2024\/02\/BANDEAU_SITE_PENSEZSTRAT_2302-1536x864.jpg 1536w, https:\/\/ihedn.fr\/wp-content\/uploads\/2024\/02\/BANDEAU_SITE_PENSEZSTRAT_2302-18x10.jpg 18w\" sizes=\"(max-width: 1920px) 100vw, 1920px\" \/>\t\t\t\t\t\t\t\t\t\t\t\t\t\t\t<\/div>\n\t\t\t\t<\/div>\n\t\t\t\t<div class=\"elementor-element elementor-element-7c25f97 elementor-widget elementor-widget-text-editor\" data-id=\"7c25f97\" data-element_type=\"widget\" data-e-type=\"widget\" data-widget_type=\"text-editor.default\">\n\t\t\t\t<div class=\"elementor-widget-container\">\n\t\t\t\t\t\t\t\t\t<p style=\"text-align: left;\"><em>Think Strategic<\/em>\u00a0is a podcast that examines defence and security issues. Every month, Daniel Desesquelle interviews experts, researchers and senior military figures to discuss the major strategic issues of the day and gain a better understanding of how the world is progressing.<\/p>\t\t\t\t\t\t\t\t<\/div>\n\t\t\t\t<\/div>\n\t\t<div data-particle_enable=\"false\" data-particle-mobile-disabled=\"false\" class=\"elementor-element elementor-element-da8eb6f e-flex e-con-boxed e-con e-child\" data-id=\"da8eb6f\" data-element_type=\"container\" data-e-type=\"container\">\n\t\t\t\t\t<div class=\"e-con-inner\">\n\t\t\t\t<div class=\"elementor-element elementor-element-b96aa15 elementor-widget elementor-widget-heading\" data-id=\"b96aa15\" data-element_type=\"widget\" data-e-type=\"widget\" data-widget_type=\"heading.default\">\n\t\t\t\t<div class=\"elementor-widget-container\">\n\t\t\t\t\t<h2 class=\"elementor-heading-title elementor-size-default\">Watch all the episodes:<\/h2>\t\t\t\t<\/div>\n\t\t\t\t<\/div>\n\t\t\t\t\t<\/div>\n\t\t\t\t<\/div>\n\t\t\t\t\t<\/div>\n\t\t\t\t<\/div>\n\t\t<div data-particle_enable=\"false\" data-particle-mobile-disabled=\"false\" class=\"elementor-element elementor-element-0f1d4bc e-flex e-con-boxed e-con e-parent\" data-id=\"0f1d4bc\" data-element_type=\"container\" data-e-type=\"container\">\n\t\t\t\t\t<div class=\"e-con-inner\">\n\t\t<div data-particle_enable=\"false\" data-particle-mobile-disabled=\"false\" class=\"elementor-element elementor-element-cee0bd5 e-flex e-con-boxed e-con e-child\" data-id=\"cee0bd5\" data-element_type=\"container\" data-e-type=\"container\">\n\t\t\t\t\t<div class=\"e-con-inner\">\n\t\t<div data-particle_enable=\"false\" data-particle-mobile-disabled=\"false\" class=\"elementor-element elementor-element-269b61c e-con-full e-flex e-con e-child\" data-id=\"269b61c\" data-element_type=\"container\" data-e-type=\"container\">\n\t\t\t\t<div class=\"elementor-element elementor-element-18c723e elementor-widget elementor-widget-image\" data-id=\"18c723e\" data-element_type=\"widget\" data-e-type=\"widget\" data-widget_type=\"image.default\">\n\t\t\t\t<div class=\"elementor-widget-container\">\n\t\t\t\t\t\t\t\t\t\t\t\t\t\t\t\t<a href=\"https:\/\/www.podcastics.com\/podcast\/episode\/service-national-vers-un-nouveau-modele-darmee-405993\/\" target=\"_blank\">\n\t\t\t\t\t\t\t<img decoding=\"async\" width=\"800\" height=\"800\" src=\"https:\/\/ihedn.fr\/wp-content\/uploads\/2026\/03\/Service-national-pensez-strategique-1024x1024.png\" class=\"attachment-large size-large wp-image-58606\" alt=\"\" srcset=\"https:\/\/ihedn.fr\/wp-content\/uploads\/2026\/03\/Service-national-pensez-strategique-1024x1024.png 1024w, https:\/\/ihedn.fr\/wp-content\/uploads\/2026\/03\/Service-national-pensez-strategique-300x300.png 300w, https:\/\/ihedn.fr\/wp-content\/uploads\/2026\/03\/Service-national-pensez-strategique-150x150.png 150w, https:\/\/ihedn.fr\/wp-content\/uploads\/2026\/03\/Service-national-pensez-strategique-768x768.png 768w, https:\/\/ihedn.fr\/wp-content\/uploads\/2026\/03\/Service-national-pensez-strategique-1536x1536.png 1536w, https:\/\/ihedn.fr\/wp-content\/uploads\/2026\/03\/Service-national-pensez-strategique-12x12.png 12w, https:\/\/ihedn.fr\/wp-content\/uploads\/2026\/03\/Service-national-pensez-strategique.png 1920w\" sizes=\"(max-width: 800px) 100vw, 800px\" \/>\t\t\t\t\t\t\t\t<\/a>\n\t\t\t\t\t\t\t\t\t\t\t\t\t\t\t<\/div>\n\t\t\t\t<\/div>\n\t\t\t\t<\/div>\n\t\t<div data-particle_enable=\"false\" data-particle-mobile-disabled=\"false\" class=\"elementor-element elementor-element-98cc9d4 e-con-full e-flex e-con e-child\" data-id=\"98cc9d4\" data-element_type=\"container\" data-e-type=\"container\">\n\t\t\t\t<div class=\"elementor-element elementor-element-664f45c elementor-align-left elementor-widget elementor-widget-button\" data-id=\"664f45c\" data-element_type=\"widget\" data-e-type=\"widget\" data-widget_type=\"button.default\">\n\t\t\t\t<div class=\"elementor-widget-container\">\n\t\t\t\t\t\t\t\t\t<div class=\"elementor-button-wrapper\">\n\t\t\t\t\t<a class=\"elementor-button elementor-button-link elementor-size-xs\" href=\"https:\/\/www.podcastics.com\/podcast\/episode\/service-national-vers-un-nouveau-modele-darmee-405993\/\" target=\"_blank\">\n\t\t\t\t\t\t<span class=\"elementor-button-content-wrapper\">\n\t\t\t\t\t\t\t\t\t<span class=\"elementor-button-text\">National service: towards a new army model<\/span>\n\t\t\t\t\t<\/span>\n\t\t\t\t\t<\/a>\n\t\t\t\t<\/div>\n\t\t\t\t\t\t\t\t<\/div>\n\t\t\t\t<\/div>\n\t\t\t\t<div class=\"elementor-element elementor-element-f690821 elementor-widget elementor-widget-text-editor\" data-id=\"f690821\" data-element_type=\"widget\" data-e-type=\"widget\" data-widget_type=\"text-editor.default\">\n\t\t\t\t<div class=\"elementor-widget-container\">\n\t\t\t\t\t\t\t\t\t<p>4 March 2026 \/ 1 hr 1 min<\/p>\t\t\t\t\t\t\t\t<\/div>\n\t\t\t\t<\/div>\n\t\t\t\t<div class=\"elementor-element elementor-element-ea4962f elementor-widget elementor-widget-text-editor\" data-id=\"ea4962f\" data-element_type=\"widget\" data-e-type=\"widget\" data-widget_type=\"text-editor.default\">\n\t\t\t\t<div class=\"elementor-widget-container\">\n\t\t\t\t\t\t\t\t\t<p style=\"text-align: left;\">On 27 November, the French President announced the creation of a voluntary national service for young people aged 18 to 25.<\/p><p style=\"text-align: left;\">How can this new system move our army model towards an assertive triptych - professional forces, operational reserves and national service volunteers - in order to broaden the national defence base and enable France to hold together in a world of long-term conflict?<\/p>\t\t\t\t\t\t\t\t<\/div>\n\t\t\t\t<\/div>\n\t\t\t\t<div class=\"elementor-element elementor-element-5ef9a68 elementor-align-left elementor-widget__width-initial elementor-tablet-align-left elementor-mobile-align-center elementor-widget elementor-widget-button\" data-id=\"5ef9a68\" data-element_type=\"widget\" data-e-type=\"widget\" data-widget_type=\"button.default\">\n\t\t\t\t<div class=\"elementor-widget-container\">\n\t\t\t\t\t\t\t\t\t<div class=\"elementor-button-wrapper\">\n\t\t\t\t\t<a class=\"elementor-button elementor-button-link elementor-size-xs\" href=\"https:\/\/www.podcastics.com\/podcast\/episode\/service-national-vers-un-nouveau-modele-darmee-405993\/\" target=\"_blank\">\n\t\t\t\t\t\t<span class=\"elementor-button-content-wrapper\">\n\t\t\t\t\t\t\t\t\t<span class=\"elementor-button-text\">listen to the podcast<\/span>\n\t\t\t\t\t<\/span>\n\t\t\t\t\t<\/a>\n\t\t\t\t<\/div>\n\t\t\t\t\t\t\t\t<\/div>\n\t\t\t\t<\/div>\n\t\t\t\t<\/div>\n\t\t\t\t\t<\/div>\n\t\t\t\t<\/div>\n\t\t<div data-particle_enable=\"false\" data-particle-mobile-disabled=\"false\" class=\"elementor-element elementor-element-950fdb5 e-con-full e-flex e-con e-child\" data-id=\"950fdb5\" data-element_type=\"container\" data-e-type=\"container\">\n\t\t<div data-particle_enable=\"false\" data-particle-mobile-disabled=\"false\" class=\"elementor-element elementor-element-01eddc1 e-con-full e-flex e-con e-child\" data-id=\"01eddc1\" data-element_type=\"container\" data-e-type=\"container\">\n\t\t\t\t<div class=\"elementor-element elementor-element-b3ad277 elementor-widget elementor-widget-image\" data-id=\"b3ad277\" data-element_type=\"widget\" data-e-type=\"widget\" data-widget_type=\"image.default\">\n\t\t\t\t<div class=\"elementor-widget-container\">\n\t\t\t\t\t\t\t\t\t\t\t\t\t\t\t\t<a href=\"https:\/\/www.podcastics.com\/podcast\/episode\/innovation-le-nouveau-champ-de-bataille-mondial-401688\/\" target=\"_blank\">\n\t\t\t\t\t\t\t<img decoding=\"async\" width=\"800\" height=\"800\" src=\"https:\/\/ihedn.fr\/wp-content\/uploads\/2026\/02\/innovation-1024x1024.png\" class=\"attachment-large size-large wp-image-58208\" alt=\"Pensez strat\u00e9gique - \u00e9pisode innovation\" srcset=\"https:\/\/ihedn.fr\/wp-content\/uploads\/2026\/02\/innovation-1024x1024.png 1024w, https:\/\/ihedn.fr\/wp-content\/uploads\/2026\/02\/innovation-300x300.png 300w, https:\/\/ihedn.fr\/wp-content\/uploads\/2026\/02\/innovation-150x150.png 150w, https:\/\/ihedn.fr\/wp-content\/uploads\/2026\/02\/innovation-768x768.png 768w, https:\/\/ihedn.fr\/wp-content\/uploads\/2026\/02\/innovation-11x12.png 11w\" sizes=\"(max-width: 800px) 100vw, 800px\" \/>\t\t\t\t\t\t\t\t<\/a>\n\t\t\t\t\t\t\t\t\t\t\t\t\t\t\t<\/div>\n\t\t\t\t<\/div>\n\t\t\t\t<\/div>\n\t\t<div data-particle_enable=\"false\" data-particle-mobile-disabled=\"false\" class=\"elementor-element elementor-element-0550d0a e-con-full e-flex e-con e-child\" data-id=\"0550d0a\" data-element_type=\"container\" data-e-type=\"container\">\n\t\t\t\t<div class=\"elementor-element elementor-element-de4c74f elementor-align-left elementor-widget elementor-widget-button\" data-id=\"de4c74f\" data-element_type=\"widget\" data-e-type=\"widget\" data-widget_type=\"button.default\">\n\t\t\t\t<div class=\"elementor-widget-container\">\n\t\t\t\t\t\t\t\t\t<div class=\"elementor-button-wrapper\">\n\t\t\t\t\t<a class=\"elementor-button elementor-button-link elementor-size-xs\" href=\"https:\/\/www.podcastics.com\/podcast\/episode\/innovation-le-nouveau-champ-de-bataille-mondial-401688\/\" target=\"_blank\">\n\t\t\t\t\t\t<span class=\"elementor-button-content-wrapper\">\n\t\t\t\t\t\t\t\t\t<span class=\"elementor-button-text\">Innovation: the new global battlefield<\/span>\n\t\t\t\t\t<\/span>\n\t\t\t\t\t<\/a>\n\t\t\t\t<\/div>\n\t\t\t\t\t\t\t\t<\/div>\n\t\t\t\t<\/div>\n\t\t\t\t<div class=\"elementor-element elementor-element-d663543 elementor-widget elementor-widget-text-editor\" data-id=\"d663543\" data-element_type=\"widget\" data-e-type=\"widget\" data-widget_type=\"text-editor.default\">\n\t\t\t\t<div class=\"elementor-widget-container\">\n\t\t\t\t\t\t\t\t\t<p>26 January 2026 \/ 54 minutes\u00a0<\/p>\t\t\t\t\t\t\t\t<\/div>\n\t\t\t\t<\/div>\n\t\t\t\t<div class=\"elementor-element elementor-element-e1df57f elementor-widget elementor-widget-text-editor\" data-id=\"e1df57f\" data-element_type=\"widget\" data-e-type=\"widget\" data-widget_type=\"text-editor.default\">\n\t\t\t\t<div class=\"elementor-widget-container\">\n\t\t\t\t\t\t\t\t\t<p style=\"text-align: left;\">In an environment where conflict extends from the seabed to space, from cyber to the electromagnetic spectrum, innovation is no longer a technological \u201cplus\u201d: it is becoming a condition of sovereignty and operational superiority.<\/p><p style=\"text-align: left;\">Find out more with :<\/p><ul><li style=\"text-align: left;\">Patrick Aufort, General Armaments Engineer, Director of the Defence Innovation Agency (AID)<\/li><li style=\"text-align: left;\">Pierre Vandier, Admiral, NATO Supreme Allied Commander Transformation (SACT)<\/li><\/ul>\t\t\t\t\t\t\t\t<\/div>\n\t\t\t\t<\/div>\n\t\t\t\t<div class=\"elementor-element elementor-element-35ab92b elementor-align-left elementor-widget__width-initial elementor-tablet-align-left elementor-mobile-align-center elementor-widget elementor-widget-button\" data-id=\"35ab92b\" data-element_type=\"widget\" data-e-type=\"widget\" data-widget_type=\"button.default\">\n\t\t\t\t<div class=\"elementor-widget-container\">\n\t\t\t\t\t\t\t\t\t<div class=\"elementor-button-wrapper\">\n\t\t\t\t\t<a class=\"elementor-button elementor-button-link elementor-size-xs\" href=\"https:\/\/www.podcastics.com\/podcast\/episode\/innovation-le-nouveau-champ-de-bataille-mondial-401688\/\" target=\"_blank\">\n\t\t\t\t\t\t<span class=\"elementor-button-content-wrapper\">\n\t\t\t\t\t\t\t\t\t<span class=\"elementor-button-text\">listen to the podcast<\/span>\n\t\t\t\t\t<\/span>\n\t\t\t\t\t<\/a>\n\t\t\t\t<\/div>\n\t\t\t\t\t\t\t\t<\/div>\n\t\t\t\t<\/div>\n\t\t\t\t<\/div>\n\t\t\t\t<\/div>\n\t\t<div data-particle_enable=\"false\" data-particle-mobile-disabled=\"false\" class=\"elementor-element elementor-element-056e6b6 e-con-full e-flex e-con e-child\" data-id=\"056e6b6\" data-element_type=\"container\" data-e-type=\"container\">\n\t\t<div data-particle_enable=\"false\" data-particle-mobile-disabled=\"false\" class=\"elementor-element elementor-element-37c9f88 e-con-full e-flex e-con e-child\" data-id=\"37c9f88\" data-element_type=\"container\" data-e-type=\"container\">\n\t\t\t\t<div class=\"elementor-element elementor-element-ae3bbd3 elementor-widget elementor-widget-image\" data-id=\"ae3bbd3\" data-element_type=\"widget\" data-e-type=\"widget\" data-widget_type=\"image.default\">\n\t\t\t\t<div class=\"elementor-widget-container\">\n\t\t\t\t\t\t\t\t\t\t\t\t\t\t\t\t<a href=\"https:\/\/www.podcastics.com\/podcast\/episode\/arctique-tension-sous-la-banquise-385953\/\" target=\"_blank\">\n\t\t\t\t\t\t\t<img loading=\"lazy\" decoding=\"async\" width=\"800\" height=\"800\" src=\"https:\/\/ihedn.fr\/wp-content\/uploads\/2025\/10\/Podscast-Arctique-1024x1024.png\" class=\"attachment-large size-large wp-image-55966\" alt=\"Podcast : Arctique : tension sous la banquise\" srcset=\"https:\/\/ihedn.fr\/wp-content\/uploads\/2025\/10\/Podscast-Arctique-1024x1024.png 1024w, https:\/\/ihedn.fr\/wp-content\/uploads\/2025\/10\/Podscast-Arctique-300x300.png 300w, https:\/\/ihedn.fr\/wp-content\/uploads\/2025\/10\/Podscast-Arctique-150x150.png 150w, https:\/\/ihedn.fr\/wp-content\/uploads\/2025\/10\/Podscast-Arctique-768x768.png 768w, https:\/\/ihedn.fr\/wp-content\/uploads\/2025\/10\/Podscast-Arctique-12x12.png 12w, https:\/\/ihedn.fr\/wp-content\/uploads\/2025\/10\/Podscast-Arctique.png 1080w\" sizes=\"(max-width: 800px) 100vw, 800px\" \/>\t\t\t\t\t\t\t\t<\/a>\n\t\t\t\t\t\t\t\t\t\t\t\t\t\t\t<\/div>\n\t\t\t\t<\/div>\n\t\t\t\t<\/div>\n\t\t<div data-particle_enable=\"false\" data-particle-mobile-disabled=\"false\" class=\"elementor-element elementor-element-d2ae1a9 e-con-full e-flex e-con e-child\" data-id=\"d2ae1a9\" data-element_type=\"container\" data-e-type=\"container\">\n\t\t\t\t<div class=\"elementor-element elementor-element-3b6d4a8 elementor-align-left elementor-widget elementor-widget-button\" data-id=\"3b6d4a8\" data-element_type=\"widget\" data-e-type=\"widget\" data-widget_type=\"button.default\">\n\t\t\t\t<div class=\"elementor-widget-container\">\n\t\t\t\t\t\t\t\t\t<div class=\"elementor-button-wrapper\">\n\t\t\t\t\t<a class=\"elementor-button elementor-button-link elementor-size-xs\" href=\"https:\/\/www.podcastics.com\/podcast\/episode\/arctique-tension-sous-la-banquise-385953\/\" target=\"_blank\">\n\t\t\t\t\t\t<span class=\"elementor-button-content-wrapper\">\n\t\t\t\t\t\t\t\t\t<span class=\"elementor-button-text\">Arctic: tension under the ice pack<\/span>\n\t\t\t\t\t<\/span>\n\t\t\t\t\t<\/a>\n\t\t\t\t<\/div>\n\t\t\t\t\t\t\t\t<\/div>\n\t\t\t\t<\/div>\n\t\t\t\t<div class=\"elementor-element elementor-element-ae58308 elementor-widget elementor-widget-text-editor\" data-id=\"ae58308\" data-element_type=\"widget\" data-e-type=\"widget\" data-widget_type=\"text-editor.default\">\n\t\t\t\t<div class=\"elementor-widget-container\">\n\t\t\t\t\t\t\t\t\t<p>30 September 2025 \/ 56 minutes\u00a0<\/p>\t\t\t\t\t\t\t\t<\/div>\n\t\t\t\t<\/div>\n\t\t\t\t<div class=\"elementor-element elementor-element-6f89ddf elementor-widget elementor-widget-text-editor\" data-id=\"6f89ddf\" data-element_type=\"widget\" data-e-type=\"widget\" data-widget_type=\"text-editor.default\">\n\t\t\t\t<div class=\"elementor-widget-container\">\n\t\t\t\t\t\t\t\t\t<p style=\"text-align: left;\">The rapid melting of the sea ice is upsetting the balance in the Far North, turning the Arctic into a zone of tension where global warming, new shipping routes, rivalries between major powers and the consequences of the war in Ukraine are all coming together.<\/p><p style=\"text-align: left;\">In this new episode of \"Pensez Strat\u00e9gique\", Daniel Desesquelle and his guests explore the broad lines of France's defence strategy for the Arctic: ensuring collective defence, guaranteeing freedom of navigation and protecting access to strategic resources.<\/p>\t\t\t\t\t\t\t\t<\/div>\n\t\t\t\t<\/div>\n\t\t\t\t<div class=\"elementor-element elementor-element-6998ed5 elementor-align-left elementor-widget__width-initial elementor-tablet-align-left elementor-mobile-align-center elementor-widget elementor-widget-button\" data-id=\"6998ed5\" data-element_type=\"widget\" data-e-type=\"widget\" data-widget_type=\"button.default\">\n\t\t\t\t<div class=\"elementor-widget-container\">\n\t\t\t\t\t\t\t\t\t<div class=\"elementor-button-wrapper\">\n\t\t\t\t\t<a class=\"elementor-button elementor-button-link elementor-size-xs\" href=\"https:\/\/www.podcastics.com\/podcast\/episode\/arctique-tension-sous-la-banquise-385953\/\" target=\"_blank\">\n\t\t\t\t\t\t<span class=\"elementor-button-content-wrapper\">\n\t\t\t\t\t\t\t\t\t<span class=\"elementor-button-text\">listen to the podcast<\/span>\n\t\t\t\t\t<\/span>\n\t\t\t\t\t<\/a>\n\t\t\t\t<\/div>\n\t\t\t\t\t\t\t\t<\/div>\n\t\t\t\t<\/div>\n\t\t\t\t<\/div>\n\t\t\t\t<\/div>\n\t\t<div data-particle_enable=\"false\" data-particle-mobile-disabled=\"false\" class=\"elementor-element elementor-element-1314c72 e-con-full e-flex e-con e-child\" data-id=\"1314c72\" data-element_type=\"container\" data-e-type=\"container\">\n\t\t<div data-particle_enable=\"false\" data-particle-mobile-disabled=\"false\" class=\"elementor-element elementor-element-cdcedbe e-con-full e-flex e-con e-child\" data-id=\"cdcedbe\" data-element_type=\"container\" data-e-type=\"container\">\n\t\t\t\t<div class=\"elementor-element elementor-element-efdb346 elementor-widget elementor-widget-image\" data-id=\"efdb346\" data-element_type=\"widget\" data-e-type=\"widget\" data-widget_type=\"image.default\">\n\t\t\t\t<div class=\"elementor-widget-container\">\n\t\t\t\t\t\t\t\t\t\t\t\t\t\t\t\t<a href=\"https:\/\/www.podcastics.com\/podcast\/episode\/quel-sera-le-champ-de-bataille-en-2040-371374\/\" target=\"_blank\">\n\t\t\t\t\t\t\t<img loading=\"lazy\" decoding=\"async\" width=\"800\" height=\"800\" src=\"https:\/\/ihedn.fr\/wp-content\/uploads\/2025\/07\/CARRE_PENSEESTRAT_SITE_2040-1024x1024.png\" class=\"attachment-large size-large wp-image-54777\" alt=\"\" srcset=\"https:\/\/ihedn.fr\/wp-content\/uploads\/2025\/07\/CARRE_PENSEESTRAT_SITE_2040-1024x1024.png 1024w, https:\/\/ihedn.fr\/wp-content\/uploads\/2025\/07\/CARRE_PENSEESTRAT_SITE_2040-300x300.png 300w, https:\/\/ihedn.fr\/wp-content\/uploads\/2025\/07\/CARRE_PENSEESTRAT_SITE_2040-150x150.png 150w, https:\/\/ihedn.fr\/wp-content\/uploads\/2025\/07\/CARRE_PENSEESTRAT_SITE_2040-768x768.png 768w, https:\/\/ihedn.fr\/wp-content\/uploads\/2025\/07\/CARRE_PENSEESTRAT_SITE_2040-12x12.png 12w, https:\/\/ihedn.fr\/wp-content\/uploads\/2025\/07\/CARRE_PENSEESTRAT_SITE_2040.png 1080w\" sizes=\"(max-width: 800px) 100vw, 800px\" \/>\t\t\t\t\t\t\t\t<\/a>\n\t\t\t\t\t\t\t\t\t\t\t\t\t\t\t<\/div>\n\t\t\t\t<\/div>\n\t\t\t\t<\/div>\n\t\t<div data-particle_enable=\"false\" data-particle-mobile-disabled=\"false\" class=\"elementor-element elementor-element-d6ed65e e-con-full e-flex e-con e-child\" data-id=\"d6ed65e\" data-element_type=\"container\" data-e-type=\"container\">\n\t\t\t\t<div class=\"elementor-element elementor-element-0de3746 elementor-align-left elementor-widget elementor-widget-button\" data-id=\"0de3746\" data-element_type=\"widget\" data-e-type=\"widget\" data-widget_type=\"button.default\">\n\t\t\t\t<div class=\"elementor-widget-container\">\n\t\t\t\t\t\t\t\t\t<div class=\"elementor-button-wrapper\">\n\t\t\t\t\t<a class=\"elementor-button elementor-button-link elementor-size-xs\" href=\"https:\/\/www.podcastics.com\/podcast\/episode\/quel-sera-le-champ-de-bataille-en-2040-371374\/\" target=\"_blank\">\n\t\t\t\t\t\t<span class=\"elementor-button-content-wrapper\">\n\t\t\t\t\t\t\t\t\t<span class=\"elementor-button-text\">What battlefield in 2040?<\/span>\n\t\t\t\t\t<\/span>\n\t\t\t\t\t<\/a>\n\t\t\t\t<\/div>\n\t\t\t\t\t\t\t\t<\/div>\n\t\t\t\t<\/div>\n\t\t\t\t<div class=\"elementor-element elementor-element-12df319 elementor-widget elementor-widget-text-editor\" data-id=\"12df319\" data-element_type=\"widget\" data-e-type=\"widget\" data-widget_type=\"text-editor.default\">\n\t\t\t\t<div class=\"elementor-widget-container\">\n\t\t\t\t\t\t\t\t\t<p>26 June 2025 \/ 59 minutes\u00a0<\/p>\t\t\t\t\t\t\t\t<\/div>\n\t\t\t\t<\/div>\n\t\t\t\t<div class=\"elementor-element elementor-element-48b440a elementor-widget elementor-widget-text-editor\" data-id=\"48b440a\" data-element_type=\"widget\" data-e-type=\"widget\" data-widget_type=\"text-editor.default\">\n\t\t\t\t<div class=\"elementor-widget-container\">\n\t\t\t\t\t\t\t\t\t<p style=\"text-align: left;\">Since the war in Ukraine, military innovation has undergone an unprecedented technological acceleration. Massive unmanned aerial vehicles, battlefield robotisation, artificial intelligence and autonomous decision-making: a veritable revolution is underway. It is overturning tactics, doctrines and strategic balances. In the face of these changes, one question stands out: how can we anticipate tomorrow's war without risking preparing for yesterday's?<\/p>\t\t\t\t\t\t\t\t<\/div>\n\t\t\t\t<\/div>\n\t\t\t\t<div class=\"elementor-element elementor-element-972a559 elementor-align-left elementor-widget__width-initial elementor-tablet-align-left elementor-mobile-align-center elementor-widget elementor-widget-button\" data-id=\"972a559\" data-element_type=\"widget\" data-e-type=\"widget\" data-widget_type=\"button.default\">\n\t\t\t\t<div class=\"elementor-widget-container\">\n\t\t\t\t\t\t\t\t\t<div class=\"elementor-button-wrapper\">\n\t\t\t\t\t<a class=\"elementor-button elementor-button-link elementor-size-xs\" href=\"https:\/\/www.podcastics.com\/podcast\/episode\/quel-sera-le-champ-de-bataille-en-2040-371374\/\" target=\"_blank\">\n\t\t\t\t\t\t<span class=\"elementor-button-content-wrapper\">\n\t\t\t\t\t\t\t\t\t<span class=\"elementor-button-text\">listen to the podcast<\/span>\n\t\t\t\t\t<\/span>\n\t\t\t\t\t<\/a>\n\t\t\t\t<\/div>\n\t\t\t\t\t\t\t\t<\/div>\n\t\t\t\t<\/div>\n\t\t\t\t<\/div>\n\t\t\t\t<\/div>\n\t\t<div data-particle_enable=\"false\" data-particle-mobile-disabled=\"false\" class=\"elementor-element elementor-element-dc0e2d5 e-con-full e-flex e-con e-child\" data-id=\"dc0e2d5\" data-element_type=\"container\" data-e-type=\"container\">\n\t\t<div data-particle_enable=\"false\" data-particle-mobile-disabled=\"false\" class=\"elementor-element elementor-element-15c6e83 e-con-full e-flex e-con e-child\" data-id=\"15c6e83\" data-element_type=\"container\" data-e-type=\"container\">\n\t\t\t\t<div class=\"elementor-element elementor-element-1e701da elementor-widget elementor-widget-image\" data-id=\"1e701da\" data-element_type=\"widget\" data-e-type=\"widget\" data-widget_type=\"image.default\">\n\t\t\t\t<div class=\"elementor-widget-container\">\n\t\t\t\t\t\t\t\t\t\t\t\t\t\t\t\t<a href=\"https:\/\/www.podcastics.com\/podcast\/episode\/le-rearmement-de-leurope-360401\/\" target=\"_blank\">\n\t\t\t\t\t\t\t<img loading=\"lazy\" decoding=\"async\" width=\"800\" height=\"800\" src=\"https:\/\/ihedn.fr\/wp-content\/uploads\/2025\/05\/Podcast-format-carre-1024x1024.png\" class=\"attachment-large size-large wp-image-54117\" alt=\"\" srcset=\"https:\/\/ihedn.fr\/wp-content\/uploads\/2025\/05\/Podcast-format-carre-1024x1024.png 1024w, https:\/\/ihedn.fr\/wp-content\/uploads\/2025\/05\/Podcast-format-carre-300x300.png 300w, https:\/\/ihedn.fr\/wp-content\/uploads\/2025\/05\/Podcast-format-carre-150x150.png 150w, https:\/\/ihedn.fr\/wp-content\/uploads\/2025\/05\/Podcast-format-carre-768x768.png 768w, https:\/\/ihedn.fr\/wp-content\/uploads\/2025\/05\/Podcast-format-carre-12x12.png 12w, https:\/\/ihedn.fr\/wp-content\/uploads\/2025\/05\/Podcast-format-carre.png 1080w\" sizes=\"(max-width: 800px) 100vw, 800px\" \/>\t\t\t\t\t\t\t\t<\/a>\n\t\t\t\t\t\t\t\t\t\t\t\t\t\t\t<\/div>\n\t\t\t\t<\/div>\n\t\t\t\t<\/div>\n\t\t<div data-particle_enable=\"false\" data-particle-mobile-disabled=\"false\" class=\"elementor-element elementor-element-bb105b6 e-con-full e-flex e-con e-child\" data-id=\"bb105b6\" data-element_type=\"container\" data-e-type=\"container\">\n\t\t\t\t<div class=\"elementor-element elementor-element-a5cc5c0 elementor-align-left elementor-widget elementor-widget-button\" data-id=\"a5cc5c0\" data-element_type=\"widget\" data-e-type=\"widget\" data-widget_type=\"button.default\">\n\t\t\t\t<div class=\"elementor-widget-container\">\n\t\t\t\t\t\t\t\t\t<div class=\"elementor-button-wrapper\">\n\t\t\t\t\t<a class=\"elementor-button elementor-button-link elementor-size-xs\" href=\"https:\/\/www.podcastics.com\/podcast\/episode\/le-rearmement-de-leurope-360401\/\" target=\"_blank\">\n\t\t\t\t\t\t<span class=\"elementor-button-content-wrapper\">\n\t\t\t\t\t\t\t\t\t<span class=\"elementor-button-text\">Rearming Europe<\/span>\n\t\t\t\t\t<\/span>\n\t\t\t\t\t<\/a>\n\t\t\t\t<\/div>\n\t\t\t\t\t\t\t\t<\/div>\n\t\t\t\t<\/div>\n\t\t\t\t<div class=\"elementor-element elementor-element-9ec8690 elementor-widget elementor-widget-text-editor\" data-id=\"9ec8690\" data-element_type=\"widget\" data-e-type=\"widget\" data-widget_type=\"text-editor.default\">\n\t\t\t\t<div class=\"elementor-widget-container\">\n\t\t\t\t\t\t\t\t\t<p>30 April 2025 \/ 50 minutes\u00a0<\/p>\t\t\t\t\t\t\t\t<\/div>\n\t\t\t\t<\/div>\n\t\t\t\t<div class=\"elementor-element elementor-element-d8dea5c elementor-widget elementor-widget-text-editor\" data-id=\"d8dea5c\" data-element_type=\"widget\" data-e-type=\"widget\" data-widget_type=\"text-editor.default\">\n\t\t\t\t<div class=\"elementor-widget-container\">\n\t\t\t\t\t\t\t\t\t<p style=\"text-align: left;\">President Trump's desire to reduce the US military commitment in favour of the transatlantic alliance, while Russia continues its war against Ukraine, presents Europe with a twofold challenge...<\/p><p style=\"text-align: left;\">In this new episode of \"Pensez Strat\u00e9gique\", Daniel Desesquelle and his guests explore the question of Europe's rearmament in the face of the current geopolitical upheavals.<\/p><p style=\"text-align: left;\">How can Europe become a unified and autonomous military power?<\/p>\t\t\t\t\t\t\t\t<\/div>\n\t\t\t\t<\/div>\n\t\t\t\t<div class=\"elementor-element elementor-element-9ea669b elementor-align-left elementor-widget__width-initial elementor-tablet-align-left elementor-mobile-align-center elementor-widget elementor-widget-button\" data-id=\"9ea669b\" data-element_type=\"widget\" data-e-type=\"widget\" data-widget_type=\"button.default\">\n\t\t\t\t<div class=\"elementor-widget-container\">\n\t\t\t\t\t\t\t\t\t<div class=\"elementor-button-wrapper\">\n\t\t\t\t\t<a class=\"elementor-button elementor-button-link elementor-size-xs\" href=\"https:\/\/www.podcastics.com\/podcast\/episode\/le-rearmement-de-leurope-360401\/\" target=\"_blank\">\n\t\t\t\t\t\t<span class=\"elementor-button-content-wrapper\">\n\t\t\t\t\t\t\t\t\t<span class=\"elementor-button-text\">listen to the podcast<\/span>\n\t\t\t\t\t<\/span>\n\t\t\t\t\t<\/a>\n\t\t\t\t<\/div>\n\t\t\t\t\t\t\t\t<\/div>\n\t\t\t\t<\/div>\n\t\t\t\t<\/div>\n\t\t\t\t<\/div>\n\t\t<div data-particle_enable=\"false\" data-particle-mobile-disabled=\"false\" class=\"elementor-element elementor-element-6ec4edd e-con-full e-flex e-con e-child\" data-id=\"6ec4edd\" data-element_type=\"container\" data-e-type=\"container\">\n\t\t<div data-particle_enable=\"false\" data-particle-mobile-disabled=\"false\" class=\"elementor-element elementor-element-99c67e3 e-con-full e-flex e-con e-child\" data-id=\"99c67e3\" data-element_type=\"container\" data-e-type=\"container\">\n\t\t\t\t<div class=\"elementor-element elementor-element-cadf027 elementor-widget elementor-widget-image\" data-id=\"cadf027\" data-element_type=\"widget\" data-e-type=\"widget\" data-widget_type=\"image.default\">\n\t\t\t\t<div class=\"elementor-widget-container\">\n\t\t\t\t\t\t\t\t\t\t\t\t\t\t\t\t<a href=\"https:\/\/www.podcastics.com\/podcast\/episode\/lotan-a-la-croisee-des-chemins-351675\/\" target=\"_blank\">\n\t\t\t\t\t\t\t<img loading=\"lazy\" decoding=\"async\" width=\"800\" height=\"800\" src=\"https:\/\/ihedn.fr\/wp-content\/uploads\/2025\/03\/pensez-strat-otan-1024x1024.png\" class=\"attachment-large size-large wp-image-53152\" alt=\"Marie-Doha Besancenot au Paris Defence and Strategy Forum 2025.\" srcset=\"https:\/\/ihedn.fr\/wp-content\/uploads\/2025\/03\/pensez-strat-otan-1024x1024.png 1024w, https:\/\/ihedn.fr\/wp-content\/uploads\/2025\/03\/pensez-strat-otan-300x300.png 300w, https:\/\/ihedn.fr\/wp-content\/uploads\/2025\/03\/pensez-strat-otan-150x150.png 150w, https:\/\/ihedn.fr\/wp-content\/uploads\/2025\/03\/pensez-strat-otan-768x768.png 768w, https:\/\/ihedn.fr\/wp-content\/uploads\/2025\/03\/pensez-strat-otan-12x12.png 12w, https:\/\/ihedn.fr\/wp-content\/uploads\/2025\/03\/pensez-strat-otan.png 1080w\" sizes=\"(max-width: 800px) 100vw, 800px\" \/>\t\t\t\t\t\t\t\t<\/a>\n\t\t\t\t\t\t\t\t\t\t\t\t\t\t\t<\/div>\n\t\t\t\t<\/div>\n\t\t\t\t<\/div>\n\t\t<div data-particle_enable=\"false\" data-particle-mobile-disabled=\"false\" class=\"elementor-element elementor-element-892307b e-con-full e-flex e-con e-child\" data-id=\"892307b\" data-element_type=\"container\" data-e-type=\"container\">\n\t\t\t\t<div class=\"elementor-element elementor-element-7e57b87 elementor-align-left elementor-widget elementor-widget-button\" data-id=\"7e57b87\" data-element_type=\"widget\" data-e-type=\"widget\" data-widget_type=\"button.default\">\n\t\t\t\t<div class=\"elementor-widget-container\">\n\t\t\t\t\t\t\t\t\t<div class=\"elementor-button-wrapper\">\n\t\t\t\t\t<a class=\"elementor-button elementor-button-link elementor-size-xs\" href=\"https:\/\/www.podcastics.com\/podcast\/episode\/ukraine-trois-ans-deja-347993\/\" target=\"_blank\">\n\t\t\t\t\t\t<span class=\"elementor-button-content-wrapper\">\n\t\t\t\t\t\t\t\t\t<span class=\"elementor-button-text\">NATO at a crossroads<\/span>\n\t\t\t\t\t<\/span>\n\t\t\t\t\t<\/a>\n\t\t\t\t<\/div>\n\t\t\t\t\t\t\t\t<\/div>\n\t\t\t\t<\/div>\n\t\t\t\t<div class=\"elementor-element elementor-element-0b2967f elementor-widget elementor-widget-text-editor\" data-id=\"0b2967f\" data-element_type=\"widget\" data-e-type=\"widget\" data-widget_type=\"text-editor.default\">\n\t\t\t\t<div class=\"elementor-widget-container\">\n\t\t\t\t\t\t\t\t\t<p>13 March 2025 \/ 20 minutes\u00a0<\/p>\t\t\t\t\t\t\t\t<\/div>\n\t\t\t\t<\/div>\n\t\t\t\t<div class=\"elementor-element elementor-element-a21ef9a elementor-widget elementor-widget-text-editor\" data-id=\"a21ef9a\" data-element_type=\"widget\" data-e-type=\"widget\" data-widget_type=\"text-editor.default\">\n\t\t\t\t<div class=\"elementor-widget-container\">\n\t\t\t\t\t\t\t\t\t<p style=\"text-align: left;\">While NATO was seen as an institution on the back burner, the war in Ukraine triggered \"a return to the Alliance's core business, a return to its DNA\". The challenges are many: the upheaval of transatlantic relations, threats in the information field, operational deployment on Europe's eastern flank, reinvestment in the defence industry... What is NATO's position on these issues? Marie-Doha Besancenot, NATO's Deputy Secretary General for Public Diplomacy, gives us her views in this new episode.<\/p>\t\t\t\t\t\t\t\t<\/div>\n\t\t\t\t<\/div>\n\t\t\t\t<div class=\"elementor-element elementor-element-631c939 elementor-align-left elementor-widget__width-initial elementor-tablet-align-left elementor-mobile-align-center elementor-widget elementor-widget-button\" data-id=\"631c939\" data-element_type=\"widget\" data-e-type=\"widget\" data-widget_type=\"button.default\">\n\t\t\t\t<div class=\"elementor-widget-container\">\n\t\t\t\t\t\t\t\t\t<div class=\"elementor-button-wrapper\">\n\t\t\t\t\t<a class=\"elementor-button elementor-button-link elementor-size-xs\" href=\"https:\/\/www.podcastics.com\/podcast\/episode\/lotan-a-la-croisee-des-chemins-351675\/\" target=\"_blank\">\n\t\t\t\t\t\t<span class=\"elementor-button-content-wrapper\">\n\t\t\t\t\t\t\t\t\t<span class=\"elementor-button-text\">listen to the podcast<\/span>\n\t\t\t\t\t<\/span>\n\t\t\t\t\t<\/a>\n\t\t\t\t<\/div>\n\t\t\t\t\t\t\t\t<\/div>\n\t\t\t\t<\/div>\n\t\t\t\t<\/div>\n\t\t\t\t<\/div>\n\t\t<div data-particle_enable=\"false\" data-particle-mobile-disabled=\"false\" class=\"elementor-element elementor-element-48ffe33 e-con-full e-flex e-con e-child\" data-id=\"48ffe33\" data-element_type=\"container\" data-e-type=\"container\">\n\t\t<div data-particle_enable=\"false\" data-particle-mobile-disabled=\"false\" class=\"elementor-element elementor-element-f6850fb e-con-full e-flex e-con e-child\" data-id=\"f6850fb\" data-element_type=\"container\" data-e-type=\"container\">\n\t\t\t\t<div class=\"elementor-element elementor-element-d4eed0d elementor-widget elementor-widget-image\" data-id=\"d4eed0d\" data-element_type=\"widget\" data-e-type=\"widget\" data-widget_type=\"image.default\">\n\t\t\t\t<div class=\"elementor-widget-container\">\n\t\t\t\t\t\t\t\t\t\t\t\t\t\t\t\t<a href=\"https:\/\/www.podcastics.com\/podcast\/episode\/ukraine-trois-ans-deja-347993\/\" target=\"_blank\">\n\t\t\t\t\t\t\t<img loading=\"lazy\" decoding=\"async\" width=\"800\" height=\"800\" src=\"https:\/\/ihedn.fr\/wp-content\/uploads\/2025\/02\/INSTA_SPE_UKRAINE-1024x1024.jpg\" class=\"attachment-large size-large wp-image-52804\" alt=\"\" srcset=\"https:\/\/ihedn.fr\/wp-content\/uploads\/2025\/02\/INSTA_SPE_UKRAINE-1024x1024.jpg 1024w, https:\/\/ihedn.fr\/wp-content\/uploads\/2025\/02\/INSTA_SPE_UKRAINE-300x300.jpg 300w, https:\/\/ihedn.fr\/wp-content\/uploads\/2025\/02\/INSTA_SPE_UKRAINE-150x150.jpg 150w, https:\/\/ihedn.fr\/wp-content\/uploads\/2025\/02\/INSTA_SPE_UKRAINE-768x768.jpg 768w, https:\/\/ihedn.fr\/wp-content\/uploads\/2025\/02\/INSTA_SPE_UKRAINE-1536x1536.jpg 1536w, https:\/\/ihedn.fr\/wp-content\/uploads\/2025\/02\/INSTA_SPE_UKRAINE-12x12.jpg 12w, https:\/\/ihedn.fr\/wp-content\/uploads\/2025\/02\/INSTA_SPE_UKRAINE.jpg 1920w\" sizes=\"(max-width: 800px) 100vw, 800px\" \/>\t\t\t\t\t\t\t\t<\/a>\n\t\t\t\t\t\t\t\t\t\t\t\t\t\t\t<\/div>\n\t\t\t\t<\/div>\n\t\t\t\t<\/div>\n\t\t<div data-particle_enable=\"false\" data-particle-mobile-disabled=\"false\" class=\"elementor-element elementor-element-b641632 e-con-full e-flex e-con e-child\" data-id=\"b641632\" data-element_type=\"container\" data-e-type=\"container\">\n\t\t\t\t<div class=\"elementor-element elementor-element-f9e5413 elementor-align-left elementor-widget elementor-widget-button\" data-id=\"f9e5413\" data-element_type=\"widget\" data-e-type=\"widget\" data-widget_type=\"button.default\">\n\t\t\t\t<div class=\"elementor-widget-container\">\n\t\t\t\t\t\t\t\t\t<div class=\"elementor-button-wrapper\">\n\t\t\t\t\t<a class=\"elementor-button elementor-button-link elementor-size-xs\" href=\"https:\/\/www.podcastics.com\/podcast\/episode\/ukraine-trois-ans-deja-347993\/\" target=\"_blank\">\n\t\t\t\t\t\t<span class=\"elementor-button-content-wrapper\">\n\t\t\t\t\t\t\t\t\t<span class=\"elementor-button-text\">Ukraine: three years on<\/span>\n\t\t\t\t\t<\/span>\n\t\t\t\t\t<\/a>\n\t\t\t\t<\/div>\n\t\t\t\t\t\t\t\t<\/div>\n\t\t\t\t<\/div>\n\t\t\t\t<div class=\"elementor-element elementor-element-8f0f7f8 elementor-widget elementor-widget-text-editor\" data-id=\"8f0f7f8\" data-element_type=\"widget\" data-e-type=\"widget\" data-widget_type=\"text-editor.default\">\n\t\t\t\t<div class=\"elementor-widget-container\">\n\t\t\t\t\t\t\t\t\t<p>21 February 2025 \/ 1 hour\u00a0<\/p>\t\t\t\t\t\t\t\t<\/div>\n\t\t\t\t<\/div>\n\t\t\t\t<div class=\"elementor-element elementor-element-bf1fab9 elementor-widget elementor-widget-text-editor\" data-id=\"bf1fab9\" data-element_type=\"widget\" data-e-type=\"widget\" data-widget_type=\"text-editor.default\">\n\t\t\t\t<div class=\"elementor-widget-container\">\n\t\t\t\t\t\t\t\t\t<p style=\"text-align: left;\">On 24 February 2022, Russia launched its full-scale invasion of Ukraine. What was supposed to be a blitzkrieg turned into a war of attrition. In this 13th edition of Pensez strat\u00e9gique, the podcast of the Defence Academy of the \u00c9cole militaire, Daniel Desesquelle and his three guests take stock of these 3 years of combat.<\/p>\t\t\t\t\t\t\t\t<\/div>\n\t\t\t\t<\/div>\n\t\t\t\t<div class=\"elementor-element elementor-element-30a9200 elementor-align-left elementor-widget__width-initial elementor-tablet-align-left elementor-mobile-align-center elementor-widget elementor-widget-button\" data-id=\"30a9200\" data-element_type=\"widget\" data-e-type=\"widget\" data-widget_type=\"button.default\">\n\t\t\t\t<div class=\"elementor-widget-container\">\n\t\t\t\t\t\t\t\t\t<div class=\"elementor-button-wrapper\">\n\t\t\t\t\t<a class=\"elementor-button elementor-button-link elementor-size-xs\" href=\"https:\/\/www.podcastics.com\/podcast\/episode\/ukraine-trois-ans-deja-347993\/\" target=\"_blank\">\n\t\t\t\t\t\t<span class=\"elementor-button-content-wrapper\">\n\t\t\t\t\t\t\t\t\t<span class=\"elementor-button-text\">listen to the podcast<\/span>\n\t\t\t\t\t<\/span>\n\t\t\t\t\t<\/a>\n\t\t\t\t<\/div>\n\t\t\t\t\t\t\t\t<\/div>\n\t\t\t\t<\/div>\n\t\t\t\t<\/div>\n\t\t\t\t<\/div>\n\t\t<div data-particle_enable=\"false\" data-particle-mobile-disabled=\"false\" class=\"elementor-element elementor-element-6ea7387 e-con-full e-flex e-con e-child\" data-id=\"6ea7387\" data-element_type=\"container\" data-e-type=\"container\">\n\t\t<div data-particle_enable=\"false\" data-particle-mobile-disabled=\"false\" class=\"elementor-element elementor-element-26dcc1a e-con-full e-flex e-con e-child\" data-id=\"26dcc1a\" data-element_type=\"container\" data-e-type=\"container\">\n\t\t\t\t<div class=\"elementor-element elementor-element-4bccf40 elementor-widget elementor-widget-image\" data-id=\"4bccf40\" data-element_type=\"widget\" data-e-type=\"widget\" data-widget_type=\"image.default\">\n\t\t\t\t<div class=\"elementor-widget-container\">\n\t\t\t\t\t\t\t\t\t\t\t\t\t\t\t\t<a href=\"https:\/\/www.podcastics.com\/podcast\/episode\/cybersecurite-cyberdefense-le-5e-champ-de-bataille-345252\/\" target=\"_blank\">\n\t\t\t\t\t\t\t<img loading=\"lazy\" decoding=\"async\" width=\"800\" height=\"800\" src=\"https:\/\/ihedn.fr\/wp-content\/uploads\/2025\/02\/INSTA_CYBER-1024x1024.jpg\" class=\"attachment-large size-large wp-image-52779\" alt=\"\" srcset=\"https:\/\/ihedn.fr\/wp-content\/uploads\/2025\/02\/INSTA_CYBER-1024x1024.jpg 1024w, https:\/\/ihedn.fr\/wp-content\/uploads\/2025\/02\/INSTA_CYBER-300x300.jpg 300w, https:\/\/ihedn.fr\/wp-content\/uploads\/2025\/02\/INSTA_CYBER-150x150.jpg 150w, https:\/\/ihedn.fr\/wp-content\/uploads\/2025\/02\/INSTA_CYBER-768x768.jpg 768w, https:\/\/ihedn.fr\/wp-content\/uploads\/2025\/02\/INSTA_CYBER-1536x1536.jpg 1536w, https:\/\/ihedn.fr\/wp-content\/uploads\/2025\/02\/INSTA_CYBER-12x12.jpg 12w, https:\/\/ihedn.fr\/wp-content\/uploads\/2025\/02\/INSTA_CYBER.jpg 1920w\" sizes=\"(max-width: 800px) 100vw, 800px\" \/>\t\t\t\t\t\t\t\t<\/a>\n\t\t\t\t\t\t\t\t\t\t\t\t\t\t\t<\/div>\n\t\t\t\t<\/div>\n\t\t\t\t<\/div>\n\t\t<div data-particle_enable=\"false\" data-particle-mobile-disabled=\"false\" class=\"elementor-element elementor-element-e0903d1 e-con-full e-flex e-con e-child\" data-id=\"e0903d1\" data-element_type=\"container\" data-e-type=\"container\">\n\t\t\t\t<div class=\"elementor-element elementor-element-9d766e6 elementor-align-left elementor-widget elementor-widget-button\" data-id=\"9d766e6\" data-element_type=\"widget\" data-e-type=\"widget\" data-widget_type=\"button.default\">\n\t\t\t\t<div class=\"elementor-widget-container\">\n\t\t\t\t\t\t\t\t\t<div class=\"elementor-button-wrapper\">\n\t\t\t\t\t<a class=\"elementor-button elementor-button-link elementor-size-xs\" href=\"https:\/\/www.podcastics.com\/podcast\/episode\/cybersecurite-cyberdefense-le-5e-champ-de-bataille-345252\/\" target=\"_blank\">\n\t\t\t\t\t\t<span class=\"elementor-button-content-wrapper\">\n\t\t\t\t\t\t\t\t\t<span class=\"elementor-button-text\">Cybersecurity, cyberdefence: the 5th battlefield<\/span>\n\t\t\t\t\t<\/span>\n\t\t\t\t\t<\/a>\n\t\t\t\t<\/div>\n\t\t\t\t\t\t\t\t<\/div>\n\t\t\t\t<\/div>\n\t\t\t\t<div class=\"elementor-element elementor-element-4c60c46 elementor-widget elementor-widget-text-editor\" data-id=\"4c60c46\" data-element_type=\"widget\" data-e-type=\"widget\" data-widget_type=\"text-editor.default\">\n\t\t\t\t<div class=\"elementor-widget-container\">\n\t\t\t\t\t\t\t\t\t<p>31 January 2025 \/ 55 minutes\u00a0<\/p>\t\t\t\t\t\t\t\t<\/div>\n\t\t\t\t<\/div>\n\t\t\t\t<div class=\"elementor-element elementor-element-abbe64f elementor-widget elementor-widget-text-editor\" data-id=\"abbe64f\" data-element_type=\"widget\" data-e-type=\"widget\" data-widget_type=\"text-editor.default\">\n\t\t\t\t<div class=\"elementor-widget-container\">\n\t\t\t\t\t\t\t\t\t<p style=\"text-align: left;\">After land, sea, air and space, cyberspace is now the 5th battlefield. How is France protecting its vital interests in this area of conflict? How does it respond to these often masked attacks? In this 12th issue of Pensez strat\u00e9gique, the podcast of the \u00c9cole militaire's Defence Academy, Lieutenant General Aymeric Bonnemaison, commander of cyber defence, and Lieutenant General Marc Watin-Augouard, former head of the 'digital sovereignty and cyber security' major at the Institut des hautes \u00e9tudes de d\u00e9fense nationale (IHEDN), take a closer look at this major challenge.<\/p>\t\t\t\t\t\t\t\t<\/div>\n\t\t\t\t<\/div>\n\t\t\t\t<div class=\"elementor-element elementor-element-ab02849 elementor-align-left elementor-widget__width-initial elementor-tablet-align-left elementor-mobile-align-center elementor-widget elementor-widget-button\" data-id=\"ab02849\" data-element_type=\"widget\" data-e-type=\"widget\" data-widget_type=\"button.default\">\n\t\t\t\t<div class=\"elementor-widget-container\">\n\t\t\t\t\t\t\t\t\t<div class=\"elementor-button-wrapper\">\n\t\t\t\t\t<a class=\"elementor-button elementor-button-link elementor-size-xs\" href=\"https:\/\/www.podcastics.com\/podcast\/episode\/cybersecurite-cyberdefense-le-5e-champ-de-bataille-345252\/\" target=\"_blank\">\n\t\t\t\t\t\t<span class=\"elementor-button-content-wrapper\">\n\t\t\t\t\t\t\t\t\t<span class=\"elementor-button-text\">listen to the podcast<\/span>\n\t\t\t\t\t<\/span>\n\t\t\t\t\t<\/a>\n\t\t\t\t<\/div>\n\t\t\t\t\t\t\t\t<\/div>\n\t\t\t\t<\/div>\n\t\t\t\t<\/div>\n\t\t\t\t<\/div>\n\t\t<div data-particle_enable=\"false\" data-particle-mobile-disabled=\"false\" class=\"elementor-element elementor-element-9e04600 e-con-full e-flex e-con e-child\" data-id=\"9e04600\" data-element_type=\"container\" data-e-type=\"container\">\n\t\t<div data-particle_enable=\"false\" data-particle-mobile-disabled=\"false\" class=\"elementor-element elementor-element-d226c22 e-con-full e-flex e-con e-child\" data-id=\"d226c22\" data-element_type=\"container\" data-e-type=\"container\">\n\t\t\t\t<div class=\"elementor-element elementor-element-59a8582 elementor-widget elementor-widget-image\" data-id=\"59a8582\" data-element_type=\"widget\" data-e-type=\"widget\" data-widget_type=\"image.default\">\n\t\t\t\t<div class=\"elementor-widget-container\">\n\t\t\t\t\t\t\t\t\t\t\t\t\t\t\t\t<a href=\"https:\/\/www.podcastics.com\/podcast\/episode\/1944-comment-la-france-a-bascule-dans-le-camp-des-vainqueurs-332068\/\" target=\"_blank\">\n\t\t\t\t\t\t\t<img loading=\"lazy\" decoding=\"async\" width=\"800\" height=\"800\" src=\"https:\/\/ihedn.fr\/wp-content\/uploads\/2024\/12\/Podcast_carre-1024x1024.jpg\" class=\"attachment-large size-large wp-image-51903\" alt=\"\" srcset=\"https:\/\/ihedn.fr\/wp-content\/uploads\/2024\/12\/Podcast_carre-1024x1024.jpg 1024w, https:\/\/ihedn.fr\/wp-content\/uploads\/2024\/12\/Podcast_carre-300x300.jpg 300w, https:\/\/ihedn.fr\/wp-content\/uploads\/2024\/12\/Podcast_carre-150x150.jpg 150w, https:\/\/ihedn.fr\/wp-content\/uploads\/2024\/12\/Podcast_carre-768x768.jpg 768w, https:\/\/ihedn.fr\/wp-content\/uploads\/2024\/12\/Podcast_carre-1536x1536.jpg 1536w, https:\/\/ihedn.fr\/wp-content\/uploads\/2024\/12\/Podcast_carre-12x12.jpg 12w, https:\/\/ihedn.fr\/wp-content\/uploads\/2024\/12\/Podcast_carre.jpg 1920w\" sizes=\"(max-width: 800px) 100vw, 800px\" \/>\t\t\t\t\t\t\t\t<\/a>\n\t\t\t\t\t\t\t\t\t\t\t\t\t\t\t<\/div>\n\t\t\t\t<\/div>\n\t\t\t\t<\/div>\n\t\t<div data-particle_enable=\"false\" data-particle-mobile-disabled=\"false\" class=\"elementor-element elementor-element-ca16368 e-con-full e-flex e-con e-child\" data-id=\"ca16368\" data-element_type=\"container\" data-e-type=\"container\">\n\t\t\t\t<div class=\"elementor-element elementor-element-538cc58 elementor-align-left elementor-widget elementor-widget-button\" data-id=\"538cc58\" data-element_type=\"widget\" data-e-type=\"widget\" data-widget_type=\"button.default\">\n\t\t\t\t<div class=\"elementor-widget-container\">\n\t\t\t\t\t\t\t\t\t<div class=\"elementor-button-wrapper\">\n\t\t\t\t\t<a class=\"elementor-button elementor-button-link elementor-size-xs\" href=\"https:\/\/www.podcastics.com\/podcast\/episode\/1944-comment-la-france-a-bascule-dans-le-camp-des-vainqueurs-332068\/\" target=\"_blank\">\n\t\t\t\t\t\t<span class=\"elementor-button-content-wrapper\">\n\t\t\t\t\t\t\t\t\t<span class=\"elementor-button-text\">1944: how did France switch to the winning side?<\/span>\n\t\t\t\t\t<\/span>\n\t\t\t\t\t<\/a>\n\t\t\t\t<\/div>\n\t\t\t\t\t\t\t\t<\/div>\n\t\t\t\t<\/div>\n\t\t\t\t<div class=\"elementor-element elementor-element-bd231a4 elementor-widget elementor-widget-text-editor\" data-id=\"bd231a4\" data-element_type=\"widget\" data-e-type=\"widget\" data-widget_type=\"text-editor.default\">\n\t\t\t\t<div class=\"elementor-widget-container\">\n\t\t\t\t\t\t\t\t\t<p>16 December 2024 \/ 59 minutes\u00a0<\/p>\t\t\t\t\t\t\t\t<\/div>\n\t\t\t\t<\/div>\n\t\t\t\t<div class=\"elementor-element elementor-element-8899a0c elementor-widget elementor-widget-text-editor\" data-id=\"8899a0c\" data-element_type=\"widget\" data-e-type=\"widget\" data-widget_type=\"text-editor.default\">\n\t\t\t\t<div class=\"elementor-widget-container\">\n\t\t\t\t\t\t\t\t\t<p style=\"text-align: left;\">1944, a pivotal year. Interviewed by Daniel Desesquelle, General (2S) Benoit Durieux, historian Olivier Wieviorka and diplomat and Chairman of the Mission Lib\u00e9ration Philippe Etienne share their views on a decisive episode in the history of France. From the beaches of Normandy to the Liberation of Strasbourg, from the strategic debates between the Allies to the first milestones of national reconstruction, discover the military, political and diplomatic challenges of this crucial year.<\/p>\t\t\t\t\t\t\t\t<\/div>\n\t\t\t\t<\/div>\n\t\t\t\t<div class=\"elementor-element elementor-element-be57e71 elementor-align-left elementor-widget__width-initial elementor-tablet-align-left elementor-mobile-align-center elementor-widget elementor-widget-button\" data-id=\"be57e71\" data-element_type=\"widget\" data-e-type=\"widget\" data-widget_type=\"button.default\">\n\t\t\t\t<div class=\"elementor-widget-container\">\n\t\t\t\t\t\t\t\t\t<div class=\"elementor-button-wrapper\">\n\t\t\t\t\t<a class=\"elementor-button elementor-button-link elementor-size-xs\" href=\"https:\/\/www.podcastics.com\/podcast\/episode\/1944-comment-la-france-a-bascule-dans-le-camp-des-vainqueurs-332068\/\" target=\"_blank\">\n\t\t\t\t\t\t<span class=\"elementor-button-content-wrapper\">\n\t\t\t\t\t\t\t\t\t<span class=\"elementor-button-text\">listen to the podcast<\/span>\n\t\t\t\t\t<\/span>\n\t\t\t\t\t<\/a>\n\t\t\t\t<\/div>\n\t\t\t\t\t\t\t\t<\/div>\n\t\t\t\t<\/div>\n\t\t\t\t<\/div>\n\t\t\t\t<\/div>\n\t\t<div data-particle_enable=\"false\" data-particle-mobile-disabled=\"false\" class=\"elementor-element elementor-element-075dc8e e-con-full e-flex e-con e-child\" data-id=\"075dc8e\" data-element_type=\"container\" data-e-type=\"container\">\n\t\t<div data-particle_enable=\"false\" data-particle-mobile-disabled=\"false\" class=\"elementor-element elementor-element-5e7a2f6 e-con-full e-flex e-con e-child\" data-id=\"5e7a2f6\" data-element_type=\"container\" data-e-type=\"container\">\n\t\t\t\t<div class=\"elementor-element elementor-element-6285227 elementor-widget elementor-widget-image\" data-id=\"6285227\" data-element_type=\"widget\" data-e-type=\"widget\" data-widget_type=\"image.default\">\n\t\t\t\t<div class=\"elementor-widget-container\">\n\t\t\t\t\t\t\t\t\t\t\t\t\t\t\t\t<a href=\"https:\/\/www.podcastics.com\/podcast\/episode\/enjeux-maritimes-tensions-sur-les-oceans-327039\/\" target=\"_blank\">\n\t\t\t\t\t\t\t<img loading=\"lazy\" decoding=\"async\" width=\"800\" height=\"800\" src=\"https:\/\/ihedn.fr\/wp-content\/uploads\/2024\/11\/CARRE_LAMER-1024x1024.jpg\" class=\"attachment-large size-large wp-image-51472\" alt=\"Visuel du podcast de l&#039;ACADEM sur les enjeux maritimes\" srcset=\"https:\/\/ihedn.fr\/wp-content\/uploads\/2024\/11\/CARRE_LAMER-1024x1024.jpg 1024w, https:\/\/ihedn.fr\/wp-content\/uploads\/2024\/11\/CARRE_LAMER-300x300.jpg 300w, https:\/\/ihedn.fr\/wp-content\/uploads\/2024\/11\/CARRE_LAMER-150x150.jpg 150w, https:\/\/ihedn.fr\/wp-content\/uploads\/2024\/11\/CARRE_LAMER-768x768.jpg 768w, https:\/\/ihedn.fr\/wp-content\/uploads\/2024\/11\/CARRE_LAMER-1536x1536.jpg 1536w, https:\/\/ihedn.fr\/wp-content\/uploads\/2024\/11\/CARRE_LAMER-12x12.jpg 12w, https:\/\/ihedn.fr\/wp-content\/uploads\/2024\/11\/CARRE_LAMER.jpg 1920w\" sizes=\"(max-width: 800px) 100vw, 800px\" \/>\t\t\t\t\t\t\t\t<\/a>\n\t\t\t\t\t\t\t\t\t\t\t\t\t\t\t<\/div>\n\t\t\t\t<\/div>\n\t\t\t\t<\/div>\n\t\t<div data-particle_enable=\"false\" data-particle-mobile-disabled=\"false\" class=\"elementor-element elementor-element-9dfe1f4 e-con-full e-flex e-con e-child\" data-id=\"9dfe1f4\" data-element_type=\"container\" data-e-type=\"container\">\n\t\t\t\t<div class=\"elementor-element elementor-element-0b3e8fe elementor-align-left elementor-widget elementor-widget-button\" data-id=\"0b3e8fe\" data-element_type=\"widget\" data-e-type=\"widget\" data-widget_type=\"button.default\">\n\t\t\t\t<div class=\"elementor-widget-container\">\n\t\t\t\t\t\t\t\t\t<div class=\"elementor-button-wrapper\">\n\t\t\t\t\t<a class=\"elementor-button elementor-button-link elementor-size-xs\" href=\"https:\/\/www.podcastics.com\/podcast\/episode\/enjeux-maritimes-tensions-sur-les-oceans-327039\/\" target=\"_blank\">\n\t\t\t\t\t\t<span class=\"elementor-button-content-wrapper\">\n\t\t\t\t\t\t\t\t\t<span class=\"elementor-button-text\">Maritime issues: tensions over the oceans<\/span>\n\t\t\t\t\t<\/span>\n\t\t\t\t\t<\/a>\n\t\t\t\t<\/div>\n\t\t\t\t\t\t\t\t<\/div>\n\t\t\t\t<\/div>\n\t\t\t\t<div class=\"elementor-element elementor-element-301f394 elementor-widget elementor-widget-text-editor\" data-id=\"301f394\" data-element_type=\"widget\" data-e-type=\"widget\" data-widget_type=\"text-editor.default\">\n\t\t\t\t<div class=\"elementor-widget-container\">\n\t\t\t\t\t\t\t\t\t<p style=\"text-align: left;\">18 November 2024 \/ 1 h 3 minutes\u00a0<\/p>\t\t\t\t\t\t\t\t<\/div>\n\t\t\t\t<\/div>\n\t\t\t\t<div class=\"elementor-element elementor-element-ee8bada elementor-widget elementor-widget-text-editor\" data-id=\"ee8bada\" data-element_type=\"widget\" data-e-type=\"widget\" data-widget_type=\"text-editor.default\">\n\t\t\t\t<div class=\"elementor-widget-container\">\n\t\t\t\t\t\t\t\t\t<p style=\"text-align: left;\">In this new episode of the Pensez strat\u00e9gique podcast, our guests take a look at a vast subject: the oceans and the many issues they raise. Global trade, internet traffic, threats that are increasingly difficult to apprehend... All the answers to these issues in this podcast produced with the Acad\u00e9mie de d\u00e9fense de l'\u00e9cole militaire (ACADEM).<\/p>\t\t\t\t\t\t\t\t<\/div>\n\t\t\t\t<\/div>\n\t\t\t\t<div class=\"elementor-element elementor-element-22b5cff elementor-align-left elementor-widget__width-initial elementor-tablet-align-left elementor-mobile-align-center elementor-widget elementor-widget-button\" data-id=\"22b5cff\" data-element_type=\"widget\" data-e-type=\"widget\" data-widget_type=\"button.default\">\n\t\t\t\t<div class=\"elementor-widget-container\">\n\t\t\t\t\t\t\t\t\t<div class=\"elementor-button-wrapper\">\n\t\t\t\t\t<a class=\"elementor-button elementor-button-link elementor-size-xs\" href=\"https:\/\/www.podcastics.com\/podcast\/episode\/enjeux-maritimes-tensions-sur-les-oceans-327039\/\" target=\"_blank\">\n\t\t\t\t\t\t<span class=\"elementor-button-content-wrapper\">\n\t\t\t\t\t\t\t\t\t<span class=\"elementor-button-text\">listen to the podcast<\/span>\n\t\t\t\t\t<\/span>\n\t\t\t\t\t<\/a>\n\t\t\t\t<\/div>\n\t\t\t\t\t\t\t\t<\/div>\n\t\t\t\t<\/div>\n\t\t\t\t<\/div>\n\t\t\t\t<\/div>\n\t\t<div data-particle_enable=\"false\" data-particle-mobile-disabled=\"false\" class=\"elementor-element elementor-element-555f665 e-con-full e-flex e-con e-child\" data-id=\"555f665\" data-element_type=\"container\" data-e-type=\"container\">\n\t\t<div data-particle_enable=\"false\" data-particle-mobile-disabled=\"false\" class=\"elementor-element elementor-element-9c10ad7 e-con-full e-flex e-con e-child\" data-id=\"9c10ad7\" data-element_type=\"container\" data-e-type=\"container\">\n\t\t\t\t<div class=\"elementor-element elementor-element-147ec3b elementor-widget elementor-widget-image\" data-id=\"147ec3b\" data-element_type=\"widget\" data-e-type=\"widget\" data-widget_type=\"image.default\">\n\t\t\t\t<div class=\"elementor-widget-container\">\n\t\t\t\t\t\t\t\t\t\t\t\t\t\t\t\t<a href=\"https:\/\/www.podcastics.com\/podcast\/episode\/desinformation-le-nouveau-champ-de-bataille-320765\/\" target=\"_blank\">\n\t\t\t\t\t\t\t<img loading=\"lazy\" decoding=\"async\" width=\"800\" height=\"800\" src=\"https:\/\/ihedn.fr\/wp-content\/uploads\/2024\/10\/Pensez-Strategique-desinfo-1024x1024.png\" class=\"attachment-large size-large wp-image-51211\" alt=\"\" srcset=\"https:\/\/ihedn.fr\/wp-content\/uploads\/2024\/10\/Pensez-Strategique-desinfo-1024x1024.png 1024w, https:\/\/ihedn.fr\/wp-content\/uploads\/2024\/10\/Pensez-Strategique-desinfo-300x300.png 300w, https:\/\/ihedn.fr\/wp-content\/uploads\/2024\/10\/Pensez-Strategique-desinfo-150x150.png 150w, https:\/\/ihedn.fr\/wp-content\/uploads\/2024\/10\/Pensez-Strategique-desinfo-768x768.png 768w, https:\/\/ihedn.fr\/wp-content\/uploads\/2024\/10\/Pensez-Strategique-desinfo-12x12.png 12w, https:\/\/ihedn.fr\/wp-content\/uploads\/2024\/10\/Pensez-Strategique-desinfo.png 1080w\" sizes=\"(max-width: 800px) 100vw, 800px\" \/>\t\t\t\t\t\t\t\t<\/a>\n\t\t\t\t\t\t\t\t\t\t\t\t\t\t\t<\/div>\n\t\t\t\t<\/div>\n\t\t\t\t<\/div>\n\t\t<div data-particle_enable=\"false\" data-particle-mobile-disabled=\"false\" class=\"elementor-element elementor-element-8cc8160 e-con-full e-flex e-con e-child\" data-id=\"8cc8160\" data-element_type=\"container\" data-e-type=\"container\">\n\t\t\t\t<div class=\"elementor-element elementor-element-0430393 elementor-align-left elementor-widget elementor-widget-button\" data-id=\"0430393\" data-element_type=\"widget\" data-e-type=\"widget\" data-widget_type=\"button.default\">\n\t\t\t\t<div class=\"elementor-widget-container\">\n\t\t\t\t\t\t\t\t\t<div class=\"elementor-button-wrapper\">\n\t\t\t\t\t<a class=\"elementor-button elementor-button-link elementor-size-xs\" href=\"https:\/\/www.podcastics.com\/podcast\/episode\/desinformation-le-nouveau-champ-de-bataille-320765\/\" target=\"_blank\">\n\t\t\t\t\t\t<span class=\"elementor-button-content-wrapper\">\n\t\t\t\t\t\t\t\t\t<span class=\"elementor-button-text\">Disinformation: the new battlefield<\/span>\n\t\t\t\t\t<\/span>\n\t\t\t\t\t<\/a>\n\t\t\t\t<\/div>\n\t\t\t\t\t\t\t\t<\/div>\n\t\t\t\t<\/div>\n\t\t\t\t<div class=\"elementor-element elementor-element-13d7a33 elementor-widget elementor-widget-text-editor\" data-id=\"13d7a33\" data-element_type=\"widget\" data-e-type=\"widget\" data-widget_type=\"text-editor.default\">\n\t\t\t\t<div class=\"elementor-widget-container\">\n\t\t\t\t\t\t\t\t\t<p style=\"text-align: left;\">18 October 2024 \/ 50 minutes<\/p>\t\t\t\t\t\t\t\t<\/div>\n\t\t\t\t<\/div>\n\t\t\t\t<div class=\"elementor-element elementor-element-91f0330 elementor-widget elementor-widget-text-editor\" data-id=\"91f0330\" data-element_type=\"widget\" data-e-type=\"widget\" data-widget_type=\"text-editor.default\">\n\t\t\t\t<div class=\"elementor-widget-container\">\n\t\t\t\t\t\t\t\t\t<p style=\"text-align: left;\">Disinformation has always existed, but for a long time it was a cottage industry. With the advent of digital technology, the Internet and the proliferation of players, it has become an industry of chaos in the space of just a few years. Faced with this deluge of disinformation aimed at ultimately challenging the foundations of our democracy, how are our democratic states reacting?<\/p>\t\t\t\t\t\t\t\t<\/div>\n\t\t\t\t<\/div>\n\t\t\t\t<div class=\"elementor-element elementor-element-cf2f3e9 elementor-align-left elementor-widget__width-initial elementor-tablet-align-left elementor-mobile-align-center elementor-widget elementor-widget-button\" data-id=\"cf2f3e9\" data-element_type=\"widget\" data-e-type=\"widget\" data-widget_type=\"button.default\">\n\t\t\t\t<div class=\"elementor-widget-container\">\n\t\t\t\t\t\t\t\t\t<div class=\"elementor-button-wrapper\">\n\t\t\t\t\t<a class=\"elementor-button elementor-button-link elementor-size-xs\" href=\"https:\/\/www.podcastics.com\/podcast\/episode\/desinformation-le-nouveau-champ-de-bataille-320765\/\" target=\"_blank\">\n\t\t\t\t\t\t<span class=\"elementor-button-content-wrapper\">\n\t\t\t\t\t\t\t\t\t<span class=\"elementor-button-text\">listen to the podcast<\/span>\n\t\t\t\t\t<\/span>\n\t\t\t\t\t<\/a>\n\t\t\t\t<\/div>\n\t\t\t\t\t\t\t\t<\/div>\n\t\t\t\t<\/div>\n\t\t\t\t<\/div>\n\t\t\t\t<\/div>\n\t\t<div data-particle_enable=\"false\" data-particle-mobile-disabled=\"false\" class=\"elementor-element elementor-element-0ebda43 e-con-full e-flex e-con e-child\" data-id=\"0ebda43\" data-element_type=\"container\" data-e-type=\"container\">\n\t\t<div data-particle_enable=\"false\" data-particle-mobile-disabled=\"false\" class=\"elementor-element elementor-element-69e002d e-con-full e-flex e-con e-child\" data-id=\"69e002d\" data-element_type=\"container\" data-e-type=\"container\">\n\t\t\t\t<div class=\"elementor-element elementor-element-b37f8ba elementor-widget elementor-widget-image\" data-id=\"b37f8ba\" data-element_type=\"widget\" data-e-type=\"widget\" data-widget_type=\"image.default\">\n\t\t\t\t<div class=\"elementor-widget-container\">\n\t\t\t\t\t\t\t\t\t\t\t\t\t\t\t\t<a href=\"https:\/\/www.podcastics.com\/podcast\/episode\/se-transformer-pour-faire-face-au-nouveau-monde-le-defi-de-larmee-de-terre-307335\/\" target=\"_blank\">\n\t\t\t\t\t\t\t<img loading=\"lazy\" decoding=\"async\" width=\"800\" height=\"800\" src=\"https:\/\/ihedn.fr\/wp-content\/uploads\/2024\/09\/pensez-strat-square.png-1024x1024.jpg\" class=\"attachment-large size-large wp-image-50007\" alt=\"\" srcset=\"https:\/\/ihedn.fr\/wp-content\/uploads\/2024\/09\/pensez-strat-square.png-1024x1024.jpg 1024w, https:\/\/ihedn.fr\/wp-content\/uploads\/2024\/09\/pensez-strat-square.png-300x300.jpg 300w, https:\/\/ihedn.fr\/wp-content\/uploads\/2024\/09\/pensez-strat-square.png-150x150.jpg 150w, https:\/\/ihedn.fr\/wp-content\/uploads\/2024\/09\/pensez-strat-square.png-768x768.jpg 768w, https:\/\/ihedn.fr\/wp-content\/uploads\/2024\/09\/pensez-strat-square.png-12x12.jpg 12w, https:\/\/ihedn.fr\/wp-content\/uploads\/2024\/09\/pensez-strat-square.png.jpg 1440w\" sizes=\"(max-width: 800px) 100vw, 800px\" \/>\t\t\t\t\t\t\t\t<\/a>\n\t\t\t\t\t\t\t\t\t\t\t\t\t\t\t<\/div>\n\t\t\t\t<\/div>\n\t\t\t\t<\/div>\n\t\t<div data-particle_enable=\"false\" data-particle-mobile-disabled=\"false\" class=\"elementor-element elementor-element-6012077 e-con-full e-flex e-con e-child\" data-id=\"6012077\" data-element_type=\"container\" data-e-type=\"container\">\n\t\t\t\t<div class=\"elementor-element elementor-element-a01dc4e elementor-align-left elementor-widget elementor-widget-button\" data-id=\"a01dc4e\" data-element_type=\"widget\" data-e-type=\"widget\" data-widget_type=\"button.default\">\n\t\t\t\t<div class=\"elementor-widget-container\">\n\t\t\t\t\t\t\t\t\t<div class=\"elementor-button-wrapper\">\n\t\t\t\t\t<a class=\"elementor-button elementor-button-link elementor-size-xs\" href=\"https:\/\/www.podcastics.com\/podcast\/episode\/se-transformer-pour-faire-face-au-nouveau-monde-le-defi-de-larmee-de-terre-307335\/\" target=\"_blank\">\n\t\t\t\t\t\t<span class=\"elementor-button-content-wrapper\">\n\t\t\t\t\t\t\t\t\t<span class=\"elementor-button-text\">Transforming to face the new world: the challenge facing the French Army<\/span>\n\t\t\t\t\t<\/span>\n\t\t\t\t\t<\/a>\n\t\t\t\t<\/div>\n\t\t\t\t\t\t\t\t<\/div>\n\t\t\t\t<\/div>\n\t\t\t\t<div class=\"elementor-element elementor-element-ae5076d elementor-widget elementor-widget-text-editor\" data-id=\"ae5076d\" data-element_type=\"widget\" data-e-type=\"widget\" data-widget_type=\"text-editor.default\">\n\t\t\t\t<div class=\"elementor-widget-container\">\n\t\t\t\t\t\t\t\t\t<p style=\"text-align: left;\">25 July 2024 \/ 1 hour<\/p>\t\t\t\t\t\t\t\t<\/div>\n\t\t\t\t<\/div>\n\t\t\t\t<div class=\"elementor-element elementor-element-60ce82d elementor-widget elementor-widget-text-editor\" data-id=\"60ce82d\" data-element_type=\"widget\" data-e-type=\"widget\" data-widget_type=\"text-editor.default\">\n\t\t\t\t<div class=\"elementor-widget-container\">\n\t\t\t\t\t\t\t\t\t<p style=\"text-align: left;\">On 24 February 2022, war returned to Europe with the Russian invasion of Ukraine. Since then, force has once again become essential, and the French Army needs to adapt. When did the new world we know today begin? How do we neutralise threats, meet operational needs and integrate civilian technologies? And how are the French Defence Procurement Agency (DGA) and the French Army working together? Find out in this episode.<\/p>\t\t\t\t\t\t\t\t<\/div>\n\t\t\t\t<\/div>\n\t\t\t\t<div class=\"elementor-element elementor-element-d514343 elementor-align-left elementor-widget__width-initial elementor-tablet-align-left elementor-mobile-align-center elementor-widget elementor-widget-button\" data-id=\"d514343\" data-element_type=\"widget\" data-e-type=\"widget\" data-widget_type=\"button.default\">\n\t\t\t\t<div class=\"elementor-widget-container\">\n\t\t\t\t\t\t\t\t\t<div class=\"elementor-button-wrapper\">\n\t\t\t\t\t<a class=\"elementor-button elementor-button-link elementor-size-xs\" href=\"https:\/\/www.podcastics.com\/podcast\/episode\/se-transformer-pour-faire-face-au-nouveau-monde-le-defi-de-larmee-de-terre-307335\/\" target=\"_blank\">\n\t\t\t\t\t\t<span class=\"elementor-button-content-wrapper\">\n\t\t\t\t\t\t\t\t\t<span class=\"elementor-button-text\">listen to the podcast<\/span>\n\t\t\t\t\t<\/span>\n\t\t\t\t\t<\/a>\n\t\t\t\t<\/div>\n\t\t\t\t\t\t\t\t<\/div>\n\t\t\t\t<\/div>\n\t\t\t\t<\/div>\n\t\t\t\t<\/div>\n\t\t<div data-particle_enable=\"false\" data-particle-mobile-disabled=\"false\" class=\"elementor-element elementor-element-74a73ca e-con-full e-flex e-con e-child\" data-id=\"74a73ca\" data-element_type=\"container\" data-e-type=\"container\">\n\t\t<div data-particle_enable=\"false\" data-particle-mobile-disabled=\"false\" class=\"elementor-element elementor-element-bc9ad94 e-con-full e-flex e-con e-child\" data-id=\"bc9ad94\" data-element_type=\"container\" data-e-type=\"container\">\n\t\t\t\t<div class=\"elementor-element elementor-element-5224173 elementor-widget elementor-widget-image\" data-id=\"5224173\" data-element_type=\"widget\" data-e-type=\"widget\" data-widget_type=\"image.default\">\n\t\t\t\t<div class=\"elementor-widget-container\">\n\t\t\t\t\t\t\t\t\t\t\t\t\t\t\t\t<a href=\"https:\/\/www.podcastics.com\/podcast\/episode\/75-ans-de-lotan-la-relation-transatlantique-a-travers-lhistoire-304287\/\" target=\"_blank\">\n\t\t\t\t\t\t\t<img loading=\"lazy\" decoding=\"async\" width=\"800\" height=\"803\" src=\"https:\/\/ihedn.fr\/wp-content\/uploads\/2024\/07\/75ans_OTAN_podcastr.png\" class=\"attachment-large size-large wp-image-48579\" alt=\"Visuel du podcast &quot;Pensez Strat\u00e9gique&quot; sur les 75 ans de l&#039;OTAN\" srcset=\"https:\/\/ihedn.fr\/wp-content\/uploads\/2024\/07\/75ans_OTAN_podcastr.png 917w, https:\/\/ihedn.fr\/wp-content\/uploads\/2024\/07\/75ans_OTAN_podcastr-300x300.png 300w, https:\/\/ihedn.fr\/wp-content\/uploads\/2024\/07\/75ans_OTAN_podcastr-150x150.png 150w, https:\/\/ihedn.fr\/wp-content\/uploads\/2024\/07\/75ans_OTAN_podcastr-12x12.png 12w\" sizes=\"(max-width: 800px) 100vw, 800px\" \/>\t\t\t\t\t\t\t\t<\/a>\n\t\t\t\t\t\t\t\t\t\t\t\t\t\t\t<\/div>\n\t\t\t\t<\/div>\n\t\t\t\t<\/div>\n\t\t<div data-particle_enable=\"false\" data-particle-mobile-disabled=\"false\" class=\"elementor-element elementor-element-21ab2f9 e-con-full e-flex e-con e-child\" data-id=\"21ab2f9\" data-element_type=\"container\" data-e-type=\"container\">\n\t\t\t\t<div class=\"elementor-element elementor-element-a1e7fda elementor-align-left elementor-widget elementor-widget-button\" data-id=\"a1e7fda\" data-element_type=\"widget\" data-e-type=\"widget\" data-widget_type=\"button.default\">\n\t\t\t\t<div class=\"elementor-widget-container\">\n\t\t\t\t\t\t\t\t\t<div class=\"elementor-button-wrapper\">\n\t\t\t\t\t<a class=\"elementor-button elementor-button-link elementor-size-xs\" href=\"https:\/\/www.podcastics.com\/podcast\/episode\/75-ans-de-lotan-la-relation-transatlantique-a-travers-lhistoire-304287\/\" target=\"_blank\">\n\t\t\t\t\t\t<span class=\"elementor-button-content-wrapper\">\n\t\t\t\t\t\t\t\t\t<span class=\"elementor-button-text\">75 years of NATO: the transatlantic relationship through history<\/span>\n\t\t\t\t\t<\/span>\n\t\t\t\t\t<\/a>\n\t\t\t\t<\/div>\n\t\t\t\t\t\t\t\t<\/div>\n\t\t\t\t<\/div>\n\t\t\t\t<div class=\"elementor-element elementor-element-ee488ad elementor-widget elementor-widget-text-editor\" data-id=\"ee488ad\" data-element_type=\"widget\" data-e-type=\"widget\" data-widget_type=\"text-editor.default\">\n\t\t\t\t<div class=\"elementor-widget-container\">\n\t\t\t\t\t\t\t\t\t<p style=\"text-align: left;\">28 June 2024 \/ 58 minutes<\/p>\t\t\t\t\t\t\t\t<\/div>\n\t\t\t\t<\/div>\n\t\t\t\t<div class=\"elementor-element elementor-element-209ac0d elementor-widget elementor-widget-text-editor\" data-id=\"209ac0d\" data-element_type=\"widget\" data-e-type=\"widget\" data-widget_type=\"text-editor.default\">\n\t\t\t\t<div class=\"elementor-widget-container\">\n\t\t\t\t\t\t\t\t\t<p style=\"text-align: left;\">On 4 April, the North Atlantic Treaty Organisation (NATO) celebrated its 75th anniversary. This anniversary came at a time when NATO was faced with an exceptional situation: Russia's invasion of Ukraine. For the first time in its history, NATO is facing a long, high-intensity war on its border.<\/p>\t\t\t\t\t\t\t\t<\/div>\n\t\t\t\t<\/div>\n\t\t\t\t<div class=\"elementor-element elementor-element-49da650 elementor-align-left elementor-widget__width-initial elementor-tablet-align-left elementor-mobile-align-center elementor-widget elementor-widget-button\" data-id=\"49da650\" data-element_type=\"widget\" data-e-type=\"widget\" data-widget_type=\"button.default\">\n\t\t\t\t<div class=\"elementor-widget-container\">\n\t\t\t\t\t\t\t\t\t<div class=\"elementor-button-wrapper\">\n\t\t\t\t\t<a class=\"elementor-button elementor-button-link elementor-size-xs\" href=\"https:\/\/www.podcastics.com\/podcast\/episode\/75-ans-de-lotan-la-relation-transatlantique-a-travers-lhistoire-304287\/\" target=\"_blank\">\n\t\t\t\t\t\t<span class=\"elementor-button-content-wrapper\">\n\t\t\t\t\t\t\t\t\t<span class=\"elementor-button-text\">listen to the podcast<\/span>\n\t\t\t\t\t<\/span>\n\t\t\t\t\t<\/a>\n\t\t\t\t<\/div>\n\t\t\t\t\t\t\t\t<\/div>\n\t\t\t\t<\/div>\n\t\t\t\t<\/div>\n\t\t\t\t<\/div>\n\t\t<div data-particle_enable=\"false\" data-particle-mobile-disabled=\"false\" class=\"elementor-element elementor-element-ff70021 e-con-full e-flex e-con e-child\" data-id=\"ff70021\" data-element_type=\"container\" data-e-type=\"container\">\n\t\t<div data-particle_enable=\"false\" data-particle-mobile-disabled=\"false\" class=\"elementor-element elementor-element-0eec11b e-con-full e-flex e-con e-child\" data-id=\"0eec11b\" data-element_type=\"container\" data-e-type=\"container\">\n\t\t\t\t<div class=\"elementor-element elementor-element-213a43a elementor-widget elementor-widget-image\" data-id=\"213a43a\" data-element_type=\"widget\" data-e-type=\"widget\" data-widget_type=\"image.default\">\n\t\t\t\t<div class=\"elementor-widget-container\">\n\t\t\t\t\t\t\t\t\t\t\t\t\t\t\t\t<a href=\"https:\/\/www.podcastics.com\/podcast\/episode\/lintelligence-artificielle-sur-le-champ-de-bataille-300790\/\" target=\"_blank\">\n\t\t\t\t\t\t\t<img loading=\"lazy\" decoding=\"async\" width=\"800\" height=\"800\" src=\"https:\/\/ihedn.fr\/wp-content\/uploads\/2024\/05\/IA_IHEDN-podcast-1024x1024.png\" class=\"attachment-large size-large wp-image-47688\" alt=\"Podcast &quot;pensez strat\u00e9gique&quot; de l&#039;ACADEM\" srcset=\"https:\/\/ihedn.fr\/wp-content\/uploads\/2024\/05\/IA_IHEDN-podcast-1024x1024.png 1024w, https:\/\/ihedn.fr\/wp-content\/uploads\/2024\/05\/IA_IHEDN-podcast-300x300.png 300w, https:\/\/ihedn.fr\/wp-content\/uploads\/2024\/05\/IA_IHEDN-podcast-150x150.png 150w, https:\/\/ihedn.fr\/wp-content\/uploads\/2024\/05\/IA_IHEDN-podcast-768x768.png 768w, https:\/\/ihedn.fr\/wp-content\/uploads\/2024\/05\/IA_IHEDN-podcast-12x12.png 12w, https:\/\/ihedn.fr\/wp-content\/uploads\/2024\/05\/IA_IHEDN-podcast.png 1200w\" sizes=\"(max-width: 800px) 100vw, 800px\" \/>\t\t\t\t\t\t\t\t<\/a>\n\t\t\t\t\t\t\t\t\t\t\t\t\t\t\t<\/div>\n\t\t\t\t<\/div>\n\t\t\t\t<\/div>\n\t\t<div data-particle_enable=\"false\" data-particle-mobile-disabled=\"false\" class=\"elementor-element elementor-element-2388d01 e-con-full e-flex e-con e-child\" data-id=\"2388d01\" data-element_type=\"container\" data-e-type=\"container\">\n\t\t\t\t<div class=\"elementor-element elementor-element-e9344fd elementor-align-left elementor-widget elementor-widget-button\" data-id=\"e9344fd\" data-element_type=\"widget\" data-e-type=\"widget\" data-widget_type=\"button.default\">\n\t\t\t\t<div class=\"elementor-widget-container\">\n\t\t\t\t\t\t\t\t\t<div class=\"elementor-button-wrapper\">\n\t\t\t\t\t<a class=\"elementor-button elementor-button-link elementor-size-xs\" href=\"https:\/\/www.podcastics.com\/podcast\/episode\/lintelligence-artificielle-sur-le-champ-de-bataille-300790\/\" target=\"_blank\">\n\t\t\t\t\t\t<span class=\"elementor-button-content-wrapper\">\n\t\t\t\t\t\t\t\t\t<span class=\"elementor-button-text\">Artificial intelligence on the battlefield<\/span>\n\t\t\t\t\t<\/span>\n\t\t\t\t\t<\/a>\n\t\t\t\t<\/div>\n\t\t\t\t\t\t\t\t<\/div>\n\t\t\t\t<\/div>\n\t\t\t\t<div class=\"elementor-element elementor-element-7d44116 elementor-widget elementor-widget-text-editor\" data-id=\"7d44116\" data-element_type=\"widget\" data-e-type=\"widget\" data-widget_type=\"text-editor.default\">\n\t\t\t\t<div class=\"elementor-widget-container\">\n\t\t\t\t\t\t\t\t\t<p style=\"text-align: left;\">24 May 2024 \/ 45 minutes<\/p>\t\t\t\t\t\t\t\t<\/div>\n\t\t\t\t<\/div>\n\t\t\t\t<div class=\"elementor-element elementor-element-442b07a elementor-widget elementor-widget-text-editor\" data-id=\"442b07a\" data-element_type=\"widget\" data-e-type=\"widget\" data-widget_type=\"text-editor.default\">\n\t\t\t\t<div class=\"elementor-widget-container\">\n\t\t\t\t\t\t\t\t\t<p style=\"text-align: left;\">In this new episode of Pensez strat\u00e9gique, our guests decipher a technology that speaks to us all, artificial intelligence (AI), in a specific field: defence. How has it changed the battlefield? How are the French armed forces positioning themselves in terms of AI? Daniel Desesquelle talks to Bertrand Rondepierre, Director of the Ministerial Agency for Defence AI (AMIAD) and Admiral Pierre Vandier, Major General of the French Armed Forces.<\/p>\t\t\t\t\t\t\t\t<\/div>\n\t\t\t\t<\/div>\n\t\t\t\t<div class=\"elementor-element elementor-element-3330c81 elementor-align-left elementor-widget__width-initial elementor-tablet-align-left elementor-mobile-align-center elementor-widget elementor-widget-button\" data-id=\"3330c81\" data-element_type=\"widget\" data-e-type=\"widget\" data-widget_type=\"button.default\">\n\t\t\t\t<div class=\"elementor-widget-container\">\n\t\t\t\t\t\t\t\t\t<div class=\"elementor-button-wrapper\">\n\t\t\t\t\t<a class=\"elementor-button elementor-button-link elementor-size-xs\" href=\"https:\/\/www.podcastics.com\/podcast\/episode\/lintelligence-artificielle-sur-le-champ-de-bataille-300790\/\" target=\"_blank\">\n\t\t\t\t\t\t<span class=\"elementor-button-content-wrapper\">\n\t\t\t\t\t\t\t\t\t<span class=\"elementor-button-text\">listen to the podcast<\/span>\n\t\t\t\t\t<\/span>\n\t\t\t\t\t<\/a>\n\t\t\t\t<\/div>\n\t\t\t\t\t\t\t\t<\/div>\n\t\t\t\t<\/div>\n\t\t\t\t<\/div>\n\t\t\t\t<\/div>\n\t\t<div data-particle_enable=\"false\" data-particle-mobile-disabled=\"false\" class=\"elementor-element elementor-element-cd690bd e-flex e-con-boxed e-con e-child\" data-id=\"cd690bd\" data-element_type=\"container\" data-e-type=\"container\">\n\t\t\t\t\t<div class=\"e-con-inner\">\n\t\t<div data-particle_enable=\"false\" data-particle-mobile-disabled=\"false\" class=\"elementor-element elementor-element-b099e2f e-con-full e-flex e-con e-child\" data-id=\"b099e2f\" data-element_type=\"container\" data-e-type=\"container\">\n\t\t\t\t<div class=\"elementor-element elementor-element-3a297c8 elementor-widget elementor-widget-image\" data-id=\"3a297c8\" data-element_type=\"widget\" data-e-type=\"widget\" data-widget_type=\"image.default\">\n\t\t\t\t<div class=\"elementor-widget-container\">\n\t\t\t\t\t\t\t\t\t\t\t\t\t\t\t\t<a href=\"https:\/\/www.podcastics.com\/podcast\/episode\/renseignement-et-democratie-290477\/\" target=\"_blank\">\n\t\t\t\t\t\t\t<img loading=\"lazy\" decoding=\"async\" width=\"800\" height=\"800\" src=\"https:\/\/ihedn.fr\/wp-content\/uploads\/2024\/05\/Podcast-rens-democratie-1024x1024.png\" class=\"attachment-large size-large wp-image-47418\" alt=\"Visuel du podcast &quot;Renseignement et d\u00e9mocratie&quot; de l&#039;ACADEM\" srcset=\"https:\/\/ihedn.fr\/wp-content\/uploads\/2024\/05\/Podcast-rens-democratie-1024x1024.png 1024w, https:\/\/ihedn.fr\/wp-content\/uploads\/2024\/05\/Podcast-rens-democratie-300x300.png 300w, https:\/\/ihedn.fr\/wp-content\/uploads\/2024\/05\/Podcast-rens-democratie-150x150.png 150w, https:\/\/ihedn.fr\/wp-content\/uploads\/2024\/05\/Podcast-rens-democratie-768x768.png 768w, https:\/\/ihedn.fr\/wp-content\/uploads\/2024\/05\/Podcast-rens-democratie-12x12.png 12w, https:\/\/ihedn.fr\/wp-content\/uploads\/2024\/05\/Podcast-rens-democratie.png 1200w\" sizes=\"(max-width: 800px) 100vw, 800px\" \/>\t\t\t\t\t\t\t\t<\/a>\n\t\t\t\t\t\t\t\t\t\t\t\t\t\t\t<\/div>\n\t\t\t\t<\/div>\n\t\t\t\t<\/div>\n\t\t<div data-particle_enable=\"false\" data-particle-mobile-disabled=\"false\" class=\"elementor-element elementor-element-a197b65 e-con-full e-flex e-con e-child\" data-id=\"a197b65\" data-element_type=\"container\" data-e-type=\"container\">\n\t\t\t\t<div class=\"elementor-element elementor-element-b236bc5 elementor-align-left elementor-widget elementor-widget-button\" data-id=\"b236bc5\" data-element_type=\"widget\" data-e-type=\"widget\" data-widget_type=\"button.default\">\n\t\t\t\t<div class=\"elementor-widget-container\">\n\t\t\t\t\t\t\t\t\t<div class=\"elementor-button-wrapper\">\n\t\t\t\t\t<a class=\"elementor-button elementor-button-link elementor-size-xs\" href=\"https:\/\/www.podcastics.com\/podcast\/episode\/renseignement-et-democratie-290477\/\" target=\"_blank\">\n\t\t\t\t\t\t<span class=\"elementor-button-content-wrapper\">\n\t\t\t\t\t\t\t\t\t<span class=\"elementor-button-text\">Intelligence and democracy<\/span>\n\t\t\t\t\t<\/span>\n\t\t\t\t\t<\/a>\n\t\t\t\t<\/div>\n\t\t\t\t\t\t\t\t<\/div>\n\t\t\t\t<\/div>\n\t\t\t\t<div class=\"elementor-element elementor-element-044cbc2 elementor-widget elementor-widget-text-editor\" data-id=\"044cbc2\" data-element_type=\"widget\" data-e-type=\"widget\" data-widget_type=\"text-editor.default\">\n\t\t\t\t<div class=\"elementor-widget-container\">\n\t\t\t\t\t\t\t\t\t<p style=\"text-align: left;\">19 April 2024 \/ 49 minutes<\/p>\t\t\t\t\t\t\t\t<\/div>\n\t\t\t\t<\/div>\n\t\t\t\t<div class=\"elementor-element elementor-element-9fecd85 elementor-widget elementor-widget-text-editor\" data-id=\"9fecd85\" data-element_type=\"widget\" data-e-type=\"widget\" data-widget_type=\"text-editor.default\">\n\t\t\t\t<div class=\"elementor-widget-container\">\n\t\t\t\t\t\t\t\t\t<p style=\"text-align: left;\">In this fifth episode of Pensez Strat\u00e9gique, we delve into the heart of intelligence. DGSE, DGSI, DRM, DRSD... What is the role of these entities? How does intelligence fit into a democratic world? How is it evolving in the face of the challenges of a chaotic world?<\/p>\t\t\t\t\t\t\t\t<\/div>\n\t\t\t\t<\/div>\n\t\t\t\t<div class=\"elementor-element elementor-element-da87ec8 elementor-align-left elementor-widget__width-initial elementor-tablet-align-left elementor-mobile-align-center elementor-widget elementor-widget-button\" data-id=\"da87ec8\" data-element_type=\"widget\" data-e-type=\"widget\" data-widget_type=\"button.default\">\n\t\t\t\t<div class=\"elementor-widget-container\">\n\t\t\t\t\t\t\t\t\t<div class=\"elementor-button-wrapper\">\n\t\t\t\t\t<a class=\"elementor-button elementor-button-link elementor-size-xs\" href=\"https:\/\/www.podcastics.com\/podcast\/episode\/renseignement-et-democratie-290477\/\" target=\"_blank\">\n\t\t\t\t\t\t<span class=\"elementor-button-content-wrapper\">\n\t\t\t\t\t\t\t\t\t<span class=\"elementor-button-text\">listen to the podcast<\/span>\n\t\t\t\t\t<\/span>\n\t\t\t\t\t<\/a>\n\t\t\t\t<\/div>\n\t\t\t\t\t\t\t\t<\/div>\n\t\t\t\t<\/div>\n\t\t\t\t<\/div>\n\t\t\t\t\t<\/div>\n\t\t\t\t<\/div>\n\t\t<div data-particle_enable=\"false\" data-particle-mobile-disabled=\"false\" class=\"elementor-element elementor-element-09813d1 e-flex e-con-boxed e-con e-child\" data-id=\"09813d1\" data-element_type=\"container\" data-e-type=\"container\">\n\t\t\t\t\t<div class=\"e-con-inner\">\n\t\t<div data-particle_enable=\"false\" data-particle-mobile-disabled=\"false\" class=\"elementor-element elementor-element-03ee1ec e-con-full e-flex e-con e-child\" data-id=\"03ee1ec\" data-element_type=\"container\" data-e-type=\"container\">\n\t\t\t\t<div class=\"elementor-element elementor-element-2cc3604 elementor-widget elementor-widget-image\" data-id=\"2cc3604\" data-element_type=\"widget\" data-e-type=\"widget\" data-widget_type=\"image.default\">\n\t\t\t\t<div class=\"elementor-widget-container\">\n\t\t\t\t\t\t\t\t\t\t\t\t\t\t\t\t<a href=\"https:\/\/www.podcastics.com\/podcast\/episode\/que-fait-lunion-europeenne-pour-defendre-leurope-287964\/\" target=\"_blank\">\n\t\t\t\t\t\t\t<img loading=\"lazy\" decoding=\"async\" width=\"800\" height=\"800\" src=\"https:\/\/ihedn.fr\/wp-content\/uploads\/2024\/03\/PDSF-podcast-carre-002-1024x1024.png\" class=\"attachment-large size-large wp-image-46889\" alt=\"\" srcset=\"https:\/\/ihedn.fr\/wp-content\/uploads\/2024\/03\/PDSF-podcast-carre-002-1024x1024.png 1024w, https:\/\/ihedn.fr\/wp-content\/uploads\/2024\/03\/PDSF-podcast-carre-002-300x300.png 300w, https:\/\/ihedn.fr\/wp-content\/uploads\/2024\/03\/PDSF-podcast-carre-002-150x150.png 150w, https:\/\/ihedn.fr\/wp-content\/uploads\/2024\/03\/PDSF-podcast-carre-002-768x768.png 768w, https:\/\/ihedn.fr\/wp-content\/uploads\/2024\/03\/PDSF-podcast-carre-002-12x12.png 12w, https:\/\/ihedn.fr\/wp-content\/uploads\/2024\/03\/PDSF-podcast-carre-002.png 1200w\" sizes=\"(max-width: 800px) 100vw, 800px\" \/>\t\t\t\t\t\t\t\t<\/a>\n\t\t\t\t\t\t\t\t\t\t\t\t\t\t\t<\/div>\n\t\t\t\t<\/div>\n\t\t\t\t<\/div>\n\t\t<div data-particle_enable=\"false\" data-particle-mobile-disabled=\"false\" class=\"elementor-element elementor-element-68a9568 e-con-full e-flex e-con e-child\" data-id=\"68a9568\" data-element_type=\"container\" data-e-type=\"container\">\n\t\t\t\t<div class=\"elementor-element elementor-element-6f95fc5 elementor-align-left elementor-widget elementor-widget-button\" data-id=\"6f95fc5\" data-element_type=\"widget\" data-e-type=\"widget\" data-widget_type=\"button.default\">\n\t\t\t\t<div class=\"elementor-widget-container\">\n\t\t\t\t\t\t\t\t\t<div class=\"elementor-button-wrapper\">\n\t\t\t\t\t<a class=\"elementor-button elementor-button-link elementor-size-xs\" href=\"https:\/\/www.podcastics.com\/podcast\/episode\/que-fait-lunion-europeenne-pour-defendre-leurope-287964\/\" target=\"_blank\">\n\t\t\t\t\t\t<span class=\"elementor-button-content-wrapper\">\n\t\t\t\t\t\t\t\t\t<span class=\"elementor-button-text\">What is the EU doing to defend Europe? <\/span>\n\t\t\t\t\t<\/span>\n\t\t\t\t\t<\/a>\n\t\t\t\t<\/div>\n\t\t\t\t\t\t\t\t<\/div>\n\t\t\t\t<\/div>\n\t\t\t\t<div class=\"elementor-element elementor-element-577896a elementor-widget elementor-widget-text-editor\" data-id=\"577896a\" data-element_type=\"widget\" data-e-type=\"widget\" data-widget_type=\"text-editor.default\">\n\t\t\t\t<div class=\"elementor-widget-container\">\n\t\t\t\t\t\t\t\t\t<p style=\"text-align: left;\">28 March 2024 \/ 43 minutes<\/p>\t\t\t\t\t\t\t\t<\/div>\n\t\t\t\t<\/div>\n\t\t\t\t<div class=\"elementor-element elementor-element-3914160 elementor-widget elementor-widget-text-editor\" data-id=\"3914160\" data-element_type=\"widget\" data-e-type=\"widget\" data-widget_type=\"text-editor.default\">\n\t\t\t\t<div class=\"elementor-widget-container\">\n\t\t\t\t\t\t\t\t\t<p style=\"text-align: left;\">In this fourth episode, following on from the Paris Defence and Strategy Forum, Daniel Desesquelle and his three guests discuss the defence of the European Union in current European conflicts.<\/p>\t\t\t\t\t\t\t\t<\/div>\n\t\t\t\t<\/div>\n\t\t\t\t<div class=\"elementor-element elementor-element-1a784ce elementor-align-left elementor-widget__width-initial elementor-tablet-align-left elementor-mobile-align-center elementor-widget elementor-widget-button\" data-id=\"1a784ce\" data-element_type=\"widget\" data-e-type=\"widget\" data-widget_type=\"button.default\">\n\t\t\t\t<div class=\"elementor-widget-container\">\n\t\t\t\t\t\t\t\t\t<div class=\"elementor-button-wrapper\">\n\t\t\t\t\t<a class=\"elementor-button elementor-button-link elementor-size-xs\" href=\"https:\/\/www.podcastics.com\/podcast\/episode\/que-fait-lunion-europeenne-pour-defendre-leurope-287964\/\" target=\"_blank\">\n\t\t\t\t\t\t<span class=\"elementor-button-content-wrapper\">\n\t\t\t\t\t\t\t\t\t<span class=\"elementor-button-text\">listen to the podcast<\/span>\n\t\t\t\t\t<\/span>\n\t\t\t\t\t<\/a>\n\t\t\t\t<\/div>\n\t\t\t\t\t\t\t\t<\/div>\n\t\t\t\t<\/div>\n\t\t\t\t<\/div>\n\t\t\t\t\t<\/div>\n\t\t\t\t<\/div>\n\t\t<div data-particle_enable=\"false\" data-particle-mobile-disabled=\"false\" class=\"elementor-element elementor-element-eff1005 e-flex e-con-boxed e-con e-child\" data-id=\"eff1005\" data-element_type=\"container\" data-e-type=\"container\">\n\t\t\t\t\t<div class=\"e-con-inner\">\n\t\t<div data-particle_enable=\"false\" data-particle-mobile-disabled=\"false\" class=\"elementor-element elementor-element-e163988 e-con-full e-flex e-con e-child\" data-id=\"e163988\" data-element_type=\"container\" data-e-type=\"container\">\n\t\t\t\t<div class=\"elementor-element elementor-element-98fdf32 elementor-widget elementor-widget-image\" data-id=\"98fdf32\" data-element_type=\"widget\" data-e-type=\"widget\" data-widget_type=\"image.default\">\n\t\t\t\t<div class=\"elementor-widget-container\">\n\t\t\t\t\t\t\t\t\t\t\t\t\t\t\t\t<a href=\"https:\/\/www.podcastics.com\/podcast\/episode\/ukraine-deux-ans-de-guerre-en-europe-282468\/\" target=\"_blank\">\n\t\t\t\t\t\t\t<img loading=\"lazy\" decoding=\"async\" width=\"800\" height=\"800\" src=\"https:\/\/ihedn.fr\/wp-content\/uploads\/2024\/02\/Ukraine-3-002-1024x1024.png\" class=\"attachment-large size-large wp-image-46107\" alt=\"\" srcset=\"https:\/\/ihedn.fr\/wp-content\/uploads\/2024\/02\/Ukraine-3-002-1024x1024.png 1024w, https:\/\/ihedn.fr\/wp-content\/uploads\/2024\/02\/Ukraine-3-002-300x300.png 300w, https:\/\/ihedn.fr\/wp-content\/uploads\/2024\/02\/Ukraine-3-002-150x150.png 150w, https:\/\/ihedn.fr\/wp-content\/uploads\/2024\/02\/Ukraine-3-002-768x768.png 768w, https:\/\/ihedn.fr\/wp-content\/uploads\/2024\/02\/Ukraine-3-002-12x12.png 12w, https:\/\/ihedn.fr\/wp-content\/uploads\/2024\/02\/Ukraine-3-002.png 1200w\" sizes=\"(max-width: 800px) 100vw, 800px\" \/>\t\t\t\t\t\t\t\t<\/a>\n\t\t\t\t\t\t\t\t\t\t\t\t\t\t\t<\/div>\n\t\t\t\t<\/div>\n\t\t\t\t<\/div>\n\t\t<div data-particle_enable=\"false\" data-particle-mobile-disabled=\"false\" class=\"elementor-element elementor-element-87b2ddf e-con-full e-flex e-con e-child\" data-id=\"87b2ddf\" data-element_type=\"container\" data-e-type=\"container\">\n\t\t\t\t<div class=\"elementor-element elementor-element-aa83c96 elementor-align-left elementor-widget elementor-widget-button\" data-id=\"aa83c96\" data-element_type=\"widget\" data-e-type=\"widget\" data-widget_type=\"button.default\">\n\t\t\t\t<div class=\"elementor-widget-container\">\n\t\t\t\t\t\t\t\t\t<div class=\"elementor-button-wrapper\">\n\t\t\t\t\t<a class=\"elementor-button elementor-button-link elementor-size-xs\" href=\"https:\/\/www.podcastics.com\/podcast\/episode\/ukraine-deux-ans-de-guerre-en-europe-282468\/\" target=\"_blank\">\n\t\t\t\t\t\t<span class=\"elementor-button-content-wrapper\">\n\t\t\t\t\t\t\t\t\t<span class=\"elementor-button-text\">Ukraine: two years of war in Europe<\/span>\n\t\t\t\t\t<\/span>\n\t\t\t\t\t<\/a>\n\t\t\t\t<\/div>\n\t\t\t\t\t\t\t\t<\/div>\n\t\t\t\t<\/div>\n\t\t\t\t<div class=\"elementor-element elementor-element-51d490f elementor-widget elementor-widget-text-editor\" data-id=\"51d490f\" data-element_type=\"widget\" data-e-type=\"widget\" data-widget_type=\"text-editor.default\">\n\t\t\t\t<div class=\"elementor-widget-container\">\n\t\t\t\t\t\t\t\t\t<p style=\"text-align: left;\">22 February 2024 \/ 57 minutes<\/p>\t\t\t\t\t\t\t\t<\/div>\n\t\t\t\t<\/div>\n\t\t\t\t<div class=\"elementor-element elementor-element-240d87b elementor-widget elementor-widget-text-editor\" data-id=\"240d87b\" data-element_type=\"widget\" data-e-type=\"widget\" data-widget_type=\"text-editor.default\">\n\t\t\t\t<div class=\"elementor-widget-container\">\n\t\t\t\t\t\t\t\t\t<p style=\"text-align: left;\">In this third edition of Pensez Strat\u00e9gique, the podcast of the Defence Academy of the \u00c9cole Militaire (ACADEM), Daniel Desesquelle and his three guests analyse the consequences of the deadliest conflict on our continent since the Second World War.<\/p>\t\t\t\t\t\t\t\t<\/div>\n\t\t\t\t<\/div>\n\t\t\t\t<div class=\"elementor-element elementor-element-25a884a elementor-align-left elementor-widget__width-initial elementor-tablet-align-left elementor-mobile-align-center elementor-widget elementor-widget-button\" data-id=\"25a884a\" data-element_type=\"widget\" data-e-type=\"widget\" data-widget_type=\"button.default\">\n\t\t\t\t<div class=\"elementor-widget-container\">\n\t\t\t\t\t\t\t\t\t<div class=\"elementor-button-wrapper\">\n\t\t\t\t\t<a class=\"elementor-button elementor-button-link elementor-size-xs\" href=\"https:\/\/www.podcastics.com\/podcast\/episode\/ukraine-deux-ans-de-guerre-en-europe-282468\/\" target=\"_blank\">\n\t\t\t\t\t\t<span class=\"elementor-button-content-wrapper\">\n\t\t\t\t\t\t\t\t\t<span class=\"elementor-button-text\">listen to the podcast<\/span>\n\t\t\t\t\t<\/span>\n\t\t\t\t\t<\/a>\n\t\t\t\t<\/div>\n\t\t\t\t\t\t\t\t<\/div>\n\t\t\t\t<\/div>\n\t\t\t\t<\/div>\n\t\t\t\t\t<\/div>\n\t\t\t\t<\/div>\n\t\t<div data-particle_enable=\"false\" data-particle-mobile-disabled=\"false\" class=\"elementor-element elementor-element-fe1231e e-flex e-con-boxed e-con e-child\" data-id=\"fe1231e\" data-element_type=\"container\" data-e-type=\"container\">\n\t\t\t\t\t<div class=\"e-con-inner\">\n\t\t<div data-particle_enable=\"false\" data-particle-mobile-disabled=\"false\" class=\"elementor-element elementor-element-f841bae e-con-full e-flex e-con e-child\" data-id=\"f841bae\" data-element_type=\"container\" data-e-type=\"container\">\n\t\t\t\t<div class=\"elementor-element elementor-element-a73f254 elementor-widget elementor-widget-image\" data-id=\"a73f254\" data-element_type=\"widget\" data-e-type=\"widget\" data-widget_type=\"image.default\">\n\t\t\t\t<div class=\"elementor-widget-container\">\n\t\t\t\t\t\t\t\t\t\t\t\t\t\t\t\t<a href=\"https:\/\/www.podcastics.com\/podcast\/episode\/la-france-et-la-menace-spatiale-275253\/\" target=\"_blank\">\n\t\t\t\t\t\t\t<img loading=\"lazy\" decoding=\"async\" width=\"283\" height=\"284\" src=\"https:\/\/ihedn.fr\/wp-content\/uploads\/2024\/02\/pensez-strat.png\" class=\"attachment-large size-large wp-image-46004\" alt=\"Pensez strat\u00e9gique, le podcast de l&#039;ACADEM\" srcset=\"https:\/\/ihedn.fr\/wp-content\/uploads\/2024\/02\/pensez-strat.png 283w, https:\/\/ihedn.fr\/wp-content\/uploads\/2024\/02\/pensez-strat-150x150.png 150w, https:\/\/ihedn.fr\/wp-content\/uploads\/2024\/02\/pensez-strat-12x12.png 12w\" sizes=\"(max-width: 283px) 100vw, 283px\" \/>\t\t\t\t\t\t\t\t<\/a>\n\t\t\t\t\t\t\t\t\t\t\t\t\t\t\t<\/div>\n\t\t\t\t<\/div>\n\t\t\t\t<\/div>\n\t\t<div data-particle_enable=\"false\" data-particle-mobile-disabled=\"false\" class=\"elementor-element elementor-element-340564d e-con-full e-flex e-con e-child\" data-id=\"340564d\" data-element_type=\"container\" data-e-type=\"container\">\n\t\t\t\t<div class=\"elementor-element elementor-element-81545c2 elementor-align-left elementor-widget elementor-widget-button\" data-id=\"81545c2\" data-element_type=\"widget\" data-e-type=\"widget\" data-widget_type=\"button.default\">\n\t\t\t\t<div class=\"elementor-widget-container\">\n\t\t\t\t\t\t\t\t\t<div class=\"elementor-button-wrapper\">\n\t\t\t\t\t<a class=\"elementor-button elementor-button-link elementor-size-xs\" href=\"https:\/\/www.podcastics.com\/podcast\/episode\/la-france-et-la-menace-spatiale-275253\/\" target=\"_blank\">\n\t\t\t\t\t\t<span class=\"elementor-button-content-wrapper\">\n\t\t\t\t\t\t\t\t\t<span class=\"elementor-button-text\">France and the space threat<\/span>\n\t\t\t\t\t<\/span>\n\t\t\t\t\t<\/a>\n\t\t\t\t<\/div>\n\t\t\t\t\t\t\t\t<\/div>\n\t\t\t\t<\/div>\n\t\t\t\t<div class=\"elementor-element elementor-element-779eb78 elementor-widget elementor-widget-text-editor\" data-id=\"779eb78\" data-element_type=\"widget\" data-e-type=\"widget\" data-widget_type=\"text-editor.default\">\n\t\t\t\t<div class=\"elementor-widget-container\">\n\t\t\t\t\t\t\t\t\t<p style=\"text-align: left;\">11 January 2024 \/ 52 minutes<\/p>\t\t\t\t\t\t\t\t<\/div>\n\t\t\t\t<\/div>\n\t\t\t\t<div class=\"elementor-element elementor-element-302eb18 elementor-widget elementor-widget-text-editor\" data-id=\"302eb18\" data-element_type=\"widget\" data-e-type=\"widget\" data-widget_type=\"text-editor.default\">\n\t\t\t\t<div class=\"elementor-widget-container\">\n\t\t\t\t\t\t\t\t\t<p style=\"text-align: left;\">For its second edition, the Pensez strat\u00e9gique podcast from the Defence Academy of the \u00c9cole Militaire (ACADEM) takes you into space.<\/p>\t\t\t\t\t\t\t\t<\/div>\n\t\t\t\t<\/div>\n\t\t\t\t<div class=\"elementor-element elementor-element-6d24b05 elementor-align-left elementor-widget__width-initial elementor-tablet-align-left elementor-mobile-align-center elementor-widget elementor-widget-button\" data-id=\"6d24b05\" data-element_type=\"widget\" data-e-type=\"widget\" data-widget_type=\"button.default\">\n\t\t\t\t<div class=\"elementor-widget-container\">\n\t\t\t\t\t\t\t\t\t<div class=\"elementor-button-wrapper\">\n\t\t\t\t\t<a class=\"elementor-button elementor-button-link elementor-size-xs\" href=\"https:\/\/www.podcastics.com\/podcast\/episode\/la-france-et-la-menace-spatiale-275253\/\" target=\"_blank\">\n\t\t\t\t\t\t<span class=\"elementor-button-content-wrapper\">\n\t\t\t\t\t\t\t\t\t<span class=\"elementor-button-text\">listen to the podcast<\/span>\n\t\t\t\t\t<\/span>\n\t\t\t\t\t<\/a>\n\t\t\t\t<\/div>\n\t\t\t\t\t\t\t\t<\/div>\n\t\t\t\t<\/div>\n\t\t\t\t<\/div>\n\t\t\t\t\t<\/div>\n\t\t\t\t<\/div>\n\t\t<div data-particle_enable=\"false\" data-particle-mobile-disabled=\"false\" class=\"elementor-element elementor-element-3e34cf3 e-flex e-con-boxed e-con e-child\" data-id=\"3e34cf3\" data-element_type=\"container\" data-e-type=\"container\">\n\t\t\t\t\t<div class=\"e-con-inner\">\n\t\t<div data-particle_enable=\"false\" data-particle-mobile-disabled=\"false\" class=\"elementor-element elementor-element-f6ec8a6 e-con-full e-flex e-con e-child\" data-id=\"f6ec8a6\" data-element_type=\"container\" data-e-type=\"container\">\n\t\t\t\t<div class=\"elementor-element elementor-element-5d48892 elementor-widget elementor-widget-image\" data-id=\"5d48892\" data-element_type=\"widget\" data-e-type=\"widget\" data-widget_type=\"image.default\">\n\t\t\t\t<div class=\"elementor-widget-container\">\n\t\t\t\t\t\t\t\t\t\t\t\t\t\t\t\t<a href=\"https:\/\/www.podcastics.com\/podcast\/episode\/la-france-en-indopacifique-266685\/\" target=\"_blank\">\n\t\t\t\t\t\t\t<img loading=\"lazy\" decoding=\"async\" width=\"800\" height=\"800\" src=\"https:\/\/ihedn.fr\/wp-content\/uploads\/2024\/02\/Indopac_podcast-1024x1024.png\" class=\"attachment-large size-large wp-image-46065\" alt=\"La France en Indopacifique, Pensez strat\u00e9gique, le podcast de l&#039;ACADEM\" srcset=\"https:\/\/ihedn.fr\/wp-content\/uploads\/2024\/02\/Indopac_podcast-1024x1024.png 1024w, https:\/\/ihedn.fr\/wp-content\/uploads\/2024\/02\/Indopac_podcast-300x300.png 300w, https:\/\/ihedn.fr\/wp-content\/uploads\/2024\/02\/Indopac_podcast-150x150.png 150w, https:\/\/ihedn.fr\/wp-content\/uploads\/2024\/02\/Indopac_podcast-768x768.png 768w, https:\/\/ihedn.fr\/wp-content\/uploads\/2024\/02\/Indopac_podcast-12x12.png 12w, https:\/\/ihedn.fr\/wp-content\/uploads\/2024\/02\/Indopac_podcast.png 1200w\" sizes=\"(max-width: 800px) 100vw, 800px\" \/>\t\t\t\t\t\t\t\t<\/a>\n\t\t\t\t\t\t\t\t\t\t\t\t\t\t\t<\/div>\n\t\t\t\t<\/div>\n\t\t\t\t<\/div>\n\t\t<div data-particle_enable=\"false\" data-particle-mobile-disabled=\"false\" class=\"elementor-element elementor-element-5793a7f e-con-full e-flex e-con e-child\" data-id=\"5793a7f\" data-element_type=\"container\" data-e-type=\"container\">\n\t\t\t\t<div class=\"elementor-element elementor-element-68bb2cc elementor-align-left elementor-widget elementor-widget-button\" data-id=\"68bb2cc\" data-element_type=\"widget\" data-e-type=\"widget\" data-widget_type=\"button.default\">\n\t\t\t\t<div class=\"elementor-widget-container\">\n\t\t\t\t\t\t\t\t\t<div class=\"elementor-button-wrapper\">\n\t\t\t\t\t<a class=\"elementor-button elementor-button-link elementor-size-xs\" href=\"https:\/\/www.podcastics.com\/podcast\/episode\/la-france-en-indopacifique-266685\/\" target=\"_blank\">\n\t\t\t\t\t\t<span class=\"elementor-button-content-wrapper\">\n\t\t\t\t\t\t\t\t\t<span class=\"elementor-button-text\">France in the Indopacific<\/span>\n\t\t\t\t\t<\/span>\n\t\t\t\t\t<\/a>\n\t\t\t\t<\/div>\n\t\t\t\t\t\t\t\t<\/div>\n\t\t\t\t<\/div>\n\t\t\t\t<div class=\"elementor-element elementor-element-feefeb8 elementor-widget elementor-widget-text-editor\" data-id=\"feefeb8\" data-element_type=\"widget\" data-e-type=\"widget\" data-widget_type=\"text-editor.default\">\n\t\t\t\t<div class=\"elementor-widget-container\">\n\t\t\t\t\t\t\t\t\t<p>1st December 2023 \/ 53 minutes<\/p>\t\t\t\t\t\t\t\t<\/div>\n\t\t\t\t<\/div>\n\t\t\t\t<div class=\"elementor-element elementor-element-7e0c9dd elementor-widget elementor-widget-text-editor\" data-id=\"7e0c9dd\" data-element_type=\"widget\" data-e-type=\"widget\" data-widget_type=\"text-editor.default\">\n\t\t\t\t<div class=\"elementor-widget-container\">\n\t\t\t\t\t\t\t\t\t<p style=\"text-align: left;\">For its first issue, the Pensez strat\u00e9gique podcast from the \u00c9cole militaire's Defence Academy (ACADEM) looks at France's place in the Indo-Pacific.<\/p>\t\t\t\t\t\t\t\t<\/div>\n\t\t\t\t<\/div>\n\t\t\t\t<div class=\"elementor-element elementor-element-be04847 elementor-align-left elementor-widget__width-initial elementor-tablet-align-left elementor-mobile-align-center elementor-widget elementor-widget-button\" data-id=\"be04847\" data-element_type=\"widget\" data-e-type=\"widget\" data-widget_type=\"button.default\">\n\t\t\t\t<div class=\"elementor-widget-container\">\n\t\t\t\t\t\t\t\t\t<div class=\"elementor-button-wrapper\">\n\t\t\t\t\t<a class=\"elementor-button elementor-button-link elementor-size-xs\" href=\"https:\/\/www.podcastics.com\/podcast\/episode\/la-france-en-indopacifique-266685\/\" target=\"_blank\">\n\t\t\t\t\t\t<span class=\"elementor-button-content-wrapper\">\n\t\t\t\t\t\t\t\t\t<span class=\"elementor-button-text\">listen to the podcast<\/span>\n\t\t\t\t\t<\/span>\n\t\t\t\t\t<\/a>\n\t\t\t\t<\/div>\n\t\t\t\t\t\t\t\t<\/div>\n\t\t\t\t<\/div>\n\t\t\t\t<\/div>\n\t\t\t\t\t<\/div>\n\t\t\t\t<\/div>\n\t\t\t\t\t<\/div>\n\t\t\t\t<\/div>\n\t\t\t\t<\/div>","protected":false},"excerpt":{"rendered":"<p>Pensez strat\u00e9gique &#8211; le podcast de l&rsquo;ACADEM Pensez Strat\u00e9gique\u00a0est un podcast de d\u00e9cryptage des enjeux de d\u00e9fense et de s\u00e9curit\u00e9.\u00a0Tous les mois, Daniel Desesquelle re\u00e7oit experts, chercheurs et hautes autorit\u00e9s militaires, pour \u00e9voquer les grands enjeux strat\u00e9giques actuels et mieux appr\u00e9hender la marche du monde. Retrouvez tous les \u00e9pisodes : Service national : vers un [&hellip;]<\/p>\n","protected":false},"author":10,"featured_media":46080,"parent":0,"menu_order":0,"comment_status":"closed","ping_status":"closed","template":"","meta":{"footnotes":""},"class_list":["post-45998","page","type-page","status-publish","has-post-thumbnail","hentry"],"yoast_head":"<!-- This site is optimized with the Yoast SEO plugin v27.5 - https:\/\/yoast.com\/product\/yoast-seo-wordpress\/ -->\n<title>Pensez strat\u00e9gique - L&#039;IHEDN : Institut des hautes \u00e9tudes de d\u00e9fense nationale<\/title>\n<meta name=\"robots\" content=\"index, follow, max-snippet:-1, max-image-preview:large, max-video-preview:-1\" \/>\n<link rel=\"canonical\" href=\"https:\/\/ihedn.fr\/en\/pensez-strategique\/\" \/>\n<meta property=\"og:locale\" content=\"en_GB\" \/>\n<meta property=\"og:type\" content=\"article\" \/>\n<meta property=\"og:title\" content=\"Pensez strat\u00e9gique - L&#039;IHEDN : Institut des hautes \u00e9tudes de d\u00e9fense nationale\" \/>\n<meta property=\"og:description\" content=\"Pensez strat\u00e9gique &#8211; le podcast de l&rsquo;ACADEM Pensez Strat\u00e9gique\u00a0est un podcast de d\u00e9cryptage des enjeux de d\u00e9fense et de s\u00e9curit\u00e9.\u00a0Tous les mois, Daniel Desesquelle re\u00e7oit experts, chercheurs et hautes autorit\u00e9s militaires, pour \u00e9voquer les grands enjeux strat\u00e9giques actuels et mieux appr\u00e9hender la marche du monde. Retrouvez tous les \u00e9pisodes : Service national : vers un [&hellip;]\" \/>\n<meta property=\"og:url\" content=\"https:\/\/ihedn.fr\/en\/pensez-strategique\/\" \/>\n<meta property=\"og:site_name\" content=\"L&#039;IHEDN : Institut des hautes \u00e9tudes de d\u00e9fense nationale\" \/>\n<meta property=\"article:publisher\" content=\"https:\/\/www.facebook.com\/ihedn\/\" \/>\n<meta property=\"article:modified_time\" content=\"2026-03-04T16:56:38+00:00\" \/>\n<meta property=\"og:image\" content=\"https:\/\/ihedn.fr\/wp-content\/uploads\/2024\/02\/BANDEAU_SITE_PENSEZSTRAT_VF.jpg\" \/>\n\t<meta property=\"og:image:width\" content=\"1920\" \/>\n\t<meta property=\"og:image:height\" content=\"1080\" \/>\n\t<meta property=\"og:image:type\" content=\"image\/jpeg\" \/>\n<meta name=\"twitter:card\" content=\"summary_large_image\" \/>\n<meta name=\"twitter:site\" content=\"@IHEDN\" \/>\n<meta name=\"twitter:label1\" content=\"Estimated reading time\" \/>\n\t<meta name=\"twitter:data1\" content=\"11 minutes\" \/>\n<script type=\"application\/ld+json\" class=\"yoast-schema-graph\">{\"@context\":\"https:\\\/\\\/schema.org\",\"@graph\":[{\"@type\":\"WebPage\",\"@id\":\"https:\\\/\\\/ihedn.fr\\\/pensez-strategique\\\/\",\"url\":\"https:\\\/\\\/ihedn.fr\\\/pensez-strategique\\\/\",\"name\":\"Pensez strat\u00e9gique - L&#039;IHEDN : Institut des hautes \u00e9tudes de d\u00e9fense nationale\",\"isPartOf\":{\"@id\":\"https:\\\/\\\/ihedn.fr\\\/#website\"},\"primaryImageOfPage\":{\"@id\":\"https:\\\/\\\/ihedn.fr\\\/pensez-strategique\\\/#primaryimage\"},\"image\":{\"@id\":\"https:\\\/\\\/ihedn.fr\\\/pensez-strategique\\\/#primaryimage\"},\"thumbnailUrl\":\"https:\\\/\\\/ihedn.fr\\\/wp-content\\\/uploads\\\/2024\\\/02\\\/BANDEAU_SITE_PENSEZSTRAT_VF.jpg\",\"datePublished\":\"2024-02-20T12:22:07+00:00\",\"dateModified\":\"2026-03-04T16:56:38+00:00\",\"breadcrumb\":{\"@id\":\"https:\\\/\\\/ihedn.fr\\\/pensez-strategique\\\/#breadcrumb\"},\"inLanguage\":\"en-GB\",\"potentialAction\":[{\"@type\":\"ReadAction\",\"target\":[\"https:\\\/\\\/ihedn.fr\\\/pensez-strategique\\\/\"]}]},{\"@type\":\"ImageObject\",\"inLanguage\":\"en-GB\",\"@id\":\"https:\\\/\\\/ihedn.fr\\\/pensez-strategique\\\/#primaryimage\",\"url\":\"https:\\\/\\\/ihedn.fr\\\/wp-content\\\/uploads\\\/2024\\\/02\\\/BANDEAU_SITE_PENSEZSTRAT_VF.jpg\",\"contentUrl\":\"https:\\\/\\\/ihedn.fr\\\/wp-content\\\/uploads\\\/2024\\\/02\\\/BANDEAU_SITE_PENSEZSTRAT_VF.jpg\",\"width\":1920,\"height\":1080,\"caption\":\"Pensez strat\u00e9gique, le podcast de l'ACADEM\"},{\"@type\":\"BreadcrumbList\",\"@id\":\"https:\\\/\\\/ihedn.fr\\\/pensez-strategique\\\/#breadcrumb\",\"itemListElement\":[{\"@type\":\"ListItem\",\"position\":1,\"name\":\"Accueil\",\"item\":\"https:\\\/\\\/ihedn.fr\\\/\"},{\"@type\":\"ListItem\",\"position\":2,\"name\":\"Pensez strat\u00e9gique\"}]},{\"@type\":\"WebSite\",\"@id\":\"https:\\\/\\\/ihedn.fr\\\/#website\",\"url\":\"https:\\\/\\\/ihedn.fr\\\/\",\"name\":\"IHEDN : Institut des hautes \u00e9tudes de d\u00e9fense nationale |\",\"description\":\"Site officiel de l&#039;IHEDN plac\u00e9 sous la tutelle du Premier ministre.\",\"publisher\":{\"@id\":\"https:\\\/\\\/ihedn.fr\\\/#organization\"},\"potentialAction\":[{\"@type\":\"SearchAction\",\"target\":{\"@type\":\"EntryPoint\",\"urlTemplate\":\"https:\\\/\\\/ihedn.fr\\\/?s={search_term_string}\"},\"query-input\":{\"@type\":\"PropertyValueSpecification\",\"valueRequired\":true,\"valueName\":\"search_term_string\"}}],\"inLanguage\":\"en-GB\"},{\"@type\":\"Organization\",\"@id\":\"https:\\\/\\\/ihedn.fr\\\/#organization\",\"name\":\"IHEDN - Institut des Hautes Etudes de D\u00e9fense Nationale\",\"url\":\"https:\\\/\\\/ihedn.fr\\\/\",\"logo\":{\"@type\":\"ImageObject\",\"inLanguage\":\"en-GB\",\"@id\":\"https:\\\/\\\/ihedn.fr\\\/#\\\/schema\\\/logo\\\/image\\\/\",\"url\":\"https:\\\/\\\/ihedn.fr\\\/wp-content\\\/uploads\\\/2020\\\/11\\\/BLOC_RF_IHEDN_WEB.png\",\"contentUrl\":\"https:\\\/\\\/ihedn.fr\\\/wp-content\\\/uploads\\\/2020\\\/11\\\/BLOC_RF_IHEDN_WEB.png\",\"width\":500,\"height\":237,\"caption\":\"IHEDN - Institut des Hautes Etudes de D\u00e9fense Nationale\"},\"image\":{\"@id\":\"https:\\\/\\\/ihedn.fr\\\/#\\\/schema\\\/logo\\\/image\\\/\"},\"sameAs\":[\"https:\\\/\\\/www.facebook.com\\\/ihedn\\\/\",\"https:\\\/\\\/x.com\\\/IHEDN\",\"https:\\\/\\\/www.instagram.com\\\/ihedn\\\/\",\"https:\\\/\\\/www.linkedin.com\\\/school\\\/ihedn\\\/\",\"https:\\\/\\\/fr.wikipedia.org\\\/wiki\\\/Institut_des_hautes_\u00e9tudes_de_D\u00e9fense_nationale\"]}]}<\/script>\n<!-- \/ Yoast SEO plugin. -->","yoast_head_json":{"title":"Think strategic - IHEDN: Institut des hautes \u00e9tudes de d\u00e9fense nationale (Institute for Higher National Defence Studies)","robots":{"index":"index","follow":"follow","max-snippet":"max-snippet:-1","max-image-preview":"max-image-preview:large","max-video-preview":"max-video-preview:-1"},"canonical":"https:\/\/ihedn.fr\/en\/pensez-strategique\/","og_locale":"en_GB","og_type":"article","og_title":"Pensez strat\u00e9gique - L&#039;IHEDN : Institut des hautes \u00e9tudes de d\u00e9fense nationale","og_description":"Pensez strat\u00e9gique &#8211; le podcast de l&rsquo;ACADEM Pensez Strat\u00e9gique\u00a0est un podcast de d\u00e9cryptage des enjeux de d\u00e9fense et de s\u00e9curit\u00e9.\u00a0Tous les mois, Daniel Desesquelle re\u00e7oit experts, chercheurs et hautes autorit\u00e9s militaires, pour \u00e9voquer les grands enjeux strat\u00e9giques actuels et mieux appr\u00e9hender la marche du monde. Retrouvez tous les \u00e9pisodes : Service national : vers un [&hellip;]","og_url":"https:\/\/ihedn.fr\/en\/pensez-strategique\/","og_site_name":"L&#039;IHEDN : Institut des hautes \u00e9tudes de d\u00e9fense nationale","article_publisher":"https:\/\/www.facebook.com\/ihedn\/","article_modified_time":"2026-03-04T16:56:38+00:00","og_image":[{"width":1920,"height":1080,"url":"https:\/\/ihedn.fr\/wp-content\/uploads\/2024\/02\/BANDEAU_SITE_PENSEZSTRAT_VF.jpg","type":"image\/jpeg"}],"twitter_card":"summary_large_image","twitter_site":"@IHEDN","twitter_misc":{"Estimated reading time":"11 minutes"},"schema":{"@context":"https:\/\/schema.org","@graph":[{"@type":"WebPage","@id":"https:\/\/ihedn.fr\/pensez-strategique\/","url":"https:\/\/ihedn.fr\/pensez-strategique\/","name":"Think strategic - IHEDN: Institut des hautes \u00e9tudes de d\u00e9fense nationale (Institute for Higher National Defence Studies)","isPartOf":{"@id":"https:\/\/ihedn.fr\/#website"},"primaryImageOfPage":{"@id":"https:\/\/ihedn.fr\/pensez-strategique\/#primaryimage"},"image":{"@id":"https:\/\/ihedn.fr\/pensez-strategique\/#primaryimage"},"thumbnailUrl":"https:\/\/ihedn.fr\/wp-content\/uploads\/2024\/02\/BANDEAU_SITE_PENSEZSTRAT_VF.jpg","datePublished":"2024-02-20T12:22:07+00:00","dateModified":"2026-03-04T16:56:38+00:00","breadcrumb":{"@id":"https:\/\/ihedn.fr\/pensez-strategique\/#breadcrumb"},"inLanguage":"en-GB","potentialAction":[{"@type":"ReadAction","target":["https:\/\/ihedn.fr\/pensez-strategique\/"]}]},{"@type":"ImageObject","inLanguage":"en-GB","@id":"https:\/\/ihedn.fr\/pensez-strategique\/#primaryimage","url":"https:\/\/ihedn.fr\/wp-content\/uploads\/2024\/02\/BANDEAU_SITE_PENSEZSTRAT_VF.jpg","contentUrl":"https:\/\/ihedn.fr\/wp-content\/uploads\/2024\/02\/BANDEAU_SITE_PENSEZSTRAT_VF.jpg","width":1920,"height":1080,"caption":"Pensez strat\u00e9gique, le podcast de l'ACADEM"},{"@type":"BreadcrumbList","@id":"https:\/\/ihedn.fr\/pensez-strategique\/#breadcrumb","itemListElement":[{"@type":"ListItem","position":1,"name":"Accueil","item":"https:\/\/ihedn.fr\/"},{"@type":"ListItem","position":2,"name":"Pensez strat\u00e9gique"}]},{"@type":"WebSite","@id":"https:\/\/ihedn.fr\/#website","url":"https:\/\/ihedn.fr\/","name":"IHEDN: Institut des hautes \u00e9tudes de d\u00e9fense nationale (Institute for Higher National Defence Studies)","description":"Official website of the IHEDN under the supervision of the Prime Minister.","publisher":{"@id":"https:\/\/ihedn.fr\/#organization"},"potentialAction":[{"@type":"SearchAction","target":{"@type":"EntryPoint","urlTemplate":"https:\/\/ihedn.fr\/?s={search_term_string}"},"query-input":{"@type":"PropertyValueSpecification","valueRequired":true,"valueName":"search_term_string"}}],"inLanguage":"en-GB"},{"@type":"Organization","@id":"https:\/\/ihedn.fr\/#organization","name":"IHEDN - Institute for Higher National Defence Studies","url":"https:\/\/ihedn.fr\/","logo":{"@type":"ImageObject","inLanguage":"en-GB","@id":"https:\/\/ihedn.fr\/#\/schema\/logo\/image\/","url":"https:\/\/ihedn.fr\/wp-content\/uploads\/2020\/11\/BLOC_RF_IHEDN_WEB.png","contentUrl":"https:\/\/ihedn.fr\/wp-content\/uploads\/2020\/11\/BLOC_RF_IHEDN_WEB.png","width":500,"height":237,"caption":"IHEDN - Institut des Hautes Etudes de D\u00e9fense Nationale"},"image":{"@id":"https:\/\/ihedn.fr\/#\/schema\/logo\/image\/"},"sameAs":["https:\/\/www.facebook.com\/ihedn\/","https:\/\/x.com\/IHEDN","https:\/\/www.instagram.com\/ihedn\/","https:\/\/www.linkedin.com\/school\/ihedn\/","https:\/\/fr.wikipedia.org\/wiki\/Institut_des_hautes_\u00e9tudes_de_D\u00e9fense_nationale"]}]}},"publishpress_future_action":{"enabled":false,"date":"2026-05-06 10:21:34","action":"change-status","newStatus":"draft","terms":[],"taxonomy":"","extraData":[]},"publishpress_future_workflow_manual_trigger":{"enabledWorkflows":[]},"_links":{"self":[{"href":"https:\/\/ihedn.fr\/en\/wp-json\/wp\/v2\/pages\/45998","targetHints":{"allow":["GET"]}}],"collection":[{"href":"https:\/\/ihedn.fr\/en\/wp-json\/wp\/v2\/pages"}],"about":[{"href":"https:\/\/ihedn.fr\/en\/wp-json\/wp\/v2\/types\/page"}],"author":[{"embeddable":true,"href":"https:\/\/ihedn.fr\/en\/wp-json\/wp\/v2\/users\/10"}],"replies":[{"embeddable":true,"href":"https:\/\/ihedn.fr\/en\/wp-json\/wp\/v2\/comments?post=45998"}],"version-history":[{"count":140,"href":"https:\/\/ihedn.fr\/en\/wp-json\/wp\/v2\/pages\/45998\/revisions"}],"predecessor-version":[{"id":58612,"href":"https:\/\/ihedn.fr\/en\/wp-json\/wp\/v2\/pages\/45998\/revisions\/58612"}],"wp:featuredmedia":[{"embeddable":true,"href":"https:\/\/ihedn.fr\/en\/wp-json\/wp\/v2\/media\/46080"}],"wp:attachment":[{"href":"https:\/\/ihedn.fr\/en\/wp-json\/wp\/v2\/media?parent=45998"}],"curies":[{"name":"wp","href":"https:\/\/api.w.org\/{rel}","templated":true}]}}