{"id":479,"date":"2020-11-27T16:16:25","date_gmt":"2020-11-27T14:16:25","guid":{"rendered":"https:\/\/ihedn.concilium.click\/?page_id=479"},"modified":"2026-01-15T11:56:45","modified_gmt":"2026-01-15T10:56:45","slug":"gouvernance","status":"publish","type":"page","link":"https:\/\/ihedn.fr\/en\/gouvernance\/","title":{"rendered":"Our governance"},"content":{"rendered":"<div data-elementor-type=\"wp-page\" data-elementor-id=\"479\" class=\"elementor elementor-479\" data-elementor-post-type=\"page\">\n\t\t\t\t<div data-particle_enable=\"false\" data-particle-mobile-disabled=\"false\" class=\"elementor-element elementor-element-efbc951 e-con-full e-flex e-con e-parent\" data-id=\"efbc951\" data-element_type=\"container\" data-e-type=\"container\">\n\t\t<div data-particle_enable=\"false\" data-particle-mobile-disabled=\"false\" class=\"elementor-element elementor-element-ac8cb5b e-con-full title e-flex e-con e-child\" data-id=\"ac8cb5b\" data-element_type=\"container\" data-e-type=\"container\">\n\t\t\t\t<div class=\"elementor-element elementor-element-f186956 title elementor-widget elementor-widget-heading\" data-id=\"f186956\" data-element_type=\"widget\" data-e-type=\"widget\" data-widget_type=\"heading.default\">\n\t\t\t\t<div class=\"elementor-widget-container\">\n\t\t\t\t\t<h1 class=\"elementor-heading-title elementor-size-default\">our governance<\/h1>\t\t\t\t<\/div>\n\t\t\t\t<\/div>\n\t\t\t\t<div class=\"elementor-element elementor-element-2e36b6e elementor-widget-divider--view-line elementor-invisible elementor-widget elementor-widget-divider\" data-id=\"2e36b6e\" data-element_type=\"widget\" data-e-type=\"widget\" data-settings=\"{&quot;_animation&quot;:&quot;fadeInUp&quot;,&quot;_animation_delay&quot;:100}\" data-widget_type=\"divider.default\">\n\t\t\t\t<div class=\"elementor-widget-container\">\n\t\t\t\t\t\t\t<div class=\"elementor-divider\">\n\t\t\t<span class=\"elementor-divider-separator\">\n\t\t\t\t\t\t<\/span>\n\t\t<\/div>\n\t\t\t\t\t\t<\/div>\n\t\t\t\t<\/div>\n\t\t\t\t<\/div>\n\t\t\t\t<\/div>\n\t\t<div data-particle_enable=\"false\" data-particle-mobile-disabled=\"false\" class=\"elementor-element elementor-element-8067e08 e-con-full e-flex e-con e-child\" data-id=\"8067e08\" data-element_type=\"container\" data-e-type=\"container\">\n\t\t<div data-particle_enable=\"false\" data-particle-mobile-disabled=\"false\" class=\"elementor-element elementor-element-9d1beb0 e-con-full e-flex e-con e-child\" data-id=\"9d1beb0\" data-element_type=\"container\" data-e-type=\"container\">\n\t\t\t\t<div class=\"elementor-element elementor-element-9b04bd3 elementor-widget elementor-widget-heading\" data-id=\"9b04bd3\" data-element_type=\"widget\" data-e-type=\"widget\" data-widget_type=\"heading.default\">\n\t\t\t\t<div class=\"elementor-widget-container\">\n\t\t\t\t\t<h2 class=\"elementor-heading-title elementor-size-default\">Management<\/h2>\t\t\t\t<\/div>\n\t\t\t\t<\/div>\n\t\t\t\t<div class=\"elementor-element elementor-element-2bc5565 elementor-widget-divider--view-line elementor-widget elementor-widget-divider\" data-id=\"2bc5565\" data-element_type=\"widget\" data-e-type=\"widget\" data-widget_type=\"divider.default\">\n\t\t\t\t<div class=\"elementor-widget-container\">\n\t\t\t\t\t\t\t<div class=\"elementor-divider\">\n\t\t\t<span class=\"elementor-divider-separator\">\n\t\t\t\t\t\t<\/span>\n\t\t<\/div>\n\t\t\t\t\t\t<\/div>\n\t\t\t\t<\/div>\n\t\t\t\t<\/div>\n\t\t<div data-particle_enable=\"false\" data-particle-mobile-disabled=\"false\" class=\"elementor-element elementor-element-ac2fc23 e-con-full e-flex e-con e-child\" data-id=\"ac2fc23\" data-element_type=\"container\" data-e-type=\"container\">\n\t\t\t\t<div class=\"elementor-element elementor-element-bf86281 elementor-widget elementor-widget-n-accordion\" data-id=\"bf86281\" data-element_type=\"widget\" data-e-type=\"widget\" data-settings=\"{&quot;default_state&quot;:&quot;expanded&quot;,&quot;max_items_expended&quot;:&quot;one&quot;,&quot;n_accordion_animation_duration&quot;:{&quot;unit&quot;:&quot;ms&quot;,&quot;size&quot;:400,&quot;sizes&quot;:[]}}\" data-widget_type=\"nested-accordion.default\">\n\t\t\t\t<div class=\"elementor-widget-container\">\n\t\t\t\t\t\t\t<div class=\"e-n-accordion\" aria-label=\"Accordion. Open links with Enter or Space, close with Escape, and navigate with Arrow Keys\">\n\t\t\t\t\t\t<details id=\"e-n-accordion-item-2000\" class=\"e-n-accordion-item\" open>\n\t\t\t\t<summary class=\"e-n-accordion-item-title\" data-accordion-index=\"1\" tabindex=\"0\" aria-expanded=\"true\" aria-controls=\"e-n-accordion-item-2000\" >\n\t\t\t\t\t<span class='e-n-accordion-item-title-header'><div class=\"e-n-accordion-item-title-text\"> Director: Lieutenant General Herv\u00e9 de Courr\u00e8ges <\/div><\/span>\n\t\t\t\t\t\t\t<span class='e-n-accordion-item-title-icon'>\n\t\t\t<span class='e-opened' ><svg aria-hidden=\"true\" class=\"e-font-icon-svg e-fas-minus\" viewbox=\"0 0 448 512\" xmlns=\"http:\/\/www.w3.org\/2000\/svg\"><path d=\"M416 208H32c-17.67 0-32 14.33-32 32v32c0 17.67 14.33 32 32 32h384c17.67 0 32-14.33 32-32v-32c0-17.67-14.33-32-32-32z\"><\/path><\/svg><\/span>\n\t\t\t<span class='e-closed'><svg aria-hidden=\"true\" class=\"e-font-icon-svg e-fas-plus\" viewbox=\"0 0 448 512\" xmlns=\"http:\/\/www.w3.org\/2000\/svg\"><path d=\"M416 208H272V64c0-17.67-14.33-32-32-32h-32c-17.67 0-32 14.33-32 32v144H32c-17.67 0-32 14.33-32 32v32c0 17.67 14.33 32 32 32h144v144c0 17.67 14.33 32 32 32h32c17.67 0 32-14.33 32-32V304h144c17.67 0 32-14.33 32-32v-32c0-17.67-14.33-32-32-32z\"><\/path><\/svg><\/span>\n\t\t<\/span>\n\n\t\t\t\t\t\t<\/summary>\n\t\t\t\t<div data-particle_enable=\"false\" data-particle-mobile-disabled=\"false\" role=\"region\" aria-labelledby=\"e-n-accordion-item-2000\" class=\"elementor-element elementor-element-30cd721 e-con-full e-flex e-con e-child\" data-id=\"30cd721\" data-element_type=\"container\" data-e-type=\"container\">\n\t\t<div data-particle_enable=\"false\" data-particle-mobile-disabled=\"false\" role=\"region\" aria-labelledby=\"e-n-accordion-item-2000\" class=\"elementor-element elementor-element-934c063 e-con-full e-flex e-con e-child\" data-id=\"934c063\" data-element_type=\"container\" data-e-type=\"container\">\n\t\t\t\t<div class=\"elementor-element elementor-element-067caf4 elementor-widget__width-initial elementor-widget-mobile__width-initial elementor-widget elementor-widget-image\" data-id=\"067caf4\" data-element_type=\"widget\" data-e-type=\"widget\" data-widget_type=\"image.default\">\n\t\t\t\t<div class=\"elementor-widget-container\">\n\t\t\t\t\t\t\t\t\t\t\t\t<figure class=\"wp-caption\">\n\t\t\t\t\t\t\t\t\t\t<img fetchpriority=\"high\" decoding=\"async\" width=\"1024\" height=\"1536\" src=\"https:\/\/ihedn.fr\/wp-content\/uploads\/2025\/09\/000_734V7ZC-1024x1536.jpg\" class=\"attachment-1536x1536 size-1536x1536 wp-image-55716\" alt=\"Portrait du directeur de l&#039;IHEDN, G\u00e9n\u00e9ral Herv\u00e9 de Courr\u00e8ges\" srcset=\"https:\/\/ihedn.fr\/wp-content\/uploads\/2025\/09\/000_734V7ZC-1024x1536.jpg 1024w, https:\/\/ihedn.fr\/wp-content\/uploads\/2025\/09\/000_734V7ZC-8x12.jpg 8w, https:\/\/ihedn.fr\/wp-content\/uploads\/2025\/09\/000_734V7ZC.jpg 1280w\" sizes=\"(max-width: 1024px) 100vw, 1024px\" \/>\t\t\t\t\t\t\t\t\t\t\t<figcaption class=\"widget-image-caption wp-caption-text\">Photo by Alain JOCARD \/ AFP <\/figcaption>\n\t\t\t\t\t\t\t\t\t\t<\/figure>\n\t\t\t\t\t\t\t\t\t<\/div>\n\t\t\t\t<\/div>\n\t\t\t\t<div class=\"elementor-element elementor-element-5a185d9 elementor-widget elementor-widget-text-editor\" data-id=\"5a185d9\" data-element_type=\"widget\" data-e-type=\"widget\" data-widget_type=\"text-editor.default\">\n\t\t\t\t<div class=\"elementor-widget-container\">\n\t\t\t\t\t\t\t\t\t<p style=\"text-align: left;\">By presidential decree of 19 June 2024, Lieutenant General Herv\u00e9 de Courr\u00e8ges was appointed Director of the IHEDN and Higher Military Education, with effect from 1 June 2024.<sup>er<\/sup> August.<\/p><p style=\"text-align: left;\">A Saint-Cyrien from the General Delestraint class (1988-1991), he chose to serve in the armoured cavalry. Posted as platoon leader to the 4<sup>e <\/sup>Regiment of chasseurs (4<sup>e<\/sup> RCh) in Gap (Hautes-Alpes), he trained as a high mountain unit leader at the \u00c9cole militaire de haute montagne in Chamonix.<\/p><p>He was then deployed to Lebanon in 1993. After a spell at the Saumur Cavalry School as an instructor of reserve officer cadets in 1995, he returned to the 4<sup>e<\/sup>\u00a0RCh in 1997 to take command of a squadron with which he was deployed to Chad.<\/p>\t\t\t\t\t\t\t\t<\/div>\n\t\t\t\t<\/div>\n\t\t\t\t<\/div>\n\t\t<div data-particle_enable=\"false\" data-particle-mobile-disabled=\"false\" role=\"region\" aria-labelledby=\"e-n-accordion-item-2000\" class=\"elementor-element elementor-element-ab08dfe e-con-full e-flex e-con e-child\" data-id=\"ab08dfe\" data-element_type=\"container\" data-e-type=\"container\">\n\t\t\t\t<div class=\"elementor-element elementor-element-95caa8c elementor-widget elementor-widget-text-editor\" data-id=\"95caa8c\" data-element_type=\"widget\" data-e-type=\"widget\" data-widget_type=\"text-editor.default\">\n\t\t\t\t<div class=\"elementor-widget-container\">\n\t\t\t\t\t\t\t\t\t<p style=\"text-align: left;\">In 1999, he became an inter-service instructor at the \u00c9cole sup\u00e9rieure et d'application des transmissions in Rennes. In 2002, he obtained a specialised master's degree from the \u00c9cole sup\u00e9rieure d'\u00e9lectricit\u00e9 (SUPELEC), as well as an advanced studies diploma from the \u00c9cole pratique des hautes \u00e9tudes (EPHE) in 2003. After graduating from the Coll\u00e8ge interarm\u00e9es de d\u00e9fense the same year, he returned to the 4<sup>e<\/sup> RCh as head of the training operations office. He was then deployed to Afghanistan as head of operations for his regiment.<\/p><p style=\"text-align: left;\">He then served in the planning and finance office of the French Army Staff, before joining the military cabinet of the Minister of Defence in 2008 as deputy to the \"Organisation, Human Resources\" and \"Land\" units. In 2011, appointed to command the 4<sup>e<\/sup> RCh, he left for C\u00f4te d'Ivoire as head of the French Licorne battalion.<\/p><p style=\"text-align: left;\">Auditor in 2013 of the 63<sup>e<\/sup> session of the Centre des hautes \u00e9tudes militaires (CHEM) and the 66<sup>e<\/sup> session of the IHEDN, he is also studying at the same time for the\u00a0<em>Higher Command and Staff Course\u00a0<\/em>in Shrivenham<em>\u00a0<\/em>(United Kingdom). The following year, he was seconded to the General Secretariat for National Defence and Security (SGDSN), where he was successively responsible for State security protection and then for the secretariat of the national defence and security councils.<\/p><p style=\"text-align: left;\">Promoted to General in 2018, he was appointed Deputy Commander of Land Forces Intelligence in Strasbourg. Then, in June 2020, he took command of the 27<sup>e<\/sup> mountain infantry brigade and the Grenoble-Annecy-Chamb\u00e9ry defence base. Promoted to Major General in 2021, he is appointed Commandant of the Saint-Cyr Co\u00ebtquidan Military Academy.<\/p><p style=\"text-align: left;\">A member of the Defence Ethics Committee, General de Courr\u00e8ges is Commander of the Legion of Honour, Commander of the National Order of Merit and holder of the Military Valour Cross. He is married with five children.<\/p>\t\t\t\t\t\t\t\t<\/div>\n\t\t\t\t<\/div>\n\t\t\t\t<\/div>\n\t\t\t\t<\/div>\n\t\t\t\t\t<\/details>\n\t\t\t\t\t\t<details id=\"e-n-accordion-item-2001\" class=\"e-n-accordion-item\" >\n\t\t\t\t<summary class=\"e-n-accordion-item-title\" data-accordion-index=\"2\" tabindex=\"-1\" aria-expanded=\"false\" aria-controls=\"e-n-accordion-item-2001\" >\n\t\t\t\t\t<span class='e-n-accordion-item-title-header'><div class=\"e-n-accordion-item-title-text\"> Deputy Director: Prefect Nicolas Basselier <\/div><\/span>\n\t\t\t\t\t\t\t<span class='e-n-accordion-item-title-icon'>\n\t\t\t<span class='e-opened' ><svg aria-hidden=\"true\" class=\"e-font-icon-svg e-fas-minus\" viewbox=\"0 0 448 512\" xmlns=\"http:\/\/www.w3.org\/2000\/svg\"><path d=\"M416 208H32c-17.67 0-32 14.33-32 32v32c0 17.67 14.33 32 32 32h384c17.67 0 32-14.33 32-32v-32c0-17.67-14.33-32-32-32z\"><\/path><\/svg><\/span>\n\t\t\t<span class='e-closed'><svg aria-hidden=\"true\" class=\"e-font-icon-svg e-fas-plus\" viewbox=\"0 0 448 512\" xmlns=\"http:\/\/www.w3.org\/2000\/svg\"><path d=\"M416 208H272V64c0-17.67-14.33-32-32-32h-32c-17.67 0-32 14.33-32 32v144H32c-17.67 0-32 14.33-32 32v32c0 17.67 14.33 32 32 32h144v144c0 17.67 14.33 32 32 32h32c17.67 0 32-14.33 32-32V304h144c17.67 0 32-14.33 32-32v-32c0-17.67-14.33-32-32-32z\"><\/path><\/svg><\/span>\n\t\t<\/span>\n\n\t\t\t\t\t\t<\/summary>\n\t\t\t\t<div data-particle_enable=\"false\" data-particle-mobile-disabled=\"false\" role=\"region\" aria-labelledby=\"e-n-accordion-item-2001\" class=\"elementor-element elementor-element-648774b e-con-full e-flex e-con e-child\" data-id=\"648774b\" data-element_type=\"container\" data-e-type=\"container\">\n\t\t<div data-particle_enable=\"false\" data-particle-mobile-disabled=\"false\" role=\"region\" aria-labelledby=\"e-n-accordion-item-2001\" class=\"elementor-element elementor-element-e4d6f42 e-con-full e-flex e-con e-child\" data-id=\"e4d6f42\" data-element_type=\"container\" data-e-type=\"container\">\n\t\t\t\t<div class=\"elementor-element elementor-element-57d7b1a elementor-widget__width-initial elementor-widget-mobile__width-initial elementor-widget elementor-widget-image\" data-id=\"57d7b1a\" data-element_type=\"widget\" data-e-type=\"widget\" data-widget_type=\"image.default\">\n\t\t\t\t<div class=\"elementor-widget-container\">\n\t\t\t\t\t\t\t\t\t\t\t\t\t\t\t<img decoding=\"async\" width=\"160\" height=\"220\" src=\"https:\/\/ihedn.fr\/wp-content\/uploads\/2023\/10\/prefet_nicolas_basselier.png\" class=\"attachment-full size-full wp-image-43345\" alt=\"Pr\u00e9fet Nicolas Basselier\" srcset=\"https:\/\/ihedn.fr\/wp-content\/uploads\/2023\/10\/prefet_nicolas_basselier.png 160w, https:\/\/ihedn.fr\/wp-content\/uploads\/2023\/10\/prefet_nicolas_basselier-9x12.png 9w\" sizes=\"(max-width: 160px) 100vw, 160px\" \/>\t\t\t\t\t\t\t\t\t\t\t\t\t\t\t<\/div>\n\t\t\t\t<\/div>\n\t\t\t\t<div class=\"elementor-element elementor-element-6d2acfb elementor-widget elementor-widget-text-editor\" data-id=\"6d2acfb\" data-element_type=\"widget\" data-e-type=\"widget\" data-widget_type=\"text-editor.default\">\n\t\t\t\t<div class=\"elementor-widget-container\">\n\t\t\t\t\t\t\t\t\t<p style=\"text-align: left;\">By decree of the President of the Republic dated 12 October 2023, Nicolas Basselier, Prefect, has been appointed Deputy Director of the Institute for Higher National Defense Studies (IHEDN). He was previously Prefect of Charente-Maritime.<\/p><p style=\"text-align: left;\">Born in Paris, Nicolas Basselier is a graduate of the Institut d'\u00e9tudes politiques de Paris, has a law degree and is a former student of ENA (\"L\u00e9onard de Vinci\" class). The IHEDN is his 16th posting in a career marked by both geographical mobility and the diversity of responsibilities exercised in the service of the State and local authorities, in the central administrations of the Ministries of the Interior and Defence in particular.<\/p>\t\t\t\t\t\t\t\t<\/div>\n\t\t\t\t<\/div>\n\t\t\t\t<\/div>\n\t\t<div data-particle_enable=\"false\" data-particle-mobile-disabled=\"false\" role=\"region\" aria-labelledby=\"e-n-accordion-item-2001\" class=\"elementor-element elementor-element-e85845a e-con-full e-flex e-con e-child\" data-id=\"e85845a\" data-element_type=\"container\" data-e-type=\"container\">\n\t\t\t\t<div class=\"elementor-element elementor-element-609953c elementor-widget elementor-widget-text-editor\" data-id=\"609953c\" data-element_type=\"widget\" data-e-type=\"widget\" data-widget_type=\"text-editor.default\">\n\t\t\t\t<div class=\"elementor-widget-container\">\n\t\t\t\t\t\t\t\t\t<p style=\"text-align: left;\">After serving as deputy prefect and chief of staff to the prefect of Yonne, he held the same position with the prefect of the Haute-Normandie region, prefect of Seine-Maritime, before being appointed secretary general of the prefecture of Orne. Returning to Paris, he became head of the territorial administration's property affairs office at the Ministry of the Interior, then chief of staff to the Paris police prefect and finally deputy director of that office.<\/p><p style=\"text-align: left;\">Back in the regions, he was sub-prefect of Aix-en-Provence and then prefect of Corr\u00e8ze.<\/p><p style=\"text-align: left;\">Appointed pr\u00e9fet hors cadre, he was seconded to the Ministry of Defence as deputy secretary general for administration. Director General of the Association des maires de France for two years, he was appointed Prefect of Loir-et-Cher in 2010.<\/p><p style=\"text-align: left;\">Two years later, he was appointed member of the Conseil sup\u00e9rieur de l'administration territoriale (Ministry of the Interior), before becoming chairman of the board of the Agence nationale de traitement automatis\u00e9 des infractions (ANTAI) and the Agence nationale des titres s\u00e9curis\u00e9s (ANTS) in 2014. He has since served as Prefect of Aisne for three years, before moving to Charente-Maritime.<\/p><p style=\"text-align: left;\">Nicolas Basselier is married with four children.<\/p>\t\t\t\t\t\t\t\t<\/div>\n\t\t\t\t<\/div>\n\t\t\t\t<\/div>\n\t\t\t\t<\/div>\n\t\t\t\t\t<\/details>\n\t\t\t\t\t<\/div>\n\t\t\t\t\t\t<\/div>\n\t\t\t\t<\/div>\n\t\t\t\t<\/div>\n\t\t\t\t<\/div>\n\t\t<div data-particle_enable=\"false\" data-particle-mobile-disabled=\"false\" class=\"elementor-element elementor-element-119955d e-con-full e-flex e-con e-child\" data-id=\"119955d\" data-element_type=\"container\" data-e-type=\"container\">\n\t\t<div data-particle_enable=\"false\" data-particle-mobile-disabled=\"false\" class=\"elementor-element elementor-element-7e72911 e-con-full e-flex e-con e-child\" data-id=\"7e72911\" data-element_type=\"container\" data-e-type=\"container\">\n\t\t\t\t<div class=\"elementor-element elementor-element-0ab222c elementor-widget elementor-widget-heading\" data-id=\"0ab222c\" data-element_type=\"widget\" data-e-type=\"widget\" data-widget_type=\"heading.default\">\n\t\t\t\t<div class=\"elementor-widget-container\">\n\t\t\t\t\t<h2 class=\"elementor-heading-title elementor-size-default\">Organisation<\/h2>\t\t\t\t<\/div>\n\t\t\t\t<\/div>\n\t\t\t\t<div class=\"elementor-element elementor-element-c277196 elementor-widget-divider--view-line elementor-widget elementor-widget-divider\" data-id=\"c277196\" data-element_type=\"widget\" data-e-type=\"widget\" data-widget_type=\"divider.default\">\n\t\t\t\t<div class=\"elementor-widget-container\">\n\t\t\t\t\t\t\t<div class=\"elementor-divider\">\n\t\t\t<span class=\"elementor-divider-separator\">\n\t\t\t\t\t\t<\/span>\n\t\t<\/div>\n\t\t\t\t\t\t<\/div>\n\t\t\t\t<\/div>\n\t\t\t\t<\/div>\n\t\t<div data-particle_enable=\"false\" data-particle-mobile-disabled=\"false\" class=\"elementor-element elementor-element-86f1c09 e-con-full e-flex e-con e-child\" data-id=\"86f1c09\" data-element_type=\"container\" data-e-type=\"container\">\n\t\t\t\t<div class=\"elementor-element elementor-element-ac7d6fe elementor-widget elementor-widget-image\" data-id=\"ac7d6fe\" data-element_type=\"widget\" data-e-type=\"widget\" data-widget_type=\"image.default\">\n\t\t\t\t<div class=\"elementor-widget-container\">\n\t\t\t\t\t\t\t\t\t\t\t\t\t\t\t<img decoding=\"async\" width=\"3780\" height=\"2657\" src=\"https:\/\/ihedn.fr\/wp-content\/uploads\/2023\/08\/ORGANIGRAMME_JUIN_2023_.png\" class=\"attachment-full size-full wp-image-41773\" alt=\"\" srcset=\"https:\/\/ihedn.fr\/wp-content\/uploads\/2023\/08\/ORGANIGRAMME_JUIN_2023_.png 3780w, https:\/\/ihedn.fr\/wp-content\/uploads\/2023\/08\/ORGANIGRAMME_JUIN_2023_-1536x1080.png 1536w, https:\/\/ihedn.fr\/wp-content\/uploads\/2023\/08\/ORGANIGRAMME_JUIN_2023_-2048x1440.png 2048w, https:\/\/ihedn.fr\/wp-content\/uploads\/2023\/08\/ORGANIGRAMME_JUIN_2023_-18x12.png 18w\" sizes=\"(max-width: 3780px) 100vw, 3780px\" \/>\t\t\t\t\t\t\t\t\t\t\t\t\t\t\t<\/div>\n\t\t\t\t<\/div>\n\t\t\t\t<div class=\"elementor-element elementor-element-f56c003 elementor-position-inline-end elementor-view-default elementor-mobile-position-block-start elementor-widget elementor-widget-icon-box\" data-id=\"f56c003\" data-element_type=\"widget\" data-e-type=\"widget\" data-widget_type=\"icon-box.default\">\n\t\t\t\t<div class=\"elementor-widget-container\">\n\t\t\t\t\t\t\t<div class=\"elementor-icon-box-wrapper\">\n\n\t\t\t\t\t\t<div class=\"elementor-icon-box-icon\">\n\t\t\t\t<a href=\"https:\/\/ihedn.fr\/wp-content\/uploads\/2023\/08\/ORGANIGRAMME_JUIN_2023_.png\" class=\"elementor-icon\" tabindex=\"-1\" aria-label=\"Download the IHEDN organisation chart\">\n\t\t\t\t<svg aria-hidden=\"true\" class=\"e-font-icon-svg e-fas-file-download\" viewbox=\"0 0 384 512\" xmlns=\"http:\/\/www.w3.org\/2000\/svg\"><path d=\"M224 136V0H24C10.7 0 0 10.7 0 24v464c0 13.3 10.7 24 24 24h336c13.3 0 24-10.7 24-24V160H248c-13.2 0-24-10.8-24-24zm76.45 211.36l-96.42 95.7c-6.65 6.61-17.39 6.61-24.04 0l-96.42-95.7C73.42 337.29 80.54 320 94.82 320H160v-80c0-8.84 7.16-16 16-16h32c8.84 0 16 7.16 16 16v80h65.18c14.28 0 21.4 17.29 11.27 27.36zM377 105L279.1 7c-4.5-4.5-10.6-7-17-7H256v128h128v-6.1c0-6.3-2.5-12.4-7-16.9z\"><\/path><\/svg>\t\t\t\t<\/a>\n\t\t\t<\/div>\n\t\t\t\n\t\t\t\t\t\t<div class=\"elementor-icon-box-content\">\n\n\t\t\t\t\t\t\t\t\t<h3 class=\"elementor-icon-box-title\">\n\t\t\t\t\t\t<a href=\"https:\/\/ihedn.fr\/wp-content\/uploads\/2023\/08\/ORGANIGRAMME_JUIN_2023_.png\" >\n\t\t\t\t\t\t\tDownload the IHEDN organisation chart\t\t\t\t\t\t<\/a>\n\t\t\t\t\t<\/h3>\n\t\t\t\t\n\t\t\t\t\n\t\t\t<\/div>\n\t\t\t\n\t\t<\/div>\n\t\t\t\t\t\t<\/div>\n\t\t\t\t<\/div>\n\t\t\t\t<\/div>\n\t\t\t\t<\/div>\n\t\t<div data-particle_enable=\"false\" data-particle-mobile-disabled=\"false\" class=\"elementor-element elementor-element-4c5a305 e-con-full e-flex e-con e-child\" data-id=\"4c5a305\" data-element_type=\"container\" data-e-type=\"container\">\n\t\t<div data-particle_enable=\"false\" data-particle-mobile-disabled=\"false\" class=\"elementor-element elementor-element-1006ce2 e-con-full e-flex e-con e-child\" data-id=\"1006ce2\" data-element_type=\"container\" data-e-type=\"container\">\n\t\t\t\t<div class=\"elementor-element elementor-element-170d089 elementor-widget elementor-widget-heading\" data-id=\"170d089\" data-element_type=\"widget\" data-e-type=\"widget\" data-widget_type=\"heading.default\">\n\t\t\t\t<div class=\"elementor-widget-container\">\n\t\t\t\t\t<h2 class=\"elementor-heading-title elementor-size-default\">Board of Directors<\/h2>\t\t\t\t<\/div>\n\t\t\t\t<\/div>\n\t\t\t\t<div class=\"elementor-element elementor-element-02f6e20 elementor-widget-divider--view-line elementor-widget elementor-widget-divider\" data-id=\"02f6e20\" data-element_type=\"widget\" data-e-type=\"widget\" data-widget_type=\"divider.default\">\n\t\t\t\t<div class=\"elementor-widget-container\">\n\t\t\t\t\t\t\t<div class=\"elementor-divider\">\n\t\t\t<span class=\"elementor-divider-separator\">\n\t\t\t\t\t\t<\/span>\n\t\t<\/div>\n\t\t\t\t\t\t<\/div>\n\t\t\t\t<\/div>\n\t\t\t\t<\/div>\n\t\t<div data-particle_enable=\"false\" data-particle-mobile-disabled=\"false\" class=\"elementor-element elementor-element-fee05bd e-con-full e-flex e-con e-child\" data-id=\"fee05bd\" data-element_type=\"container\" data-e-type=\"container\">\n\t\t\t\t<div class=\"elementor-element elementor-element-d7eae86 elementor-widget elementor-widget-heading\" data-id=\"d7eae86\" data-element_type=\"widget\" data-e-type=\"widget\" data-widget_type=\"heading.default\">\n\t\t\t\t<div class=\"elementor-widget-container\">\n\t\t\t\t\t<h3 class=\"elementor-heading-title elementor-size-default\">Members of the IHEDN Board of Directors<\/h3>\t\t\t\t<\/div>\n\t\t\t\t<\/div>\n\t\t\t\t<div class=\"elementor-element elementor-element-3e87527 elementor-widget elementor-widget-text-editor\" data-id=\"3e87527\" data-element_type=\"widget\" data-e-type=\"widget\" data-widget_type=\"text-editor.default\">\n\t\t\t\t<div class=\"elementor-widget-container\">\n\t\t\t\t\t\t\t\t\t<p class=\"main-title\" style=\"text-align: left;\"><em>Decree of 14 January 2026 appointing the Chairman of the Board of Directors of the Institut des hautes \u00e9tudes de la d\u00e9fense nationale.<\/em><\/p>\t\t\t\t\t\t\t\t<\/div>\n\t\t\t\t<\/div>\n\t\t\t\t<div class=\"elementor-element elementor-element-3ee50ab elementor-position-inline-end elementor-view-default elementor-mobile-position-block-start elementor-widget elementor-widget-icon-box\" data-id=\"3ee50ab\" data-element_type=\"widget\" data-e-type=\"widget\" data-widget_type=\"icon-box.default\">\n\t\t\t\t<div class=\"elementor-widget-container\">\n\t\t\t\t\t\t\t<div class=\"elementor-icon-box-wrapper\">\n\n\t\t\t\t\t\t<div class=\"elementor-icon-box-icon\">\n\t\t\t\t<a href=\"https:\/\/ihedn.fr\/wp-content\/uploads\/2026\/01\/20260114-Decret-nomination-P-Levy-Pdt-CA-IHEDN.pdf\" target=\"_blank\" class=\"elementor-icon\" tabindex=\"-1\" aria-label=\"Download the JORF of 15 January 2026\">\n\t\t\t\t<svg aria-hidden=\"true\" class=\"e-font-icon-svg e-fas-file-download\" viewbox=\"0 0 384 512\" xmlns=\"http:\/\/www.w3.org\/2000\/svg\"><path d=\"M224 136V0H24C10.7 0 0 10.7 0 24v464c0 13.3 10.7 24 24 24h336c13.3 0 24-10.7 24-24V160H248c-13.2 0-24-10.8-24-24zm76.45 211.36l-96.42 95.7c-6.65 6.61-17.39 6.61-24.04 0l-96.42-95.7C73.42 337.29 80.54 320 94.82 320H160v-80c0-8.84 7.16-16 16-16h32c8.84 0 16 7.16 16 16v80h65.18c14.28 0 21.4 17.29 11.27 27.36zM377 105L279.1 7c-4.5-4.5-10.6-7-17-7H256v128h128v-6.1c0-6.3-2.5-12.4-7-16.9z\"><\/path><\/svg>\t\t\t\t<\/a>\n\t\t\t<\/div>\n\t\t\t\n\t\t\t\t\t\t<div class=\"elementor-icon-box-content\">\n\n\t\t\t\t\t\t\t\t\t<h3 class=\"elementor-icon-box-title\">\n\t\t\t\t\t\t<a href=\"https:\/\/ihedn.fr\/wp-content\/uploads\/2026\/01\/20260114-Decret-nomination-P-Levy-Pdt-CA-IHEDN.pdf\" target=\"_blank\" >\n\t\t\t\t\t\t\tDownload the JORF of 15 January 2026\t\t\t\t\t\t<\/a>\n\t\t\t\t\t<\/h3>\n\t\t\t\t\n\t\t\t\t\n\t\t\t<\/div>\n\t\t\t\n\t\t<\/div>\n\t\t\t\t\t\t<\/div>\n\t\t\t\t<\/div>\n\t\t\t\t<div class=\"elementor-element elementor-element-3c46bb4 elementor-widget elementor-widget-n-accordion\" data-id=\"3c46bb4\" data-element_type=\"widget\" data-e-type=\"widget\" data-settings=\"{&quot;default_state&quot;:&quot;expanded&quot;,&quot;max_items_expended&quot;:&quot;one&quot;,&quot;n_accordion_animation_duration&quot;:{&quot;unit&quot;:&quot;ms&quot;,&quot;size&quot;:400,&quot;sizes&quot;:[]}}\" data-widget_type=\"nested-accordion.default\">\n\t\t\t\t<div class=\"elementor-widget-container\">\n\t\t\t\t\t\t\t<div class=\"e-n-accordion\" aria-label=\"Accordion. Open links with Enter or Space, close with Escape, and navigate with Arrow Keys\">\n\t\t\t\t\t\t<details id=\"e-n-accordion-item-6320\" class=\"e-n-accordion-item\" open>\n\t\t\t\t<summary class=\"e-n-accordion-item-title\" data-accordion-index=\"1\" tabindex=\"0\" aria-expanded=\"true\" aria-controls=\"e-n-accordion-item-6320\" >\n\t\t\t\t\t<span class='e-n-accordion-item-title-header'><div class=\"e-n-accordion-item-title-text\"> Members by right <\/div><\/span>\n\t\t\t\t\t\t\t<span class='e-n-accordion-item-title-icon'>\n\t\t\t<span class='e-opened' ><svg aria-hidden=\"true\" class=\"e-font-icon-svg e-fas-minus\" viewbox=\"0 0 448 512\" xmlns=\"http:\/\/www.w3.org\/2000\/svg\"><path d=\"M416 208H32c-17.67 0-32 14.33-32 32v32c0 17.67 14.33 32 32 32h384c17.67 0 32-14.33 32-32v-32c0-17.67-14.33-32-32-32z\"><\/path><\/svg><\/span>\n\t\t\t<span class='e-closed'><svg aria-hidden=\"true\" class=\"e-font-icon-svg e-fas-plus\" viewbox=\"0 0 448 512\" xmlns=\"http:\/\/www.w3.org\/2000\/svg\"><path d=\"M416 208H272V64c0-17.67-14.33-32-32-32h-32c-17.67 0-32 14.33-32 32v144H32c-17.67 0-32 14.33-32 32v32c0 17.67 14.33 32 32 32h144v144c0 17.67 14.33 32 32 32h32c17.67 0 32-14.33 32-32V304h144c17.67 0 32-14.33 32-32v-32c0-17.67-14.33-32-32-32z\"><\/path><\/svg><\/span>\n\t\t<\/span>\n\n\t\t\t\t\t\t<\/summary>\n\t\t\t\t<div data-particle_enable=\"false\" data-particle-mobile-disabled=\"false\" role=\"region\" aria-labelledby=\"e-n-accordion-item-6320\" class=\"elementor-element elementor-element-ffbe8ab e-con-full e-flex e-con e-child\" data-id=\"ffbe8ab\" data-element_type=\"container\" data-e-type=\"container\">\n\t\t<div data-particle_enable=\"false\" data-particle-mobile-disabled=\"false\" role=\"region\" aria-labelledby=\"e-n-accordion-item-6320\" class=\"elementor-element elementor-element-dbaaee3 e-con-full e-flex e-con e-child\" data-id=\"dbaaee3\" data-element_type=\"container\" data-e-type=\"container\">\n\t\t\t\t<div class=\"elementor-element elementor-element-a6fe930 elementor-widget elementor-widget-text-editor\" data-id=\"a6fe930\" data-element_type=\"widget\" data-e-type=\"widget\" data-widget_type=\"text-editor.default\">\n\t\t\t\t<div class=\"elementor-widget-container\">\n\t\t\t\t\t\t\t\t\t<p style=\"text-align: left;\"><span style=\"color: #000000;\"><b>Pierre L\u00c9VY<\/b><\/span><span style=\"font-weight: 400;\">, French Ambassador, Chairman of the IHEDN Board of Directors<\/span><\/p><p style=\"text-align: left;\"><span style=\"color: #000000;\"><strong>Nicolas ROCHE<\/strong><\/span><span style=\"font-weight: 400;\">General Secretary for Defence and National Security (SGDSN), or his representative<\/span><\/p><p style=\"text-align: left;\"><span style=\"color: #000000;\"><strong>Fabien MANDON<\/strong><\/span><span style=\"font-weight: 400;\">Air Force General, Chief of the Defence Staff, or his representative<\/span><\/p><p><strong>\u00c9ric PELTIER, <\/strong>Lieutenant General, Deputy Director General for International Relations and Strategy (DGRIS), or his representative<\/p><p style=\"text-align: left;\"><span style=\"color: #000000;\"><b>Anne-Marie DESC\u00d4TES<\/b><\/span>French Ambassador, Secretary General of the Ministry of Europe and Foreign Affairs, or her representative<\/p><p style=\"text-align: left;\"><span style=\"color: #000000;\"><b>Jean-Luc MOULLET<\/b><\/span>Director General of Research and Innovation, or his representative<\/p><p style=\"text-align: left;\"><span style=\"color: #000000;\"><strong>Hugues MOUTOUH<\/strong><\/span><span style=\"font-weight: 400;\">Secretary General of the Ministry of the Interior and Overseas Territories, or his representative<\/span><\/p><p style=\"text-align: left;\"><span style=\"color: #000000;\"><b>Thomas COURBE<\/b><\/span><span style=\"font-weight: 400;\">Ing\u00e9nieur g\u00e9n\u00e9ral de l'armement, Directeur g\u00e9n\u00e9ral des entreprises, or his representative<\/span><\/p><p style=\"text-align: left;\"><span style=\"color: #000000;\"><strong>Boris MELMOUX-EUDE<\/strong><\/span><span style=\"font-weight: 400;\">, D<\/span>irector General of Administration and the Civil Service <span style=\"font-weight: 400;\">or its representative<\/span><\/p><p style=\"text-align: left;\"><b><span style=\"color: #000000;\">Hanane MANSOURI,<\/span>\u00a0<\/b>Member for Is\u00e8re<\/p><p style=\"text-align: left;\"><strong>Pascal ALLIZARD<\/strong>Senator for Calvados<\/p>\t\t\t\t\t\t\t\t<\/div>\n\t\t\t\t<\/div>\n\t\t\t\t<\/div>\n\t\t\t\t<\/div>\n\t\t\t\t\t<\/details>\n\t\t\t\t\t\t<details id=\"e-n-accordion-item-6321\" class=\"e-n-accordion-item\" >\n\t\t\t\t<summary class=\"e-n-accordion-item-title\" data-accordion-index=\"2\" tabindex=\"-1\" aria-expanded=\"false\" aria-controls=\"e-n-accordion-item-6321\" >\n\t\t\t\t\t<span class='e-n-accordion-item-title-header'><div class=\"e-n-accordion-item-title-text\"> Members appointed by order of the Prime Minister <\/div><\/span>\n\t\t\t\t\t\t\t<span class='e-n-accordion-item-title-icon'>\n\t\t\t<span class='e-opened' ><svg aria-hidden=\"true\" class=\"e-font-icon-svg e-fas-minus\" viewbox=\"0 0 448 512\" xmlns=\"http:\/\/www.w3.org\/2000\/svg\"><path d=\"M416 208H32c-17.67 0-32 14.33-32 32v32c0 17.67 14.33 32 32 32h384c17.67 0 32-14.33 32-32v-32c0-17.67-14.33-32-32-32z\"><\/path><\/svg><\/span>\n\t\t\t<span class='e-closed'><svg aria-hidden=\"true\" class=\"e-font-icon-svg e-fas-plus\" viewbox=\"0 0 448 512\" xmlns=\"http:\/\/www.w3.org\/2000\/svg\"><path d=\"M416 208H272V64c0-17.67-14.33-32-32-32h-32c-17.67 0-32 14.33-32 32v144H32c-17.67 0-32 14.33-32 32v32c0 17.67 14.33 32 32 32h144v144c0 17.67 14.33 32 32 32h32c17.67 0 32-14.33 32-32V304h144c17.67 0 32-14.33 32-32v-32c0-17.67-14.33-32-32-32z\"><\/path><\/svg><\/span>\n\t\t<\/span>\n\n\t\t\t\t\t\t<\/summary>\n\t\t\t\t<div data-particle_enable=\"false\" data-particle-mobile-disabled=\"false\" role=\"region\" aria-labelledby=\"e-n-accordion-item-6321\" class=\"elementor-element elementor-element-95f727d e-con-full e-flex e-con e-child\" data-id=\"95f727d\" data-element_type=\"container\" data-e-type=\"container\">\n\t\t<div data-particle_enable=\"false\" data-particle-mobile-disabled=\"false\" role=\"region\" aria-labelledby=\"e-n-accordion-item-6321\" class=\"elementor-element elementor-element-bdcbd51 e-con-full e-flex e-con e-child\" data-id=\"bdcbd51\" data-element_type=\"container\" data-e-type=\"container\">\n\t\t\t\t<div class=\"elementor-element elementor-element-b8f97f2 elementor-widget elementor-widget-text-editor\" data-id=\"b8f97f2\" data-element_type=\"widget\" data-e-type=\"widget\" data-widget_type=\"text-editor.default\">\n\t\t\t\t<div class=\"elementor-widget-container\">\n\t\t\t\t\t\t\t\t\t<p><strong>Andr\u00e9 LANATA<\/strong>General of the French Air Force (2S), Qualified personality in the fields of national security, defence, foreign policy, economics or research.<\/p><p><span style=\"color: #000000;\"><b>Yves BOYER<\/b><\/span>A person qualified in the fields of national security, defence, foreign policy, economics or research.<\/p><p style=\"text-align: left;\"><strong>Daphn\u00e9 BENOIT,<\/strong> Person qualified in the fields of national security, defence, foreign policy, economics or research<\/p><p><strong>Nathalie BIEBUYCK<\/strong>Civilian auditor who has fulfilled the obligations of the sessions, hospital practitioner, nominated by the SGDSN,<\/p><p><strong>R\u00e9mi DE FRITSCH,<\/strong> Civilian auditor who has met the requirements of the sessions, systems engineer, nominated by the SGDSN<\/p><p><strong>Solenne LEPAGE<\/strong>Civilian auditor who has fulfilled the obligations of the sessions, general delegate for the voluntary sector, on the proposal of the SGDSN<\/p>\t\t\t\t\t\t\t\t<\/div>\n\t\t\t\t<\/div>\n\t\t\t\t<\/div>\n\t\t\t\t<\/div>\n\t\t\t\t\t<\/details>\n\t\t\t\t\t<\/div>\n\t\t\t\t\t\t<\/div>\n\t\t\t\t<\/div>\n\t\t\t\t<\/div>\n\t\t\t\t<\/div>\n\t\t<div data-particle_enable=\"false\" data-particle-mobile-disabled=\"false\" class=\"elementor-element elementor-element-64d521f e-con-full e-flex e-con e-child\" data-id=\"64d521f\" data-element_type=\"container\" data-e-type=\"container\">\n\t\t<div data-particle_enable=\"false\" data-particle-mobile-disabled=\"false\" class=\"elementor-element elementor-element-375bc2c e-con-full e-flex e-con e-child\" data-id=\"375bc2c\" data-element_type=\"container\" data-e-type=\"container\">\n\t\t\t\t<div class=\"elementor-element elementor-element-ce08df3 elementor-widget elementor-widget-heading\" data-id=\"ce08df3\" data-element_type=\"widget\" data-e-type=\"widget\" data-widget_type=\"heading.default\">\n\t\t\t\t<div class=\"elementor-widget-container\">\n\t\t\t\t\t<h2 class=\"elementor-heading-title elementor-size-default\">Scientific Advisory Board<\/h2>\t\t\t\t<\/div>\n\t\t\t\t<\/div>\n\t\t\t\t<div class=\"elementor-element elementor-element-a08370b elementor-widget-divider--view-line elementor-widget elementor-widget-divider\" data-id=\"a08370b\" data-element_type=\"widget\" data-e-type=\"widget\" data-widget_type=\"divider.default\">\n\t\t\t\t<div class=\"elementor-widget-container\">\n\t\t\t\t\t\t\t<div class=\"elementor-divider\">\n\t\t\t<span class=\"elementor-divider-separator\">\n\t\t\t\t\t\t<\/span>\n\t\t<\/div>\n\t\t\t\t\t\t<\/div>\n\t\t\t\t<\/div>\n\t\t\t\t<\/div>\n\t\t<div data-particle_enable=\"false\" data-particle-mobile-disabled=\"false\" class=\"elementor-element elementor-element-b180cbb e-con-full e-flex e-con e-child\" data-id=\"b180cbb\" data-element_type=\"container\" data-e-type=\"container\">\n\t\t\t\t<div class=\"elementor-element elementor-element-3feb805 elementor-widget elementor-widget-heading\" data-id=\"3feb805\" data-element_type=\"widget\" data-e-type=\"widget\" data-widget_type=\"heading.default\">\n\t\t\t\t<div class=\"elementor-widget-container\">\n\t\t\t\t\t<h3 class=\"elementor-heading-title elementor-size-default\">Members of the IHEDN Scientific Council<\/h3>\t\t\t\t<\/div>\n\t\t\t\t<\/div>\n\t\t\t\t<div class=\"elementor-element elementor-element-83662a1 elementor-widget elementor-widget-text-editor\" data-id=\"83662a1\" data-element_type=\"widget\" data-e-type=\"widget\" data-widget_type=\"text-editor.default\">\n\t\t\t\t<div class=\"elementor-widget-container\">\n\t\t\t\t\t\t\t\t\t<p class=\"main-title\" style=\"text-align: left;\"><em>Order of 19 December 2025 appointing members to the Scientific Council of the Institut des hautes \u00e9tudes de la d\u00e9fense nationale.<br \/><\/em><\/p>\t\t\t\t\t\t\t\t<\/div>\n\t\t\t\t<\/div>\n\t\t\t\t<div class=\"elementor-element elementor-element-99fad19 elementor-position-inline-end elementor-view-default elementor-mobile-position-block-start elementor-widget elementor-widget-icon-box\" data-id=\"99fad19\" data-element_type=\"widget\" data-e-type=\"widget\" data-widget_type=\"icon-box.default\">\n\t\t\t\t<div class=\"elementor-widget-container\">\n\t\t\t\t\t\t\t<div class=\"elementor-icon-box-wrapper\">\n\n\t\t\t\t\t\t<div class=\"elementor-icon-box-icon\">\n\t\t\t\t<a href=\"https:\/\/ihedn.fr\/wp-content\/uploads\/2026\/01\/Arrete-portant-nomination-au-Conseil-scientifique-de-lIHEDN-19_12_2025.pdf\" target=\"_blank\" class=\"elementor-icon\" tabindex=\"-1\" aria-label=\"Download the JORF of 19 December 2025\">\n\t\t\t\t<svg aria-hidden=\"true\" class=\"e-font-icon-svg e-fas-file-download\" viewbox=\"0 0 384 512\" xmlns=\"http:\/\/www.w3.org\/2000\/svg\"><path d=\"M224 136V0H24C10.7 0 0 10.7 0 24v464c0 13.3 10.7 24 24 24h336c13.3 0 24-10.7 24-24V160H248c-13.2 0-24-10.8-24-24zm76.45 211.36l-96.42 95.7c-6.65 6.61-17.39 6.61-24.04 0l-96.42-95.7C73.42 337.29 80.54 320 94.82 320H160v-80c0-8.84 7.16-16 16-16h32c8.84 0 16 7.16 16 16v80h65.18c14.28 0 21.4 17.29 11.27 27.36zM377 105L279.1 7c-4.5-4.5-10.6-7-17-7H256v128h128v-6.1c0-6.3-2.5-12.4-7-16.9z\"><\/path><\/svg>\t\t\t\t<\/a>\n\t\t\t<\/div>\n\t\t\t\n\t\t\t\t\t\t<div class=\"elementor-icon-box-content\">\n\n\t\t\t\t\t\t\t\t\t<h3 class=\"elementor-icon-box-title\">\n\t\t\t\t\t\t<a href=\"https:\/\/ihedn.fr\/wp-content\/uploads\/2026\/01\/Arrete-portant-nomination-au-Conseil-scientifique-de-lIHEDN-19_12_2025.pdf\" target=\"_blank\" >\n\t\t\t\t\t\t\tDownload the JORF of 19 December 2025\t\t\t\t\t\t<\/a>\n\t\t\t\t\t<\/h3>\n\t\t\t\t\n\t\t\t\t\n\t\t\t<\/div>\n\t\t\t\n\t\t<\/div>\n\t\t\t\t\t\t<\/div>\n\t\t\t\t<\/div>\n\t\t\t\t<div class=\"elementor-element elementor-element-a90a41a elementor-widget elementor-widget-n-accordion\" data-id=\"a90a41a\" data-element_type=\"widget\" data-e-type=\"widget\" data-settings=\"{&quot;default_state&quot;:&quot;expanded&quot;,&quot;max_items_expended&quot;:&quot;one&quot;,&quot;n_accordion_animation_duration&quot;:{&quot;unit&quot;:&quot;ms&quot;,&quot;size&quot;:400,&quot;sizes&quot;:[]}}\" data-widget_type=\"nested-accordion.default\">\n\t\t\t\t<div class=\"elementor-widget-container\">\n\t\t\t\t\t\t\t<div class=\"e-n-accordion\" aria-label=\"Accordion. Open links with Enter or Space, close with Escape, and navigate with Arrow Keys\">\n\t\t\t\t\t\t<details id=\"e-n-accordion-item-1770\" class=\"e-n-accordion-item\" open>\n\t\t\t\t<summary class=\"e-n-accordion-item-title\" data-accordion-index=\"1\" tabindex=\"0\" aria-expanded=\"true\" aria-controls=\"e-n-accordion-item-1770\" >\n\t\t\t\t\t<span class='e-n-accordion-item-title-header'><div class=\"e-n-accordion-item-title-text\"> Members by right <\/div><\/span>\n\t\t\t\t\t\t\t<span class='e-n-accordion-item-title-icon'>\n\t\t\t<span class='e-opened' ><svg aria-hidden=\"true\" class=\"e-font-icon-svg e-fas-minus\" viewbox=\"0 0 448 512\" xmlns=\"http:\/\/www.w3.org\/2000\/svg\"><path d=\"M416 208H32c-17.67 0-32 14.33-32 32v32c0 17.67 14.33 32 32 32h384c17.67 0 32-14.33 32-32v-32c0-17.67-14.33-32-32-32z\"><\/path><\/svg><\/span>\n\t\t\t<span class='e-closed'><svg aria-hidden=\"true\" class=\"e-font-icon-svg e-fas-plus\" viewbox=\"0 0 448 512\" xmlns=\"http:\/\/www.w3.org\/2000\/svg\"><path d=\"M416 208H272V64c0-17.67-14.33-32-32-32h-32c-17.67 0-32 14.33-32 32v144H32c-17.67 0-32 14.33-32 32v32c0 17.67 14.33 32 32 32h144v144c0 17.67 14.33 32 32 32h32c17.67 0 32-14.33 32-32V304h144c17.67 0 32-14.33 32-32v-32c0-17.67-14.33-32-32-32z\"><\/path><\/svg><\/span>\n\t\t<\/span>\n\n\t\t\t\t\t\t<\/summary>\n\t\t\t\t<div data-particle_enable=\"false\" data-particle-mobile-disabled=\"false\" role=\"region\" aria-labelledby=\"e-n-accordion-item-1770\" class=\"elementor-element elementor-element-12d15af e-con-full e-flex e-con e-child\" data-id=\"12d15af\" data-element_type=\"container\" data-e-type=\"container\">\n\t\t\t\t<div class=\"elementor-element elementor-element-b2c2f81 elementor-widget elementor-widget-text-editor\" data-id=\"b2c2f81\" data-element_type=\"widget\" data-e-type=\"widget\" data-widget_type=\"text-editor.default\">\n\t\t\t\t<div class=\"elementor-widget-container\">\n\t\t\t\t\t\t\t\t\t<p style=\"text-align: left;\"><strong>Following the publication of the Prime Minister's decree of 19 December 2025, the IHEDN is pleased to welcome its new Scientific Council, headed by its Chairman, Jean-Marie GU\u00c9HENNO.<\/strong><\/p><p style=\"text-align: left;\">By order of the Prime Minister dated 19 December 2025, the following are appointed members of the Scientific Council of the Institut des hautes \u00e9tudes de la d\u00e9fense nationale :<\/p><p style=\"text-align: left;\"><strong>Re-appointed:<\/strong><\/p><p style=\"text-align: left;\">Mr Jean-Marie GU\u00c9HENNO, Chairman ;<br \/>Mrs St\u00e9phanie BALME ;<br \/>Mr St\u00e9phane BOUJNAH ;<br \/>Ms B\u00e9n\u00e9dicte CH\u00c9RON ;<br \/>Ms Nathalie DELAPALME ;<br \/>Mr Thomas GOMART ;<br \/>Mr Herv\u00e9 GUILLOU ;<br \/>Mr Philippe HAYEZ ;<br \/>Mr Jean-Vincent HOLEINDRE.<\/p><p><strong>As new members : <\/strong><\/p><p style=\"text-align: left;\">Mr Patrick AUFORT;<br \/>Mr Tristan AUREAU;<br \/>Mr Martial FOUCAULT;<br \/>Mr Ivan MARTIN;<br \/>Mr Xavier PASCO;<br \/>Mrs Marianne PERON-DOISE;<br \/>Mr Christophe SOULLEZ;<br \/>Mrs Anne de TINGUY;<br \/>Mr Augustin VICARD;<br \/>Mr Bertrand WARUSFEL.<\/p>\t\t\t\t\t\t\t\t<\/div>\n\t\t\t\t<\/div>\n\t\t\t\t<\/div>\n\t\t\t\t\t<\/details>\n\t\t\t\t\t<\/div>\n\t\t\t\t\t\t<\/div>\n\t\t\t\t<\/div>\n\t\t\t\t<\/div>\n\t\t\t\t<\/div>\n\t\t\t\t<\/div>","protected":false},"excerpt":{"rendered":"<p>notre gouvernance La direction Directeur : G\u00e9n\u00e9ral de corps d\u2019arm\u00e9e Herv\u00e9 de Courr\u00e8ges Photo par Alain JOCARD \/ AFP Par d\u00e9cret pr\u00e9sidentiel du 19 juin 2024, le g\u00e9n\u00e9ral de corps d\u2019arm\u00e9e Herv\u00e9 de Courr\u00e8ges a \u00e9t\u00e9 nomm\u00e9 directeur de l\u2019IHEDN et de l\u2019Enseignement militaire sup\u00e9rieur, \u00e0 compter du 1er ao\u00fbt. Saint-cyrien de la promotion G\u00e9n\u00e9ral [&hellip;]<\/p>\n","protected":false},"author":1,"featured_media":0,"parent":0,"menu_order":0,"comment_status":"closed","ping_status":"closed","template":"","meta":{"footnotes":""},"class_list":["post-479","page","type-page","status-publish","hentry"],"yoast_head":"<!-- This site is optimized with the Yoast SEO plugin v27.5 - https:\/\/yoast.com\/product\/yoast-seo-wordpress\/ -->\n<title>Notre gouvernance - L&#039;IHEDN : Institut des hautes \u00e9tudes de d\u00e9fense nationale<\/title>\n<meta name=\"description\" content=\"Notre gouvernance - Directeur : G\u00e9n\u00e9ral de corps d\u2019arm\u00e9e Beno\u00eet DURIEUX | Le g\u00e9n\u00e9ral Beno\u00eet Durieux a \u00e9t\u00e9 admis \u00e0 l\u2019\u00e9cole militaire de Saint-Cyr en 1985, au sein de la promotion \u00ab Cadets de la France Libre \u00bb. D\u2019abord affect\u00e9 au 1er R\u00e9giment de chasseurs Parachutistes comme chef de section, il a ensuite eu plusieurs affectations au sein de la L\u00e9gion Etrang\u00e8re, \u00e0 la 13e DBLE de 1991 \u00e0 1993 comme chef de section tireurs d\u2019\u00e9lite, puis au 2e REI dont il a command\u00e9 la 3e compagnie de 1994 \u00e0 1996. Avec ces unit\u00e9s, il a pris part \u00e0 des op\u00e9rations \u00e0 Djibouti en 1992-1993, en Somalie en 1993, en Bosnie en 1995 et 1996. Il a ensuite \u00e9t\u00e9 chef du bureau Op\u00e9rations Instruction de la 13e DBLE \u00e0 Djibouti de 2002 \u00e0 2004.Il a servi comme r\u00e9dacteur de discours aupr\u00e8s du CEMAT, le g\u00e9n\u00e9ral Thorette, de 2005 \u00e0 2006 puis du chef d\u2019\u00e9tat-major des arm\u00e9es, le g\u00e9n\u00e9ral Georgelin, de 2006 \u00e0 2008. Il a parall\u00e8lement poursuivi une activit\u00e9 de r\u00e9flexion dans le domaine de la strat\u00e9gie. Dipl\u00f4m\u00e9 de l\u2019Institut d\u2019\u00c9tudes Politiques de Paris et de l\u2019universit\u00e9 am\u00e9ricaine de Georgetown, docteur en histoire, il a publi\u00e9 de nombreux livres et articles en lien avec ces sujets sur lesquels il a enseign\u00e9 \u00e0 l\u2019Institut d\u2019\u00c9tudes Politiques de Paris.Sa carri\u00e8re op\u00e9rationnelle s\u2019est poursuivie comme commandant du 2e R\u00e9giment \u00c9tranger d\u2019Infanterie \u00e0 N\u00eemes de 2008 \u00e0 2010. C\u2019est avec cette unit\u00e9 qu\u2019il a \u00e9t\u00e9 engag\u00e9 entre juin 2009 et janvier 2010 en Afghanistan, dans le secteur de Surobi, \u00e0 l\u2019est de Kaboul.Apr\u00e8s une ann\u00e9e au sein de la 60e session du CHEM et de la 63e session de l\u2019IHEDN, il a occup\u00e9 les fonctions d\u2019adjoint au chef du cabinet militaire du ministre de la d\u00e9fense entre 2011 et 2014. De 2014 \u00e0 2016, il a \u00e9t\u00e9 directeur du Centre des hautes \u00e9tudes militaires, qui pr\u00e9pare \u00e0 leurs responsabilit\u00e9s les futurs plus hauts dirigeants des arm\u00e9es. C\u2019est dans cette fonction qu\u2019il a \u00e9t\u00e9 promu g\u00e9n\u00e9ral de brigade le 1er janvier 2015. Le 1er ao\u00fbt 2016, il prend le commandement de la 6e Brigade l\u00e9g\u00e8re blind\u00e9e \u00e0 N\u00eemes et de la base de d\u00e9fense de N\u00eemes Orange Laudun puis, le 22 juillet 2017 il devient chef du cabinet militaire du Premier ministre. Il est promu au grade de g\u00e9n\u00e9ral de corps d\u2019arm\u00e9e le 1er janvier 2019.\" \/>\n<meta name=\"robots\" content=\"index, follow, max-snippet:-1, max-image-preview:large, max-video-preview:-1\" \/>\n<link rel=\"canonical\" href=\"https:\/\/ihedn.fr\/en\/gouvernance\/\" \/>\n<meta property=\"og:locale\" content=\"en_GB\" \/>\n<meta property=\"og:type\" content=\"article\" \/>\n<meta property=\"og:title\" content=\"Notre gouvernance\" \/>\n<meta property=\"og:description\" content=\"Directeur : G\u00e9n\u00e9ral de corps d\u2019arm\u00e9e Beno\u00eet DURIEUX | Le g\u00e9n\u00e9ral Beno\u00eet Durieux a \u00e9t\u00e9 admis \u00e0 l\u2019\u00e9cole militaire de Saint-Cyr en 1985, au sein de la promotion \u00ab Cadets de la France Libre \u00bb. D\u2019abord affect\u00e9 au 1er R\u00e9giment de chasseurs Parachutistes comme chef de section, il a ensuite eu plusieurs affectations au sein de la L\u00e9gion Etrang\u00e8re, \u00e0 la 13e DBLE de 1991 \u00e0 1993 comme chef de section tireurs d\u2019\u00e9lite, puis au 2e REI dont il a command\u00e9 la 3e compagnie de 1994 \u00e0 1996. Avec ces unit\u00e9s, il a pris part \u00e0 des op\u00e9rations \u00e0 Djibouti en 1992-1993, en Somalie en 1993, en Bosnie en 1995 et 1996. Il a ensuite \u00e9t\u00e9 chef du bureau Op\u00e9rations Instruction de la 13e DBLE \u00e0 Djibouti de 2002 \u00e0 2004.Il a servi comme r\u00e9dacteur de discours aupr\u00e8s du CEMAT, le g\u00e9n\u00e9ral Thorette, de 2005 \u00e0 2006 puis du chef d\u2019\u00e9tat-major des arm\u00e9es, le g\u00e9n\u00e9ral Georgelin, de 2006 \u00e0 2008. Il a parall\u00e8lement poursuivi une activit\u00e9 de r\u00e9flexion dans le domaine de la strat\u00e9gie. Dipl\u00f4m\u00e9 de l\u2019Institut d\u2019\u00c9tudes Politiques de Paris et de l\u2019universit\u00e9 am\u00e9ricaine de Georgetown, docteur en histoire, il a publi\u00e9 de nombreux livres et articles en lien avec ces sujets sur lesquels il a enseign\u00e9 \u00e0 l\u2019Institut d\u2019\u00c9tudes Politiques de Paris.Sa carri\u00e8re op\u00e9rationnelle s\u2019est poursuivie comme commandant du 2e R\u00e9giment \u00c9tranger d\u2019Infanterie \u00e0 N\u00eemes de 2008 \u00e0 2010. C\u2019est avec cette unit\u00e9 qu\u2019il a \u00e9t\u00e9 engag\u00e9 entre juin 2009 et janvier 2010 en Afghanistan, dans le secteur de Surobi, \u00e0 l\u2019est de Kaboul.Apr\u00e8s une ann\u00e9e au sein de la 60e session du CHEM et de la 63e session de l\u2019IHEDN, il a occup\u00e9 les fonctions d\u2019adjoint au chef du cabinet militaire du ministre de la d\u00e9fense entre 2011 et 2014. De 2014 \u00e0 2016, il a \u00e9t\u00e9 directeur du Centre des hautes \u00e9tudes militaires, qui pr\u00e9pare \u00e0 leurs responsabilit\u00e9s les futurs plus hauts dirigeants des arm\u00e9es. C\u2019est dans cette fonction qu\u2019il a \u00e9t\u00e9 promu g\u00e9n\u00e9ral de brigade le 1er janvier 2015. Le 1er ao\u00fbt 2016, il prend le commandement de la 6e Brigade l\u00e9g\u00e8re blind\u00e9e \u00e0 N\u00eemes et de la base de d\u00e9fense de N\u00eemes Orange Laudun puis, le 22 juillet 2017 il devient chef du cabinet militaire du Premier ministre. Il est promu au grade de g\u00e9n\u00e9ral de corps d\u2019arm\u00e9e le 1er janvier 2019.\" \/>\n<meta property=\"og:url\" content=\"https:\/\/ihedn.fr\/en\/gouvernance\/\" \/>\n<meta property=\"og:site_name\" content=\"L&#039;IHEDN : Institut des hautes \u00e9tudes de d\u00e9fense nationale\" \/>\n<meta property=\"article:publisher\" content=\"https:\/\/www.facebook.com\/ihedn\/\" \/>\n<meta property=\"article:modified_time\" content=\"2026-01-15T10:56:45+00:00\" \/>\n<meta property=\"og:image\" content=\"https:\/\/ihedn.fr\/wp-content\/uploads\/2021\/07\/Benoit-DURIEUX-directeur-de-IHEDN.jpg\" \/>\n\t<meta property=\"og:image:width\" content=\"281\" \/>\n\t<meta property=\"og:image:height\" content=\"328\" \/>\n\t<meta property=\"og:image:type\" content=\"image\/jpeg\" \/>\n<meta name=\"twitter:card\" content=\"summary_large_image\" \/>\n<meta name=\"twitter:title\" content=\"Notre gouvernance\" \/>\n<meta name=\"twitter:description\" content=\"Directeur : G\u00e9n\u00e9ral de corps d\u2019arm\u00e9e Beno\u00eet DURIEUX | Le g\u00e9n\u00e9ral Beno\u00eet Durieux a \u00e9t\u00e9 admis \u00e0 l\u2019\u00e9cole militaire de Saint-Cyr en 1985, au sein de la promotion \u00ab Cadets de la France Libre \u00bb. D\u2019abord affect\u00e9 au 1er R\u00e9giment de chasseurs Parachutistes comme chef de section, il a ensuite eu plusieurs affectations au sein de la L\u00e9gion Etrang\u00e8re, \u00e0 la 13e DBLE de 1991 \u00e0 1993 comme chef de section tireurs d\u2019\u00e9lite, puis au 2e REI dont il a command\u00e9 la 3e compagnie de 1994 \u00e0 1996. Avec ces unit\u00e9s, il a pris part \u00e0 des op\u00e9rations \u00e0 Djibouti en 1992-1993, en Somalie en 1993, en Bosnie en 1995 et 1996. Il a ensuite \u00e9t\u00e9 chef du bureau Op\u00e9rations Instruction de la 13e DBLE \u00e0 Djibouti de 2002 \u00e0 2004.Il a servi comme r\u00e9dacteur de discours aupr\u00e8s du CEMAT, le g\u00e9n\u00e9ral Thorette, de 2005 \u00e0 2006 puis du chef d\u2019\u00e9tat-major des arm\u00e9es, le g\u00e9n\u00e9ral Georgelin, de 2006 \u00e0 2008. Il a parall\u00e8lement poursuivi une activit\u00e9 de r\u00e9flexion dans le domaine de la strat\u00e9gie. Dipl\u00f4m\u00e9 de l\u2019Institut d\u2019\u00c9tudes Politiques de Paris et de l\u2019universit\u00e9 am\u00e9ricaine de Georgetown, docteur en histoire, il a publi\u00e9 de nombreux livres et articles en lien avec ces sujets sur lesquels il a enseign\u00e9 \u00e0 l\u2019Institut d\u2019\u00c9tudes Politiques de Paris.Sa carri\u00e8re op\u00e9rationnelle s\u2019est poursuivie comme commandant du 2e R\u00e9giment \u00c9tranger d\u2019Infanterie \u00e0 N\u00eemes de 2008 \u00e0 2010. C\u2019est avec cette unit\u00e9 qu\u2019il a \u00e9t\u00e9 engag\u00e9 entre juin 2009 et janvier 2010 en Afghanistan, dans le secteur de Surobi, \u00e0 l\u2019est de Kaboul.Apr\u00e8s une ann\u00e9e au sein de la 60e session du CHEM et de la 63e session de l\u2019IHEDN, il a occup\u00e9 les fonctions d\u2019adjoint au chef du cabinet militaire du ministre de la d\u00e9fense entre 2011 et 2014. De 2014 \u00e0 2016, il a \u00e9t\u00e9 directeur du Centre des hautes \u00e9tudes militaires, qui pr\u00e9pare \u00e0 leurs responsabilit\u00e9s les futurs plus hauts dirigeants des arm\u00e9es. C\u2019est dans cette fonction qu\u2019il a \u00e9t\u00e9 promu g\u00e9n\u00e9ral de brigade le 1er janvier 2015. Le 1er ao\u00fbt 2016, il prend le commandement de la 6e Brigade l\u00e9g\u00e8re blind\u00e9e \u00e0 N\u00eemes et de la base de d\u00e9fense de N\u00eemes Orange Laudun puis, le 22 juillet 2017 il devient chef du cabinet militaire du Premier ministre. Il est promu au grade de g\u00e9n\u00e9ral de corps d\u2019arm\u00e9e le 1er janvier 2019.\" \/>\n<meta name=\"twitter:image\" content=\"https:\/\/ihedn.fr\/wp-content\/uploads\/2021\/07\/Benoit-DURIEUX-directeur-de-IHEDN.jpg\" \/>\n<meta name=\"twitter:site\" content=\"@IHEDN\" \/>\n<meta name=\"twitter:label1\" content=\"Estimated reading time\" \/>\n\t<meta name=\"twitter:data1\" content=\"14 minutes\" \/>\n<script type=\"application\/ld+json\" class=\"yoast-schema-graph\">{\"@context\":\"https:\\\/\\\/schema.org\",\"@graph\":[{\"@type\":\"WebPage\",\"@id\":\"https:\\\/\\\/ihedn.fr\\\/gouvernance\\\/\",\"url\":\"https:\\\/\\\/ihedn.fr\\\/gouvernance\\\/\",\"name\":\"Notre gouvernance - L&#039;IHEDN : Institut des hautes \u00e9tudes de d\u00e9fense nationale\",\"isPartOf\":{\"@id\":\"https:\\\/\\\/ihedn.fr\\\/#website\"},\"primaryImageOfPage\":{\"@id\":\"https:\\\/\\\/ihedn.fr\\\/gouvernance\\\/#primaryimage\"},\"image\":{\"@id\":\"https:\\\/\\\/ihedn.fr\\\/gouvernance\\\/#primaryimage\"},\"thumbnailUrl\":\"https:\\\/\\\/ihedn.fr\\\/wp-content\\\/uploads\\\/2025\\\/09\\\/000_734V7ZC-1024x1536.jpg\",\"datePublished\":\"2020-11-27T14:16:25+00:00\",\"dateModified\":\"2026-01-15T10:56:45+00:00\",\"description\":\"Notre gouvernance - Directeur : G\u00e9n\u00e9ral de corps d\u2019arm\u00e9e Beno\u00eet DURIEUX | Le g\u00e9n\u00e9ral Beno\u00eet Durieux a \u00e9t\u00e9 admis \u00e0 l\u2019\u00e9cole militaire de Saint-Cyr en 1985, au sein de la promotion \u00ab Cadets de la France Libre \u00bb. D\u2019abord affect\u00e9 au 1er R\u00e9giment de chasseurs Parachutistes comme chef de section, il a ensuite eu plusieurs affectations au sein de la L\u00e9gion Etrang\u00e8re, \u00e0 la 13e DBLE de 1991 \u00e0 1993 comme chef de section tireurs d\u2019\u00e9lite, puis au 2e REI dont il a command\u00e9 la 3e compagnie de 1994 \u00e0 1996. Avec ces unit\u00e9s, il a pris part \u00e0 des op\u00e9rations \u00e0 Djibouti en 1992-1993, en Somalie en 1993, en Bosnie en 1995 et 1996. Il a ensuite \u00e9t\u00e9 chef du bureau Op\u00e9rations Instruction de la 13e DBLE \u00e0 Djibouti de 2002 \u00e0 2004.Il a servi comme r\u00e9dacteur de discours aupr\u00e8s du CEMAT, le g\u00e9n\u00e9ral Thorette, de 2005 \u00e0 2006 puis du chef d\u2019\u00e9tat-major des arm\u00e9es, le g\u00e9n\u00e9ral Georgelin, de 2006 \u00e0 2008. Il a parall\u00e8lement poursuivi une activit\u00e9 de r\u00e9flexion dans le domaine de la strat\u00e9gie. Dipl\u00f4m\u00e9 de l\u2019Institut d\u2019\u00c9tudes Politiques de Paris et de l\u2019universit\u00e9 am\u00e9ricaine de Georgetown, docteur en histoire, il a publi\u00e9 de nombreux livres et articles en lien avec ces sujets sur lesquels il a enseign\u00e9 \u00e0 l\u2019Institut d\u2019\u00c9tudes Politiques de Paris.Sa carri\u00e8re op\u00e9rationnelle s\u2019est poursuivie comme commandant du 2e R\u00e9giment \u00c9tranger d\u2019Infanterie \u00e0 N\u00eemes de 2008 \u00e0 2010. C\u2019est avec cette unit\u00e9 qu\u2019il a \u00e9t\u00e9 engag\u00e9 entre juin 2009 et janvier 2010 en Afghanistan, dans le secteur de Surobi, \u00e0 l\u2019est de Kaboul.Apr\u00e8s une ann\u00e9e au sein de la 60e session du CHEM et de la 63e session de l\u2019IHEDN, il a occup\u00e9 les fonctions d\u2019adjoint au chef du cabinet militaire du ministre de la d\u00e9fense entre 2011 et 2014. De 2014 \u00e0 2016, il a \u00e9t\u00e9 directeur du Centre des hautes \u00e9tudes militaires, qui pr\u00e9pare \u00e0 leurs responsabilit\u00e9s les futurs plus hauts dirigeants des arm\u00e9es. C\u2019est dans cette fonction qu\u2019il a \u00e9t\u00e9 promu g\u00e9n\u00e9ral de brigade le 1er janvier 2015. Le 1er ao\u00fbt 2016, il prend le commandement de la 6e Brigade l\u00e9g\u00e8re blind\u00e9e \u00e0 N\u00eemes et de la base de d\u00e9fense de N\u00eemes Orange Laudun puis, le 22 juillet 2017 il devient chef du cabinet militaire du Premier ministre. Il est promu au grade de g\u00e9n\u00e9ral de corps d\u2019arm\u00e9e le 1er janvier 2019.\",\"breadcrumb\":{\"@id\":\"https:\\\/\\\/ihedn.fr\\\/gouvernance\\\/#breadcrumb\"},\"inLanguage\":\"en-GB\",\"potentialAction\":[{\"@type\":\"ReadAction\",\"target\":[\"https:\\\/\\\/ihedn.fr\\\/gouvernance\\\/\"]}]},{\"@type\":\"ImageObject\",\"inLanguage\":\"en-GB\",\"@id\":\"https:\\\/\\\/ihedn.fr\\\/gouvernance\\\/#primaryimage\",\"url\":\"https:\\\/\\\/ihedn.fr\\\/wp-content\\\/uploads\\\/2025\\\/09\\\/000_734V7ZC-1024x1536.jpg\",\"contentUrl\":\"https:\\\/\\\/ihedn.fr\\\/wp-content\\\/uploads\\\/2025\\\/09\\\/000_734V7ZC-1024x1536.jpg\"},{\"@type\":\"BreadcrumbList\",\"@id\":\"https:\\\/\\\/ihedn.fr\\\/gouvernance\\\/#breadcrumb\",\"itemListElement\":[{\"@type\":\"ListItem\",\"position\":1,\"name\":\"Accueil\",\"item\":\"https:\\\/\\\/ihedn.fr\\\/\"},{\"@type\":\"ListItem\",\"position\":2,\"name\":\"Notre gouvernance\"}]},{\"@type\":\"WebSite\",\"@id\":\"https:\\\/\\\/ihedn.fr\\\/#website\",\"url\":\"https:\\\/\\\/ihedn.fr\\\/\",\"name\":\"IHEDN : Institut des hautes \u00e9tudes de d\u00e9fense nationale |\",\"description\":\"Site officiel de l&#039;IHEDN plac\u00e9 sous la tutelle du Premier ministre.\",\"publisher\":{\"@id\":\"https:\\\/\\\/ihedn.fr\\\/#organization\"},\"potentialAction\":[{\"@type\":\"SearchAction\",\"target\":{\"@type\":\"EntryPoint\",\"urlTemplate\":\"https:\\\/\\\/ihedn.fr\\\/?s={search_term_string}\"},\"query-input\":{\"@type\":\"PropertyValueSpecification\",\"valueRequired\":true,\"valueName\":\"search_term_string\"}}],\"inLanguage\":\"en-GB\"},{\"@type\":\"Organization\",\"@id\":\"https:\\\/\\\/ihedn.fr\\\/#organization\",\"name\":\"IHEDN - Institut des Hautes Etudes de D\u00e9fense Nationale\",\"url\":\"https:\\\/\\\/ihedn.fr\\\/\",\"logo\":{\"@type\":\"ImageObject\",\"inLanguage\":\"en-GB\",\"@id\":\"https:\\\/\\\/ihedn.fr\\\/#\\\/schema\\\/logo\\\/image\\\/\",\"url\":\"https:\\\/\\\/ihedn.fr\\\/wp-content\\\/uploads\\\/2020\\\/11\\\/BLOC_RF_IHEDN_WEB.png\",\"contentUrl\":\"https:\\\/\\\/ihedn.fr\\\/wp-content\\\/uploads\\\/2020\\\/11\\\/BLOC_RF_IHEDN_WEB.png\",\"width\":500,\"height\":237,\"caption\":\"IHEDN - Institut des Hautes Etudes de D\u00e9fense Nationale\"},\"image\":{\"@id\":\"https:\\\/\\\/ihedn.fr\\\/#\\\/schema\\\/logo\\\/image\\\/\"},\"sameAs\":[\"https:\\\/\\\/www.facebook.com\\\/ihedn\\\/\",\"https:\\\/\\\/x.com\\\/IHEDN\",\"https:\\\/\\\/www.instagram.com\\\/ihedn\\\/\",\"https:\\\/\\\/www.linkedin.com\\\/school\\\/ihedn\\\/\",\"https:\\\/\\\/fr.wikipedia.org\\\/wiki\\\/Institut_des_hautes_\u00e9tudes_de_D\u00e9fense_nationale\"]}]}<\/script>\n<!-- \/ Yoast SEO plugin. -->","yoast_head_json":{"title":"Our governance - IHEDN: Institut des hautes \u00e9tudes de d\u00e9fense nationale (Institute for Advanced National Defence Studies)","description":"Our governance - Director: Lieutenant General Beno\u00eet DURIEUX | General Beno\u00eet Durieux was admitted to the Saint-Cyr military academy in 1985, as part of the \"Cadets of Free France\" class. Initially posted to the 1er R\u00e9giment de Chasseurs Parachutistes as a platoon leader, he then had several postings within the Foreign Legion, to the 13e DBLE from 1991 to 1993 as a sniper platoon leader, then to the 2e REI, where he commanded the 3rd company from 1994 to 1996. With these units, he took part in operations in Djibouti in 1992-1993, Somalia in 1993 and Bosnia in 1995 and 1996. He was then head of the Operations and Training Office of the 13th DBLE in Djibouti from 2002 to 2004, and served as speechwriter to the Chief of the Defence Staff, General Thorette, from 2005 to 2006, and then to the Chief of the Defence Staff, General Georgelin, from 2006 to 2008. At the same time, he pursued a career in strategic thinking. A graduate of the Institut d'\u00c9tudes Politiques de Paris and Georgetown University, with a doctorate in history, he has published numerous books and articles on these subjects, on which he taught at the Institut d'\u00c9tudes Politiques de Paris. His operational career continued as commander of the 2nd Foreign Infantry Regiment in N\u00eemes from 2008 to 2010. Between June 2009 and January 2010, he served with this unit in Afghanistan, in the Surobi sector east of Kabul. After a year at the 60th session of CHEM and the 63rd session of IHEDN, he was deputy head of the defence minister's military cabinet between 2011 and 2014. From 2014 to 2016, he was Director of the Centre des Hautes \u00c9tudes Militaires, which prepares the future top leaders of the armed forces for their responsibilities. It was in this capacity that he was promoted to brigadier general on 1 January 2015. On 1 August 2016, he took command of the 6th Light Armoured Brigade in N\u00eemes and the N\u00eemes Orange Laudun defence base, before becoming head of the Prime Minister's military cabinet on 22 July 2017. He was promoted to the rank of Lieutenant General on 1 January 2019.","robots":{"index":"index","follow":"follow","max-snippet":"max-snippet:-1","max-image-preview":"max-image-preview:large","max-video-preview":"max-video-preview:-1"},"canonical":"https:\/\/ihedn.fr\/en\/gouvernance\/","og_locale":"en_GB","og_type":"article","og_title":"Notre gouvernance","og_description":"Directeur : G\u00e9n\u00e9ral de corps d\u2019arm\u00e9e Beno\u00eet DURIEUX | Le g\u00e9n\u00e9ral Beno\u00eet Durieux a \u00e9t\u00e9 admis \u00e0 l\u2019\u00e9cole militaire de Saint-Cyr en 1985, au sein de la promotion \u00ab Cadets de la France Libre \u00bb. D\u2019abord affect\u00e9 au 1er R\u00e9giment de chasseurs Parachutistes comme chef de section, il a ensuite eu plusieurs affectations au sein de la L\u00e9gion Etrang\u00e8re, \u00e0 la 13e DBLE de 1991 \u00e0 1993 comme chef de section tireurs d\u2019\u00e9lite, puis au 2e REI dont il a command\u00e9 la 3e compagnie de 1994 \u00e0 1996. Avec ces unit\u00e9s, il a pris part \u00e0 des op\u00e9rations \u00e0 Djibouti en 1992-1993, en Somalie en 1993, en Bosnie en 1995 et 1996. Il a ensuite \u00e9t\u00e9 chef du bureau Op\u00e9rations Instruction de la 13e DBLE \u00e0 Djibouti de 2002 \u00e0 2004.Il a servi comme r\u00e9dacteur de discours aupr\u00e8s du CEMAT, le g\u00e9n\u00e9ral Thorette, de 2005 \u00e0 2006 puis du chef d\u2019\u00e9tat-major des arm\u00e9es, le g\u00e9n\u00e9ral Georgelin, de 2006 \u00e0 2008. Il a parall\u00e8lement poursuivi une activit\u00e9 de r\u00e9flexion dans le domaine de la strat\u00e9gie. Dipl\u00f4m\u00e9 de l\u2019Institut d\u2019\u00c9tudes Politiques de Paris et de l\u2019universit\u00e9 am\u00e9ricaine de Georgetown, docteur en histoire, il a publi\u00e9 de nombreux livres et articles en lien avec ces sujets sur lesquels il a enseign\u00e9 \u00e0 l\u2019Institut d\u2019\u00c9tudes Politiques de Paris.Sa carri\u00e8re op\u00e9rationnelle s\u2019est poursuivie comme commandant du 2e R\u00e9giment \u00c9tranger d\u2019Infanterie \u00e0 N\u00eemes de 2008 \u00e0 2010. C\u2019est avec cette unit\u00e9 qu\u2019il a \u00e9t\u00e9 engag\u00e9 entre juin 2009 et janvier 2010 en Afghanistan, dans le secteur de Surobi, \u00e0 l\u2019est de Kaboul.Apr\u00e8s une ann\u00e9e au sein de la 60e session du CHEM et de la 63e session de l\u2019IHEDN, il a occup\u00e9 les fonctions d\u2019adjoint au chef du cabinet militaire du ministre de la d\u00e9fense entre 2011 et 2014. De 2014 \u00e0 2016, il a \u00e9t\u00e9 directeur du Centre des hautes \u00e9tudes militaires, qui pr\u00e9pare \u00e0 leurs responsabilit\u00e9s les futurs plus hauts dirigeants des arm\u00e9es. C\u2019est dans cette fonction qu\u2019il a \u00e9t\u00e9 promu g\u00e9n\u00e9ral de brigade le 1er janvier 2015. Le 1er ao\u00fbt 2016, il prend le commandement de la 6e Brigade l\u00e9g\u00e8re blind\u00e9e \u00e0 N\u00eemes et de la base de d\u00e9fense de N\u00eemes Orange Laudun puis, le 22 juillet 2017 il devient chef du cabinet militaire du Premier ministre. Il est promu au grade de g\u00e9n\u00e9ral de corps d\u2019arm\u00e9e le 1er janvier 2019.","og_url":"https:\/\/ihedn.fr\/en\/gouvernance\/","og_site_name":"L&#039;IHEDN : Institut des hautes \u00e9tudes de d\u00e9fense nationale","article_publisher":"https:\/\/www.facebook.com\/ihedn\/","article_modified_time":"2026-01-15T10:56:45+00:00","og_image":[{"width":281,"height":328,"url":"https:\/\/ihedn.fr\/wp-content\/uploads\/2021\/07\/Benoit-DURIEUX-directeur-de-IHEDN.jpg","type":"image\/jpeg"}],"twitter_card":"summary_large_image","twitter_title":"Notre gouvernance","twitter_description":"Directeur : G\u00e9n\u00e9ral de corps d\u2019arm\u00e9e Beno\u00eet DURIEUX | Le g\u00e9n\u00e9ral Beno\u00eet Durieux a \u00e9t\u00e9 admis \u00e0 l\u2019\u00e9cole militaire de Saint-Cyr en 1985, au sein de la promotion \u00ab Cadets de la France Libre \u00bb. D\u2019abord affect\u00e9 au 1er R\u00e9giment de chasseurs Parachutistes comme chef de section, il a ensuite eu plusieurs affectations au sein de la L\u00e9gion Etrang\u00e8re, \u00e0 la 13e DBLE de 1991 \u00e0 1993 comme chef de section tireurs d\u2019\u00e9lite, puis au 2e REI dont il a command\u00e9 la 3e compagnie de 1994 \u00e0 1996. Avec ces unit\u00e9s, il a pris part \u00e0 des op\u00e9rations \u00e0 Djibouti en 1992-1993, en Somalie en 1993, en Bosnie en 1995 et 1996. Il a ensuite \u00e9t\u00e9 chef du bureau Op\u00e9rations Instruction de la 13e DBLE \u00e0 Djibouti de 2002 \u00e0 2004.Il a servi comme r\u00e9dacteur de discours aupr\u00e8s du CEMAT, le g\u00e9n\u00e9ral Thorette, de 2005 \u00e0 2006 puis du chef d\u2019\u00e9tat-major des arm\u00e9es, le g\u00e9n\u00e9ral Georgelin, de 2006 \u00e0 2008. Il a parall\u00e8lement poursuivi une activit\u00e9 de r\u00e9flexion dans le domaine de la strat\u00e9gie. Dipl\u00f4m\u00e9 de l\u2019Institut d\u2019\u00c9tudes Politiques de Paris et de l\u2019universit\u00e9 am\u00e9ricaine de Georgetown, docteur en histoire, il a publi\u00e9 de nombreux livres et articles en lien avec ces sujets sur lesquels il a enseign\u00e9 \u00e0 l\u2019Institut d\u2019\u00c9tudes Politiques de Paris.Sa carri\u00e8re op\u00e9rationnelle s\u2019est poursuivie comme commandant du 2e R\u00e9giment \u00c9tranger d\u2019Infanterie \u00e0 N\u00eemes de 2008 \u00e0 2010. C\u2019est avec cette unit\u00e9 qu\u2019il a \u00e9t\u00e9 engag\u00e9 entre juin 2009 et janvier 2010 en Afghanistan, dans le secteur de Surobi, \u00e0 l\u2019est de Kaboul.Apr\u00e8s une ann\u00e9e au sein de la 60e session du CHEM et de la 63e session de l\u2019IHEDN, il a occup\u00e9 les fonctions d\u2019adjoint au chef du cabinet militaire du ministre de la d\u00e9fense entre 2011 et 2014. De 2014 \u00e0 2016, il a \u00e9t\u00e9 directeur du Centre des hautes \u00e9tudes militaires, qui pr\u00e9pare \u00e0 leurs responsabilit\u00e9s les futurs plus hauts dirigeants des arm\u00e9es. C\u2019est dans cette fonction qu\u2019il a \u00e9t\u00e9 promu g\u00e9n\u00e9ral de brigade le 1er janvier 2015. Le 1er ao\u00fbt 2016, il prend le commandement de la 6e Brigade l\u00e9g\u00e8re blind\u00e9e \u00e0 N\u00eemes et de la base de d\u00e9fense de N\u00eemes Orange Laudun puis, le 22 juillet 2017 il devient chef du cabinet militaire du Premier ministre. Il est promu au grade de g\u00e9n\u00e9ral de corps d\u2019arm\u00e9e le 1er janvier 2019.","twitter_image":"https:\/\/ihedn.fr\/wp-content\/uploads\/2021\/07\/Benoit-DURIEUX-directeur-de-IHEDN.jpg","twitter_site":"@IHEDN","twitter_misc":{"Estimated reading time":"14 minutes"},"schema":{"@context":"https:\/\/schema.org","@graph":[{"@type":"WebPage","@id":"https:\/\/ihedn.fr\/gouvernance\/","url":"https:\/\/ihedn.fr\/gouvernance\/","name":"Our governance - IHEDN: Institut des hautes \u00e9tudes de d\u00e9fense nationale (Institute for Advanced National Defence Studies)","isPartOf":{"@id":"https:\/\/ihedn.fr\/#website"},"primaryImageOfPage":{"@id":"https:\/\/ihedn.fr\/gouvernance\/#primaryimage"},"image":{"@id":"https:\/\/ihedn.fr\/gouvernance\/#primaryimage"},"thumbnailUrl":"https:\/\/ihedn.fr\/wp-content\/uploads\/2025\/09\/000_734V7ZC-1024x1536.jpg","datePublished":"2020-11-27T14:16:25+00:00","dateModified":"2026-01-15T10:56:45+00:00","description":"Our governance - Director: Lieutenant General Beno\u00eet DURIEUX | General Beno\u00eet Durieux was admitted to the Saint-Cyr military academy in 1985, as part of the \"Cadets of Free France\" class. Initially posted to the 1er R\u00e9giment de Chasseurs Parachutistes as a platoon leader, he then had several postings within the Foreign Legion, to the 13e DBLE from 1991 to 1993 as a sniper platoon leader, then to the 2e REI, where he commanded the 3rd company from 1994 to 1996. With these units, he took part in operations in Djibouti in 1992-1993, Somalia in 1993 and Bosnia in 1995 and 1996. He was then head of the Operations and Training Office of the 13th DBLE in Djibouti from 2002 to 2004, and served as speechwriter to the Chief of the Defence Staff, General Thorette, from 2005 to 2006, and then to the Chief of the Defence Staff, General Georgelin, from 2006 to 2008. At the same time, he pursued a career in strategic thinking. A graduate of the Institut d'\u00c9tudes Politiques de Paris and Georgetown University, with a doctorate in history, he has published numerous books and articles on these subjects, on which he taught at the Institut d'\u00c9tudes Politiques de Paris. His operational career continued as commander of the 2nd Foreign Infantry Regiment in N\u00eemes from 2008 to 2010. Between June 2009 and January 2010, he served with this unit in Afghanistan, in the Surobi sector east of Kabul. After a year at the 60th session of CHEM and the 63rd session of IHEDN, he was deputy head of the defence minister's military cabinet between 2011 and 2014. From 2014 to 2016, he was Director of the Centre des Hautes \u00c9tudes Militaires, which prepares the future top leaders of the armed forces for their responsibilities. It was in this capacity that he was promoted to brigadier general on 1 January 2015. On 1 August 2016, he took command of the 6th Light Armoured Brigade in N\u00eemes and the N\u00eemes Orange Laudun defence base, before becoming head of the Prime Minister's military cabinet on 22 July 2017. He was promoted to the rank of Lieutenant General on 1 January 2019.","breadcrumb":{"@id":"https:\/\/ihedn.fr\/gouvernance\/#breadcrumb"},"inLanguage":"en-GB","potentialAction":[{"@type":"ReadAction","target":["https:\/\/ihedn.fr\/gouvernance\/"]}]},{"@type":"ImageObject","inLanguage":"en-GB","@id":"https:\/\/ihedn.fr\/gouvernance\/#primaryimage","url":"https:\/\/ihedn.fr\/wp-content\/uploads\/2025\/09\/000_734V7ZC-1024x1536.jpg","contentUrl":"https:\/\/ihedn.fr\/wp-content\/uploads\/2025\/09\/000_734V7ZC-1024x1536.jpg"},{"@type":"BreadcrumbList","@id":"https:\/\/ihedn.fr\/gouvernance\/#breadcrumb","itemListElement":[{"@type":"ListItem","position":1,"name":"Accueil","item":"https:\/\/ihedn.fr\/"},{"@type":"ListItem","position":2,"name":"Notre gouvernance"}]},{"@type":"WebSite","@id":"https:\/\/ihedn.fr\/#website","url":"https:\/\/ihedn.fr\/","name":"IHEDN: Institut des hautes \u00e9tudes de d\u00e9fense nationale (Institute for Higher National Defence Studies)","description":"Official website of the IHEDN under the supervision of the Prime Minister.","publisher":{"@id":"https:\/\/ihedn.fr\/#organization"},"potentialAction":[{"@type":"SearchAction","target":{"@type":"EntryPoint","urlTemplate":"https:\/\/ihedn.fr\/?s={search_term_string}"},"query-input":{"@type":"PropertyValueSpecification","valueRequired":true,"valueName":"search_term_string"}}],"inLanguage":"en-GB"},{"@type":"Organization","@id":"https:\/\/ihedn.fr\/#organization","name":"IHEDN - Institute for Higher National Defence Studies","url":"https:\/\/ihedn.fr\/","logo":{"@type":"ImageObject","inLanguage":"en-GB","@id":"https:\/\/ihedn.fr\/#\/schema\/logo\/image\/","url":"https:\/\/ihedn.fr\/wp-content\/uploads\/2020\/11\/BLOC_RF_IHEDN_WEB.png","contentUrl":"https:\/\/ihedn.fr\/wp-content\/uploads\/2020\/11\/BLOC_RF_IHEDN_WEB.png","width":500,"height":237,"caption":"IHEDN - Institut des Hautes Etudes de D\u00e9fense Nationale"},"image":{"@id":"https:\/\/ihedn.fr\/#\/schema\/logo\/image\/"},"sameAs":["https:\/\/www.facebook.com\/ihedn\/","https:\/\/x.com\/IHEDN","https:\/\/www.instagram.com\/ihedn\/","https:\/\/www.linkedin.com\/school\/ihedn\/","https:\/\/fr.wikipedia.org\/wiki\/Institut_des_hautes_\u00e9tudes_de_D\u00e9fense_nationale"]}]}},"publishpress_future_action":{"enabled":false,"date":"2026-05-06 10:21:30","action":"change-status","newStatus":"draft","terms":[],"taxonomy":"","extraData":[]},"publishpress_future_workflow_manual_trigger":{"enabledWorkflows":[]},"_links":{"self":[{"href":"https:\/\/ihedn.fr\/en\/wp-json\/wp\/v2\/pages\/479","targetHints":{"allow":["GET"]}}],"collection":[{"href":"https:\/\/ihedn.fr\/en\/wp-json\/wp\/v2\/pages"}],"about":[{"href":"https:\/\/ihedn.fr\/en\/wp-json\/wp\/v2\/types\/page"}],"author":[{"embeddable":true,"href":"https:\/\/ihedn.fr\/en\/wp-json\/wp\/v2\/users\/1"}],"replies":[{"embeddable":true,"href":"https:\/\/ihedn.fr\/en\/wp-json\/wp\/v2\/comments?post=479"}],"version-history":[{"count":157,"href":"https:\/\/ihedn.fr\/en\/wp-json\/wp\/v2\/pages\/479\/revisions"}],"predecessor-version":[{"id":57945,"href":"https:\/\/ihedn.fr\/en\/wp-json\/wp\/v2\/pages\/479\/revisions\/57945"}],"wp:attachment":[{"href":"https:\/\/ihedn.fr\/en\/wp-json\/wp\/v2\/media?parent=479"}],"curies":[{"name":"wp","href":"https:\/\/api.w.org\/{rel}","templated":true}]}}