{"id":485,"date":"2020-11-27T16:17:51","date_gmt":"2020-11-27T14:17:51","guid":{"rendered":"https:\/\/ihedn.concilium.click\/?page_id=485"},"modified":"2021-01-14T15:58:09","modified_gmt":"2021-01-14T14:58:09","slug":"les-debats-de-lactu","status":"publish","type":"page","link":"https:\/\/ihedn.fr\/en\/conferences\/les-debats-de-lactu\/","title":{"rendered":"News debates"},"content":{"rendered":"<div data-elementor-type=\"wp-page\" data-elementor-id=\"485\" class=\"elementor elementor-485\" data-elementor-post-type=\"page\">\n\t\t\t\t\t\t<section data-particle_enable=\"false\" data-particle-mobile-disabled=\"false\" class=\"elementor-section elementor-top-section elementor-element elementor-element-a4e3f52 elementor-section-boxed elementor-section-height-default elementor-section-height-default\" data-id=\"a4e3f52\" data-element_type=\"section\" data-e-type=\"section\">\n\t\t\t\t\t\t<div class=\"elementor-container elementor-column-gap-default\">\n\t\t\t\t\t<div class=\"elementor-column elementor-col-100 elementor-top-column elementor-element elementor-element-db10051\" data-id=\"db10051\" data-element_type=\"column\" data-e-type=\"column\">\n\t\t\t<div class=\"elementor-widget-wrap elementor-element-populated\">\n\t\t\t\t\t\t<div class=\"elementor-element elementor-element-af39e5a elementor-widget elementor-widget-heading\" data-id=\"af39e5a\" data-element_type=\"widget\" data-e-type=\"widget\" data-widget_type=\"heading.default\">\n\t\t\t\t<div class=\"elementor-widget-container\">\n\t\t\t\t\t<h2 class=\"elementor-heading-title elementor-size-default\">Presentation<\/h2>\t\t\t\t<\/div>\n\t\t\t\t<\/div>\n\t\t\t\t<div class=\"elementor-element elementor-element-4f2ee67 elementor-hidden-tablet elementor-widget-divider--view-line elementor-invisible elementor-widget elementor-widget-divider\" data-id=\"4f2ee67\" data-element_type=\"widget\" data-e-type=\"widget\" data-settings=\"{&quot;_animation&quot;:&quot;fadeInUp&quot;,&quot;_animation_delay&quot;:100}\" data-widget_type=\"divider.default\">\n\t\t\t\t<div class=\"elementor-widget-container\">\n\t\t\t\t\t\t\t<div class=\"elementor-divider\">\n\t\t\t<span class=\"elementor-divider-separator\">\n\t\t\t\t\t\t<\/span>\n\t\t<\/div>\n\t\t\t\t\t\t<\/div>\n\t\t\t\t<\/div>\n\t\t\t\t<div class=\"elementor-element elementor-element-ce8d0a5 elementor-widget elementor-widget-text-editor\" data-id=\"ce8d0a5\" data-element_type=\"widget\" data-e-type=\"widget\" data-widget_type=\"text-editor.default\">\n\t\t\t\t<div class=\"elementor-widget-container\">\n\t\t\t\t\t\t\t\t\t<p>With the \"Debats de l'Actu\", the IHEDN offers original lecture-debates during the lunch break. Designed to encourage discussion, the \"D\u00e9bats de l'Actu\" bring together researchers, experts, journalists and members of civil society to shed light on the strategic and\/or political news of the previous weeks.<\/p>\t\t\t\t\t\t\t\t<\/div>\n\t\t\t\t<\/div>\n\t\t\t\t\t<\/div>\n\t\t<\/div>\n\t\t\t\t\t<\/div>\n\t\t<\/section>\n\t\t\t\t<section data-particle_enable=\"false\" data-particle-mobile-disabled=\"false\" class=\"elementor-section elementor-top-section elementor-element elementor-element-fdbd39d elementor-section-boxed elementor-section-height-default elementor-section-height-default\" data-id=\"fdbd39d\" data-element_type=\"section\" data-e-type=\"section\">\n\t\t\t\t\t\t<div class=\"elementor-container elementor-column-gap-default\">\n\t\t\t\t\t<div class=\"elementor-column elementor-col-100 elementor-top-column elementor-element elementor-element-67d1368\" data-id=\"67d1368\" data-element_type=\"column\" data-e-type=\"column\">\n\t\t\t<div class=\"elementor-widget-wrap elementor-element-populated\">\n\t\t\t\t\t\t<div class=\"elementor-element elementor-element-c2d2deb elementor-widget elementor-widget-heading\" data-id=\"c2d2deb\" data-element_type=\"widget\" data-e-type=\"widget\" data-widget_type=\"heading.default\">\n\t\t\t\t<div class=\"elementor-widget-container\">\n\t\t\t\t\t<h2 class=\"elementor-heading-title elementor-size-default\">next debate<\/h2>\t\t\t\t<\/div>\n\t\t\t\t<\/div>\n\t\t\t\t<div class=\"elementor-element elementor-element-73e6fba elementor-hidden-tablet elementor-widget-divider--view-line elementor-invisible elementor-widget elementor-widget-divider\" data-id=\"73e6fba\" data-element_type=\"widget\" data-e-type=\"widget\" data-settings=\"{&quot;_animation&quot;:&quot;fadeInUp&quot;,&quot;_animation_delay&quot;:100}\" data-widget_type=\"divider.default\">\n\t\t\t\t<div class=\"elementor-widget-container\">\n\t\t\t\t\t\t\t<div class=\"elementor-divider\">\n\t\t\t<span class=\"elementor-divider-separator\">\n\t\t\t\t\t\t<\/span>\n\t\t<\/div>\n\t\t\t\t\t\t<\/div>\n\t\t\t\t<\/div>\n\t\t\t\t<div class=\"elementor-element elementor-element-2824e04 elementor-grid-1 elementor-grid-tablet-2 elementor-grid-mobile-1 elementor-posts--thumbnail-top elementor-widget elementor-widget-posts\" data-id=\"2824e04\" data-element_type=\"widget\" data-e-type=\"widget\" data-settings=\"{&quot;classic_columns&quot;:&quot;1&quot;,&quot;classic_columns_tablet&quot;:&quot;2&quot;,&quot;classic_columns_mobile&quot;:&quot;1&quot;,&quot;classic_row_gap&quot;:{&quot;unit&quot;:&quot;px&quot;,&quot;size&quot;:35,&quot;sizes&quot;:[]},&quot;classic_row_gap_tablet&quot;:{&quot;unit&quot;:&quot;px&quot;,&quot;size&quot;:&quot;&quot;,&quot;sizes&quot;:[]},&quot;classic_row_gap_mobile&quot;:{&quot;unit&quot;:&quot;px&quot;,&quot;size&quot;:&quot;&quot;,&quot;sizes&quot;:[]}}\" data-widget_type=\"posts.classic\">\n\t\t\t\t<div class=\"elementor-widget-container\">\n\t\t\t\t\t\t\t<div class=\"elementor-posts-container elementor-posts elementor-posts--skin-classic elementor-grid\" role=\"list\">\n\t\t\t\t<article class=\"elementor-post elementor-grid-item post-59536 post type-post status-publish format-standard has-post-thumbnail hentry category-les-debats-strategiques category-prochain-debat tag-prochain-evenement tag-prochain-debat-strategique\" role=\"listitem\">\n\t\t\t\t<a class=\"elementor-post__thumbnail__link\" href=\"https:\/\/ihedn.fr\/en\/les-debats-strategiques\/teheran-washington-1979-2025-le-grand-satan-a-lepreuve-de-la-revolution-islamique\/\" tabindex=\"-1\" >\n\t\t\t<div class=\"elementor-post__thumbnail\"><img fetchpriority=\"high\" decoding=\"async\" width=\"1600\" height=\"900\" src=\"https:\/\/ihedn.fr\/wp-content\/uploads\/2026\/04\/Pensez-Strategique-XLinkedin.png\" class=\"attachment-full size-full wp-image-59675\" alt=\"\" srcset=\"https:\/\/ihedn.fr\/wp-content\/uploads\/2026\/04\/Pensez-Strategique-XLinkedin.png 1600w, https:\/\/ihedn.fr\/wp-content\/uploads\/2026\/04\/Pensez-Strategique-XLinkedin-1536x864.png 1536w, https:\/\/ihedn.fr\/wp-content\/uploads\/2026\/04\/Pensez-Strategique-XLinkedin-18x10.png 18w\" sizes=\"(max-width: 1600px) 100vw, 1600px\" \/><\/div>\n\t\t<\/a>\n\t\t\t\t<div class=\"elementor-post__text\">\n\t\t\t\t<h3 class=\"elementor-post__title\">\n\t\t\t<a href=\"https:\/\/ihedn.fr\/en\/les-debats-strategiques\/teheran-washington-1979-2025-le-grand-satan-a-lepreuve-de-la-revolution-islamique\/\" >\n\t\t\t\tTehran-Washington 1979-2025. The Great Satan put to the test by the Islamic Revolution\t\t\t<\/a>\n\t\t<\/h3>\n\t\t\t\t<div class=\"elementor-post__excerpt\">\n\t\t\t<p><span style=\"color: #c80a23;\"><strong> 18 May 2026 | 18:30 <\/strong><\/span> at the \u00c9cole militaire<\/p>\n\t\t<\/div>\n\t\t\n\t\t<a class=\"elementor-post__read-more\" href=\"https:\/\/ihedn.fr\/en\/les-debats-strategiques\/teheran-washington-1979-2025-le-grand-satan-a-lepreuve-de-la-revolution-islamique\/\" aria-label=\"Read more about Tehran-Washington 1979-2025. The Great Satan put to the test by the Islamic Revolution\" tabindex=\"-1\" >\n\t\t\tRead more \"\t\t<\/a>\n\n\t\t\t\t<\/div>\n\t\t\t\t<\/article>\n\t\t\t\t<\/div>\n\t\t\n\t\t\t\t\t\t<\/div>\n\t\t\t\t<\/div>\n\t\t\t\t\t<\/div>\n\t\t<\/div>\n\t\t\t\t\t<\/div>\n\t\t<\/section>\n\t\t\t\t<section data-particle_enable=\"false\" data-particle-mobile-disabled=\"false\" class=\"elementor-section elementor-top-section elementor-element elementor-element-41b8489 elementor-section-boxed elementor-section-height-default elementor-section-height-default\" data-id=\"41b8489\" data-element_type=\"section\" data-e-type=\"section\">\n\t\t\t\t\t\t<div class=\"elementor-container elementor-column-gap-default\">\n\t\t\t\t\t<div class=\"elementor-column elementor-col-100 elementor-top-column elementor-element elementor-element-9efb112\" data-id=\"9efb112\" data-element_type=\"column\" data-e-type=\"column\">\n\t\t\t<div class=\"elementor-widget-wrap elementor-element-populated\">\n\t\t\t\t\t\t<div class=\"elementor-element elementor-element-30150fd elementor-widget elementor-widget-heading\" data-id=\"30150fd\" data-element_type=\"widget\" data-e-type=\"widget\" data-widget_type=\"heading.default\">\n\t\t\t\t<div class=\"elementor-widget-container\">\n\t\t\t\t\t<h2 class=\"elementor-heading-title elementor-size-default\">previous debates<\/h2>\t\t\t\t<\/div>\n\t\t\t\t<\/div>\n\t\t\t\t<div class=\"elementor-element elementor-element-5091bdf elementor-hidden-tablet elementor-widget-divider--view-line elementor-invisible elementor-widget elementor-widget-divider\" data-id=\"5091bdf\" data-element_type=\"widget\" data-e-type=\"widget\" data-settings=\"{&quot;_animation&quot;:&quot;fadeInUp&quot;,&quot;_animation_delay&quot;:100}\" data-widget_type=\"divider.default\">\n\t\t\t\t<div class=\"elementor-widget-container\">\n\t\t\t\t\t\t\t<div class=\"elementor-divider\">\n\t\t\t<span class=\"elementor-divider-separator\">\n\t\t\t\t\t\t<\/span>\n\t\t<\/div>\n\t\t\t\t\t\t<\/div>\n\t\t\t\t<\/div>\n\t\t\t\t<div class=\"elementor-element elementor-element-cc2e655 elementor-grid-1 elementor-posts--thumbnail-left elementor-grid-tablet-2 elementor-grid-mobile-1 elementor-widget elementor-widget-posts\" data-id=\"cc2e655\" data-element_type=\"widget\" data-e-type=\"widget\" data-settings=\"{&quot;classic_columns&quot;:&quot;1&quot;,&quot;classic_columns_tablet&quot;:&quot;2&quot;,&quot;classic_columns_mobile&quot;:&quot;1&quot;,&quot;classic_row_gap&quot;:{&quot;unit&quot;:&quot;px&quot;,&quot;size&quot;:35,&quot;sizes&quot;:[]},&quot;classic_row_gap_tablet&quot;:{&quot;unit&quot;:&quot;px&quot;,&quot;size&quot;:&quot;&quot;,&quot;sizes&quot;:[]},&quot;classic_row_gap_mobile&quot;:{&quot;unit&quot;:&quot;px&quot;,&quot;size&quot;:&quot;&quot;,&quot;sizes&quot;:[]}}\" data-widget_type=\"posts.classic\">\n\t\t\t\t<div class=\"elementor-widget-container\">\n\t\t\t\t\t\t\t<div class=\"elementor-posts-container elementor-posts elementor-posts--skin-classic elementor-grid\" role=\"list\">\n\t\t\t\t<article class=\"elementor-post elementor-grid-item post-58638 post type-post status-publish format-standard has-post-thumbnail hentry category-les-debats-strategiques category-precedents-debats tag-ancien-debat-strategique\" role=\"listitem\">\n\t\t\t\t<a class=\"elementor-post__thumbnail__link\" href=\"https:\/\/ihedn.fr\/en\/les-debats-strategiques\/precedents-debats\/retablir-le-service-militaire-le-grand-malentendu\/\" tabindex=\"-1\" >\n\t\t\t<div class=\"elementor-post__thumbnail\"><img decoding=\"async\" width=\"1920\" height=\"1080\" src=\"https:\/\/ihedn.fr\/wp-content\/uploads\/2026\/03\/debat-strategique-avril-2026.jpg\" class=\"attachment-full size-full wp-image-58637\" alt=\"D\u00e9bat strat\u00e9gique de l&#039;IHEDN le 13 avril 2026\" srcset=\"https:\/\/ihedn.fr\/wp-content\/uploads\/2026\/03\/debat-strategique-avril-2026.jpg 1920w, https:\/\/ihedn.fr\/wp-content\/uploads\/2026\/03\/debat-strategique-avril-2026-1536x864.jpg 1536w, https:\/\/ihedn.fr\/wp-content\/uploads\/2026\/03\/debat-strategique-avril-2026-18x10.jpg 18w\" sizes=\"(max-width: 1920px) 100vw, 1920px\" \/><\/div>\n\t\t<\/a>\n\t\t\t\t<div class=\"elementor-post__text\">\n\t\t\t\t<h3 class=\"elementor-post__title\">\n\t\t\t<a href=\"https:\/\/ihedn.fr\/en\/les-debats-strategiques\/precedents-debats\/retablir-le-service-militaire-le-grand-malentendu\/\" >\n\t\t\t\tReinstating military service: the great misunderstanding\t\t\t<\/a>\n\t\t<\/h3>\n\t\t\t\t<div class=\"elementor-post__excerpt\">\n\t\t\t<p><span style=\"color: #c80a23;\"><strong> 13 April 2026 | 18h00 <\/strong><\/span> at the \u00c9cole militaire<\/p>\n\t\t<\/div>\n\t\t\n\t\t<a class=\"elementor-post__read-more\" href=\"https:\/\/ihedn.fr\/en\/les-debats-strategiques\/precedents-debats\/retablir-le-service-militaire-le-grand-malentendu\/\" aria-label=\"Read more about Reinstating military service: the great misunderstanding\" tabindex=\"-1\" >\n\t\t\tRead more \"\t\t<\/a>\n\n\t\t\t\t<\/div>\n\t\t\t\t<\/article>\n\t\t\t\t<\/div>\n\t\t\n\t\t\t\t\t\t<\/div>\n\t\t\t\t<\/div>\n\t\t\t\t\t<\/div>\n\t\t<\/div>\n\t\t\t\t\t<\/div>\n\t\t<\/section>\n\t\t\t\t<\/div>","protected":false},"excerpt":{"rendered":"<p>Presentation With the \"Debats de l'Actu\", the IHEDN offers original lecture-debates during the lunch break. Designed to encourage discussion, the \"Debats de l'Actu\" bring together researchers, experts, journalists and members of civil society to shed light on the strategic and\/or political news of the previous weeks. next debate previous debates<\/p>","protected":false},"author":1,"featured_media":0,"parent":467,"menu_order":0,"comment_status":"closed","ping_status":"closed","template":"","meta":{"footnotes":""},"class_list":["post-485","page","type-page","status-publish","hentry"],"yoast_head":"<!-- This site is optimized with the Yoast SEO plugin v27.5 - https:\/\/yoast.com\/product\/yoast-seo-wordpress\/ -->\n<title>Les d\u00e9bats de l&#039;actu - L&#039;IHEDN : Institut des hautes \u00e9tudes de d\u00e9fense nationale<\/title>\n<meta name=\"robots\" content=\"index, follow, max-snippet:-1, max-image-preview:large, max-video-preview:-1\" \/>\n<link rel=\"canonical\" href=\"https:\/\/ihedn.fr\/en\/conferences\/les-debats-de-lactu\/\" \/>\n<meta property=\"og:locale\" content=\"en_GB\" \/>\n<meta property=\"og:type\" content=\"article\" \/>\n<meta property=\"og:title\" content=\"Les d\u00e9bats de l&#039;actu - L&#039;IHEDN : Institut des hautes \u00e9tudes de d\u00e9fense nationale\" \/>\n<meta property=\"og:description\" content=\"Pr\u00e9sentation Avec les \u00ab D\u00e9bats de l\u2019Actu \u00bb l\u2019IHEDN propose des conf\u00e9rences-d\u00e9bats originales, sur la pause m\u00e9ridienne. Con\u00e7us pour favoriser les \u00e9changes, \u00ab les D\u00e9bats de l\u2019Actu \u00bb re\u00e7oivent des chercheurs, experts, journalistes, membres de la soci\u00e9t\u00e9 civile afin d\u2019\u00e9clairer l\u2019actualit\u00e9 strat\u00e9gique et\/ou politique des semaines pr\u00e9c\u00e9dentes. prochain d\u00e9bat pr\u00e9cedents d\u00e9bats\" \/>\n<meta property=\"og:url\" content=\"https:\/\/ihedn.fr\/en\/conferences\/les-debats-de-lactu\/\" \/>\n<meta property=\"og:site_name\" content=\"L&#039;IHEDN : Institut des hautes \u00e9tudes de d\u00e9fense nationale\" \/>\n<meta property=\"article:publisher\" content=\"https:\/\/www.facebook.com\/ihedn\/\" \/>\n<meta property=\"article:modified_time\" content=\"2021-01-14T14:58:09+00:00\" \/>\n<meta name=\"twitter:card\" content=\"summary_large_image\" \/>\n<meta name=\"twitter:site\" content=\"@IHEDN\" \/>\n<script type=\"application\/ld+json\" class=\"yoast-schema-graph\">{\"@context\":\"https:\\\/\\\/schema.org\",\"@graph\":[{\"@type\":\"WebPage\",\"@id\":\"https:\\\/\\\/ihedn.fr\\\/conferences\\\/les-debats-de-lactu\\\/\",\"url\":\"https:\\\/\\\/ihedn.fr\\\/conferences\\\/les-debats-de-lactu\\\/\",\"name\":\"Les d\u00e9bats de l'actu - L&#039;IHEDN : Institut des hautes \u00e9tudes de d\u00e9fense nationale\",\"isPartOf\":{\"@id\":\"https:\\\/\\\/ihedn.fr\\\/#website\"},\"datePublished\":\"2020-11-27T14:17:51+00:00\",\"dateModified\":\"2021-01-14T14:58:09+00:00\",\"breadcrumb\":{\"@id\":\"https:\\\/\\\/ihedn.fr\\\/conferences\\\/les-debats-de-lactu\\\/#breadcrumb\"},\"inLanguage\":\"en-GB\",\"potentialAction\":[{\"@type\":\"ReadAction\",\"target\":[\"https:\\\/\\\/ihedn.fr\\\/conferences\\\/les-debats-de-lactu\\\/\"]}]},{\"@type\":\"BreadcrumbList\",\"@id\":\"https:\\\/\\\/ihedn.fr\\\/conferences\\\/les-debats-de-lactu\\\/#breadcrumb\",\"itemListElement\":[{\"@type\":\"ListItem\",\"position\":1,\"name\":\"Accueil\",\"item\":\"https:\\\/\\\/ihedn.fr\\\/\"},{\"@type\":\"ListItem\",\"position\":2,\"name\":\"Conf\u00e9rences\",\"item\":\"https:\\\/\\\/ihedn.fr\\\/conferences\\\/\"},{\"@type\":\"ListItem\",\"position\":3,\"name\":\"Les d\u00e9bats de l&rsquo;actu\"}]},{\"@type\":\"WebSite\",\"@id\":\"https:\\\/\\\/ihedn.fr\\\/#website\",\"url\":\"https:\\\/\\\/ihedn.fr\\\/\",\"name\":\"IHEDN : Institut des hautes \u00e9tudes de d\u00e9fense nationale |\",\"description\":\"Site officiel de l&#039;IHEDN plac\u00e9 sous la tutelle du Premier ministre.\",\"publisher\":{\"@id\":\"https:\\\/\\\/ihedn.fr\\\/#organization\"},\"potentialAction\":[{\"@type\":\"SearchAction\",\"target\":{\"@type\":\"EntryPoint\",\"urlTemplate\":\"https:\\\/\\\/ihedn.fr\\\/?s={search_term_string}\"},\"query-input\":{\"@type\":\"PropertyValueSpecification\",\"valueRequired\":true,\"valueName\":\"search_term_string\"}}],\"inLanguage\":\"en-GB\"},{\"@type\":\"Organization\",\"@id\":\"https:\\\/\\\/ihedn.fr\\\/#organization\",\"name\":\"IHEDN - Institut des Hautes Etudes de D\u00e9fense Nationale\",\"url\":\"https:\\\/\\\/ihedn.fr\\\/\",\"logo\":{\"@type\":\"ImageObject\",\"inLanguage\":\"en-GB\",\"@id\":\"https:\\\/\\\/ihedn.fr\\\/#\\\/schema\\\/logo\\\/image\\\/\",\"url\":\"https:\\\/\\\/ihedn.fr\\\/wp-content\\\/uploads\\\/2020\\\/11\\\/BLOC_RF_IHEDN_WEB.png\",\"contentUrl\":\"https:\\\/\\\/ihedn.fr\\\/wp-content\\\/uploads\\\/2020\\\/11\\\/BLOC_RF_IHEDN_WEB.png\",\"width\":500,\"height\":237,\"caption\":\"IHEDN - Institut des Hautes Etudes de D\u00e9fense Nationale\"},\"image\":{\"@id\":\"https:\\\/\\\/ihedn.fr\\\/#\\\/schema\\\/logo\\\/image\\\/\"},\"sameAs\":[\"https:\\\/\\\/www.facebook.com\\\/ihedn\\\/\",\"https:\\\/\\\/x.com\\\/IHEDN\",\"https:\\\/\\\/www.instagram.com\\\/ihedn\\\/\",\"https:\\\/\\\/www.linkedin.com\\\/school\\\/ihedn\\\/\",\"https:\\\/\\\/fr.wikipedia.org\\\/wiki\\\/Institut_des_hautes_\u00e9tudes_de_D\u00e9fense_nationale\"]}]}<\/script>\n<!-- \/ Yoast SEO plugin. -->","yoast_head_json":{"title":"News debates - IHEDN: Institut des hautes \u00e9tudes de d\u00e9fense nationale (Institute for Advanced National Defence Studies)","robots":{"index":"index","follow":"follow","max-snippet":"max-snippet:-1","max-image-preview":"max-image-preview:large","max-video-preview":"max-video-preview:-1"},"canonical":"https:\/\/ihedn.fr\/en\/conferences\/les-debats-de-lactu\/","og_locale":"en_GB","og_type":"article","og_title":"Les d\u00e9bats de l'actu - L&#039;IHEDN : Institut des hautes \u00e9tudes de d\u00e9fense nationale","og_description":"Pr\u00e9sentation Avec les \u00ab D\u00e9bats de l\u2019Actu \u00bb l\u2019IHEDN propose des conf\u00e9rences-d\u00e9bats originales, sur la pause m\u00e9ridienne. Con\u00e7us pour favoriser les \u00e9changes, \u00ab les D\u00e9bats de l\u2019Actu \u00bb re\u00e7oivent des chercheurs, experts, journalistes, membres de la soci\u00e9t\u00e9 civile afin d\u2019\u00e9clairer l\u2019actualit\u00e9 strat\u00e9gique et\/ou politique des semaines pr\u00e9c\u00e9dentes. prochain d\u00e9bat pr\u00e9cedents d\u00e9bats","og_url":"https:\/\/ihedn.fr\/en\/conferences\/les-debats-de-lactu\/","og_site_name":"L&#039;IHEDN : Institut des hautes \u00e9tudes de d\u00e9fense nationale","article_publisher":"https:\/\/www.facebook.com\/ihedn\/","article_modified_time":"2021-01-14T14:58:09+00:00","twitter_card":"summary_large_image","twitter_site":"@IHEDN","schema":{"@context":"https:\/\/schema.org","@graph":[{"@type":"WebPage","@id":"https:\/\/ihedn.fr\/conferences\/les-debats-de-lactu\/","url":"https:\/\/ihedn.fr\/conferences\/les-debats-de-lactu\/","name":"News debates - IHEDN: Institut des hautes \u00e9tudes de d\u00e9fense nationale (Institute for Advanced National Defence Studies)","isPartOf":{"@id":"https:\/\/ihedn.fr\/#website"},"datePublished":"2020-11-27T14:17:51+00:00","dateModified":"2021-01-14T14:58:09+00:00","breadcrumb":{"@id":"https:\/\/ihedn.fr\/conferences\/les-debats-de-lactu\/#breadcrumb"},"inLanguage":"en-GB","potentialAction":[{"@type":"ReadAction","target":["https:\/\/ihedn.fr\/conferences\/les-debats-de-lactu\/"]}]},{"@type":"BreadcrumbList","@id":"https:\/\/ihedn.fr\/conferences\/les-debats-de-lactu\/#breadcrumb","itemListElement":[{"@type":"ListItem","position":1,"name":"Accueil","item":"https:\/\/ihedn.fr\/"},{"@type":"ListItem","position":2,"name":"Conf\u00e9rences","item":"https:\/\/ihedn.fr\/conferences\/"},{"@type":"ListItem","position":3,"name":"Les d\u00e9bats de l&rsquo;actu"}]},{"@type":"WebSite","@id":"https:\/\/ihedn.fr\/#website","url":"https:\/\/ihedn.fr\/","name":"IHEDN: Institut des hautes \u00e9tudes de d\u00e9fense nationale (Institute for Higher National Defence Studies)","description":"Official website of the IHEDN under the supervision of the Prime Minister.","publisher":{"@id":"https:\/\/ihedn.fr\/#organization"},"potentialAction":[{"@type":"SearchAction","target":{"@type":"EntryPoint","urlTemplate":"https:\/\/ihedn.fr\/?s={search_term_string}"},"query-input":{"@type":"PropertyValueSpecification","valueRequired":true,"valueName":"search_term_string"}}],"inLanguage":"en-GB"},{"@type":"Organization","@id":"https:\/\/ihedn.fr\/#organization","name":"IHEDN - Institute for Higher National Defence Studies","url":"https:\/\/ihedn.fr\/","logo":{"@type":"ImageObject","inLanguage":"en-GB","@id":"https:\/\/ihedn.fr\/#\/schema\/logo\/image\/","url":"https:\/\/ihedn.fr\/wp-content\/uploads\/2020\/11\/BLOC_RF_IHEDN_WEB.png","contentUrl":"https:\/\/ihedn.fr\/wp-content\/uploads\/2020\/11\/BLOC_RF_IHEDN_WEB.png","width":500,"height":237,"caption":"IHEDN - Institut des Hautes Etudes de D\u00e9fense Nationale"},"image":{"@id":"https:\/\/ihedn.fr\/#\/schema\/logo\/image\/"},"sameAs":["https:\/\/www.facebook.com\/ihedn\/","https:\/\/x.com\/IHEDN","https:\/\/www.instagram.com\/ihedn\/","https:\/\/www.linkedin.com\/school\/ihedn\/","https:\/\/fr.wikipedia.org\/wiki\/Institut_des_hautes_\u00e9tudes_de_D\u00e9fense_nationale"]}]}},"publishpress_future_action":{"enabled":false,"date":"2026-05-07 15:50:10","action":"change-status","newStatus":"draft","terms":[],"taxonomy":"","extraData":[]},"publishpress_future_workflow_manual_trigger":{"enabledWorkflows":[]},"_links":{"self":[{"href":"https:\/\/ihedn.fr\/en\/wp-json\/wp\/v2\/pages\/485","targetHints":{"allow":["GET"]}}],"collection":[{"href":"https:\/\/ihedn.fr\/en\/wp-json\/wp\/v2\/pages"}],"about":[{"href":"https:\/\/ihedn.fr\/en\/wp-json\/wp\/v2\/types\/page"}],"author":[{"embeddable":true,"href":"https:\/\/ihedn.fr\/en\/wp-json\/wp\/v2\/users\/1"}],"replies":[{"embeddable":true,"href":"https:\/\/ihedn.fr\/en\/wp-json\/wp\/v2\/comments?post=485"}],"version-history":[{"count":5,"href":"https:\/\/ihedn.fr\/en\/wp-json\/wp\/v2\/pages\/485\/revisions"}],"predecessor-version":[{"id":6088,"href":"https:\/\/ihedn.fr\/en\/wp-json\/wp\/v2\/pages\/485\/revisions\/6088"}],"up":[{"embeddable":true,"href":"https:\/\/ihedn.fr\/en\/wp-json\/wp\/v2\/pages\/467"}],"wp:attachment":[{"href":"https:\/\/ihedn.fr\/en\/wp-json\/wp\/v2\/media?parent=485"}],"curies":[{"name":"wp","href":"https:\/\/api.w.org\/{rel}","templated":true}]}}