{"id":487,"date":"2020-11-27T16:18:16","date_gmt":"2020-11-27T14:18:16","guid":{"rendered":"https:\/\/ihedn.concilium.click\/?page_id=487"},"modified":"2021-10-12T12:32:53","modified_gmt":"2021-10-12T11:32:53","slug":"rediffusion","status":"publish","type":"page","link":"https:\/\/ihedn.fr\/en\/conferences\/rediffusion\/","title":{"rendered":"Rerun"},"content":{"rendered":"<div data-elementor-type=\"wp-page\" data-elementor-id=\"487\" class=\"elementor elementor-487\" data-elementor-post-type=\"page\">\n\t\t\t\t\t\t<section data-particle_enable=\"false\" data-particle-mobile-disabled=\"false\" class=\"elementor-section elementor-top-section elementor-element elementor-element-1973e28 elementor-section-boxed elementor-section-height-default elementor-section-height-default\" data-id=\"1973e28\" data-element_type=\"section\" data-e-type=\"section\">\n\t\t\t\t\t\t<div class=\"elementor-container elementor-column-gap-default\">\n\t\t\t\t\t<div class=\"elementor-column elementor-col-100 elementor-top-column elementor-element elementor-element-c48f61c\" data-id=\"c48f61c\" data-element_type=\"column\" data-e-type=\"column\">\n\t\t\t<div class=\"elementor-widget-wrap elementor-element-populated\">\n\t\t\t\t\t\t<div class=\"elementor-element elementor-element-03bb37b elementor-widget elementor-widget-heading\" data-id=\"03bb37b\" data-element_type=\"widget\" data-e-type=\"widget\" data-widget_type=\"heading.default\">\n\t\t\t\t<div class=\"elementor-widget-container\">\n\t\t\t\t\t<h2 class=\"elementor-heading-title elementor-size-default\">Presentation<\/h2>\t\t\t\t<\/div>\n\t\t\t\t<\/div>\n\t\t\t\t<div class=\"elementor-element elementor-element-1ab655b elementor-hidden-tablet elementor-widget-divider--view-line elementor-invisible elementor-widget elementor-widget-divider\" data-id=\"1ab655b\" data-element_type=\"widget\" data-e-type=\"widget\" data-settings=\"{&quot;_animation&quot;:&quot;fadeInUp&quot;,&quot;_animation_delay&quot;:100}\" data-widget_type=\"divider.default\">\n\t\t\t\t<div class=\"elementor-widget-container\">\n\t\t\t\t\t\t\t<div class=\"elementor-divider\">\n\t\t\t<span class=\"elementor-divider-separator\">\n\t\t\t\t\t\t<\/span>\n\t\t<\/div>\n\t\t\t\t\t\t<\/div>\n\t\t\t\t<\/div>\n\t\t\t\t<div class=\"elementor-element elementor-element-57d2cd1 elementor-widget elementor-widget-text-editor\" data-id=\"57d2cd1\" data-element_type=\"widget\" data-e-type=\"widget\" data-widget_type=\"text-editor.default\">\n\t\t\t\t<div class=\"elementor-widget-container\">\n\t\t\t\t\t\t\t\t\t<p>The IHEDN does not intend to approve or disapprove of opinions expressed at conferences.<\/p>\t\t\t\t\t\t\t\t<\/div>\n\t\t\t\t<\/div>\n\t\t\t\t<div class=\"elementor-element elementor-element-4f787ad elementor-search-form--skin-classic elementor-search-form--button-type-icon elementor-search-form--icon-search elementor-widget elementor-widget-search-form\" data-id=\"4f787ad\" data-element_type=\"widget\" data-e-type=\"widget\" data-settings=\"{&quot;skin&quot;:&quot;classic&quot;}\" data-widget_type=\"search-form.default\">\n\t\t\t\t<div class=\"elementor-widget-container\">\n\t\t\t\t\t\t\t<search role=\"search\">\n\t\t\t<form class=\"elementor-search-form\" action=\"https:\/\/ihedn.fr\/en\/\" method=\"get\" data-trp-original-action=\"https:\/\/ihedn.fr\/en\">\n\t\t\t\t\t\t\t\t\t\t\t\t<div class=\"elementor-search-form__container\">\n\t\t\t\t\t<label class=\"elementor-screen-only\" for=\"elementor-search-form-4f787ad\">Search<\/label>\n\n\t\t\t\t\t\n\t\t\t\t\t<input id=\"elementor-search-form-4f787ad\" placeholder=\"Search for ...\" class=\"elementor-search-form__input\" type=\"search\" name=\"s\" value=\"\">\n\t\t\t\t\t\n\t\t\t\t\t\t\t\t\t\t\t<button class=\"elementor-search-form__submit\" type=\"submit\" aria-label=\"Search\">\n\t\t\t\t\t\t\t\t\t\t\t\t\t\t\t<div class=\"e-font-icon-svg-container\"><svg class=\"fa fa-search e-font-icon-svg e-fas-search\" viewbox=\"0 0 512 512\" xmlns=\"http:\/\/www.w3.org\/2000\/svg\"><path d=\"M505 442.7L405.3 343c-4.5-4.5-10.6-7-17-7H372c27.6-35.3 44-79.7 44-128C416 93.1 322.9 0 208 0S0 93.1 0 208s93.1 208 208 208c48.3 0 92.7-16.4 128-44v16.3c0 6.4 2.5 12.5 7 17l99.7 99.7c9.4 9.4 24.6 9.4 33.9 0l28.3-28.3c9.4-9.4 9.4-24.6.1-34zM208 336c-70.7 0-128-57.2-128-128 0-70.7 57.2-128 128-128 70.7 0 128 57.2 128 128 0 70.7-57.2 128-128 128z\"><\/path><\/svg><\/div>\t\t\t\t\t\t\t\t\t\t\t\t\t<\/button>\n\t\t\t\t\t\n\t\t\t\t\t\t\t\t\t<\/div>\n\t\t\t<input type=\"hidden\" name=\"trp-form-language\" value=\"en\"\/><\/form>\n\t\t<\/search>\n\t\t\t\t\t\t<\/div>\n\t\t\t\t<\/div>\n\t\t\t\t\t<\/div>\n\t\t<\/div>\n\t\t\t\t\t<\/div>\n\t\t<\/section>\n\t\t\t\t<section data-particle_enable=\"false\" data-particle-mobile-disabled=\"false\" class=\"elementor-section elementor-top-section elementor-element elementor-element-37fba67 elementor-section-boxed elementor-section-height-default elementor-section-height-default\" data-id=\"37fba67\" data-element_type=\"section\" data-e-type=\"section\">\n\t\t\t\t\t\t<div class=\"elementor-container elementor-column-gap-default\">\n\t\t\t\t\t<div class=\"elementor-column elementor-col-100 elementor-top-column elementor-element elementor-element-f1b9301\" data-id=\"f1b9301\" data-element_type=\"column\" data-e-type=\"column\">\n\t\t\t<div class=\"elementor-widget-wrap elementor-element-populated\">\n\t\t\t\t\t\t<div class=\"elementor-element elementor-element-9668abd elementor-grid-1 elementor-posts--thumbnail-left elementor-hidden-tablet elementor-hidden-phone elementor-posts--align-left elementor-grid-tablet-2 elementor-grid-mobile-1 elementor-widget elementor-widget-posts\" data-id=\"9668abd\" data-element_type=\"widget\" data-e-type=\"widget\" data-settings=\"{&quot;classic_columns&quot;:&quot;1&quot;,&quot;pagination_type&quot;:&quot;numbers_and_prev_next&quot;,&quot;classic_columns_tablet&quot;:&quot;2&quot;,&quot;classic_columns_mobile&quot;:&quot;1&quot;,&quot;classic_row_gap&quot;:{&quot;unit&quot;:&quot;px&quot;,&quot;size&quot;:35,&quot;sizes&quot;:[]},&quot;classic_row_gap_tablet&quot;:{&quot;unit&quot;:&quot;px&quot;,&quot;size&quot;:&quot;&quot;,&quot;sizes&quot;:[]},&quot;classic_row_gap_mobile&quot;:{&quot;unit&quot;:&quot;px&quot;,&quot;size&quot;:&quot;&quot;,&quot;sizes&quot;:[]}}\" data-widget_type=\"posts.classic\">\n\t\t\t\t<div class=\"elementor-widget-container\">\n\t\t\t\t\t\t\t<div class=\"elementor-posts-container elementor-posts elementor-posts--skin-classic elementor-grid\" role=\"list\">\n\t\t\t\t<article class=\"elementor-post elementor-grid-item post-57286 post type-post status-publish format-standard has-post-thumbnail hentry category-lundis-de-lihedn-mediatheque category-notre-selection\" role=\"listitem\">\n\t\t\t\t<a class=\"elementor-post__thumbnail__link\" href=\"https:\/\/ihedn.fr\/en\/mediatheque\/lundis-de-lihedn-mediatheque\/le-service-militaire-contribution-de-la-societe-a-la-defense-nationale\/\" tabindex=\"-1\" >\n\t\t\t<div class=\"elementor-post__thumbnail\"><img fetchpriority=\"high\" decoding=\"async\" width=\"1920\" height=\"1080\" src=\"https:\/\/ihedn.fr\/wp-content\/uploads\/2025\/12\/BANDEAU_LIH_SVM.jpg\" class=\"attachment-full size-full wp-image-57289\" alt=\"Lundi de l&#039;IHEDN : Le service militaire, \u00ab contribution de la soci\u00e9t\u00e9 \u00e0 la d\u00e9fense nationale \u00bb\" srcset=\"https:\/\/ihedn.fr\/wp-content\/uploads\/2025\/12\/BANDEAU_LIH_SVM.jpg 1920w, https:\/\/ihedn.fr\/wp-content\/uploads\/2025\/12\/BANDEAU_LIH_SVM-1536x864.jpg 1536w, https:\/\/ihedn.fr\/wp-content\/uploads\/2025\/12\/BANDEAU_LIH_SVM-18x10.jpg 18w\" sizes=\"(max-width: 1920px) 100vw, 1920px\" \/><\/div>\n\t\t<\/a>\n\t\t\t\t<div class=\"elementor-post__text\">\n\t\t\t\t<h5 class=\"elementor-post__title\">\n\t\t\t<a href=\"https:\/\/ihedn.fr\/en\/mediatheque\/lundis-de-lihedn-mediatheque\/le-service-militaire-contribution-de-la-societe-a-la-defense-nationale\/\" >\n\t\t\t\tMilitary service, \u00absociety's contribution to national defence\u00bb\t\t\t<\/a>\n\t\t<\/h5>\n\t\t\t\t<div class=\"elementor-post__meta-data\">\n\t\t\t\t\t<span class=\"elementor-post-date\">\n\t\t\t5 December 2025\t\t<\/span>\n\t\t\t\t<\/div>\n\t\t\t\t<div class=\"elementor-post__excerpt\">\n\t\t\t<p>In Europe, national service is implemented in very different ways depending on the country. Researchers \u017divil\u0117 Kalibatait\u0117 and Toms Rostoks take a closer look at the arrangements in place in two countries that have reintroduced conscription: Lithuania in 2015 and Latvia in 2024.<\/p>\n\t\t<\/div>\n\t\t\n\t\t<a class=\"elementor-post__read-more\" href=\"https:\/\/ihedn.fr\/en\/mediatheque\/lundis-de-lihedn-mediatheque\/le-service-militaire-contribution-de-la-societe-a-la-defense-nationale\/\" aria-label=\"Read more about Military service, \u00absociety&#039;s contribution to national defence\u00bb\" tabindex=\"-1\" >\n\t\t\twatch \u25ba\t\t<\/a>\n\n\t\t\t\t<\/div>\n\t\t\t\t<\/article>\n\t\t\t\t<article class=\"elementor-post elementor-grid-item post-20706 post type-post status-publish format-standard has-post-thumbnail hentry category-lundis-de-lihedn-mediatheque category-lundis-de-lihedn category-mediatheque category-precedents-conferences\" role=\"listitem\">\n\t\t\t\t<a class=\"elementor-post__thumbnail__link\" href=\"https:\/\/ihedn.fr\/en\/lundis-de-lihedn\/les-armes-de-la-desinformation\/\" tabindex=\"-1\" >\n\t\t\t<div class=\"elementor-post__thumbnail\"><img decoding=\"async\" width=\"2560\" height=\"1311\" src=\"https:\/\/ihedn.fr\/wp-content\/uploads\/2022\/03\/AVRIL_2022_BANDEAU_1500x768-scaled.jpg\" class=\"attachment-full size-full wp-image-20709\" alt=\"\u00aeIHEDN - Les armes de la d\u00e9sinformation\" srcset=\"https:\/\/ihedn.fr\/wp-content\/uploads\/2022\/03\/AVRIL_2022_BANDEAU_1500x768-scaled.jpg 2560w, https:\/\/ihedn.fr\/wp-content\/uploads\/2022\/03\/AVRIL_2022_BANDEAU_1500x768-1536x786.jpg 1536w, https:\/\/ihedn.fr\/wp-content\/uploads\/2022\/03\/AVRIL_2022_BANDEAU_1500x768-2048x1049.jpg 2048w\" sizes=\"(max-width: 2560px) 100vw, 2560px\" \/><\/div>\n\t\t<\/a>\n\t\t\t\t<div class=\"elementor-post__text\">\n\t\t\t\t<h5 class=\"elementor-post__title\">\n\t\t\t<a href=\"https:\/\/ihedn.fr\/en\/lundis-de-lihedn\/les-armes-de-la-desinformation\/\" >\n\t\t\t\tThe weapons of disinformation\t\t\t<\/a>\n\t\t<\/h5>\n\t\t\t\t<div class=\"elementor-post__meta-data\">\n\t\t\t\t\t<span class=\"elementor-post-date\">\n\t\t\t11 March 2022\t\t<\/span>\n\t\t\t\t<\/div>\n\t\t\t\t<div class=\"elementor-post__excerpt\">\n\t\t\t<p><span style=\"color: #034b7b;\"><strong>Special guests: Jean-Baptiste JEANGENE VILMER, Director of IRSEM, Jean-Dominique MERCHET, journalist with L'Opinion and Catherine JENTILE, journalist with TF1\/LCI.<\/strong><\/span><\/p>\n\t\t<\/div>\n\t\t\n\t\t<a class=\"elementor-post__read-more\" href=\"https:\/\/ihedn.fr\/en\/lundis-de-lihedn\/les-armes-de-la-desinformation\/\" aria-label=\"Read more about The weapons of disinformation\" tabindex=\"-1\" >\n\t\t\twatch \u25ba\t\t<\/a>\n\n\t\t\t\t<\/div>\n\t\t\t\t<\/article>\n\t\t\t\t<article class=\"elementor-post elementor-grid-item post-16270 post type-post status-publish format-standard has-post-thumbnail hentry category-lundis-de-lihedn-mediatheque category-lundis-de-lihedn category-mediatheque category-precedents-conferences\" role=\"listitem\">\n\t\t\t\t<a class=\"elementor-post__thumbnail__link\" href=\"https:\/\/ihedn.fr\/en\/lundis-de-lihedn\/pour-une-realpolitik-de-leurope\/\" tabindex=\"-1\" >\n\t\t\t<div class=\"elementor-post__thumbnail\"><img decoding=\"async\" width=\"1500\" height=\"768\" src=\"https:\/\/ihedn.fr\/wp-content\/uploads\/2021\/11\/DEC_2021_BANDEAU_1500x768-1.jpg\" class=\"attachment-full size-full wp-image-16448\" alt=\"\" srcset=\"https:\/\/ihedn.fr\/wp-content\/uploads\/2021\/11\/DEC_2021_BANDEAU_1500x768-1.jpg 1500w, https:\/\/ihedn.fr\/wp-content\/uploads\/2021\/11\/DEC_2021_BANDEAU_1500x768-1-600x307.jpg 600w\" sizes=\"(max-width: 1500px) 100vw, 1500px\" \/><\/div>\n\t\t<\/a>\n\t\t\t\t<div class=\"elementor-post__text\">\n\t\t\t\t<h5 class=\"elementor-post__title\">\n\t\t\t<a href=\"https:\/\/ihedn.fr\/en\/lundis-de-lihedn\/pour-une-realpolitik-de-leurope\/\" >\n\t\t\t\tFor a \"realpolitik\" for Europe?\t\t\t<\/a>\n\t\t<\/h5>\n\t\t\t\t<div class=\"elementor-post__meta-data\">\n\t\t\t\t\t<span class=\"elementor-post-date\">\n\t\t\t17 November 2021\t\t<\/span>\n\t\t\t\t<\/div>\n\t\t\t\t<div class=\"elementor-post__excerpt\">\n\t\t\t<p><span style=\"color: #034b7b;\"><strong>Special guest: Jeremy GALLON<\/strong><\/span>a graduate of Harvard University and HEC Paris, and an alumnus of Tsinghua University in Beijing.<\/p>\n\t\t<\/div>\n\t\t\n\t\t<a class=\"elementor-post__read-more\" href=\"https:\/\/ihedn.fr\/en\/lundis-de-lihedn\/pour-une-realpolitik-de-leurope\/\" aria-label=\"Read more about A &quot;realpolitik&quot; for Europe?\" tabindex=\"-1\" >\n\t\t\twatch \u25ba\t\t<\/a>\n\n\t\t\t\t<\/div>\n\t\t\t\t<\/article>\n\t\t\t\t<article class=\"elementor-post elementor-grid-item post-15446 post type-post status-publish format-standard has-post-thumbnail hentry category-lundis-de-lihedn-mediatheque category-lundis-de-lihedn category-mediatheque category-precedents-conferences\" role=\"listitem\">\n\t\t\t\t<a class=\"elementor-post__thumbnail__link\" href=\"https:\/\/ihedn.fr\/en\/lundis-de-lihedn\/lihedn-notre-histoire\/\" tabindex=\"-1\" >\n\t\t\t<div class=\"elementor-post__thumbnail\"><img loading=\"lazy\" decoding=\"async\" width=\"1453\" height=\"545\" src=\"https:\/\/ihedn.fr\/wp-content\/uploads\/2021\/10\/20211115-lundi-VIAL-02.jpg\" class=\"attachment-full size-full wp-image-15473\" alt=\"\" srcset=\"https:\/\/ihedn.fr\/wp-content\/uploads\/2021\/10\/20211115-lundi-VIAL-02.jpg 1453w, https:\/\/ihedn.fr\/wp-content\/uploads\/2021\/10\/20211115-lundi-VIAL-02-600x225.jpg 600w\" sizes=\"(max-width: 1453px) 100vw, 1453px\" \/><\/div>\n\t\t<\/a>\n\t\t\t\t<div class=\"elementor-post__text\">\n\t\t\t\t<h5 class=\"elementor-post__title\">\n\t\t\t<a href=\"https:\/\/ihedn.fr\/en\/lundis-de-lihedn\/lihedn-notre-histoire\/\" >\n\t\t\t\tIHEDN: our history\t\t\t<\/a>\n\t\t<\/h5>\n\t\t\t\t<div class=\"elementor-post__meta-data\">\n\t\t\t\t\t<span class=\"elementor-post-date\">\n\t\t\t20 October 2021\t\t<\/span>\n\t\t\t\t<\/div>\n\t\t\t\t<div class=\"elementor-post__excerpt\">\n\t\t\t<p><span style=\"color: #034b7b;\"><strong>Special guest: Philippe VIAL<\/strong><\/span>educational adviser to the Higher Military Education Department<\/p>\n\t\t<\/div>\n\t\t\n\t\t<a class=\"elementor-post__read-more\" href=\"https:\/\/ihedn.fr\/en\/lundis-de-lihedn\/lihedn-notre-histoire\/\" aria-label=\"Read more about IHEDN: our history\" tabindex=\"-1\" >\n\t\t\twatch \u25ba\t\t<\/a>\n\n\t\t\t\t<\/div>\n\t\t\t\t<\/article>\n\t\t\t\t<article class=\"elementor-post elementor-grid-item post-15228 post type-post status-publish format-standard has-post-thumbnail hentry category-lundis-de-lihedn category-lundis-de-lihedn-mediatheque category-mediatheque category-precedents-conferences\" role=\"listitem\">\n\t\t\t\t<a class=\"elementor-post__thumbnail__link\" href=\"https:\/\/ihedn.fr\/en\/lundis-de-lihedn\/allocution-du-premier-ministre-a-linstitut-des-hautes-etudes-de-defense-nationale\/\" tabindex=\"-1\" >\n\t\t\t<div class=\"elementor-post__thumbnail\"><img loading=\"lazy\" decoding=\"async\" width=\"2000\" height=\"1125\" src=\"https:\/\/ihedn.fr\/wp-content\/uploads\/2021\/10\/Pages-de-MODULE_GRANDS_ENJEUX_STRATE\u0301GIQUES-2021_10_08_SN_2021-2022_.jpg\" class=\"attachment-full size-full wp-image-15230\" alt=\"Allocution du Premier ministre \u00e0 l&#039;Institut des hautes \u00e9tudes de d\u00e9fense nationale\" srcset=\"https:\/\/ihedn.fr\/wp-content\/uploads\/2021\/10\/Pages-de-MODULE_GRANDS_ENJEUX_STRATE\u0301GIQUES-2021_10_08_SN_2021-2022_.jpg 2000w, https:\/\/ihedn.fr\/wp-content\/uploads\/2021\/10\/Pages-de-MODULE_GRANDS_ENJEUX_STRATE\u0301GIQUES-2021_10_08_SN_2021-2022_-1536x864.jpg 1536w, https:\/\/ihedn.fr\/wp-content\/uploads\/2021\/10\/Pages-de-MODULE_GRANDS_ENJEUX_STRATE\u0301GIQUES-2021_10_08_SN_2021-2022_-600x338.jpg 600w\" sizes=\"(max-width: 2000px) 100vw, 2000px\" \/><\/div>\n\t\t<\/a>\n\t\t\t\t<div class=\"elementor-post__text\">\n\t\t\t\t<h5 class=\"elementor-post__title\">\n\t\t\t<a href=\"https:\/\/ihedn.fr\/en\/lundis-de-lihedn\/allocution-du-premier-ministre-a-linstitut-des-hautes-etudes-de-defense-nationale\/\" >\n\t\t\t\tAddress by the Prime Minister to the Institut des Hautes \u00c9tudes de D\u00e9fense Nationale\t\t\t<\/a>\n\t\t<\/h5>\n\t\t\t\t<div class=\"elementor-post__meta-data\">\n\t\t\t\t\t<span class=\"elementor-post-date\">\n\t\t\t12 October 2021\t\t<\/span>\n\t\t\t\t<\/div>\n\t\t\t\t<div class=\"elementor-post__excerpt\">\n\t\t\t<p>Key strategic issues https:\/\/vimeo.com\/629984878 Madam Minister, dear Florence, Members of Parliament, Chief of Staff of the French Armed Forces, Chairman of the Board of Directors of the French Defence Procurement Agency, Chairman of the French Defence Procurement Agency<\/p>\n\t\t<\/div>\n\t\t\n\t\t<a class=\"elementor-post__read-more\" href=\"https:\/\/ihedn.fr\/en\/lundis-de-lihedn\/allocution-du-premier-ministre-a-linstitut-des-hautes-etudes-de-defense-nationale\/\" aria-label=\"Read more about Speech by the Prime Minister at the Institut des hautes \u00e9tudes de d\u00e9fense nationale (French Institute for Advanced National Defence Studies)\" tabindex=\"-1\" >\n\t\t\twatch \u25ba\t\t<\/a>\n\n\t\t\t\t<\/div>\n\t\t\t\t<\/article>\n\t\t\t\t<article class=\"elementor-post elementor-grid-item post-11973 post type-post status-publish format-standard has-post-thumbnail hentry category-lundis-de-lihedn category-lundis-de-lihedn-mediatheque category-mediatheque category-prochaine-conference\" role=\"listitem\">\n\t\t\t\t<a class=\"elementor-post__thumbnail__link\" href=\"https:\/\/ihedn.fr\/en\/lundis-de-lihedn\/transition-energetique-et-souverainete\/\" tabindex=\"-1\" >\n\t\t\t<div class=\"elementor-post__thumbnail\"><img loading=\"lazy\" decoding=\"async\" width=\"2560\" height=\"434\" src=\"https:\/\/ihedn.fr\/wp-content\/uploads\/2021\/06\/JUIN_BANDEAU_SITE_IHEDN_2-scaled.jpg\" class=\"attachment-full size-full wp-image-11986\" alt=\"Nouveau lundi de l\u2019IHedn | Didier Holleaux : &quot;Transition \u00e9nerg\u00e9tique et souverainet\u00e9&quot;\" srcset=\"https:\/\/ihedn.fr\/wp-content\/uploads\/2021\/06\/JUIN_BANDEAU_SITE_IHEDN_2-scaled.jpg 2560w, https:\/\/ihedn.fr\/wp-content\/uploads\/2021\/06\/JUIN_BANDEAU_SITE_IHEDN_2-1536x261.jpg 1536w, https:\/\/ihedn.fr\/wp-content\/uploads\/2021\/06\/JUIN_BANDEAU_SITE_IHEDN_2-2048x348.jpg 2048w\" sizes=\"(max-width: 2560px) 100vw, 2560px\" \/><\/div>\n\t\t<\/a>\n\t\t\t\t<div class=\"elementor-post__text\">\n\t\t\t\t<h5 class=\"elementor-post__title\">\n\t\t\t<a href=\"https:\/\/ihedn.fr\/en\/lundis-de-lihedn\/transition-energetique-et-souverainete\/\" >\n\t\t\t\tEnergy transition and sovereignty\t\t\t<\/a>\n\t\t<\/h5>\n\t\t\t\t<div class=\"elementor-post__meta-data\">\n\t\t\t\t\t<span class=\"elementor-post-date\">\n\t\t\t4 June 2021\t\t<\/span>\n\t\t\t\t<\/div>\n\t\t\t\t<div class=\"elementor-post__excerpt\">\n\t\t\t<p><span style=\"color: #034b7b;\"><strong>Special guest: Didier HOLLEAUX<\/strong><\/span>Executive Vice President of the ENGIE Group.<\/p>\n\t\t<\/div>\n\t\t\n\t\t<a class=\"elementor-post__read-more\" href=\"https:\/\/ihedn.fr\/en\/lundis-de-lihedn\/transition-energetique-et-souverainete\/\" aria-label=\"Read more about Energy transition and sovereignty\" tabindex=\"-1\" >\n\t\t\twatch \u25ba\t\t<\/a>\n\n\t\t\t\t<\/div>\n\t\t\t\t<\/article>\n\t\t\t\t<article class=\"elementor-post elementor-grid-item post-10784 post type-post status-publish format-standard has-post-thumbnail hentry category-lundis-de-lihedn category-lundis-de-lihedn-mediatheque category-mediatheque category-precedents-conferences\" role=\"listitem\">\n\t\t\t\t<a class=\"elementor-post__thumbnail__link\" href=\"https:\/\/ihedn.fr\/en\/lundis-de-lihedn\/lautonomie-strategique-europeenne\/\" tabindex=\"-1\" >\n\t\t\t<div class=\"elementor-post__thumbnail\"><img loading=\"lazy\" decoding=\"async\" width=\"1600\" height=\"800\" src=\"https:\/\/ihedn.fr\/wp-content\/uploads\/2021\/05\/Lundis-de-IHEDN-Lautonomie-strategique-europeenne-Hubert-VEDRINE-01-1.jpg\" class=\"attachment-full size-full wp-image-10791\" alt=\"Lundis de IHEDN - L\u2019autonomie strat\u00e9gique europ\u00e9enne -Hubert-VEDRINE\" srcset=\"https:\/\/ihedn.fr\/wp-content\/uploads\/2021\/05\/Lundis-de-IHEDN-Lautonomie-strategique-europeenne-Hubert-VEDRINE-01-1.jpg 1600w, https:\/\/ihedn.fr\/wp-content\/uploads\/2021\/05\/Lundis-de-IHEDN-Lautonomie-strategique-europeenne-Hubert-VEDRINE-01-1-1536x768.jpg 1536w\" sizes=\"(max-width: 1600px) 100vw, 1600px\" \/><\/div>\n\t\t<\/a>\n\t\t\t\t<div class=\"elementor-post__text\">\n\t\t\t\t<h5 class=\"elementor-post__title\">\n\t\t\t<a href=\"https:\/\/ihedn.fr\/en\/lundis-de-lihedn\/lautonomie-strategique-europeenne\/\" >\n\t\t\t\tEurope's strategic autonomy\t\t\t<\/a>\n\t\t<\/h5>\n\t\t\t\t<div class=\"elementor-post__meta-data\">\n\t\t\t\t\t<span class=\"elementor-post-date\">\n\t\t\t8 May 2021\t\t<\/span>\n\t\t\t\t<\/div>\n\t\t\t\t<div class=\"elementor-post__excerpt\">\n\t\t\t<p><span style=\"color: #034b7b;\"><strong>Special guest: Hubert V\u00c9DRINE<\/strong><\/span>a diplomat, former Minister of Foreign Affairs in the Jospin government and former Secretary General of the French Presidency under Fran\u00e7ois Mitterrand.<br \/>\n<span style=\"color: #034b7b;\"><strong>Key witness: Lt-Gen Patrick Destremau<\/strong><\/span>Director of the Institut des hautes \u00e9tudes de d\u00e9fense nationale and of Higher Military Education.<\/p>\n\t\t<\/div>\n\t\t\n\t\t<a class=\"elementor-post__read-more\" href=\"https:\/\/ihedn.fr\/en\/lundis-de-lihedn\/lautonomie-strategique-europeenne\/\" aria-label=\"Read more about European strategic autonomy\" tabindex=\"-1\" >\n\t\t\twatch \u25ba\t\t<\/a>\n\n\t\t\t\t<\/div>\n\t\t\t\t<\/article>\n\t\t\t\t<article class=\"elementor-post elementor-grid-item post-7224 post type-post status-publish format-standard has-post-thumbnail hentry category-lundis-de-lihedn-mediatheque category-lundis-de-lihedn category-mediatheque category-precedents-conferences\" role=\"listitem\">\n\t\t\t\t<a class=\"elementor-post__thumbnail__link\" href=\"https:\/\/ihedn.fr\/en\/lundis-de-lihedn\/les-enjeux-de-la-souverainete-numerique\/\" tabindex=\"-1\" >\n\t\t\t<div class=\"elementor-post__thumbnail\"><img loading=\"lazy\" decoding=\"async\" width=\"2560\" height=\"1280\" src=\"https:\/\/ihedn.fr\/wp-content\/uploads\/2021\/01\/LUNDIS-de-IHEDN-Les-enjeux-de-la-souverainete-numerique-Marie-Laure-DENIS-20210329-01-scaled.jpg\" class=\"attachment-full size-full wp-image-8790\" alt=\"LUNDIS de IHEDN-Les enjeux de la souverainet\u00e9 num\u00e9rique-Marie-Laure-DENIS-20210329-01\" srcset=\"https:\/\/ihedn.fr\/wp-content\/uploads\/2021\/01\/LUNDIS-de-IHEDN-Les-enjeux-de-la-souverainete-numerique-Marie-Laure-DENIS-20210329-01-scaled.jpg 2560w, https:\/\/ihedn.fr\/wp-content\/uploads\/2021\/01\/LUNDIS-de-IHEDN-Les-enjeux-de-la-souverainete-numerique-Marie-Laure-DENIS-20210329-01-1536x768.jpg 1536w, https:\/\/ihedn.fr\/wp-content\/uploads\/2021\/01\/LUNDIS-de-IHEDN-Les-enjeux-de-la-souverainete-numerique-Marie-Laure-DENIS-20210329-01-2048x1024.jpg 2048w\" sizes=\"(max-width: 2560px) 100vw, 2560px\" \/><\/div>\n\t\t<\/a>\n\t\t\t\t<div class=\"elementor-post__text\">\n\t\t\t\t<h5 class=\"elementor-post__title\">\n\t\t\t<a href=\"https:\/\/ihedn.fr\/en\/lundis-de-lihedn\/les-enjeux-de-la-souverainete-numerique\/\" >\n\t\t\t\tThe challenges of digital sovereignty\t\t\t<\/a>\n\t\t<\/h5>\n\t\t\t\t<div class=\"elementor-post__meta-data\">\n\t\t\t\t\t<span class=\"elementor-post-date\">\n\t\t\t9 March 2021\t\t<\/span>\n\t\t\t\t<\/div>\n\t\t\t\t<div class=\"elementor-post__excerpt\">\n\t\t\t<p>The challenges of digital sovereignty https:\/\/vimeo.com\/529482724 An exceptional guest Marie-Laure Denis Councillor of State, Chair of the CNIL A keynote speaker Marc<\/p>\n\t\t<\/div>\n\t\t\n\t\t<a class=\"elementor-post__read-more\" href=\"https:\/\/ihedn.fr\/en\/lundis-de-lihedn\/les-enjeux-de-la-souverainete-numerique\/\" aria-label=\"Read more about The challenges of digital sovereignty\" tabindex=\"-1\" >\n\t\t\twatch \u25ba\t\t<\/a>\n\n\t\t\t\t<\/div>\n\t\t\t\t<\/article>\n\t\t\t\t<article class=\"elementor-post elementor-grid-item post-1089 post type-post status-publish format-standard has-post-thumbnail hentry category-lundis-de-lihedn category-lundis-de-lihedn-mediatheque category-precedents-conferences\" role=\"listitem\">\n\t\t\t\t<a class=\"elementor-post__thumbnail__link\" href=\"https:\/\/ihedn.fr\/en\/lundis-de-lihedn\/une-europe-qui-protege\/\" tabindex=\"-1\" >\n\t\t\t<div class=\"elementor-post__thumbnail\"><img loading=\"lazy\" decoding=\"async\" width=\"907\" height=\"512\" src=\"https:\/\/ihedn.fr\/wp-content\/uploads\/2020\/12\/IHEDN-LUNDISIH_MOSCOVICI_20201214-_680x384.jpg\" class=\"attachment-full size-full wp-image-1492\" alt=\"\" \/><\/div>\n\t\t<\/a>\n\t\t\t\t<div class=\"elementor-post__text\">\n\t\t\t\t<h5 class=\"elementor-post__title\">\n\t\t\t<a href=\"https:\/\/ihedn.fr\/en\/lundis-de-lihedn\/une-europe-qui-protege\/\" >\n\t\t\t\tA Europe that protects\t\t\t<\/a>\n\t\t<\/h5>\n\t\t\t\t<div class=\"elementor-post__meta-data\">\n\t\t\t\t\t<span class=\"elementor-post-date\">\n\t\t\t1 February 2021\t\t<\/span>\n\t\t\t\t<\/div>\n\t\t\t\t<div class=\"elementor-post__excerpt\">\n\t\t\t<p><strong>Special guest :<\/strong> Pierre MOSCOVICI, First President of the Court of Audit<br \/>\n<strong>The main witness :<\/strong> Sylvie Bermann, Ambassador of France<\/p>\n\t\t<\/div>\n\t\t\n\t\t<a class=\"elementor-post__read-more\" href=\"https:\/\/ihedn.fr\/en\/lundis-de-lihedn\/une-europe-qui-protege\/\" aria-label=\"Read more about A Europe that protects\" tabindex=\"-1\" >\n\t\t\twatch \u25ba\t\t<\/a>\n\n\t\t\t\t<\/div>\n\t\t\t\t<\/article>\n\t\t\t\t<article class=\"elementor-post elementor-grid-item post-2982 post type-post status-publish format-standard has-post-thumbnail hentry category-lundis-de-lihedn-mediatheque category-mediatheque\" role=\"listitem\">\n\t\t\t\t<a class=\"elementor-post__thumbnail__link\" href=\"https:\/\/ihedn.fr\/en\/mediatheque\/lavenir-de-la-planification-2\/\" tabindex=\"-1\" >\n\t\t\t<div class=\"elementor-post__thumbnail\"><img loading=\"lazy\" decoding=\"async\" width=\"800\" height=\"600\" src=\"https:\/\/ihedn.fr\/wp-content\/uploads\/2020\/10\/Lundis-de-lIHedn-SILICANI_OCTOBRE_2020-site.jpg\" class=\"attachment-full size-full wp-image-2986\" alt=\"\" \/><\/div>\n\t\t<\/a>\n\t\t\t\t<div class=\"elementor-post__text\">\n\t\t\t\t<h5 class=\"elementor-post__title\">\n\t\t\t<a href=\"https:\/\/ihedn.fr\/en\/mediatheque\/lavenir-de-la-planification-2\/\" >\n\t\t\t\tThe future of planning\t\t\t<\/a>\n\t\t<\/h5>\n\t\t\t\t<div class=\"elementor-post__meta-data\">\n\t\t\t\t\t<span class=\"elementor-post-date\">\n\t\t\t5 October 2020\t\t<\/span>\n\t\t\t\t<\/div>\n\t\t\t\t<div class=\"elementor-post__excerpt\">\n\t\t\t<p><strong>Speaker:<\/strong> Mr Jean-Ludovic Silicani, Honorary Conseiller d'\u00c9tat, civil mining engineer, DEA in economics, ENA (class of 1980).<\/p>\n\t\t<\/div>\n\t\t\n\t\t<a class=\"elementor-post__read-more\" href=\"https:\/\/ihedn.fr\/en\/mediatheque\/lavenir-de-la-planification-2\/\" aria-label=\"Read more about The future of planning\" tabindex=\"-1\" >\n\t\t\twatch \u25ba\t\t<\/a>\n\n\t\t\t\t<\/div>\n\t\t\t\t<\/article>\n\t\t\t\t<\/div>\n\t\t\n\t\t\t\t<div class=\"e-load-more-anchor\" data-page=\"1\" data-max-page=\"2\" data-next-page=\"https:\/\/ihedn.fr\/en\/wp-json\/wp\/v2\/pages\/487\/page\/2\/\"><\/div>\n\t\t\t\t<nav class=\"elementor-pagination\" aria-label=\"Pagination\">\n\t\t\t<span class=\"page-numbers prev\">\"Previous<\/span>\n<span aria-current=\"page\" class=\"page-numbers current\"><span class=\"elementor-screen-only\">Page<\/span>1<\/span>\n<a class=\"page-numbers\" href=\"https:\/\/ihedn.fr\/en\/wp-json\/wp\/v2\/pages\/487\/page\/2\/\"><span class=\"elementor-screen-only\">Page<\/span>2<\/a>\n<a class=\"page-numbers next\" href=\"https:\/\/ihedn.fr\/en\/wp-json\/wp\/v2\/pages\/487\/page\/2\/\">Next page \"<\/a>\t\t<\/nav>\n\t\t\t\t\t\t<\/div>\n\t\t\t\t<\/div>\n\t\t\t\t<div class=\"elementor-element elementor-element-8575f88 elementor-grid-2 elementor-grid-tablet-1 elementor-hidden-desktop elementor-grid-mobile-1 elementor-posts--thumbnail-top elementor-widget elementor-widget-posts\" data-id=\"8575f88\" data-element_type=\"widget\" data-e-type=\"widget\" data-settings=\"{&quot;classic_columns&quot;:&quot;2&quot;,&quot;pagination_type&quot;:&quot;numbers&quot;,&quot;classic_columns_tablet&quot;:&quot;1&quot;,&quot;classic_columns_mobile&quot;:&quot;1&quot;,&quot;classic_row_gap&quot;:{&quot;unit&quot;:&quot;px&quot;,&quot;size&quot;:35,&quot;sizes&quot;:[]},&quot;classic_row_gap_tablet&quot;:{&quot;unit&quot;:&quot;px&quot;,&quot;size&quot;:&quot;&quot;,&quot;sizes&quot;:[]},&quot;classic_row_gap_mobile&quot;:{&quot;unit&quot;:&quot;px&quot;,&quot;size&quot;:&quot;&quot;,&quot;sizes&quot;:[]}}\" data-widget_type=\"posts.classic\">\n\t\t\t\t<div class=\"elementor-widget-container\">\n\t\t\t\t\t\t\t<div class=\"elementor-posts-container elementor-posts elementor-posts--skin-classic elementor-grid\" role=\"list\">\n\t\t\t\t<article class=\"elementor-post elementor-grid-item post-45046 post type-post status-publish format-standard has-post-thumbnail hentry category-precedents-conferences\" role=\"listitem\">\n\t\t\t\t<a class=\"elementor-post__thumbnail__link\" href=\"https:\/\/ihedn.fr\/en\/lundis-de-lihedn\/precedents-conferences\/la-desinformation-au-coeur-des-conflits\/\" tabindex=\"-1\" >\n\t\t\t<div class=\"elementor-post__thumbnail\"><img loading=\"lazy\" decoding=\"async\" width=\"2560\" height=\"1440\" src=\"https:\/\/ihedn.fr\/wp-content\/uploads\/2024\/01\/LUNDI-IH-desinformation-1-scaled.jpg\" class=\"attachment-full size-full wp-image-45048\" alt=\"Visuel sur la d\u00e9sinformation au c\u0153ur des conflits\" srcset=\"https:\/\/ihedn.fr\/wp-content\/uploads\/2024\/01\/LUNDI-IH-desinformation-1-scaled.jpg 2560w, https:\/\/ihedn.fr\/wp-content\/uploads\/2024\/01\/LUNDI-IH-desinformation-1-1536x864.jpg 1536w, https:\/\/ihedn.fr\/wp-content\/uploads\/2024\/01\/LUNDI-IH-desinformation-1-2048x1152.jpg 2048w, https:\/\/ihedn.fr\/wp-content\/uploads\/2024\/01\/LUNDI-IH-desinformation-1-18x10.jpg 18w\" sizes=\"(max-width: 2560px) 100vw, 2560px\" \/><\/div>\n\t\t<\/a>\n\t\t\t\t<div class=\"elementor-post__text\">\n\t\t\t\t<h5 class=\"elementor-post__title\">\n\t\t\t<a href=\"https:\/\/ihedn.fr\/en\/lundis-de-lihedn\/precedents-conferences\/la-desinformation-au-coeur-des-conflits\/\" >\n\t\t\t\tDisinformation at the heart of conflicts\t\t\t<\/a>\n\t\t<\/h5>\n\t\t\t\t<div class=\"elementor-post__meta-data\">\n\t\t\t\t\t<span class=\"elementor-post-date\">\n\t\t\t12 December 2023\t\t<\/span>\n\t\t\t\t<\/div>\n\t\t\n\t\t<a class=\"elementor-post__read-more\" href=\"https:\/\/ihedn.fr\/en\/lundis-de-lihedn\/precedents-conferences\/la-desinformation-au-coeur-des-conflits\/\" aria-label=\"Read more about Disinformation at the heart of conflicts\" tabindex=\"-1\" >\n\t\t\tRead more \"\t\t<\/a>\n\n\t\t\t\t<\/div>\n\t\t\t\t<\/article>\n\t\t\t\t<article class=\"elementor-post elementor-grid-item post-43042 post type-post status-publish format-standard hentry category-precedents-conferences\" role=\"listitem\">\n\t\t\t\t<div class=\"elementor-post__text\">\n\t\t\t\t<h5 class=\"elementor-post__title\">\n\t\t\t<a href=\"https:\/\/ihedn.fr\/en\/lundis-de-lihedn\/precedents-conferences\/presentation-de-louvrage-new-military-strategies-in-the-gulf\/\" >\n\t\t\t\tPresentation of the book \"New Military Strategies in the Gulf\t\t\t<\/a>\n\t\t<\/h5>\n\t\t\t\t<div class=\"elementor-post__meta-data\">\n\t\t\t\t\t<span class=\"elementor-post-date\">\n\t\t\t27 September 2023\t\t<\/span>\n\t\t\t\t<\/div>\n\t\t\n\t\t<a class=\"elementor-post__read-more\" href=\"https:\/\/ihedn.fr\/en\/lundis-de-lihedn\/precedents-conferences\/presentation-de-louvrage-new-military-strategies-in-the-gulf\/\" aria-label=\"Read more about Presentation of the book &quot;New Military Strategies in the Gulf\" tabindex=\"-1\" >\n\t\t\tRead more \"\t\t<\/a>\n\n\t\t\t\t<\/div>\n\t\t\t\t<\/article>\n\t\t\t\t<article class=\"elementor-post elementor-grid-item post-39669 post type-post status-publish format-standard has-post-thumbnail hentry category-precedents-conferences\" role=\"listitem\">\n\t\t\t\t<a class=\"elementor-post__thumbnail__link\" href=\"https:\/\/ihedn.fr\/en\/lundis-de-lihedn\/precedents-conferences\/osint-le-nouveau-nerf-de-la-guerre\/\" tabindex=\"-1\" >\n\t\t\t<div class=\"elementor-post__thumbnail\"><img loading=\"lazy\" decoding=\"async\" width=\"1600\" height=\"900\" src=\"https:\/\/ihedn.fr\/wp-content\/uploads\/2023\/05\/OSINT.jpg\" class=\"attachment-full size-full wp-image-39907\" alt=\"OSINT = le nouveau nerf de la guerre ?\" srcset=\"https:\/\/ihedn.fr\/wp-content\/uploads\/2023\/05\/OSINT.jpg 1600w, https:\/\/ihedn.fr\/wp-content\/uploads\/2023\/05\/OSINT-1536x864.jpg 1536w\" sizes=\"(max-width: 1600px) 100vw, 1600px\" \/><\/div>\n\t\t<\/a>\n\t\t\t\t<div class=\"elementor-post__text\">\n\t\t\t\t<h5 class=\"elementor-post__title\">\n\t\t\t<a href=\"https:\/\/ihedn.fr\/en\/lundis-de-lihedn\/precedents-conferences\/osint-le-nouveau-nerf-de-la-guerre\/\" >\n\t\t\t\tOSINT = the new sinews of war?\t\t\t<\/a>\n\t\t<\/h5>\n\t\t\t\t<div class=\"elementor-post__meta-data\">\n\t\t\t\t\t<span class=\"elementor-post-date\">\n\t\t\t5 June 2023\t\t<\/span>\n\t\t\t\t<\/div>\n\t\t\n\t\t<a class=\"elementor-post__read-more\" href=\"https:\/\/ihedn.fr\/en\/lundis-de-lihedn\/precedents-conferences\/osint-le-nouveau-nerf-de-la-guerre\/\" aria-label=\"Read more about OSINT = the new sinews of war?\" tabindex=\"-1\" >\n\t\t\tRead more \"\t\t<\/a>\n\n\t\t\t\t<\/div>\n\t\t\t\t<\/article>\n\t\t\t\t<article class=\"elementor-post elementor-grid-item post-33256 post type-post status-publish format-standard has-post-thumbnail hentry category-precedents-conferences\" role=\"listitem\">\n\t\t\t\t<a class=\"elementor-post__thumbnail__link\" href=\"https:\/\/ihedn.fr\/en\/lundis-de-lihedn\/precedents-conferences\/la-defense-a-lepreuve-du-changement-climatique\/\" tabindex=\"-1\" >\n\t\t\t<div class=\"elementor-post__thumbnail\"><img loading=\"lazy\" decoding=\"async\" width=\"1600\" height=\"800\" src=\"https:\/\/ihedn.fr\/wp-content\/uploads\/1923\/02\/Lundi-IHEDN-13-fevrier-00.jpg\" class=\"attachment-full size-full wp-image-33295\" alt=\"\" srcset=\"https:\/\/ihedn.fr\/wp-content\/uploads\/1923\/02\/Lundi-IHEDN-13-fevrier-00.jpg 1600w, https:\/\/ihedn.fr\/wp-content\/uploads\/1923\/02\/Lundi-IHEDN-13-fevrier-00-1536x768.jpg 1536w\" sizes=\"(max-width: 1600px) 100vw, 1600px\" \/><\/div>\n\t\t<\/a>\n\t\t\t\t<div class=\"elementor-post__text\">\n\t\t\t\t<h5 class=\"elementor-post__title\">\n\t\t\t<a href=\"https:\/\/ihedn.fr\/en\/lundis-de-lihedn\/precedents-conferences\/la-defense-a-lepreuve-du-changement-climatique\/\" >\n\t\t\t\tLa D\u00e9fense in the face of climate change\t\t\t<\/a>\n\t\t<\/h5>\n\t\t\t\t<div class=\"elementor-post__meta-data\">\n\t\t\t\t\t<span class=\"elementor-post-date\">\n\t\t\t13 February 2023\t\t<\/span>\n\t\t\t\t<\/div>\n\t\t\n\t\t<a class=\"elementor-post__read-more\" href=\"https:\/\/ihedn.fr\/en\/lundis-de-lihedn\/precedents-conferences\/la-defense-a-lepreuve-du-changement-climatique\/\" aria-label=\"Read more about La D\u00e9fense in the face of climate change\" tabindex=\"-1\" >\n\t\t\tRead more \"\t\t<\/a>\n\n\t\t\t\t<\/div>\n\t\t\t\t<\/article>\n\t\t\t\t<article class=\"elementor-post elementor-grid-item post-27859 post type-post status-publish format-standard has-post-thumbnail hentry category-defense-militaire category-notre-selection category-precedents-conferences\" role=\"listitem\">\n\t\t\t\t<a class=\"elementor-post__thumbnail__link\" href=\"https:\/\/ihedn.fr\/en\/lundis-de-lihedn\/precedents-conferences\/e-chiva-la-direction-generale-de-larmement-doit-eclairer-lavenir\/\" tabindex=\"-1\" >\n\t\t\t<div class=\"elementor-post__thumbnail\"><img loading=\"lazy\" decoding=\"async\" width=\"1584\" height=\"891\" src=\"https:\/\/ihedn.fr\/wp-content\/uploads\/2022\/11\/Emmanuel-CHIVA.jpg\" class=\"attachment-full size-full wp-image-32739\" alt=\"\" srcset=\"https:\/\/ihedn.fr\/wp-content\/uploads\/2022\/11\/Emmanuel-CHIVA.jpg 1584w, https:\/\/ihedn.fr\/wp-content\/uploads\/2022\/11\/Emmanuel-CHIVA-1536x864.jpg 1536w\" sizes=\"(max-width: 1584px) 100vw, 1584px\" \/><\/div>\n\t\t<\/a>\n\t\t\t\t<div class=\"elementor-post__text\">\n\t\t\t\t<h5 class=\"elementor-post__title\">\n\t\t\t<a href=\"https:\/\/ihedn.fr\/en\/lundis-de-lihedn\/precedents-conferences\/e-chiva-la-direction-generale-de-larmement-doit-eclairer-lavenir\/\" >\n\t\t\t\tE. Chiva: \"The Directorate General for Armaments must shed light on the future\".\t\t\t<\/a>\n\t\t<\/h5>\n\t\t\t\t<div class=\"elementor-post__meta-data\">\n\t\t\t\t\t<span class=\"elementor-post-date\">\n\t\t\t20 November 2022\t\t<\/span>\n\t\t\t\t<\/div>\n\t\t\n\t\t<a class=\"elementor-post__read-more\" href=\"https:\/\/ihedn.fr\/en\/lundis-de-lihedn\/precedents-conferences\/e-chiva-la-direction-generale-de-larmement-doit-eclairer-lavenir\/\" aria-label=\"Read more about E. Chiva: &quot;The Directorate-General for Armaments must shed light on the future&quot;.\" tabindex=\"-1\" >\n\t\t\tRead more \"\t\t<\/a>\n\n\t\t\t\t<\/div>\n\t\t\t\t<\/article>\n\t\t\t\t<article class=\"elementor-post elementor-grid-item post-30148 post type-post status-publish format-standard has-post-thumbnail hentry category-defense-militaire category-notre-selection category-precedents-conferences\" role=\"listitem\">\n\t\t\t\t<a class=\"elementor-post__thumbnail__link\" href=\"https:\/\/ihedn.fr\/en\/notre-selection\/quest-ce-que-la-guerre-juste\/\" tabindex=\"-1\" >\n\t\t\t<div class=\"elementor-post__thumbnail\"><img loading=\"lazy\" decoding=\"async\" width=\"2305\" height=\"1537\" src=\"https:\/\/ihedn.fr\/wp-content\/uploads\/2022\/11\/VISUEL-03-112_20220603_1er-RA-40eme-RA.jpg\" class=\"attachment-full size-full wp-image-27639\" alt=\"\" srcset=\"https:\/\/ihedn.fr\/wp-content\/uploads\/2022\/11\/VISUEL-03-112_20220603_1er-RA-40eme-RA.jpg 2305w, https:\/\/ihedn.fr\/wp-content\/uploads\/2022\/11\/VISUEL-03-112_20220603_1er-RA-40eme-RA-1536x1024.jpg 1536w, https:\/\/ihedn.fr\/wp-content\/uploads\/2022\/11\/VISUEL-03-112_20220603_1er-RA-40eme-RA-2048x1366.jpg 2048w\" sizes=\"(max-width: 2305px) 100vw, 2305px\" \/><\/div>\n\t\t<\/a>\n\t\t\t\t<div class=\"elementor-post__text\">\n\t\t\t\t<h5 class=\"elementor-post__title\">\n\t\t\t<a href=\"https:\/\/ihedn.fr\/en\/notre-selection\/quest-ce-que-la-guerre-juste\/\" >\n\t\t\t\tWhat is a just war?\t\t\t<\/a>\n\t\t<\/h5>\n\t\t\t\t<div class=\"elementor-post__meta-data\">\n\t\t\t\t\t<span class=\"elementor-post-date\">\n\t\t\t11 November 2022\t\t<\/span>\n\t\t\t\t<\/div>\n\t\t\n\t\t<a class=\"elementor-post__read-more\" href=\"https:\/\/ihedn.fr\/en\/notre-selection\/quest-ce-que-la-guerre-juste\/\" aria-label=\"Read more about What is a just war?\" tabindex=\"-1\" >\n\t\t\tRead more \"\t\t<\/a>\n\n\t\t\t\t<\/div>\n\t\t\t\t<\/article>\n\t\t\t\t<article class=\"elementor-post elementor-grid-item post-27488 post type-post status-publish format-standard has-post-thumbnail hentry category-notre-selection category-precedents-conferences category-securite-internationale\" role=\"listitem\">\n\t\t\t\t<a class=\"elementor-post__thumbnail__link\" href=\"https:\/\/ihedn.fr\/en\/lundis-de-lihedn\/precedents-conferences\/les-espaces-maritimes-face-au-triptyque-competition-contestation-affrontement\/\" tabindex=\"-1\" >\n\t\t\t<div class=\"elementor-post__thumbnail\"><img loading=\"lazy\" decoding=\"async\" width=\"1600\" height=\"900\" src=\"https:\/\/ihedn.fr\/wp-content\/uploads\/2022\/09\/IHEDN-ESM.jpg\" class=\"attachment-full size-full wp-image-26785\" alt=\"\" srcset=\"https:\/\/ihedn.fr\/wp-content\/uploads\/2022\/09\/IHEDN-ESM.jpg 1600w, https:\/\/ihedn.fr\/wp-content\/uploads\/2022\/09\/IHEDN-ESM-1536x864.jpg 1536w\" sizes=\"(max-width: 1600px) 100vw, 1600px\" \/><\/div>\n\t\t<\/a>\n\t\t\t\t<div class=\"elementor-post__text\">\n\t\t\t\t<h5 class=\"elementor-post__title\">\n\t\t\t<a href=\"https:\/\/ihedn.fr\/en\/lundis-de-lihedn\/precedents-conferences\/les-espaces-maritimes-face-au-triptyque-competition-contestation-affrontement\/\" >\n\t\t\t\tMaritime spaces faced with the triptych of competition-contestation-clash.\t\t\t<\/a>\n\t\t<\/h5>\n\t\t\t\t<div class=\"elementor-post__meta-data\">\n\t\t\t\t\t<span class=\"elementor-post-date\">\n\t\t\t10 November 2022\t\t<\/span>\n\t\t\t\t<\/div>\n\t\t\n\t\t<a class=\"elementor-post__read-more\" href=\"https:\/\/ihedn.fr\/en\/lundis-de-lihedn\/precedents-conferences\/les-espaces-maritimes-face-au-triptyque-competition-contestation-affrontement\/\" aria-label=\"Read more about Maritime spaces faced with the triptych of competition-contestation-clash.\" tabindex=\"-1\" >\n\t\t\tRead more \"\t\t<\/a>\n\n\t\t\t\t<\/div>\n\t\t\t\t<\/article>\n\t\t\t\t<article class=\"elementor-post elementor-grid-item post-27420 post type-post status-publish format-standard has-post-thumbnail hentry category-defense-militaire category-notre-selection category-precedents-conferences\" role=\"listitem\">\n\t\t\t\t<a class=\"elementor-post__thumbnail__link\" href=\"https:\/\/ihedn.fr\/en\/lundis-de-lihedn\/precedents-conferences\/le-gca-benoit-durieux-la-guerre-totale-interdit-toute-paix-ulterieure\/\" tabindex=\"-1\" >\n\t\t\t<div class=\"elementor-post__thumbnail\"><img loading=\"lazy\" decoding=\"async\" width=\"1600\" height=\"900\" src=\"https:\/\/ihedn.fr\/wp-content\/uploads\/2022\/11\/La_guerre_totale_Slider_3.jpg\" class=\"attachment-full size-full wp-image-27446\" alt=\"\" srcset=\"https:\/\/ihedn.fr\/wp-content\/uploads\/2022\/11\/La_guerre_totale_Slider_3.jpg 1600w, https:\/\/ihedn.fr\/wp-content\/uploads\/2022\/11\/La_guerre_totale_Slider_3-1536x864.jpg 1536w\" sizes=\"(max-width: 1600px) 100vw, 1600px\" \/><\/div>\n\t\t<\/a>\n\t\t\t\t<div class=\"elementor-post__text\">\n\t\t\t\t<h5 class=\"elementor-post__title\">\n\t\t\t<a href=\"https:\/\/ihedn.fr\/en\/lundis-de-lihedn\/precedents-conferences\/le-gca-benoit-durieux-la-guerre-totale-interdit-toute-paix-ulterieure\/\" >\n\t\t\t\tLt-Gen Beno\u00eet Durieux: \"Total war forbids any subsequent peace\".\t\t\t<\/a>\n\t\t<\/h5>\n\t\t\t\t<div class=\"elementor-post__meta-data\">\n\t\t\t\t\t<span class=\"elementor-post-date\">\n\t\t\t8 November 2022\t\t<\/span>\n\t\t\t\t<\/div>\n\t\t\n\t\t<a class=\"elementor-post__read-more\" href=\"https:\/\/ihedn.fr\/en\/lundis-de-lihedn\/precedents-conferences\/le-gca-benoit-durieux-la-guerre-totale-interdit-toute-paix-ulterieure\/\" aria-label=\"Read more about Lt-Gen Beno\u00eet Durieux: &quot;Total war forbids any subsequent peace&quot;.\" tabindex=\"-1\" >\n\t\t\tRead more \"\t\t<\/a>\n\n\t\t\t\t<\/div>\n\t\t\t\t<\/article>\n\t\t\t\t<article class=\"elementor-post elementor-grid-item post-20706 post type-post status-publish format-standard has-post-thumbnail hentry category-lundis-de-lihedn-mediatheque category-lundis-de-lihedn category-mediatheque category-precedents-conferences\" role=\"listitem\">\n\t\t\t\t<a class=\"elementor-post__thumbnail__link\" href=\"https:\/\/ihedn.fr\/en\/lundis-de-lihedn\/les-armes-de-la-desinformation\/\" tabindex=\"-1\" >\n\t\t\t<div class=\"elementor-post__thumbnail\"><img decoding=\"async\" width=\"2560\" height=\"1311\" src=\"https:\/\/ihedn.fr\/wp-content\/uploads\/2022\/03\/AVRIL_2022_BANDEAU_1500x768-scaled.jpg\" class=\"attachment-full size-full wp-image-20709\" alt=\"\u00aeIHEDN - Les armes de la d\u00e9sinformation\" srcset=\"https:\/\/ihedn.fr\/wp-content\/uploads\/2022\/03\/AVRIL_2022_BANDEAU_1500x768-scaled.jpg 2560w, https:\/\/ihedn.fr\/wp-content\/uploads\/2022\/03\/AVRIL_2022_BANDEAU_1500x768-1536x786.jpg 1536w, https:\/\/ihedn.fr\/wp-content\/uploads\/2022\/03\/AVRIL_2022_BANDEAU_1500x768-2048x1049.jpg 2048w\" sizes=\"(max-width: 2560px) 100vw, 2560px\" \/><\/div>\n\t\t<\/a>\n\t\t\t\t<div class=\"elementor-post__text\">\n\t\t\t\t<h5 class=\"elementor-post__title\">\n\t\t\t<a href=\"https:\/\/ihedn.fr\/en\/lundis-de-lihedn\/les-armes-de-la-desinformation\/\" >\n\t\t\t\tThe weapons of disinformation\t\t\t<\/a>\n\t\t<\/h5>\n\t\t\t\t<div class=\"elementor-post__meta-data\">\n\t\t\t\t\t<span class=\"elementor-post-date\">\n\t\t\t11 March 2022\t\t<\/span>\n\t\t\t\t<\/div>\n\t\t\n\t\t<a class=\"elementor-post__read-more\" href=\"https:\/\/ihedn.fr\/en\/lundis-de-lihedn\/les-armes-de-la-desinformation\/\" aria-label=\"Read more about The weapons of disinformation\" tabindex=\"-1\" >\n\t\t\tRead more \"\t\t<\/a>\n\n\t\t\t\t<\/div>\n\t\t\t\t<\/article>\n\t\t\t\t<article class=\"elementor-post elementor-grid-item post-16270 post type-post status-publish format-standard has-post-thumbnail hentry category-lundis-de-lihedn-mediatheque category-lundis-de-lihedn category-mediatheque category-precedents-conferences\" role=\"listitem\">\n\t\t\t\t<a class=\"elementor-post__thumbnail__link\" href=\"https:\/\/ihedn.fr\/en\/lundis-de-lihedn\/pour-une-realpolitik-de-leurope\/\" tabindex=\"-1\" >\n\t\t\t<div class=\"elementor-post__thumbnail\"><img decoding=\"async\" width=\"1500\" height=\"768\" src=\"https:\/\/ihedn.fr\/wp-content\/uploads\/2021\/11\/DEC_2021_BANDEAU_1500x768-1.jpg\" class=\"attachment-full size-full wp-image-16448\" alt=\"\" srcset=\"https:\/\/ihedn.fr\/wp-content\/uploads\/2021\/11\/DEC_2021_BANDEAU_1500x768-1.jpg 1500w, https:\/\/ihedn.fr\/wp-content\/uploads\/2021\/11\/DEC_2021_BANDEAU_1500x768-1-600x307.jpg 600w\" sizes=\"(max-width: 1500px) 100vw, 1500px\" \/><\/div>\n\t\t<\/a>\n\t\t\t\t<div class=\"elementor-post__text\">\n\t\t\t\t<h5 class=\"elementor-post__title\">\n\t\t\t<a href=\"https:\/\/ihedn.fr\/en\/lundis-de-lihedn\/pour-une-realpolitik-de-leurope\/\" >\n\t\t\t\tFor a \"realpolitik\" for Europe?\t\t\t<\/a>\n\t\t<\/h5>\n\t\t\t\t<div class=\"elementor-post__meta-data\">\n\t\t\t\t\t<span class=\"elementor-post-date\">\n\t\t\t17 November 2021\t\t<\/span>\n\t\t\t\t<\/div>\n\t\t\n\t\t<a class=\"elementor-post__read-more\" href=\"https:\/\/ihedn.fr\/en\/lundis-de-lihedn\/pour-une-realpolitik-de-leurope\/\" aria-label=\"Read more about A &quot;realpolitik&quot; for Europe?\" tabindex=\"-1\" >\n\t\t\tRead more \"\t\t<\/a>\n\n\t\t\t\t<\/div>\n\t\t\t\t<\/article>\n\t\t\t\t<\/div>\n\t\t\n\t\t\t\t<div class=\"e-load-more-anchor\" data-page=\"1\" data-max-page=\"2\" data-next-page=\"https:\/\/ihedn.fr\/en\/wp-json\/wp\/v2\/pages\/487\/page\/2\/\"><\/div>\n\t\t\t\t<nav class=\"elementor-pagination\" aria-label=\"Pagination\">\n\t\t\t<span aria-current=\"page\" class=\"page-numbers current\"><span class=\"elementor-screen-only\">Page<\/span>1<\/span>\n<a class=\"page-numbers\" href=\"https:\/\/ihedn.fr\/en\/wp-json\/wp\/v2\/pages\/487\/page\/2\/\"><span class=\"elementor-screen-only\">Page<\/span>2<\/a>\t\t<\/nav>\n\t\t\t\t\t\t<\/div>\n\t\t\t\t<\/div>\n\t\t\t\t\t<\/div>\n\t\t<\/div>\n\t\t\t\t\t<\/div>\n\t\t<\/section>\n\t\t\t\t<section data-particle_enable=\"false\" data-particle-mobile-disabled=\"false\" class=\"elementor-section elementor-top-section elementor-element elementor-element-2ce7533 elementor-section-boxed elementor-section-height-default elementor-section-height-default\" data-id=\"2ce7533\" data-element_type=\"section\" data-e-type=\"section\">\n\t\t\t\t\t\t<div class=\"elementor-container elementor-column-gap-default\">\n\t\t\t\t\t<div class=\"elementor-column elementor-col-100 elementor-top-column elementor-element elementor-element-11276db\" data-id=\"11276db\" data-element_type=\"column\" data-e-type=\"column\">\n\t\t\t<div class=\"elementor-widget-wrap elementor-element-populated\">\n\t\t\t\t\t\t<div class=\"elementor-element elementor-element-690e426 elementor-widget elementor-widget-text-editor\" data-id=\"690e426\" data-element_type=\"widget\" data-e-type=\"widget\" data-widget_type=\"text-editor.default\">\n\t\t\t\t<div class=\"elementor-widget-container\">\n\t\t\t\t\t\t\t\t\t<p>Visit <a href=\"https:\/\/candidatures.ihedn.fr\/mediatheque\/video\"><strong><em><span style=\"color: #3366ff;\">the archives<\/span><\/em><\/strong><\/a><\/p>\t\t\t\t\t\t\t\t<\/div>\n\t\t\t\t<\/div>\n\t\t\t\t\t<\/div>\n\t\t<\/div>\n\t\t\t\t\t<\/div>\n\t\t<\/section>\n\t\t\t\t<\/div>","protected":false},"excerpt":{"rendered":"<p>Presentation The IHEDN does not intend to approve or disapprove of opinions expressed at conferences. Consult the archives<\/p>","protected":false},"author":1,"featured_media":0,"parent":467,"menu_order":0,"comment_status":"closed","ping_status":"closed","template":"","meta":{"footnotes":""},"class_list":["post-487","page","type-page","status-publish","hentry"],"yoast_head":"<!-- This site is optimized with the Yoast SEO plugin v27.5 - https:\/\/yoast.com\/product\/yoast-seo-wordpress\/ -->\n<title>Rediffusion - L&#039;IHEDN : Institut des hautes \u00e9tudes de d\u00e9fense nationale<\/title>\n<meta name=\"robots\" content=\"index, follow, max-snippet:-1, max-image-preview:large, max-video-preview:-1\" \/>\n<link rel=\"canonical\" href=\"https:\/\/ihedn.fr\/en\/conferences\/rediffusion\/\" \/>\n<meta property=\"og:locale\" content=\"en_GB\" \/>\n<meta property=\"og:type\" content=\"article\" \/>\n<meta property=\"og:title\" content=\"Rediffusion - L&#039;IHEDN : Institut des hautes \u00e9tudes de d\u00e9fense nationale\" \/>\n<meta property=\"og:description\" content=\"Pr\u00e9sentation L&rsquo;IHEDN n&rsquo;entend donner aucune approbation ni improbation aux opinions \u00e9mises dans le cadre des conf\u00e9rences. Consultez les archives\" \/>\n<meta property=\"og:url\" content=\"https:\/\/ihedn.fr\/en\/conferences\/rediffusion\/\" \/>\n<meta property=\"og:site_name\" content=\"L&#039;IHEDN : Institut des hautes \u00e9tudes de d\u00e9fense nationale\" \/>\n<meta property=\"article:publisher\" content=\"https:\/\/www.facebook.com\/ihedn\/\" \/>\n<meta property=\"article:modified_time\" content=\"2021-10-12T11:32:53+00:00\" \/>\n<meta name=\"twitter:card\" content=\"summary_large_image\" \/>\n<meta name=\"twitter:site\" content=\"@IHEDN\" \/>\n<meta name=\"twitter:label1\" content=\"Estimated reading time\" \/>\n\t<meta name=\"twitter:data1\" content=\"6 minutes\" \/>\n<script type=\"application\/ld+json\" class=\"yoast-schema-graph\">{\"@context\":\"https:\\\/\\\/schema.org\",\"@graph\":[{\"@type\":\"WebPage\",\"@id\":\"https:\\\/\\\/ihedn.fr\\\/conferences\\\/rediffusion\\\/\",\"url\":\"https:\\\/\\\/ihedn.fr\\\/conferences\\\/rediffusion\\\/\",\"name\":\"Rediffusion - L&#039;IHEDN : Institut des hautes \u00e9tudes de d\u00e9fense nationale\",\"isPartOf\":{\"@id\":\"https:\\\/\\\/ihedn.fr\\\/#website\"},\"datePublished\":\"2020-11-27T14:18:16+00:00\",\"dateModified\":\"2021-10-12T11:32:53+00:00\",\"breadcrumb\":{\"@id\":\"https:\\\/\\\/ihedn.fr\\\/conferences\\\/rediffusion\\\/#breadcrumb\"},\"inLanguage\":\"en-GB\",\"potentialAction\":[{\"@type\":\"ReadAction\",\"target\":[\"https:\\\/\\\/ihedn.fr\\\/conferences\\\/rediffusion\\\/\"]}]},{\"@type\":\"BreadcrumbList\",\"@id\":\"https:\\\/\\\/ihedn.fr\\\/conferences\\\/rediffusion\\\/#breadcrumb\",\"itemListElement\":[{\"@type\":\"ListItem\",\"position\":1,\"name\":\"Accueil\",\"item\":\"https:\\\/\\\/ihedn.fr\\\/\"},{\"@type\":\"ListItem\",\"position\":2,\"name\":\"Conf\u00e9rences\",\"item\":\"https:\\\/\\\/ihedn.fr\\\/conferences\\\/\"},{\"@type\":\"ListItem\",\"position\":3,\"name\":\"Rediffusion\"}]},{\"@type\":\"WebSite\",\"@id\":\"https:\\\/\\\/ihedn.fr\\\/#website\",\"url\":\"https:\\\/\\\/ihedn.fr\\\/\",\"name\":\"IHEDN : Institut des hautes \u00e9tudes de d\u00e9fense nationale |\",\"description\":\"Site officiel de l&#039;IHEDN plac\u00e9 sous la tutelle du Premier ministre.\",\"publisher\":{\"@id\":\"https:\\\/\\\/ihedn.fr\\\/#organization\"},\"potentialAction\":[{\"@type\":\"SearchAction\",\"target\":{\"@type\":\"EntryPoint\",\"urlTemplate\":\"https:\\\/\\\/ihedn.fr\\\/?s={search_term_string}\"},\"query-input\":{\"@type\":\"PropertyValueSpecification\",\"valueRequired\":true,\"valueName\":\"search_term_string\"}}],\"inLanguage\":\"en-GB\"},{\"@type\":\"Organization\",\"@id\":\"https:\\\/\\\/ihedn.fr\\\/#organization\",\"name\":\"IHEDN - Institut des Hautes Etudes de D\u00e9fense Nationale\",\"url\":\"https:\\\/\\\/ihedn.fr\\\/\",\"logo\":{\"@type\":\"ImageObject\",\"inLanguage\":\"en-GB\",\"@id\":\"https:\\\/\\\/ihedn.fr\\\/#\\\/schema\\\/logo\\\/image\\\/\",\"url\":\"https:\\\/\\\/ihedn.fr\\\/wp-content\\\/uploads\\\/2020\\\/11\\\/BLOC_RF_IHEDN_WEB.png\",\"contentUrl\":\"https:\\\/\\\/ihedn.fr\\\/wp-content\\\/uploads\\\/2020\\\/11\\\/BLOC_RF_IHEDN_WEB.png\",\"width\":500,\"height\":237,\"caption\":\"IHEDN - Institut des Hautes Etudes de D\u00e9fense Nationale\"},\"image\":{\"@id\":\"https:\\\/\\\/ihedn.fr\\\/#\\\/schema\\\/logo\\\/image\\\/\"},\"sameAs\":[\"https:\\\/\\\/www.facebook.com\\\/ihedn\\\/\",\"https:\\\/\\\/x.com\\\/IHEDN\",\"https:\\\/\\\/www.instagram.com\\\/ihedn\\\/\",\"https:\\\/\\\/www.linkedin.com\\\/school\\\/ihedn\\\/\",\"https:\\\/\\\/fr.wikipedia.org\\\/wiki\\\/Institut_des_hautes_\u00e9tudes_de_D\u00e9fense_nationale\"]}]}<\/script>\n<!-- \/ Yoast SEO plugin. -->","yoast_head_json":{"title":"Rebroadcast - IHEDN: Institut des hautes \u00e9tudes de d\u00e9fense nationale (French Institute for Advanced National Defence Studies)","robots":{"index":"index","follow":"follow","max-snippet":"max-snippet:-1","max-image-preview":"max-image-preview:large","max-video-preview":"max-video-preview:-1"},"canonical":"https:\/\/ihedn.fr\/en\/conferences\/rediffusion\/","og_locale":"en_GB","og_type":"article","og_title":"Rediffusion - L&#039;IHEDN : Institut des hautes \u00e9tudes de d\u00e9fense nationale","og_description":"Pr\u00e9sentation L&rsquo;IHEDN n&rsquo;entend donner aucune approbation ni improbation aux opinions \u00e9mises dans le cadre des conf\u00e9rences. Consultez les archives","og_url":"https:\/\/ihedn.fr\/en\/conferences\/rediffusion\/","og_site_name":"L&#039;IHEDN : Institut des hautes \u00e9tudes de d\u00e9fense nationale","article_publisher":"https:\/\/www.facebook.com\/ihedn\/","article_modified_time":"2021-10-12T11:32:53+00:00","twitter_card":"summary_large_image","twitter_site":"@IHEDN","twitter_misc":{"Estimated reading time":"6 minutes"},"schema":{"@context":"https:\/\/schema.org","@graph":[{"@type":"WebPage","@id":"https:\/\/ihedn.fr\/conferences\/rediffusion\/","url":"https:\/\/ihedn.fr\/conferences\/rediffusion\/","name":"Rebroadcast - IHEDN: Institut des hautes \u00e9tudes de d\u00e9fense nationale (French Institute for Advanced National Defence Studies)","isPartOf":{"@id":"https:\/\/ihedn.fr\/#website"},"datePublished":"2020-11-27T14:18:16+00:00","dateModified":"2021-10-12T11:32:53+00:00","breadcrumb":{"@id":"https:\/\/ihedn.fr\/conferences\/rediffusion\/#breadcrumb"},"inLanguage":"en-GB","potentialAction":[{"@type":"ReadAction","target":["https:\/\/ihedn.fr\/conferences\/rediffusion\/"]}]},{"@type":"BreadcrumbList","@id":"https:\/\/ihedn.fr\/conferences\/rediffusion\/#breadcrumb","itemListElement":[{"@type":"ListItem","position":1,"name":"Accueil","item":"https:\/\/ihedn.fr\/"},{"@type":"ListItem","position":2,"name":"Conf\u00e9rences","item":"https:\/\/ihedn.fr\/conferences\/"},{"@type":"ListItem","position":3,"name":"Rediffusion"}]},{"@type":"WebSite","@id":"https:\/\/ihedn.fr\/#website","url":"https:\/\/ihedn.fr\/","name":"IHEDN: Institut des hautes \u00e9tudes de d\u00e9fense nationale (Institute for Higher National Defence Studies)","description":"Official website of the IHEDN under the supervision of the Prime Minister.","publisher":{"@id":"https:\/\/ihedn.fr\/#organization"},"potentialAction":[{"@type":"SearchAction","target":{"@type":"EntryPoint","urlTemplate":"https:\/\/ihedn.fr\/?s={search_term_string}"},"query-input":{"@type":"PropertyValueSpecification","valueRequired":true,"valueName":"search_term_string"}}],"inLanguage":"en-GB"},{"@type":"Organization","@id":"https:\/\/ihedn.fr\/#organization","name":"IHEDN - Institute for Higher National Defence Studies","url":"https:\/\/ihedn.fr\/","logo":{"@type":"ImageObject","inLanguage":"en-GB","@id":"https:\/\/ihedn.fr\/#\/schema\/logo\/image\/","url":"https:\/\/ihedn.fr\/wp-content\/uploads\/2020\/11\/BLOC_RF_IHEDN_WEB.png","contentUrl":"https:\/\/ihedn.fr\/wp-content\/uploads\/2020\/11\/BLOC_RF_IHEDN_WEB.png","width":500,"height":237,"caption":"IHEDN - Institut des Hautes Etudes de D\u00e9fense Nationale"},"image":{"@id":"https:\/\/ihedn.fr\/#\/schema\/logo\/image\/"},"sameAs":["https:\/\/www.facebook.com\/ihedn\/","https:\/\/x.com\/IHEDN","https:\/\/www.instagram.com\/ihedn\/","https:\/\/www.linkedin.com\/school\/ihedn\/","https:\/\/fr.wikipedia.org\/wiki\/Institut_des_hautes_\u00e9tudes_de_D\u00e9fense_nationale"]}]}},"publishpress_future_action":{"enabled":false,"date":"2026-05-08 03:27:53","action":"change-status","newStatus":"draft","terms":[],"taxonomy":"","extraData":[]},"publishpress_future_workflow_manual_trigger":{"enabledWorkflows":[]},"_links":{"self":[{"href":"https:\/\/ihedn.fr\/en\/wp-json\/wp\/v2\/pages\/487","targetHints":{"allow":["GET"]}}],"collection":[{"href":"https:\/\/ihedn.fr\/en\/wp-json\/wp\/v2\/pages"}],"about":[{"href":"https:\/\/ihedn.fr\/en\/wp-json\/wp\/v2\/types\/page"}],"author":[{"embeddable":true,"href":"https:\/\/ihedn.fr\/en\/wp-json\/wp\/v2\/users\/1"}],"replies":[{"embeddable":true,"href":"https:\/\/ihedn.fr\/en\/wp-json\/wp\/v2\/comments?post=487"}],"version-history":[{"count":5,"href":"https:\/\/ihedn.fr\/en\/wp-json\/wp\/v2\/pages\/487\/revisions"}],"predecessor-version":[{"id":15244,"href":"https:\/\/ihedn.fr\/en\/wp-json\/wp\/v2\/pages\/487\/revisions\/15244"}],"up":[{"embeddable":true,"href":"https:\/\/ihedn.fr\/en\/wp-json\/wp\/v2\/pages\/467"}],"wp:attachment":[{"href":"https:\/\/ihedn.fr\/en\/wp-json\/wp\/v2\/media?parent=487"}],"curies":[{"name":"wp","href":"https:\/\/api.w.org\/{rel}","templated":true}]}}