{"id":49533,"date":"2024-08-02T09:21:51","date_gmt":"2024-08-02T08:21:51","guid":{"rendered":"https:\/\/ihedn.fr\/?page_id=49533"},"modified":"2026-04-16T15:55:55","modified_gmt":"2026-04-16T14:55:55","slug":"cycles-longs","status":"publish","type":"page","link":"https:\/\/ihedn.fr\/en\/se-former\/intelligence-economique\/cycles-longs\/","title":{"rendered":"Long cycles IES"},"content":{"rendered":"\t\t<div data-elementor-type=\"wp-page\" data-elementor-id=\"49533\" class=\"elementor elementor-49533\" data-elementor-post-type=\"page\">\n\t\t\t\t<div data-particle_enable=\"false\" data-particle-mobile-disabled=\"false\" class=\"elementor-element elementor-element-c1dfd69 e-flex e-con-boxed e-con e-parent\" data-id=\"c1dfd69\" data-element_type=\"container\" data-e-type=\"container\">\n\t\t\t\t\t<div class=\"e-con-inner\">\n\t\t\t\t<div class=\"elementor-element elementor-element-b966e26 elementor-widget elementor-widget-breadcrumbs\" data-id=\"b966e26\" data-element_type=\"widget\" data-e-type=\"widget\" data-widget_type=\"breadcrumbs.default\">\n\t\t\t\t<div class=\"elementor-widget-container\">\n\t\t\t\t\t<div id=\"breadcrumbs\"><span><span><a href=\"https:\/\/ihedn.fr\/\">Accueil<\/a><\/span><\/span><\/div>\t\t\t\t<\/div>\n\t\t\t\t<\/div>\n\t\t\t\t\t<\/div>\n\t\t\t\t<\/div>\n\t\t<div data-particle_enable=\"false\" data-particle-mobile-disabled=\"false\" class=\"elementor-element elementor-element-b8e5121 e-con-full e-flex e-con e-child\" data-id=\"b8e5121\" data-element_type=\"container\" data-e-type=\"container\">\n\t\t\t\t<div class=\"elementor-element elementor-element-d8bcb0d elementor-widget__width-inherit elementor-widget-tablet__width-initial elementor-widget elementor-widget-heading\" data-id=\"d8bcb0d\" data-element_type=\"widget\" data-e-type=\"widget\" data-widget_type=\"heading.default\">\n\t\t\t\t<div class=\"elementor-widget-container\">\n\t\t\t\t\t<h1 class=\"elementor-heading-title elementor-size-default\">cycles longs en intelligence \u00e9conomique et strat\u00e9gique<\/h1>\t\t\t\t<\/div>\n\t\t\t\t<\/div>\n\t\t\t\t<div class=\"elementor-element elementor-element-9980c1f elementor-widget-divider--view-line elementor-invisible elementor-widget elementor-widget-divider\" data-id=\"9980c1f\" data-element_type=\"widget\" data-e-type=\"widget\" data-settings=\"{&quot;_animation&quot;:&quot;fadeInUp&quot;,&quot;_animation_delay&quot;:100}\" data-widget_type=\"divider.default\">\n\t\t\t\t<div class=\"elementor-widget-container\">\n\t\t\t\t\t\t\t<div class=\"elementor-divider\">\n\t\t\t<span class=\"elementor-divider-separator\">\n\t\t\t\t\t\t<\/span>\n\t\t<\/div>\n\t\t\t\t\t\t<\/div>\n\t\t\t\t<\/div>\n\t\t\t\t<\/div>\n\t\t<div data-particle_enable=\"false\" data-particle-mobile-disabled=\"false\" class=\"elementor-element elementor-element-e6a61b6 e-flex e-con-boxed e-con e-parent\" data-id=\"e6a61b6\" data-element_type=\"container\" data-e-type=\"container\">\n\t\t\t\t\t<div class=\"e-con-inner\">\n\t\t\t\t<div class=\"elementor-element elementor-element-9d72404 elementor-widget elementor-widget-text-editor\" data-id=\"9d72404\" data-element_type=\"widget\" data-e-type=\"widget\" data-widget_type=\"text-editor.default\">\n\t\t\t\t<div class=\"elementor-widget-container\">\n\t\t\t\t\t\t\t\t\t<p style=\"text-align: left;\"><strong>Pour se sensibiliser aux enjeux de souverainet\u00e9 \u00e9conomique et num\u00e9rique<\/strong><strong>. <\/strong><\/p>\t\t\t\t\t\t\t\t<\/div>\n\t\t\t\t<\/div>\n\t\t\t\t<div class=\"elementor-element elementor-element-c351315 elementor-widget elementor-widget-text-editor\" data-id=\"c351315\" data-element_type=\"widget\" data-e-type=\"widget\" data-widget_type=\"text-editor.default\">\n\t\t\t\t<div class=\"elementor-widget-container\">\n\t\t\t\t\t\t\t\t\t<p style=\"text-align: left;\">Les cycles en Intelligence \u00e9conomique et strat\u00e9gique (IES) permettent aux auditeurs de comprendre, puis de concevoir une d\u00e9marche d\u2019intelligence \u00e9conomique globale en s\u2019appuyant sur les ressources internes d\u2019une organisation.<\/p><p style=\"text-align: left;\">Ils sont con\u00e7us pour doter les auditeurs des comp\u00e9tences n\u00e9cessaires pour identifier et exploiter les informations strat\u00e9giques afin de renforcer la comp\u00e9titivit\u00e9 et la s\u00e9curit\u00e9 de leur organisation. Ils b\u00e9n\u00e9ficient de la participation des services l\u2019\u00c9tat impliqu\u00e9s dans les questions de s\u00e9curit\u00e9 \u00e9conomique et de cybers\u00e9curit\u00e9.<\/p>\t\t\t\t\t\t\t\t<\/div>\n\t\t\t\t<\/div>\n\t\t\t\t<div class=\"elementor-element elementor-element-6d0d914 elementor-position-inline-end elementor-view-default elementor-mobile-position-block-start elementor-widget elementor-widget-icon-box\" data-id=\"6d0d914\" data-element_type=\"widget\" data-e-type=\"widget\" data-widget_type=\"icon-box.default\">\n\t\t\t\t<div class=\"elementor-widget-container\">\n\t\t\t\t\t\t\t<div class=\"elementor-icon-box-wrapper\">\n\n\t\t\t\t\t\t<div class=\"elementor-icon-box-icon\">\n\t\t\t\t<a href=\"https:\/\/ihedn.fr\/wp-content\/uploads\/2026\/02\/Cycles-Longs-Feb-2026.pdf\" target=\"_blank\" class=\"elementor-icon\" tabindex=\"-1\" aria-label=\"T\u00e9l\u00e9charger la brochure\">\n\t\t\t\t<svg aria-hidden=\"true\" class=\"e-font-icon-svg e-fas-file-download\" viewBox=\"0 0 384 512\" xmlns=\"http:\/\/www.w3.org\/2000\/svg\"><path d=\"M224 136V0H24C10.7 0 0 10.7 0 24v464c0 13.3 10.7 24 24 24h336c13.3 0 24-10.7 24-24V160H248c-13.2 0-24-10.8-24-24zm76.45 211.36l-96.42 95.7c-6.65 6.61-17.39 6.61-24.04 0l-96.42-95.7C73.42 337.29 80.54 320 94.82 320H160v-80c0-8.84 7.16-16 16-16h32c8.84 0 16 7.16 16 16v80h65.18c14.28 0 21.4 17.29 11.27 27.36zM377 105L279.1 7c-4.5-4.5-10.6-7-17-7H256v128h128v-6.1c0-6.3-2.5-12.4-7-16.9z\"><\/path><\/svg>\t\t\t\t<\/a>\n\t\t\t<\/div>\n\t\t\t\n\t\t\t\t\t\t<div class=\"elementor-icon-box-content\">\n\n\t\t\t\t\t\t\t\t\t<h3 class=\"elementor-icon-box-title\">\n\t\t\t\t\t\t<a href=\"https:\/\/ihedn.fr\/wp-content\/uploads\/2026\/02\/Cycles-Longs-Feb-2026.pdf\" target=\"_blank\" >\n\t\t\t\t\t\t\tT\u00e9l\u00e9charger la brochure\t\t\t\t\t\t<\/a>\n\t\t\t\t\t<\/h3>\n\t\t\t\t\n\t\t\t\t\n\t\t\t<\/div>\n\t\t\t\n\t\t<\/div>\n\t\t\t\t\t\t<\/div>\n\t\t\t\t<\/div>\n\t\t\t\t\t<\/div>\n\t\t\t\t<\/div>\n\t\t<div data-particle_enable=\"false\" data-particle-mobile-disabled=\"false\" class=\"elementor-element elementor-element-1f6027b e-con-full e-flex e-con e-child\" data-id=\"1f6027b\" data-element_type=\"container\" data-e-type=\"container\">\n\t\t\t\t<div class=\"elementor-element elementor-element-bea4e23 elementor-widget elementor-widget-menu-anchor\" data-id=\"bea4e23\" data-element_type=\"widget\" data-e-type=\"widget\" data-widget_type=\"menu-anchor.default\">\n\t\t\t\t<div class=\"elementor-widget-container\">\n\t\t\t\t\t\t\t<div class=\"elementor-menu-anchor\" id=\"objectifs\"><\/div>\n\t\t\t\t\t\t<\/div>\n\t\t\t\t<\/div>\n\t\t<div data-particle_enable=\"false\" data-particle-mobile-disabled=\"false\" class=\"elementor-element elementor-element-0cc4795 e-con-full e-flex e-con e-child\" data-id=\"0cc4795\" data-element_type=\"container\" data-e-type=\"container\">\n\t\t\t\t<div class=\"elementor-element elementor-element-c5c7cae elementor-widget elementor-widget-heading\" data-id=\"c5c7cae\" data-element_type=\"widget\" data-e-type=\"widget\" data-widget_type=\"heading.default\">\n\t\t\t\t<div class=\"elementor-widget-container\">\n\t\t\t\t\t<h2 class=\"elementor-heading-title elementor-size-default\">Objectifs et int\u00e9r\u00eats<\/h2>\t\t\t\t<\/div>\n\t\t\t\t<\/div>\n\t\t\t\t<div class=\"elementor-element elementor-element-0b374b8 elementor-widget-divider--view-line elementor-widget elementor-widget-divider\" data-id=\"0b374b8\" data-element_type=\"widget\" data-e-type=\"widget\" data-widget_type=\"divider.default\">\n\t\t\t\t<div class=\"elementor-widget-container\">\n\t\t\t\t\t\t\t<div class=\"elementor-divider\">\n\t\t\t<span class=\"elementor-divider-separator\">\n\t\t\t\t\t\t<\/span>\n\t\t<\/div>\n\t\t\t\t\t\t<\/div>\n\t\t\t\t<\/div>\n\t\t\t\t<\/div>\n\t\t<div data-particle_enable=\"false\" data-particle-mobile-disabled=\"false\" class=\"elementor-element elementor-element-51ce5f3 e-con-full e-flex e-con e-child\" data-id=\"51ce5f3\" data-element_type=\"container\" data-e-type=\"container\">\n\t\t\t\t<div class=\"elementor-element elementor-element-a8d84ea elementor-widget elementor-widget-text-editor\" data-id=\"a8d84ea\" data-element_type=\"widget\" data-e-type=\"widget\" data-widget_type=\"text-editor.default\">\n\t\t\t\t<div class=\"elementor-widget-container\">\n\t\t\t\t\t\t\t\t\t<p style=\"text-align: left;\"><span style=\"color: #e1000f;\"><strong>Objectifs de la session<\/strong><\/span><\/p><ul><li style=\"text-align: left;\"><strong>Comprendre <\/strong>l\u2019architecture de la s\u00e9curit\u00e9 \u00e9conomique en France\u00a0;<\/li><li style=\"text-align: left;\"><strong>Se sensibiliser<\/strong><strong>\u00a0<\/strong>aux enjeux de la souverainet\u00e9 \u00e9conomique et num\u00e9rique\u00a0;<\/li><li style=\"text-align: left;\"><strong>Acqu\u00e9rir <\/strong>les m\u00e9thodes et outils pour impl\u00e9menter une d\u00e9marche en intelligence \u00e9conomique au sein d\u2019une organisation<strong>\u00a0; <\/strong><\/li><li style=\"text-align: left;\"><strong>Mieux appr\u00e9hender <\/strong>les diff\u00e9rents leviers d\u2019actions en intelligence \u00e9conomique\u00a0;<\/li><li style=\"text-align: left;\"><strong>D\u00e9velopper<\/strong><strong>\u00a0<\/strong>une plateforme de r\u00e9flexion nationale autour de th\u00e9matiques transverses couvrant les champs de l\u2019intelligence \u00e9conomique.<\/li><\/ul>\t\t\t\t\t\t\t\t<\/div>\n\t\t\t\t<\/div>\n\t\t\t\t<div class=\"elementor-element elementor-element-3ef2989 elementor-widget elementor-widget-text-editor\" data-id=\"3ef2989\" data-element_type=\"widget\" data-e-type=\"widget\" data-widget_type=\"text-editor.default\">\n\t\t\t\t<div class=\"elementor-widget-container\">\n\t\t\t\t\t\t\t\t\t<p style=\"text-align: left;\"><span style=\"color: #e1000f;\"><b>Int\u00e9r\u00eats de la session<\/b><\/span><\/p><p style=\"text-align: left;\">Un cycle IES permet d\u2019acqu\u00e9rir une compr\u00e9hension approfondie des enjeux d\u2019affrontements \u00e9conomiques dans un monde en hyper-concurrence.<\/p><p style=\"text-align: left;\">Il r\u00e9unit de nombreux acteurs de l\u2019IE et de la s\u00e9curit\u00e9 \u00e9conomique et doit permettre aux auditeurs de comprendre et de mettre en \u0153uvre une d\u00e9marche d\u2019intelligence \u00e9conomique en s\u2019appuyant notamment sur les ressources internes d\u2019une organisation.<\/p>\t\t\t\t\t\t\t\t<\/div>\n\t\t\t\t<\/div>\n\t\t\t\t<\/div>\n\t\t\t\t<\/div>\n\t\t<div data-particle_enable=\"false\" data-particle-mobile-disabled=\"false\" class=\"elementor-element elementor-element-20d283e e-con-full e-flex e-con e-child\" data-id=\"20d283e\" data-element_type=\"container\" data-e-type=\"container\">\n\t\t\t\t<div class=\"elementor-element elementor-element-969e81f elementor-widget elementor-widget-menu-anchor\" data-id=\"969e81f\" data-element_type=\"widget\" data-e-type=\"widget\" data-widget_type=\"menu-anchor.default\">\n\t\t\t\t<div class=\"elementor-widget-container\">\n\t\t\t\t\t\t\t<div class=\"elementor-menu-anchor\" id=\"organisation\"><\/div>\n\t\t\t\t\t\t<\/div>\n\t\t\t\t<\/div>\n\t\t<div data-particle_enable=\"false\" data-particle-mobile-disabled=\"false\" class=\"elementor-element elementor-element-edc7ceb e-con-full e-flex e-con e-child\" data-id=\"edc7ceb\" data-element_type=\"container\" data-e-type=\"container\">\n\t\t\t\t<div class=\"elementor-element elementor-element-b788139 elementor-widget elementor-widget-heading\" data-id=\"b788139\" data-element_type=\"widget\" data-e-type=\"widget\" data-widget_type=\"heading.default\">\n\t\t\t\t<div class=\"elementor-widget-container\">\n\t\t\t\t\t<h2 class=\"elementor-heading-title elementor-size-default\">Organisation<\/h2>\t\t\t\t<\/div>\n\t\t\t\t<\/div>\n\t\t\t\t<div class=\"elementor-element elementor-element-900f0d9 elementor-widget-divider--view-line elementor-widget elementor-widget-divider\" data-id=\"900f0d9\" data-element_type=\"widget\" data-e-type=\"widget\" data-widget_type=\"divider.default\">\n\t\t\t\t<div class=\"elementor-widget-container\">\n\t\t\t\t\t\t\t<div class=\"elementor-divider\">\n\t\t\t<span class=\"elementor-divider-separator\">\n\t\t\t\t\t\t<\/span>\n\t\t<\/div>\n\t\t\t\t\t\t<\/div>\n\t\t\t\t<\/div>\n\t\t\t\t<\/div>\n\t\t<div data-particle_enable=\"false\" data-particle-mobile-disabled=\"false\" class=\"elementor-element elementor-element-24f84a0 e-con-full e-flex e-con e-child\" data-id=\"24f84a0\" data-element_type=\"container\" data-e-type=\"container\">\n\t\t\t\t<div class=\"elementor-element elementor-element-d33696c elementor-widget elementor-widget-text-editor\" data-id=\"d33696c\" data-element_type=\"widget\" data-e-type=\"widget\" data-widget_type=\"text-editor.default\">\n\t\t\t\t<div class=\"elementor-widget-container\">\n\t\t\t\t\t\t\t\t\t<p style=\"text-align: left;\">Les cycles IES se d\u00e9roulent sur 7 jours, du mardi au mercredi suivant, soit 49 heures de formation.<\/p>\t\t\t\t\t\t\t\t<\/div>\n\t\t\t\t<\/div>\n\t\t\t\t<\/div>\n\t\t\t\t<\/div>\n\t\t<div data-particle_enable=\"false\" data-particle-mobile-disabled=\"false\" class=\"elementor-element elementor-element-428fb6f e-con-full e-flex e-con e-child\" data-id=\"428fb6f\" data-element_type=\"container\" data-e-type=\"container\">\n\t\t\t\t<div class=\"elementor-element elementor-element-1a7b8c7 elementor-widget elementor-widget-menu-anchor\" data-id=\"1a7b8c7\" data-element_type=\"widget\" data-e-type=\"widget\" data-widget_type=\"menu-anchor.default\">\n\t\t\t\t<div class=\"elementor-widget-container\">\n\t\t\t\t\t\t\t<div class=\"elementor-menu-anchor\" id=\"format\"><\/div>\n\t\t\t\t\t\t<\/div>\n\t\t\t\t<\/div>\n\t\t<div data-particle_enable=\"false\" data-particle-mobile-disabled=\"false\" class=\"elementor-element elementor-element-3247c0d e-con-full e-flex e-con e-child\" data-id=\"3247c0d\" data-element_type=\"container\" data-e-type=\"container\">\n\t\t\t\t<div class=\"elementor-element elementor-element-1a6ed06 elementor-widget elementor-widget-heading\" data-id=\"1a6ed06\" data-element_type=\"widget\" data-e-type=\"widget\" data-widget_type=\"heading.default\">\n\t\t\t\t<div class=\"elementor-widget-container\">\n\t\t\t\t\t<h2 class=\"elementor-heading-title elementor-size-default\">format p\u00e9dagogique<\/h2>\t\t\t\t<\/div>\n\t\t\t\t<\/div>\n\t\t\t\t<div class=\"elementor-element elementor-element-7a3628a elementor-widget-divider--view-line elementor-widget elementor-widget-divider\" data-id=\"7a3628a\" data-element_type=\"widget\" data-e-type=\"widget\" data-widget_type=\"divider.default\">\n\t\t\t\t<div class=\"elementor-widget-container\">\n\t\t\t\t\t\t\t<div class=\"elementor-divider\">\n\t\t\t<span class=\"elementor-divider-separator\">\n\t\t\t\t\t\t<\/span>\n\t\t<\/div>\n\t\t\t\t\t\t<\/div>\n\t\t\t\t<\/div>\n\t\t\t\t<\/div>\n\t\t<div data-particle_enable=\"false\" data-particle-mobile-disabled=\"false\" class=\"elementor-element elementor-element-b79955a e-con-full e-flex e-con e-child\" data-id=\"b79955a\" data-element_type=\"container\" data-e-type=\"container\">\n\t\t\t\t<div class=\"elementor-element elementor-element-59ce06b elementor-widget__width-inherit elementor-widget elementor-widget-text-editor\" data-id=\"59ce06b\" data-element_type=\"widget\" data-e-type=\"widget\" data-widget_type=\"text-editor.default\">\n\t\t\t\t<div class=\"elementor-widget-container\">\n\t\t\t\t\t\t\t\t\t<p style=\"text-align: center;\"><strong><em>\u00ab<\/em><\/strong><strong><em>\u00a0<\/em><\/strong><strong><em>Ma\u00eetriser, analyser et dominer <\/em><\/strong><strong><em>\u00bb<\/em><\/strong><\/p>\t\t\t\t\t\t\t\t<\/div>\n\t\t\t\t<\/div>\n\t\t\t\t<div class=\"elementor-element elementor-element-c1f38b1 elementor-widget elementor-widget-text-editor\" data-id=\"c1f38b1\" data-element_type=\"widget\" data-e-type=\"widget\" data-widget_type=\"text-editor.default\">\n\t\t\t\t<div class=\"elementor-widget-container\">\n\t\t\t\t\t\t\t\t\t<p style=\"text-align: left;\"><span style=\"color: #000091;\"><b>Le triptyque p\u00e9dagogique :<\/b><\/span><\/p><p style=\"text-align: left;\">La p\u00e9dagogie d\u2019un cycle IES repose sur un <strong>triptyque<\/strong><strong>\u00a0<\/strong>\u00e9prouv\u00e9 assurant l\u2019articulation du th\u00e9orique et du pratique, dans le respect de la\u00a0<strong>r\u00e8gle de Chatham House<\/strong><strong>\u00a0<\/strong>:<\/p><ul><li style=\"text-align: left;\"><strong>Des conf\u00e9rences-d\u00e9bats<\/strong><strong>\u00a0<\/strong>fournissant des \u00e9l\u00e9ments d\u2019analyse, de discussion et de compr\u00e9hension des sujets abord\u00e9s ;<\/li><li style=\"text-align: left;\"><strong>Des travaux de comit\u00e9<\/strong> dynamiques autour d\u2019un secteur ou d\u2019une technologie de rupture permettant de mettre en pratique une d\u00e9marche offensive d\u2019IE ; \u00a0<\/li><li style=\"text-align: left;\"><strong>Des visites<\/strong> de sites industriels ou de recherche<\/li><\/ul>\t\t\t\t\t\t\t\t<\/div>\n\t\t\t\t<\/div>\n\t\t\t\t<div class=\"elementor-element elementor-element-37605a1 elementor-widget elementor-widget-text-editor\" data-id=\"37605a1\" data-element_type=\"widget\" data-e-type=\"widget\" data-widget_type=\"text-editor.default\">\n\t\t\t\t<div class=\"elementor-widget-container\">\n\t\t\t\t\t\t\t\t\t<p style=\"text-align: left;\"><span style=\"color: #000091;\"><b>Les modules des cycles IES :<\/b><\/span><\/p><p style=\"text-align: left;\">Les cycles IES sont articul\u00e9s en 5 modules (un par jour dans les limites des agendas) permettant une compr\u00e9hension globale des enjeux de l\u2019intelligence \u00e9conomique et de ses diff\u00e9rents leviers. Chaque cycle est construit autour d\u2019une th\u00e9matique d\u2019actualit\u00e9, choisie comme fil conducteur pour illustrer les notions abord\u00e9es pendant la formation et mettre en \u0153uvre, de mani\u00e8re concr\u00e8te, la m\u00e9thodologie en intelligence \u00e9conomique. Si les secteurs \u00e9tudi\u00e9s varient (semi-conducteurs, c\u00e2bles sous-marins, chiffrement num\u00e9rique\u2026), l\u2019approche reste la m\u00eame : un socle de conf\u00e9rences commun \u00e0 tous les cycles, compl\u00e9t\u00e9 par des visites et travaux d\u2019\u00e9tude adapt\u00e9s afin d\u2019illustrer la diversit\u00e9 des applications possibles.<\/p>\t\t\t\t\t\t\t\t<\/div>\n\t\t\t\t<\/div>\n\t\t\t\t<div class=\"elementor-element elementor-element-a37144b e-n-tabs-mobile elementor-widget elementor-widget-n-tabs\" data-id=\"a37144b\" data-element_type=\"widget\" data-e-type=\"widget\" data-settings=\"{&quot;horizontal_scroll&quot;:&quot;disable&quot;}\" data-widget_type=\"nested-tabs.default\">\n\t\t\t\t<div class=\"elementor-widget-container\">\n\t\t\t\t\t\t\t<div class=\"e-n-tabs\" data-widget-number=\"171381835\" aria-label=\"Tabs. Open items with Enter or Space, close with Escape and navigate using the Arrow keys.\">\n\t\t\t<div class=\"e-n-tabs-heading\" role=\"tablist\">\n\t\t\t\t\t<button id=\"e-n-tab-title-1713818351\" data-tab-title-id=\"e-n-tab-title-1713818351\" class=\"e-n-tab-title\" aria-selected=\"true\" data-tab-index=\"1\" role=\"tab\" tabindex=\"0\" aria-controls=\"e-n-tab-content-1713818351\" style=\"--n-tabs-title-order: 1;\">\n\t\t\t\t\t\t<span class=\"e-n-tab-title-text\">\n\t\t\t\tModule 1\t\t\t<\/span>\n\t\t<\/button>\n\t\t\t\t<button id=\"e-n-tab-title-1713818352\" data-tab-title-id=\"e-n-tab-title-1713818352\" class=\"e-n-tab-title\" aria-selected=\"false\" data-tab-index=\"2\" role=\"tab\" tabindex=\"-1\" aria-controls=\"e-n-tab-content-1713818352\" style=\"--n-tabs-title-order: 2;\">\n\t\t\t\t\t\t<span class=\"e-n-tab-title-text\">\n\t\t\t\tModule 2\t\t\t<\/span>\n\t\t<\/button>\n\t\t\t\t<button id=\"e-n-tab-title-1713818353\" data-tab-title-id=\"e-n-tab-title-1713818353\" class=\"e-n-tab-title\" aria-selected=\"false\" data-tab-index=\"3\" role=\"tab\" tabindex=\"-1\" aria-controls=\"e-n-tab-content-1713818353\" style=\"--n-tabs-title-order: 3;\">\n\t\t\t\t\t\t<span class=\"e-n-tab-title-text\">\n\t\t\t\tModule 3\t\t\t<\/span>\n\t\t<\/button>\n\t\t\t\t<button id=\"e-n-tab-title-1713818354\" data-tab-title-id=\"e-n-tab-title-1713818354\" class=\"e-n-tab-title\" aria-selected=\"false\" data-tab-index=\"4\" role=\"tab\" tabindex=\"-1\" aria-controls=\"e-n-tab-content-1713818354\" style=\"--n-tabs-title-order: 4;\">\n\t\t\t\t\t\t<span class=\"e-n-tab-title-text\">\n\t\t\t\tModule 4\t\t\t<\/span>\n\t\t<\/button>\n\t\t\t\t<button id=\"e-n-tab-title-1713818355\" data-tab-title-id=\"e-n-tab-title-1713818355\" class=\"e-n-tab-title\" aria-selected=\"false\" data-tab-index=\"5\" role=\"tab\" tabindex=\"-1\" aria-controls=\"e-n-tab-content-1713818355\" style=\"--n-tabs-title-order: 5;\">\n\t\t\t\t\t\t<span class=\"e-n-tab-title-text\">\n\t\t\t\tModule 5\t\t\t<\/span>\n\t\t<\/button>\n\t\t\t\t\t<\/div>\n\t\t\t<div class=\"e-n-tabs-content\">\n\t\t\t\t<div data-particle_enable=\"false\" data-particle-mobile-disabled=\"false\" id=\"e-n-tab-content-1713818351\" role=\"tabpanel\" aria-labelledby=\"e-n-tab-title-1713818351\" data-tab-index=\"1\" style=\"--n-tabs-title-order: 1;\" class=\"e-active elementor-element elementor-element-016d44c e-con-full e-flex e-con e-child\" data-id=\"016d44c\" data-element_type=\"container\" data-e-type=\"container\">\n\t\t\t\t<div class=\"elementor-element elementor-element-3a785a7 elementor-widget elementor-widget-text-editor\" data-id=\"3a785a7\" data-element_type=\"widget\" data-e-type=\"widget\" data-widget_type=\"text-editor.default\">\n\t\t\t\t<div class=\"elementor-widget-container\">\n\t\t\t\t\t\t\t\t\t<p style=\"text-align: left;\"><strong>Introduction \u00e0 l\u2019IE et \u00e0 la s\u00e9curit\u00e9 \u00e9conomique :<\/strong><\/p><p style=\"text-align: left;\">Introduction \u00e0 l\u2019IE et pr\u00e9sentation de l\u2019architecture de la s\u00e9curit\u00e9 \u00e9conomique en France.<\/p>\t\t\t\t\t\t\t\t<\/div>\n\t\t\t\t<\/div>\n\t\t\t\t<\/div>\n\t\t<div data-particle_enable=\"false\" data-particle-mobile-disabled=\"false\" id=\"e-n-tab-content-1713818352\" role=\"tabpanel\" aria-labelledby=\"e-n-tab-title-1713818352\" data-tab-index=\"2\" style=\"--n-tabs-title-order: 2;\" class=\" elementor-element elementor-element-ce162ed e-con-full e-flex e-con e-child\" data-id=\"ce162ed\" data-element_type=\"container\" data-e-type=\"container\">\n\t\t\t\t<div class=\"elementor-element elementor-element-7aa156b elementor-widget elementor-widget-text-editor\" data-id=\"7aa156b\" data-element_type=\"widget\" data-e-type=\"widget\" data-widget_type=\"text-editor.default\">\n\t\t\t\t<div class=\"elementor-widget-container\">\n\t\t\t\t\t\t\t\t\t<p style=\"text-align: left;\"><strong>Veille et OSINT<\/strong><strong> :<\/strong><\/p><p style=\"text-align: left;\">Module pratique visant \u00e0 proposer aux auditeurs des outils concrets pour mettre en place une d\u00e9marche de veille et se sensibiliser aux outils d\u2019OSINT.<\/p>\t\t\t\t\t\t\t\t<\/div>\n\t\t\t\t<\/div>\n\t\t\t\t<\/div>\n\t\t<div data-particle_enable=\"false\" data-particle-mobile-disabled=\"false\" id=\"e-n-tab-content-1713818353\" role=\"tabpanel\" aria-labelledby=\"e-n-tab-title-1713818353\" data-tab-index=\"3\" style=\"--n-tabs-title-order: 3;\" class=\" elementor-element elementor-element-1b9aeba e-con-full e-flex e-con e-child\" data-id=\"1b9aeba\" data-element_type=\"container\" data-e-type=\"container\">\n\t\t\t\t<div class=\"elementor-element elementor-element-e5af59e elementor-widget elementor-widget-text-editor\" data-id=\"e5af59e\" data-element_type=\"widget\" data-e-type=\"widget\" data-widget_type=\"text-editor.default\">\n\t\t\t\t<div class=\"elementor-widget-container\">\n\t\t\t\t\t\t\t\t\t<p style=\"text-align: left;\"><strong>Cybers\u00e9curit\u00e9 et souverainet\u00e9 num\u00e9rique :<\/strong><\/p><p style=\"text-align: left;\">Cartographie des risques en mati\u00e8re de cybers\u00e9curit\u00e9 et de cybercriminalit\u00e9. Pr\u00e9sentation des actions de l\u2019\u00c9tat dans le num\u00e9rique et introduction aux enjeux juridiques du num\u00e9rique.<\/p>\t\t\t\t\t\t\t\t<\/div>\n\t\t\t\t<\/div>\n\t\t\t\t<\/div>\n\t\t<div data-particle_enable=\"false\" data-particle-mobile-disabled=\"false\" id=\"e-n-tab-content-1713818354\" role=\"tabpanel\" aria-labelledby=\"e-n-tab-title-1713818354\" data-tab-index=\"4\" style=\"--n-tabs-title-order: 4;\" class=\" elementor-element elementor-element-53143b7 e-con-full e-flex e-con e-child\" data-id=\"53143b7\" data-element_type=\"container\" data-e-type=\"container\">\n\t\t\t\t<div class=\"elementor-element elementor-element-f0003c4 elementor-widget elementor-widget-text-editor\" data-id=\"f0003c4\" data-element_type=\"widget\" data-e-type=\"widget\" data-widget_type=\"text-editor.default\">\n\t\t\t\t<div class=\"elementor-widget-container\">\n\t\t\t\t\t\t\t\t\t<p style=\"text-align: left;\"><strong>\u00c9thique, conformit\u00e9 et ma\u00eetrise des risques \u00e0 l\u2019international :<\/strong><\/p><p style=\"text-align: left;\">Sensibilisation au concept d\u2019intelligence juridique et d\u2019extraterritorialit\u00e9 et pr\u00e9sentation du dispositif fran\u00e7ais en mati\u00e8re de lutte contre la corruption.<\/p>\t\t\t\t\t\t\t\t<\/div>\n\t\t\t\t<\/div>\n\t\t\t\t<\/div>\n\t\t<div data-particle_enable=\"false\" data-particle-mobile-disabled=\"false\" id=\"e-n-tab-content-1713818355\" role=\"tabpanel\" aria-labelledby=\"e-n-tab-title-1713818355\" data-tab-index=\"5\" style=\"--n-tabs-title-order: 5;\" class=\" elementor-element elementor-element-a3f16f5 e-con-full e-flex e-con e-child\" data-id=\"a3f16f5\" data-element_type=\"container\" data-e-type=\"container\">\n\t\t\t\t<div class=\"elementor-element elementor-element-0e2e525 elementor-widget elementor-widget-text-editor\" data-id=\"0e2e525\" data-element_type=\"widget\" data-e-type=\"widget\" data-widget_type=\"text-editor.default\">\n\t\t\t\t<div class=\"elementor-widget-container\">\n\t\t\t\t\t\t\t\t\t<p style=\"text-align: left;\"><strong>Influence et lobbying\/relations publiques<\/strong><strong> :<\/strong><\/p><p style=\"text-align: left;\">Introduction aux enjeux d\u2019influence et de guerre hybride. Pr\u00e9sentation des strat\u00e9gies d\u2019influence et de la pratique des relations publiques.<\/p>\t\t\t\t\t\t\t\t<\/div>\n\t\t\t\t<\/div>\n\t\t\t\t<\/div>\n\t\t\t\t\t<\/div>\n\t\t<\/div>\n\t\t\t\t\t\t<\/div>\n\t\t\t\t<\/div>\n\t\t\t\t<\/div>\n\t\t\t\t<\/div>\n\t\t<div data-particle_enable=\"false\" data-particle-mobile-disabled=\"false\" class=\"elementor-element elementor-element-5cf983e e-con-full e-flex e-con e-child\" data-id=\"5cf983e\" data-element_type=\"container\" data-e-type=\"container\">\n\t\t\t\t<div class=\"elementor-element elementor-element-58e6369 elementor-widget elementor-widget-menu-anchor\" data-id=\"58e6369\" data-element_type=\"widget\" data-e-type=\"widget\" data-widget_type=\"menu-anchor.default\">\n\t\t\t\t<div class=\"elementor-widget-container\">\n\t\t\t\t\t\t\t<div class=\"elementor-menu-anchor\" id=\"auditeur\"><\/div>\n\t\t\t\t\t\t<\/div>\n\t\t\t\t<\/div>\n\t\t<div data-particle_enable=\"false\" data-particle-mobile-disabled=\"false\" class=\"elementor-element elementor-element-bc3f4d7 e-con-full e-flex e-con e-child\" data-id=\"bc3f4d7\" data-element_type=\"container\" data-e-type=\"container\">\n\t\t\t\t<div class=\"elementor-element elementor-element-56b7ad6 elementor-widget elementor-widget-heading\" data-id=\"56b7ad6\" data-element_type=\"widget\" data-e-type=\"widget\" data-widget_type=\"heading.default\">\n\t\t\t\t<div class=\"elementor-widget-container\">\n\t\t\t\t\t<h2 class=\"elementor-heading-title elementor-size-default\">devenir auditeur<\/h2>\t\t\t\t<\/div>\n\t\t\t\t<\/div>\n\t\t\t\t<div class=\"elementor-element elementor-element-5df8af6 elementor-widget-divider--view-line elementor-widget elementor-widget-divider\" data-id=\"5df8af6\" data-element_type=\"widget\" data-e-type=\"widget\" data-widget_type=\"divider.default\">\n\t\t\t\t<div class=\"elementor-widget-container\">\n\t\t\t\t\t\t\t<div class=\"elementor-divider\">\n\t\t\t<span class=\"elementor-divider-separator\">\n\t\t\t\t\t\t<\/span>\n\t\t<\/div>\n\t\t\t\t\t\t<\/div>\n\t\t\t\t<\/div>\n\t\t\t\t<\/div>\n\t\t<div data-particle_enable=\"false\" data-particle-mobile-disabled=\"false\" class=\"elementor-element elementor-element-09bde20 e-con-full e-flex e-con e-child\" data-id=\"09bde20\" data-element_type=\"container\" data-e-type=\"container\">\n\t\t\t\t<div class=\"elementor-element elementor-element-6084966 elementor-widget elementor-widget-text-editor\" data-id=\"6084966\" data-element_type=\"widget\" data-e-type=\"widget\" data-widget_type=\"text-editor.default\">\n\t\t\t\t<div class=\"elementor-widget-container\">\n\t\t\t\t\t\t\t\t\t<p style=\"text-align: left;\"><span style=\"color: #e1000f;\"><b>\u25ba Public concern\u00e9<\/b><\/span><\/p><p style=\"text-align: left;\">Formation uniquement ouverte aux citoyens fran\u00e7ais. Cadres du secteur public ou du secteur priv\u00e9, de nationalit\u00e9 fran\u00e7aise, en activit\u00e9 ou engag\u00e9s dans un projet de reconversion professionnelle\u00a0:<\/p><ul><li style=\"text-align: left;\">chefs, responsables et cadres d\u2019entreprises et repr\u00e9sentants des diff\u00e9rentes branches professionnelles ;<\/li><li style=\"text-align: left;\">professions lib\u00e9rales\u00a0;<\/li><li style=\"text-align: left;\">hauts fonctionnaires civils et militaires, cadres et chefs de services du secteur public ;<\/li><li style=\"text-align: left;\">enseignants, universitaires et experts de think tanks ;<\/li><li style=\"text-align: left;\">\u00e9lus\u00a0;<\/li><li style=\"text-align: left;\">responsables de relais d\u2019influence, journalistes ;<\/li><li style=\"text-align: left;\">personnes en recherche d\u2019emploi, en reconversion professionnelle, en cours d\u2019\u00e9volution vers des postes de cadres sup\u00e9rieurs.<\/li><\/ul>\t\t\t\t\t\t\t\t<\/div>\n\t\t\t\t<\/div>\n\t\t\t\t<div class=\"elementor-element elementor-element-fcdda6d elementor-widget elementor-widget-text-editor\" data-id=\"fcdda6d\" data-element_type=\"widget\" data-e-type=\"widget\" data-widget_type=\"text-editor.default\">\n\t\t\t\t<div class=\"elementor-widget-container\">\n\t\t\t\t\t\t\t\t\t<p style=\"text-align: left;\">La formation est accessible aux personnes en situation de handicap dans la limite des exigences dues aux activit\u00e9s p\u00e9dagogiques. Le correspondant handicap de l\u2019IHEDN peut \u00eatre contact\u00e9 au\u00a0: \u00a0<a href=\"mailto:Correspondant.Handicap@ihedn.fr\">Correspondant.Handicap@ihedn.fr<\/a><\/p>\t\t\t\t\t\t\t\t<\/div>\n\t\t\t\t<\/div>\n\t\t\t\t<div class=\"elementor-element elementor-element-29823c8 elementor-widget elementor-widget-text-editor\" data-id=\"29823c8\" data-element_type=\"widget\" data-e-type=\"widget\" data-widget_type=\"text-editor.default\">\n\t\t\t\t<div class=\"elementor-widget-container\">\n\t\t\t\t\t\t\t\t\t<p style=\"text-align: left;\"><span style=\"color: #000091;\"><b>La qualit\u00e9 d\u2019auditeur de l\u2019IHEDN est attribu\u00e9e par d\u00e9cision du directeur de l\u2019IHEDN \u00e0 l\u2019issue de la formation.<\/b><\/span><\/p>\t\t\t\t\t\t\t\t<\/div>\n\t\t\t\t<\/div>\n\t\t\t\t<div class=\"elementor-element elementor-element-2e499cc elementor-widget elementor-widget-text-editor\" data-id=\"2e499cc\" data-element_type=\"widget\" data-e-type=\"widget\" data-widget_type=\"text-editor.default\">\n\t\t\t\t<div class=\"elementor-widget-container\">\n\t\t\t\t\t\t\t\t\t<p style=\"text-align: left;\"><span style=\"color: #e1000f;\"><b>\u25ba Nombre de places<\/b><\/span><\/p><p style=\"text-align: left;\">Chaque cycle accueille au maximum 50 auditeurs.<\/p>\t\t\t\t\t\t\t\t<\/div>\n\t\t\t\t<\/div>\n\t\t\t\t<div class=\"elementor-element elementor-element-4df4169 elementor-widget elementor-widget-text-editor\" data-id=\"4df4169\" data-element_type=\"widget\" data-e-type=\"widget\" data-widget_type=\"text-editor.default\">\n\t\t\t\t<div class=\"elementor-widget-container\">\n\t\t\t\t\t\t\t\t\t<p style=\"text-align: left;\"><span style=\"color: #e1000f;\"><b>\u25ba Candidater<\/b><\/span><\/p><p style=\"text-align: left;\">Aucun pr\u00e9requis n\u2019est exig\u00e9, hormis une forte motivation pour les enjeux de d\u00e9fense nationale et en dehors du respect des conditions suivantes :<\/p><ul><li style=\"text-align: left;\">s\u2019inscrire sur le site internet et d\u00e9poser un dossier de candidature au format num\u00e9rique requis avant la date de cl\u00f4ture des inscriptions fix\u00e9e pour chaque session ;<\/li><li style=\"text-align: left;\"><strong>seuls les dossiers de candidature complets seront examin\u00e9s<\/strong>.<\/li><\/ul>\t\t\t\t\t\t\t\t<\/div>\n\t\t\t\t<\/div>\n\t\t\t\t<div class=\"elementor-element elementor-element-e426fb0 elementor-widget elementor-widget-text-editor\" data-id=\"e426fb0\" data-element_type=\"widget\" data-e-type=\"widget\" data-widget_type=\"text-editor.default\">\n\t\t\t\t<div class=\"elementor-widget-container\">\n\t\t\t\t\t\t\t\t\t<p style=\"text-align: left;\"><span style=\"color: #e1000f;\"><b>\u25ba Crit\u00e8res de s\u00e9lection<\/b><\/span><\/p><p style=\"text-align: left;\">Les principaux crit\u00e8res pris en compte pour la s\u00e9lection des candidats sont les suivants :<\/p><ul><li style=\"text-align: left;\">Le parcours et l\u2019exp\u00e9rience professionnels ;<\/li><li style=\"text-align: left;\">un int\u00e9r\u00eat av\u00e9r\u00e9 pour les enjeux de d\u00e9fense et de s\u00e9curit\u00e9, notamment en mati\u00e8re de souverainet\u00e9 \u00e9conomique et num\u00e9rique ;<\/li><li style=\"text-align: left;\">la capacit\u00e9 \u00e0 interagir et \u00e0 s\u2019int\u00e9grer.<\/li><\/ul>\t\t\t\t\t\t\t\t<\/div>\n\t\t\t\t<\/div>\n\t\t\t\t<div class=\"elementor-element elementor-element-cbbdc9a elementor-widget elementor-widget-text-editor\" data-id=\"cbbdc9a\" data-element_type=\"widget\" data-e-type=\"widget\" data-widget_type=\"text-editor.default\">\n\t\t\t\t<div class=\"elementor-widget-container\">\n\t\t\t\t\t\t\t\t\t<p>Le tarif est susceptible d&rsquo;\u00eatre modifi\u00e9 en conseil d&rsquo;administration.<\/p>\t\t\t\t\t\t\t\t<\/div>\n\t\t\t\t<\/div>\n\t\t\t\t<div class=\"elementor-element elementor-element-09e0014 elementor-widget elementor-widget-text-editor\" data-id=\"09e0014\" data-element_type=\"widget\" data-e-type=\"widget\" data-widget_type=\"text-editor.default\">\n\t\t\t\t<div class=\"elementor-widget-container\">\n\t\t\t\t\t\t\t\t\t<p style=\"text-align: left;\"><span style=\"color: #e1000f;\"><b>\u25ba Tarifs et financements<\/b><\/span><\/p><p><strong>La participation au co\u00fbt de la session est de :<\/strong><\/p><ul><li><strong>3155 \u20ac\u00a0<a href=\"#_ftn1\" name=\"_ftnref1\">[1]<\/a><\/strong> pour le secteur priv\u00e9 ;<\/li><li><strong>2630 \u20ac\u00a0<a href=\"#_ftn2\" name=\"_ftnref2\">[2]<\/a><\/strong> pour le secteur public (y compris \u00e9lus, fonctionnaires, militaires, universitaires, relais d&rsquo;opinion, journalistes, personnes en transition professionnelle ou sans emploi).<\/li><\/ul>\t\t\t\t\t\t\t\t<\/div>\n\t\t\t\t<\/div>\n\t\t\t\t<div class=\"elementor-element elementor-element-5d2d7d8 elementor-widget elementor-widget-text-editor\" data-id=\"5d2d7d8\" data-element_type=\"widget\" data-e-type=\"widget\" data-widget_type=\"text-editor.default\">\n\t\t\t\t<div class=\"elementor-widget-container\">\n\t\t\t\t\t\t\t\t\t<p style=\"text-align: left;\"><a href=\"#_ftnref1\">[1]<\/a> 2040 euros\u00a0<span style=\"color: #222222; font-family: Verdana, sans-serif; font-size: 14px;\">pour les candidats r\u00e9sidant en Zone Pacifique, Polyn\u00e9sie et en Nouvelle-Cal\u00e9donie.<\/span>\u00a01530 euros pour les candidats vivant en Polyn\u00e9sie et en Nouvelle-Cal\u00e9donie.<\/p><p style=\"text-align: left;\"><a href=\"#_ftnref2\">[2]<\/a> 1530 euros\u00a0<span style=\"color: #222222; font-family: Verdana, sans-serif; font-size: 14px;\">pour les candidats r\u00e9sidant en Zone Pacifique, Polyn\u00e9sie et en Nouvelle-Cal\u00e9donie.<\/span>\u00a01020 euros pour les candidats vivant en Polyn\u00e9sie et en Nouvelle-Cal\u00e9donie.<\/p>\t\t\t\t\t\t\t\t<\/div>\n\t\t\t\t<\/div>\n\t\t\t\t<div class=\"elementor-element elementor-element-2ac59f8 elementor-widget elementor-widget-text-editor\" data-id=\"2ac59f8\" data-element_type=\"widget\" data-e-type=\"widget\" data-widget_type=\"text-editor.default\">\n\t\t\t\t<div class=\"elementor-widget-container\">\n\t\t\t\t\t\t\t\t\t<p style=\"text-align: left;\">Le choix du tarif est d\u00e9claratif (et valid\u00e9 par l\u2019IHEDN \u00e0 l\u2019examen du dossier).<\/p><p style=\"text-align: left;\">Pour chaque session en Outre-mer, un tarif adapt\u00e9 aux r\u00e9alit\u00e9s des territoires est vot\u00e9 en conseil d\u2019administration.<\/p>\t\t\t\t\t\t\t\t<\/div>\n\t\t\t\t<\/div>\n\t\t\t\t<div class=\"elementor-element elementor-element-9485c25 elementor-widget elementor-widget-text-editor\" data-id=\"9485c25\" data-element_type=\"widget\" data-e-type=\"widget\" data-widget_type=\"text-editor.default\">\n\t\t\t\t<div class=\"elementor-widget-container\">\n\t\t\t\t\t\t\t\t\t<p style=\"text-align: left;\"><b>Informations concernant le recours au compte personnel de formation (CPF) :<\/b><\/p><p style=\"text-align: left;\">L\u2019ensemble des cycles longs en intelligence \u00e9conomique et strat\u00e9gique sont \u00e9ligibles au CPF. Chacun des cycles est ouvert sur <b>\u00ab\u00a0<\/b><b>moncompteformation<\/b><b>\u00a0\u00bb\u00a0<\/b>dans un d\u00e9lais d\u2019<b>un mois\u00a0<\/b>avant le d\u00e9but de la formation.<\/p><p style=\"text-align: left;\">Les auditeurs souhaitant utiliser leur CPF sont invit\u00e9s \u00e0 pr\u00e9parer leur compte et leur dossier mais \u00e0 ne d\u00e9poser leur demande qu\u2019une fois leur candidature retenue et conform\u00e9ment aux consignes qui leur seront donn\u00e9es par l\u2019IHEDN.<\/p><p style=\"text-align: left;\"><strong>\u00c0 compter du 24 f\u00e9vrier 2026, la mobilisation du compte personnel de formation (CPF) pour les formations de l\u2019IHEDN est plafonn\u00e9e \u00e0 1 500 \u20ac. <\/strong>En cons\u00e9quence, les candidats souhaitant recourir \u00e0 leur CPF pour financer un cycle en intelligence \u00e9conomique de l\u2019IHEDN sont invit\u00e9s \u00e0 anticiper qu\u2019un \u00e9ventuel diff\u00e9rentiel entre le co\u00fbt de la formation et ce plafond pourra rester \u00e0 leur charge ou faire l\u2019objet d\u2019un financement compl\u00e9mentaire par leur employeur.<\/p><p style=\"text-align: left;\">\u00a0<\/p>\t\t\t\t\t\t\t\t<\/div>\n\t\t\t\t<\/div>\n\t\t\t\t<div class=\"elementor-element elementor-element-779a402 elementor-widget elementor-widget-text-editor\" data-id=\"779a402\" data-element_type=\"widget\" data-e-type=\"widget\" data-widget_type=\"text-editor.default\">\n\t\t\t\t<div class=\"elementor-widget-container\">\n\t\t\t\t\t\t\t\t\t<p style=\"text-align: left;\"><span style=\"color: #e1000f;\"><b>\u25ba Taux de satisfaction des auditeurs<\/b><\/span><\/p><p style=\"text-align: left;\">\u00c0 l\u2019issue de la formation, les auditeurs sont invit\u00e9s \u00e0 renseigner un questionnaire de satisfaction. Pour l\u2019ensemble des cycles en IES organis\u00e9s d\u2019octobre 2024 \u00e0 juin 2025,\u00a0<strong>95 %\u00a0des auditeurs<\/strong>\u00a0ont \u00e9t\u00e9 satisfaits de la formation.<\/p>\t\t\t\t\t\t\t\t<\/div>\n\t\t\t\t<\/div>\n\t\t\t\t<\/div>\n\t\t\t\t<\/div>\n\t\t<div data-particle_enable=\"false\" data-particle-mobile-disabled=\"false\" class=\"elementor-element elementor-element-8be0905 e-con-full e-flex e-con e-child\" data-id=\"8be0905\" data-element_type=\"container\" data-e-type=\"container\">\n\t\t\t\t<div class=\"elementor-element elementor-element-eb3e31f elementor-widget elementor-widget-menu-anchor\" data-id=\"eb3e31f\" data-element_type=\"widget\" data-e-type=\"widget\" data-widget_type=\"menu-anchor.default\">\n\t\t\t\t<div class=\"elementor-widget-container\">\n\t\t\t\t\t\t\t<div class=\"elementor-menu-anchor\" id=\"evaluation\"><\/div>\n\t\t\t\t\t\t<\/div>\n\t\t\t\t<\/div>\n\t\t<div data-particle_enable=\"false\" data-particle-mobile-disabled=\"false\" class=\"elementor-element elementor-element-ce957b5 e-con-full e-flex e-con e-child\" data-id=\"ce957b5\" data-element_type=\"container\" data-e-type=\"container\">\n\t\t\t\t<div class=\"elementor-element elementor-element-0bec385 elementor-widget elementor-widget-heading\" data-id=\"0bec385\" data-element_type=\"widget\" data-e-type=\"widget\" data-widget_type=\"heading.default\">\n\t\t\t\t<div class=\"elementor-widget-container\">\n\t\t\t\t\t<h2 class=\"elementor-heading-title elementor-size-default\">\u00e9valuation de la formation et certification de comp\u00e9tences<\/h2>\t\t\t\t<\/div>\n\t\t\t\t<\/div>\n\t\t\t\t<div class=\"elementor-element elementor-element-0dfd039 elementor-widget-divider--view-line elementor-widget elementor-widget-divider\" data-id=\"0dfd039\" data-element_type=\"widget\" data-e-type=\"widget\" data-widget_type=\"divider.default\">\n\t\t\t\t<div class=\"elementor-widget-container\">\n\t\t\t\t\t\t\t<div class=\"elementor-divider\">\n\t\t\t<span class=\"elementor-divider-separator\">\n\t\t\t\t\t\t<\/span>\n\t\t<\/div>\n\t\t\t\t\t\t<\/div>\n\t\t\t\t<\/div>\n\t\t\t\t<\/div>\n\t\t<div data-particle_enable=\"false\" data-particle-mobile-disabled=\"false\" class=\"elementor-element elementor-element-8ad92b1 e-con-full e-flex e-con e-child\" data-id=\"8ad92b1\" data-element_type=\"container\" data-e-type=\"container\">\n\t\t\t\t<div class=\"elementor-element elementor-element-abeaa49 elementor-widget elementor-widget-text-editor\" data-id=\"abeaa49\" data-element_type=\"widget\" data-e-type=\"widget\" data-widget_type=\"text-editor.default\">\n\t\t\t\t<div class=\"elementor-widget-container\">\n\t\t\t\t\t\t\t\t\t<p style=\"text-align: left;\"><span style=\"color: #e1000f;\"><b>\u25ba Pour obtenir la certification de comp\u00e9tence&nbsp;<\/b><\/span><\/p>\n<p style=\"text-align: left;\">Les cycles Intelligence \u00e9conomique et strat\u00e9gique pr\u00e9parent les auditeurs qui le souhaitent \u00e0 la certification de comp\u00e9tence intitul\u00e9e&nbsp;\u00ab&nbsp;Concevoir et mettre en \u0153uvre une strat\u00e9gie d\u2019intelligence \u00e9conomique&nbsp;\u00bb, et enregistr\u00e9e au&nbsp;<a href=\"https:\/\/www.francecompetences.fr\/recherche\/rs\/7147\/\" target=\"_blank\" rel=\"noopener\"><b>R\u00e9pertoire sp\u00e9cifique de France Comp\u00e9tences sous le num\u00e9ro&nbsp;RS 7147<\/b><\/a>&nbsp;depuis le 30 avril 2025.<\/p>\n<p style=\"text-align: left;\">La certification de comp\u00e9tence repose sur deux modalit\u00e9s d\u2019\u00e9valuation :<\/p>\n<ol>\n<li style=\"text-align: left;\">Une note de synth\u00e8se<\/li>\n<li style=\"text-align: left;\">Une note de recommandation op\u00e9rationnelle<\/li>\n<\/ol>\t\t\t\t\t\t\t\t<\/div>\n\t\t\t\t<\/div>\n\t\t\t\t<div class=\"elementor-element elementor-element-38fa719 elementor-widget elementor-widget-text-editor\" data-id=\"38fa719\" data-element_type=\"widget\" data-e-type=\"widget\" data-widget_type=\"text-editor.default\">\n\t\t\t\t<div class=\"elementor-widget-container\">\n\t\t\t\t\t\t\t\t\t<p style=\"text-align: left;\">Les travaux sont \u00e0 remettre dans les 15 jours calendaires suivant le dernier jour du cycle.<\/p><p style=\"text-align: left;\">Les deux livrables devront \u00eatre envoy\u00e9s dans les d\u00e9lais et selon les modalit\u00e9s indiqu\u00e9es au cours du cycle. Aucun rattrapage ni validation partielle des comp\u00e9tences ne sera possible.<\/p><p style=\"text-align: left;\">Le jury d\u2019attribution de la certification se r\u00e9unit deux fois par an. Chaque candidat est inform\u00e9 personnellement, par voie \u00e9lectronique, du r\u00e9sultat des d\u00e9lib\u00e9rations du jury, dans un d\u00e9lai maximum de 10 jours ouvr\u00e9s apr\u00e8s que le jury ait si\u00e9g\u00e9.<\/p>\t\t\t\t\t\t\t\t<\/div>\n\t\t\t\t<\/div>\n\t\t\t\t<div class=\"elementor-element elementor-element-aacba44 elementor-widget elementor-widget-text-editor\" data-id=\"aacba44\" data-element_type=\"widget\" data-e-type=\"widget\" data-widget_type=\"text-editor.default\">\n\t\t\t\t<div class=\"elementor-widget-container\">\n\t\t\t\t\t\t\t\t\t<p style=\"text-align: left;\"><span style=\"color: #e1000f;\"><b>\u25ba Pour obtenir la qualit\u00e9 d\u2019auditeur<\/b><\/span><\/p><p style=\"text-align: left;\">Trois modalit\u00e9s d\u2019\u00e9valuation\u00a0:<\/p><ul><li style=\"text-align: left;\">un rapport collectif ;<\/li><li style=\"text-align: left;\">une pr\u00e9sentation orale du rapport ;<\/li><li style=\"text-align: left;\">une \u00e9valuation des connaissances acquises lors des conf\u00e9rences, sous la forme d\u2019un questionnaire \u00e0 choix multiple.<\/li><\/ul>\t\t\t\t\t\t\t\t<\/div>\n\t\t\t\t<\/div>\n\t\t\t\t<\/div>\n\t\t\t\t<\/div>\n\t\t<div data-particle_enable=\"false\" data-particle-mobile-disabled=\"false\" class=\"elementor-element elementor-element-499a6f7 e-con-full e-flex e-con e-parent\" data-id=\"499a6f7\" data-element_type=\"container\" data-e-type=\"container\">\n\t\t<div data-particle_enable=\"false\" data-particle-mobile-disabled=\"false\" class=\"elementor-element elementor-element-ec1f067 e-con-full e-flex e-con e-child\" data-id=\"ec1f067\" data-element_type=\"container\" data-e-type=\"container\">\n\t\t\t\t<div class=\"elementor-element elementor-element-a59018e elementor-widget elementor-widget-menu-anchor\" data-id=\"a59018e\" data-element_type=\"widget\" data-e-type=\"widget\" data-widget_type=\"menu-anchor.default\">\n\t\t\t\t<div class=\"elementor-widget-container\">\n\t\t\t\t\t\t\t<div class=\"elementor-menu-anchor\" id=\"cycles\"><\/div>\n\t\t\t\t\t\t<\/div>\n\t\t\t\t<\/div>\n\t\t\t\t<div class=\"elementor-element elementor-element-8f95313 elementor-widget elementor-widget-heading\" data-id=\"8f95313\" data-element_type=\"widget\" data-e-type=\"widget\" data-widget_type=\"heading.default\">\n\t\t\t\t<div class=\"elementor-widget-container\">\n\t\t\t\t\t<h2 class=\"elementor-heading-title elementor-size-default\">Prochains cycles<\/h2>\t\t\t\t<\/div>\n\t\t\t\t<\/div>\n\t\t\t\t<div class=\"elementor-element elementor-element-bf79d5b elementor-widget-divider--view-line elementor-widget elementor-widget-divider\" data-id=\"bf79d5b\" data-element_type=\"widget\" data-e-type=\"widget\" data-widget_type=\"divider.default\">\n\t\t\t\t<div class=\"elementor-widget-container\">\n\t\t\t\t\t\t\t<div class=\"elementor-divider\">\n\t\t\t<span class=\"elementor-divider-separator\">\n\t\t\t\t\t\t<\/span>\n\t\t<\/div>\n\t\t\t\t\t\t<\/div>\n\t\t\t\t<\/div>\n\t\t\t\t<\/div>\n\t\t<div data-particle_enable=\"false\" data-particle-mobile-disabled=\"false\" class=\"elementor-element elementor-element-26ccad6 e-con-full e-flex e-con e-child\" data-id=\"26ccad6\" data-element_type=\"container\" data-e-type=\"container\">\n\t\t\t\t<div class=\"elementor-element elementor-element-6cfc02c elementor-widget elementor-widget-heading\" data-id=\"6cfc02c\" data-element_type=\"widget\" data-e-type=\"widget\" data-widget_type=\"heading.default\">\n\t\t\t\t<div class=\"elementor-widget-container\">\n\t\t\t\t\t<h3 class=\"elementor-heading-title elementor-size-default\">Cycles 2026<\/h3>\t\t\t\t<\/div>\n\t\t\t\t<\/div>\n\t\t<div data-particle_enable=\"false\" data-particle-mobile-disabled=\"false\" class=\"elementor-element elementor-element-7004083 e-con-full e-flex e-con e-child\" data-id=\"7004083\" data-element_type=\"container\" data-e-type=\"container\">\n\t\t<div data-particle_enable=\"false\" data-particle-mobile-disabled=\"false\" class=\"elementor-element elementor-element-b67dd88 e-con-full e-flex e-con e-child\" data-id=\"b67dd88\" data-element_type=\"container\" data-e-type=\"container\">\n\t\t\t\t<div class=\"elementor-element elementor-element-ca55181 elementor-widget elementor-widget-text-editor\" data-id=\"ca55181\" data-element_type=\"widget\" data-e-type=\"widget\" data-widget_type=\"text-editor.default\">\n\t\t\t\t<div class=\"elementor-widget-container\">\n\t\t\t\t\t\t\t\t\t<p class=\"elementor-heading-title elementor-size-default\" style=\"text-align: left;\"><span style=\"color: #000091; font-size: 1.125em; letter-spacing: 0px;\">92<sup>e\u00a0<\/sup>cycle IES<\/span><\/p><p class=\"elementor-heading-title elementor-size-default\" style=\"text-align: left;\"><span style=\"color: #000091; font-size: 1.125em; letter-spacing: 0px;\"><b>\u00c9cole militaire, Paris<\/b><\/span><\/p><p class=\"elementor-heading-title elementor-size-default\" style=\"text-align: left;\"><span style=\"color: #000080; font-size: 1.125em; letter-spacing: 0px;\">\u00a0<\/span><\/p><p style=\"text-align: left;\"><span style=\"color: #e1000f;\"><strong>Du 14 au 22 avril 2026.<\/strong><\/span><\/p><p style=\"text-align: left;\">Inscrivez-vous avant le 13 mars 2026.<\/p>\t\t\t\t\t\t\t\t<\/div>\n\t\t\t\t<\/div>\n\t\t\t\t<\/div>\n\t\t<div data-particle_enable=\"false\" data-particle-mobile-disabled=\"false\" class=\"elementor-element elementor-element-38145c8 e-flex e-con-boxed e-con e-child\" data-id=\"38145c8\" data-element_type=\"container\" data-e-type=\"container\">\n\t\t\t\t\t<div class=\"e-con-inner\">\n\t\t\t\t<div class=\"elementor-element elementor-element-3fb8c18 elementor-align-right elementor-widget elementor-widget-button\" data-id=\"3fb8c18\" data-element_type=\"widget\" data-e-type=\"widget\" data-widget_type=\"button.default\">\n\t\t\t\t<div class=\"elementor-widget-container\">\n\t\t\t\t\t\t\t\t\t<div class=\"elementor-button-wrapper\">\n\t\t\t\t\t<a class=\"elementor-button elementor-button-link elementor-size-xs\" href=\"https:\/\/www.demarches-simplifiees.fr\/commencer\/92e-cycle-en-intelligence-economique-et-strategiqu\" target=\"_blank\">\n\t\t\t\t\t\t<span class=\"elementor-button-content-wrapper\">\n\t\t\t\t\t\t\t\t\t<span class=\"elementor-button-text\">Je d\u00e9pose ma candidature<\/span>\n\t\t\t\t\t<\/span>\n\t\t\t\t\t<\/a>\n\t\t\t\t<\/div>\n\t\t\t\t\t\t\t\t<\/div>\n\t\t\t\t<\/div>\n\t\t\t\t\t<\/div>\n\t\t\t\t<\/div>\n\t\t\t\t<\/div>\n\t\t<div data-particle_enable=\"false\" data-particle-mobile-disabled=\"false\" class=\"elementor-element elementor-element-29ab988 e-con-full e-flex e-con e-child\" data-id=\"29ab988\" data-element_type=\"container\" data-e-type=\"container\">\n\t\t<div data-particle_enable=\"false\" data-particle-mobile-disabled=\"false\" class=\"elementor-element elementor-element-239ff48 e-con-full e-flex e-con e-child\" data-id=\"239ff48\" data-element_type=\"container\" data-e-type=\"container\">\n\t\t\t\t<div class=\"elementor-element elementor-element-4a17848 elementor-widget elementor-widget-text-editor\" data-id=\"4a17848\" data-element_type=\"widget\" data-e-type=\"widget\" data-widget_type=\"text-editor.default\">\n\t\t\t\t<div class=\"elementor-widget-container\">\n\t\t\t\t\t\t\t\t\t<p class=\"elementor-heading-title elementor-size-default\" style=\"text-align: left;\"><span style=\"color: #000091; font-size: 1.125em; letter-spacing: 0px;\">93<sup>e\u00a0<\/sup>cycle IES<\/span><\/p><p class=\"elementor-heading-title elementor-size-default\" style=\"text-align: left;\"><span style=\"color: #000091; font-size: 1.125em; letter-spacing: 0px;\"><b>Toulouse<\/b><\/span><\/p><p class=\"elementor-heading-title elementor-size-default\" style=\"text-align: left;\"><span style=\"color: #000080; font-size: 1.125em; letter-spacing: 0px;\">\u00a0<\/span><\/p><p style=\"text-align: left;\"><span style=\"color: #e1000f;\"><strong>Du 26 mai au 3 juin 2026.<\/strong><\/span><\/p><p style=\"text-align: left;\">Inscrivez-vous avant le 4 mai 2026.<\/p>\t\t\t\t\t\t\t\t<\/div>\n\t\t\t\t<\/div>\n\t\t\t\t<\/div>\n\t\t<div data-particle_enable=\"false\" data-particle-mobile-disabled=\"false\" class=\"elementor-element elementor-element-82967fd e-flex e-con-boxed e-con e-child\" data-id=\"82967fd\" data-element_type=\"container\" data-e-type=\"container\">\n\t\t\t\t\t<div class=\"e-con-inner\">\n\t\t\t\t<div class=\"elementor-element elementor-element-c8390f3 elementor-align-right elementor-widget elementor-widget-button\" data-id=\"c8390f3\" data-element_type=\"widget\" data-e-type=\"widget\" data-widget_type=\"button.default\">\n\t\t\t\t<div class=\"elementor-widget-container\">\n\t\t\t\t\t\t\t\t\t<div class=\"elementor-button-wrapper\">\n\t\t\t\t\t<a class=\"elementor-button elementor-button-link elementor-size-xs\" href=\"https:\/\/www.demarches-simplifiees.fr\/commencer\/93e-cycle-en-intelligence-economique-et-strategiqu\" target=\"_blank\">\n\t\t\t\t\t\t<span class=\"elementor-button-content-wrapper\">\n\t\t\t\t\t\t\t\t\t<span class=\"elementor-button-text\">Je d\u00e9pose ma candidature<\/span>\n\t\t\t\t\t<\/span>\n\t\t\t\t\t<\/a>\n\t\t\t\t<\/div>\n\t\t\t\t\t\t\t\t<\/div>\n\t\t\t\t<\/div>\n\t\t\t\t\t<\/div>\n\t\t\t\t<\/div>\n\t\t\t\t<\/div>\n\t\t<div data-particle_enable=\"false\" data-particle-mobile-disabled=\"false\" class=\"elementor-element elementor-element-85b5d50 e-con-full e-flex e-con e-child\" data-id=\"85b5d50\" data-element_type=\"container\" data-e-type=\"container\">\n\t\t<div data-particle_enable=\"false\" data-particle-mobile-disabled=\"false\" class=\"elementor-element elementor-element-791a739 e-con-full e-flex e-con e-child\" data-id=\"791a739\" data-element_type=\"container\" data-e-type=\"container\">\n\t\t\t\t<div class=\"elementor-element elementor-element-164d03d elementor-widget elementor-widget-text-editor\" data-id=\"164d03d\" data-element_type=\"widget\" data-e-type=\"widget\" data-widget_type=\"text-editor.default\">\n\t\t\t\t<div class=\"elementor-widget-container\">\n\t\t\t\t\t\t\t\t\t<p class=\"elementor-heading-title elementor-size-default\" style=\"text-align: left;\"><span style=\"color: #000091; font-size: 1.125em; letter-spacing: 0px;\">94<sup>e\u00a0<\/sup>cycle IES<\/span><\/p><p class=\"elementor-heading-title elementor-size-default\" style=\"text-align: left;\"><span style=\"color: #000091; font-size: 1.125em; letter-spacing: 0px;\"><b>\u00c9cole militaire, Paris<\/b><\/span><\/p><p class=\"elementor-heading-title elementor-size-default\" style=\"text-align: left;\"><span style=\"color: #000080; font-size: 1.125em; letter-spacing: 0px;\">\u00a0<\/span><\/p><p style=\"text-align: left;\"><span style=\"color: #e1000f;\"><strong>Du 6 au 14 octobre 2026.<\/strong><\/span><\/p><p style=\"text-align: left;\">Inscrivez-vous avant le 4 septembre 2026.<\/p>\t\t\t\t\t\t\t\t<\/div>\n\t\t\t\t<\/div>\n\t\t\t\t<\/div>\n\t\t<div data-particle_enable=\"false\" data-particle-mobile-disabled=\"false\" class=\"elementor-element elementor-element-970ef3f e-flex e-con-boxed e-con e-child\" data-id=\"970ef3f\" data-element_type=\"container\" data-e-type=\"container\">\n\t\t\t\t\t<div class=\"e-con-inner\">\n\t\t\t\t<div class=\"elementor-element elementor-element-4cdbe32 elementor-align-right elementor-widget elementor-widget-button\" data-id=\"4cdbe32\" data-element_type=\"widget\" data-e-type=\"widget\" data-widget_type=\"button.default\">\n\t\t\t\t<div class=\"elementor-widget-container\">\n\t\t\t\t\t\t\t\t\t<div class=\"elementor-button-wrapper\">\n\t\t\t\t\t<a class=\"elementor-button elementor-button-link elementor-size-xs\" href=\"https:\/\/www.demarches-simplifiees.fr\/commencer\/94e-cycle-en-intelligence-economique-et-strategiqu\" target=\"_blank\">\n\t\t\t\t\t\t<span class=\"elementor-button-content-wrapper\">\n\t\t\t\t\t\t\t\t\t<span class=\"elementor-button-text\">Je d\u00e9pose ma candidature<\/span>\n\t\t\t\t\t<\/span>\n\t\t\t\t\t<\/a>\n\t\t\t\t<\/div>\n\t\t\t\t\t\t\t\t<\/div>\n\t\t\t\t<\/div>\n\t\t\t\t\t<\/div>\n\t\t\t\t<\/div>\n\t\t\t\t<\/div>\n\t\t\t\t<\/div>\n\t\t<div data-particle_enable=\"false\" data-particle-mobile-disabled=\"false\" class=\"elementor-element elementor-element-df25b2a e-con-full e-flex e-con e-child\" data-id=\"df25b2a\" data-element_type=\"container\" data-e-type=\"container\">\n\t\t\t\t<div class=\"elementor-element elementor-element-3b8789d elementor-widget elementor-widget-menu-anchor\" data-id=\"3b8789d\" data-element_type=\"widget\" data-e-type=\"widget\" data-widget_type=\"menu-anchor.default\">\n\t\t\t\t<div class=\"elementor-widget-container\">\n\t\t\t\t\t\t\t<div class=\"elementor-menu-anchor\" id=\"contact\"><\/div>\n\t\t\t\t\t\t<\/div>\n\t\t\t\t<\/div>\n\t\t\t\t<div class=\"elementor-element elementor-element-04fad3d elementor-widget elementor-widget-heading\" data-id=\"04fad3d\" data-element_type=\"widget\" data-e-type=\"widget\" data-widget_type=\"heading.default\">\n\t\t\t\t<div class=\"elementor-widget-container\">\n\t\t\t\t\t<h2 class=\"elementor-heading-title elementor-size-default\">Contact<\/h2>\t\t\t\t<\/div>\n\t\t\t\t<\/div>\n\t\t\t\t<div class=\"elementor-element elementor-element-5c5f8bc elementor-widget-divider--view-line elementor-widget elementor-widget-divider\" data-id=\"5c5f8bc\" data-element_type=\"widget\" data-e-type=\"widget\" data-widget_type=\"divider.default\">\n\t\t\t\t<div class=\"elementor-widget-container\">\n\t\t\t\t\t\t\t<div class=\"elementor-divider\">\n\t\t\t<span class=\"elementor-divider-separator\">\n\t\t\t\t\t\t<\/span>\n\t\t<\/div>\n\t\t\t\t\t\t<\/div>\n\t\t\t\t<\/div>\n\t\t\t\t<div class=\"elementor-element elementor-element-9f618f7 elementor-widget elementor-widget-text-editor\" data-id=\"9f618f7\" data-element_type=\"widget\" data-e-type=\"widget\" data-widget_type=\"text-editor.default\">\n\t\t\t\t<div class=\"elementor-widget-container\">\n\t\t\t\t\t\t\t\t\t<p style=\"text-align: left;\">Pour toute question relative aux cycles IES : <a href=\"mailto:ie@ihedn.fr\"><strong>ie@ihedn.fr<\/strong><\/a><\/p><p><a href=\"#_ftnref1\" name=\"_ftn1\"><\/a><\/p>\t\t\t\t\t\t\t\t<\/div>\n\t\t\t\t<\/div>\n\t\t\t\t<\/div>\n\t\t<div data-particle_enable=\"false\" data-particle-mobile-disabled=\"false\" class=\"elementor-element elementor-element-9b91951 e-con-full e-flex e-con e-child\" data-id=\"9b91951\" data-element_type=\"container\" data-e-type=\"container\">\n\t\t<div data-particle_enable=\"false\" data-particle-mobile-disabled=\"false\" class=\"elementor-element elementor-element-5f6ec03 e-con-full e-flex e-con e-child\" data-id=\"5f6ec03\" data-element_type=\"container\" data-e-type=\"container\">\n\t\t\t\t<div class=\"elementor-element elementor-element-f8166be elementor-widget elementor-widget-text-editor\" data-id=\"f8166be\" data-element_type=\"widget\" data-e-type=\"widget\" data-widget_type=\"text-editor.default\">\n\t\t\t\t<div class=\"elementor-widget-container\">\n\t\t\t\t\t\t\t\t\t<p>Derni\u00e8re modification le :<\/p>\t\t\t\t\t\t\t\t<\/div>\n\t\t\t\t<\/div>\n\t\t\t\t<div class=\"elementor-element elementor-element-b5ad8e2 elementor-widget elementor-widget-text-editor\" data-id=\"b5ad8e2\" data-element_type=\"widget\" data-e-type=\"widget\" data-widget_type=\"text-editor.default\">\n\t\t\t\t<div class=\"elementor-widget-container\">\n\t\t\t\t\t\t\t\t\t16 April 2026\t\t\t\t\t\t\t\t<\/div>\n\t\t\t\t<\/div>\n\t\t\t\t<\/div>\n\t\t\t\t<\/div>\n\t\t\t\t<\/div>\n\t\t<div data-particle_enable=\"false\" data-particle-mobile-disabled=\"false\" class=\"elementor-element elementor-element-45d09e4 e-con-full elementor-hidden-tablet elementor-hidden-mobile e-flex e-con e-parent\" data-id=\"45d09e4\" data-element_type=\"container\" data-e-type=\"container\" data-settings=\"{&quot;position&quot;:&quot;fixed&quot;}\">\n\t\t\t\t<div class=\"elementor-element elementor-element-15134f0 elementor-widget elementor-widget-jet-listing-dynamic-link\" data-id=\"15134f0\" data-element_type=\"widget\" data-e-type=\"widget\" data-widget_type=\"jet-listing-dynamic-link.default\">\n\t\t\t\t<div class=\"elementor-widget-container\">\n\t\t\t\t\t<div class=\"jet-listing jet-listing-dynamic-link\"><a href=\"https:\/\/ihedn.fr\/en\/se-former\/intelligence-economique\/cycles-longs\/#objectifs\" class=\"jet-listing-dynamic-link__link\"><span class=\"jet-listing-dynamic-link__label\">Objectifs et int\u00e9r\u00eats<\/span><\/a><\/div>\t\t\t\t<\/div>\n\t\t\t\t<\/div>\n\t\t\t\t<div class=\"elementor-element elementor-element-8b38357 elementor-widget elementor-widget-jet-listing-dynamic-link\" data-id=\"8b38357\" data-element_type=\"widget\" data-e-type=\"widget\" data-widget_type=\"jet-listing-dynamic-link.default\">\n\t\t\t\t<div class=\"elementor-widget-container\">\n\t\t\t\t\t<div class=\"jet-listing jet-listing-dynamic-link\"><a href=\"https:\/\/ihedn.fr\/en\/se-former\/intelligence-economique\/cycles-longs\/#organisation\" class=\"jet-listing-dynamic-link__link\"><span class=\"jet-listing-dynamic-link__label\">Organisation<\/span><\/a><\/div>\t\t\t\t<\/div>\n\t\t\t\t<\/div>\n\t\t\t\t<div class=\"elementor-element elementor-element-5992752 elementor-widget elementor-widget-jet-listing-dynamic-link\" data-id=\"5992752\" data-element_type=\"widget\" data-e-type=\"widget\" data-widget_type=\"jet-listing-dynamic-link.default\">\n\t\t\t\t<div class=\"elementor-widget-container\">\n\t\t\t\t\t<div class=\"jet-listing jet-listing-dynamic-link\"><a href=\"https:\/\/ihedn.fr\/en\/se-former\/intelligence-economique\/cycles-longs\/#format\" class=\"jet-listing-dynamic-link__link\"><span class=\"jet-listing-dynamic-link__label\">Format p\u00e9dagogique<\/span><\/a><\/div>\t\t\t\t<\/div>\n\t\t\t\t<\/div>\n\t\t\t\t<div class=\"elementor-element elementor-element-6e9d618 elementor-widget elementor-widget-jet-listing-dynamic-link\" data-id=\"6e9d618\" data-element_type=\"widget\" data-e-type=\"widget\" data-widget_type=\"jet-listing-dynamic-link.default\">\n\t\t\t\t<div class=\"elementor-widget-container\">\n\t\t\t\t\t<div class=\"jet-listing jet-listing-dynamic-link\"><a href=\"https:\/\/ihedn.fr\/en\/se-former\/intelligence-economique\/cycles-longs\/#auditeur\" class=\"jet-listing-dynamic-link__link\"><span class=\"jet-listing-dynamic-link__label\">Devenir auditeur<\/span><\/a><\/div>\t\t\t\t<\/div>\n\t\t\t\t<\/div>\n\t\t\t\t<div class=\"elementor-element elementor-element-0932802 elementor-widget elementor-widget-jet-listing-dynamic-link\" data-id=\"0932802\" data-element_type=\"widget\" data-e-type=\"widget\" data-widget_type=\"jet-listing-dynamic-link.default\">\n\t\t\t\t<div class=\"elementor-widget-container\">\n\t\t\t\t\t<div class=\"jet-listing jet-listing-dynamic-link\"><a href=\"https:\/\/ihedn.fr\/en\/se-former\/intelligence-economique\/cycles-longs\/#evaluation\" class=\"jet-listing-dynamic-link__link\"><span class=\"jet-listing-dynamic-link__label\">\u00c9valuation de la formation <\/span><\/a><\/div>\t\t\t\t<\/div>\n\t\t\t\t<\/div>\n\t\t\t\t<div class=\"elementor-element elementor-element-f4ea322 elementor-widget elementor-widget-jet-listing-dynamic-link\" data-id=\"f4ea322\" data-element_type=\"widget\" data-e-type=\"widget\" data-widget_type=\"jet-listing-dynamic-link.default\">\n\t\t\t\t<div class=\"elementor-widget-container\">\n\t\t\t\t\t<div class=\"jet-listing jet-listing-dynamic-link\"><a href=\"https:\/\/ihedn.fr\/en\/se-former\/intelligence-economique\/cycles-longs\/#cycles\" class=\"jet-listing-dynamic-link__link\"><span class=\"jet-listing-dynamic-link__label\">Prochains cycles<\/span><\/a><\/div>\t\t\t\t<\/div>\n\t\t\t\t<\/div>\n\t\t\t\t<div class=\"elementor-element elementor-element-4d23505 elementor-widget elementor-widget-jet-listing-dynamic-link\" data-id=\"4d23505\" data-element_type=\"widget\" data-e-type=\"widget\" data-widget_type=\"jet-listing-dynamic-link.default\">\n\t\t\t\t<div class=\"elementor-widget-container\">\n\t\t\t\t\t<div class=\"jet-listing jet-listing-dynamic-link\"><a href=\"https:\/\/ihedn.fr\/en\/se-former\/intelligence-economique\/cycles-longs\/#contact\" class=\"jet-listing-dynamic-link__link\"><span class=\"jet-listing-dynamic-link__label\">Contact<\/span><\/a><\/div>\t\t\t\t<\/div>\n\t\t\t\t<\/div>\n\t\t\t\t<\/div>\n\t\t\t\t<\/div>\n\t\t","protected":false},"excerpt":{"rendered":"<p>cycles longs en intelligence \u00e9conomique et strat\u00e9gique Pour se sensibiliser aux enjeux de souverainet\u00e9 \u00e9conomique et num\u00e9rique. Les cycles en Intelligence \u00e9conomique et strat\u00e9gique (IES) permettent aux auditeurs de comprendre, puis de concevoir une d\u00e9marche d\u2019intelligence \u00e9conomique globale en s\u2019appuyant sur les ressources internes d\u2019une organisation. Ils sont con\u00e7us pour doter les auditeurs des comp\u00e9tences [&hellip;]<\/p>\n","protected":false},"author":10,"featured_media":0,"parent":49613,"menu_order":0,"comment_status":"closed","ping_status":"closed","template":"","meta":{"footnotes":""},"class_list":["post-49533","page","type-page","status-publish","hentry"],"yoast_head":"<!-- This site is optimized with the Yoast SEO plugin v27.5 - https:\/\/yoast.com\/product\/yoast-seo-wordpress\/ -->\n<title>Cycles longs IES - L&#039;IHEDN : Institut des hautes \u00e9tudes de d\u00e9fense nationale<\/title>\n<meta name=\"robots\" content=\"index, follow, max-snippet:-1, max-image-preview:large, max-video-preview:-1\" \/>\n<link rel=\"canonical\" href=\"https:\/\/ihedn.fr\/en\/se-former\/intelligence-economique\/cycles-longs\/\" \/>\n<meta property=\"og:locale\" content=\"en_GB\" \/>\n<meta property=\"og:type\" content=\"article\" \/>\n<meta property=\"og:title\" content=\"Cycles longs IES - L&#039;IHEDN : Institut des hautes \u00e9tudes de d\u00e9fense nationale\" \/>\n<meta property=\"og:description\" content=\"cycles longs en intelligence \u00e9conomique et strat\u00e9gique Pour se sensibiliser aux enjeux de souverainet\u00e9 \u00e9conomique et num\u00e9rique. Les cycles en Intelligence \u00e9conomique et strat\u00e9gique (IES) permettent aux auditeurs de comprendre, puis de concevoir une d\u00e9marche d\u2019intelligence \u00e9conomique globale en s\u2019appuyant sur les ressources internes d\u2019une organisation. Ils sont con\u00e7us pour doter les auditeurs des comp\u00e9tences [&hellip;]\" \/>\n<meta property=\"og:url\" content=\"https:\/\/ihedn.fr\/en\/se-former\/intelligence-economique\/cycles-longs\/\" \/>\n<meta property=\"og:site_name\" content=\"L&#039;IHEDN : Institut des hautes \u00e9tudes de d\u00e9fense nationale\" \/>\n<meta property=\"article:publisher\" content=\"https:\/\/www.facebook.com\/ihedn\/\" \/>\n<meta property=\"article:modified_time\" content=\"2026-04-16T14:55:55+00:00\" \/>\n<meta name=\"twitter:card\" content=\"summary_large_image\" \/>\n<meta name=\"twitter:site\" content=\"@IHEDN\" \/>\n<meta name=\"twitter:label1\" content=\"Estimated reading time\" \/>\n\t<meta name=\"twitter:data1\" content=\"8 minutes\" \/>\n<script type=\"application\/ld+json\" class=\"yoast-schema-graph\">{\"@context\":\"https:\\\/\\\/schema.org\",\"@graph\":[{\"@type\":\"WebPage\",\"@id\":\"https:\\\/\\\/ihedn.fr\\\/se-former\\\/intelligence-economique\\\/cycles-longs\\\/\",\"url\":\"https:\\\/\\\/ihedn.fr\\\/se-former\\\/intelligence-economique\\\/cycles-longs\\\/\",\"name\":\"Cycles longs IES - L&#039;IHEDN : Institut des hautes \u00e9tudes de d\u00e9fense nationale\",\"isPartOf\":{\"@id\":\"https:\\\/\\\/ihedn.fr\\\/#website\"},\"datePublished\":\"2024-08-02T08:21:51+00:00\",\"dateModified\":\"2026-04-16T14:55:55+00:00\",\"breadcrumb\":{\"@id\":\"https:\\\/\\\/ihedn.fr\\\/se-former\\\/intelligence-economique\\\/cycles-longs\\\/#breadcrumb\"},\"inLanguage\":\"en-GB\",\"potentialAction\":[{\"@type\":\"ReadAction\",\"target\":[\"https:\\\/\\\/ihedn.fr\\\/se-former\\\/intelligence-economique\\\/cycles-longs\\\/\"]}]},{\"@type\":\"BreadcrumbList\",\"@id\":\"https:\\\/\\\/ihedn.fr\\\/se-former\\\/intelligence-economique\\\/cycles-longs\\\/#breadcrumb\",\"itemListElement\":[{\"@type\":\"ListItem\",\"position\":1,\"name\":\"Accueil\",\"item\":\"https:\\\/\\\/ihedn.fr\\\/\"},{\"@type\":\"ListItem\",\"position\":2,\"name\":\"Se former\",\"item\":\"https:\\\/\\\/ihedn.fr\\\/se-former\\\/\"},{\"@type\":\"ListItem\",\"position\":3,\"name\":\"Les cycles en intelligence \u00e9conomique\",\"item\":\"https:\\\/\\\/ihedn.fr\\\/se-former\\\/intelligence-economique\\\/\"},{\"@type\":\"ListItem\",\"position\":4,\"name\":\"Cycles longs IES\"}]},{\"@type\":\"WebSite\",\"@id\":\"https:\\\/\\\/ihedn.fr\\\/#website\",\"url\":\"https:\\\/\\\/ihedn.fr\\\/\",\"name\":\"IHEDN : Institut des hautes \u00e9tudes de d\u00e9fense nationale |\",\"description\":\"Site officiel de l&#039;IHEDN plac\u00e9 sous la tutelle du Premier ministre.\",\"publisher\":{\"@id\":\"https:\\\/\\\/ihedn.fr\\\/#organization\"},\"potentialAction\":[{\"@type\":\"SearchAction\",\"target\":{\"@type\":\"EntryPoint\",\"urlTemplate\":\"https:\\\/\\\/ihedn.fr\\\/?s={search_term_string}\"},\"query-input\":{\"@type\":\"PropertyValueSpecification\",\"valueRequired\":true,\"valueName\":\"search_term_string\"}}],\"inLanguage\":\"en-GB\"},{\"@type\":\"Organization\",\"@id\":\"https:\\\/\\\/ihedn.fr\\\/#organization\",\"name\":\"IHEDN - Institut des Hautes Etudes de D\u00e9fense Nationale\",\"url\":\"https:\\\/\\\/ihedn.fr\\\/\",\"logo\":{\"@type\":\"ImageObject\",\"inLanguage\":\"en-GB\",\"@id\":\"https:\\\/\\\/ihedn.fr\\\/#\\\/schema\\\/logo\\\/image\\\/\",\"url\":\"https:\\\/\\\/ihedn.fr\\\/wp-content\\\/uploads\\\/2020\\\/11\\\/BLOC_RF_IHEDN_WEB.png\",\"contentUrl\":\"https:\\\/\\\/ihedn.fr\\\/wp-content\\\/uploads\\\/2020\\\/11\\\/BLOC_RF_IHEDN_WEB.png\",\"width\":500,\"height\":237,\"caption\":\"IHEDN - Institut des Hautes Etudes de D\u00e9fense Nationale\"},\"image\":{\"@id\":\"https:\\\/\\\/ihedn.fr\\\/#\\\/schema\\\/logo\\\/image\\\/\"},\"sameAs\":[\"https:\\\/\\\/www.facebook.com\\\/ihedn\\\/\",\"https:\\\/\\\/x.com\\\/IHEDN\",\"https:\\\/\\\/www.instagram.com\\\/ihedn\\\/\",\"https:\\\/\\\/www.linkedin.com\\\/school\\\/ihedn\\\/\",\"https:\\\/\\\/fr.wikipedia.org\\\/wiki\\\/Institut_des_hautes_\u00e9tudes_de_D\u00e9fense_nationale\"]}]}<\/script>\n<!-- \/ Yoast SEO plugin. -->","yoast_head_json":{"title":"Cycles longs IES - IHEDN: Institut des hautes \u00e9tudes de d\u00e9fense nationale (Institute for Advanced Studies in National Defence)","robots":{"index":"index","follow":"follow","max-snippet":"max-snippet:-1","max-image-preview":"max-image-preview:large","max-video-preview":"max-video-preview:-1"},"canonical":"https:\/\/ihedn.fr\/en\/se-former\/intelligence-economique\/cycles-longs\/","og_locale":"en_GB","og_type":"article","og_title":"Cycles longs IES - L&#039;IHEDN : Institut des hautes \u00e9tudes de d\u00e9fense nationale","og_description":"cycles longs en intelligence \u00e9conomique et strat\u00e9gique Pour se sensibiliser aux enjeux de souverainet\u00e9 \u00e9conomique et num\u00e9rique. Les cycles en Intelligence \u00e9conomique et strat\u00e9gique (IES) permettent aux auditeurs de comprendre, puis de concevoir une d\u00e9marche d\u2019intelligence \u00e9conomique globale en s\u2019appuyant sur les ressources internes d\u2019une organisation. Ils sont con\u00e7us pour doter les auditeurs des comp\u00e9tences [&hellip;]","og_url":"https:\/\/ihedn.fr\/en\/se-former\/intelligence-economique\/cycles-longs\/","og_site_name":"L&#039;IHEDN : Institut des hautes \u00e9tudes de d\u00e9fense nationale","article_publisher":"https:\/\/www.facebook.com\/ihedn\/","article_modified_time":"2026-04-16T14:55:55+00:00","twitter_card":"summary_large_image","twitter_site":"@IHEDN","twitter_misc":{"Estimated reading time":"8 minutes"},"schema":{"@context":"https:\/\/schema.org","@graph":[{"@type":"WebPage","@id":"https:\/\/ihedn.fr\/se-former\/intelligence-economique\/cycles-longs\/","url":"https:\/\/ihedn.fr\/se-former\/intelligence-economique\/cycles-longs\/","name":"Cycles longs IES - IHEDN: Institut des hautes \u00e9tudes de d\u00e9fense nationale (Institute for Advanced Studies in National Defence)","isPartOf":{"@id":"https:\/\/ihedn.fr\/#website"},"datePublished":"2024-08-02T08:21:51+00:00","dateModified":"2026-04-16T14:55:55+00:00","breadcrumb":{"@id":"https:\/\/ihedn.fr\/se-former\/intelligence-economique\/cycles-longs\/#breadcrumb"},"inLanguage":"en-GB","potentialAction":[{"@type":"ReadAction","target":["https:\/\/ihedn.fr\/se-former\/intelligence-economique\/cycles-longs\/"]}]},{"@type":"BreadcrumbList","@id":"https:\/\/ihedn.fr\/se-former\/intelligence-economique\/cycles-longs\/#breadcrumb","itemListElement":[{"@type":"ListItem","position":1,"name":"Accueil","item":"https:\/\/ihedn.fr\/"},{"@type":"ListItem","position":2,"name":"Se former","item":"https:\/\/ihedn.fr\/se-former\/"},{"@type":"ListItem","position":3,"name":"Les cycles en intelligence \u00e9conomique","item":"https:\/\/ihedn.fr\/se-former\/intelligence-economique\/"},{"@type":"ListItem","position":4,"name":"Cycles longs IES"}]},{"@type":"WebSite","@id":"https:\/\/ihedn.fr\/#website","url":"https:\/\/ihedn.fr\/","name":"IHEDN: Institut des hautes \u00e9tudes de d\u00e9fense nationale (Institute for Higher National Defence Studies)","description":"Official website of the IHEDN under the supervision of the Prime Minister.","publisher":{"@id":"https:\/\/ihedn.fr\/#organization"},"potentialAction":[{"@type":"SearchAction","target":{"@type":"EntryPoint","urlTemplate":"https:\/\/ihedn.fr\/?s={search_term_string}"},"query-input":{"@type":"PropertyValueSpecification","valueRequired":true,"valueName":"search_term_string"}}],"inLanguage":"en-GB"},{"@type":"Organization","@id":"https:\/\/ihedn.fr\/#organization","name":"IHEDN - Institute for Higher National Defence Studies","url":"https:\/\/ihedn.fr\/","logo":{"@type":"ImageObject","inLanguage":"en-GB","@id":"https:\/\/ihedn.fr\/#\/schema\/logo\/image\/","url":"https:\/\/ihedn.fr\/wp-content\/uploads\/2020\/11\/BLOC_RF_IHEDN_WEB.png","contentUrl":"https:\/\/ihedn.fr\/wp-content\/uploads\/2020\/11\/BLOC_RF_IHEDN_WEB.png","width":500,"height":237,"caption":"IHEDN - Institut des Hautes Etudes de D\u00e9fense Nationale"},"image":{"@id":"https:\/\/ihedn.fr\/#\/schema\/logo\/image\/"},"sameAs":["https:\/\/www.facebook.com\/ihedn\/","https:\/\/x.com\/IHEDN","https:\/\/www.instagram.com\/ihedn\/","https:\/\/www.linkedin.com\/school\/ihedn\/","https:\/\/fr.wikipedia.org\/wiki\/Institut_des_hautes_\u00e9tudes_de_D\u00e9fense_nationale"]}]}},"publishpress_future_action":{"enabled":false,"date":"2026-05-08 07:32:33","action":"change-status","newStatus":"draft","terms":[],"taxonomy":"","extraData":[]},"publishpress_future_workflow_manual_trigger":{"enabledWorkflows":[]},"_links":{"self":[{"href":"https:\/\/ihedn.fr\/en\/wp-json\/wp\/v2\/pages\/49533","targetHints":{"allow":["GET"]}}],"collection":[{"href":"https:\/\/ihedn.fr\/en\/wp-json\/wp\/v2\/pages"}],"about":[{"href":"https:\/\/ihedn.fr\/en\/wp-json\/wp\/v2\/types\/page"}],"author":[{"embeddable":true,"href":"https:\/\/ihedn.fr\/en\/wp-json\/wp\/v2\/users\/10"}],"replies":[{"embeddable":true,"href":"https:\/\/ihedn.fr\/en\/wp-json\/wp\/v2\/comments?post=49533"}],"version-history":[{"count":249,"href":"https:\/\/ihedn.fr\/en\/wp-json\/wp\/v2\/pages\/49533\/revisions"}],"predecessor-version":[{"id":59700,"href":"https:\/\/ihedn.fr\/en\/wp-json\/wp\/v2\/pages\/49533\/revisions\/59700"}],"up":[{"embeddable":true,"href":"https:\/\/ihedn.fr\/en\/wp-json\/wp\/v2\/pages\/49613"}],"wp:attachment":[{"href":"https:\/\/ihedn.fr\/en\/wp-json\/wp\/v2\/media?parent=49533"}],"curies":[{"name":"wp","href":"https:\/\/api.w.org\/{rel}","templated":true}]}}