{"id":49613,"date":"2024-08-02T09:19:27","date_gmt":"2024-08-02T08:19:27","guid":{"rendered":"https:\/\/ihedn.fr\/?page_id=49613"},"modified":"2026-02-26T11:47:02","modified_gmt":"2026-02-26T10:47:02","slug":"intelligence-economique","status":"publish","type":"page","link":"https:\/\/ihedn.fr\/en\/se-former\/intelligence-economique\/","title":{"rendered":"Business intelligence cycles"},"content":{"rendered":"<div data-elementor-type=\"wp-page\" data-elementor-id=\"49613\" class=\"elementor elementor-49613\" data-elementor-post-type=\"page\">\n\t\t\t\t<div data-particle_enable=\"false\" data-particle-mobile-disabled=\"false\" class=\"elementor-element elementor-element-88393c2 e-flex e-con-boxed e-con e-parent\" data-id=\"88393c2\" data-element_type=\"container\" data-e-type=\"container\">\n\t\t\t\t\t<div class=\"e-con-inner\">\n\t\t\t\t<div class=\"elementor-element elementor-element-7651a0c elementor-widget elementor-widget-breadcrumbs\" data-id=\"7651a0c\" data-element_type=\"widget\" data-e-type=\"widget\" data-widget_type=\"breadcrumbs.default\">\n\t\t\t\t<div class=\"elementor-widget-container\">\n\t\t\t\t\t<div id=\"breadcrumbs\"><span><span><a href=\"https:\/\/ihedn.fr\/en\/\">Home<\/a><\/span><\/span><\/div>\t\t\t\t<\/div>\n\t\t\t\t<\/div>\n\t\t\t\t\t<\/div>\n\t\t\t\t<\/div>\n\t\t<div data-particle_enable=\"false\" data-particle-mobile-disabled=\"false\" class=\"elementor-element elementor-element-d7574a6 e-con-full e-flex e-con e-parent\" data-id=\"d7574a6\" data-element_type=\"container\" data-e-type=\"container\">\n\t\t<div data-particle_enable=\"false\" data-particle-mobile-disabled=\"false\" class=\"elementor-element elementor-element-8d02b6a e-con-full title e-flex e-con e-child\" data-id=\"8d02b6a\" data-element_type=\"container\" data-e-type=\"container\">\n\t\t\t\t<div class=\"elementor-element elementor-element-71484a5 title elementor-widget elementor-widget-heading\" data-id=\"71484a5\" data-element_type=\"widget\" data-e-type=\"widget\" data-widget_type=\"heading.default\">\n\t\t\t\t<div class=\"elementor-widget-container\">\n\t\t\t\t\t<h1 class=\"elementor-heading-title elementor-size-default\">Business intelligence cycles<\/h1>\t\t\t\t<\/div>\n\t\t\t\t<\/div>\n\t\t\t\t<div class=\"elementor-element elementor-element-179de5d elementor-widget-divider--view-line elementor-invisible elementor-widget elementor-widget-divider\" data-id=\"179de5d\" data-element_type=\"widget\" data-e-type=\"widget\" data-settings=\"{&quot;_animation&quot;:&quot;fadeInUp&quot;,&quot;_animation_delay&quot;:100}\" data-widget_type=\"divider.default\">\n\t\t\t\t<div class=\"elementor-widget-container\">\n\t\t\t\t\t\t\t<div class=\"elementor-divider\">\n\t\t\t<span class=\"elementor-divider-separator\">\n\t\t\t\t\t\t<\/span>\n\t\t<\/div>\n\t\t\t\t\t\t<\/div>\n\t\t\t\t<\/div>\n\t\t\t\t<\/div>\n\t\t\t\t<\/div>\n\t\t<div data-particle_enable=\"false\" data-particle-mobile-disabled=\"false\" class=\"elementor-element elementor-element-4d9d6a2 e-flex e-con-boxed e-con e-parent\" data-id=\"4d9d6a2\" data-element_type=\"container\" data-e-type=\"container\">\n\t\t\t\t\t<div class=\"e-con-inner\">\n\t\t<div data-particle_enable=\"false\" data-particle-mobile-disabled=\"false\" class=\"elementor-element elementor-element-67355cc e-con-full e-flex e-con e-child\" data-id=\"67355cc\" data-element_type=\"container\" data-e-type=\"container\">\n\t\t\t\t<div class=\"elementor-element elementor-element-e66f499 elementor-widget elementor-widget-text-editor\" data-id=\"e66f499\" data-element_type=\"widget\" data-e-type=\"widget\" data-widget_type=\"text-editor.default\">\n\t\t\t\t<div class=\"elementor-widget-container\">\n\t\t\t\t\t\t\t\t\t<p style=\"text-align: left;\">Business intelligence (BI) is of major strategic importance. It lies at the very heart of the competitive challenges facing national economies. Knowledge of the geopolitical, economic, technical and legislative environment is a significant competitive advantage that must be exploited to protect organisations against the risks of intrusion, acquisition, manipulation and looting.<\/p><p style=\"text-align: left;\">Since 1996, the Institute for Higher National Defence Studies (IHEDN) has been providing training for public and private sector executives in the concepts, methods, issues and tools of strategic intelligence and economic security.\u00a0<\/p><p><span style=\"text-decoration: underline;\">IHEDN offers two types of training:<\/span><\/p><ul><li><strong>7-day \"Economic and Strategic Intelligence\" cycles:<\/strong> In 49 hours of training, these cycles cover the major themes of EI: economic security, intelligence, OSINT, cybersecurity, ethics and compliance, as well as influence and lobbying.<\/li><li><strong>2-day \"Business Intelligence\" cycles:<\/strong> In 14 hours of training, these cycles provide an insight into an EI theme.<\/li><\/ul>\t\t\t\t\t\t\t\t<\/div>\n\t\t\t\t<\/div>\n\t\t\t\t<\/div>\n\t\t\t\t\t<\/div>\n\t\t\t\t<\/div>\n\t\t<div data-particle_enable=\"false\" data-particle-mobile-disabled=\"false\" class=\"elementor-element elementor-element-6d91511 e-flex e-con-boxed e-con e-parent\" data-id=\"6d91511\" data-element_type=\"container\" data-e-type=\"container\">\n\t\t\t\t\t<div class=\"e-con-inner\">\n\t\t<a class=\"eael-wrapper-link-81d8bee --eael-wrapper-link-tag\" href=\"https:\/\/ihedn.fr\/en\/formations\/intelligence-economique\/cycles-courts\/\"><\/a><div data-eael-wrapper-link=\"eael-wrapper-link-81d8bee\" data-particle_enable=\"false\" data-particle-mobile-disabled=\"false\" class=\"elementor-element elementor-element-81d8bee e-con-full e-flex e-con e-child\" data-id=\"81d8bee\" data-element_type=\"container\" data-e-type=\"container\" data-settings=\"{&quot;background_background&quot;:&quot;classic&quot;}\">\n\t\t\t\t<div class=\"elementor-element elementor-element-c50b137 elementor-widget elementor-widget-button\" data-id=\"c50b137\" data-element_type=\"widget\" data-e-type=\"widget\" data-widget_type=\"button.default\">\n\t\t\t\t<div class=\"elementor-widget-container\">\n\t\t\t\t\t\t\t\t\t<div class=\"elementor-button-wrapper\">\n\t\t\t\t\t<a class=\"elementor-button elementor-button-link elementor-size-sm\" href=\"https:\/\/ihedn.fr\/en\/formations\/intelligence-economique\/cycles-courts\/\">\n\t\t\t\t\t\t<span class=\"elementor-button-content-wrapper\">\n\t\t\t\t\t\t\t\t\t<span class=\"elementor-button-text\">short cycles<\/span>\n\t\t\t\t\t<\/span>\n\t\t\t\t\t<\/a>\n\t\t\t\t<\/div>\n\t\t\t\t\t\t\t\t<\/div>\n\t\t\t\t<\/div>\n\t\t\t\t<\/div>\n\t\t<a class=\"eael-wrapper-link-00b24b2 --eael-wrapper-link-tag\" href=\"https:\/\/ihedn.fr\/en\/formations\/intelligence-economique\/cycles-longs\/\"><\/a><div data-eael-wrapper-link=\"eael-wrapper-link-00b24b2\" data-particle_enable=\"false\" data-particle-mobile-disabled=\"false\" class=\"elementor-element elementor-element-00b24b2 e-con-full e-flex e-con e-child\" data-id=\"00b24b2\" data-element_type=\"container\" data-e-type=\"container\" data-settings=\"{&quot;background_background&quot;:&quot;classic&quot;}\">\n\t\t\t\t<div class=\"elementor-element elementor-element-c1ae895 elementor-widget elementor-widget-button\" data-id=\"c1ae895\" data-element_type=\"widget\" data-e-type=\"widget\" data-widget_type=\"button.default\">\n\t\t\t\t<div class=\"elementor-widget-container\">\n\t\t\t\t\t\t\t\t\t<div class=\"elementor-button-wrapper\">\n\t\t\t\t\t<a class=\"elementor-button elementor-button-link elementor-size-sm\" href=\"https:\/\/ihedn.fr\/en\/formations\/intelligence-economique\/cycles-longs\/\">\n\t\t\t\t\t\t<span class=\"elementor-button-content-wrapper\">\n\t\t\t\t\t\t\t\t\t<span class=\"elementor-button-text\">long cycles<\/span>\n\t\t\t\t\t<\/span>\n\t\t\t\t\t<\/a>\n\t\t\t\t<\/div>\n\t\t\t\t\t\t\t\t<\/div>\n\t\t\t\t<\/div>\n\t\t\t\t<\/div>\n\t\t\t\t\t<\/div>\n\t\t\t\t<\/div>\n\t\t<div data-particle_enable=\"false\" data-particle-mobile-disabled=\"false\" class=\"elementor-element elementor-element-3e860bd e-con-full e-flex e-con e-parent\" data-id=\"3e860bd\" data-element_type=\"container\" data-e-type=\"container\">\n\t\t<div data-particle_enable=\"false\" data-particle-mobile-disabled=\"false\" class=\"elementor-element elementor-element-9a5b943 e-con-full e-flex e-con e-child\" data-id=\"9a5b943\" data-element_type=\"container\" data-e-type=\"container\">\n\t\t\t\t<div class=\"elementor-element elementor-element-7ce52d9 elementor-widget elementor-widget-heading\" data-id=\"7ce52d9\" data-element_type=\"widget\" data-e-type=\"widget\" data-widget_type=\"heading.default\">\n\t\t\t\t<div class=\"elementor-widget-container\">\n\t\t\t\t\t<h2 class=\"elementor-heading-title elementor-size-default\">For a better understanding of IE and the issues involved<\/h2>\t\t\t\t<\/div>\n\t\t\t\t<\/div>\n\t\t\t\t<div class=\"elementor-element elementor-element-a9ffbc4 elementor-widget-divider--view-line elementor-widget elementor-widget-divider\" data-id=\"a9ffbc4\" data-element_type=\"widget\" data-e-type=\"widget\" data-widget_type=\"divider.default\">\n\t\t\t\t<div class=\"elementor-widget-container\">\n\t\t\t\t\t\t\t<div class=\"elementor-divider\">\n\t\t\t<span class=\"elementor-divider-separator\">\n\t\t\t\t\t\t<\/span>\n\t\t<\/div>\n\t\t\t\t\t\t<\/div>\n\t\t\t\t<\/div>\n\t\t\t\t<div class=\"elementor-element elementor-element-fa3fe0c elementor-widget elementor-widget-text-editor\" data-id=\"fa3fe0c\" data-element_type=\"widget\" data-e-type=\"widget\" data-widget_type=\"text-editor.default\">\n\t\t\t\t<div class=\"elementor-widget-container\">\n\t\t\t\t\t\t\t\t\t<p style=\"text-align: left;\">This list of books, podcasts and documentaries will provide you with an in-depth understanding of the dynamics of economic warfare and business intelligence, while exploring the strategies and tools needed to navigate this complex and competitive field.<\/p>\t\t\t\t\t\t\t\t<\/div>\n\t\t\t\t<\/div>\n\t\t\t\t<\/div>\n\t\t<div data-particle_enable=\"false\" data-particle-mobile-disabled=\"false\" class=\"elementor-element elementor-element-ba7d06a e-con-full e-flex e-con e-child\" data-id=\"ba7d06a\" data-element_type=\"container\" data-e-type=\"container\">\n\t\t\t\t<div class=\"elementor-element elementor-element-bd9f53e elementor-widget elementor-widget-heading\" data-id=\"bd9f53e\" data-element_type=\"widget\" data-e-type=\"widget\" data-widget_type=\"heading.default\">\n\t\t\t\t<div class=\"elementor-widget-container\">\n\t\t\t\t\t<h2 class=\"elementor-heading-title elementor-size-default\">The basics of ei<\/h2>\t\t\t\t<\/div>\n\t\t\t\t<\/div>\n\t\t<div data-particle_enable=\"false\" data-particle-mobile-disabled=\"false\" class=\"elementor-element elementor-element-88ae65a e-con-full e-flex e-con e-child\" data-id=\"88ae65a\" data-element_type=\"container\" data-e-type=\"container\">\n\t\t<div data-particle_enable=\"false\" data-particle-mobile-disabled=\"false\" class=\"elementor-element elementor-element-7f19d99 e-con-full e-flex e-con e-child\" data-id=\"7f19d99\" data-element_type=\"container\" data-e-type=\"container\">\n\t\t\t\t<div class=\"elementor-element elementor-element-c5ff582 elementor-widget elementor-widget-image\" data-id=\"c5ff582\" data-element_type=\"widget\" data-e-type=\"widget\" data-widget_type=\"image.default\">\n\t\t\t\t<div class=\"elementor-widget-container\">\n\t\t\t\t\t\t\t\t\t\t\t\t\t\t\t<img fetchpriority=\"high\" decoding=\"async\" width=\"863\" height=\"300\" src=\"https:\/\/ihedn.fr\/wp-content\/uploads\/2026\/02\/logoVP.svg\" class=\"attachment-full size-full wp-image-58256\" alt=\"Logo Vie Publique\" \/>\t\t\t\t\t\t\t\t\t\t\t\t\t\t\t<\/div>\n\t\t\t\t<\/div>\n\t\t\t\t<\/div>\n\t\t<div data-particle_enable=\"false\" data-particle-mobile-disabled=\"false\" class=\"elementor-element elementor-element-44e18f3 e-con-full e-flex e-con e-child\" data-id=\"44e18f3\" data-element_type=\"container\" data-e-type=\"container\">\n\t\t\t\t<div class=\"elementor-element elementor-element-091e3d0 elementor-widget elementor-widget-text-editor\" data-id=\"091e3d0\" data-element_type=\"widget\" data-e-type=\"widget\" data-widget_type=\"text-editor.default\">\n\t\t\t\t<div class=\"elementor-widget-container\">\n\t\t\t\t\t\t\t\t\t<p class=\"fr-h1\"><span style=\"text-decoration: underline;\"><a href=\"https:\/\/www.vie-publique.fr\/rapport\/29146-intelligence-economique-et-strategie-des-entreprises?\" target=\"_blank\" rel=\"noopener\">Business intelligence and corporate strategy<\/a><\/span><\/p>\t\t\t\t\t\t\t\t<\/div>\n\t\t\t\t<\/div>\n\t\t\t\t<\/div>\n\t\t\t\t<\/div>\n\t\t<div data-particle_enable=\"false\" data-particle-mobile-disabled=\"false\" class=\"elementor-element elementor-element-74f8239 e-con-full e-flex e-con e-child\" data-id=\"74f8239\" data-element_type=\"container\" data-e-type=\"container\">\n\t\t<div data-particle_enable=\"false\" data-particle-mobile-disabled=\"false\" class=\"elementor-element elementor-element-aedb260 e-con-full e-flex e-con e-child\" data-id=\"aedb260\" data-element_type=\"container\" data-e-type=\"container\">\n\t\t\t\t<div class=\"elementor-element elementor-element-d45b861 elementor-widget elementor-widget-image\" data-id=\"d45b861\" data-element_type=\"widget\" data-e-type=\"widget\" data-widget_type=\"image.default\">\n\t\t\t\t<div class=\"elementor-widget-container\">\n\t\t\t\t\t\t\t\t\t\t\t\t\t\t\t<img decoding=\"async\" width=\"800\" height=\"278\" src=\"https:\/\/ihedn.fr\/wp-content\/uploads\/2026\/02\/logoVP.svg\" class=\"attachment-large size-large wp-image-58256\" alt=\"Logo Vie Publique\" \/>\t\t\t\t\t\t\t\t\t\t\t\t\t\t\t<\/div>\n\t\t\t\t<\/div>\n\t\t\t\t<\/div>\n\t\t<div data-particle_enable=\"false\" data-particle-mobile-disabled=\"false\" class=\"elementor-element elementor-element-b254119 e-con-full e-flex e-con e-child\" data-id=\"b254119\" data-element_type=\"container\" data-e-type=\"container\">\n\t\t\t\t<div class=\"elementor-element elementor-element-cb6b6d5 elementor-widget elementor-widget-text-editor\" data-id=\"cb6b6d5\" data-element_type=\"widget\" data-e-type=\"widget\" data-widget_type=\"text-editor.default\">\n\t\t\t\t<div class=\"elementor-widget-container\">\n\t\t\t\t\t\t\t\t\t<p class=\"fr-h1\" style=\"text-align: left;\"><span style=\"text-decoration: underline;\"><a href=\"https:\/\/www.vie-publique.fr\/rapport\/26501-intelligence-economique-competitivite-et-cohesion-sociale?\" target=\"_blank\" rel=\"noopener\">Economic intelligence, competitiveness and social cohesion<\/a><\/span><\/p>\t\t\t\t\t\t\t\t<\/div>\n\t\t\t\t<\/div>\n\t\t\t\t<\/div>\n\t\t\t\t<\/div>\n\t\t<div data-particle_enable=\"false\" data-particle-mobile-disabled=\"false\" class=\"elementor-element elementor-element-fd2fa60 e-con-full e-flex e-con e-child\" data-id=\"fd2fa60\" data-element_type=\"container\" data-e-type=\"container\">\n\t\t<div data-particle_enable=\"false\" data-particle-mobile-disabled=\"false\" class=\"elementor-element elementor-element-08a8c9a e-con-full e-flex e-con e-child\" data-id=\"08a8c9a\" data-element_type=\"container\" data-e-type=\"container\">\n\t\t\t\t<div class=\"elementor-element elementor-element-8a11b4f elementor-widget__width-initial elementor-widget elementor-widget-image\" data-id=\"8a11b4f\" data-element_type=\"widget\" data-e-type=\"widget\" data-widget_type=\"image.default\">\n\t\t\t\t<div class=\"elementor-widget-container\">\n\t\t\t\t\t\t\t\t\t\t\t\t\t\t\t<img decoding=\"async\" width=\"121\" height=\"136\" src=\"https:\/\/ihedn.fr\/wp-content\/uploads\/2026\/02\/senat-logo.png\" class=\"attachment-thumbnail size-thumbnail wp-image-58258\" alt=\"\" srcset=\"https:\/\/ihedn.fr\/wp-content\/uploads\/2026\/02\/senat-logo.png 121w, https:\/\/ihedn.fr\/wp-content\/uploads\/2026\/02\/senat-logo-11x12.png 11w\" sizes=\"(max-width: 121px) 100vw, 121px\" \/>\t\t\t\t\t\t\t\t\t\t\t\t\t\t\t<\/div>\n\t\t\t\t<\/div>\n\t\t\t\t<\/div>\n\t\t<div data-particle_enable=\"false\" data-particle-mobile-disabled=\"false\" class=\"elementor-element elementor-element-df02ecb e-con-full e-flex e-con e-child\" data-id=\"df02ecb\" data-element_type=\"container\" data-e-type=\"container\">\n\t\t\t\t<div class=\"elementor-element elementor-element-276c20e elementor-widget elementor-widget-text-editor\" data-id=\"276c20e\" data-element_type=\"widget\" data-e-type=\"widget\" data-widget_type=\"text-editor.default\">\n\t\t\t\t<div class=\"elementor-widget-container\">\n\t\t\t\t\t\t\t\t\t<p><span style=\"text-decoration: underline;\"><a href=\"https:\/\/www.senat.fr\/rap\/r17-449\/r17-4491.pdf\" target=\"_blank\" rel=\"noopener\">Report of the Parliamentary Committee of Inquiry<\/a><\/span><\/p>\t\t\t\t\t\t\t\t<\/div>\n\t\t\t\t<\/div>\n\t\t\t\t<\/div>\n\t\t\t\t<\/div>\n\t\t<div data-particle_enable=\"false\" data-particle-mobile-disabled=\"false\" class=\"elementor-element elementor-element-95ac16a e-con-full e-flex e-con e-child\" data-id=\"95ac16a\" data-element_type=\"container\" data-e-type=\"container\">\n\t\t<div data-particle_enable=\"false\" data-particle-mobile-disabled=\"false\" class=\"elementor-element elementor-element-1f8810f e-con-full e-flex e-con e-child\" data-id=\"1f8810f\" data-element_type=\"container\" data-e-type=\"container\">\n\t\t\t\t<div class=\"elementor-element elementor-element-8663fe1 elementor-widget__width-initial elementor-widget elementor-widget-image\" data-id=\"8663fe1\" data-element_type=\"widget\" data-e-type=\"widget\" data-widget_type=\"image.default\">\n\t\t\t\t<div class=\"elementor-widget-container\">\n\t\t\t\t\t\t\t\t\t\t\t\t\t\t\t<img loading=\"lazy\" decoding=\"async\" width=\"290\" height=\"174\" src=\"https:\/\/ihedn.fr\/wp-content\/uploads\/2026\/02\/logo-gouvernement.png\" class=\"attachment-full size-full wp-image-58259\" alt=\"\" srcset=\"https:\/\/ihedn.fr\/wp-content\/uploads\/2026\/02\/logo-gouvernement.png 290w, https:\/\/ihedn.fr\/wp-content\/uploads\/2026\/02\/logo-gouvernement-18x12.png 18w\" sizes=\"(max-width: 290px) 100vw, 290px\" \/>\t\t\t\t\t\t\t\t\t\t\t\t\t\t\t<\/div>\n\t\t\t\t<\/div>\n\t\t\t\t<\/div>\n\t\t<div data-particle_enable=\"false\" data-particle-mobile-disabled=\"false\" class=\"elementor-element elementor-element-b7708a5 e-con-full e-flex e-con e-child\" data-id=\"b7708a5\" data-element_type=\"container\" data-e-type=\"container\">\n\t\t\t\t<div class=\"elementor-element elementor-element-44c390e elementor-widget elementor-widget-text-editor\" data-id=\"44c390e\" data-element_type=\"widget\" data-e-type=\"widget\" data-widget_type=\"text-editor.default\">\n\t\t\t\t<div class=\"elementor-widget-container\">\n\t\t\t\t\t\t\t\t\t<p><span style=\"text-decoration: underline;\"><a href=\"https:\/\/www.entreprises.gouv.fr\/files\/files\/Publications\/2021\/Guides\/la-securite-economique-au-quotidien-en-28-fiches.pdf\" target=\"_blank\" rel=\"noopener\">28 factsheets on economic security<\/a><\/span><\/p>\t\t\t\t\t\t\t\t<\/div>\n\t\t\t\t<\/div>\n\t\t\t\t<\/div>\n\t\t\t\t<\/div>\n\t\t\t\t<\/div>\n\t\t<div data-particle_enable=\"false\" data-particle-mobile-disabled=\"false\" class=\"elementor-element elementor-element-519003c e-con-full e-flex e-con e-child\" data-id=\"519003c\" data-element_type=\"container\" data-e-type=\"container\">\n\t\t\t\t<div class=\"elementor-element elementor-element-bf54502 elementor-widget elementor-widget-heading\" data-id=\"bf54502\" data-element_type=\"widget\" data-e-type=\"widget\" data-widget_type=\"heading.default\">\n\t\t\t\t<div class=\"elementor-widget-container\">\n\t\t\t\t\t<h2 class=\"elementor-heading-title elementor-size-default\">Publications<\/h2>\t\t\t\t<\/div>\n\t\t\t\t<\/div>\n\t\t<div data-particle_enable=\"false\" data-particle-mobile-disabled=\"false\" class=\"elementor-element elementor-element-9a461d9 e-grid e-con-full e-con e-child\" data-id=\"9a461d9\" data-element_type=\"container\" data-e-type=\"container\">\n\t\t\t\t<div class=\"elementor-element elementor-element-f30e32e elementor-widget elementor-widget-image\" data-id=\"f30e32e\" data-element_type=\"widget\" data-e-type=\"widget\" data-widget_type=\"image.default\">\n\t\t\t\t<div class=\"elementor-widget-container\">\n\t\t\t\t\t\t\t\t\t\t\t\t\t\t\t\t<a href=\"https:\/\/www.va-editions.fr\/la-guerre-economique-au-xxie-siecle-c2x40809246\" target=\"_blank\">\n\t\t\t\t\t\t\t<img loading=\"lazy\" decoding=\"async\" width=\"283\" height=\"400\" src=\"https:\/\/ihedn.fr\/wp-content\/uploads\/2026\/02\/Couverture-guerre-economique-21-e-siecle.png\" class=\"attachment-full size-full wp-image-58263\" alt=\"La guerre \u00e9conomique au XXIe si\u00e8cle, Christian HARBULOT\" srcset=\"https:\/\/ihedn.fr\/wp-content\/uploads\/2026\/02\/Couverture-guerre-economique-21-e-siecle.png 283w, https:\/\/ihedn.fr\/wp-content\/uploads\/2026\/02\/Couverture-guerre-economique-21-e-siecle-8x12.png 8w\" sizes=\"(max-width: 283px) 100vw, 283px\" \/>\t\t\t\t\t\t\t\t<\/a>\n\t\t\t\t\t\t\t\t\t\t\t\t\t\t\t<\/div>\n\t\t\t\t<\/div>\n\t\t\t\t<div class=\"elementor-element elementor-element-cee74df elementor-widget elementor-widget-image\" data-id=\"cee74df\" data-element_type=\"widget\" data-e-type=\"widget\" data-widget_type=\"image.default\">\n\t\t\t\t<div class=\"elementor-widget-container\">\n\t\t\t\t\t\t\t\t\t\t\t\t\t\t\t\t<a href=\"https:\/\/www.grasset.fr\/livre\/tempete-dans-le-bocal-9782246828969\/\" target=\"_blank\">\n\t\t\t\t\t\t\t<img loading=\"lazy\" decoding=\"async\" width=\"780\" height=\"1230\" src=\"https:\/\/ihedn.fr\/wp-content\/uploads\/2026\/02\/Couverture-tempete-dans-bocal.png\" class=\"attachment-full size-full wp-image-58262\" alt=\"Temp\u00eate dans le bocal, Bruno Patino\" srcset=\"https:\/\/ihedn.fr\/wp-content\/uploads\/2026\/02\/Couverture-tempete-dans-bocal.png 780w, https:\/\/ihedn.fr\/wp-content\/uploads\/2026\/02\/Couverture-tempete-dans-bocal-8x12.png 8w\" sizes=\"(max-width: 780px) 100vw, 780px\" \/>\t\t\t\t\t\t\t\t<\/a>\n\t\t\t\t\t\t\t\t\t\t\t\t\t\t\t<\/div>\n\t\t\t\t<\/div>\n\t\t\t\t<div class=\"elementor-element elementor-element-12e850c elementor-widget elementor-widget-image\" data-id=\"12e850c\" data-element_type=\"widget\" data-e-type=\"widget\" data-widget_type=\"image.default\">\n\t\t\t\t<div class=\"elementor-widget-container\">\n\t\t\t\t\t\t\t\t\t\t\t\t\t\t\t\t<a href=\"https:\/\/www.va-editions.fr\/de-la-competition-a-l-affrontement-c2x41321779\" target=\"_blank\">\n\t\t\t\t\t\t\t<img loading=\"lazy\" decoding=\"async\" width=\"277\" height=\"400\" src=\"https:\/\/ihedn.fr\/wp-content\/uploads\/2026\/02\/Couverture-de-la-competition-a-l-affrontement.jpg\" class=\"attachment-full size-full wp-image-58261\" alt=\"De la comp\u00e9tition \u00e0 l&#039;affrontement, Nicolas Moinet\" srcset=\"https:\/\/ihedn.fr\/wp-content\/uploads\/2026\/02\/Couverture-de-la-competition-a-l-affrontement.jpg 277w, https:\/\/ihedn.fr\/wp-content\/uploads\/2026\/02\/Couverture-de-la-competition-a-l-affrontement-8x12.jpg 8w\" sizes=\"(max-width: 277px) 100vw, 277px\" \/>\t\t\t\t\t\t\t\t<\/a>\n\t\t\t\t\t\t\t\t\t\t\t\t\t\t\t<\/div>\n\t\t\t\t<\/div>\n\t\t\t\t<div class=\"elementor-element elementor-element-e36f985 elementor-widget elementor-widget-image\" data-id=\"e36f985\" data-element_type=\"widget\" data-e-type=\"widget\" data-widget_type=\"image.default\">\n\t\t\t\t<div class=\"elementor-widget-container\">\n\t\t\t\t\t\t\t\t\t\t\t\t\t\t\t\t<a href=\"https:\/\/www.va-editions.fr\/gagner-la-guerre-economique-c2x37144966\" target=\"_blank\">\n\t\t\t\t\t\t\t<img loading=\"lazy\" decoding=\"async\" width=\"250\" height=\"373\" src=\"https:\/\/ihedn.fr\/wp-content\/uploads\/2026\/02\/Couverture-gagner-la-guerre-eco-ombre-1.png\" class=\"attachment-full size-full wp-image-58264\" alt=\"\" srcset=\"https:\/\/ihedn.fr\/wp-content\/uploads\/2026\/02\/Couverture-gagner-la-guerre-eco-ombre-1.png 250w, https:\/\/ihedn.fr\/wp-content\/uploads\/2026\/02\/Couverture-gagner-la-guerre-eco-ombre-1-8x12.png 8w\" sizes=\"(max-width: 250px) 100vw, 250px\" \/>\t\t\t\t\t\t\t\t<\/a>\n\t\t\t\t\t\t\t\t\t\t\t\t\t\t\t<\/div>\n\t\t\t\t<\/div>\n\t\t\t\t<\/div>\n\t\t\t\t<\/div>\n\t\t<div data-particle_enable=\"false\" data-particle-mobile-disabled=\"false\" class=\"elementor-element elementor-element-007716d e-con-full e-flex e-con e-child\" data-id=\"007716d\" data-element_type=\"container\" data-e-type=\"container\" data-settings=\"{&quot;background_background&quot;:&quot;classic&quot;}\">\n\t\t\t\t<div class=\"elementor-element elementor-element-f75f3e7 elementor-widget elementor-widget-heading\" data-id=\"f75f3e7\" data-element_type=\"widget\" data-e-type=\"widget\" data-widget_type=\"heading.default\">\n\t\t\t\t<div class=\"elementor-widget-container\">\n\t\t\t\t\t<h2 class=\"elementor-heading-title elementor-size-default\">Podcasts and programmes<\/h2>\t\t\t\t<\/div>\n\t\t\t\t<\/div>\n\t\t\t\t<div class=\"elementor-element elementor-element-d4c33dd elementor-widget elementor-widget-spacer\" data-id=\"d4c33dd\" data-element_type=\"widget\" data-e-type=\"widget\" data-widget_type=\"spacer.default\">\n\t\t\t\t<div class=\"elementor-widget-container\">\n\t\t\t\t\t\t\t<div class=\"elementor-spacer\">\n\t\t\t<div class=\"elementor-spacer-inner\"><\/div>\n\t\t<\/div>\n\t\t\t\t\t\t<\/div>\n\t\t\t\t<\/div>\n\t\t<div data-particle_enable=\"false\" data-particle-mobile-disabled=\"false\" class=\"elementor-element elementor-element-e5e99a7 e-con-full e-flex e-con e-child\" data-id=\"e5e99a7\" data-element_type=\"container\" data-e-type=\"container\" data-settings=\"{&quot;background_background&quot;:&quot;classic&quot;}\">\n\t\t<div data-particle_enable=\"false\" data-particle-mobile-disabled=\"false\" class=\"elementor-element elementor-element-f4f53eb e-con-full e-flex e-con e-child\" data-id=\"f4f53eb\" data-element_type=\"container\" data-e-type=\"container\" data-settings=\"{&quot;background_background&quot;:&quot;classic&quot;}\">\n\t\t\t\t<div class=\"elementor-element elementor-element-ddbbbca elementor-widget elementor-widget-text-editor\" data-id=\"ddbbbca\" data-element_type=\"widget\" data-e-type=\"widget\" data-widget_type=\"text-editor.default\">\n\t\t\t\t<div class=\"elementor-widget-container\">\n\t\t\t\t\t\t\t\t\t<p><strong>Cap Int\u00e9grit\u00e9,<\/strong> French Anti-Corruption Agency<\/p>\t\t\t\t\t\t\t\t<\/div>\n\t\t\t\t<\/div>\n\t\t\t\t<div class=\"elementor-element elementor-element-d74c103 elementor-widget elementor-widget-text-editor\" data-id=\"d74c103\" data-element_type=\"widget\" data-e-type=\"widget\" data-widget_type=\"text-editor.default\">\n\t\t\t\t<div class=\"elementor-widget-container\">\n\t\t\t\t\t\t\t\t\t<p style=\"text-align: left;\">This podcast channel offers practical, accessible keys to deciphering the challenges of compliance and anti-corruption levers.<\/p>\t\t\t\t\t\t\t\t<\/div>\n\t\t\t\t<\/div>\n\t\t\t\t<\/div>\n\t\t<div data-particle_enable=\"false\" data-particle-mobile-disabled=\"false\" class=\"elementor-element elementor-element-318bd36 e-con-full e-flex e-con e-child\" data-id=\"318bd36\" data-element_type=\"container\" data-e-type=\"container\" data-settings=\"{&quot;background_background&quot;:&quot;classic&quot;}\">\n\t\t\t\t<div class=\"elementor-element elementor-element-928b9bb elementor-position-inline-start elementor-mobile-position-inline-start elementor-view-default elementor-widget elementor-widget-icon-box\" data-id=\"928b9bb\" data-element_type=\"widget\" data-e-type=\"widget\" data-widget_type=\"icon-box.default\">\n\t\t\t\t<div class=\"elementor-widget-container\">\n\t\t\t\t\t\t\t<div class=\"elementor-icon-box-wrapper\">\n\n\t\t\t\t\t\t<div class=\"elementor-icon-box-icon\">\n\t\t\t\t<a href=\"https:\/\/podcast.ausha.co\/afa-le-podcast\" target=\"_blank\" class=\"elementor-icon\" tabindex=\"-1\" aria-label=\"Listen to\">\n\t\t\t\t<svg aria-hidden=\"true\" class=\"e-font-icon-svg e-far-play-circle\" viewbox=\"0 0 512 512\" xmlns=\"http:\/\/www.w3.org\/2000\/svg\"><path d=\"M371.7 238l-176-107c-15.8-8.8-35.7 2.5-35.7 21v208c0 18.4 19.8 29.8 35.7 21l176-101c16.4-9.1 16.4-32.8 0-42zM504 256C504 119 393 8 256 8S8 119 8 256s111 248 248 248 248-111 248-248zm-448 0c0-110.5 89.5-200 200-200s200 89.5 200 200-89.5 200-200 200S56 366.5 56 256z\"><\/path><\/svg>\t\t\t\t<\/a>\n\t\t\t<\/div>\n\t\t\t\n\t\t\t\t\t\t<div class=\"elementor-icon-box-content\">\n\n\t\t\t\t\t\t\t\t\t<p class=\"elementor-icon-box-title\">\n\t\t\t\t\t\t<a href=\"https:\/\/podcast.ausha.co\/afa-le-podcast\" target=\"_blank\" >\n\t\t\t\t\t\t\tListen to\t\t\t\t\t\t<\/a>\n\t\t\t\t\t<\/p>\n\t\t\t\t\n\t\t\t\t\n\t\t\t<\/div>\n\t\t\t\n\t\t<\/div>\n\t\t\t\t\t\t<\/div>\n\t\t\t\t<\/div>\n\t\t\t\t<\/div>\n\t\t\t\t<\/div>\n\t\t<div data-particle_enable=\"false\" data-particle-mobile-disabled=\"false\" class=\"elementor-element elementor-element-cfed77e e-con-full e-flex e-con e-child\" data-id=\"cfed77e\" data-element_type=\"container\" data-e-type=\"container\" data-settings=\"{&quot;background_background&quot;:&quot;classic&quot;}\">\n\t\t<div data-particle_enable=\"false\" data-particle-mobile-disabled=\"false\" class=\"elementor-element elementor-element-6ab8f32 e-con-full e-flex e-con e-child\" data-id=\"6ab8f32\" data-element_type=\"container\" data-e-type=\"container\" data-settings=\"{&quot;background_background&quot;:&quot;classic&quot;}\">\n\t\t\t\t<div class=\"elementor-element elementor-element-55e6b5e elementor-widget elementor-widget-text-editor\" data-id=\"55e6b5e\" data-element_type=\"widget\" data-e-type=\"widget\" data-widget_type=\"text-editor.default\">\n\t\t\t\t<div class=\"elementor-widget-container\">\n\t\t\t\t\t\t\t\t\t<p class=\"CoverPodcast-title qg-tt2 svelte-zayuvb\"><strong>Secrets d'info interview<\/strong>, France Inter<\/p>\t\t\t\t\t\t\t\t<\/div>\n\t\t\t\t<\/div>\n\t\t\t\t<div class=\"elementor-element elementor-element-40d9c8f elementor-widget elementor-widget-text-editor\" data-id=\"40d9c8f\" data-element_type=\"widget\" data-e-type=\"widget\" data-widget_type=\"text-editor.default\">\n\t\t\t\t<div class=\"elementor-widget-container\">\n\t\t\t\t\t\t\t\t\t<p style=\"text-align: left;\">This podcast analyses the power issues and strategic vulnerabilities of major economic players in the face of changes in global competition.<\/p>\t\t\t\t\t\t\t\t<\/div>\n\t\t\t\t<\/div>\n\t\t\t\t<\/div>\n\t\t<div data-particle_enable=\"false\" data-particle-mobile-disabled=\"false\" class=\"elementor-element elementor-element-60b098e e-con-full e-flex e-con e-child\" data-id=\"60b098e\" data-element_type=\"container\" data-e-type=\"container\" data-settings=\"{&quot;background_background&quot;:&quot;classic&quot;}\">\n\t\t\t\t<div class=\"elementor-element elementor-element-4f1ed48 elementor-position-inline-start elementor-mobile-position-inline-start elementor-view-default elementor-widget elementor-widget-icon-box\" data-id=\"4f1ed48\" data-element_type=\"widget\" data-e-type=\"widget\" data-widget_type=\"icon-box.default\">\n\t\t\t\t<div class=\"elementor-widget-container\">\n\t\t\t\t\t\t\t<div class=\"elementor-icon-box-wrapper\">\n\n\t\t\t\t\t\t<div class=\"elementor-icon-box-icon\">\n\t\t\t\t<a href=\"https:\/\/www.radiofrance.fr\/franceinter\/podcasts\/l-interview\" target=\"_blank\" class=\"elementor-icon\" tabindex=\"-1\" aria-label=\"Listen to\">\n\t\t\t\t<svg aria-hidden=\"true\" class=\"e-font-icon-svg e-far-play-circle\" viewbox=\"0 0 512 512\" xmlns=\"http:\/\/www.w3.org\/2000\/svg\"><path d=\"M371.7 238l-176-107c-15.8-8.8-35.7 2.5-35.7 21v208c0 18.4 19.8 29.8 35.7 21l176-101c16.4-9.1 16.4-32.8 0-42zM504 256C504 119 393 8 256 8S8 119 8 256s111 248 248 248 248-111 248-248zm-448 0c0-110.5 89.5-200 200-200s200 89.5 200 200-89.5 200-200 200S56 366.5 56 256z\"><\/path><\/svg>\t\t\t\t<\/a>\n\t\t\t<\/div>\n\t\t\t\n\t\t\t\t\t\t<div class=\"elementor-icon-box-content\">\n\n\t\t\t\t\t\t\t\t\t<p class=\"elementor-icon-box-title\">\n\t\t\t\t\t\t<a href=\"https:\/\/www.radiofrance.fr\/franceinter\/podcasts\/l-interview\" target=\"_blank\" >\n\t\t\t\t\t\t\tListen to\t\t\t\t\t\t<\/a>\n\t\t\t\t\t<\/p>\n\t\t\t\t\n\t\t\t\t\n\t\t\t<\/div>\n\t\t\t\n\t\t<\/div>\n\t\t\t\t\t\t<\/div>\n\t\t\t\t<\/div>\n\t\t\t\t<\/div>\n\t\t\t\t<\/div>\n\t\t<div data-particle_enable=\"false\" data-particle-mobile-disabled=\"false\" class=\"elementor-element elementor-element-6a0e869 e-con-full e-flex e-con e-child\" data-id=\"6a0e869\" data-element_type=\"container\" data-e-type=\"container\" data-settings=\"{&quot;background_background&quot;:&quot;classic&quot;}\">\n\t\t<div data-particle_enable=\"false\" data-particle-mobile-disabled=\"false\" class=\"elementor-element elementor-element-32c4a97 e-con-full e-flex e-con e-child\" data-id=\"32c4a97\" data-element_type=\"container\" data-e-type=\"container\" data-settings=\"{&quot;background_background&quot;:&quot;classic&quot;}\">\n\t\t\t\t<div class=\"elementor-element elementor-element-8045c1b elementor-widget elementor-widget-text-editor\" data-id=\"8045c1b\" data-element_type=\"widget\" data-e-type=\"widget\" data-widget_type=\"text-editor.default\">\n\t\t\t\t<div class=\"elementor-widget-container\">\n\t\t\t\t\t\t\t\t\t<p class=\"CoverPodcast-title qg-tt2 svelte-zayuvb\"><strong>Appointment with X<\/strong>, France Inter<\/p>\t\t\t\t\t\t\t\t<\/div>\n\t\t\t\t<\/div>\n\t\t\t\t<div class=\"elementor-element elementor-element-c85ad4f elementor-widget elementor-widget-text-editor\" data-id=\"c85ad4f\" data-element_type=\"widget\" data-e-type=\"widget\" data-widget_type=\"text-editor.default\">\n\t\t\t\t<div class=\"elementor-widget-container\">\n\t\t\t\t\t\t\t\t\t<p style=\"text-align: left;\">This podcast deciphers the grey areas of contemporary history and the mechanisms of intelligence in the service of global power strategies.<\/p>\t\t\t\t\t\t\t\t<\/div>\n\t\t\t\t<\/div>\n\t\t\t\t<\/div>\n\t\t<div data-particle_enable=\"false\" data-particle-mobile-disabled=\"false\" class=\"elementor-element elementor-element-282592c e-con-full e-flex e-con e-child\" data-id=\"282592c\" data-element_type=\"container\" data-e-type=\"container\" data-settings=\"{&quot;background_background&quot;:&quot;classic&quot;}\">\n\t\t\t\t<div class=\"elementor-element elementor-element-b34cc2a elementor-position-inline-start elementor-mobile-position-inline-start elementor-view-default elementor-widget elementor-widget-icon-box\" data-id=\"b34cc2a\" data-element_type=\"widget\" data-e-type=\"widget\" data-widget_type=\"icon-box.default\">\n\t\t\t\t<div class=\"elementor-widget-container\">\n\t\t\t\t\t\t\t<div class=\"elementor-icon-box-wrapper\">\n\n\t\t\t\t\t\t<div class=\"elementor-icon-box-icon\">\n\t\t\t\t<a href=\"https:\/\/www.radiofrance.fr\/franceinter\/podcasts\/rendez-vous-avec-x\" target=\"_blank\" class=\"elementor-icon\" tabindex=\"-1\" aria-label=\"Listen to\">\n\t\t\t\t<svg aria-hidden=\"true\" class=\"e-font-icon-svg e-far-play-circle\" viewbox=\"0 0 512 512\" xmlns=\"http:\/\/www.w3.org\/2000\/svg\"><path d=\"M371.7 238l-176-107c-15.8-8.8-35.7 2.5-35.7 21v208c0 18.4 19.8 29.8 35.7 21l176-101c16.4-9.1 16.4-32.8 0-42zM504 256C504 119 393 8 256 8S8 119 8 256s111 248 248 248 248-111 248-248zm-448 0c0-110.5 89.5-200 200-200s200 89.5 200 200-89.5 200-200 200S56 366.5 56 256z\"><\/path><\/svg>\t\t\t\t<\/a>\n\t\t\t<\/div>\n\t\t\t\n\t\t\t\t\t\t<div class=\"elementor-icon-box-content\">\n\n\t\t\t\t\t\t\t\t\t<p class=\"elementor-icon-box-title\">\n\t\t\t\t\t\t<a href=\"https:\/\/www.radiofrance.fr\/franceinter\/podcasts\/rendez-vous-avec-x\" target=\"_blank\" >\n\t\t\t\t\t\t\tListen to\t\t\t\t\t\t<\/a>\n\t\t\t\t\t<\/p>\n\t\t\t\t\n\t\t\t\t\n\t\t\t<\/div>\n\t\t\t\n\t\t<\/div>\n\t\t\t\t\t\t<\/div>\n\t\t\t\t<\/div>\n\t\t\t\t<\/div>\n\t\t\t\t<\/div>\n\t\t<div data-particle_enable=\"false\" data-particle-mobile-disabled=\"false\" class=\"elementor-element elementor-element-42d2eaf e-con-full e-flex e-con e-child\" data-id=\"42d2eaf\" data-element_type=\"container\" data-e-type=\"container\" data-settings=\"{&quot;background_background&quot;:&quot;classic&quot;}\">\n\t\t<div data-particle_enable=\"false\" data-particle-mobile-disabled=\"false\" class=\"elementor-element elementor-element-9dd275c e-con-full e-flex e-con e-child\" data-id=\"9dd275c\" data-element_type=\"container\" data-e-type=\"container\" data-settings=\"{&quot;background_background&quot;:&quot;classic&quot;}\">\n\t\t\t\t<div class=\"elementor-element elementor-element-65b3fd7 elementor-widget elementor-widget-text-editor\" data-id=\"65b3fd7\" data-element_type=\"widget\" data-e-type=\"widget\" data-widget_type=\"text-editor.default\">\n\t\t\t\t<div class=\"elementor-widget-container\">\n\t\t\t\t\t\t\t\t\t<p style=\"text-align: left;\"><strong>Soft Power<\/strong>France Culture<\/p>\t\t\t\t\t\t\t\t<\/div>\n\t\t\t\t<\/div>\n\t\t\t\t<div class=\"elementor-element elementor-element-7e3bb10 elementor-widget elementor-widget-text-editor\" data-id=\"7e3bb10\" data-element_type=\"widget\" data-e-type=\"widget\" data-widget_type=\"text-editor.default\">\n\t\t\t\t<div class=\"elementor-widget-container\">\n\t\t\t\t\t\t\t\t\t<p style=\"text-align: left;\">This podcast examines the levers of influence and strategies of intangible power that structure the balance of power within the global digital and cultural space.<\/p>\t\t\t\t\t\t\t\t<\/div>\n\t\t\t\t<\/div>\n\t\t\t\t<\/div>\n\t\t<div data-particle_enable=\"false\" data-particle-mobile-disabled=\"false\" class=\"elementor-element elementor-element-aa38576 e-con-full e-flex e-con e-child\" data-id=\"aa38576\" data-element_type=\"container\" data-e-type=\"container\" data-settings=\"{&quot;background_background&quot;:&quot;classic&quot;}\">\n\t\t\t\t<div class=\"elementor-element elementor-element-be5c84d elementor-position-inline-start elementor-mobile-position-inline-start elementor-view-default elementor-widget elementor-widget-icon-box\" data-id=\"be5c84d\" data-element_type=\"widget\" data-e-type=\"widget\" data-widget_type=\"icon-box.default\">\n\t\t\t\t<div class=\"elementor-widget-container\">\n\t\t\t\t\t\t\t<div class=\"elementor-icon-box-wrapper\">\n\n\t\t\t\t\t\t<div class=\"elementor-icon-box-icon\">\n\t\t\t\t<a href=\"https:\/\/www.radiofrance.fr\/franceculture\/podcasts\/soft-power\" target=\"_blank\" class=\"elementor-icon\" tabindex=\"-1\" aria-label=\"Listen to\">\n\t\t\t\t<svg aria-hidden=\"true\" class=\"e-font-icon-svg e-far-play-circle\" viewbox=\"0 0 512 512\" xmlns=\"http:\/\/www.w3.org\/2000\/svg\"><path d=\"M371.7 238l-176-107c-15.8-8.8-35.7 2.5-35.7 21v208c0 18.4 19.8 29.8 35.7 21l176-101c16.4-9.1 16.4-32.8 0-42zM504 256C504 119 393 8 256 8S8 119 8 256s111 248 248 248 248-111 248-248zm-448 0c0-110.5 89.5-200 200-200s200 89.5 200 200-89.5 200-200 200S56 366.5 56 256z\"><\/path><\/svg>\t\t\t\t<\/a>\n\t\t\t<\/div>\n\t\t\t\n\t\t\t\t\t\t<div class=\"elementor-icon-box-content\">\n\n\t\t\t\t\t\t\t\t\t<p class=\"elementor-icon-box-title\">\n\t\t\t\t\t\t<a href=\"https:\/\/www.radiofrance.fr\/franceculture\/podcasts\/soft-power\" target=\"_blank\" >\n\t\t\t\t\t\t\tListen to\t\t\t\t\t\t<\/a>\n\t\t\t\t\t<\/p>\n\t\t\t\t\n\t\t\t\t\n\t\t\t<\/div>\n\t\t\t\n\t\t<\/div>\n\t\t\t\t\t\t<\/div>\n\t\t\t\t<\/div>\n\t\t\t\t<\/div>\n\t\t\t\t<\/div>\n\t\t<div data-particle_enable=\"false\" data-particle-mobile-disabled=\"false\" class=\"elementor-element elementor-element-fd0084e e-con-full e-flex e-con e-child\" data-id=\"fd0084e\" data-element_type=\"container\" data-e-type=\"container\" data-settings=\"{&quot;background_background&quot;:&quot;classic&quot;}\">\n\t\t<div data-particle_enable=\"false\" data-particle-mobile-disabled=\"false\" class=\"elementor-element elementor-element-250de64 e-con-full e-flex e-con e-child\" data-id=\"250de64\" data-element_type=\"container\" data-e-type=\"container\" data-settings=\"{&quot;background_background&quot;:&quot;classic&quot;}\">\n\t\t\t\t<div class=\"elementor-element elementor-element-4fcd532 elementor-widget elementor-widget-text-editor\" data-id=\"4fcd532\" data-element_type=\"widget\" data-e-type=\"widget\" data-widget_type=\"text-editor.default\">\n\t\t\t\t<div class=\"elementor-widget-container\">\n\t\t\t\t\t\t\t\t\t<p class=\"t-content__title a-page-title\"><strong>The Business Intelligence Interview<\/strong>, France 24<\/p>\t\t\t\t\t\t\t\t<\/div>\n\t\t\t\t<\/div>\n\t\t\t\t<div class=\"elementor-element elementor-element-dce18f6 elementor-widget elementor-widget-text-editor\" data-id=\"dce18f6\" data-element_type=\"widget\" data-e-type=\"widget\" data-widget_type=\"text-editor.default\">\n\t\t\t\t<div class=\"elementor-widget-container\">\n\t\t\t\t\t\t\t\t\t<p style=\"text-align: left;\">This programme explores the workings of the global economic war and the sovereignty strategies of states and companies in the face of international competition.<\/p>\t\t\t\t\t\t\t\t<\/div>\n\t\t\t\t<\/div>\n\t\t\t\t<\/div>\n\t\t<div data-particle_enable=\"false\" data-particle-mobile-disabled=\"false\" class=\"elementor-element elementor-element-ba2e4e5 e-con-full e-flex e-con e-child\" data-id=\"ba2e4e5\" data-element_type=\"container\" data-e-type=\"container\" data-settings=\"{&quot;background_background&quot;:&quot;classic&quot;}\">\n\t\t\t\t<div class=\"elementor-element elementor-element-3cf732b elementor-position-inline-start elementor-mobile-position-inline-start elementor-view-default elementor-widget elementor-widget-icon-box\" data-id=\"3cf732b\" data-element_type=\"widget\" data-e-type=\"widget\" data-widget_type=\"icon-box.default\">\n\t\t\t\t<div class=\"elementor-widget-container\">\n\t\t\t\t\t\t\t<div class=\"elementor-icon-box-wrapper\">\n\n\t\t\t\t\t\t<div class=\"elementor-icon-box-icon\">\n\t\t\t\t<a href=\"https:\/\/www.france24.com\/fr\/%C3%A9missions\/entretien-intelligence-%C3%A9conomique\/\" target=\"_blank\" class=\"elementor-icon\" tabindex=\"-1\" aria-label=\"Watch\">\n\t\t\t\t<svg aria-hidden=\"true\" class=\"e-font-icon-svg e-far-play-circle\" viewbox=\"0 0 512 512\" xmlns=\"http:\/\/www.w3.org\/2000\/svg\"><path d=\"M371.7 238l-176-107c-15.8-8.8-35.7 2.5-35.7 21v208c0 18.4 19.8 29.8 35.7 21l176-101c16.4-9.1 16.4-32.8 0-42zM504 256C504 119 393 8 256 8S8 119 8 256s111 248 248 248 248-111 248-248zm-448 0c0-110.5 89.5-200 200-200s200 89.5 200 200-89.5 200-200 200S56 366.5 56 256z\"><\/path><\/svg>\t\t\t\t<\/a>\n\t\t\t<\/div>\n\t\t\t\n\t\t\t\t\t\t<div class=\"elementor-icon-box-content\">\n\n\t\t\t\t\t\t\t\t\t<p class=\"elementor-icon-box-title\">\n\t\t\t\t\t\t<a href=\"https:\/\/www.france24.com\/fr\/%C3%A9missions\/entretien-intelligence-%C3%A9conomique\/\" target=\"_blank\" >\n\t\t\t\t\t\t\tWatch\t\t\t\t\t\t<\/a>\n\t\t\t\t\t<\/p>\n\t\t\t\t\n\t\t\t\t\n\t\t\t<\/div>\n\t\t\t\n\t\t<\/div>\n\t\t\t\t\t\t<\/div>\n\t\t\t\t<\/div>\n\t\t\t\t<\/div>\n\t\t\t\t<\/div>\n\t\t\t\t<\/div>\n\t\t\t\t<\/div>\n\t\t<div data-particle_enable=\"false\" data-particle-mobile-disabled=\"false\" class=\"elementor-element elementor-element-54c3f37 e-flex e-con-boxed e-con e-parent\" data-id=\"54c3f37\" data-element_type=\"container\" data-e-type=\"container\">\n\t\t\t\t\t<div class=\"e-con-inner\">\n\t\t\t\t<div class=\"elementor-element elementor-element-1bc8778 elementor-widget elementor-widget-heading\" data-id=\"1bc8778\" data-element_type=\"widget\" data-e-type=\"widget\" data-widget_type=\"heading.default\">\n\t\t\t\t<div class=\"elementor-widget-container\">\n\t\t\t\t\t<h2 class=\"elementor-heading-title elementor-size-default\">our partners and supporters<\/h2>\t\t\t\t<\/div>\n\t\t\t\t<\/div>\n\t\t\t\t<div class=\"elementor-element elementor-element-501318f elementor-widget-divider--view-line elementor-widget elementor-widget-divider\" data-id=\"501318f\" data-element_type=\"widget\" data-e-type=\"widget\" data-widget_type=\"divider.default\">\n\t\t\t\t<div class=\"elementor-widget-container\">\n\t\t\t\t\t\t\t<div class=\"elementor-divider\">\n\t\t\t<span class=\"elementor-divider-separator\">\n\t\t\t\t\t\t<\/span>\n\t\t<\/div>\n\t\t\t\t\t\t<\/div>\n\t\t\t\t<\/div>\n\t\t\t\t<div class=\"elementor-element elementor-element-145fab0 slider elementor-widget elementor-widget-image-carousel\" data-id=\"145fab0\" data-element_type=\"widget\" data-e-type=\"widget\" data-settings=\"{&quot;slides_to_show&quot;:&quot;6&quot;,&quot;slides_to_scroll&quot;:&quot;1&quot;,&quot;navigation&quot;:&quot;none&quot;,&quot;autoplay_speed&quot;:0,&quot;speed&quot;:5000,&quot;slides_to_show_tablet&quot;:&quot;5&quot;,&quot;slides_to_show_mobile&quot;:&quot;2&quot;,&quot;autoplay&quot;:&quot;yes&quot;,&quot;infinite&quot;:&quot;yes&quot;}\" data-widget_type=\"image-carousel.default\">\n\t\t\t\t<div class=\"elementor-widget-container\">\n\t\t\t\t\t\t\t<div class=\"elementor-image-carousel-wrapper swiper\" role=\"region\" aria-roledescription=\"carousel\" aria-label=\"Image carousel\" dir=\"ltr\">\n\t\t\t<div class=\"elementor-image-carousel swiper-wrapper\" aria-live=\"off\">\n\t\t\t\t\t\t\t\t<div class=\"swiper-slide\" role=\"group\" aria-roledescription=\"slide\" aria-label=\"1 of 12\"><figure class=\"swiper-slide-inner\"><img decoding=\"async\" class=\"swiper-slide-image\" src=\"https:\/\/ihedn.fr\/wp-content\/uploads\/2024\/07\/Defense-Mobilite-150x150.jpg\" alt=\"Defense-Mobilite\" \/><\/figure><\/div><div class=\"swiper-slide\" role=\"group\" aria-roledescription=\"slide\" aria-label=\"2 of 12\"><figure class=\"swiper-slide-inner\"><img decoding=\"async\" class=\"swiper-slide-image\" src=\"https:\/\/ihedn.fr\/wp-content\/uploads\/2024\/07\/ACPI-150x150.jpg\" alt=\"Logo de l&#039;ACPI\" \/><\/figure><\/div><div class=\"swiper-slide\" role=\"group\" aria-roledescription=\"slide\" aria-label=\"3 of 12\"><figure class=\"swiper-slide-inner\"><img decoding=\"async\" class=\"swiper-slide-image\" src=\"https:\/\/ihedn.fr\/wp-content\/uploads\/2024\/07\/IRSEM-150x150.jpg\" alt=\"Logo de l&#039;IRSEM\" \/><\/figure><\/div><div class=\"swiper-slide\" role=\"group\" aria-roledescription=\"slide\" aria-label=\"4 of 12\"><figure class=\"swiper-slide-inner\"><img decoding=\"async\" class=\"swiper-slide-image\" src=\"https:\/\/ihedn.fr\/wp-content\/uploads\/2024\/07\/EFB-150x150.jpg\" alt=\"Logo de l&#039;EFB\" \/><\/figure><\/div><div class=\"swiper-slide\" role=\"group\" aria-roledescription=\"slide\" aria-label=\"5 of 12\"><figure class=\"swiper-slide-inner\"><img decoding=\"async\" class=\"swiper-slide-image\" src=\"https:\/\/ihedn.fr\/wp-content\/uploads\/2024\/07\/DRSD-150x150.jpg\" alt=\"Logo de la DRSD\" \/><\/figure><\/div><div class=\"swiper-slide\" role=\"group\" aria-roledescription=\"slide\" aria-label=\"6 of 12\"><figure class=\"swiper-slide-inner\"><img decoding=\"async\" class=\"swiper-slide-image\" src=\"https:\/\/ihedn.fr\/wp-content\/uploads\/2024\/07\/AFA-150x150.jpg\" alt=\"Logo de l&#039;Agence Fran\u00e7aise anticorruption\" \/><\/figure><\/div><div class=\"swiper-slide\" role=\"group\" aria-roledescription=\"slide\" aria-label=\"7 of 12\"><figure class=\"swiper-slide-inner\"><img decoding=\"async\" class=\"swiper-slide-image\" src=\"https:\/\/ihedn.fr\/wp-content\/uploads\/2024\/07\/DGE-150x150.jpg\" alt=\"Logo de la DGE\" \/><\/figure><\/div><div class=\"swiper-slide\" role=\"group\" aria-roledescription=\"slide\" aria-label=\"8 of 12\"><figure class=\"swiper-slide-inner\"><img decoding=\"async\" class=\"swiper-slide-image\" src=\"https:\/\/ihedn.fr\/wp-content\/uploads\/2024\/07\/DGSI-150x150.jpg\" alt=\"DGSI\" \/><\/figure><\/div><div class=\"swiper-slide\" role=\"group\" aria-roledescription=\"slide\" aria-label=\"9 of 12\"><figure class=\"swiper-slide-inner\"><img decoding=\"async\" class=\"swiper-slide-image\" src=\"https:\/\/ihedn.fr\/wp-content\/uploads\/2024\/07\/CSISSE-150x150.jpg\" alt=\"Logo du CSISSE\" \/><\/figure><\/div><div class=\"swiper-slide\" role=\"group\" aria-roledescription=\"slide\" aria-label=\"10 of 12\"><figure class=\"swiper-slide-inner\"><img decoding=\"async\" class=\"swiper-slide-image\" src=\"https:\/\/ihedn.fr\/wp-content\/uploads\/2024\/07\/CDSE-150x150.jpg\" alt=\"Logo du CDSE\" \/><\/figure><\/div><div class=\"swiper-slide\" role=\"group\" aria-roledescription=\"slide\" aria-label=\"11 of 12\"><figure class=\"swiper-slide-inner\"><img decoding=\"async\" class=\"swiper-slide-image\" src=\"https:\/\/ihedn.fr\/wp-content\/uploads\/2024\/07\/Barreau-Paris-150x150.jpg\" alt=\"Logo des Avocats du barreau de Paris\" \/><\/figure><\/div><div class=\"swiper-slide\" role=\"group\" aria-roledescription=\"slide\" aria-label=\"12 of 12\"><figure class=\"swiper-slide-inner\"><img decoding=\"async\" class=\"swiper-slide-image\" src=\"https:\/\/ihedn.fr\/wp-content\/uploads\/2024\/07\/ANSSI-150x150.jpg\" alt=\"Logo de l&#039;ANSSI\" \/><\/figure><\/div>\t\t\t<\/div>\n\t\t\t\t\t\t\t\n\t\t\t\t\t\t\t\t\t<\/div>\n\t\t\t\t\t\t<\/div>\n\t\t\t\t<\/div>\n\t\t\t\t\t<\/div>\n\t\t\t\t<\/div>\n\t\t<div data-particle_enable=\"false\" data-particle-mobile-disabled=\"false\" class=\"elementor-element elementor-element-7459eab e-con-full e-flex e-con e-child\" data-id=\"7459eab\" data-element_type=\"container\" data-e-type=\"container\">\n\t\t\t\t<div class=\"elementor-element elementor-element-1c4fa05 elementor-widget elementor-widget-text-editor\" data-id=\"1c4fa05\" data-element_type=\"widget\" data-e-type=\"widget\" data-widget_type=\"text-editor.default\">\n\t\t\t\t<div class=\"elementor-widget-container\">\n\t\t\t\t\t\t\t\t\t<p>Last modified on :<\/p>\t\t\t\t\t\t\t\t<\/div>\n\t\t\t\t<\/div>\n\t\t\t\t<div class=\"elementor-element elementor-element-d1ce517 elementor-widget elementor-widget-text-editor\" data-id=\"d1ce517\" data-element_type=\"widget\" data-e-type=\"widget\" data-widget_type=\"text-editor.default\">\n\t\t\t\t<div class=\"elementor-widget-container\">\n\t\t\t\t\t\t\t\t\t26 February 2026\t\t\t\t\t\t\t\t<\/div>\n\t\t\t\t<\/div>\n\t\t\t\t<\/div>\n\t\t\t\t<\/div>","protected":false},"excerpt":{"rendered":"<p>Les cycles en intelligence \u00e9conomique L\u2019intelligence \u00e9conomique (IE) rev\u00eat une importance strat\u00e9gique majeure. Elle se trouve au c\u0153ur m\u00eame des d\u00e9fis de comp\u00e9titivit\u00e9 auxquels doivent faire face les \u00e9conomies nationales. La connaissance de l\u2019environnement g\u00e9opolitique, \u00e9conomique, technique et l\u00e9gislatif constitue un avantage concurrentiel significatif, qu\u2019il convient de valoriser dans le but de prot\u00e9ger son organisation [&hellip;]<\/p>\n","protected":false},"author":10,"featured_media":0,"parent":471,"menu_order":0,"comment_status":"closed","ping_status":"closed","template":"","meta":{"footnotes":""},"class_list":["post-49613","page","type-page","status-publish","hentry"],"yoast_head":"<!-- This site is optimized with the Yoast SEO plugin v27.5 - https:\/\/yoast.com\/product\/yoast-seo-wordpress\/ -->\n<title>Les cycles en intelligence \u00e9conomique - L&#039;IHEDN : Institut des hautes \u00e9tudes de d\u00e9fense nationale<\/title>\n<meta name=\"description\" content=\"Les cycles en intelligence \u00e9conomique | Depuis 1996, l\u2019IHEDN dispense des formations aux cadres des secteurs public et priv\u00e9 dont l\u2019objectif est de s\u2019approprier les concepts, les m\u00e9thodes, les enjeux et les outils de l\u2019Intelligence strat\u00e9gique et de la s\u00e9curit\u00e9 \u00e9conomique, ainsi que les m\u00e9thodes pour d\u00e9velopper un r\u00e9seau et favoriser l\u2019\u00e9change de bonnes pratiques. Les formations comprennent un cycle de formation g\u00e9n\u00e9rale \u00ab Intelligence \u00e9conomique et strat\u00e9gique \u00bb (IES) long (sept jours) autour duquel sont construites des formations courtes (deux jours) d\u2019approfondissement visant \u00e0 sensibiliser les auditeurs aux enjeux de la cybers\u00e9curit\u00e9, de la Compliance, du lobbying ou encore de la protection du patrimoine informationnel.L\u2019Intelligence \u00e9conomique rev\u00eat une importance strat\u00e9gique majeure. Celle-ci se trouve au c\u0153ur m\u00eame des d\u00e9fis de comp\u00e9titivit\u00e9, auxquels doivent faire face les \u00e9conomies nationales. \u00c0 ce titre, la connaissance de l\u2019environnement g\u00e9opolitique, \u00e9conomique, technique et l\u00e9gislatif constitue un r\u00e9el avantage concurrentiel, qu\u2019il convient de valoriser et de prot\u00e9ger contre les risques d\u2019intrusion, de manipulation et de pillage.Aujourd\u2019hui, la ma\u00eetrise des notions que recouvre l\u2019Intelligence \u00e9conomique repr\u00e9sente un atout majeur pour les entreprises et les administrations.A la suite du rapport Martre (1994), les cycles Intelligence \u00e9conomique de l\u2019IHEDN ont pour vocation, gr\u00e2ce aux meilleurs experts, de former les participants aux enjeux de la mondialisation croissante des \u00e9changes, qui doivent inciter les acteurs de la vie \u00e9conomique \u00e0 se prot\u00e9ger et \u00e0 d\u00e9velopper leurs acquis.\" \/>\n<meta name=\"robots\" content=\"index, follow, max-snippet:-1, max-image-preview:large, max-video-preview:-1\" \/>\n<link rel=\"canonical\" href=\"https:\/\/ihedn.fr\/en\/se-former\/intelligence-economique\/\" \/>\n<meta property=\"og:locale\" content=\"en_GB\" \/>\n<meta property=\"og:type\" content=\"article\" \/>\n<meta property=\"og:title\" content=\"Les cycles en intelligence \u00e9conomique\" \/>\n<meta property=\"og:description\" content=\"Depuis 1996, l\u2019IHEDN dispense des formations aux cadres des secteurs public et priv\u00e9 dont l\u2019objectif est de s\u2019approprier les concepts, les m\u00e9thodes, les enjeux et les outils de l\u2019Intelligence strat\u00e9gique et de la s\u00e9curit\u00e9 \u00e9conomique, ainsi que les m\u00e9thodes pour d\u00e9velopper un r\u00e9seau et favoriser l\u2019\u00e9change de bonnes pratiques. Les formations comprennent un cycle de formation g\u00e9n\u00e9rale \u00ab Intelligence \u00e9conomique et strat\u00e9gique \u00bb (IES) long (sept jours) autour duquel sont construites des formations courtes (deux jours) d\u2019approfondissement visant \u00e0 sensibiliser les auditeurs aux enjeux de la cybers\u00e9curit\u00e9, de la Compliance, du lobbying ou encore de la protection du patrimoine informationnel.\" \/>\n<meta property=\"og:url\" content=\"https:\/\/ihedn.fr\/en\/se-former\/intelligence-economique\/\" \/>\n<meta property=\"og:site_name\" content=\"L&#039;IHEDN : Institut des hautes \u00e9tudes de d\u00e9fense nationale\" \/>\n<meta property=\"article:publisher\" content=\"https:\/\/www.facebook.com\/ihedn\/\" \/>\n<meta property=\"article:modified_time\" content=\"2026-02-26T10:47:02+00:00\" \/>\n<meta property=\"og:image\" content=\"https:\/\/ihedn.fr\/wp-content\/uploads\/2021\/12\/IHEDN-FORMATIONS-INTELLIGENCE-ECONOMIQUE-ECONOMIQUE-2022.jpg\" \/>\n\t<meta property=\"og:image:width\" content=\"1169\" \/>\n\t<meta property=\"og:image:height\" content=\"1453\" \/>\n\t<meta property=\"og:image:type\" content=\"image\/jpeg\" \/>\n<meta name=\"twitter:card\" content=\"summary_large_image\" \/>\n<meta name=\"twitter:title\" content=\"Les cycles en intelligence \u00e9conomique\" \/>\n<meta name=\"twitter:description\" content=\"Depuis 1996, l\u2019IHEDN dispense des formations aux cadres des secteurs public et priv\u00e9 dont l\u2019objectif est de s\u2019approprier les concepts, les m\u00e9thodes, les enjeux et les outils de l\u2019Intelligence strat\u00e9gique et de la s\u00e9curit\u00e9 \u00e9conomique, ainsi que les m\u00e9thodes pour d\u00e9velopper un r\u00e9seau et favoriser l\u2019\u00e9change de bonnes pratiques. Les formations comprennent un cycle de formation g\u00e9n\u00e9rale \u00ab Intelligence \u00e9conomique et strat\u00e9gique \u00bb (IES) long (sept jours) autour duquel sont construites des formations courtes (deux jours) d\u2019approfondissement visant \u00e0 sensibiliser les auditeurs aux enjeux de la cybers\u00e9curit\u00e9, de la Compliance, du lobbying ou encore de la protection du patrimoine informationnel.\" \/>\n<meta name=\"twitter:image\" content=\"https:\/\/ihedn.fr\/wp-content\/uploads\/2021\/12\/IHEDN-FORMATIONS-INTELLIGENCE-ECONOMIQUE-ECONOMIQUE-2022.jpg\" \/>\n<meta name=\"twitter:site\" content=\"@IHEDN\" \/>\n<meta name=\"twitter:label1\" content=\"Estimated reading time\" \/>\n\t<meta name=\"twitter:data1\" content=\"9 minutes\" \/>\n<script type=\"application\/ld+json\" class=\"yoast-schema-graph\">{\"@context\":\"https:\\\/\\\/schema.org\",\"@graph\":[{\"@type\":\"WebPage\",\"@id\":\"https:\\\/\\\/ihedn.fr\\\/se-former\\\/intelligence-economique\\\/\",\"url\":\"https:\\\/\\\/ihedn.fr\\\/se-former\\\/intelligence-economique\\\/\",\"name\":\"Les cycles en intelligence \u00e9conomique - L&#039;IHEDN : Institut des hautes \u00e9tudes de d\u00e9fense nationale\",\"isPartOf\":{\"@id\":\"https:\\\/\\\/ihedn.fr\\\/#website\"},\"primaryImageOfPage\":{\"@id\":\"https:\\\/\\\/ihedn.fr\\\/se-former\\\/intelligence-economique\\\/#primaryimage\"},\"image\":{\"@id\":\"https:\\\/\\\/ihedn.fr\\\/se-former\\\/intelligence-economique\\\/#primaryimage\"},\"thumbnailUrl\":\"https:\\\/\\\/ihedn.fr\\\/wp-content\\\/uploads\\\/2026\\\/02\\\/logoVP.svg\",\"datePublished\":\"2024-08-02T08:19:27+00:00\",\"dateModified\":\"2026-02-26T10:47:02+00:00\",\"description\":\"Les cycles en intelligence \u00e9conomique | Depuis 1996, l\u2019IHEDN dispense des formations aux cadres des secteurs public et priv\u00e9 dont l\u2019objectif est de s\u2019approprier les concepts, les m\u00e9thodes, les enjeux et les outils de l\u2019Intelligence strat\u00e9gique et de la s\u00e9curit\u00e9 \u00e9conomique, ainsi que les m\u00e9thodes pour d\u00e9velopper un r\u00e9seau et favoriser l\u2019\u00e9change de bonnes pratiques. Les formations comprennent un cycle de formation g\u00e9n\u00e9rale \u00ab Intelligence \u00e9conomique et strat\u00e9gique \u00bb (IES) long (sept jours) autour duquel sont construites des formations courtes (deux jours) d\u2019approfondissement visant \u00e0 sensibiliser les auditeurs aux enjeux de la cybers\u00e9curit\u00e9, de la Compliance, du lobbying ou encore de la protection du patrimoine informationnel.L\u2019Intelligence \u00e9conomique rev\u00eat une importance strat\u00e9gique majeure. Celle-ci se trouve au c\u0153ur m\u00eame des d\u00e9fis de comp\u00e9titivit\u00e9, auxquels doivent faire face les \u00e9conomies nationales. \u00c0 ce titre, la connaissance de l\u2019environnement g\u00e9opolitique, \u00e9conomique, technique et l\u00e9gislatif constitue un r\u00e9el avantage concurrentiel, qu\u2019il convient de valoriser et de prot\u00e9ger contre les risques d\u2019intrusion, de manipulation et de pillage.Aujourd\u2019hui, la ma\u00eetrise des notions que recouvre l\u2019Intelligence \u00e9conomique repr\u00e9sente un atout majeur pour les entreprises et les administrations.A la suite du rapport Martre (1994), les cycles Intelligence \u00e9conomique de l\u2019IHEDN ont pour vocation, gr\u00e2ce aux meilleurs experts, de former les participants aux enjeux de la mondialisation croissante des \u00e9changes, qui doivent inciter les acteurs de la vie \u00e9conomique \u00e0 se prot\u00e9ger et \u00e0 d\u00e9velopper leurs acquis.\",\"breadcrumb\":{\"@id\":\"https:\\\/\\\/ihedn.fr\\\/se-former\\\/intelligence-economique\\\/#breadcrumb\"},\"inLanguage\":\"en-GB\",\"potentialAction\":[{\"@type\":\"ReadAction\",\"target\":[\"https:\\\/\\\/ihedn.fr\\\/se-former\\\/intelligence-economique\\\/\"]}]},{\"@type\":\"ImageObject\",\"inLanguage\":\"en-GB\",\"@id\":\"https:\\\/\\\/ihedn.fr\\\/se-former\\\/intelligence-economique\\\/#primaryimage\",\"url\":\"https:\\\/\\\/ihedn.fr\\\/wp-content\\\/uploads\\\/2026\\\/02\\\/logoVP.svg\",\"contentUrl\":\"https:\\\/\\\/ihedn.fr\\\/wp-content\\\/uploads\\\/2026\\\/02\\\/logoVP.svg\"},{\"@type\":\"BreadcrumbList\",\"@id\":\"https:\\\/\\\/ihedn.fr\\\/se-former\\\/intelligence-economique\\\/#breadcrumb\",\"itemListElement\":[{\"@type\":\"ListItem\",\"position\":1,\"name\":\"Accueil\",\"item\":\"https:\\\/\\\/ihedn.fr\\\/\"},{\"@type\":\"ListItem\",\"position\":2,\"name\":\"Se former\",\"item\":\"https:\\\/\\\/ihedn.fr\\\/se-former\\\/\"},{\"@type\":\"ListItem\",\"position\":3,\"name\":\"Les cycles en intelligence \u00e9conomique\"}]},{\"@type\":\"WebSite\",\"@id\":\"https:\\\/\\\/ihedn.fr\\\/#website\",\"url\":\"https:\\\/\\\/ihedn.fr\\\/\",\"name\":\"IHEDN : Institut des hautes \u00e9tudes de d\u00e9fense nationale |\",\"description\":\"Site officiel de l&#039;IHEDN plac\u00e9 sous la tutelle du Premier ministre.\",\"publisher\":{\"@id\":\"https:\\\/\\\/ihedn.fr\\\/#organization\"},\"potentialAction\":[{\"@type\":\"SearchAction\",\"target\":{\"@type\":\"EntryPoint\",\"urlTemplate\":\"https:\\\/\\\/ihedn.fr\\\/?s={search_term_string}\"},\"query-input\":{\"@type\":\"PropertyValueSpecification\",\"valueRequired\":true,\"valueName\":\"search_term_string\"}}],\"inLanguage\":\"en-GB\"},{\"@type\":\"Organization\",\"@id\":\"https:\\\/\\\/ihedn.fr\\\/#organization\",\"name\":\"IHEDN - Institut des Hautes Etudes de D\u00e9fense Nationale\",\"url\":\"https:\\\/\\\/ihedn.fr\\\/\",\"logo\":{\"@type\":\"ImageObject\",\"inLanguage\":\"en-GB\",\"@id\":\"https:\\\/\\\/ihedn.fr\\\/#\\\/schema\\\/logo\\\/image\\\/\",\"url\":\"https:\\\/\\\/ihedn.fr\\\/wp-content\\\/uploads\\\/2020\\\/11\\\/BLOC_RF_IHEDN_WEB.png\",\"contentUrl\":\"https:\\\/\\\/ihedn.fr\\\/wp-content\\\/uploads\\\/2020\\\/11\\\/BLOC_RF_IHEDN_WEB.png\",\"width\":500,\"height\":237,\"caption\":\"IHEDN - Institut des Hautes Etudes de D\u00e9fense Nationale\"},\"image\":{\"@id\":\"https:\\\/\\\/ihedn.fr\\\/#\\\/schema\\\/logo\\\/image\\\/\"},\"sameAs\":[\"https:\\\/\\\/www.facebook.com\\\/ihedn\\\/\",\"https:\\\/\\\/x.com\\\/IHEDN\",\"https:\\\/\\\/www.instagram.com\\\/ihedn\\\/\",\"https:\\\/\\\/www.linkedin.com\\\/school\\\/ihedn\\\/\",\"https:\\\/\\\/fr.wikipedia.org\\\/wiki\\\/Institut_des_hautes_\u00e9tudes_de_D\u00e9fense_nationale\"]}]}<\/script>\n<!-- \/ Yoast SEO plugin. -->","yoast_head_json":{"title":"Business intelligence courses - IHEDN: Institut des hautes \u00e9tudes de d\u00e9fense nationale (Institute for Higher National Defence Studies)","description":"Economic intelligence courses | Since 1996, the IHEDN has been providing training for public and private sector executives, with the aim of familiarising them with the concepts, methods, issues and tools of strategic intelligence and economic security, as well as methods for developing a network and encouraging the exchange of best practice. The courses include a long (seven-day) general 'Economic and Strategic Intelligence' (IES) training cycle, around which are built short (two-day) in-depth courses designed to raise awareness of the challenges of cybersecurity, compliance, lobbying and the protection of information assets.Economic Intelligence is of major strategic importance. It lies at the very heart of the competitive challenges facing national economies. As such, knowledge of the geopolitical, economic, technical and legislative environment constitutes a real competitive advantage, which must be exploited and protected against the risks of intrusion, manipulation and plundering.Today, mastery of the concepts covered by Business Intelligence represents a major asset for companies and administrations.Following on from the Martre report (1994), the IHEDN's Business Intelligence courses are designed, with the help of leading experts, to train participants in the challenges posed by the increasing globalisation of trade, which should encourage those involved in economic life to protect themselves and develop their skills.","robots":{"index":"index","follow":"follow","max-snippet":"max-snippet:-1","max-image-preview":"max-image-preview:large","max-video-preview":"max-video-preview:-1"},"canonical":"https:\/\/ihedn.fr\/en\/se-former\/intelligence-economique\/","og_locale":"en_GB","og_type":"article","og_title":"Les cycles en intelligence \u00e9conomique","og_description":"Depuis 1996, l\u2019IHEDN dispense des formations aux cadres des secteurs public et priv\u00e9 dont l\u2019objectif est de s\u2019approprier les concepts, les m\u00e9thodes, les enjeux et les outils de l\u2019Intelligence strat\u00e9gique et de la s\u00e9curit\u00e9 \u00e9conomique, ainsi que les m\u00e9thodes pour d\u00e9velopper un r\u00e9seau et favoriser l\u2019\u00e9change de bonnes pratiques. Les formations comprennent un cycle de formation g\u00e9n\u00e9rale \u00ab Intelligence \u00e9conomique et strat\u00e9gique \u00bb (IES) long (sept jours) autour duquel sont construites des formations courtes (deux jours) d\u2019approfondissement visant \u00e0 sensibiliser les auditeurs aux enjeux de la cybers\u00e9curit\u00e9, de la Compliance, du lobbying ou encore de la protection du patrimoine informationnel.","og_url":"https:\/\/ihedn.fr\/en\/se-former\/intelligence-economique\/","og_site_name":"L&#039;IHEDN : Institut des hautes \u00e9tudes de d\u00e9fense nationale","article_publisher":"https:\/\/www.facebook.com\/ihedn\/","article_modified_time":"2026-02-26T10:47:02+00:00","og_image":[{"width":1169,"height":1453,"url":"https:\/\/ihedn.fr\/wp-content\/uploads\/2021\/12\/IHEDN-FORMATIONS-INTELLIGENCE-ECONOMIQUE-ECONOMIQUE-2022.jpg","type":"image\/jpeg"}],"twitter_card":"summary_large_image","twitter_title":"Les cycles en intelligence \u00e9conomique","twitter_description":"Depuis 1996, l\u2019IHEDN dispense des formations aux cadres des secteurs public et priv\u00e9 dont l\u2019objectif est de s\u2019approprier les concepts, les m\u00e9thodes, les enjeux et les outils de l\u2019Intelligence strat\u00e9gique et de la s\u00e9curit\u00e9 \u00e9conomique, ainsi que les m\u00e9thodes pour d\u00e9velopper un r\u00e9seau et favoriser l\u2019\u00e9change de bonnes pratiques. Les formations comprennent un cycle de formation g\u00e9n\u00e9rale \u00ab Intelligence \u00e9conomique et strat\u00e9gique \u00bb (IES) long (sept jours) autour duquel sont construites des formations courtes (deux jours) d\u2019approfondissement visant \u00e0 sensibiliser les auditeurs aux enjeux de la cybers\u00e9curit\u00e9, de la Compliance, du lobbying ou encore de la protection du patrimoine informationnel.","twitter_image":"https:\/\/ihedn.fr\/wp-content\/uploads\/2021\/12\/IHEDN-FORMATIONS-INTELLIGENCE-ECONOMIQUE-ECONOMIQUE-2022.jpg","twitter_site":"@IHEDN","twitter_misc":{"Estimated reading time":"9 minutes"},"schema":{"@context":"https:\/\/schema.org","@graph":[{"@type":"WebPage","@id":"https:\/\/ihedn.fr\/se-former\/intelligence-economique\/","url":"https:\/\/ihedn.fr\/se-former\/intelligence-economique\/","name":"Business intelligence courses - IHEDN: Institut des hautes \u00e9tudes de d\u00e9fense nationale (Institute for Higher National Defence Studies)","isPartOf":{"@id":"https:\/\/ihedn.fr\/#website"},"primaryImageOfPage":{"@id":"https:\/\/ihedn.fr\/se-former\/intelligence-economique\/#primaryimage"},"image":{"@id":"https:\/\/ihedn.fr\/se-former\/intelligence-economique\/#primaryimage"},"thumbnailUrl":"https:\/\/ihedn.fr\/wp-content\/uploads\/2026\/02\/logoVP.svg","datePublished":"2024-08-02T08:19:27+00:00","dateModified":"2026-02-26T10:47:02+00:00","description":"Economic intelligence courses | Since 1996, the IHEDN has been providing training for public and private sector executives, with the aim of familiarising them with the concepts, methods, issues and tools of strategic intelligence and economic security, as well as methods for developing a network and encouraging the exchange of best practice. The courses include a long (seven-day) general 'Economic and Strategic Intelligence' (IES) training cycle, around which are built short (two-day) in-depth courses designed to raise awareness of the challenges of cybersecurity, compliance, lobbying and the protection of information assets.Economic Intelligence is of major strategic importance. It lies at the very heart of the competitive challenges facing national economies. As such, knowledge of the geopolitical, economic, technical and legislative environment constitutes a real competitive advantage, which must be exploited and protected against the risks of intrusion, manipulation and plundering.Today, mastery of the concepts covered by Business Intelligence represents a major asset for companies and administrations.Following on from the Martre report (1994), the IHEDN's Business Intelligence courses are designed, with the help of leading experts, to train participants in the challenges posed by the increasing globalisation of trade, which should encourage those involved in economic life to protect themselves and develop their skills.","breadcrumb":{"@id":"https:\/\/ihedn.fr\/se-former\/intelligence-economique\/#breadcrumb"},"inLanguage":"en-GB","potentialAction":[{"@type":"ReadAction","target":["https:\/\/ihedn.fr\/se-former\/intelligence-economique\/"]}]},{"@type":"ImageObject","inLanguage":"en-GB","@id":"https:\/\/ihedn.fr\/se-former\/intelligence-economique\/#primaryimage","url":"https:\/\/ihedn.fr\/wp-content\/uploads\/2026\/02\/logoVP.svg","contentUrl":"https:\/\/ihedn.fr\/wp-content\/uploads\/2026\/02\/logoVP.svg"},{"@type":"BreadcrumbList","@id":"https:\/\/ihedn.fr\/se-former\/intelligence-economique\/#breadcrumb","itemListElement":[{"@type":"ListItem","position":1,"name":"Accueil","item":"https:\/\/ihedn.fr\/"},{"@type":"ListItem","position":2,"name":"Se former","item":"https:\/\/ihedn.fr\/se-former\/"},{"@type":"ListItem","position":3,"name":"Les cycles en intelligence \u00e9conomique"}]},{"@type":"WebSite","@id":"https:\/\/ihedn.fr\/#website","url":"https:\/\/ihedn.fr\/","name":"IHEDN: Institut des hautes \u00e9tudes de d\u00e9fense nationale (Institute for Higher National Defence Studies)","description":"Official website of the IHEDN under the supervision of the Prime Minister.","publisher":{"@id":"https:\/\/ihedn.fr\/#organization"},"potentialAction":[{"@type":"SearchAction","target":{"@type":"EntryPoint","urlTemplate":"https:\/\/ihedn.fr\/?s={search_term_string}"},"query-input":{"@type":"PropertyValueSpecification","valueRequired":true,"valueName":"search_term_string"}}],"inLanguage":"en-GB"},{"@type":"Organization","@id":"https:\/\/ihedn.fr\/#organization","name":"IHEDN - Institute for Higher National Defence Studies","url":"https:\/\/ihedn.fr\/","logo":{"@type":"ImageObject","inLanguage":"en-GB","@id":"https:\/\/ihedn.fr\/#\/schema\/logo\/image\/","url":"https:\/\/ihedn.fr\/wp-content\/uploads\/2020\/11\/BLOC_RF_IHEDN_WEB.png","contentUrl":"https:\/\/ihedn.fr\/wp-content\/uploads\/2020\/11\/BLOC_RF_IHEDN_WEB.png","width":500,"height":237,"caption":"IHEDN - Institut des Hautes Etudes de D\u00e9fense Nationale"},"image":{"@id":"https:\/\/ihedn.fr\/#\/schema\/logo\/image\/"},"sameAs":["https:\/\/www.facebook.com\/ihedn\/","https:\/\/x.com\/IHEDN","https:\/\/www.instagram.com\/ihedn\/","https:\/\/www.linkedin.com\/school\/ihedn\/","https:\/\/fr.wikipedia.org\/wiki\/Institut_des_hautes_\u00e9tudes_de_D\u00e9fense_nationale"]}]}},"publishpress_future_action":{"enabled":false,"date":"2026-05-06 10:21:28","action":"change-status","newStatus":"draft","terms":[],"taxonomy":"","extraData":[]},"publishpress_future_workflow_manual_trigger":{"enabledWorkflows":[]},"_links":{"self":[{"href":"https:\/\/ihedn.fr\/en\/wp-json\/wp\/v2\/pages\/49613","targetHints":{"allow":["GET"]}}],"collection":[{"href":"https:\/\/ihedn.fr\/en\/wp-json\/wp\/v2\/pages"}],"about":[{"href":"https:\/\/ihedn.fr\/en\/wp-json\/wp\/v2\/types\/page"}],"author":[{"embeddable":true,"href":"https:\/\/ihedn.fr\/en\/wp-json\/wp\/v2\/users\/10"}],"replies":[{"embeddable":true,"href":"https:\/\/ihedn.fr\/en\/wp-json\/wp\/v2\/comments?post=49613"}],"version-history":[{"count":82,"href":"https:\/\/ihedn.fr\/en\/wp-json\/wp\/v2\/pages\/49613\/revisions"}],"predecessor-version":[{"id":58542,"href":"https:\/\/ihedn.fr\/en\/wp-json\/wp\/v2\/pages\/49613\/revisions\/58542"}],"up":[{"embeddable":true,"href":"https:\/\/ihedn.fr\/en\/wp-json\/wp\/v2\/pages\/471"}],"wp:attachment":[{"href":"https:\/\/ihedn.fr\/en\/wp-json\/wp\/v2\/media?parent=49613"}],"curies":[{"name":"wp","href":"https:\/\/api.w.org\/{rel}","templated":true}]}}