{"id":49901,"date":"2024-09-04T09:32:00","date_gmt":"2024-09-04T08:32:00","guid":{"rendered":"https:\/\/ihedn.fr\/?page_id=49901"},"modified":"2024-10-08T14:38:53","modified_gmt":"2024-10-08T13:38:53","slug":"esprit-44","status":"publish","type":"page","link":"https:\/\/ihedn.fr\/en\/diffuser\/esprit-44\/","title":{"rendered":"ESPRIT 44"},"content":{"rendered":"<div data-elementor-type=\"wp-page\" data-elementor-id=\"49901\" class=\"elementor elementor-49901\" data-elementor-post-type=\"page\">\n\t\t\t\t<div data-particle_enable=\"false\" data-particle-mobile-disabled=\"false\" class=\"elementor-element elementor-element-ad1b998 e-flex e-con-boxed e-con e-parent\" data-id=\"ad1b998\" data-element_type=\"container\" data-e-type=\"container\">\n\t\t\t\t\t<div class=\"e-con-inner\">\n\t\t\t\t<div class=\"elementor-element elementor-element-eff0015 elementor-widget elementor-widget-breadcrumbs\" data-id=\"eff0015\" data-element_type=\"widget\" data-e-type=\"widget\" data-widget_type=\"breadcrumbs.default\">\n\t\t\t\t<div class=\"elementor-widget-container\">\n\t\t\t\t\t<div id=\"breadcrumbs\"><span><span><a href=\"https:\/\/ihedn.fr\/en\/\">Home<\/a><\/span><\/span><\/div>\t\t\t\t<\/div>\n\t\t\t\t<\/div>\n\t\t\t\t\t<\/div>\n\t\t\t\t<\/div>\n\t\t<div data-particle_enable=\"false\" data-particle-mobile-disabled=\"false\" class=\"elementor-element elementor-element-10f6394 e-flex e-con-boxed e-con e-parent\" data-id=\"10f6394\" data-element_type=\"container\" data-e-type=\"container\">\n\t\t\t\t\t<div class=\"e-con-inner\">\n\t\t<div data-particle_enable=\"false\" data-particle-mobile-disabled=\"false\" class=\"elementor-element elementor-element-fd1228c e-con-full e-flex e-con e-child\" data-id=\"fd1228c\" data-element_type=\"container\" data-e-type=\"container\">\n\t\t\t\t<div class=\"elementor-element elementor-element-ad66b28 elementor-widget elementor-widget-heading\" data-id=\"ad66b28\" data-element_type=\"widget\" data-e-type=\"widget\" data-widget_type=\"heading.default\">\n\t\t\t\t<div class=\"elementor-widget-container\">\n\t\t\t\t\t<h1 class=\"elementor-heading-title elementor-size-default\">WHAT NATIONAL DEFENCE OWES TO 1944<\/h1>\t\t\t\t<\/div>\n\t\t\t\t<\/div>\n\t\t\t\t<div class=\"elementor-element elementor-element-280544f elementor-widget-divider--view-line elementor-widget elementor-widget-divider\" data-id=\"280544f\" data-element_type=\"widget\" data-e-type=\"widget\" data-widget_type=\"divider.default\">\n\t\t\t\t<div class=\"elementor-widget-container\">\n\t\t\t\t\t\t\t<div class=\"elementor-divider\">\n\t\t\t<span class=\"elementor-divider-separator\">\n\t\t\t\t\t\t<\/span>\n\t\t<\/div>\n\t\t\t\t\t\t<\/div>\n\t\t\t\t<\/div>\n\t\t\t\t<div class=\"elementor-element elementor-element-48a25d4 elementor-widget elementor-widget-image\" data-id=\"48a25d4\" data-element_type=\"widget\" data-e-type=\"widget\" data-widget_type=\"image.default\">\n\t\t\t\t<div class=\"elementor-widget-container\">\n\t\t\t\t\t\t\t\t\t\t\t\t\t\t\t<img fetchpriority=\"high\" decoding=\"async\" width=\"1600\" height=\"900\" src=\"https:\/\/ihedn.fr\/wp-content\/uploads\/2024\/05\/esprit-44.jpg\" class=\"attachment-full size-full wp-image-47426\" alt=\"Visuel pour l&#039;article &quot;Esprit 44&quot; de l&#039;IHEDN\" srcset=\"https:\/\/ihedn.fr\/wp-content\/uploads\/2024\/05\/esprit-44.jpg 1600w, https:\/\/ihedn.fr\/wp-content\/uploads\/2024\/05\/esprit-44-1536x864.jpg 1536w, https:\/\/ihedn.fr\/wp-content\/uploads\/2024\/05\/esprit-44-18x10.jpg 18w\" sizes=\"(max-width: 1600px) 100vw, 1600px\" \/>\t\t\t\t\t\t\t\t\t\t\t\t\t\t\t<\/div>\n\t\t\t\t<\/div>\n\t\t\t\t<\/div>\n\t\t\t\t\t<\/div>\n\t\t\t\t<\/div>\n\t\t<div data-particle_enable=\"false\" data-particle-mobile-disabled=\"false\" class=\"elementor-element elementor-element-f3fc05c e-flex e-con-boxed e-con e-parent\" data-id=\"f3fc05c\" data-element_type=\"container\" data-e-type=\"container\">\n\t\t\t\t\t<div class=\"e-con-inner\">\n\t\t<div data-particle_enable=\"false\" data-particle-mobile-disabled=\"false\" class=\"elementor-element elementor-element-e7e40a0 e-con-full e-flex e-con e-child\" data-id=\"e7e40a0\" data-element_type=\"container\" data-e-type=\"container\">\n\t\t\t\t<div class=\"elementor-element elementor-element-3917d0e elementor-widget elementor-widget-text-editor\" data-id=\"3917d0e\" data-element_type=\"widget\" data-e-type=\"widget\" data-widget_type=\"text-editor.default\">\n\t\t\t\t<div class=\"elementor-widget-container\">\n\t\t\t\t\t\t\t\t\t<p style=\"text-align: left;\">Throughout the summer of 2024, in partnership with the Charles-de-Gaulle Foundation, the IHEDN explored various events that took place 80 years ago and were crucial to the return of the Republic, the country's sovereignty and its national cohesion.<\/p><p style=\"text-align: left;\">For the IHEDN, this dossier is a way of recalling the strong link between the institute and Charles de Gaulle. In 1931, when he was a battalion commander, de Gaulle wrote a memorandum for his superiors that has come to be regarded as the first forerunner of the CHEDN, which was founded in 1936 and became the IHEDN after the war. In it, the future statesman raised the need to train officers and civilians side by side in strategic culture.<\/p><p style=\"text-align: left;\">This dossier also provides an opportunity to revisit some of the \"fundamentals\" of our defence, born out of combat, and to pay tribute to all those who have been involved in promoting the spirit of defence.<\/p>\t\t\t\t\t\t\t\t<\/div>\n\t\t\t\t<\/div>\n\t\t\t\t<\/div>\n\t\t\t\t\t<\/div>\n\t\t\t\t<\/div>\n\t\t<div data-particle_enable=\"false\" data-particle-mobile-disabled=\"false\" class=\"elementor-element elementor-element-b1ff433 e-flex e-con-boxed e-con e-parent\" data-id=\"b1ff433\" data-element_type=\"container\" data-e-type=\"container\">\n\t\t\t\t\t<div class=\"e-con-inner\">\n\t\t<div data-particle_enable=\"false\" data-particle-mobile-disabled=\"false\" class=\"elementor-element elementor-element-6420bff e-con-full e-flex e-con e-child\" data-id=\"6420bff\" data-element_type=\"container\" data-e-type=\"container\">\n\t\t\t\t<div class=\"elementor-element elementor-element-9ea7fa9 elementor-grid-1 elementor-posts--thumbnail-left elementor-posts--align-left elementor-grid-tablet-2 elementor-grid-mobile-1 load-more-align-center elementor-widget elementor-widget-posts\" data-id=\"9ea7fa9\" data-element_type=\"widget\" data-e-type=\"widget\" data-settings=\"{&quot;classic_columns&quot;:&quot;1&quot;,&quot;pagination_type&quot;:&quot;load_more_on_click&quot;,&quot;classic_columns_tablet&quot;:&quot;2&quot;,&quot;classic_columns_mobile&quot;:&quot;1&quot;,&quot;classic_row_gap&quot;:{&quot;unit&quot;:&quot;px&quot;,&quot;size&quot;:35,&quot;sizes&quot;:[]},&quot;classic_row_gap_tablet&quot;:{&quot;unit&quot;:&quot;px&quot;,&quot;size&quot;:&quot;&quot;,&quot;sizes&quot;:[]},&quot;classic_row_gap_mobile&quot;:{&quot;unit&quot;:&quot;px&quot;,&quot;size&quot;:&quot;&quot;,&quot;sizes&quot;:[]},&quot;load_more_spinner&quot;:{&quot;value&quot;:&quot;fas fa-spinner&quot;,&quot;library&quot;:&quot;fa-solid&quot;}}\" data-widget_type=\"posts.classic\">\n\t\t\t\t<div class=\"elementor-widget-container\">\n\t\t\t\t\t\t\t<div class=\"elementor-posts-container elementor-posts elementor-posts--skin-classic elementor-grid\" role=\"list\">\n\t\t\t\t<article class=\"elementor-post elementor-grid-item post-50160 post type-post status-publish format-standard has-post-thumbnail hentry category-defense-nationale category-lundis-de-lihedn category-notre-selection tag-esprit44\" role=\"listitem\">\n\t\t\t\t<a class=\"elementor-post__thumbnail__link\" href=\"https:\/\/ihedn.fr\/en\/lundis-de-lihedn\/liberer-le-territoire-retablir-letat-ressouder-la-france\/\" tabindex=\"-1\" >\n\t\t\t<div class=\"elementor-post__thumbnail\"><img decoding=\"async\" width=\"1920\" height=\"1080\" src=\"https:\/\/ihedn.fr\/wp-content\/uploads\/2024\/08\/liberer-territoire.png\" class=\"attachment-full size-full wp-image-50158\" alt=\"Lundis de l&#039;IHEDN | Lib\u00e9rer le territoire, r\u00e9tablir l\u2019\u00c9tat, ressouder la France\" srcset=\"https:\/\/ihedn.fr\/wp-content\/uploads\/2024\/08\/liberer-territoire.png 1920w, https:\/\/ihedn.fr\/wp-content\/uploads\/2024\/08\/liberer-territoire-1536x864.png 1536w, https:\/\/ihedn.fr\/wp-content\/uploads\/2024\/08\/liberer-territoire-18x10.png 18w\" sizes=\"(max-width: 1920px) 100vw, 1920px\" \/><\/div>\n\t\t<\/a>\n\t\t\t\t<div class=\"elementor-post__text\">\n\t\t\t\t<h3 class=\"elementor-post__title\">\n\t\t\t<a href=\"https:\/\/ihedn.fr\/en\/lundis-de-lihedn\/liberer-le-territoire-retablir-letat-ressouder-la-france\/\" >\n\t\t\t\tLiberate the country, re-establish the State, reunite France\t\t\t<\/a>\n\t\t<\/h3>\n\t\t\t\t<div class=\"elementor-post__meta-data\">\n\t\t\t\t\t<span class=\"elementor-post-date\">\n\t\t\t9 September 2024\t\t<\/span>\n\t\t\t\t<\/div>\n\t\t\t\t<div class=\"elementor-post__excerpt\">\n\t\t\t<p>Between the first landings in June and the announcement of the government in September, General de Gaulle and his entourage succeeded in taking a new direction.\t\t<\/div>\n\t\t\n\t\t<a class=\"elementor-post__read-more\" href=\"https:\/\/ihedn.fr\/en\/lundis-de-lihedn\/liberer-le-territoire-retablir-letat-ressouder-la-france\/\" aria-label=\"Read more about Liberate the territory, re-establish the State, reunite France\" tabindex=\"-1\" >\n\t\t\tRead more \"\t\t<\/a>\n\n\t\t\t\t<\/div>\n\t\t\t\t<\/article>\n\t\t\t\t<article class=\"elementor-post elementor-grid-item post-49720 post type-post status-publish format-standard has-post-thumbnail hentry category-defense-militaire category-lundis-de-lihedn category-notre-selection tag-esprit44\" role=\"listitem\">\n\t\t\t\t<a class=\"elementor-post__thumbnail__link\" href=\"https:\/\/ihedn.fr\/en\/lundis-de-lihedn\/elisabeth-de-miribel-actrice-et-temoin-de-la-france-libre\/\" tabindex=\"-1\" >\n\t\t\t<div class=\"elementor-post__thumbnail\"><img decoding=\"async\" width=\"1663\" height=\"380\" src=\"https:\/\/ihedn.fr\/wp-content\/uploads\/2024\/08\/miribel.jpg\" class=\"attachment-full size-full wp-image-49731\" alt=\"Lundis de l&#039;IHEDN | \u00c9lisabeth de Miribel, actrice et t\u00e9moin de la France libre\" srcset=\"https:\/\/ihedn.fr\/wp-content\/uploads\/2024\/08\/miribel.jpg 1663w, https:\/\/ihedn.fr\/wp-content\/uploads\/2024\/08\/miribel-1536x351.jpg 1536w, https:\/\/ihedn.fr\/wp-content\/uploads\/2024\/08\/miribel-18x4.jpg 18w\" sizes=\"(max-width: 1663px) 100vw, 1663px\" \/><\/div>\n\t\t<\/a>\n\t\t\t\t<div class=\"elementor-post__text\">\n\t\t\t\t<h3 class=\"elementor-post__title\">\n\t\t\t<a href=\"https:\/\/ihedn.fr\/en\/lundis-de-lihedn\/elisabeth-de-miribel-actrice-et-temoin-de-la-france-libre\/\" >\n\t\t\t\t\u00c9lisabeth de Miribel, actress and witness to Free France\t\t\t<\/a>\n\t\t<\/h3>\n\t\t\t\t<div class=\"elementor-post__meta-data\">\n\t\t\t\t\t<span class=\"elementor-post-date\">\n\t\t\t26 August 2024\t\t<\/span>\n\t\t\t\t<\/div>\n\t\t\t\t<div class=\"elementor-post__excerpt\">\n\t\t\t<p>As part of our \"Esprit 44\" series in partnership with the Charles-de-Gaulle Foundation, we take a look back in pictures at the saga of one of the world's most influential military leaders.\t\t<\/div>\n\t\t\n\t\t<a class=\"elementor-post__read-more\" href=\"https:\/\/ihedn.fr\/en\/lundis-de-lihedn\/elisabeth-de-miribel-actrice-et-temoin-de-la-france-libre\/\" aria-label=\"Read more about \u00c9lisabeth de Miribel, actress and witness to Free France\" tabindex=\"-1\" >\n\t\t\tRead more \"\t\t<\/a>\n\n\t\t\t\t<\/div>\n\t\t\t\t<\/article>\n\t\t\t\t<article class=\"elementor-post elementor-grid-item post-49657 post type-post status-publish format-standard has-post-thumbnail hentry category-defense-militaire category-lundis-de-lihedn category-notre-selection tag-esprit44\" role=\"listitem\">\n\t\t\t\t<a class=\"elementor-post__thumbnail__link\" href=\"https:\/\/ihedn.fr\/en\/lundis-de-lihedn\/le-general-de-monsabert-figure-oubliee-de-la-liberation\/\" tabindex=\"-1\" >\n\t\t\t<div class=\"elementor-post__thumbnail\"><img loading=\"lazy\" decoding=\"async\" width=\"1920\" height=\"1080\" src=\"https:\/\/ihedn.fr\/wp-content\/uploads\/2024\/08\/DE-MONSABERT_ESPRIT44.jpg\" class=\"attachment-full size-full wp-image-49658\" alt=\"Lundis de l&#039;IHEDN | Le g\u00e9n\u00e9ral de Monsabert, figure oubli\u00e9e de la Lib\u00e9ration\" srcset=\"https:\/\/ihedn.fr\/wp-content\/uploads\/2024\/08\/DE-MONSABERT_ESPRIT44.jpg 1920w, https:\/\/ihedn.fr\/wp-content\/uploads\/2024\/08\/DE-MONSABERT_ESPRIT44-1536x864.jpg 1536w, https:\/\/ihedn.fr\/wp-content\/uploads\/2024\/08\/DE-MONSABERT_ESPRIT44-18x10.jpg 18w\" sizes=\"(max-width: 1920px) 100vw, 1920px\" \/><\/div>\n\t\t<\/a>\n\t\t\t\t<div class=\"elementor-post__text\">\n\t\t\t\t<h3 class=\"elementor-post__title\">\n\t\t\t<a href=\"https:\/\/ihedn.fr\/en\/lundis-de-lihedn\/le-general-de-monsabert-figure-oubliee-de-la-liberation\/\" >\n\t\t\t\tGeneral de Monsabert, the forgotten figure of the Liberation\t\t\t<\/a>\n\t\t<\/h3>\n\t\t\t\t<div class=\"elementor-post__meta-data\">\n\t\t\t\t\t<span class=\"elementor-post-date\">\n\t\t\t12 August 2024\t\t<\/span>\n\t\t\t\t<\/div>\n\t\t\t\t<div class=\"elementor-post__excerpt\">\n\t\t\t<p>Fifth instalment in our \"Esprit 44\" series in partnership with the Charles-de-Gaulle Foundation: overshadowed by the Leclercs, De Lattre\t\t<\/div>\n\t\t\n\t\t<a class=\"elementor-post__read-more\" href=\"https:\/\/ihedn.fr\/en\/lundis-de-lihedn\/le-general-de-monsabert-figure-oubliee-de-la-liberation\/\" aria-label=\"Read more about General de Monsabert, a forgotten figure of the Liberation\" tabindex=\"-1\" >\n\t\t\tRead more \"\t\t<\/a>\n\n\t\t\t\t<\/div>\n\t\t\t\t<\/article>\n\t\t\t\t<article class=\"elementor-post elementor-grid-item post-49209 post type-post status-publish format-standard has-post-thumbnail hentry category-defense-nationale category-lundis-de-lihedn category-notre-selection tag-esprit44\" role=\"listitem\">\n\t\t\t\t<a class=\"elementor-post__thumbnail__link\" href=\"https:\/\/ihedn.fr\/en\/lundis-de-lihedn\/le-nerf-de-la-guerre-la-france-libre-a-la-conference-de-bretton-woods\/\" tabindex=\"-1\" >\n\t\t\t<div class=\"elementor-post__thumbnail\"><img loading=\"lazy\" decoding=\"async\" width=\"1920\" height=\"1080\" src=\"https:\/\/ihedn.fr\/wp-content\/uploads\/2024\/07\/BRETTONWOODS_ESPRIT44.jpg\" class=\"attachment-full size-full wp-image-49057\" alt=\"Lundis de l&#039;IHEDN | Le nerf de la guerre : la France libre \u00e0 la conf\u00e9rence de Bretton Woods\" srcset=\"https:\/\/ihedn.fr\/wp-content\/uploads\/2024\/07\/BRETTONWOODS_ESPRIT44.jpg 1920w, https:\/\/ihedn.fr\/wp-content\/uploads\/2024\/07\/BRETTONWOODS_ESPRIT44-1536x864.jpg 1536w, https:\/\/ihedn.fr\/wp-content\/uploads\/2024\/07\/BRETTONWOODS_ESPRIT44-18x10.jpg 18w\" sizes=\"(max-width: 1920px) 100vw, 1920px\" \/><\/div>\n\t\t<\/a>\n\t\t\t\t<div class=\"elementor-post__text\">\n\t\t\t\t<h3 class=\"elementor-post__title\">\n\t\t\t<a href=\"https:\/\/ihedn.fr\/en\/lundis-de-lihedn\/le-nerf-de-la-guerre-la-france-libre-a-la-conference-de-bretton-woods\/\" >\n\t\t\t\tThe sinews of war: Free France at the Bretton Woods Conference\t\t\t<\/a>\n\t\t<\/h3>\n\t\t\t\t<div class=\"elementor-post__meta-data\">\n\t\t\t\t\t<span class=\"elementor-post-date\">\n\t\t\t22 July 2024\t\t<\/span>\n\t\t\t\t<\/div>\n\t\t\t\t<div class=\"elementor-post__excerpt\">\n\t\t\t<p>Fourth episode of our \"Esprit 44\" series in partnership with the Charles-de-Gaulle Foundation: with an initially poor Free France, how did you\t\t<\/div>\n\t\t\n\t\t<a class=\"elementor-post__read-more\" href=\"https:\/\/ihedn.fr\/en\/lundis-de-lihedn\/le-nerf-de-la-guerre-la-france-libre-a-la-conference-de-bretton-woods\/\" aria-label=\"Read more about The sinews of war: Free France at the Bretton Woods conference\" tabindex=\"-1\" >\n\t\t\tRead more \"\t\t<\/a>\n\n\t\t\t\t<\/div>\n\t\t\t\t<\/article>\n\t\t\t\t<article class=\"elementor-post elementor-grid-item post-48659 post type-post status-publish format-standard has-post-thumbnail hentry category-lundis-de-lihedn category-notre-selection category-securite-internationale tag-esprit44\" role=\"listitem\">\n\t\t\t\t<a class=\"elementor-post__thumbnail__link\" href=\"https:\/\/ihedn.fr\/en\/lundis-de-lihedn\/de-gaulle-et-les-etats-unis-une-confiance-batie-dans-le-rapport-de-forces\/\" tabindex=\"-1\" >\n\t\t\t<div class=\"elementor-post__thumbnail\"><img loading=\"lazy\" decoding=\"async\" width=\"1920\" height=\"1080\" src=\"https:\/\/ihedn.fr\/wp-content\/uploads\/2024\/07\/DE_GAULLE_AUX_USA_08_07_2024_site.jpg\" class=\"attachment-full size-full wp-image-48628\" alt=\"Lundis de l&#039;IHEDN | De Gaulle et les \u00c9tats-Unis : une confiance b\u00e2tie dans le rapport de forces\" srcset=\"https:\/\/ihedn.fr\/wp-content\/uploads\/2024\/07\/DE_GAULLE_AUX_USA_08_07_2024_site.jpg 1920w, https:\/\/ihedn.fr\/wp-content\/uploads\/2024\/07\/DE_GAULLE_AUX_USA_08_07_2024_site-1536x864.jpg 1536w, https:\/\/ihedn.fr\/wp-content\/uploads\/2024\/07\/DE_GAULLE_AUX_USA_08_07_2024_site-18x10.jpg 18w\" sizes=\"(max-width: 1920px) 100vw, 1920px\" \/><\/div>\n\t\t<\/a>\n\t\t\t\t<div class=\"elementor-post__text\">\n\t\t\t\t<h3 class=\"elementor-post__title\">\n\t\t\t<a href=\"https:\/\/ihedn.fr\/en\/lundis-de-lihedn\/de-gaulle-et-les-etats-unis-une-confiance-batie-dans-le-rapport-de-forces\/\" >\n\t\t\t\tDe Gaulle and the United States: trust built on a balance of power\t\t\t<\/a>\n\t\t<\/h3>\n\t\t\t\t<div class=\"elementor-post__meta-data\">\n\t\t\t\t\t<span class=\"elementor-post-date\">\n\t\t\t8 July 2024\t\t<\/span>\n\t\t\t\t<\/div>\n\t\t\t\t<div class=\"elementor-post__excerpt\">\n\t\t\t<p>Third episode in our \"Esprit 44\" series in partnership with the Charles-de-Gaulle Foundation. Here's how General de Gaulle, who was initially\t\t<\/div>\n\t\t\n\t\t<a class=\"elementor-post__read-more\" href=\"https:\/\/ihedn.fr\/en\/lundis-de-lihedn\/de-gaulle-et-les-etats-unis-une-confiance-batie-dans-le-rapport-de-forces\/\" aria-label=\"Read more about De Gaulle and the United States: trust built on a balance of power\" tabindex=\"-1\" >\n\t\t\tRead more \"\t\t<\/a>\n\n\t\t\t\t<\/div>\n\t\t\t\t<\/article>\n\t\t\t\t<article class=\"elementor-post elementor-grid-item post-48300 post type-post status-publish format-standard has-post-thumbnail hentry category-defense-nationale category-lundis-de-lihedn category-notre-selection tag-esprit44\" role=\"listitem\">\n\t\t\t\t<a class=\"elementor-post__thumbnail__link\" href=\"https:\/\/ihedn.fr\/en\/lundis-de-lihedn\/le-temps-des-batailles-combattre-sur-tous-les-fronts\/\" tabindex=\"-1\" >\n\t\t\t<div class=\"elementor-post__thumbnail\"><img loading=\"lazy\" decoding=\"async\" width=\"1920\" height=\"1080\" src=\"https:\/\/ihedn.fr\/wp-content\/uploads\/2024\/06\/Esprit-44-bandeau.jpg\" class=\"attachment-full size-full wp-image-48322\" alt=\"Lundis de l&#039;IHEDN | Le temps des batailles : combattre, sur tous les fronts\" srcset=\"https:\/\/ihedn.fr\/wp-content\/uploads\/2024\/06\/Esprit-44-bandeau.jpg 1920w, https:\/\/ihedn.fr\/wp-content\/uploads\/2024\/06\/Esprit-44-bandeau-1536x864.jpg 1536w, https:\/\/ihedn.fr\/wp-content\/uploads\/2024\/06\/Esprit-44-bandeau-18x10.jpg 18w\" sizes=\"(max-width: 1920px) 100vw, 1920px\" \/><\/div>\n\t\t<\/a>\n\t\t\t\t<div class=\"elementor-post__text\">\n\t\t\t\t<h3 class=\"elementor-post__title\">\n\t\t\t<a href=\"https:\/\/ihedn.fr\/en\/lundis-de-lihedn\/le-temps-des-batailles-combattre-sur-tous-les-fronts\/\" >\n\t\t\t\tA time for battles: fighting on all fronts\t\t\t<\/a>\n\t\t<\/h3>\n\t\t\t\t<div class=\"elementor-post__meta-data\">\n\t\t\t\t\t<span class=\"elementor-post-date\">\n\t\t\t24 June 2024\t\t<\/span>\n\t\t\t\t<\/div>\n\t\t\t\t<div class=\"elementor-post__excerpt\">\n\t\t\t<p>This is the second episode in our \"Esprit 44\" series in partnership with the Charles-de-Gaulle Foundation. This time we explore commitment in different theatres\t\t<\/div>\n\t\t\n\t\t<a class=\"elementor-post__read-more\" href=\"https:\/\/ihedn.fr\/en\/lundis-de-lihedn\/le-temps-des-batailles-combattre-sur-tous-les-fronts\/\" aria-label=\"Read more about Battle time: fighting on all fronts\" tabindex=\"-1\" >\n\t\t\tRead more \"\t\t<\/a>\n\n\t\t\t\t<\/div>\n\t\t\t\t<\/article>\n\t\t\t\t<article class=\"elementor-post elementor-grid-item post-47606 post type-post status-publish format-standard has-post-thumbnail hentry category-defense-militaire category-lundis-de-lihedn category-notre-selection tag-esprit44\" role=\"listitem\">\n\t\t\t\t<a class=\"elementor-post__thumbnail__link\" href=\"https:\/\/ihedn.fr\/en\/notre-selection\/resistance-larmee-des-ombres-prend-la-lumiere\/\" tabindex=\"-1\" >\n\t\t\t<div class=\"elementor-post__thumbnail\"><img loading=\"lazy\" decoding=\"async\" width=\"1920\" height=\"1080\" src=\"https:\/\/ihedn.fr\/wp-content\/uploads\/2024\/05\/RESISTANCE_ESPRIT443-1.jpg\" class=\"attachment-full size-full wp-image-47682\" alt=\"visuel de &quot;R\u00e9sistance : l&#039;arm\u00e9e des ombres prend la lumi\u00e8re&quot;\" srcset=\"https:\/\/ihedn.fr\/wp-content\/uploads\/2024\/05\/RESISTANCE_ESPRIT443-1.jpg 1920w, https:\/\/ihedn.fr\/wp-content\/uploads\/2024\/05\/RESISTANCE_ESPRIT443-1-1536x864.jpg 1536w, https:\/\/ihedn.fr\/wp-content\/uploads\/2024\/05\/RESISTANCE_ESPRIT443-1-18x10.jpg 18w\" sizes=\"(max-width: 1920px) 100vw, 1920px\" \/><\/div>\n\t\t<\/a>\n\t\t\t\t<div class=\"elementor-post__text\">\n\t\t\t\t<h3 class=\"elementor-post__title\">\n\t\t\t<a href=\"https:\/\/ihedn.fr\/en\/notre-selection\/resistance-larmee-des-ombres-prend-la-lumiere\/\" >\n\t\t\t\tResistance: the army of shadows catches the light\t\t\t<\/a>\n\t\t<\/h3>\n\t\t\t\t<div class=\"elementor-post__meta-data\">\n\t\t\t\t\t<span class=\"elementor-post-date\">\n\t\t\t24 May 2024\t\t<\/span>\n\t\t\t\t<\/div>\n\t\t\t\t<div class=\"elementor-post__excerpt\">\n\t\t\t<p>The first episode of our \"Esprit 44\" series, in partnership with the Charles-de-Gaulle Foundation. Let's explore the Resistance through the eyes of two little-known figures,\t\t<\/div>\n\t\t\n\t\t<a class=\"elementor-post__read-more\" href=\"https:\/\/ihedn.fr\/en\/notre-selection\/resistance-larmee-des-ombres-prend-la-lumiere\/\" aria-label=\"Read more about Resistance: the army of shadows catches the light\" tabindex=\"-1\" >\n\t\t\tRead more \"\t\t<\/a>\n\n\t\t\t\t<\/div>\n\t\t\t\t<\/article>\n\t\t\t\t<article class=\"elementor-post elementor-grid-item post-47422 post type-post status-publish format-standard has-post-thumbnail hentry category-defense-nationale category-lundis-de-lihedn category-notre-selection tag-esprit44\" role=\"listitem\">\n\t\t\t\t<a class=\"elementor-post__thumbnail__link\" href=\"https:\/\/ihedn.fr\/en\/notre-selection\/esprit-44-ce-que-la-defense-nationale-doit-a-lannee-1944\/\" tabindex=\"-1\" >\n\t\t\t<div class=\"elementor-post__thumbnail\"><img fetchpriority=\"high\" decoding=\"async\" width=\"1600\" height=\"900\" src=\"https:\/\/ihedn.fr\/wp-content\/uploads\/2024\/05\/esprit-44.jpg\" class=\"attachment-full size-full wp-image-47426\" alt=\"Visuel pour l&#039;article &quot;Esprit 44&quot; de l&#039;IHEDN\" srcset=\"https:\/\/ihedn.fr\/wp-content\/uploads\/2024\/05\/esprit-44.jpg 1600w, https:\/\/ihedn.fr\/wp-content\/uploads\/2024\/05\/esprit-44-1536x864.jpg 1536w, https:\/\/ihedn.fr\/wp-content\/uploads\/2024\/05\/esprit-44-18x10.jpg 18w\" sizes=\"(max-width: 1600px) 100vw, 1600px\" \/><\/div>\n\t\t<\/a>\n\t\t\t\t<div class=\"elementor-post__text\">\n\t\t\t\t<h3 class=\"elementor-post__title\">\n\t\t\t<a href=\"https:\/\/ihedn.fr\/en\/notre-selection\/esprit-44-ce-que-la-defense-nationale-doit-a-lannee-1944\/\" >\n\t\t\t\t\"Esprit 44\": what national defence owes to 1944\t\t\t<\/a>\n\t\t<\/h3>\n\t\t\t\t<div class=\"elementor-post__meta-data\">\n\t\t\t\t\t<span class=\"elementor-post-date\">\n\t\t\t13 May 2024\t\t<\/span>\n\t\t\t\t<\/div>\n\t\t\t\t<div class=\"elementor-post__excerpt\">\n\t\t\t<p>Throughout the summer, in partnership with the Charles-de-Gaulle Foundation, the IHEDN is exploring a number of crucial events that took place 80 years ago.\t\t<\/div>\n\t\t\n\t\t<a class=\"elementor-post__read-more\" href=\"https:\/\/ihedn.fr\/en\/notre-selection\/esprit-44-ce-que-la-defense-nationale-doit-a-lannee-1944\/\" aria-label=\"Read more about &quot;Esprit 44&quot;: what national defence owes to 1944\" tabindex=\"-1\" >\n\t\t\tRead more \"\t\t<\/a>\n\n\t\t\t\t<\/div>\n\t\t\t\t<\/article>\n\t\t\t\t<\/div>\n\t\t\t\t\t<span class=\"e-load-more-spinner\">\n\t\t\t\t<svg aria-hidden=\"true\" class=\"e-font-icon-svg e-fas-spinner\" viewbox=\"0 0 512 512\" xmlns=\"http:\/\/www.w3.org\/2000\/svg\"><path d=\"M304 48c0 26.51-21.49 48-48 48s-48-21.49-48-48 21.49-48 48-48 48 21.49 48 48zm-48 368c-26.51 0-48 21.49-48 48s21.49 48 48 48 48-21.49 48-48-21.49-48-48-48zm208-208c-26.51 0-48 21.49-48 48s21.49 48 48 48 48-21.49 48-48-21.49-48-48-48zM96 256c0-26.51-21.49-48-48-48S0 229.49 0 256s21.49 48 48 48 48-21.49 48-48zm12.922 99.078c-26.51 0-48 21.49-48 48s21.49 48 48 48 48-21.49 48-48c0-26.509-21.491-48-48-48zm294.156 0c-26.51 0-48 21.49-48 48s21.49 48 48 48 48-21.49 48-48c0-26.509-21.49-48-48-48zM108.922 60.922c-26.51 0-48 21.49-48 48s21.49 48 48 48 48-21.49 48-48-21.491-48-48-48z\"><\/path><\/svg>\t\t\t<\/span>\n\t\t\n\t\t\t\t\t\t<\/div>\n\t\t\t\t<\/div>\n\t\t\t\t<\/div>\n\t\t\t\t\t<\/div>\n\t\t\t\t<\/div>\n\t\t\t\t<\/div>","protected":false},"excerpt":{"rendered":"<p>CE QUE LA D\u00c9FENSE NATIONALE DOIT \u00c0 L\u2019ANN\u00c9E 1944 En partenariat avec la Fondation Charles-de-Gaulle, l\u2019IHEDN a explor\u00e9 tout au long de l\u2019\u00e9t\u00e9 2024 diff\u00e9rents \u00e9v\u00e9nements survenus 80 ans auparavant, cruciaux \u00e0 la fois pour le retour de la R\u00e9publique, la souverainet\u00e9 du pays et sa coh\u00e9sion nationale. Pour l\u2019IHEDN, ce dossier est une mani\u00e8re [&hellip;]<\/p>\n","protected":false},"author":10,"featured_media":0,"parent":50806,"menu_order":0,"comment_status":"closed","ping_status":"closed","template":"","meta":{"footnotes":""},"class_list":["post-49901","page","type-page","status-publish","hentry"],"yoast_head":"<!-- This site is optimized with the Yoast SEO plugin v27.5 - https:\/\/yoast.com\/product\/yoast-seo-wordpress\/ -->\n<title>ESPRIT 44 - L&#039;IHEDN : Institut des hautes \u00e9tudes de d\u00e9fense nationale<\/title>\n<meta name=\"description\" content=\"En partenariat avec la Fondation Charles-de-Gaulle, l\u2019IHEDN a explor\u00e9 tout au long de l\u2019\u00e9t\u00e9 2024 diff\u00e9rents \u00e9v\u00e9nements survenus 80 ans auparavant, cruciaux \u00e0 la fois pour le retour de la R\u00e9publique, la souverainet\u00e9 du pays et sa coh\u00e9sion nationale.\" \/>\n<meta name=\"robots\" content=\"index, follow, max-snippet:-1, max-image-preview:large, max-video-preview:-1\" \/>\n<link rel=\"canonical\" href=\"https:\/\/ihedn.fr\/en\/diffuser\/esprit-44\/\" \/>\n<meta property=\"og:locale\" content=\"en_GB\" \/>\n<meta property=\"og:type\" content=\"article\" \/>\n<meta property=\"og:title\" content=\"ESPRIT 44 - L&#039;IHEDN : Institut des hautes \u00e9tudes de d\u00e9fense nationale\" \/>\n<meta property=\"og:description\" content=\"En partenariat avec la Fondation Charles-de-Gaulle, l\u2019IHEDN a explor\u00e9 tout au long de l\u2019\u00e9t\u00e9 2024 diff\u00e9rents \u00e9v\u00e9nements survenus 80 ans auparavant, cruciaux \u00e0 la fois pour le retour de la R\u00e9publique, la souverainet\u00e9 du pays et sa coh\u00e9sion nationale.\" \/>\n<meta property=\"og:url\" content=\"https:\/\/ihedn.fr\/en\/diffuser\/esprit-44\/\" \/>\n<meta property=\"og:site_name\" content=\"L&#039;IHEDN : Institut des hautes \u00e9tudes de d\u00e9fense nationale\" \/>\n<meta property=\"article:publisher\" content=\"https:\/\/www.facebook.com\/ihedn\/\" \/>\n<meta property=\"article:modified_time\" content=\"2024-10-08T13:38:53+00:00\" \/>\n<meta property=\"og:image\" content=\"https:\/\/ihedn.fr\/wp-content\/uploads\/2024\/05\/esprit-44.jpg\" \/>\n<meta name=\"twitter:card\" content=\"summary_large_image\" \/>\n<meta name=\"twitter:title\" content=\"ESPRIT 44 - L&#039;IHEDN : Institut des hautes \u00e9tudes de d\u00e9fense nationale\" \/>\n<meta name=\"twitter:description\" content=\"En partenariat avec la Fondation Charles-de-Gaulle, l\u2019IHEDN a explor\u00e9 tout au long de l\u2019\u00e9t\u00e9 2024 diff\u00e9rents \u00e9v\u00e9nements survenus 80 ans auparavant, cruciaux \u00e0 la fois pour le retour de la R\u00e9publique, la souverainet\u00e9 du pays et sa coh\u00e9sion nationale.\" \/>\n<meta name=\"twitter:site\" content=\"@IHEDN\" \/>\n<meta name=\"twitter:label1\" content=\"Estimated reading time\" \/>\n\t<meta name=\"twitter:data1\" content=\"5 minutes\" \/>\n<script type=\"application\/ld+json\" class=\"yoast-schema-graph\">{\"@context\":\"https:\\\/\\\/schema.org\",\"@graph\":[{\"@type\":\"WebPage\",\"@id\":\"https:\\\/\\\/ihedn.fr\\\/diffuser\\\/esprit-44\\\/\",\"url\":\"https:\\\/\\\/ihedn.fr\\\/diffuser\\\/esprit-44\\\/\",\"name\":\"ESPRIT 44 - L&#039;IHEDN : Institut des hautes \u00e9tudes de d\u00e9fense nationale\",\"isPartOf\":{\"@id\":\"https:\\\/\\\/ihedn.fr\\\/#website\"},\"primaryImageOfPage\":{\"@id\":\"https:\\\/\\\/ihedn.fr\\\/diffuser\\\/esprit-44\\\/#primaryimage\"},\"image\":{\"@id\":\"https:\\\/\\\/ihedn.fr\\\/diffuser\\\/esprit-44\\\/#primaryimage\"},\"thumbnailUrl\":\"https:\\\/\\\/ihedn.fr\\\/wp-content\\\/uploads\\\/2024\\\/05\\\/esprit-44.jpg\",\"datePublished\":\"2024-09-04T08:32:00+00:00\",\"dateModified\":\"2024-10-08T13:38:53+00:00\",\"description\":\"En partenariat avec la Fondation Charles-de-Gaulle, l\u2019IHEDN a explor\u00e9 tout au long de l\u2019\u00e9t\u00e9 2024 diff\u00e9rents \u00e9v\u00e9nements survenus 80 ans auparavant, cruciaux \u00e0 la fois pour le retour de la R\u00e9publique, la souverainet\u00e9 du pays et sa coh\u00e9sion nationale.\",\"breadcrumb\":{\"@id\":\"https:\\\/\\\/ihedn.fr\\\/diffuser\\\/esprit-44\\\/#breadcrumb\"},\"inLanguage\":\"en-GB\",\"potentialAction\":[{\"@type\":\"ReadAction\",\"target\":[\"https:\\\/\\\/ihedn.fr\\\/diffuser\\\/esprit-44\\\/\"]}]},{\"@type\":\"ImageObject\",\"inLanguage\":\"en-GB\",\"@id\":\"https:\\\/\\\/ihedn.fr\\\/diffuser\\\/esprit-44\\\/#primaryimage\",\"url\":\"https:\\\/\\\/ihedn.fr\\\/wp-content\\\/uploads\\\/2024\\\/05\\\/esprit-44.jpg\",\"contentUrl\":\"https:\\\/\\\/ihedn.fr\\\/wp-content\\\/uploads\\\/2024\\\/05\\\/esprit-44.jpg\"},{\"@type\":\"BreadcrumbList\",\"@id\":\"https:\\\/\\\/ihedn.fr\\\/diffuser\\\/esprit-44\\\/#breadcrumb\",\"itemListElement\":[{\"@type\":\"ListItem\",\"position\":1,\"name\":\"Accueil\",\"item\":\"https:\\\/\\\/ihedn.fr\\\/\"},{\"@type\":\"ListItem\",\"position\":2,\"name\":\"diffuser\",\"item\":\"https:\\\/\\\/ihedn.fr\\\/diffuser\\\/\"},{\"@type\":\"ListItem\",\"position\":3,\"name\":\"ESPRIT 44\"}]},{\"@type\":\"WebSite\",\"@id\":\"https:\\\/\\\/ihedn.fr\\\/#website\",\"url\":\"https:\\\/\\\/ihedn.fr\\\/\",\"name\":\"IHEDN : Institut des hautes \u00e9tudes de d\u00e9fense nationale |\",\"description\":\"Site officiel de l&#039;IHEDN plac\u00e9 sous la tutelle du Premier ministre.\",\"publisher\":{\"@id\":\"https:\\\/\\\/ihedn.fr\\\/#organization\"},\"potentialAction\":[{\"@type\":\"SearchAction\",\"target\":{\"@type\":\"EntryPoint\",\"urlTemplate\":\"https:\\\/\\\/ihedn.fr\\\/?s={search_term_string}\"},\"query-input\":{\"@type\":\"PropertyValueSpecification\",\"valueRequired\":true,\"valueName\":\"search_term_string\"}}],\"inLanguage\":\"en-GB\"},{\"@type\":\"Organization\",\"@id\":\"https:\\\/\\\/ihedn.fr\\\/#organization\",\"name\":\"IHEDN - Institut des Hautes Etudes de D\u00e9fense Nationale\",\"url\":\"https:\\\/\\\/ihedn.fr\\\/\",\"logo\":{\"@type\":\"ImageObject\",\"inLanguage\":\"en-GB\",\"@id\":\"https:\\\/\\\/ihedn.fr\\\/#\\\/schema\\\/logo\\\/image\\\/\",\"url\":\"https:\\\/\\\/ihedn.fr\\\/wp-content\\\/uploads\\\/2020\\\/11\\\/BLOC_RF_IHEDN_WEB.png\",\"contentUrl\":\"https:\\\/\\\/ihedn.fr\\\/wp-content\\\/uploads\\\/2020\\\/11\\\/BLOC_RF_IHEDN_WEB.png\",\"width\":500,\"height\":237,\"caption\":\"IHEDN - Institut des Hautes Etudes de D\u00e9fense Nationale\"},\"image\":{\"@id\":\"https:\\\/\\\/ihedn.fr\\\/#\\\/schema\\\/logo\\\/image\\\/\"},\"sameAs\":[\"https:\\\/\\\/www.facebook.com\\\/ihedn\\\/\",\"https:\\\/\\\/x.com\\\/IHEDN\",\"https:\\\/\\\/www.instagram.com\\\/ihedn\\\/\",\"https:\\\/\\\/www.linkedin.com\\\/school\\\/ihedn\\\/\",\"https:\\\/\\\/fr.wikipedia.org\\\/wiki\\\/Institut_des_hautes_\u00e9tudes_de_D\u00e9fense_nationale\"]}]}<\/script>\n<!-- \/ Yoast SEO plugin. -->","yoast_head_json":{"title":"ESPRIT 44 - IHEDN: Institute for Advanced National Defence Studies","description":"Throughout the summer of 2024, in partnership with the Charles-de-Gaulle Foundation, the IHEDN explored various events that took place 80 years ago and were crucial to the return of the Republic, the country's sovereignty and its national cohesion.","robots":{"index":"index","follow":"follow","max-snippet":"max-snippet:-1","max-image-preview":"max-image-preview:large","max-video-preview":"max-video-preview:-1"},"canonical":"https:\/\/ihedn.fr\/en\/diffuser\/esprit-44\/","og_locale":"en_GB","og_type":"article","og_title":"ESPRIT 44 - L&#039;IHEDN : Institut des hautes \u00e9tudes de d\u00e9fense nationale","og_description":"En partenariat avec la Fondation Charles-de-Gaulle, l\u2019IHEDN a explor\u00e9 tout au long de l\u2019\u00e9t\u00e9 2024 diff\u00e9rents \u00e9v\u00e9nements survenus 80 ans auparavant, cruciaux \u00e0 la fois pour le retour de la R\u00e9publique, la souverainet\u00e9 du pays et sa coh\u00e9sion nationale.","og_url":"https:\/\/ihedn.fr\/en\/diffuser\/esprit-44\/","og_site_name":"L&#039;IHEDN : Institut des hautes \u00e9tudes de d\u00e9fense nationale","article_publisher":"https:\/\/www.facebook.com\/ihedn\/","article_modified_time":"2024-10-08T13:38:53+00:00","og_image":[{"url":"https:\/\/ihedn.fr\/wp-content\/uploads\/2024\/05\/esprit-44.jpg","type":"","width":"","height":""}],"twitter_card":"summary_large_image","twitter_title":"ESPRIT 44 - L&#039;IHEDN : Institut des hautes \u00e9tudes de d\u00e9fense nationale","twitter_description":"En partenariat avec la Fondation Charles-de-Gaulle, l\u2019IHEDN a explor\u00e9 tout au long de l\u2019\u00e9t\u00e9 2024 diff\u00e9rents \u00e9v\u00e9nements survenus 80 ans auparavant, cruciaux \u00e0 la fois pour le retour de la R\u00e9publique, la souverainet\u00e9 du pays et sa coh\u00e9sion nationale.","twitter_site":"@IHEDN","twitter_misc":{"Estimated reading time":"5 minutes"},"schema":{"@context":"https:\/\/schema.org","@graph":[{"@type":"WebPage","@id":"https:\/\/ihedn.fr\/diffuser\/esprit-44\/","url":"https:\/\/ihedn.fr\/diffuser\/esprit-44\/","name":"ESPRIT 44 - IHEDN: Institute for Advanced National Defence Studies","isPartOf":{"@id":"https:\/\/ihedn.fr\/#website"},"primaryImageOfPage":{"@id":"https:\/\/ihedn.fr\/diffuser\/esprit-44\/#primaryimage"},"image":{"@id":"https:\/\/ihedn.fr\/diffuser\/esprit-44\/#primaryimage"},"thumbnailUrl":"https:\/\/ihedn.fr\/wp-content\/uploads\/2024\/05\/esprit-44.jpg","datePublished":"2024-09-04T08:32:00+00:00","dateModified":"2024-10-08T13:38:53+00:00","description":"Throughout the summer of 2024, in partnership with the Charles-de-Gaulle Foundation, the IHEDN explored various events that took place 80 years ago and were crucial to the return of the Republic, the country's sovereignty and its national cohesion.","breadcrumb":{"@id":"https:\/\/ihedn.fr\/diffuser\/esprit-44\/#breadcrumb"},"inLanguage":"en-GB","potentialAction":[{"@type":"ReadAction","target":["https:\/\/ihedn.fr\/diffuser\/esprit-44\/"]}]},{"@type":"ImageObject","inLanguage":"en-GB","@id":"https:\/\/ihedn.fr\/diffuser\/esprit-44\/#primaryimage","url":"https:\/\/ihedn.fr\/wp-content\/uploads\/2024\/05\/esprit-44.jpg","contentUrl":"https:\/\/ihedn.fr\/wp-content\/uploads\/2024\/05\/esprit-44.jpg"},{"@type":"BreadcrumbList","@id":"https:\/\/ihedn.fr\/diffuser\/esprit-44\/#breadcrumb","itemListElement":[{"@type":"ListItem","position":1,"name":"Accueil","item":"https:\/\/ihedn.fr\/"},{"@type":"ListItem","position":2,"name":"diffuser","item":"https:\/\/ihedn.fr\/diffuser\/"},{"@type":"ListItem","position":3,"name":"ESPRIT 44"}]},{"@type":"WebSite","@id":"https:\/\/ihedn.fr\/#website","url":"https:\/\/ihedn.fr\/","name":"IHEDN: Institut des hautes \u00e9tudes de d\u00e9fense nationale (Institute for Higher National Defence Studies)","description":"Official website of the IHEDN under the supervision of the Prime Minister.","publisher":{"@id":"https:\/\/ihedn.fr\/#organization"},"potentialAction":[{"@type":"SearchAction","target":{"@type":"EntryPoint","urlTemplate":"https:\/\/ihedn.fr\/?s={search_term_string}"},"query-input":{"@type":"PropertyValueSpecification","valueRequired":true,"valueName":"search_term_string"}}],"inLanguage":"en-GB"},{"@type":"Organization","@id":"https:\/\/ihedn.fr\/#organization","name":"IHEDN - Institute for Higher National Defence Studies","url":"https:\/\/ihedn.fr\/","logo":{"@type":"ImageObject","inLanguage":"en-GB","@id":"https:\/\/ihedn.fr\/#\/schema\/logo\/image\/","url":"https:\/\/ihedn.fr\/wp-content\/uploads\/2020\/11\/BLOC_RF_IHEDN_WEB.png","contentUrl":"https:\/\/ihedn.fr\/wp-content\/uploads\/2020\/11\/BLOC_RF_IHEDN_WEB.png","width":500,"height":237,"caption":"IHEDN - Institut des Hautes Etudes de D\u00e9fense Nationale"},"image":{"@id":"https:\/\/ihedn.fr\/#\/schema\/logo\/image\/"},"sameAs":["https:\/\/www.facebook.com\/ihedn\/","https:\/\/x.com\/IHEDN","https:\/\/www.instagram.com\/ihedn\/","https:\/\/www.linkedin.com\/school\/ihedn\/","https:\/\/fr.wikipedia.org\/wiki\/Institut_des_hautes_\u00e9tudes_de_D\u00e9fense_nationale"]}]}},"publishpress_future_action":{"enabled":false,"date":"2026-05-07 19:59:41","action":"change-status","newStatus":"draft","terms":[],"taxonomy":"","extraData":[]},"publishpress_future_workflow_manual_trigger":{"enabledWorkflows":[]},"_links":{"self":[{"href":"https:\/\/ihedn.fr\/en\/wp-json\/wp\/v2\/pages\/49901","targetHints":{"allow":["GET"]}}],"collection":[{"href":"https:\/\/ihedn.fr\/en\/wp-json\/wp\/v2\/pages"}],"about":[{"href":"https:\/\/ihedn.fr\/en\/wp-json\/wp\/v2\/types\/page"}],"author":[{"embeddable":true,"href":"https:\/\/ihedn.fr\/en\/wp-json\/wp\/v2\/users\/10"}],"replies":[{"embeddable":true,"href":"https:\/\/ihedn.fr\/en\/wp-json\/wp\/v2\/comments?post=49901"}],"version-history":[{"count":25,"href":"https:\/\/ihedn.fr\/en\/wp-json\/wp\/v2\/pages\/49901\/revisions"}],"predecessor-version":[{"id":50816,"href":"https:\/\/ihedn.fr\/en\/wp-json\/wp\/v2\/pages\/49901\/revisions\/50816"}],"up":[{"embeddable":true,"href":"https:\/\/ihedn.fr\/en\/wp-json\/wp\/v2\/pages\/50806"}],"wp:attachment":[{"href":"https:\/\/ihedn.fr\/en\/wp-json\/wp\/v2\/media?parent=49901"}],"curies":[{"name":"wp","href":"https:\/\/api.w.org\/{rel}","templated":true}]}}