{"id":50279,"date":"2024-09-25T10:28:47","date_gmt":"2024-09-25T09:28:47","guid":{"rendered":"https:\/\/ihedn.fr\/?page_id=50279"},"modified":"2026-03-27T08:50:13","modified_gmt":"2026-03-27T07:50:13","slug":"cycles-ihedn-jeunes","status":"publish","type":"page","link":"https:\/\/ihedn.fr\/en\/se-former\/cycles-ihedn-jeunes\/","title":{"rendered":"IHEDN Youth Cycles"},"content":{"rendered":"\t\t<div data-elementor-type=\"wp-page\" data-elementor-id=\"50279\" class=\"elementor elementor-50279\" data-elementor-post-type=\"page\">\n\t\t\t\t<div data-particle_enable=\"false\" data-particle-mobile-disabled=\"false\" class=\"elementor-element elementor-element-ff6144c e-flex e-con-boxed e-con e-parent\" data-id=\"ff6144c\" data-element_type=\"container\" data-e-type=\"container\">\n\t\t\t\t\t<div class=\"e-con-inner\">\n\t\t\t\t<div class=\"elementor-element elementor-element-7f1268c elementor-widget elementor-widget-breadcrumbs\" data-id=\"7f1268c\" data-element_type=\"widget\" data-e-type=\"widget\" data-widget_type=\"breadcrumbs.default\">\n\t\t\t\t<div class=\"elementor-widget-container\">\n\t\t\t\t\t<div id=\"breadcrumbs\"><span><span><a href=\"https:\/\/ihedn.fr\/\">Accueil<\/a><\/span><\/span><\/div>\t\t\t\t<\/div>\n\t\t\t\t<\/div>\n\t\t\t\t\t<\/div>\n\t\t\t\t<\/div>\n\t\t<div data-particle_enable=\"false\" data-particle-mobile-disabled=\"false\" class=\"elementor-element elementor-element-83233b7 e-con-full e-flex e-con e-child\" data-id=\"83233b7\" data-element_type=\"container\" data-e-type=\"container\">\n\t\t\t\t<div class=\"elementor-element elementor-element-8e9d326 elementor-widget__width-inherit elementor-widget-tablet__width-initial elementor-widget elementor-widget-heading\" data-id=\"8e9d326\" data-element_type=\"widget\" data-e-type=\"widget\" data-widget_type=\"heading.default\">\n\t\t\t\t<div class=\"elementor-widget-container\">\n\t\t\t\t\t<h1 class=\"elementor-heading-title elementor-size-default\">Les cycles ihedn-jeunes<\/h1>\t\t\t\t<\/div>\n\t\t\t\t<\/div>\n\t\t\t\t<div class=\"elementor-element elementor-element-4e185c8 elementor-widget-divider--view-line elementor-invisible elementor-widget elementor-widget-divider\" data-id=\"4e185c8\" data-element_type=\"widget\" data-e-type=\"widget\" data-settings=\"{&quot;_animation&quot;:&quot;fadeInUp&quot;,&quot;_animation_delay&quot;:100}\" data-widget_type=\"divider.default\">\n\t\t\t\t<div class=\"elementor-widget-container\">\n\t\t\t\t\t\t\t<div class=\"elementor-divider\">\n\t\t\t<span class=\"elementor-divider-separator\">\n\t\t\t\t\t\t<\/span>\n\t\t<\/div>\n\t\t\t\t\t\t<\/div>\n\t\t\t\t<\/div>\n\t\t\t\t<\/div>\n\t\t<div data-particle_enable=\"false\" data-particle-mobile-disabled=\"false\" class=\"elementor-element elementor-element-f9e8af3 e-flex e-con-boxed e-con e-parent\" data-id=\"f9e8af3\" data-element_type=\"container\" data-e-type=\"container\">\n\t\t\t\t\t<div class=\"e-con-inner\">\n\t\t\t\t<div class=\"elementor-element elementor-element-bc8304d elementor-widget elementor-widget-text-editor\" data-id=\"bc8304d\" data-element_type=\"widget\" data-e-type=\"widget\" data-widget_type=\"text-editor.default\">\n\t\t\t\t<div class=\"elementor-widget-container\">\n\t\t\t\t\t\t\t\t\t<p style=\"text-align: left;\"><span style=\"color: #000091;\"><b>Une semaine au c\u0153ur de la d\u00e9fense nationale<\/b><\/span><\/p>\t\t\t\t\t\t\t\t<\/div>\n\t\t\t\t<\/div>\n\t\t\t\t<div class=\"elementor-element elementor-element-0be8295 elementor-widget elementor-widget-text-editor\" data-id=\"0be8295\" data-element_type=\"widget\" data-e-type=\"widget\" data-widget_type=\"text-editor.default\">\n\t\t\t\t<div class=\"elementor-widget-container\">\n\t\t\t\t\t\t\t\t\t<p style=\"text-align: left;\">L\u2019Institut des hautes \u00e9tudes de d\u00e9fense nationale est une institution de formation, de r\u00e9flexion et de d\u00e9bats de haut niveau sur les questions de d\u00e9fense militaire, de d\u00e9fense nationale, de s\u00e9curit\u00e9 nationale et de s\u00e9curit\u00e9 internationale, ouverte sur le monde et ancr\u00e9e dans l\u2019espace europ\u00e9en.<\/p><p style=\"text-align: left;\">Afin de contribuer au d\u00e9veloppement de l\u2019esprit de d\u00e9fense chez les \u00e9tudiants et jeunes actifs, acteurs de la soci\u00e9t\u00e9 demain et d\u00e8s aujourd\u2019hui, il organise au rythme de six \u00e0 huit fois par an, des cycles Jeunes, dont un en outre-mer, afin de faciliter la rencontre d\u2019auditeurs issus de secteurs d\u2019activit\u00e9s tr\u00e8s vari\u00e9s, militaires et civils, des secteurs public et priv\u00e9, port\u00e9s par une volont\u00e9 partag\u00e9e de se comprendre pour agir ensemble.<\/p><p style=\"text-align: left;\">La formation propos\u00e9e vise \u00e0 sensibiliser aux enjeux strat\u00e9giques, tout en d\u00e9couvrant les outils et structures de d\u00e9fense existants. Accessible \u00e0 tous, elle se veut didactique autant qu\u2019exigeante dans l\u2019investissement attendu, et constitue une excellente entr\u00e9e en mati\u00e8re dans les cercles de la d\u00e9fense nationale. Elle permet la rencontre, le croisement des points de vue et le d\u00e9cloisonnement des savoirs entre les auditeurs.<\/p>\t\t\t\t\t\t\t\t<\/div>\n\t\t\t\t<\/div>\n\t\t\t\t<div class=\"elementor-element elementor-element-cc95d50 elementor-position-inline-end elementor-view-default elementor-mobile-position-block-start elementor-widget elementor-widget-icon-box\" data-id=\"cc95d50\" data-element_type=\"widget\" data-e-type=\"widget\" data-widget_type=\"icon-box.default\">\n\t\t\t\t<div class=\"elementor-widget-container\">\n\t\t\t\t\t\t\t<div class=\"elementor-icon-box-wrapper\">\n\n\t\t\t\t\t\t<div class=\"elementor-icon-box-icon\">\n\t\t\t\t<a href=\"https:\/\/ihedn.fr\/wp-content\/uploads\/2026\/03\/cycle-jeunes-IHEDN-2026.pdf\" target=\"_blank\" class=\"elementor-icon\" tabindex=\"-1\" aria-label=\"T\u00e9l\u00e9charger la brochure\">\n\t\t\t\t<svg aria-hidden=\"true\" class=\"e-font-icon-svg e-fas-file-download\" viewBox=\"0 0 384 512\" xmlns=\"http:\/\/www.w3.org\/2000\/svg\"><path d=\"M224 136V0H24C10.7 0 0 10.7 0 24v464c0 13.3 10.7 24 24 24h336c13.3 0 24-10.7 24-24V160H248c-13.2 0-24-10.8-24-24zm76.45 211.36l-96.42 95.7c-6.65 6.61-17.39 6.61-24.04 0l-96.42-95.7C73.42 337.29 80.54 320 94.82 320H160v-80c0-8.84 7.16-16 16-16h32c8.84 0 16 7.16 16 16v80h65.18c14.28 0 21.4 17.29 11.27 27.36zM377 105L279.1 7c-4.5-4.5-10.6-7-17-7H256v128h128v-6.1c0-6.3-2.5-12.4-7-16.9z\"><\/path><\/svg>\t\t\t\t<\/a>\n\t\t\t<\/div>\n\t\t\t\n\t\t\t\t\t\t<div class=\"elementor-icon-box-content\">\n\n\t\t\t\t\t\t\t\t\t<h3 class=\"elementor-icon-box-title\">\n\t\t\t\t\t\t<a href=\"https:\/\/ihedn.fr\/wp-content\/uploads\/2026\/03\/cycle-jeunes-IHEDN-2026.pdf\" target=\"_blank\" >\n\t\t\t\t\t\t\tT\u00e9l\u00e9charger la brochure\t\t\t\t\t\t<\/a>\n\t\t\t\t\t<\/h3>\n\t\t\t\t\n\t\t\t\t\n\t\t\t<\/div>\n\t\t\t\n\t\t<\/div>\n\t\t\t\t\t\t<\/div>\n\t\t\t\t<\/div>\n\t\t\t\t\t<\/div>\n\t\t\t\t<\/div>\n\t\t<div data-particle_enable=\"false\" data-particle-mobile-disabled=\"false\" class=\"elementor-element elementor-element-4e1689e e-con-full e-flex e-con e-child\" data-id=\"4e1689e\" data-element_type=\"container\" data-e-type=\"container\">\n\t\t\t\t<div class=\"elementor-element elementor-element-2a6f382 elementor-widget elementor-widget-menu-anchor\" data-id=\"2a6f382\" data-element_type=\"widget\" data-e-type=\"widget\" data-widget_type=\"menu-anchor.default\">\n\t\t\t\t<div class=\"elementor-widget-container\">\n\t\t\t\t\t\t\t<div class=\"elementor-menu-anchor\" id=\"objectifs\"><\/div>\n\t\t\t\t\t\t<\/div>\n\t\t\t\t<\/div>\n\t\t<div data-particle_enable=\"false\" data-particle-mobile-disabled=\"false\" class=\"elementor-element elementor-element-eeef0fc e-con-full e-flex e-con e-child\" data-id=\"eeef0fc\" data-element_type=\"container\" data-e-type=\"container\">\n\t\t\t\t<div class=\"elementor-element elementor-element-b1a063d elementor-widget elementor-widget-heading\" data-id=\"b1a063d\" data-element_type=\"widget\" data-e-type=\"widget\" data-widget_type=\"heading.default\">\n\t\t\t\t<div class=\"elementor-widget-container\">\n\t\t\t\t\t<h2 class=\"elementor-heading-title elementor-size-default\">Objectifs et int\u00e9r\u00eats<\/h2>\t\t\t\t<\/div>\n\t\t\t\t<\/div>\n\t\t\t\t<div class=\"elementor-element elementor-element-27930f7 elementor-widget-divider--view-line elementor-widget elementor-widget-divider\" data-id=\"27930f7\" data-element_type=\"widget\" data-e-type=\"widget\" data-widget_type=\"divider.default\">\n\t\t\t\t<div class=\"elementor-widget-container\">\n\t\t\t\t\t\t\t<div class=\"elementor-divider\">\n\t\t\t<span class=\"elementor-divider-separator\">\n\t\t\t\t\t\t<\/span>\n\t\t<\/div>\n\t\t\t\t\t\t<\/div>\n\t\t\t\t<\/div>\n\t\t\t\t<\/div>\n\t\t<div data-particle_enable=\"false\" data-particle-mobile-disabled=\"false\" class=\"elementor-element elementor-element-7520944 e-con-full e-flex e-con e-child\" data-id=\"7520944\" data-element_type=\"container\" data-e-type=\"container\">\n\t\t\t\t<div class=\"elementor-element elementor-element-263813f elementor-widget elementor-widget-text-editor\" data-id=\"263813f\" data-element_type=\"widget\" data-e-type=\"widget\" data-widget_type=\"text-editor.default\">\n\t\t\t\t<div class=\"elementor-widget-container\">\n\t\t\t\t\t\t\t\t\t<p style=\"text-align: left;\"><span style=\"color: #e1000f;\"><strong>Objectifs des cycles<\/strong><\/span><\/p><p style=\"text-align: left;\">Anim\u00e9es par des responsables de haut niveau issus du milieu militaire, du monde acad\u00e9mique et de la soci\u00e9t\u00e9 civile, les conf\u00e9rences \u2013 compl\u00e9t\u00e9es par les visites et les travaux de comit\u00e9 \u2013 permettent aux participants de :<\/p><ul><li style=\"text-align: left;\"><b>comprendre<\/b> la complexit\u00e9 de questions \u00e0 forte dimension interminist\u00e9rielle, europ\u00e9enne et internationale ;<\/li><li style=\"text-align: left;\"><b>identifier<\/b> les principaux acteurs et enjeux dans ce domaine, qu\u2019ils soient fran\u00e7ais, europ\u00e9ens ou internationaux ;<\/li><li style=\"text-align: left;\"><b>r\u00e9fl\u00e9chir<\/b> collectivement \u00e0 des perspectives strat\u00e9giques sur un th\u00e8me donn\u00e9, relevant de l\u2019actualit\u00e9 internationale ;<\/li><li style=\"text-align: left;\"><b>d\u00e9couvrir<\/b> l\u2019outil de d\u00e9fense et son environnement technologique et industriel ;<\/li><li style=\"text-align: left;\"><b>forger<\/b> une culture de d\u00e9fense commune et pr\u00e9parer les participants \u00e0 travailler ensemble au renforcement de la coh\u00e9sion nationale.<\/li><\/ul>\t\t\t\t\t\t\t\t<\/div>\n\t\t\t\t<\/div>\n\t\t\t\t<div class=\"elementor-element elementor-element-0801607 elementor-widget elementor-widget-text-editor\" data-id=\"0801607\" data-element_type=\"widget\" data-e-type=\"widget\" data-widget_type=\"text-editor.default\">\n\t\t\t\t<div class=\"elementor-widget-container\">\n\t\t\t\t\t\t\t\t\t<p style=\"text-align: left;\"><span style=\"color: #e1000f;\"><b>Apports des cycles<\/b><\/span><\/p><p style=\"text-align: left;\">Quel que soit son niveau de connaissance de d\u00e9part, l\u2019auditeur <b>d\u00e9veloppe ses connaissances <\/b>des enjeux de d\u00e9fense et du positionnement de la France. Recueillant des donn\u00e9es et des analyses, au contact de profils recrut\u00e9s pour leur diversit\u00e9, il apprend \u00e0 <b>forger et argumenter un avis<\/b> pertinent sur les questions strat\u00e9giques et soci\u00e9tales de demain, dans un monde qu\u2019il contribuera \u00e0 faire \u00e9voluer en <b>anticipant les \u00e9volutions <\/b>en mati\u00e8re de d\u00e9fense et s\u00e9curit\u00e9. Enfin, il <b>construit<\/b> <b>des propositions op\u00e9rationnelles dans une d\u00e9marche collective<\/b> pour r\u00e9pondre aux enjeux \u00e0 venir.<\/p>\t\t\t\t\t\t\t\t<\/div>\n\t\t\t\t<\/div>\n\t\t\t\t<\/div>\n\t\t\t\t<\/div>\n\t\t<div data-particle_enable=\"false\" data-particle-mobile-disabled=\"false\" class=\"elementor-element elementor-element-57b96f9 e-con-full e-flex e-con e-child\" data-id=\"57b96f9\" data-element_type=\"container\" data-e-type=\"container\">\n\t\t\t\t<div class=\"elementor-element elementor-element-03c2925 elementor-widget elementor-widget-menu-anchor\" data-id=\"03c2925\" data-element_type=\"widget\" data-e-type=\"widget\" data-widget_type=\"menu-anchor.default\">\n\t\t\t\t<div class=\"elementor-widget-container\">\n\t\t\t\t\t\t\t<div class=\"elementor-menu-anchor\" id=\"organisation\"><\/div>\n\t\t\t\t\t\t<\/div>\n\t\t\t\t<\/div>\n\t\t<div data-particle_enable=\"false\" data-particle-mobile-disabled=\"false\" class=\"elementor-element elementor-element-67221c6 e-con-full e-flex e-con e-child\" data-id=\"67221c6\" data-element_type=\"container\" data-e-type=\"container\">\n\t\t\t\t<div class=\"elementor-element elementor-element-d55a2b6 elementor-widget elementor-widget-heading\" data-id=\"d55a2b6\" data-element_type=\"widget\" data-e-type=\"widget\" data-widget_type=\"heading.default\">\n\t\t\t\t<div class=\"elementor-widget-container\">\n\t\t\t\t\t<h2 class=\"elementor-heading-title elementor-size-default\">Organisation<\/h2>\t\t\t\t<\/div>\n\t\t\t\t<\/div>\n\t\t\t\t<div class=\"elementor-element elementor-element-c352f4e elementor-widget-divider--view-line elementor-widget elementor-widget-divider\" data-id=\"c352f4e\" data-element_type=\"widget\" data-e-type=\"widget\" data-widget_type=\"divider.default\">\n\t\t\t\t<div class=\"elementor-widget-container\">\n\t\t\t\t\t\t\t<div class=\"elementor-divider\">\n\t\t\t<span class=\"elementor-divider-separator\">\n\t\t\t\t\t\t<\/span>\n\t\t<\/div>\n\t\t\t\t\t\t<\/div>\n\t\t\t\t<\/div>\n\t\t\t\t<\/div>\n\t\t<div data-particle_enable=\"false\" data-particle-mobile-disabled=\"false\" class=\"elementor-element elementor-element-598c6a9 e-con-full e-flex e-con e-child\" data-id=\"598c6a9\" data-element_type=\"container\" data-e-type=\"container\">\n\t\t\t\t<div class=\"elementor-element elementor-element-0165605 elementor-widget elementor-widget-text-editor\" data-id=\"0165605\" data-element_type=\"widget\" data-e-type=\"widget\" data-widget_type=\"text-editor.default\">\n\t\t\t\t<div class=\"elementor-widget-container\">\n\t\t\t\t\t\t\t\t\t<p style=\"text-align: left;\">Les cycles Jeunes durent une semaine, du lundi matin au vendredi soir, avec un rythme dense d\u2019activit\u00e9s.\u00a0<\/p><p style=\"text-align: left;\">Ceci repr\u00e9sente au total 5 jours de formation, soit 35 heures. La r\u00e9alisation des travaux de comit\u00e9 peut exc\u00e9der ce volume horaire.<\/p><p style=\"text-align: left;\">La programmation annuelle pr\u00e9voit de six \u00e0 huit cycles ouverts au public, dont en g\u00e9n\u00e9ral un en outre-mer et un en r\u00e9gion parisienne.<\/p><p style=\"text-align: left;\">Pour se porter au plus pr\u00e8s des auditeurs potentiels, les cycles Jeunes se d\u00e9placent en r\u00e9gion. Chaque r\u00e9gion fait l\u2019objet d\u2019un cycle Jeunes tous les deux ans environ.<\/p><p>Les cycles Jeunes (\u00e0 l\u2019exception des cycles r\u00e9alis\u00e9s \u00e0 l\u2019\u00c9cole militaire ou en coop\u00e9ration avec les Associations R\u00e9gionales) sont plac\u00e9s sous le r\u00e9gime de l\u2019internat en pension compl\u00e8te, pour en faciliter l\u2019acc\u00e8s aux auditeurs.<\/p><p><strong>Les cycles r\u00e9alis\u00e9s \u00e0 l\u2019\u00c9cole militaire <\/strong><strong>ou en coop\u00e9ration avec les Associations R\u00e9gionales des anciens auditeurs de l\u2019IHEDN sont plac\u00e9s sous le r\u00e9gime de l\u2019externat.<\/strong><\/p><p style=\"text-align: left;\">Si les dossiers des ressortissants r\u00e9gionaux sont privil\u00e9gi\u00e9s, chaque cycle est ouvert \u00e0 l\u2019ensemble des candidats validant les conditions de candidature, quelle que soit leur r\u00e9gion de r\u00e9sidence.<\/p>\t\t\t\t\t\t\t\t<\/div>\n\t\t\t\t<\/div>\n\t\t\t\t<\/div>\n\t\t\t\t<\/div>\n\t\t<div data-particle_enable=\"false\" data-particle-mobile-disabled=\"false\" class=\"elementor-element elementor-element-0e096a2 e-con-full e-flex e-con e-child\" data-id=\"0e096a2\" data-element_type=\"container\" data-e-type=\"container\">\n\t\t\t\t<div class=\"elementor-element elementor-element-a2f7216 elementor-widget elementor-widget-menu-anchor\" data-id=\"a2f7216\" data-element_type=\"widget\" data-e-type=\"widget\" data-widget_type=\"menu-anchor.default\">\n\t\t\t\t<div class=\"elementor-widget-container\">\n\t\t\t\t\t\t\t<div class=\"elementor-menu-anchor\" id=\"format\"><\/div>\n\t\t\t\t\t\t<\/div>\n\t\t\t\t<\/div>\n\t\t<div data-particle_enable=\"false\" data-particle-mobile-disabled=\"false\" class=\"elementor-element elementor-element-671ffb9 e-con-full e-flex e-con e-child\" data-id=\"671ffb9\" data-element_type=\"container\" data-e-type=\"container\">\n\t\t\t\t<div class=\"elementor-element elementor-element-db80c43 elementor-widget elementor-widget-heading\" data-id=\"db80c43\" data-element_type=\"widget\" data-e-type=\"widget\" data-widget_type=\"heading.default\">\n\t\t\t\t<div class=\"elementor-widget-container\">\n\t\t\t\t\t<h2 class=\"elementor-heading-title elementor-size-default\">format p\u00e9dagogique<\/h2>\t\t\t\t<\/div>\n\t\t\t\t<\/div>\n\t\t\t\t<div class=\"elementor-element elementor-element-093d976 elementor-widget-divider--view-line elementor-widget elementor-widget-divider\" data-id=\"093d976\" data-element_type=\"widget\" data-e-type=\"widget\" data-widget_type=\"divider.default\">\n\t\t\t\t<div class=\"elementor-widget-container\">\n\t\t\t\t\t\t\t<div class=\"elementor-divider\">\n\t\t\t<span class=\"elementor-divider-separator\">\n\t\t\t\t\t\t<\/span>\n\t\t<\/div>\n\t\t\t\t\t\t<\/div>\n\t\t\t\t<\/div>\n\t\t\t\t<\/div>\n\t\t<div data-particle_enable=\"false\" data-particle-mobile-disabled=\"false\" class=\"elementor-element elementor-element-815ec0a e-con-full e-flex e-con e-child\" data-id=\"815ec0a\" data-element_type=\"container\" data-e-type=\"container\">\n\t\t\t\t<div class=\"elementor-element elementor-element-b2d580a elementor-widget elementor-widget-text-editor\" data-id=\"b2d580a\" data-element_type=\"widget\" data-e-type=\"widget\" data-widget_type=\"text-editor.default\">\n\t\t\t\t<div class=\"elementor-widget-container\">\n\t\t\t\t\t\t\t\t\t<p style=\"text-align: center;\"><strong><span style=\"color: #e1000f;\"><i>\u00ab\u00a0comprendre pour agir, se comprendre pour agir ensemble\u00a0\u00bb<\/i><\/span><\/strong><\/p>\t\t\t\t\t\t\t\t<\/div>\n\t\t\t\t<\/div>\n\t\t\t\t<div class=\"elementor-element elementor-element-660b77c elementor-widget elementor-widget-text-editor\" data-id=\"660b77c\" data-element_type=\"widget\" data-e-type=\"widget\" data-widget_type=\"text-editor.default\">\n\t\t\t\t<div class=\"elementor-widget-container\">\n\t\t\t\t\t\t\t\t\t<p style=\"text-align: left;\"><span style=\"color: #000091;\"><b>Le triptyque p\u00e9dagogique :<\/b><\/span><\/p><p style=\"text-align: left;\">La p\u00e9dagogie des cycles Jeunes repose sur un <b>triptyque <\/b>\u00e9prouv\u00e9 assurant l\u2019articulation du th\u00e9orique et du pratique, dans le respect de la <b>r\u00e8gle de confidentialit\u00e9 de Chatham House <\/b>:<\/p><ul style=\"text-align: left;\"><li><b>Des conf\u00e9rences-d\u00e9bats\u00a0<\/b>fournissant des \u00e9l\u00e9ments d\u2019analyse, de discussion et de compr\u00e9hension des sujets abord\u00e9s ;<\/li><li><b>Des travaux de comit\u00e9s<\/b>, ayant pour objet de d\u00e9velopper une r\u00e9flexion coll\u00e9giale autour d\u2019un sujet d\u2019actualit\u00e9 ou de prospective ;<\/li><li><b>Des visites de terrain<\/b>, industrielle, technologique et\/ou militaire, \u00e0 haute valeur ajout\u00e9e au regard des enjeux de d\u00e9fense et de s\u00e9curit\u00e9, permettant d\u2019adosser la r\u00e9flexion \u00e0 des exp\u00e9riences concr\u00e8tes et des rencontres humaines.<\/li><\/ul><p style=\"text-align: left;\">Chaque cycle comprend environ neuf conf\u00e9rences et une \u00e0 deux visites. La programmation du cycle est soumise \u00e0 la disponibilit\u00e9 des intervenants et des sites de visite. Elle est communiqu\u00e9e apr\u00e8s les r\u00e9sultats de s\u00e9lection et est susceptible d\u2019\u00e9voluer.<\/p>\t\t\t\t\t\t\t\t<\/div>\n\t\t\t\t<\/div>\n\t\t\t\t<div class=\"elementor-element elementor-element-e84e678 elementor-widget elementor-widget-text-editor\" data-id=\"e84e678\" data-element_type=\"widget\" data-e-type=\"widget\" data-widget_type=\"text-editor.default\">\n\t\t\t\t<div class=\"elementor-widget-container\">\n\t\t\t\t\t\t\t\t\t<p style=\"text-align: left;\"><span style=\"color: #000091;\"><b>Les 4 modules des cycles jeunes :<\/b><\/span><\/p><p style=\"text-align: left;\">Les activit\u00e9s sont articul\u00e9es en modules permettant une compr\u00e9hension globale des enjeux de d\u00e9fense et de s\u00e9curit\u00e9.<\/p><ul><li style=\"text-align: left;\"><b>Module 1 :<\/b> Enjeux strat\u00e9giques<\/li><li style=\"text-align: left;\"><b>Module 2 :<\/b> Connaissance de l\u2019outil de d\u00e9fense et des arm\u00e9es<\/li><li style=\"text-align: left;\"><b>Module 3 :<\/b> Coop\u00e9rations et conflits internationaux<\/li><li style=\"text-align: left;\"><b>Module transverse <\/b>: Travaux de comit\u00e9<\/li><\/ul>\t\t\t\t\t\t\t\t<\/div>\n\t\t\t\t<\/div>\n\t\t\t\t<\/div>\n\t\t\t\t<\/div>\n\t\t<div data-particle_enable=\"false\" data-particle-mobile-disabled=\"false\" class=\"elementor-element elementor-element-bba639b e-con-full e-flex e-con e-child\" data-id=\"bba639b\" data-element_type=\"container\" data-e-type=\"container\">\n\t\t\t\t<div class=\"elementor-element elementor-element-7dae51a elementor-widget elementor-widget-menu-anchor\" data-id=\"7dae51a\" data-element_type=\"widget\" data-e-type=\"widget\" data-widget_type=\"menu-anchor.default\">\n\t\t\t\t<div class=\"elementor-widget-container\">\n\t\t\t\t\t\t\t<div class=\"elementor-menu-anchor\" id=\"auditeur\"><\/div>\n\t\t\t\t\t\t<\/div>\n\t\t\t\t<\/div>\n\t\t<div data-particle_enable=\"false\" data-particle-mobile-disabled=\"false\" class=\"elementor-element elementor-element-f9e7567 e-con-full e-flex e-con e-child\" data-id=\"f9e7567\" data-element_type=\"container\" data-e-type=\"container\">\n\t\t\t\t<div class=\"elementor-element elementor-element-1f90e53 elementor-widget elementor-widget-heading\" data-id=\"1f90e53\" data-element_type=\"widget\" data-e-type=\"widget\" data-widget_type=\"heading.default\">\n\t\t\t\t<div class=\"elementor-widget-container\">\n\t\t\t\t\t<h2 class=\"elementor-heading-title elementor-size-default\">devenir auditeur<\/h2>\t\t\t\t<\/div>\n\t\t\t\t<\/div>\n\t\t\t\t<div class=\"elementor-element elementor-element-c5d8fc4 elementor-widget-divider--view-line elementor-widget elementor-widget-divider\" data-id=\"c5d8fc4\" data-element_type=\"widget\" data-e-type=\"widget\" data-widget_type=\"divider.default\">\n\t\t\t\t<div class=\"elementor-widget-container\">\n\t\t\t\t\t\t\t<div class=\"elementor-divider\">\n\t\t\t<span class=\"elementor-divider-separator\">\n\t\t\t\t\t\t<\/span>\n\t\t<\/div>\n\t\t\t\t\t\t<\/div>\n\t\t\t\t<\/div>\n\t\t\t\t<\/div>\n\t\t<div data-particle_enable=\"false\" data-particle-mobile-disabled=\"false\" class=\"elementor-element elementor-element-f981ae4 e-con-full e-flex e-con e-child\" data-id=\"f981ae4\" data-element_type=\"container\" data-e-type=\"container\">\n\t\t\t\t<div class=\"elementor-element elementor-element-45aa0a2 elementor-widget elementor-widget-text-editor\" data-id=\"45aa0a2\" data-element_type=\"widget\" data-e-type=\"widget\" data-widget_type=\"text-editor.default\">\n\t\t\t\t<div class=\"elementor-widget-container\">\n\t\t\t\t\t\t\t\t\t<p style=\"text-align: left;\"><span style=\"color: #e1000f;\"><b>\u25ba Public concern\u00e9<\/b><\/span><\/p><p style=\"text-align: left;\">Le cycle r\u00e9unit environ 80 auditeurs de nationalit\u00e9 fran\u00e7aise, \u00e2g\u00e9s entre 20 et 30 ans uniquement :<\/p><ul style=\"text-align: left;\"><li>des \u00e9tudiants ou jeunes docteurs issus de formations vari\u00e9es (sciences politiques, relations internationales, s\u00e9curit\u00e9 et d\u00e9fense, ing\u00e9nierie, mais \u00e9galement d\u2019autres disciplines plus \u00e9loign\u00e9es de ces champs) ;<\/li><li>de jeunes professionnels en activit\u00e9, issus des secteurs public et priv\u00e9, aux parcours et expertises diversifi\u00e9s.<\/li><\/ul>\t\t\t\t\t\t\t\t<\/div>\n\t\t\t\t<\/div>\n\t\t\t\t<div class=\"elementor-element elementor-element-02322bf elementor-widget elementor-widget-text-editor\" data-id=\"02322bf\" data-element_type=\"widget\" data-e-type=\"widget\" data-widget_type=\"text-editor.default\">\n\t\t\t\t<div class=\"elementor-widget-container\">\n\t\t\t\t\t\t\t\t\t<p><b>La formation est accessible aux personnes en situation de handicap, sous r\u00e9serve d\u2019une assistance particuli\u00e8re et dans la limite des exigences dues aux d\u00e9placements et aux activit\u00e9s p\u00e9dagogiques.<\/b><\/p><p style=\"text-align: left;\"><b>Pour toute information, contactez-nous \u00e0 l\u2019adresse <a href=\"mailto:seminaires_jeunes@ihedn.fr\">seminaires_jeunes@ihedn.fr<\/a> et <a href=\"mailto:Correspondant.Handicap@ihedn.fr\">Correspondant.Handicap@ihedn.fr<\/a><\/b><\/p>\t\t\t\t\t\t\t\t<\/div>\n\t\t\t\t<\/div>\n\t\t\t\t<div class=\"elementor-element elementor-element-a950eb0 elementor-widget elementor-widget-text-editor\" data-id=\"a950eb0\" data-element_type=\"widget\" data-e-type=\"widget\" data-widget_type=\"text-editor.default\">\n\t\t\t\t<div class=\"elementor-widget-container\">\n\t\t\t\t\t\t\t\t\t<p style=\"text-align: left;\"><span style=\"color: #000091;\"><b>La qualit\u00e9 d\u2019auditeur Jeune de l\u2019IHEDN est attribu\u00e9e par d\u00e9cision du directeur de l\u2019IHEDN \u00e0 l\u2019issue de la formation.<\/b><\/span><\/p>\t\t\t\t\t\t\t\t<\/div>\n\t\t\t\t<\/div>\n\t\t\t\t<div class=\"elementor-element elementor-element-162f8df elementor-widget elementor-widget-text-editor\" data-id=\"162f8df\" data-element_type=\"widget\" data-e-type=\"widget\" data-widget_type=\"text-editor.default\">\n\t\t\t\t<div class=\"elementor-widget-container\">\n\t\t\t\t\t\t\t\t\t<p style=\"text-align: left;\"><span style=\"color: #e1000f;\"><b>\u25ba Nombre de places<\/b><\/span><\/p><p style=\"text-align: left;\">Chaque cycle Jeunes accueille environ 80 auditeurs.<\/p>\t\t\t\t\t\t\t\t<\/div>\n\t\t\t\t<\/div>\n\t\t\t\t<div class=\"elementor-element elementor-element-4b000d2 elementor-widget elementor-widget-text-editor\" data-id=\"4b000d2\" data-element_type=\"widget\" data-e-type=\"widget\" data-widget_type=\"text-editor.default\">\n\t\t\t\t<div class=\"elementor-widget-container\">\n\t\t\t\t\t\t\t\t\t<p style=\"text-align: left;\"><span style=\"color: #e1000f;\"><b>\u25ba S&rsquo;inscrire<\/b><\/span><\/p><p style=\"text-align: left;\">Aucun pr\u00e9requis n\u2019est exig\u00e9, en dehors du respect des conditions suivantes :<\/p><ul><li style=\"text-align: left;\">s\u2019inscrire sur le site Internet \u00ab\u00a0<a href=\"http:\/\/demarche.numerique.gouv.fr\/\" target=\"_blank\" rel=\"noopener\" data-saferedirecturl=\"https:\/\/www.google.com\/url?q=http:\/\/demarche.numerique.gouv.fr&amp;source=gmail&amp;ust=1772794782849000&amp;usg=AOvVaw1JrQjp3UE6ATEu2QWLLmkG\">demarche.numerique.gouv.fr<\/a>\u00a0\u00bb (Voir onglet Prochains cycles) et d\u00e9poser un dossier de candidature au format num\u00e9rique requis avant la date de cl\u00f4ture des inscriptions fix\u00e9e pour chaque cycle ;<\/li><li style=\"text-align: left;\"><b>seuls les dossiers de candidature complets seront examin\u00e9s ;<\/b><\/li><li style=\"text-align: left;\">pour les actifs, justifier d\u2019un dipl\u00f4me de niveau 5 au minimum (DEUG, BTS, DUT, DEUST).<\/li><\/ul>\t\t\t\t\t\t\t\t<\/div>\n\t\t\t\t<\/div>\n\t\t\t\t<div class=\"elementor-element elementor-element-c4f15d8 elementor-widget elementor-widget-text-editor\" data-id=\"c4f15d8\" data-element_type=\"widget\" data-e-type=\"widget\" data-widget_type=\"text-editor.default\">\n\t\t\t\t<div class=\"elementor-widget-container\">\n\t\t\t\t\t\t\t\t\t<p style=\"text-align: left;\"><span style=\"color: #e1000f;\"><b>\u25ba Crit\u00e8res de s\u00e9lection<\/b><\/span><\/p><p style=\"text-align: left;\">Les principaux crit\u00e8res pris en compte pour la s\u00e9lection des candidats sont les suivants :<\/p><ul><li style=\"text-align: left;\">la motivation pour les enjeux de d\u00e9fense et de s\u00e9curit\u00e9 ;<\/li><li style=\"text-align: left;\">la qualit\u00e9 et la diversit\u00e9 du parcours ;<\/li><li style=\"text-align: left;\">la diversit\u00e9 des centres d\u2019int\u00e9r\u00eats ;<\/li><li style=\"text-align: left;\">la diversit\u00e9 des engagements.<\/li><\/ul>\t\t\t\t\t\t\t\t<\/div>\n\t\t\t\t<\/div>\n\t\t\t\t<div class=\"elementor-element elementor-element-ed7c63f elementor-widget elementor-widget-text-editor\" data-id=\"ed7c63f\" data-element_type=\"widget\" data-e-type=\"widget\" data-widget_type=\"text-editor.default\">\n\t\t\t\t<div class=\"elementor-widget-container\">\n\t\t\t\t\t\t\t\t\t<p style=\"text-align: left;\"><span style=\"color: #e1000f;\"><b>\u25ba Taux de satisfaction des auditeurs<\/b><\/span><\/p><p style=\"text-align: left;\">A l\u2019issue de la formation, les auditeurs sont invit\u00e9s \u00e0 renseigner un questionnaire de satisfaction. Pour l\u2019ensemble des cycles Jeunes organis\u00e9s de juillet 2024 \u00e0 juin 2025,<b>\u00a092 % des auditeurs\u00a0<\/b>ont \u00e9t\u00e9 satisfaits de la formation.<\/p>\t\t\t\t\t\t\t\t<\/div>\n\t\t\t\t<\/div>\n\t\t\t\t<div class=\"elementor-element elementor-element-35cb3f4 elementor-widget elementor-widget-text-editor\" data-id=\"35cb3f4\" data-element_type=\"widget\" data-e-type=\"widget\" data-widget_type=\"text-editor.default\">\n\t\t\t\t<div class=\"elementor-widget-container\">\n\t\t\t\t\t\t\t\t\t<p style=\"text-align: left;\"><span style=\"color: #e1000f;\"><b>\u25ba Tarifs (\u00e0 compter du 28 mars 2026) <\/b><\/span><\/p><p style=\"text-align: left;\"><b>La participation aux frais du cycle est de :<\/b><\/p><ul style=\"text-align: left;\"><li><b> <\/b><b>525 \u20ac<\/b> pour les actifs;<\/li><li><b> <\/b><b>160 \u20ac<\/b> pour les \u00e9tudiants, personnes en transition professionnelle ou sans emploi.<\/li><\/ul>\t\t\t\t\t\t\t\t<\/div>\n\t\t\t\t<\/div>\n\t\t\t\t<div class=\"elementor-element elementor-element-e55a9b0 elementor-widget elementor-widget-text-editor\" data-id=\"e55a9b0\" data-element_type=\"widget\" data-e-type=\"widget\" data-widget_type=\"text-editor.default\">\n\t\t\t\t<div class=\"elementor-widget-container\">\n\t\t\t\t\t\t\t\t\t<p style=\"text-align: left;\">Les frais comprennent :<\/p><ul style=\"text-align: left;\"><li>les modalit\u00e9s d\u2019h\u00e9bergement (sauf \u00e0 l\u2019\u00c9cole militaire et pour les cycles en coop\u00e9ration avec les Associations R\u00e9gionales)\u00a0;<\/li><li>les modalit\u00e9s de restauration (d\u00e9jeuner et d\u00eener uniquement \u00e0 l\u2019Ecole militaire\u00a0et d\u00e9jeuner uniquement pour les cycles en coop\u00e9ration avec les Associations R\u00e9gionales)\u00a0;<\/li><li>les modalit\u00e9s de transport pendant le cycle\u00a0;<\/li><li>le financement des activit\u00e9s p\u00e9dagogiques.<\/li><\/ul>\t\t\t\t\t\t\t\t<\/div>\n\t\t\t\t<\/div>\n\t\t\t\t<div class=\"elementor-element elementor-element-a005053 elementor-widget elementor-widget-text-editor\" data-id=\"a005053\" data-element_type=\"widget\" data-e-type=\"widget\" data-widget_type=\"text-editor.default\">\n\t\t\t\t<div class=\"elementor-widget-container\">\n\t\t\t\t\t\t\t\t\t<p style=\"text-align: left;\">Ils ne comprennent pas :<\/p><ul style=\"text-align: left;\"><li>le trajet aller-retour\u00a0;<\/li><li>l\u2019h\u00e9bergement la veille du cycle\u00a0;<\/li><li>les frais suppl\u00e9mentaires n\u2019ayant pas trait aux activit\u00e9s du cycle.<\/li><\/ul>\t\t\t\t\t\t\t\t<\/div>\n\t\t\t\t<\/div>\n\t\t\t\t<div class=\"elementor-element elementor-element-1dd092f elementor-widget elementor-widget-text-editor\" data-id=\"1dd092f\" data-element_type=\"widget\" data-e-type=\"widget\" data-widget_type=\"text-editor.default\">\n\t\t\t\t<div class=\"elementor-widget-container\">\n\t\t\t\t\t\t\t\t\t<p style=\"text-align: left;\">Les frais appliqu\u00e9s lors des cycles en Outre-Mer sont adapt\u00e9s \u00e0 la situation socio-\u00e9conomique, sur d\u00e9cision du conseil d\u2019administration de l\u2019IHEDN.<\/p><p style=\"text-align: left;\">Le tarif est d\u00e9claratif (et valid\u00e9 par l\u2019IHEDN \u00e0 l\u2019examen du dossier), sur pr\u00e9sentation d\u2019un justificatif pour le tarif \u00e9tudiant.<\/p><p style=\"text-align: left;\"><span style=\"color: #e1000f;\"><b>\u25ba Financements<\/b><\/span><\/p><p style=\"text-align: left;\"><b>Informations concernant le recours au compte personnel de formation (CPF) :<\/b><\/p><p style=\"text-align: left;\">L\u2019ensemble des cycles Jeunes sont \u00e9ligibles au CPF, sauf mention contraire. Chacun des cycles est ouvert sur <b>\u00ab\u00a0<\/b><b>moncompteformation<\/b><b>\u00a0\u00bb <\/b>dans un d\u00e9lai d\u2019<b>un mois <\/b>avant le d\u00e9but de la formation.<\/p><p style=\"text-align: left;\">Les auditeurs souhaitant utiliser leur CPF sont invit\u00e9s \u00e0 pr\u00e9parer leur compte et leur dossier mais \u00e0 ne d\u00e9poser leur demande qu\u2019une fois leur candidature retenue et conform\u00e9ment aux consignes qui leur seront donn\u00e9es par l\u2019IHEDN avec la r\u00e9ponse de s\u00e9lection.<\/p><p style=\"text-align: left;\"><strong>Aide financi\u00e8re apport\u00e9e par le Fonds de dotation de l\u2019IHEDN :<\/strong><\/p><p style=\"text-align: left;\">Les \u00e9tudiants et demandeurs d\u2019emploi peuvent b\u00e9n\u00e9ficier d\u2019une aide financi\u00e8re s\u2019ils appartiennent \u00e0 l\u2019une des cat\u00e9gories suivantes :<\/p><ul style=\"text-align: left;\"><li>b\u00e9n\u00e9ficiaires d\u2019une bourse d\u2019enseignement sup\u00e9rieur sur crit\u00e8res sociaux (BCS)\u00a0;<\/li><li>inscrits \u00e0 France travail sans droit \u00e0 l\u2019allocation ch\u00f4mage d\u2019aide au retour \u00e0 l\u2019emploi (ARE) ;<\/li><li>b\u00e9n\u00e9ficiaires du Revenu de solidarit\u00e9 active (RSA).<\/li><\/ul>\t\t\t\t\t\t\t\t<\/div>\n\t\t\t\t<\/div>\n\t\t\t\t<div class=\"elementor-element elementor-element-fd20c0f elementor-widget elementor-widget-text-editor\" data-id=\"fd20c0f\" data-element_type=\"widget\" data-e-type=\"widget\" data-widget_type=\"text-editor.default\">\n\t\t\t\t<div class=\"elementor-widget-container\">\n\t\t\t\t\t\t\t\t\t<p style=\"text-align: left;\">Cette aide consiste en la prise en charge par le <u><a href=\"http:\/\/www.fdd-ihedn.fr\/\" target=\"_blank\" rel=\"noopener\">Fonds de dotation de l\u2019IHEDN<\/a><\/u> des droits d\u2019inscription \u00e0 hauteur de 70 \u20ac le reliquat \u00e9tant \u00e0 la charge du b\u00e9n\u00e9ficiaire.<\/p><p style=\"text-align: left;\">La demande est \u00e0 transmettre \u00e0 l\u2019adresse <u><a href=\"mailto:seminaires_jeunes@ihedn.fr\">seminaires_jeunes@ihedn.fr<\/a><\/u> en veillant \u00e0 pr\u00e9ciser le cycle concern\u00e9, accompagn\u00e9e d\u2019un justificatif\u00a0\u00e0 jour (notification d\u2019attribution d\u00e9finitive de bourse pour l\u2019ann\u00e9e scolaire en cours, notification de refus de l\u2019ARE, attestation de droit au RSA).<\/p><p style=\"text-align: left;\">Cette d\u00e9marche est \u00e0 effectuer en parall\u00e8le de la demande d\u2019inscription en ligne.<\/p><p style=\"text-align: left;\">L&rsquo;aide du Fonds de dotation n&rsquo;est pas compatible avec l&rsquo;utilisation du CPF.<\/p><p style=\"text-align: left;\">L\u2019IHEDN informera le (la) candidat(e) des suites donn\u00e9es \u00e0 sa demande, \u00e9tant entendu que l\u2019attribution de l\u2019aide n\u2019est pas syst\u00e9matique car soumise \u00e0 un volume annuel limit\u00e9.<\/p>\t\t\t\t\t\t\t\t<\/div>\n\t\t\t\t<\/div>\n\t\t\t\t<\/div>\n\t\t\t\t<\/div>\n\t\t<div data-particle_enable=\"false\" data-particle-mobile-disabled=\"false\" class=\"elementor-element elementor-element-eb9c806 e-con-full e-flex e-con e-child\" data-id=\"eb9c806\" data-element_type=\"container\" data-e-type=\"container\">\n\t\t\t\t<div class=\"elementor-element elementor-element-74fe1ce elementor-widget elementor-widget-menu-anchor\" data-id=\"74fe1ce\" data-element_type=\"widget\" data-e-type=\"widget\" data-widget_type=\"menu-anchor.default\">\n\t\t\t\t<div class=\"elementor-widget-container\">\n\t\t\t\t\t\t\t<div class=\"elementor-menu-anchor\" id=\"evaluation\"><\/div>\n\t\t\t\t\t\t<\/div>\n\t\t\t\t<\/div>\n\t\t<div data-particle_enable=\"false\" data-particle-mobile-disabled=\"false\" class=\"elementor-element elementor-element-431797b e-con-full e-flex e-con e-child\" data-id=\"431797b\" data-element_type=\"container\" data-e-type=\"container\">\n\t\t\t\t<div class=\"elementor-element elementor-element-07952e6 elementor-widget elementor-widget-heading\" data-id=\"07952e6\" data-element_type=\"widget\" data-e-type=\"widget\" data-widget_type=\"heading.default\">\n\t\t\t\t<div class=\"elementor-widget-container\">\n\t\t\t\t\t<h2 class=\"elementor-heading-title elementor-size-default\">\u00e9valuation de la formation et certification de comp\u00e9tence\n<\/h2>\t\t\t\t<\/div>\n\t\t\t\t<\/div>\n\t\t\t\t<div class=\"elementor-element elementor-element-5898223 elementor-widget-divider--view-line elementor-widget elementor-widget-divider\" data-id=\"5898223\" data-element_type=\"widget\" data-e-type=\"widget\" data-widget_type=\"divider.default\">\n\t\t\t\t<div class=\"elementor-widget-container\">\n\t\t\t\t\t\t\t<div class=\"elementor-divider\">\n\t\t\t<span class=\"elementor-divider-separator\">\n\t\t\t\t\t\t<\/span>\n\t\t<\/div>\n\t\t\t\t\t\t<\/div>\n\t\t\t\t<\/div>\n\t\t\t\t<\/div>\n\t\t<div data-particle_enable=\"false\" data-particle-mobile-disabled=\"false\" class=\"elementor-element elementor-element-2dc512e e-con-full e-flex e-con e-child\" data-id=\"2dc512e\" data-element_type=\"container\" data-e-type=\"container\">\n\t\t\t\t<div class=\"elementor-element elementor-element-e2df2aa elementor-widget elementor-widget-text-editor\" data-id=\"e2df2aa\" data-element_type=\"widget\" data-e-type=\"widget\" data-widget_type=\"text-editor.default\">\n\t\t\t\t<div class=\"elementor-widget-container\">\n\t\t\t\t\t\t\t\t\t<p style=\"text-align: left;\"><span style=\"color: #e1000f;\"><b>\u25ba Pour obtenir la certification de comp\u00e9tence\u00a0<\/b><\/span><\/p><p style=\"text-align: left;\">Les cycles Jeunes de l\u2019IHEDN pr\u00e9parent les auditeurs qui le souhaitent \u00e0 la certification de comp\u00e9tence intitul\u00e9e \u00ab Comprendre et anticiper les enjeux de d\u00e9fense et de s\u00e9curit\u00e9 \u00bb, et enregistr\u00e9e au <a href=\"https:\/\/www.francecompetences.fr\/recherche\/rs\/6804\/\" target=\"_blank\" rel=\"noopener\"><strong>R\u00e9pertoire sp\u00e9cifique de France Comp\u00e9tences sous le num\u00e9ro RS6804 <\/strong><\/a>depuis le 1<sup>er<\/sup> octobre 2024<\/p><p style=\"text-align: left;\">La certification de comp\u00e9tence repose sur deux modalit\u00e9s d\u2019\u00e9valuation :<\/p><ol style=\"text-align: left;\"><li>une note de synth\u00e8se ;<\/li><li>une note d\u2019analyse prospective.<\/li><\/ol><div style=\"text-align: left;\">\u00a0<\/div><p style=\"text-align: left;\">Les travaux sont \u00e0 remettre dans les 15 jours calendaires suivant le dernier jour du cycle. Des s\u00e9ances d\u2019accompagnement sont organis\u00e9es par l\u2019IHEDN apr\u00e8s la fin du cycle.<\/p><p style=\"text-align: left;\">Les deux livrables devront \u00eatre envoy\u00e9s dans les d\u00e9lais et selon les modalit\u00e9s indiqu\u00e9s au cours du cycle. Aucun rattrapage ni validation partielle des comp\u00e9tences ne sera possible.<\/p><p style=\"text-align: left;\">Le jury d\u2019attribution de la certification se r\u00e9unit deux fois par an. Chaque candidat est inform\u00e9 personnellement, par voie \u00e9lectronique, du r\u00e9sultat des d\u00e9lib\u00e9rations du jury, dans un d\u00e9lai maximum de 10 jours ouvr\u00e9s apr\u00e8s que le jury ait si\u00e9g\u00e9.<\/p><p style=\"text-align: left;\">En 2024<strong>, 68.9 %<\/strong>\u00a0des auditeurs s\u2019\u00e9tant pr\u00e9sent\u00e9s \u00e0 la certification ont valid\u00e9 la comp\u00e9tence vis\u00e9e.\u00a0<\/p><p style=\"text-align: left;\"><span style=\"color: #e1000f;\"><b>\u25ba Pour obtenir la qualit\u00e9 d\u2019auditeur\u00a0<\/b><\/span><\/p><p style=\"text-align: left;\">Deux modalit\u00e9s d\u2019\u00e9valuation :<\/p><ul><li style=\"text-align: left;\">un rapport collectif ;<\/li><li style=\"text-align: left;\">une \u00e9valuation des connaissances acquises lors des conf\u00e9rences, sous la forme d\u2019un questionnaire \u00e0 choix multiple.<\/li><\/ul>\t\t\t\t\t\t\t\t<\/div>\n\t\t\t\t<\/div>\n\t\t\t\t<\/div>\n\t\t\t\t<\/div>\n\t\t<div data-particle_enable=\"false\" data-particle-mobile-disabled=\"false\" class=\"elementor-element elementor-element-4166998 e-con-full e-flex e-con e-child\" data-id=\"4166998\" data-element_type=\"container\" data-e-type=\"container\">\n\t\t\t\t<div class=\"elementor-element elementor-element-4564e33 elementor-widget elementor-widget-menu-anchor\" data-id=\"4564e33\" data-element_type=\"widget\" data-e-type=\"widget\" data-widget_type=\"menu-anchor.default\">\n\t\t\t\t<div class=\"elementor-widget-container\">\n\t\t\t\t\t\t\t<div class=\"elementor-menu-anchor\" id=\"cycles\"><\/div>\n\t\t\t\t\t\t<\/div>\n\t\t\t\t<\/div>\n\t\t<div data-particle_enable=\"false\" data-particle-mobile-disabled=\"false\" class=\"elementor-element elementor-element-7048cee e-con-full e-flex e-con e-child\" data-id=\"7048cee\" data-element_type=\"container\" data-e-type=\"container\">\n\t\t\t\t<div class=\"elementor-element elementor-element-f04ad78 elementor-widget elementor-widget-heading\" data-id=\"f04ad78\" data-element_type=\"widget\" data-e-type=\"widget\" data-widget_type=\"heading.default\">\n\t\t\t\t<div class=\"elementor-widget-container\">\n\t\t\t\t\t<h2 class=\"elementor-heading-title elementor-size-default\">prochains cycles<\/h2>\t\t\t\t<\/div>\n\t\t\t\t<\/div>\n\t\t\t\t<div class=\"elementor-element elementor-element-f3e342e elementor-widget-divider--view-line elementor-widget elementor-widget-divider\" data-id=\"f3e342e\" data-element_type=\"widget\" data-e-type=\"widget\" data-widget_type=\"divider.default\">\n\t\t\t\t<div class=\"elementor-widget-container\">\n\t\t\t\t\t\t\t<div class=\"elementor-divider\">\n\t\t\t<span class=\"elementor-divider-separator\">\n\t\t\t\t\t\t<\/span>\n\t\t<\/div>\n\t\t\t\t\t\t<\/div>\n\t\t\t\t<\/div>\n\t\t\t\t<div class=\"elementor-element elementor-element-edc40e7 elementor-widget elementor-widget-text-editor\" data-id=\"edc40e7\" data-element_type=\"widget\" data-e-type=\"widget\" data-widget_type=\"text-editor.default\">\n\t\t\t\t<div class=\"elementor-widget-container\">\n\t\t\t\t\t\t\t\t\t<p style=\"text-align: left;\"><em>Les candidatures sont ouvertes 4<strong>\u00a0mois<\/strong> avant le d\u00e9but de la session.<\/em><\/p>\t\t\t\t\t\t\t\t<\/div>\n\t\t\t\t<\/div>\n\t\t\t\t<\/div>\n\t\t<div data-particle_enable=\"false\" data-particle-mobile-disabled=\"false\" class=\"elementor-element elementor-element-30c7370 e-con-full e-flex e-con e-child\" data-id=\"30c7370\" data-element_type=\"container\" data-e-type=\"container\">\n\t\t\t\t<div class=\"elementor-element elementor-element-495191c elementor-widget elementor-widget-html\" data-id=\"495191c\" data-element_type=\"widget\" data-e-type=\"widget\" data-widget_type=\"html.default\">\n\t\t\t\t<div class=\"elementor-widget-container\">\n\t\t\t\t\t<script>\n\n\ndocument.addEventListener('DOMContentLoaded', function() {\n\n    var buttons = document.querySelectorAll('.elementor-button');\n\n    buttons.forEach(function(button) {\n    \n        if (button.getAttribute('href') === '#') {\n            button.addEventListener('click', function(e) {\n          \n                e.preventDefault();\n            });\n        }\n    });\n});\n\n\n<\/script>\n\n\t\t\t\t<\/div>\n\t\t\t\t<\/div>\n\t\t<div data-particle_enable=\"false\" data-particle-mobile-disabled=\"false\" class=\"elementor-element elementor-element-8a725de e-con-full e-flex e-con e-child\" data-id=\"8a725de\" data-element_type=\"container\" data-e-type=\"container\">\n\t\t<div data-particle_enable=\"false\" data-particle-mobile-disabled=\"false\" class=\"elementor-element elementor-element-d7d63a2 e-con-full e-flex e-con e-child\" data-id=\"d7d63a2\" data-element_type=\"container\" data-e-type=\"container\">\n\t\t\t\t<div class=\"elementor-element elementor-element-702a145 buttons elementor-widget elementor-widget-button\" data-id=\"702a145\" data-element_type=\"widget\" data-e-type=\"widget\" data-widget_type=\"button.default\">\n\t\t\t\t<div class=\"elementor-widget-container\">\n\t\t\t\t\t\t\t\t\t<div class=\"elementor-button-wrapper\">\n\t\t\t\t\t<a class=\"elementor-button elementor-button-link elementor-size-sm\" href=\"#\" id=\"metropole\">\n\t\t\t\t\t\t<span class=\"elementor-button-content-wrapper\">\n\t\t\t\t\t\t\t\t\t<span class=\"elementor-button-text\">m\u00e9tropole<\/span>\n\t\t\t\t\t<\/span>\n\t\t\t\t\t<\/a>\n\t\t\t\t<\/div>\n\t\t\t\t\t\t\t\t<\/div>\n\t\t\t\t<\/div>\n\t\t\t\t<div class=\"elementor-element elementor-element-517311e buttons elementor-widget elementor-widget-button\" data-id=\"517311e\" data-element_type=\"widget\" data-e-type=\"widget\" data-widget_type=\"button.default\">\n\t\t\t\t<div class=\"elementor-widget-container\">\n\t\t\t\t\t\t\t\t\t<div class=\"elementor-button-wrapper\">\n\t\t\t\t\t<a class=\"elementor-button elementor-button-link elementor-size-sm\" href=\"#\" id=\"drom\">\n\t\t\t\t\t\t<span class=\"elementor-button-content-wrapper\">\n\t\t\t\t\t\t\t\t\t<span class=\"elementor-button-text\">Drom com<\/span>\n\t\t\t\t\t<\/span>\n\t\t\t\t\t<\/a>\n\t\t\t\t<\/div>\n\t\t\t\t\t\t\t\t<\/div>\n\t\t\t\t<\/div>\n\t\t\t\t<div class=\"elementor-element elementor-element-e5ffc58 elementor-widget__width-initial elementor-widget-tablet__width-initial elementor-widget elementor-widget-html\" data-id=\"e5ffc58\" data-element_type=\"widget\" data-e-type=\"widget\" data-widget_type=\"html.default\">\n\t\t\t\t<div class=\"elementor-widget-container\">\n\t\t\t\t\t<script>\n\nconst view = [46.232192999999995, 2.209666999999996];\nconst zoom = 5.5;\n\n\nconst DROM_COORDS = [14.641528, -61.024174]\n    \nconst metropole = document.querySelector('#metropole');\nconst reunion = document.querySelector('#drom');\n\nmetropole.addEventListener(\"click\", () => {\n   map.setView(view, zoom);\n});\nreunion.addEventListener(\"click\", () => {\n   map.setView(DROM_COORDS, zoom);\n});\n\n  \n<\/script>\t\t\t\t<\/div>\n\t\t\t\t<\/div>\n\t\t\t\t<\/div>\n\t\t<div data-particle_enable=\"false\" data-particle-mobile-disabled=\"false\" class=\"elementor-element elementor-element-f1ff4c8 e-con-full e-flex e-con e-child\" data-id=\"f1ff4c8\" data-element_type=\"container\" data-e-type=\"container\">\n\t\t\t\t<div class=\"elementor-element elementor-element-bae3375 elementor-widget__width-initial elementor-widget elementor-widget-html\" data-id=\"bae3375\" data-element_type=\"widget\" data-e-type=\"widget\" data-widget_type=\"html.default\">\n\t\t\t\t<div class=\"elementor-widget-container\">\n\t\t\t\t\t<script>\n\ndocument.addEventListener('DOMContentLoaded', function () {\n    const button = document.getElementById('hide-map');\n    const mapDiv = document.getElementById('map');\n    const buttons = document.querySelectorAll('.buttons');\n\n    button.addEventListener('click', function () {\n        const isMapHidden = mapDiv.style.display === 'none';\n        mapDiv.style.display = isMapHidden ? 'flex' : 'none';\n        buttons.forEach(btn => btn.style.display = isMapHidden ? 'inline-block' : 'none');\n        button.textContent = isMapHidden ? 'Cacher la carte' : 'Afficher la carte';\n    });\n});\n\n<\/script>\t\t\t\t<\/div>\n\t\t\t\t<\/div>\n\t\t\t\t<div class=\"elementor-element elementor-element-8a17538 elementor-align-right elementor-widget elementor-widget-button\" data-id=\"8a17538\" data-element_type=\"widget\" data-e-type=\"widget\" data-widget_type=\"button.default\">\n\t\t\t\t<div class=\"elementor-widget-container\">\n\t\t\t\t\t\t\t\t\t<div class=\"elementor-button-wrapper\">\n\t\t\t\t\t<a class=\"elementor-button elementor-button-link elementor-size-sm\" href=\"#\" id=\"hide-map\">\n\t\t\t\t\t\t<span class=\"elementor-button-content-wrapper\">\n\t\t\t\t\t\t\t\t\t<span class=\"elementor-button-text\">Cacher la carte<\/span>\n\t\t\t\t\t<\/span>\n\t\t\t\t\t<\/a>\n\t\t\t\t<\/div>\n\t\t\t\t\t\t\t\t<\/div>\n\t\t\t\t<\/div>\n\t\t\t\t<\/div>\n\t\t\t\t<\/div>\n\t\t\t\t<div class=\"elementor-element elementor-element-6dc5ceb elementor-widget__width-initial elementor-widget elementor-widget-html\" data-id=\"6dc5ceb\" data-element_type=\"widget\" data-e-type=\"widget\" data-widget_type=\"html.default\">\n\t\t\t\t<div class=\"elementor-widget-container\">\n\t\t\t\t\t    <div id=\"map\"><\/div>\r\n    \r\n    <script>\r\n    \r\nfillColor = '#000091';\r\nfillOpacity = 0.4;\r\n\r\nconst CIRCLE_OPTIONS = {\r\n  radius: 60000,\r\nstroke: false,\r\nfillColor: fillColor,\r\nfillOpacity: fillOpacity,\r\n}\r\n\r\nconst LINK = 'https:\/\/ihedn.fr\/formation\/sessions-en-regions\/'\r\n\r\n\r\n\/\/ COORDS DES SESSIONS\r\n\r\nconst IDF = [48.8499198, 2.4370411]\r\nconst HDF = [50.28011530, 2.49372650];\r\nconst RHONEALPES = [45.166672, 5.71667];\r\nconst NORMANDIE = [49.40, 0.45]\r\nconst PDL = [47.7632836, -0.3299687];\r\nconst NA = [45.70871820, 0.62689100];\r\nconst BOURGOGNE = [47.1407, 4.4833];\r\nconst BRETAGNE = [48.202047, -2.932644];\r\nconst MARTINIQUE = [14.641528, -61.024174]\r\nconst GRANDEST = [48.69980300, 6.18780740  ]\r\n\r\n\r\n\/\/ SETUP DE LA MAP\r\nlet map = L.map(\"map\").setView(view, zoom);\r\n\r\n\/\/ AJOUT DES CREDTIS\r\nL.tileLayer(\"https:\/\/tile.openstreetmap.org\/{z}\/{x}\/{y}.png\", {\r\nmaxZoom: 10,\r\nattribution:\r\n'&copy; <a href=\"http:\/\/www.openstreetmap.org\/copyright\">OpenStreetMap<\/a>',\r\n}).addTo(map);\r\n\r\n\/\/ INITIALISER LE GROUPE DE MARKER\r\nvar markers = L.markerClusterGroup();\r\n\r\n\/\/ CREER LES CERCLES\r\nconst IDF_circle = L.circle(IDF, CIRCLE_OPTIONS)\r\nconst HDF_circle = L.circle(HDF, CIRCLE_OPTIONS)\r\nconst RHONEALPES_circle = L.circle(RHONEALPES, CIRCLE_OPTIONS)\r\n\r\nconst NORMANDIE_circle = L.circle(NORMANDIE, CIRCLE_OPTIONS)\r\n\r\nconst PDL_circle = L.circle(PDL, CIRCLE_OPTIONS)\r\n\r\nconst GRANDEST_circle = L.circle(GRANDEST, CIRCLE_OPTIONS)\r\n\r\nconst NA_circle = L.circle(NA, CIRCLE_OPTIONS)\r\n\r\nconst BOURGOGNE_circle = L.circle(BOURGOGNE, CIRCLE_OPTIONS)\r\n\r\nconst BRETAGNE_circle = L.circle(BRETAGNE, CIRCLE_OPTIONS)\r\n\r\nconst MARTINIQUE_circle = L.circle(MARTINIQUE, CIRCLE_OPTIONS)\r\n\r\n\r\n\/\/ AJOUT DES CERCLES AU CLUSTER\r\n\r\nmarkers.addLayer(IDF_circle)\r\n\/\/markers.addLayer(HDF_circle)\r\n\/\/markers.addLayer(RHONEALPES_circle)\r\n\/\/markers.addLayer(NORMANDIE_circle)\r\n\/\/markers.addLayer(PDL_circle)\r\n\/\/markers.addLayer(NA_circle)\r\nmarkers.addLayer(GRANDEST_circle)\r\n\/\/markers.addLayer(BOURGOGNE_circle)\r\nmarkers.addLayer(BRETAGNE_circle)\r\nmarkers.addLayer(MARTINIQUE_circle)\r\n\r\n\r\n\/\/ AJOUTE LE CLUSTER A LA MAP\r\nmap.addLayer(markers);\r\n\r\n\/\/ AFFICHE LES MESSAGES AU SURVOL \r\n\r\n\/\/ fonction au survol\r\nfunction onHover(e) {\r\nconst layer = e.target;\r\nlayer.setStyle({\r\n    opacity: 1,\r\n    fillOpacity: 0.7\r\n});\r\nlayer.bindPopup(layer.number + \" cycle IHEDN jeunes \"+ layer.name).openPopup();\r\n}\r\n\r\nfunction onOut(e) {\r\nconst layer = e.target;\r\nlayer.setStyle({\r\n    opacity: 0,\r\n    fillOpacity: 0.2\r\n});\r\nlayer.closePopup();\r\n}\r\n\r\n\/\/ AJOUT DES FONCTIONS SUR LES RONDS\r\n\r\n\r\n\r\nIDF_circle.name = \"\u00cele-de-France\"\r\nIDF_circle.number = \"163<sup>e<\/sup>\";\r\nIDF_circle.on('mouseover', onHover);\r\nIDF_circle.on('mouseout', onOut);\r\n\r\n\r\nHDF_circle.name = \"Hauts-de-France\"\r\nHDF_circle.number = \"154<sup>e<\/sup>\";\r\nHDF_circle.on('mouseover', onHover);\r\nHDF_circle.on('mouseout', onOut);\r\n\r\nRHONEALPES_circle.name = \"Auvergne-Rh\u00f4ne-Alpes\"\r\nRHONEALPES_circle.number = \"161<sup>e<\/sup>\";\r\nRHONEALPES_circle.on('mouseover', onHover);\r\nRHONEALPES_circle.on('mouseout', onOut);\r\n\r\nNORMANDIE_circle.name = \"Normandie\"\r\nNORMANDIE_circle.number = \"157<sup>e<\/sup>\";\r\nNORMANDIE_circle.on('mouseover', onHover);\r\nNORMANDIE_circle.on('mouseout', onOut);\r\n\r\nPDL_circle.name = \"Pays de la Loire\"\r\nPDL_circle.number = \"158<sup>e<\/sup>\";\r\nPDL_circle.on('mouseover', onHover);\r\nPDL_circle.on('mouseout', onOut);\r\n\r\nNA_circle.name = \"Nouvelle-Aquitaine\"\r\nNA_circle.number = \"159<sup>e<\/sup>, 166<sup>e<\/sup>\";\r\nNA_circle.on('mouseover', onHover);\r\nNA_circle.on('mouseout', onOut);\r\n\r\nGRANDEST_circle.name = \"Grand-Est\"\r\nGRANDEST_circle.number = \"164<sup>e<\/sup>\";\r\nGRANDEST_circle.on('mouseover', onHover);\r\nGRANDEST_circle.on('mouseout', onOut);\r\n\r\nBOURGOGNE_circle.name = \"Bourgogne-Franche-Comt\u00e9\"\r\nBOURGOGNE_circle.number = \"160<sup>e<\/sup>\";\r\nBOURGOGNE_circle.on('mouseover', onHover);\r\nBOURGOGNE_circle.on('mouseout', onOut);\r\n\r\nBRETAGNE_circle.name = \"Bretagne\"\r\nBRETAGNE_circle.number = \"162<sup>e<\/sup>\";\r\nBRETAGNE_circle.on('mouseover', onHover);\r\nBRETAGNE_circle.on('mouseout', onOut);\r\n\r\nMARTINIQUE_circle.name = \"Martinique-Guadeloupe\"\r\nMARTINIQUE_circle.number = \" 165<sup>e<\/sup>\";\r\nMARTINIQUE_circle.on('mouseover', onHover);\r\nMARTINIQUE_circle.on('mouseout', onOut);\r\n\r\n\r\n\/\/ REDIRECTION AU CLIC\r\n\r\n     document.addEventListener('DOMContentLoaded', function() {\r\n         \r\n         \r\n        \/\/   OCCITANIE_circle.on('click', function() {\r\n        \/\/ const session245 = document.querySelector('.session-245');\r\n        \/\/   session245.scrollIntoView({ behavior: \"smooth\"}); \r\n        \/\/ });\r\n        \r\n     \r\n    \r\n      \r\n\r\n    });\r\n        \r\n\r\n    <\/script>\t\t\t\t<\/div>\n\t\t\t\t<\/div>\n\t\t\t\t<\/div>\n\t\t<div data-particle_enable=\"false\" data-particle-mobile-disabled=\"false\" class=\"elementor-element elementor-element-70e1b16 e-con-full e-flex e-con e-child\" data-id=\"70e1b16\" data-element_type=\"container\" data-e-type=\"container\">\n\t\t\t\t<div class=\"elementor-element elementor-element-89256f1 elementor-widget elementor-widget-heading\" data-id=\"89256f1\" data-element_type=\"widget\" data-e-type=\"widget\" data-widget_type=\"heading.default\">\n\t\t\t\t<div class=\"elementor-widget-container\">\n\t\t\t\t\t<h3 class=\"elementor-heading-title elementor-size-default\">Cycles IHEDN-Jeunes en 2026<\/h3>\t\t\t\t<\/div>\n\t\t\t\t<\/div>\n\t\t\t\t<div class=\"elementor-element elementor-element-b7be4a9 elementor-widget-divider--view-line elementor-widget elementor-widget-divider\" data-id=\"b7be4a9\" data-element_type=\"widget\" data-e-type=\"widget\" data-widget_type=\"divider.default\">\n\t\t\t\t<div class=\"elementor-widget-container\">\n\t\t\t\t\t\t\t<div class=\"elementor-divider\">\n\t\t\t<span class=\"elementor-divider-separator\">\n\t\t\t\t\t\t<\/span>\n\t\t<\/div>\n\t\t\t\t\t\t<\/div>\n\t\t\t\t<\/div>\n\t\t\t\t<\/div>\n\t\t<div data-particle_enable=\"false\" data-particle-mobile-disabled=\"false\" class=\"elementor-element elementor-element-b5d5c38 e-flex e-con-boxed e-con e-child\" data-id=\"b5d5c38\" data-element_type=\"container\" data-e-type=\"container\">\n\t\t\t\t\t<div class=\"e-con-inner\">\n\t\t<div data-particle_enable=\"false\" data-particle-mobile-disabled=\"false\" class=\"elementor-element elementor-element-be8142a e-con-full e-flex e-con e-child\" data-id=\"be8142a\" data-element_type=\"container\" data-e-type=\"container\">\n\t\t<div data-particle_enable=\"false\" data-particle-mobile-disabled=\"false\" class=\"elementor-element elementor-element-cfc7786 e-con-full e-flex e-con e-child\" data-id=\"cfc7786\" data-element_type=\"container\" data-e-type=\"container\">\n\t\t\t\t<div class=\"elementor-element elementor-element-d315234 elementor-widget elementor-widget-text-editor\" data-id=\"d315234\" data-element_type=\"widget\" data-e-type=\"widget\" data-widget_type=\"text-editor.default\">\n\t\t\t\t<div class=\"elementor-widget-container\">\n\t\t\t\t\t\t\t\t\t<p class=\"elementor-heading-title elementor-size-default\" style=\"text-align: left;\"><span style=\"color: #000091;\">162<sup>e<\/sup> CYCLE JEUNES<\/span><\/p><p class=\"elementor-post__title\" style=\"text-align: left;\"><span style=\"color: #000091;\"><strong><b><span style=\"font-family: Calibri, serif;\"><span style=\"font-size: medium;\"><span style=\"font-family: Marianne, serif;\">BRETAGNE<\/span><\/span><\/span><\/b><\/strong><\/span><\/p><p style=\"text-align: left;\"><strong><span style=\"color: #e1000f;\"><b>Du 8 juin au 12 juin 2026<\/b><\/span><\/strong><\/p><p style=\"text-align: left;\"><span style=\"text-align: justify;\">Les inscriptions sont closes.<\/span><b><\/b><\/p>\t\t\t\t\t\t\t\t<\/div>\n\t\t\t\t<\/div>\n\t\t\t\t<\/div>\n\t\t<div data-particle_enable=\"false\" data-particle-mobile-disabled=\"false\" class=\"elementor-element elementor-element-3050706 e-con-full e-flex e-con e-child\" data-id=\"3050706\" data-element_type=\"container\" data-e-type=\"container\">\n\t\t\t\t<\/div>\n\t\t\t\t<\/div>\n\t\t<div data-particle_enable=\"false\" data-particle-mobile-disabled=\"false\" class=\"elementor-element elementor-element-8b35d23 e-con-full e-flex e-con e-child\" data-id=\"8b35d23\" data-element_type=\"container\" data-e-type=\"container\">\n\t\t<div data-particle_enable=\"false\" data-particle-mobile-disabled=\"false\" class=\"elementor-element elementor-element-c39173c e-con-full e-flex e-con e-child\" data-id=\"c39173c\" data-element_type=\"container\" data-e-type=\"container\">\n\t\t\t\t<div class=\"elementor-element elementor-element-59e4102 elementor-widget elementor-widget-text-editor\" data-id=\"59e4102\" data-element_type=\"widget\" data-e-type=\"widget\" data-widget_type=\"text-editor.default\">\n\t\t\t\t<div class=\"elementor-widget-container\">\n\t\t\t\t\t\t\t\t\t<p class=\"elementor-heading-title elementor-size-default\" style=\"text-align: left;\"><span style=\"color: #000091;\">163<sup>e<\/sup> CYCLE JEUNES<\/span><\/p><p class=\"elementor-post__title\" style=\"text-align: left;\"><span style=\"color: #000091;\"><strong><b><span style=\"font-family: Calibri, serif;\"><span style=\"font-size: medium;\"><span style=\"font-family: Marianne, serif;\">\u00ceLE-DE-FRANCE<span style=\"font-size: large;\">\u00a0<\/span><span style=\"font-size: large;\">\u2013 externat (cycle r\u00e9alis\u00e9 en coop\u00e9ration avec l\u2019IHEMI)<\/span><\/span><\/span><\/span><\/b><\/strong><\/span><\/p><p style=\"text-align: left;\"><strong><span style=\"color: #e1000f;\"><b>Du 6 juillet au 10 juillet 2026<\/b><\/span><\/strong><\/p><p><span style=\"text-align: justify;\">Les inscriptions sont closes.<\/span><\/p>\t\t\t\t\t\t\t\t<\/div>\n\t\t\t\t<\/div>\n\t\t\t\t<\/div>\n\t\t<div data-particle_enable=\"false\" data-particle-mobile-disabled=\"false\" class=\"elementor-element elementor-element-3be59fe e-con-full e-flex e-con e-child\" data-id=\"3be59fe\" data-element_type=\"container\" data-e-type=\"container\">\n\t\t\t\t<div class=\"elementor-element elementor-element-f0cfc9b elementor-align-right elementor-mobile-align-center elementor-widget elementor-widget-button\" data-id=\"f0cfc9b\" data-element_type=\"widget\" data-e-type=\"widget\" data-widget_type=\"button.default\">\n\t\t\t\t<div class=\"elementor-widget-container\">\n\t\t\t\t\t\t\t\t\t<div class=\"elementor-button-wrapper\">\n\t\t\t\t\t<a class=\"elementor-button elementor-button-link elementor-size-sm\" href=\"https:\/\/www.ihemi.fr\/formations\/session-regionale-jeunes-securite-et-justice-ihedn-ihemi\" target=\"_blank\">\n\t\t\t\t\t\t<span class=\"elementor-button-content-wrapper\">\n\t\t\t\t\t\t\t\t\t<span class=\"elementor-button-text\">D\u00e9tails du cycle<\/span>\n\t\t\t\t\t<\/span>\n\t\t\t\t\t<\/a>\n\t\t\t\t<\/div>\n\t\t\t\t\t\t\t\t<\/div>\n\t\t\t\t<\/div>\n\t\t\t\t<\/div>\n\t\t\t\t<\/div>\n\t\t<div data-particle_enable=\"false\" data-particle-mobile-disabled=\"false\" class=\"elementor-element elementor-element-adb8306 e-con-full e-flex e-con e-child\" data-id=\"adb8306\" data-element_type=\"container\" data-e-type=\"container\">\n\t\t<div data-particle_enable=\"false\" data-particle-mobile-disabled=\"false\" class=\"elementor-element elementor-element-378486c e-con-full e-flex e-con e-child\" data-id=\"378486c\" data-element_type=\"container\" data-e-type=\"container\">\n\t\t\t\t<div class=\"elementor-element elementor-element-038a373 elementor-widget elementor-widget-text-editor\" data-id=\"038a373\" data-element_type=\"widget\" data-e-type=\"widget\" data-widget_type=\"text-editor.default\">\n\t\t\t\t<div class=\"elementor-widget-container\">\n\t\t\t\t\t\t\t\t\t<p class=\"elementor-heading-title elementor-size-default\" style=\"text-align: left;\"><span style=\"color: #000091;\">164<sup>e<\/sup> CYCLE JEUNES<\/span><\/p><p class=\"elementor-post__title\" style=\"text-align: left;\"><span style=\"color: #000091;\"><strong><b><span style=\"font-family: Calibri, serif;\"><span style=\"font-size: medium;\"><span style=\"font-family: Marianne, serif;\">GRAND-EST<\/span><\/span><\/span><\/b><\/strong><\/span><\/p><p style=\"text-align: left;\"><strong><span style=\"color: #e1000f;\"><b>Du 26 octobre au 30 octobre 2026<\/b><\/span><\/strong><\/p><ul><li style=\"text-align: left;\">Ouverture des inscriptions : 26 juin 2026<\/li><li style=\"text-align: left;\">Cl\u00f4ture des inscriptions : 26 juillet 2026<\/li><\/ul>\t\t\t\t\t\t\t\t<\/div>\n\t\t\t\t<\/div>\n\t\t\t\t<\/div>\n\t\t<div data-particle_enable=\"false\" data-particle-mobile-disabled=\"false\" class=\"elementor-element elementor-element-e3f387a e-con-full e-flex e-con e-child\" data-id=\"e3f387a\" data-element_type=\"container\" data-e-type=\"container\">\n\t\t\t\t<\/div>\n\t\t\t\t<\/div>\n\t\t<div data-particle_enable=\"false\" data-particle-mobile-disabled=\"false\" class=\"elementor-element elementor-element-ae5f4fd e-con-full e-flex e-con e-child\" data-id=\"ae5f4fd\" data-element_type=\"container\" data-e-type=\"container\">\n\t\t<div data-particle_enable=\"false\" data-particle-mobile-disabled=\"false\" class=\"elementor-element elementor-element-9ff972c e-con-full e-flex e-con e-child\" data-id=\"9ff972c\" data-element_type=\"container\" data-e-type=\"container\">\n\t\t\t\t<div class=\"elementor-element elementor-element-fed47b9 elementor-widget elementor-widget-text-editor\" data-id=\"fed47b9\" data-element_type=\"widget\" data-e-type=\"widget\" data-widget_type=\"text-editor.default\">\n\t\t\t\t<div class=\"elementor-widget-container\">\n\t\t\t\t\t\t\t\t\t<p class=\"elementor-heading-title elementor-size-default\" style=\"text-align: left;\"><span style=\"color: #000091;\">165<sup>e<\/sup> CYCLE JEUNES<\/span><\/p><p class=\"elementor-post__title\" style=\"text-align: left;\"><span style=\"color: #000091;\"><strong><b><span style=\"font-family: Calibri, serif;\"><span style=\"font-size: medium;\"><span style=\"font-family: Marianne, serif;\"><span style=\"font-size: large;\">MARTINIQUE &#8211; GUADELOUPE<\/span><\/span><\/span><\/span><\/b><\/strong><\/span><\/p><p style=\"text-align: left;\"><strong><span style=\"color: #e1000f;\"><b>Du 23 novembre au 27 novembre 2026<\/b><\/span><\/strong><\/p><ul><li style=\"text-align: left;\">Ouverture des inscriptions : 23 mars 2026<\/li><li style=\"text-align: left;\">Cl\u00f4ture des inscriptions : 23 ao\u00fbt 2026\u00a0<\/li><\/ul>\t\t\t\t\t\t\t\t<\/div>\n\t\t\t\t<\/div>\n\t\t\t\t<\/div>\n\t\t<div data-particle_enable=\"false\" data-particle-mobile-disabled=\"false\" class=\"elementor-element elementor-element-eb9e7f1 e-con-full e-flex e-con e-child\" data-id=\"eb9e7f1\" data-element_type=\"container\" data-e-type=\"container\">\n\t\t\t\t<div class=\"elementor-element elementor-element-86821e4 elementor-align-right elementor-mobile-align-center elementor-widget elementor-widget-button\" data-id=\"86821e4\" data-element_type=\"widget\" data-e-type=\"widget\" data-widget_type=\"button.default\">\n\t\t\t\t<div class=\"elementor-widget-container\">\n\t\t\t\t\t\t\t\t\t<div class=\"elementor-button-wrapper\">\n\t\t\t\t\t<a class=\"elementor-button elementor-button-link elementor-size-sm\" href=\"https:\/\/demarche.numerique.gouv.fr\/commencer\/candidater-au-165e-cycle-jeunes-de-l-ihedn-martini\" target=\"_blank\">\n\t\t\t\t\t\t<span class=\"elementor-button-content-wrapper\">\n\t\t\t\t\t\t\t\t\t<span class=\"elementor-button-text\">Je d\u00e9pose ma candidature<\/span>\n\t\t\t\t\t<\/span>\n\t\t\t\t\t<\/a>\n\t\t\t\t<\/div>\n\t\t\t\t\t\t\t\t<\/div>\n\t\t\t\t<\/div>\n\t\t\t\t<\/div>\n\t\t\t\t<\/div>\n\t\t\t\t\t<\/div>\n\t\t\t\t<\/div>\n\t\t\t\t<\/div>\n\t\t<div data-particle_enable=\"false\" data-particle-mobile-disabled=\"false\" class=\"elementor-element elementor-element-ff11e1a e-con-full e-flex e-con e-child\" data-id=\"ff11e1a\" data-element_type=\"container\" data-e-type=\"container\">\n\t\t<div data-particle_enable=\"false\" data-particle-mobile-disabled=\"false\" class=\"elementor-element elementor-element-db04289 e-con-full e-flex e-con e-child\" data-id=\"db04289\" data-element_type=\"container\" data-e-type=\"container\">\n\t\t\t\t<div class=\"elementor-element elementor-element-6bbdf6e elementor-widget elementor-widget-menu-anchor\" data-id=\"6bbdf6e\" data-element_type=\"widget\" data-e-type=\"widget\" data-widget_type=\"menu-anchor.default\">\n\t\t\t\t<div class=\"elementor-widget-container\">\n\t\t\t\t\t\t\t<div class=\"elementor-menu-anchor\" id=\"contact\"><\/div>\n\t\t\t\t\t\t<\/div>\n\t\t\t\t<\/div>\n\t\t\t\t<div class=\"elementor-element elementor-element-b54ae80 elementor-widget elementor-widget-heading\" data-id=\"b54ae80\" data-element_type=\"widget\" data-e-type=\"widget\" data-widget_type=\"heading.default\">\n\t\t\t\t<div class=\"elementor-widget-container\">\n\t\t\t\t\t<h2 class=\"elementor-heading-title elementor-size-default\">contact<\/h2>\t\t\t\t<\/div>\n\t\t\t\t<\/div>\n\t\t\t\t<div class=\"elementor-element elementor-element-311756b elementor-widget-divider--view-line elementor-widget elementor-widget-divider\" data-id=\"311756b\" data-element_type=\"widget\" data-e-type=\"widget\" data-widget_type=\"divider.default\">\n\t\t\t\t<div class=\"elementor-widget-container\">\n\t\t\t\t\t\t\t<div class=\"elementor-divider\">\n\t\t\t<span class=\"elementor-divider-separator\">\n\t\t\t\t\t\t<\/span>\n\t\t<\/div>\n\t\t\t\t\t\t<\/div>\n\t\t\t\t<\/div>\n\t\t\t\t<\/div>\n\t\t<div data-particle_enable=\"false\" data-particle-mobile-disabled=\"false\" class=\"elementor-element elementor-element-c179fc8 e-con-full e-flex e-con e-child\" data-id=\"c179fc8\" data-element_type=\"container\" data-e-type=\"container\">\n\t\t\t\t<div class=\"elementor-element elementor-element-c66dc06 elementor-widget elementor-widget-html\" data-id=\"c66dc06\" data-element_type=\"widget\" data-e-type=\"widget\" data-widget_type=\"html.default\">\n\t\t\t\t<div class=\"elementor-widget-container\">\n\t\t\t\t\t<script>\n\n\ndocument.addEventListener('DOMContentLoaded', function() {\n\n    var buttons = document.querySelectorAll('.elementor-button');\n\n    buttons.forEach(function(button) {\n    \n        if (button.getAttribute('href') === '#') {\n            button.addEventListener('click', function(e) {\n          \n                e.preventDefault();\n            });\n        }\n    });\n});\n\n\n<\/script>\n\n\t\t\t\t<\/div>\n\t\t\t\t<\/div>\n\t\t\t\t<div class=\"elementor-element elementor-element-3758426 elementor-widget elementor-widget-text-editor\" data-id=\"3758426\" data-element_type=\"widget\" data-e-type=\"widget\" data-widget_type=\"text-editor.default\">\n\t\t\t\t<div class=\"elementor-widget-container\">\n\t\t\t\t\t\t\t\t\t<p style=\"text-align: left;\"><strong>Pour toute question relative aux cycles IHEDN-Jeunes contactez :\u00a0<\/strong><\/p><p><span style=\"color: #000080;\"><a style=\"color: #000080;\" href=\"mailto:seminaires_jeunes@ihedn.fr\">seminaires_jeunes@ihedn.fr<\/a><\/span><\/p><p>\u00a0<\/p>\t\t\t\t\t\t\t\t<\/div>\n\t\t\t\t<\/div>\n\t\t\t\t<\/div>\n\t\t<div data-particle_enable=\"false\" data-particle-mobile-disabled=\"false\" class=\"elementor-element elementor-element-981822a e-con-full e-flex e-con e-child\" data-id=\"981822a\" data-element_type=\"container\" data-e-type=\"container\">\n\t\t\t\t<div class=\"elementor-element elementor-element-e907763 elementor-widget elementor-widget-text-editor\" data-id=\"e907763\" data-element_type=\"widget\" data-e-type=\"widget\" data-widget_type=\"text-editor.default\">\n\t\t\t\t<div class=\"elementor-widget-container\">\n\t\t\t\t\t\t\t\t\t<p>Derni\u00e8re modification le :<\/p>\t\t\t\t\t\t\t\t<\/div>\n\t\t\t\t<\/div>\n\t\t\t\t<div class=\"elementor-element elementor-element-6cf64c3 elementor-widget elementor-widget-text-editor\" data-id=\"6cf64c3\" data-element_type=\"widget\" data-e-type=\"widget\" data-widget_type=\"text-editor.default\">\n\t\t\t\t<div class=\"elementor-widget-container\">\n\t\t\t\t\t\t\t\t\t27 March 2026\t\t\t\t\t\t\t\t<\/div>\n\t\t\t\t<\/div>\n\t\t\t\t<\/div>\n\t\t\t\t<\/div>\n\t\t<div data-particle_enable=\"false\" data-particle-mobile-disabled=\"false\" class=\"elementor-element elementor-element-6473e9a e-con-full elementor-hidden-tablet elementor-hidden-mobile anchor-wrapper e-flex e-con e-parent\" data-id=\"6473e9a\" data-element_type=\"container\" data-e-type=\"container\" data-settings=\"{&quot;position&quot;:&quot;fixed&quot;}\">\n\t\t\t\t<div class=\"elementor-element elementor-element-d7e0344 link elementor-widget elementor-widget-jet-listing-dynamic-link\" data-id=\"d7e0344\" data-element_type=\"widget\" data-e-type=\"widget\" data-widget_type=\"jet-listing-dynamic-link.default\">\n\t\t\t\t<div class=\"elementor-widget-container\">\n\t\t\t\t\t<div class=\"jet-listing jet-listing-dynamic-link\"><a href=\"https:\/\/ihedn.fr\/en\/se-former\/cycles-ihedn-jeunes\/#objectifs\" class=\"jet-listing-dynamic-link__link\"><span class=\"jet-listing-dynamic-link__label\">Objectifs et int\u00e9r\u00eats<\/span><\/a><\/div>\t\t\t\t<\/div>\n\t\t\t\t<\/div>\n\t\t\t\t<div class=\"elementor-element elementor-element-a4aa7c2 link elementor-widget elementor-widget-jet-listing-dynamic-link\" data-id=\"a4aa7c2\" data-element_type=\"widget\" data-e-type=\"widget\" data-widget_type=\"jet-listing-dynamic-link.default\">\n\t\t\t\t<div class=\"elementor-widget-container\">\n\t\t\t\t\t<div class=\"jet-listing jet-listing-dynamic-link\"><a href=\"https:\/\/ihedn.fr\/en\/se-former\/cycles-ihedn-jeunes\/#organisation\" class=\"jet-listing-dynamic-link__link\"><span class=\"jet-listing-dynamic-link__label\">Organisation<\/span><\/a><\/div>\t\t\t\t<\/div>\n\t\t\t\t<\/div>\n\t\t\t\t<div class=\"elementor-element elementor-element-d84ab35 link elementor-widget elementor-widget-jet-listing-dynamic-link\" data-id=\"d84ab35\" data-element_type=\"widget\" data-e-type=\"widget\" data-widget_type=\"jet-listing-dynamic-link.default\">\n\t\t\t\t<div class=\"elementor-widget-container\">\n\t\t\t\t\t<div class=\"jet-listing jet-listing-dynamic-link\"><a href=\"https:\/\/ihedn.fr\/en\/se-former\/cycles-ihedn-jeunes\/#format\" class=\"jet-listing-dynamic-link__link\"><span class=\"jet-listing-dynamic-link__label\">Format p\u00e9dagogique<\/span><\/a><\/div>\t\t\t\t<\/div>\n\t\t\t\t<\/div>\n\t\t\t\t<div class=\"elementor-element elementor-element-5135d25 link elementor-widget elementor-widget-jet-listing-dynamic-link\" data-id=\"5135d25\" data-element_type=\"widget\" data-e-type=\"widget\" data-widget_type=\"jet-listing-dynamic-link.default\">\n\t\t\t\t<div class=\"elementor-widget-container\">\n\t\t\t\t\t<div class=\"jet-listing jet-listing-dynamic-link\"><a href=\"https:\/\/ihedn.fr\/en\/se-former\/cycles-ihedn-jeunes\/#auditeur\" class=\"jet-listing-dynamic-link__link\"><span class=\"jet-listing-dynamic-link__label\">Devenir auditeur<\/span><\/a><\/div>\t\t\t\t<\/div>\n\t\t\t\t<\/div>\n\t\t\t\t<div class=\"elementor-element elementor-element-5c3fd7a elementor-widget__width-auto link elementor-widget elementor-widget-jet-listing-dynamic-link\" data-id=\"5c3fd7a\" data-element_type=\"widget\" data-e-type=\"widget\" data-widget_type=\"jet-listing-dynamic-link.default\">\n\t\t\t\t<div class=\"elementor-widget-container\">\n\t\t\t\t\t<div class=\"jet-listing jet-listing-dynamic-link\"><a href=\"https:\/\/ihedn.fr\/en\/se-former\/cycles-ihedn-jeunes\/#evaluation\" class=\"jet-listing-dynamic-link__link\"><span class=\"jet-listing-dynamic-link__label\">\u00c9valuation de la formation<\/span><\/a><\/div>\t\t\t\t<\/div>\n\t\t\t\t<\/div>\n\t\t\t\t<div class=\"elementor-element elementor-element-162ff03 link elementor-widget elementor-widget-jet-listing-dynamic-link\" data-id=\"162ff03\" data-element_type=\"widget\" data-e-type=\"widget\" data-widget_type=\"jet-listing-dynamic-link.default\">\n\t\t\t\t<div class=\"elementor-widget-container\">\n\t\t\t\t\t<div class=\"jet-listing jet-listing-dynamic-link\"><a href=\"https:\/\/ihedn.fr\/en\/se-former\/cycles-ihedn-jeunes\/#cycles\" class=\"jet-listing-dynamic-link__link\"><span class=\"jet-listing-dynamic-link__label\">Prochains cycles<\/span><\/a><\/div>\t\t\t\t<\/div>\n\t\t\t\t<\/div>\n\t\t\t\t<div class=\"elementor-element elementor-element-850fd99 link elementor-widget elementor-widget-jet-listing-dynamic-link\" data-id=\"850fd99\" data-element_type=\"widget\" data-e-type=\"widget\" data-widget_type=\"jet-listing-dynamic-link.default\">\n\t\t\t\t<div class=\"elementor-widget-container\">\n\t\t\t\t\t<div class=\"jet-listing jet-listing-dynamic-link\"><a href=\"https:\/\/ihedn.fr\/en\/se-former\/cycles-ihedn-jeunes\/#contact\" class=\"jet-listing-dynamic-link__link\"><span class=\"jet-listing-dynamic-link__label\">Contact<\/span><\/a><\/div>\t\t\t\t<\/div>\n\t\t\t\t<\/div>\n\t\t\t\t<\/div>\n\t\t\t\t<\/div>\n\t\t","protected":false},"excerpt":{"rendered":"<p>Les cycles ihedn-jeunes Une semaine au c\u0153ur de la d\u00e9fense nationale L\u2019Institut des hautes \u00e9tudes de d\u00e9fense nationale est une institution de formation, de r\u00e9flexion et de d\u00e9bats de haut niveau sur les questions de d\u00e9fense militaire, de d\u00e9fense nationale, de s\u00e9curit\u00e9 nationale et de s\u00e9curit\u00e9 internationale, ouverte sur le monde et ancr\u00e9e dans l\u2019espace [&hellip;]<\/p>\n","protected":false},"author":10,"featured_media":0,"parent":471,"menu_order":0,"comment_status":"closed","ping_status":"closed","template":"","meta":{"footnotes":""},"class_list":["post-50279","page","type-page","status-publish","hentry"],"yoast_head":"<!-- This site is optimized with the Yoast SEO plugin v27.5 - https:\/\/yoast.com\/product\/yoast-seo-wordpress\/ -->\n<title>Cycles IHEDN-jeunes - L&#039;IHEDN : Institut des hautes \u00e9tudes de d\u00e9fense nationale<\/title>\n<meta name=\"description\" content=\"D\u00e9couvrez les cycles IHEDN-Jeunes, une formation d&#039;excellence pour les 20-30 ans, d\u00e9di\u00e9e aux enjeux de d\u00e9fense, de s\u00e9curit\u00e9 et de relations internationales. Engagez-vous dans la r\u00e9flexion strat\u00e9gique de demain !\" \/>\n<meta name=\"robots\" content=\"index, follow, max-snippet:-1, max-image-preview:large, max-video-preview:-1\" \/>\n<link rel=\"canonical\" href=\"https:\/\/ihedn.fr\/en\/se-former\/cycles-ihedn-jeunes\/\" \/>\n<meta property=\"og:locale\" content=\"en_GB\" \/>\n<meta property=\"og:type\" content=\"article\" \/>\n<meta property=\"og:title\" content=\"L&#039;IHEDN : Institut des hautes \u00e9tudes de d\u00e9fense nationale\" \/>\n<meta property=\"og:description\" content=\"D\u00e9couvrez les cycles IHEDN-Jeunes, une formation d&#039;excellence pour les 20-30 ans, d\u00e9di\u00e9e aux enjeux de d\u00e9fense, de s\u00e9curit\u00e9 et de relations internationales. Engagez-vous dans la r\u00e9flexion strat\u00e9gique de demain !\" \/>\n<meta property=\"og:url\" content=\"https:\/\/ihedn.fr\/en\/se-former\/cycles-ihedn-jeunes\/\" \/>\n<meta property=\"og:site_name\" content=\"L&#039;IHEDN : Institut des hautes \u00e9tudes de d\u00e9fense nationale\" \/>\n<meta property=\"article:publisher\" content=\"https:\/\/www.facebook.com\/ihedn\/\" \/>\n<meta property=\"article:modified_time\" content=\"2026-03-27T07:50:13+00:00\" \/>\n<meta name=\"twitter:card\" content=\"summary_large_image\" \/>\n<meta name=\"twitter:title\" content=\"L&#039;IHEDN : Institut des hautes \u00e9tudes de d\u00e9fense nationale\" \/>\n<meta name=\"twitter:description\" content=\"D\u00e9couvrez les cycles IHEDN-Jeunes, une formation d&#039;excellence pour les 20-30 ans, d\u00e9di\u00e9e aux enjeux de d\u00e9fense, de s\u00e9curit\u00e9 et de relations internationales. Engagez-vous dans la r\u00e9flexion strat\u00e9gique de demain !\" \/>\n<meta name=\"twitter:site\" content=\"@IHEDN\" \/>\n<meta name=\"twitter:label1\" content=\"Estimated reading time\" \/>\n\t<meta name=\"twitter:data1\" content=\"10 minutes\" \/>\n<script type=\"application\/ld+json\" class=\"yoast-schema-graph\">{\"@context\":\"https:\\\/\\\/schema.org\",\"@graph\":[{\"@type\":\"WebPage\",\"@id\":\"https:\\\/\\\/ihedn.fr\\\/se-former\\\/cycles-ihedn-jeunes\\\/\",\"url\":\"https:\\\/\\\/ihedn.fr\\\/se-former\\\/cycles-ihedn-jeunes\\\/\",\"name\":\"Cycles IHEDN-jeunes - L&#039;IHEDN : Institut des hautes \u00e9tudes de d\u00e9fense nationale\",\"isPartOf\":{\"@id\":\"https:\\\/\\\/ihedn.fr\\\/#website\"},\"datePublished\":\"2024-09-25T09:28:47+00:00\",\"dateModified\":\"2026-03-27T07:50:13+00:00\",\"description\":\"D\u00e9couvrez les cycles IHEDN-Jeunes, une formation d'excellence pour les 20-30 ans, d\u00e9di\u00e9e aux enjeux de d\u00e9fense, de s\u00e9curit\u00e9 et de relations internationales. Engagez-vous dans la r\u00e9flexion strat\u00e9gique de demain !\",\"breadcrumb\":{\"@id\":\"https:\\\/\\\/ihedn.fr\\\/se-former\\\/cycles-ihedn-jeunes\\\/#breadcrumb\"},\"inLanguage\":\"en-GB\",\"potentialAction\":[{\"@type\":\"ReadAction\",\"target\":[\"https:\\\/\\\/ihedn.fr\\\/se-former\\\/cycles-ihedn-jeunes\\\/\"]}]},{\"@type\":\"BreadcrumbList\",\"@id\":\"https:\\\/\\\/ihedn.fr\\\/se-former\\\/cycles-ihedn-jeunes\\\/#breadcrumb\",\"itemListElement\":[{\"@type\":\"ListItem\",\"position\":1,\"name\":\"Accueil\",\"item\":\"https:\\\/\\\/ihedn.fr\\\/\"},{\"@type\":\"ListItem\",\"position\":2,\"name\":\"Se former\",\"item\":\"https:\\\/\\\/ihedn.fr\\\/se-former\\\/\"},{\"@type\":\"ListItem\",\"position\":3,\"name\":\"Cycles IHEDN-jeunes\"}]},{\"@type\":\"WebSite\",\"@id\":\"https:\\\/\\\/ihedn.fr\\\/#website\",\"url\":\"https:\\\/\\\/ihedn.fr\\\/\",\"name\":\"IHEDN : Institut des hautes \u00e9tudes de d\u00e9fense nationale |\",\"description\":\"Site officiel de l&#039;IHEDN plac\u00e9 sous la tutelle du Premier ministre.\",\"publisher\":{\"@id\":\"https:\\\/\\\/ihedn.fr\\\/#organization\"},\"potentialAction\":[{\"@type\":\"SearchAction\",\"target\":{\"@type\":\"EntryPoint\",\"urlTemplate\":\"https:\\\/\\\/ihedn.fr\\\/?s={search_term_string}\"},\"query-input\":{\"@type\":\"PropertyValueSpecification\",\"valueRequired\":true,\"valueName\":\"search_term_string\"}}],\"inLanguage\":\"en-GB\"},{\"@type\":\"Organization\",\"@id\":\"https:\\\/\\\/ihedn.fr\\\/#organization\",\"name\":\"IHEDN - Institut des Hautes Etudes de D\u00e9fense Nationale\",\"url\":\"https:\\\/\\\/ihedn.fr\\\/\",\"logo\":{\"@type\":\"ImageObject\",\"inLanguage\":\"en-GB\",\"@id\":\"https:\\\/\\\/ihedn.fr\\\/#\\\/schema\\\/logo\\\/image\\\/\",\"url\":\"https:\\\/\\\/ihedn.fr\\\/wp-content\\\/uploads\\\/2020\\\/11\\\/BLOC_RF_IHEDN_WEB.png\",\"contentUrl\":\"https:\\\/\\\/ihedn.fr\\\/wp-content\\\/uploads\\\/2020\\\/11\\\/BLOC_RF_IHEDN_WEB.png\",\"width\":500,\"height\":237,\"caption\":\"IHEDN - Institut des Hautes Etudes de D\u00e9fense Nationale\"},\"image\":{\"@id\":\"https:\\\/\\\/ihedn.fr\\\/#\\\/schema\\\/logo\\\/image\\\/\"},\"sameAs\":[\"https:\\\/\\\/www.facebook.com\\\/ihedn\\\/\",\"https:\\\/\\\/x.com\\\/IHEDN\",\"https:\\\/\\\/www.instagram.com\\\/ihedn\\\/\",\"https:\\\/\\\/www.linkedin.com\\\/school\\\/ihedn\\\/\",\"https:\\\/\\\/fr.wikipedia.org\\\/wiki\\\/Institut_des_hautes_\u00e9tudes_de_D\u00e9fense_nationale\"]}]}<\/script>\n<!-- \/ Yoast SEO plugin. -->","yoast_head_json":{"title":"Cycles IHEDN-jeunes - IHEDN : Institute for Advanced Studies in National Defence","description":"Discover the IHEDN-Youth cycles, an excellent training programme for 20-30 year-olds, dedicated to defence, security and international relations issues. Get involved in tomorrow's strategic thinking!","robots":{"index":"index","follow":"follow","max-snippet":"max-snippet:-1","max-image-preview":"max-image-preview:large","max-video-preview":"max-video-preview:-1"},"canonical":"https:\/\/ihedn.fr\/en\/se-former\/cycles-ihedn-jeunes\/","og_locale":"en_GB","og_type":"article","og_title":"L&#039;IHEDN : Institut des hautes \u00e9tudes de d\u00e9fense nationale","og_description":"D\u00e9couvrez les cycles IHEDN-Jeunes, une formation d'excellence pour les 20-30 ans, d\u00e9di\u00e9e aux enjeux de d\u00e9fense, de s\u00e9curit\u00e9 et de relations internationales. Engagez-vous dans la r\u00e9flexion strat\u00e9gique de demain !","og_url":"https:\/\/ihedn.fr\/en\/se-former\/cycles-ihedn-jeunes\/","og_site_name":"L&#039;IHEDN : Institut des hautes \u00e9tudes de d\u00e9fense nationale","article_publisher":"https:\/\/www.facebook.com\/ihedn\/","article_modified_time":"2026-03-27T07:50:13+00:00","twitter_card":"summary_large_image","twitter_title":"L&#039;IHEDN : Institut des hautes \u00e9tudes de d\u00e9fense nationale","twitter_description":"D\u00e9couvrez les cycles IHEDN-Jeunes, une formation d'excellence pour les 20-30 ans, d\u00e9di\u00e9e aux enjeux de d\u00e9fense, de s\u00e9curit\u00e9 et de relations internationales. Engagez-vous dans la r\u00e9flexion strat\u00e9gique de demain !","twitter_site":"@IHEDN","twitter_misc":{"Estimated reading time":"10 minutes"},"schema":{"@context":"https:\/\/schema.org","@graph":[{"@type":"WebPage","@id":"https:\/\/ihedn.fr\/se-former\/cycles-ihedn-jeunes\/","url":"https:\/\/ihedn.fr\/se-former\/cycles-ihedn-jeunes\/","name":"Cycles IHEDN-jeunes - IHEDN : Institute for Advanced Studies in National Defence","isPartOf":{"@id":"https:\/\/ihedn.fr\/#website"},"datePublished":"2024-09-25T09:28:47+00:00","dateModified":"2026-03-27T07:50:13+00:00","description":"Discover the IHEDN-Youth cycles, an excellent training programme for 20-30 year-olds, dedicated to defence, security and international relations issues. Get involved in tomorrow's strategic thinking!","breadcrumb":{"@id":"https:\/\/ihedn.fr\/se-former\/cycles-ihedn-jeunes\/#breadcrumb"},"inLanguage":"en-GB","potentialAction":[{"@type":"ReadAction","target":["https:\/\/ihedn.fr\/se-former\/cycles-ihedn-jeunes\/"]}]},{"@type":"BreadcrumbList","@id":"https:\/\/ihedn.fr\/se-former\/cycles-ihedn-jeunes\/#breadcrumb","itemListElement":[{"@type":"ListItem","position":1,"name":"Accueil","item":"https:\/\/ihedn.fr\/"},{"@type":"ListItem","position":2,"name":"Se former","item":"https:\/\/ihedn.fr\/se-former\/"},{"@type":"ListItem","position":3,"name":"Cycles IHEDN-jeunes"}]},{"@type":"WebSite","@id":"https:\/\/ihedn.fr\/#website","url":"https:\/\/ihedn.fr\/","name":"IHEDN: Institut des hautes \u00e9tudes de d\u00e9fense nationale (Institute for Higher National Defence Studies)","description":"Official website of the IHEDN under the supervision of the Prime Minister.","publisher":{"@id":"https:\/\/ihedn.fr\/#organization"},"potentialAction":[{"@type":"SearchAction","target":{"@type":"EntryPoint","urlTemplate":"https:\/\/ihedn.fr\/?s={search_term_string}"},"query-input":{"@type":"PropertyValueSpecification","valueRequired":true,"valueName":"search_term_string"}}],"inLanguage":"en-GB"},{"@type":"Organization","@id":"https:\/\/ihedn.fr\/#organization","name":"IHEDN - Institute for Higher National Defence Studies","url":"https:\/\/ihedn.fr\/","logo":{"@type":"ImageObject","inLanguage":"en-GB","@id":"https:\/\/ihedn.fr\/#\/schema\/logo\/image\/","url":"https:\/\/ihedn.fr\/wp-content\/uploads\/2020\/11\/BLOC_RF_IHEDN_WEB.png","contentUrl":"https:\/\/ihedn.fr\/wp-content\/uploads\/2020\/11\/BLOC_RF_IHEDN_WEB.png","width":500,"height":237,"caption":"IHEDN - Institut des Hautes Etudes de D\u00e9fense Nationale"},"image":{"@id":"https:\/\/ihedn.fr\/#\/schema\/logo\/image\/"},"sameAs":["https:\/\/www.facebook.com\/ihedn\/","https:\/\/x.com\/IHEDN","https:\/\/www.instagram.com\/ihedn\/","https:\/\/www.linkedin.com\/school\/ihedn\/","https:\/\/fr.wikipedia.org\/wiki\/Institut_des_hautes_\u00e9tudes_de_D\u00e9fense_nationale"]}]}},"publishpress_future_action":{"enabled":false,"date":"2026-05-06 10:21:45","action":"change-status","newStatus":"draft","terms":[],"taxonomy":"","extraData":[]},"publishpress_future_workflow_manual_trigger":{"enabledWorkflows":[]},"_links":{"self":[{"href":"https:\/\/ihedn.fr\/en\/wp-json\/wp\/v2\/pages\/50279","targetHints":{"allow":["GET"]}}],"collection":[{"href":"https:\/\/ihedn.fr\/en\/wp-json\/wp\/v2\/pages"}],"about":[{"href":"https:\/\/ihedn.fr\/en\/wp-json\/wp\/v2\/types\/page"}],"author":[{"embeddable":true,"href":"https:\/\/ihedn.fr\/en\/wp-json\/wp\/v2\/users\/10"}],"replies":[{"embeddable":true,"href":"https:\/\/ihedn.fr\/en\/wp-json\/wp\/v2\/comments?post=50279"}],"version-history":[{"count":387,"href":"https:\/\/ihedn.fr\/en\/wp-json\/wp\/v2\/pages\/50279\/revisions"}],"predecessor-version":[{"id":59123,"href":"https:\/\/ihedn.fr\/en\/wp-json\/wp\/v2\/pages\/50279\/revisions\/59123"}],"up":[{"embeddable":true,"href":"https:\/\/ihedn.fr\/en\/wp-json\/wp\/v2\/pages\/471"}],"wp:attachment":[{"href":"https:\/\/ihedn.fr\/en\/wp-json\/wp\/v2\/media?parent=50279"}],"curies":[{"name":"wp","href":"https:\/\/api.w.org\/{rel}","templated":true}]}}