{"id":51638,"date":"2024-12-04T10:45:43","date_gmt":"2024-12-04T09:45:43","guid":{"rendered":"https:\/\/ihedn.fr\/?page_id=51638"},"modified":"2026-03-17T09:16:25","modified_gmt":"2026-03-17T08:16:25","slug":"majeure-politique-de-defense-poldef","status":"publish","type":"page","link":"https:\/\/ihedn.fr\/en\/se-former\/session-nationale\/majeure-politique-de-defense-poldef\/","title":{"rendered":"Defence Policy Major (POLDEF)"},"content":{"rendered":"<div data-elementor-type=\"wp-page\" data-elementor-id=\"51638\" class=\"elementor elementor-51638\" data-elementor-post-type=\"page\">\n\t\t\t\t<div data-particle_enable=\"false\" data-particle-mobile-disabled=\"false\" class=\"elementor-element elementor-element-d874ec5 e-con-full e-flex e-con e-child\" data-id=\"d874ec5\" data-element_type=\"container\" data-e-type=\"container\">\n\t\t\t\t<div class=\"elementor-element elementor-element-b521aa2 elementor-widget__width-inherit elementor-widget-tablet__width-initial elementor-widget elementor-widget-heading\" data-id=\"b521aa2\" data-element_type=\"widget\" data-e-type=\"widget\" data-widget_type=\"heading.default\">\n\t\t\t\t<div class=\"elementor-widget-container\">\n\t\t\t\t\t<h1 class=\"elementor-heading-title elementor-size-default\">Defence Policy Major<\/h1>\t\t\t\t<\/div>\n\t\t\t\t<\/div>\n\t\t\t\t<div class=\"elementor-element elementor-element-e916770 elementor-widget-divider--view-line elementor-invisible elementor-widget elementor-widget-divider\" data-id=\"e916770\" data-element_type=\"widget\" data-e-type=\"widget\" data-settings=\"{&quot;_animation&quot;:&quot;fadeInUp&quot;,&quot;_animation_delay&quot;:100}\" data-widget_type=\"divider.default\">\n\t\t\t\t<div class=\"elementor-widget-container\">\n\t\t\t\t\t\t\t<div class=\"elementor-divider\">\n\t\t\t<span class=\"elementor-divider-separator\">\n\t\t\t\t\t\t<\/span>\n\t\t<\/div>\n\t\t\t\t\t\t<\/div>\n\t\t\t\t<\/div>\n\t\t<div data-particle_enable=\"false\" data-particle-mobile-disabled=\"false\" class=\"elementor-element elementor-element-eaa9a4c e-flex e-con-boxed e-con e-child\" data-id=\"eaa9a4c\" data-element_type=\"container\" data-e-type=\"container\">\n\t\t\t\t\t<div class=\"e-con-inner\">\n\t\t\t\t<div class=\"elementor-element elementor-element-089dfa1 elementor-align-left elementor-widget elementor-widget-breadcrumbs\" data-id=\"089dfa1\" data-element_type=\"widget\" data-e-type=\"widget\" data-widget_type=\"breadcrumbs.default\">\n\t\t\t\t<div class=\"elementor-widget-container\">\n\t\t\t\t\t<p id=\"breadcrumbs\"><span><span><a href=\"https:\/\/ihedn.fr\/en\/\">Home<\/a><\/span><\/span><\/p>\t\t\t\t<\/div>\n\t\t\t\t<\/div>\n\t\t\t\t\t<\/div>\n\t\t\t\t<\/div>\n\t\t\t\t<\/div>\n\t\t<div data-particle_enable=\"false\" data-particle-mobile-disabled=\"false\" class=\"elementor-element elementor-element-a1b9485 e-con-full e-flex e-con e-parent\" data-id=\"a1b9485\" data-element_type=\"container\" data-e-type=\"container\">\n\t\t\t\t<div class=\"elementor-element elementor-element-64f2b8b elementor-widget elementor-widget-text-editor\" data-id=\"64f2b8b\" data-element_type=\"widget\" data-e-type=\"widget\" data-widget_type=\"text-editor.default\">\n\t\t\t\t<div class=\"elementor-widget-container\">\n\t\t\t\t\t\t\t\t\t<p style=\"text-align: left;\"><span style=\"color: #000091;\">Aimed at a wide audience of high-level decision-makers wishing to enhance their skills in the strategic challenges of defence and security policy.\u00a0<\/span><\/p>\t\t\t\t\t\t\t\t<\/div>\n\t\t\t\t<\/div>\n\t\t\t\t<\/div>\n\t\t<div data-particle_enable=\"false\" data-particle-mobile-disabled=\"false\" class=\"elementor-element elementor-element-2883fcf e-flex e-con-boxed e-con e-parent\" data-id=\"2883fcf\" data-element_type=\"container\" data-e-type=\"container\">\n\t\t\t\t\t<div class=\"e-con-inner\">\n\t\t\t\t<div class=\"elementor-element elementor-element-19b17af elementor-widget elementor-widget-heading\" data-id=\"19b17af\" data-element_type=\"widget\" data-e-type=\"widget\" data-widget_type=\"heading.default\">\n\t\t\t\t<div class=\"elementor-widget-container\">\n\t\t\t\t\t<h2 class=\"elementor-heading-title elementor-size-default\">Issues<\/h2>\t\t\t\t<\/div>\n\t\t\t\t<\/div>\n\t\t\t\t<div class=\"elementor-element elementor-element-ba3ef9e elementor-widget elementor-widget-text-editor\" data-id=\"ba3ef9e\" data-element_type=\"widget\" data-e-type=\"widget\" data-widget_type=\"text-editor.default\">\n\t\t\t\t<div class=\"elementor-widget-container\">\n\t\t\t\t\t\t\t\t\t<p style=\"text-align: left;\">This major enables students to decipher the interplay of actors that determines the development of these policies and to question the ability of states to identify emerging threats. The course is part of a forward-looking approach and aims to place reflection in the broader perspective of a new European security architecture. It contributes to the development and improvement of the auditors' skills, which are useful in the exercise of their responsibilities.<\/p>\t\t\t\t\t\t\t\t<\/div>\n\t\t\t\t<\/div>\n\t\t\t\t\t<\/div>\n\t\t\t\t<\/div>\n\t\t<div data-particle_enable=\"false\" data-particle-mobile-disabled=\"false\" class=\"elementor-element elementor-element-cdd01b4 e-flex e-con-boxed e-con e-parent\" data-id=\"cdd01b4\" data-element_type=\"container\" data-e-type=\"container\">\n\t\t\t\t\t<div class=\"e-con-inner\">\n\t\t\t\t<div class=\"elementor-element elementor-element-be06a8e elementor-widget elementor-widget-heading\" data-id=\"be06a8e\" data-element_type=\"widget\" data-e-type=\"widget\" data-widget_type=\"heading.default\">\n\t\t\t\t<div class=\"elementor-widget-container\">\n\t\t\t\t\t<h2 class=\"elementor-heading-title elementor-size-default\">Objectives<\/h2>\t\t\t\t<\/div>\n\t\t\t\t<\/div>\n\t\t\t\t<div class=\"elementor-element elementor-element-dad0599 elementor-widget elementor-widget-text-editor\" data-id=\"dad0599\" data-element_type=\"widget\" data-e-type=\"widget\" data-widget_type=\"text-editor.default\">\n\t\t\t\t<div class=\"elementor-widget-container\">\n\t\t\t\t\t\t\t\t\t<p style=\"text-align: left;\">The 'Defence Policy' major is a top-class course that examines the foundations of defence policy while placing it in the context of the international and strategic environment. Through the contributions of leading practitioners and experts in their fields, students will be able to :<\/p><ul><li style=\"text-align: left;\">deepen their knowledge of France's defence system, the organisation of the armed forces and the operational challenges they face;<\/li><li style=\"text-align: left;\">Understand the interdepartmental challenges of defence and security policy and the specific nature of civil-military relations;<\/li><li style=\"text-align: left;\">understand the changes in the international context, the interplay of alliances and partnerships, and analyse the adaptation of policies to the challenges;<\/li><li style=\"text-align: left;\">identify the main characteristics of contemporary conflicts and how they are changing in the light of technological, social and political dynamics ;<\/li><li style=\"text-align: left;\">analyse the tensions between military defence and wider national security issues, particularly in the economic sphere.<\/li><\/ul>\t\t\t\t\t\t\t\t<\/div>\n\t\t\t\t<\/div>\n\t\t\t\t\t<\/div>\n\t\t\t\t<\/div>\n\t\t<div data-particle_enable=\"false\" data-particle-mobile-disabled=\"false\" class=\"elementor-element elementor-element-5e46d98 e-flex e-con-boxed e-con e-parent\" data-id=\"5e46d98\" data-element_type=\"container\" data-e-type=\"container\">\n\t\t\t\t\t<div class=\"e-con-inner\">\n\t\t\t\t<div class=\"elementor-element elementor-element-228d9cd elementor-widget elementor-widget-heading\" data-id=\"228d9cd\" data-element_type=\"widget\" data-e-type=\"widget\" data-widget_type=\"heading.default\">\n\t\t\t\t<div class=\"elementor-widget-container\">\n\t\t\t\t\t<h2 class=\"elementor-heading-title elementor-size-default\">Course duration<\/h2>\t\t\t\t<\/div>\n\t\t\t\t<\/div>\n\t\t\t\t<div class=\"elementor-element elementor-element-3cc97c7 elementor-widget elementor-widget-text-editor\" data-id=\"3cc97c7\" data-element_type=\"widget\" data-e-type=\"widget\" data-widget_type=\"text-editor.default\">\n\t\t\t\t<div class=\"elementor-widget-container\">\n\t\t\t\t\t\t\t\t\t<p style=\"text-align: left;\">45 days<\/p>\t\t\t\t\t\t\t\t<\/div>\n\t\t\t\t<\/div>\n\t\t\t\t\t<\/div>\n\t\t\t\t<\/div>\n\t\t<div data-particle_enable=\"false\" data-particle-mobile-disabled=\"false\" class=\"elementor-element elementor-element-b4ea511 e-flex e-con-boxed e-con e-parent\" data-id=\"b4ea511\" data-element_type=\"container\" data-e-type=\"container\">\n\t\t\t\t\t<div class=\"e-con-inner\">\n\t\t\t\t<div class=\"elementor-element elementor-element-5219fab elementor-widget-divider--view-line elementor-widget elementor-widget-divider\" data-id=\"5219fab\" data-element_type=\"widget\" data-e-type=\"widget\" data-widget_type=\"divider.default\">\n\t\t\t\t<div class=\"elementor-widget-container\">\n\t\t\t\t\t\t\t<div class=\"elementor-divider\">\n\t\t\t<span class=\"elementor-divider-separator\">\n\t\t\t\t\t\t<\/span>\n\t\t<\/div>\n\t\t\t\t\t\t<\/div>\n\t\t\t\t<\/div>\n\t\t\t\t<div class=\"elementor-element elementor-element-cc90b23 elementor-widget elementor-widget-heading\" data-id=\"cc90b23\" data-element_type=\"widget\" data-e-type=\"widget\" data-widget_type=\"heading.default\">\n\t\t\t\t<div class=\"elementor-widget-container\">\n\t\t\t\t\t<h2 class=\"elementor-heading-title elementor-size-default\">Contact<\/h2>\t\t\t\t<\/div>\n\t\t\t\t<\/div>\n\t\t\t\t\t<\/div>\n\t\t\t\t<\/div>\n\t\t<div data-particle_enable=\"false\" data-particle-mobile-disabled=\"false\" class=\"elementor-element elementor-element-2987e6a e-flex e-con-boxed e-con e-parent\" data-id=\"2987e6a\" data-element_type=\"container\" data-e-type=\"container\">\n\t\t\t\t\t<div class=\"e-con-inner\">\n\t\t<div data-particle_enable=\"false\" data-particle-mobile-disabled=\"false\" class=\"elementor-element elementor-element-707201b e-con-full e-flex e-con e-child\" data-id=\"707201b\" data-element_type=\"container\" data-e-type=\"container\">\n\t\t\t\t<div class=\"elementor-element elementor-element-5804032 elementor-widget elementor-widget-text-editor\" data-id=\"5804032\" data-element_type=\"widget\" data-e-type=\"widget\" data-widget_type=\"text-editor.default\">\n\t\t\t\t<div class=\"elementor-widget-container\">\n\t\t\t\t\t\t\t\t\t<p style=\"text-align: center;\">If you have any questions about rates or the recruitment process:<\/p><p style=\"text-align: center;\"><a href=\"mailto:recrutement.auditeurs@ihedn.fr\"><strong>recrutement.auditeurs@ihedn.fr<\/strong><\/a><\/p>\t\t\t\t\t\t\t\t<\/div>\n\t\t\t\t<\/div>\n\t\t\t\t<\/div>\n\t\t<div data-particle_enable=\"false\" data-particle-mobile-disabled=\"false\" class=\"elementor-element elementor-element-173bf0a e-con-full e-flex e-con e-child\" data-id=\"173bf0a\" data-element_type=\"container\" data-e-type=\"container\">\n\t\t\t\t<div class=\"elementor-element elementor-element-d0ee129 elementor-widget elementor-widget-text-editor\" data-id=\"d0ee129\" data-element_type=\"widget\" data-e-type=\"widget\" data-widget_type=\"text-editor.default\">\n\t\t\t\t<div class=\"elementor-widget-container\">\n\t\t\t\t\t\t\t\t\t<p style=\"text-align: center;\">For all questions relating to the organisation and content of the major :<\/p><p style=\"text-align: center;\"><a href=\"mailto:poldef@ihedn.fr\"><strong>poldef@ihedn.fr<\/strong><\/a><\/p>\t\t\t\t\t\t\t\t<\/div>\n\t\t\t\t<\/div>\n\t\t\t\t<\/div>\n\t\t\t\t\t<\/div>\n\t\t\t\t<\/div>\n\t\t<div data-particle_enable=\"false\" data-particle-mobile-disabled=\"false\" class=\"elementor-element elementor-element-3f07f49 elementor-hidden-desktop elementor-hidden-tablet elementor-hidden-mobile e-flex e-con-boxed e-con e-parent\" data-id=\"3f07f49\" data-element_type=\"container\" data-e-type=\"container\">\n\t\t\t\t\t<div class=\"e-con-inner\">\n\t\t\t\t<div class=\"elementor-element elementor-element-ac1b349 elementor-align-center elementor-widget__width-initial elementor-widget elementor-widget-button\" data-id=\"ac1b349\" data-element_type=\"widget\" data-e-type=\"widget\" data-widget_type=\"button.default\">\n\t\t\t\t<div class=\"elementor-widget-container\">\n\t\t\t\t\t\t\t\t\t<div class=\"elementor-button-wrapper\">\n\t\t\t\t\t<a class=\"elementor-button elementor-button-link elementor-size-xs\" href=\"https:\/\/demarche.numerique.gouv.fr\/commencer\/candidature-pour-la-session-nationale-de-l-ihedn-2027\" target=\"_blank\">\n\t\t\t\t\t\t<span class=\"elementor-button-content-wrapper\">\n\t\t\t\t\t\t\t\t\t<span class=\"elementor-button-text\">I would like to apply<\/span>\n\t\t\t\t\t<\/span>\n\t\t\t\t\t<\/a>\n\t\t\t\t<\/div>\n\t\t\t\t\t\t\t\t<\/div>\n\t\t\t\t<\/div>\n\t\t\t\t\t<\/div>\n\t\t\t\t<\/div>\n\t\t<div data-particle_enable=\"false\" data-particle-mobile-disabled=\"false\" class=\"elementor-element elementor-element-28bd2d6 e-con-full e-flex e-con e-child\" data-id=\"28bd2d6\" data-element_type=\"container\" data-e-type=\"container\">\n\t\t\t\t<div class=\"elementor-element elementor-element-280192f elementor-widget elementor-widget-text-editor\" data-id=\"280192f\" data-element_type=\"widget\" data-e-type=\"widget\" data-widget_type=\"text-editor.default\">\n\t\t\t\t<div class=\"elementor-widget-container\">\n\t\t\t\t\t\t\t\t\t<p>Last modified on :<\/p>\t\t\t\t\t\t\t\t<\/div>\n\t\t\t\t<\/div>\n\t\t\t\t<div class=\"elementor-element elementor-element-f375b1e elementor-widget elementor-widget-text-editor\" data-id=\"f375b1e\" data-element_type=\"widget\" data-e-type=\"widget\" data-widget_type=\"text-editor.default\">\n\t\t\t\t<div class=\"elementor-widget-container\">\n\t\t\t\t\t\t\t\t\t17 March 2026\t\t\t\t\t\t\t\t<\/div>\n\t\t\t\t<\/div>\n\t\t\t\t<\/div>\n\t\t\t\t<\/div>","protected":false},"excerpt":{"rendered":"<p>Majeure politique de d\u00e9fense S&rsquo;adresse \u00e0 un large public de responsables de haut niveau souhaitant enrichir leurs comp\u00e9tences sur les enjeux strat\u00e9giques de la politique de d\u00e9fense et de s\u00e9curit\u00e9.\u00a0 Enjeux Cette majeure permet aux auditeurs de d\u00e9crypter les jeux d\u2019acteurs qui d\u00e9terminent l\u2019\u00e9laboration de ces politiques et de s\u2019interroger sur la capacit\u00e9 des \u00c9tats [&hellip;]<\/p>\n","protected":false},"author":10,"featured_media":0,"parent":50295,"menu_order":0,"comment_status":"closed","ping_status":"closed","template":"","meta":{"footnotes":""},"class_list":["post-51638","page","type-page","status-publish","hentry"],"yoast_head":"<!-- This site is optimized with the Yoast SEO plugin v27.5 - https:\/\/yoast.com\/product\/yoast-seo-wordpress\/ -->\n<title>Majeure politique de d\u00e9fense (POLDEF) - L&#039;IHEDN : Institut des hautes \u00e9tudes de d\u00e9fense nationale<\/title>\n<meta name=\"description\" content=\"Politique de d\u00e9fense (POLDEF) est une des 5 majeures de la session nationale de l&#039;IHEDN. Elle s&#039;adresse \u00e0 un large public de responsables de haut niveau souhaitant enrichir leurs comp\u00e9tences sur les enjeux strat\u00e9giques de la politique de d\u00e9fense et de s\u00e9curit\u00e9.\u00a0\" \/>\n<meta name=\"robots\" content=\"index, follow, max-snippet:-1, max-image-preview:large, max-video-preview:-1\" \/>\n<link rel=\"canonical\" href=\"https:\/\/ihedn.fr\/en\/se-former\/session-nationale\/majeure-politique-de-defense-poldef\/\" \/>\n<meta property=\"og:locale\" content=\"en_GB\" \/>\n<meta property=\"og:type\" content=\"article\" \/>\n<meta property=\"og:title\" content=\"Majeure politique de d\u00e9fense (POLDEF) - L&#039;IHEDN : Institut des hautes \u00e9tudes de d\u00e9fense nationale\" \/>\n<meta property=\"og:description\" content=\"Politique de d\u00e9fense (POLDEF) est une des 5 majeures de la session nationale de l&#039;IHEDN. Elle s&#039;adresse \u00e0 un large public de responsables de haut niveau souhaitant enrichir leurs comp\u00e9tences sur les enjeux strat\u00e9giques de la politique de d\u00e9fense et de s\u00e9curit\u00e9.\u00a0\" \/>\n<meta property=\"og:url\" content=\"https:\/\/ihedn.fr\/en\/se-former\/session-nationale\/majeure-politique-de-defense-poldef\/\" \/>\n<meta property=\"og:site_name\" content=\"L&#039;IHEDN : Institut des hautes \u00e9tudes de d\u00e9fense nationale\" \/>\n<meta property=\"article:publisher\" content=\"https:\/\/www.facebook.com\/ihedn\/\" \/>\n<meta property=\"article:modified_time\" content=\"2026-03-17T08:16:25+00:00\" \/>\n<meta name=\"twitter:card\" content=\"summary_large_image\" \/>\n<meta name=\"twitter:site\" content=\"@IHEDN\" \/>\n<meta name=\"twitter:label1\" content=\"Estimated reading time\" \/>\n\t<meta name=\"twitter:data1\" content=\"2 minutes\" \/>\n<script type=\"application\/ld+json\" class=\"yoast-schema-graph\">{\"@context\":\"https:\\\/\\\/schema.org\",\"@graph\":[{\"@type\":\"WebPage\",\"@id\":\"https:\\\/\\\/ihedn.fr\\\/se-former\\\/session-nationale\\\/majeure-politique-de-defense-poldef\\\/\",\"url\":\"https:\\\/\\\/ihedn.fr\\\/se-former\\\/session-nationale\\\/majeure-politique-de-defense-poldef\\\/\",\"name\":\"Majeure politique de d\u00e9fense (POLDEF) - L&#039;IHEDN : Institut des hautes \u00e9tudes de d\u00e9fense nationale\",\"isPartOf\":{\"@id\":\"https:\\\/\\\/ihedn.fr\\\/#website\"},\"datePublished\":\"2024-12-04T09:45:43+00:00\",\"dateModified\":\"2026-03-17T08:16:25+00:00\",\"description\":\"Politique de d\u00e9fense (POLDEF) est une des 5 majeures de la session nationale de l'IHEDN. Elle s'adresse \u00e0 un large public de responsables de haut niveau souhaitant enrichir leurs comp\u00e9tences sur les enjeux strat\u00e9giques de la politique de d\u00e9fense et de s\u00e9curit\u00e9.\u00a0\",\"breadcrumb\":{\"@id\":\"https:\\\/\\\/ihedn.fr\\\/se-former\\\/session-nationale\\\/majeure-politique-de-defense-poldef\\\/#breadcrumb\"},\"inLanguage\":\"en-GB\",\"potentialAction\":[{\"@type\":\"ReadAction\",\"target\":[\"https:\\\/\\\/ihedn.fr\\\/se-former\\\/session-nationale\\\/majeure-politique-de-defense-poldef\\\/\"]}]},{\"@type\":\"BreadcrumbList\",\"@id\":\"https:\\\/\\\/ihedn.fr\\\/se-former\\\/session-nationale\\\/majeure-politique-de-defense-poldef\\\/#breadcrumb\",\"itemListElement\":[{\"@type\":\"ListItem\",\"position\":1,\"name\":\"Accueil\",\"item\":\"https:\\\/\\\/ihedn.fr\\\/\"},{\"@type\":\"ListItem\",\"position\":2,\"name\":\"Se former\",\"item\":\"https:\\\/\\\/ihedn.fr\\\/se-former\\\/\"},{\"@type\":\"ListItem\",\"position\":3,\"name\":\"Session nationale\",\"item\":\"https:\\\/\\\/ihedn.fr\\\/se-former\\\/session-nationale\\\/\"},{\"@type\":\"ListItem\",\"position\":4,\"name\":\"Majeure politique de d\u00e9fense (POLDEF)\"}]},{\"@type\":\"WebSite\",\"@id\":\"https:\\\/\\\/ihedn.fr\\\/#website\",\"url\":\"https:\\\/\\\/ihedn.fr\\\/\",\"name\":\"IHEDN : Institut des hautes \u00e9tudes de d\u00e9fense nationale |\",\"description\":\"Site officiel de l&#039;IHEDN plac\u00e9 sous la tutelle du Premier ministre.\",\"publisher\":{\"@id\":\"https:\\\/\\\/ihedn.fr\\\/#organization\"},\"potentialAction\":[{\"@type\":\"SearchAction\",\"target\":{\"@type\":\"EntryPoint\",\"urlTemplate\":\"https:\\\/\\\/ihedn.fr\\\/?s={search_term_string}\"},\"query-input\":{\"@type\":\"PropertyValueSpecification\",\"valueRequired\":true,\"valueName\":\"search_term_string\"}}],\"inLanguage\":\"en-GB\"},{\"@type\":\"Organization\",\"@id\":\"https:\\\/\\\/ihedn.fr\\\/#organization\",\"name\":\"IHEDN - Institut des Hautes Etudes de D\u00e9fense Nationale\",\"url\":\"https:\\\/\\\/ihedn.fr\\\/\",\"logo\":{\"@type\":\"ImageObject\",\"inLanguage\":\"en-GB\",\"@id\":\"https:\\\/\\\/ihedn.fr\\\/#\\\/schema\\\/logo\\\/image\\\/\",\"url\":\"https:\\\/\\\/ihedn.fr\\\/wp-content\\\/uploads\\\/2020\\\/11\\\/BLOC_RF_IHEDN_WEB.png\",\"contentUrl\":\"https:\\\/\\\/ihedn.fr\\\/wp-content\\\/uploads\\\/2020\\\/11\\\/BLOC_RF_IHEDN_WEB.png\",\"width\":500,\"height\":237,\"caption\":\"IHEDN - Institut des Hautes Etudes de D\u00e9fense Nationale\"},\"image\":{\"@id\":\"https:\\\/\\\/ihedn.fr\\\/#\\\/schema\\\/logo\\\/image\\\/\"},\"sameAs\":[\"https:\\\/\\\/www.facebook.com\\\/ihedn\\\/\",\"https:\\\/\\\/x.com\\\/IHEDN\",\"https:\\\/\\\/www.instagram.com\\\/ihedn\\\/\",\"https:\\\/\\\/www.linkedin.com\\\/school\\\/ihedn\\\/\",\"https:\\\/\\\/fr.wikipedia.org\\\/wiki\\\/Institut_des_hautes_\u00e9tudes_de_D\u00e9fense_nationale\"]}]}<\/script>\n<!-- \/ Yoast SEO plugin. -->","yoast_head_json":{"title":"Major in Defence Policy (POLDEF) - IHEDN: Institut des hautes \u00e9tudes de d\u00e9fense nationale (Institute for Advanced Studies in National Defence)","description":"Defence Policy (POLDEF) is one of the 5 majors of the IHEDN national session. It is aimed at a wide audience of high-level officials wishing to enhance their skills in the strategic issues of defence and security policy.\u00a0","robots":{"index":"index","follow":"follow","max-snippet":"max-snippet:-1","max-image-preview":"max-image-preview:large","max-video-preview":"max-video-preview:-1"},"canonical":"https:\/\/ihedn.fr\/en\/se-former\/session-nationale\/majeure-politique-de-defense-poldef\/","og_locale":"en_GB","og_type":"article","og_title":"Majeure politique de d\u00e9fense (POLDEF) - L&#039;IHEDN : Institut des hautes \u00e9tudes de d\u00e9fense nationale","og_description":"Politique de d\u00e9fense (POLDEF) est une des 5 majeures de la session nationale de l'IHEDN. Elle s'adresse \u00e0 un large public de responsables de haut niveau souhaitant enrichir leurs comp\u00e9tences sur les enjeux strat\u00e9giques de la politique de d\u00e9fense et de s\u00e9curit\u00e9.\u00a0","og_url":"https:\/\/ihedn.fr\/en\/se-former\/session-nationale\/majeure-politique-de-defense-poldef\/","og_site_name":"L&#039;IHEDN : Institut des hautes \u00e9tudes de d\u00e9fense nationale","article_publisher":"https:\/\/www.facebook.com\/ihedn\/","article_modified_time":"2026-03-17T08:16:25+00:00","twitter_card":"summary_large_image","twitter_site":"@IHEDN","twitter_misc":{"Estimated reading time":"2 minutes"},"schema":{"@context":"https:\/\/schema.org","@graph":[{"@type":"WebPage","@id":"https:\/\/ihedn.fr\/se-former\/session-nationale\/majeure-politique-de-defense-poldef\/","url":"https:\/\/ihedn.fr\/se-former\/session-nationale\/majeure-politique-de-defense-poldef\/","name":"Major in Defence Policy (POLDEF) - IHEDN: Institut des hautes \u00e9tudes de d\u00e9fense nationale (Institute for Advanced Studies in National Defence)","isPartOf":{"@id":"https:\/\/ihedn.fr\/#website"},"datePublished":"2024-12-04T09:45:43+00:00","dateModified":"2026-03-17T08:16:25+00:00","description":"Defence Policy (POLDEF) is one of the 5 majors of the IHEDN national session. It is aimed at a wide audience of high-level officials wishing to enhance their skills in the strategic issues of defence and security policy.\u00a0","breadcrumb":{"@id":"https:\/\/ihedn.fr\/se-former\/session-nationale\/majeure-politique-de-defense-poldef\/#breadcrumb"},"inLanguage":"en-GB","potentialAction":[{"@type":"ReadAction","target":["https:\/\/ihedn.fr\/se-former\/session-nationale\/majeure-politique-de-defense-poldef\/"]}]},{"@type":"BreadcrumbList","@id":"https:\/\/ihedn.fr\/se-former\/session-nationale\/majeure-politique-de-defense-poldef\/#breadcrumb","itemListElement":[{"@type":"ListItem","position":1,"name":"Accueil","item":"https:\/\/ihedn.fr\/"},{"@type":"ListItem","position":2,"name":"Se former","item":"https:\/\/ihedn.fr\/se-former\/"},{"@type":"ListItem","position":3,"name":"Session nationale","item":"https:\/\/ihedn.fr\/se-former\/session-nationale\/"},{"@type":"ListItem","position":4,"name":"Majeure politique de d\u00e9fense (POLDEF)"}]},{"@type":"WebSite","@id":"https:\/\/ihedn.fr\/#website","url":"https:\/\/ihedn.fr\/","name":"IHEDN: Institut des hautes \u00e9tudes de d\u00e9fense nationale (Institute for Higher National Defence Studies)","description":"Official website of the IHEDN under the supervision of the Prime Minister.","publisher":{"@id":"https:\/\/ihedn.fr\/#organization"},"potentialAction":[{"@type":"SearchAction","target":{"@type":"EntryPoint","urlTemplate":"https:\/\/ihedn.fr\/?s={search_term_string}"},"query-input":{"@type":"PropertyValueSpecification","valueRequired":true,"valueName":"search_term_string"}}],"inLanguage":"en-GB"},{"@type":"Organization","@id":"https:\/\/ihedn.fr\/#organization","name":"IHEDN - Institute for Higher National Defence Studies","url":"https:\/\/ihedn.fr\/","logo":{"@type":"ImageObject","inLanguage":"en-GB","@id":"https:\/\/ihedn.fr\/#\/schema\/logo\/image\/","url":"https:\/\/ihedn.fr\/wp-content\/uploads\/2020\/11\/BLOC_RF_IHEDN_WEB.png","contentUrl":"https:\/\/ihedn.fr\/wp-content\/uploads\/2020\/11\/BLOC_RF_IHEDN_WEB.png","width":500,"height":237,"caption":"IHEDN - Institut des Hautes Etudes de D\u00e9fense Nationale"},"image":{"@id":"https:\/\/ihedn.fr\/#\/schema\/logo\/image\/"},"sameAs":["https:\/\/www.facebook.com\/ihedn\/","https:\/\/x.com\/IHEDN","https:\/\/www.instagram.com\/ihedn\/","https:\/\/www.linkedin.com\/school\/ihedn\/","https:\/\/fr.wikipedia.org\/wiki\/Institut_des_hautes_\u00e9tudes_de_D\u00e9fense_nationale"]}]}},"publishpress_future_action":{"enabled":false,"date":"2026-05-06 11:44:16","action":"change-status","newStatus":"draft","terms":[],"taxonomy":"","extraData":[]},"publishpress_future_workflow_manual_trigger":{"enabledWorkflows":[]},"_links":{"self":[{"href":"https:\/\/ihedn.fr\/en\/wp-json\/wp\/v2\/pages\/51638","targetHints":{"allow":["GET"]}}],"collection":[{"href":"https:\/\/ihedn.fr\/en\/wp-json\/wp\/v2\/pages"}],"about":[{"href":"https:\/\/ihedn.fr\/en\/wp-json\/wp\/v2\/types\/page"}],"author":[{"embeddable":true,"href":"https:\/\/ihedn.fr\/en\/wp-json\/wp\/v2\/users\/10"}],"replies":[{"embeddable":true,"href":"https:\/\/ihedn.fr\/en\/wp-json\/wp\/v2\/comments?post=51638"}],"version-history":[{"count":26,"href":"https:\/\/ihedn.fr\/en\/wp-json\/wp\/v2\/pages\/51638\/revisions"}],"predecessor-version":[{"id":58893,"href":"https:\/\/ihedn.fr\/en\/wp-json\/wp\/v2\/pages\/51638\/revisions\/58893"}],"up":[{"embeddable":true,"href":"https:\/\/ihedn.fr\/en\/wp-json\/wp\/v2\/pages\/50295"}],"wp:attachment":[{"href":"https:\/\/ihedn.fr\/en\/wp-json\/wp\/v2\/media?parent=51638"}],"curies":[{"name":"wp","href":"https:\/\/api.w.org\/{rel}","templated":true}]}}