{"id":54029,"date":"2025-05-12T10:13:18","date_gmt":"2025-05-12T09:13:18","guid":{"rendered":"https:\/\/ihedn.fr\/?page_id=54029"},"modified":"2025-05-12T10:17:54","modified_gmt":"2025-05-12T09:17:54","slug":"apprenti-chef-de-projet-numerique-f-h","status":"publish","type":"page","link":"https:\/\/ihedn.fr\/en\/nous-rejoindre\/apprentissage\/apprenti-chef-de-projet-numerique-f-h\/","title":{"rendered":"Apprentice digital project manager (F\/H)"},"content":{"rendered":"<div data-elementor-type=\"wp-page\" data-elementor-id=\"54029\" class=\"elementor elementor-54029\" data-elementor-post-type=\"page\">\n\t\t\t\t<div data-particle_enable=\"false\" data-particle-mobile-disabled=\"false\" class=\"elementor-element elementor-element-009436b e-con-full e-flex e-con e-parent\" data-id=\"009436b\" data-element_type=\"container\" data-e-type=\"container\">\n\t\t\t\t<div class=\"elementor-element elementor-element-457d536 elementor-widget__width-inherit elementor-widget-tablet__width-initial elementor-widget elementor-widget-heading\" data-id=\"457d536\" data-element_type=\"widget\" data-e-type=\"widget\" data-widget_type=\"heading.default\">\n\t\t\t\t<div class=\"elementor-widget-container\">\n\t\t\t\t\t<h1 class=\"elementor-heading-title elementor-size-default\">Apprentice digital project manager<\/h1>\t\t\t\t<\/div>\n\t\t\t\t<\/div>\n\t\t\t\t<div class=\"elementor-element elementor-element-5be0e03 elementor-widget-divider--view-line elementor-invisible elementor-widget elementor-widget-divider\" data-id=\"5be0e03\" data-element_type=\"widget\" data-e-type=\"widget\" data-settings=\"{&quot;_animation&quot;:&quot;fadeInUp&quot;,&quot;_animation_delay&quot;:100}\" data-widget_type=\"divider.default\">\n\t\t\t\t<div class=\"elementor-widget-container\">\n\t\t\t\t\t\t\t<div class=\"elementor-divider\">\n\t\t\t<span class=\"elementor-divider-separator\">\n\t\t\t\t\t\t<\/span>\n\t\t<\/div>\n\t\t\t\t\t\t<\/div>\n\t\t\t\t<\/div>\n\t\t\t\t<div class=\"elementor-element elementor-element-85722bf elementor-widget elementor-widget-text-editor\" data-id=\"85722bf\" data-element_type=\"widget\" data-e-type=\"widget\" data-widget_type=\"text-editor.default\">\n\t\t\t\t<div class=\"elementor-widget-container\">\n\t\t\t\t\t\t\t\t\t<div class=\"text-clamp--text\"><p style=\"text-align: left;\"><span style=\"color: #000000;\">Application deadline <strong>31\/05\/2025<\/strong> | Position to be filled from <strong>September 2025<\/strong><\/span><\/p><\/div>\t\t\t\t\t\t\t\t<\/div>\n\t\t\t\t<\/div>\n\t\t\t\t<\/div>\n\t\t<div data-particle_enable=\"false\" data-particle-mobile-disabled=\"false\" class=\"elementor-element elementor-element-fa3ecfc e-flex e-con-boxed e-con e-parent\" data-id=\"fa3ecfc\" data-element_type=\"container\" data-e-type=\"container\">\n\t\t\t\t\t<div class=\"e-con-inner\">\n\t\t<div data-particle_enable=\"false\" data-particle-mobile-disabled=\"false\" class=\"elementor-element elementor-element-01bb0c5 e-con-full e-flex e-con e-child\" data-id=\"01bb0c5\" data-element_type=\"container\" data-e-type=\"container\">\n\t\t\t\t<div class=\"elementor-element elementor-element-a8e7961 elementor-widget elementor-widget-heading\" data-id=\"a8e7961\" data-element_type=\"widget\" data-e-type=\"widget\" data-widget_type=\"heading.default\">\n\t\t\t\t<div class=\"elementor-widget-container\">\n\t\t\t\t\t<h2 class=\"elementor-heading-title elementor-size-default\">Who are we?<\/h2>\t\t\t\t<\/div>\n\t\t\t\t<\/div>\n\t\t\t\t<div class=\"elementor-element elementor-element-33f9499 elementor-hidden-tablet elementor-widget-divider--view-line elementor-invisible elementor-widget elementor-widget-divider\" data-id=\"33f9499\" data-element_type=\"widget\" data-e-type=\"widget\" data-settings=\"{&quot;_animation&quot;:&quot;fadeInUp&quot;,&quot;_animation_delay&quot;:100}\" data-widget_type=\"divider.default\">\n\t\t\t\t<div class=\"elementor-widget-container\">\n\t\t\t\t\t\t\t<div class=\"elementor-divider\">\n\t\t\t<span class=\"elementor-divider-separator\">\n\t\t\t\t\t\t<\/span>\n\t\t<\/div>\n\t\t\t\t\t\t<\/div>\n\t\t\t\t<\/div>\n\t\t\t\t<\/div>\n\t\t\t\t<div class=\"elementor-element elementor-element-34e8caa elementor-widget elementor-widget-text-editor\" data-id=\"34e8caa\" data-element_type=\"widget\" data-e-type=\"widget\" data-widget_type=\"text-editor.default\">\n\t\t\t\t<div class=\"elementor-widget-container\">\n\t\t\t\t\t\t\t\t\t<div class=\"text-clamp--text\"><p style=\"text-align: left;\"><strong>Institute for Advanced Studies in National Defence<\/strong><\/p><p style=\"text-align: left;\">The Institut des hautes \u00e9tudes de d\u00e9fense nationale (IHEDN) is a national public administrative body under the supervision of the Prime Minister and, more specifically, of the Secr\u00e9tariat g\u00e9n\u00e9ral \u00e0 la d\u00e9fense et \u00e0 la s\u00e9curit\u00e9 nationale (SGDSN).<\/p><p style=\"text-align: left;\">The Institut des hautes \u00e9tudes de d\u00e9fense nationale (IHEDN) prepares leaders from all spheres of activity to assume the highest responsibilities by developing their understanding of national defence and security issues, their knowledge of related public policies, their perception of the interplay of players involved in their implementation, and their aptitude for strategic thinking. The training provided as part of the national session is designed to enable all students to grasp from the outset the cross-sectoral, interdisciplinary, interministerial, European and international dimensions of defence and security issues through a common foundation and in-depth study of 5 major areas (Armament and the Defence Economy, Economic Defence and Security, Maritime Issues and Strategies, Defence Policy, Digital Sovereignty and Cybersecurity).<\/p><\/div><div id=\"id-64954bf4869dd\" class=\"text-clamp--hiddentext fr-mt-2w\" tabindex=\"-1\"><p style=\"text-align: left;\">The IHEDN, working to build and disseminate a common defence culture, helps to forge lasting links between senior public and private, civilian and military officials.<\/p><\/div>\t\t\t\t\t\t\t\t<\/div>\n\t\t\t\t<\/div>\n\t\t\t\t\t<\/div>\n\t\t\t\t<\/div>\n\t\t<div data-particle_enable=\"false\" data-particle-mobile-disabled=\"false\" class=\"elementor-element elementor-element-8e12c73 e-flex e-con-boxed e-con e-parent\" data-id=\"8e12c73\" data-element_type=\"container\" data-e-type=\"container\">\n\t\t\t\t\t<div class=\"e-con-inner\">\n\t\t<div data-particle_enable=\"false\" data-particle-mobile-disabled=\"false\" class=\"elementor-element elementor-element-99d3b17 e-con-full e-flex e-con e-child\" data-id=\"99d3b17\" data-element_type=\"container\" data-e-type=\"container\">\n\t\t\t\t<div class=\"elementor-element elementor-element-9571db0 elementor-widget elementor-widget-heading\" data-id=\"9571db0\" data-element_type=\"widget\" data-e-type=\"widget\" data-widget_type=\"heading.default\">\n\t\t\t\t<div class=\"elementor-widget-container\">\n\t\t\t\t\t<h2 class=\"elementor-heading-title elementor-size-default\">Job description<\/h2>\t\t\t\t<\/div>\n\t\t\t\t<\/div>\n\t\t\t\t<div class=\"elementor-element elementor-element-c7ad3f9 elementor-hidden-tablet elementor-widget-divider--view-line elementor-invisible elementor-widget elementor-widget-divider\" data-id=\"c7ad3f9\" data-element_type=\"widget\" data-e-type=\"widget\" data-settings=\"{&quot;_animation&quot;:&quot;fadeInUp&quot;,&quot;_animation_delay&quot;:100}\" data-widget_type=\"divider.default\">\n\t\t\t\t<div class=\"elementor-widget-container\">\n\t\t\t\t\t\t\t<div class=\"elementor-divider\">\n\t\t\t<span class=\"elementor-divider-separator\">\n\t\t\t\t\t\t<\/span>\n\t\t<\/div>\n\t\t\t\t\t\t<\/div>\n\t\t\t\t<\/div>\n\t\t\t\t<\/div>\n\t\t\t\t<div class=\"elementor-element elementor-element-5f4dac1 elementor-widget elementor-widget-text-editor\" data-id=\"5f4dac1\" data-element_type=\"widget\" data-e-type=\"widget\" data-widget_type=\"text-editor.default\">\n\t\t\t\t<div class=\"elementor-widget-container\">\n\t\t\t\t\t\t\t\t\t<div class=\"text-clamp--text\"><p style=\"text-align: left;\">Working in tandem with the digital project manager.<\/p><p style=\"text-align: left;\">Apprenticeship digital project managers are assigned tasks and files based on their skills and progress in their academic course. They work under the close supervision of their tutor to achieve the objectives set.<\/p><p style=\"text-align: left;\">The apprentice digital project manager will therefore support the DRIC in the following areas as and when required:<\/p><\/div>\t\t\t\t\t\t\t\t<\/div>\n\t\t\t\t<\/div>\n\t\t\t\t<div class=\"elementor-element elementor-element-c95b2b3 elementor-widget elementor-widget-text-editor\" data-id=\"c95b2b3\" data-element_type=\"widget\" data-e-type=\"widget\" data-widget_type=\"text-editor.default\">\n\t\t\t\t<div class=\"elementor-widget-container\">\n\t\t\t\t\t\t\t\t\t<p><strong>Website management (WordPress) <\/strong><\/p><ul><li>Regular site updates via WordPress + Elementor,<\/li><li>Integration of content (texts, visuals, videos) linked to the structure's news,<\/li><li>Suggestions for enriched formats (animations, interactive blocks, dynamic visuals),<\/li><li>Application of basic SEO best practice,<\/li><li>Newsletter layout via Oximailing.<\/li><\/ul>\t\t\t\t\t\t\t\t<\/div>\n\t\t\t\t<\/div>\n\t\t\t\t<div class=\"elementor-element elementor-element-93ca293 elementor-widget elementor-widget-text-editor\" data-id=\"93ca293\" data-element_type=\"widget\" data-e-type=\"widget\" data-widget_type=\"text-editor.default\">\n\t\t\t\t<div class=\"elementor-widget-container\">\n\t\t\t\t\t\t\t\t\t<p style=\"text-align: left;\"><strong>Shooting and visual production<\/strong><\/p><ul><li style=\"text-align: left;\">Photographs and videos for internal events,<\/li><li style=\"text-align: left;\">Image processing, simple editing, video subtitling,<\/li><li style=\"text-align: left;\">Archiving and management of visual content,<\/li><li style=\"text-align: left;\">Occasional support for the creation of visuals for the website or institutional media.<\/li><\/ul>\t\t\t\t\t\t\t\t<\/div>\n\t\t\t\t<\/div>\n\t\t\t\t<div class=\"elementor-element elementor-element-7daf4d5 elementor-widget elementor-widget-text-editor\" data-id=\"7daf4d5\" data-element_type=\"widget\" data-e-type=\"widget\" data-widget_type=\"text-editor.default\">\n\t\t\t\t<div class=\"elementor-widget-container\">\n\t\t\t\t\t\t\t\t\t<p style=\"text-align: left;\"><strong>Support for social networking<\/strong><\/p><ul><li style=\"text-align: left;\">Occasional participation in updating the editorial calendar<\/li><li style=\"text-align: left;\">Support for the publication of visual or video content if required.<\/li><\/ul>\t\t\t\t\t\t\t\t<\/div>\n\t\t\t\t<\/div>\n\t\t\t\t\t<\/div>\n\t\t\t\t<\/div>\n\t\t<div data-particle_enable=\"false\" data-particle-mobile-disabled=\"false\" class=\"elementor-element elementor-element-94f657b e-flex e-con-boxed e-con e-parent\" data-id=\"94f657b\" data-element_type=\"container\" data-e-type=\"container\">\n\t\t\t\t\t<div class=\"e-con-inner\">\n\t\t<div data-particle_enable=\"false\" data-particle-mobile-disabled=\"false\" class=\"elementor-element elementor-element-b0c51bd e-con-full e-flex e-con e-child\" data-id=\"b0c51bd\" data-element_type=\"container\" data-e-type=\"container\">\n\t\t\t\t<div class=\"elementor-element elementor-element-8a67cd5 elementor-widget elementor-widget-heading\" data-id=\"8a67cd5\" data-element_type=\"widget\" data-e-type=\"widget\" data-widget_type=\"heading.default\">\n\t\t\t\t<div class=\"elementor-widget-container\">\n\t\t\t\t\t<h2 class=\"elementor-heading-title elementor-size-default\">Profile required<\/h2>\t\t\t\t<\/div>\n\t\t\t\t<\/div>\n\t\t\t\t<div class=\"elementor-element elementor-element-0958266 elementor-hidden-tablet elementor-widget-divider--view-line elementor-invisible elementor-widget elementor-widget-divider\" data-id=\"0958266\" data-element_type=\"widget\" data-e-type=\"widget\" data-settings=\"{&quot;_animation&quot;:&quot;fadeInUp&quot;,&quot;_animation_delay&quot;:100}\" data-widget_type=\"divider.default\">\n\t\t\t\t<div class=\"elementor-widget-container\">\n\t\t\t\t\t\t\t<div class=\"elementor-divider\">\n\t\t\t<span class=\"elementor-divider-separator\">\n\t\t\t\t\t\t<\/span>\n\t\t<\/div>\n\t\t\t\t\t\t<\/div>\n\t\t\t\t<\/div>\n\t\t\t\t<\/div>\n\t\t\t\t<div class=\"elementor-element elementor-element-2199794 elementor-widget elementor-widget-text-editor\" data-id=\"2199794\" data-element_type=\"widget\" data-e-type=\"widget\" data-widget_type=\"text-editor.default\">\n\t\t\t\t<div class=\"elementor-widget-container\">\n\t\t\t\t\t\t\t\t\t<div class=\"text-clamp--text\"><p style=\"text-align: left;\">Position open to students in the process of obtaining a Master I\/II or equivalent in the field of digital, visual communication, photography or graphic design.<\/p><p>A portfolio or examples of work will be appreciated.<\/p><\/div>\t\t\t\t\t\t\t\t<\/div>\n\t\t\t\t<\/div>\n\t\t\t\t\t<\/div>\n\t\t\t\t<\/div>\n\t\t<div data-particle_enable=\"false\" data-particle-mobile-disabled=\"false\" class=\"elementor-element elementor-element-b16687e e-flex e-con-boxed e-con e-parent\" data-id=\"b16687e\" data-element_type=\"container\" data-e-type=\"container\">\n\t\t\t\t\t<div class=\"e-con-inner\">\n\t\t<div data-particle_enable=\"false\" data-particle-mobile-disabled=\"false\" class=\"elementor-element elementor-element-e08633e e-con-full e-flex e-con e-child\" data-id=\"e08633e\" data-element_type=\"container\" data-e-type=\"container\">\n\t\t\t\t<div class=\"elementor-element elementor-element-c97fc73 elementor-widget elementor-widget-heading\" data-id=\"c97fc73\" data-element_type=\"widget\" data-e-type=\"widget\" data-widget_type=\"heading.default\">\n\t\t\t\t<div class=\"elementor-widget-container\">\n\t\t\t\t\t<h2 class=\"elementor-heading-title elementor-size-default\">Expected skills\n<\/h2>\t\t\t\t<\/div>\n\t\t\t\t<\/div>\n\t\t\t\t<div class=\"elementor-element elementor-element-9861b36 elementor-hidden-tablet elementor-widget-divider--view-line elementor-invisible elementor-widget elementor-widget-divider\" data-id=\"9861b36\" data-element_type=\"widget\" data-e-type=\"widget\" data-settings=\"{&quot;_animation&quot;:&quot;fadeInUp&quot;,&quot;_animation_delay&quot;:100}\" data-widget_type=\"divider.default\">\n\t\t\t\t<div class=\"elementor-widget-container\">\n\t\t\t\t\t\t\t<div class=\"elementor-divider\">\n\t\t\t<span class=\"elementor-divider-separator\">\n\t\t\t\t\t\t<\/span>\n\t\t<\/div>\n\t\t\t\t\t\t<\/div>\n\t\t\t\t<\/div>\n\t\t\t\t<\/div>\n\t\t\t\t<div class=\"elementor-element elementor-element-3a281cd elementor-widget elementor-widget-text-editor\" data-id=\"3a281cd\" data-element_type=\"widget\" data-e-type=\"widget\" data-widget_type=\"text-editor.default\">\n\t\t\t\t<div class=\"elementor-widget-container\">\n\t\t\t\t\t\t\t\t\t<div class=\"text-clamp--text\"><p style=\"text-align: left;\"><strong>Knowing how to be<\/strong><\/p><ul><li>Autonomy, thoroughness and curiosity,<\/li><li>Organisational skills and ability to manage priorities,<\/li><li>Team spirit and good communication skills,<\/li><li>Proactive problem-solving,<\/li><li>A keen interest in defence-related subjects and an understanding of the civil-military context.<\/li><\/ul><\/div>\t\t\t\t\t\t\t\t<\/div>\n\t\t\t\t<\/div>\n\t\t\t\t<div class=\"elementor-element elementor-element-4e939d6 elementor-widget elementor-widget-text-editor\" data-id=\"4e939d6\" data-element_type=\"widget\" data-e-type=\"widget\" data-widget_type=\"text-editor.default\">\n\t\t\t\t<div class=\"elementor-widget-container\">\n\t\t\t\t\t\t\t\t\t<div class=\"text-clamp--text\"><p><strong>Know-how<\/strong><\/p><ul><li>Proficiency in the Adobe Suite (Photoshop, Premiere Pro, After Effects, etc.),<\/li><li>Good experience with WordPress (Elementor),<\/li><li>Good knowledge of HTML\/CSS\/JS and SEO.<\/li><\/ul><\/div>\t\t\t\t\t\t\t\t<\/div>\n\t\t\t\t<\/div>\n\t\t\t\t<div class=\"elementor-element elementor-element-aa4ed72 elementor-widget elementor-widget-text-editor\" data-id=\"aa4ed72\" data-element_type=\"widget\" data-e-type=\"widget\" data-widget_type=\"text-editor.default\">\n\t\t\t\t<div class=\"elementor-widget-container\">\n\t\t\t\t\t\t\t\t\t<div class=\"text-clamp--text\"><p style=\"text-align: left;\"><strong>Knowledge<\/strong><\/p><ul><li style=\"text-align: left;\"><p style=\"text-align: left;\">Fluency in a foreign language (English or other) is an asset.<\/p><\/li><\/ul><\/div>\t\t\t\t\t\t\t\t<\/div>\n\t\t\t\t<\/div>\n\t\t\t\t\t<\/div>\n\t\t\t\t<\/div>\n\t\t<div data-particle_enable=\"false\" data-particle-mobile-disabled=\"false\" class=\"elementor-element elementor-element-df2bb62 e-flex e-con-boxed e-con e-parent\" data-id=\"df2bb62\" data-element_type=\"container\" data-e-type=\"container\">\n\t\t\t\t\t<div class=\"e-con-inner\">\n\t\t\t\t<div class=\"elementor-element elementor-element-1d0e7d2 elementor-widget elementor-widget-text-editor\" data-id=\"1d0e7d2\" data-element_type=\"widget\" data-e-type=\"widget\" data-widget_type=\"text-editor.default\">\n\t\t\t\t<div class=\"elementor-widget-container\">\n\t\t\t\t\t\t\t\t\t<p style=\"text-align: center;\">See the advert on\u00a0<a href=\"https:\/\/www.pass.fonction-publique.gouv.fr\/offre\/ihedn-apprenti-chef-de-projet-numerique-fh\" target=\"_blank\" rel=\"noopener\"><strong>the civil service portal<\/strong><\/a><\/p><p style=\"text-align: center;\">or apply to\u00a0<a href=\"mailto:recrutement@ihedn.fr\">recrutement@ihedn.fr<\/a><\/p>\t\t\t\t\t\t\t\t<\/div>\n\t\t\t\t<\/div>\n\t\t\t\t\t<\/div>\n\t\t\t\t<\/div>\n\t\t\t\t<\/div>","protected":false},"excerpt":{"rendered":"<p>Apprenti chef de projet num\u00e9rique Date limite de candidature le 31\/05\/2025 | Poste \u00e0 pourvoir \u00e0 compter de septembre 2025 Qui sommes-nous ? L\u2019Institut des hautes \u00e9tudes de d\u00e9fense nationale \u00c9tablissement public national \u00e0 caract\u00e8re administratif, l\u2019Institut des hautes \u00e9tudes de d\u00e9fense nationale (IHEDN) est plac\u00e9 sous la tutelle de la Premi\u00e8re ministre et plus [&hellip;]<\/p>\n","protected":false},"author":10,"featured_media":0,"parent":40500,"menu_order":0,"comment_status":"closed","ping_status":"closed","template":"","meta":{"footnotes":""},"class_list":["post-54029","page","type-page","status-publish","hentry"],"yoast_head":"<!-- This site is optimized with the Yoast SEO plugin v27.5 - https:\/\/yoast.com\/product\/yoast-seo-wordpress\/ -->\n<title>Apprenti chef de projet num\u00e9rique (F\/H) - L&#039;IHEDN : Institut des hautes \u00e9tudes de d\u00e9fense nationale<\/title>\n<meta name=\"description\" content=\"L&#039;institut des hautes \u00e9tudes de d\u00e9fense nationale (IHEDN) recherche son ou sa futur(e) apprenti(e) chef de projet num\u00e9rique.\" \/>\n<meta name=\"robots\" content=\"index, follow, max-snippet:-1, max-image-preview:large, max-video-preview:-1\" \/>\n<link rel=\"canonical\" href=\"https:\/\/ihedn.fr\/en\/nous-rejoindre\/apprentissage\/apprenti-chef-de-projet-numerique-f-h\/\" \/>\n<meta property=\"og:locale\" content=\"en_GB\" \/>\n<meta property=\"og:type\" content=\"article\" \/>\n<meta property=\"og:title\" content=\"Apprenti chef de projet num\u00e9rique (F\/H) - L&#039;IHEDN : Institut des hautes \u00e9tudes de d\u00e9fense nationale\" \/>\n<meta property=\"og:description\" content=\"L&#039;institut des hautes \u00e9tudes de d\u00e9fense nationale (IHEDN) recherche son ou sa futur(e) chef de la majeure \u00ab Politique de d\u00e9fense \u00bb de la Session Nationale\" \/>\n<meta property=\"og:url\" content=\"https:\/\/ihedn.fr\/en\/nous-rejoindre\/apprentissage\/apprenti-chef-de-projet-numerique-f-h\/\" \/>\n<meta property=\"og:site_name\" content=\"L&#039;IHEDN : Institut des hautes \u00e9tudes de d\u00e9fense nationale\" \/>\n<meta property=\"article:publisher\" content=\"https:\/\/www.facebook.com\/ihedn\/\" \/>\n<meta property=\"article:modified_time\" content=\"2025-05-12T09:17:54+00:00\" \/>\n<meta name=\"twitter:card\" content=\"summary_large_image\" \/>\n<meta name=\"twitter:description\" content=\"L&#039;institut des hautes \u00e9tudes de d\u00e9fense nationale (IHEDN) recherche son ou sa futur(e) chef de la majeure \u00ab Politique de d\u00e9fense \u00bb de la Session Nationale\" \/>\n<meta name=\"twitter:site\" content=\"@IHEDN\" \/>\n<meta name=\"twitter:label1\" content=\"Estimated reading time\" \/>\n\t<meta name=\"twitter:data1\" content=\"3 minutes\" \/>\n<script type=\"application\/ld+json\" class=\"yoast-schema-graph\">{\"@context\":\"https:\\\/\\\/schema.org\",\"@graph\":[{\"@type\":\"WebPage\",\"@id\":\"https:\\\/\\\/ihedn.fr\\\/nous-rejoindre\\\/apprentissage\\\/apprenti-chef-de-projet-numerique-f-h\\\/\",\"url\":\"https:\\\/\\\/ihedn.fr\\\/nous-rejoindre\\\/apprentissage\\\/apprenti-chef-de-projet-numerique-f-h\\\/\",\"name\":\"Apprenti chef de projet num\u00e9rique (F\\\/H) - L&#039;IHEDN : Institut des hautes \u00e9tudes de d\u00e9fense nationale\",\"isPartOf\":{\"@id\":\"https:\\\/\\\/ihedn.fr\\\/#website\"},\"datePublished\":\"2025-05-12T09:13:18+00:00\",\"dateModified\":\"2025-05-12T09:17:54+00:00\",\"description\":\"L'institut des hautes \u00e9tudes de d\u00e9fense nationale (IHEDN) recherche son ou sa futur(e) apprenti(e) chef de projet num\u00e9rique.\",\"breadcrumb\":{\"@id\":\"https:\\\/\\\/ihedn.fr\\\/nous-rejoindre\\\/apprentissage\\\/apprenti-chef-de-projet-numerique-f-h\\\/#breadcrumb\"},\"inLanguage\":\"en-GB\",\"potentialAction\":[{\"@type\":\"ReadAction\",\"target\":[\"https:\\\/\\\/ihedn.fr\\\/nous-rejoindre\\\/apprentissage\\\/apprenti-chef-de-projet-numerique-f-h\\\/\"]}]},{\"@type\":\"BreadcrumbList\",\"@id\":\"https:\\\/\\\/ihedn.fr\\\/nous-rejoindre\\\/apprentissage\\\/apprenti-chef-de-projet-numerique-f-h\\\/#breadcrumb\",\"itemListElement\":[{\"@type\":\"ListItem\",\"position\":1,\"name\":\"Accueil\",\"item\":\"https:\\\/\\\/ihedn.fr\\\/\"},{\"@type\":\"ListItem\",\"position\":2,\"name\":\"Annonces d&#8217;emploi\",\"item\":\"https:\\\/\\\/ihedn.fr\\\/nous-rejoindre\\\/\"},{\"@type\":\"ListItem\",\"position\":3,\"name\":\"apprentissage\",\"item\":\"https:\\\/\\\/ihedn.fr\\\/nous-rejoindre\\\/apprentissage\\\/\"},{\"@type\":\"ListItem\",\"position\":4,\"name\":\"Apprenti chef de projet num\u00e9rique (F\\\/H)\"}]},{\"@type\":\"WebSite\",\"@id\":\"https:\\\/\\\/ihedn.fr\\\/#website\",\"url\":\"https:\\\/\\\/ihedn.fr\\\/\",\"name\":\"IHEDN : Institut des hautes \u00e9tudes de d\u00e9fense nationale |\",\"description\":\"Site officiel de l&#039;IHEDN plac\u00e9 sous la tutelle du Premier ministre.\",\"publisher\":{\"@id\":\"https:\\\/\\\/ihedn.fr\\\/#organization\"},\"potentialAction\":[{\"@type\":\"SearchAction\",\"target\":{\"@type\":\"EntryPoint\",\"urlTemplate\":\"https:\\\/\\\/ihedn.fr\\\/?s={search_term_string}\"},\"query-input\":{\"@type\":\"PropertyValueSpecification\",\"valueRequired\":true,\"valueName\":\"search_term_string\"}}],\"inLanguage\":\"en-GB\"},{\"@type\":\"Organization\",\"@id\":\"https:\\\/\\\/ihedn.fr\\\/#organization\",\"name\":\"IHEDN - Institut des Hautes Etudes de D\u00e9fense Nationale\",\"url\":\"https:\\\/\\\/ihedn.fr\\\/\",\"logo\":{\"@type\":\"ImageObject\",\"inLanguage\":\"en-GB\",\"@id\":\"https:\\\/\\\/ihedn.fr\\\/#\\\/schema\\\/logo\\\/image\\\/\",\"url\":\"https:\\\/\\\/ihedn.fr\\\/wp-content\\\/uploads\\\/2020\\\/11\\\/BLOC_RF_IHEDN_WEB.png\",\"contentUrl\":\"https:\\\/\\\/ihedn.fr\\\/wp-content\\\/uploads\\\/2020\\\/11\\\/BLOC_RF_IHEDN_WEB.png\",\"width\":500,\"height\":237,\"caption\":\"IHEDN - Institut des Hautes Etudes de D\u00e9fense Nationale\"},\"image\":{\"@id\":\"https:\\\/\\\/ihedn.fr\\\/#\\\/schema\\\/logo\\\/image\\\/\"},\"sameAs\":[\"https:\\\/\\\/www.facebook.com\\\/ihedn\\\/\",\"https:\\\/\\\/x.com\\\/IHEDN\",\"https:\\\/\\\/www.instagram.com\\\/ihedn\\\/\",\"https:\\\/\\\/www.linkedin.com\\\/school\\\/ihedn\\\/\",\"https:\\\/\\\/fr.wikipedia.org\\\/wiki\\\/Institut_des_hautes_\u00e9tudes_de_D\u00e9fense_nationale\"]}]}<\/script>\n<!-- \/ Yoast SEO plugin. -->","yoast_head_json":{"title":"Apprentice digital project manager (F\/H) - IHEDN : Institut des hautes \u00e9tudes de d\u00e9fense nationale (Graduate Institute of National Defence)","description":"The Institut des hautes \u00e9tudes de d\u00e9fense nationale (IHEDN) is looking for its future apprentice digital project manager.","robots":{"index":"index","follow":"follow","max-snippet":"max-snippet:-1","max-image-preview":"max-image-preview:large","max-video-preview":"max-video-preview:-1"},"canonical":"https:\/\/ihedn.fr\/en\/nous-rejoindre\/apprentissage\/apprenti-chef-de-projet-numerique-f-h\/","og_locale":"en_GB","og_type":"article","og_title":"Apprenti chef de projet num\u00e9rique (F\/H) - L&#039;IHEDN : Institut des hautes \u00e9tudes de d\u00e9fense nationale","og_description":"L'institut des hautes \u00e9tudes de d\u00e9fense nationale (IHEDN) recherche son ou sa futur(e) chef de la majeure \u00ab Politique de d\u00e9fense \u00bb de la Session Nationale","og_url":"https:\/\/ihedn.fr\/en\/nous-rejoindre\/apprentissage\/apprenti-chef-de-projet-numerique-f-h\/","og_site_name":"L&#039;IHEDN : Institut des hautes \u00e9tudes de d\u00e9fense nationale","article_publisher":"https:\/\/www.facebook.com\/ihedn\/","article_modified_time":"2025-05-12T09:17:54+00:00","twitter_card":"summary_large_image","twitter_description":"L'institut des hautes \u00e9tudes de d\u00e9fense nationale (IHEDN) recherche son ou sa futur(e) chef de la majeure \u00ab Politique de d\u00e9fense \u00bb de la Session Nationale","twitter_site":"@IHEDN","twitter_misc":{"Estimated reading time":"3 minutes"},"schema":{"@context":"https:\/\/schema.org","@graph":[{"@type":"WebPage","@id":"https:\/\/ihedn.fr\/nous-rejoindre\/apprentissage\/apprenti-chef-de-projet-numerique-f-h\/","url":"https:\/\/ihedn.fr\/nous-rejoindre\/apprentissage\/apprenti-chef-de-projet-numerique-f-h\/","name":"Apprentice digital project manager (F\/H) - IHEDN : Institut des hautes \u00e9tudes de d\u00e9fense nationale (Graduate Institute of National Defence)","isPartOf":{"@id":"https:\/\/ihedn.fr\/#website"},"datePublished":"2025-05-12T09:13:18+00:00","dateModified":"2025-05-12T09:17:54+00:00","description":"The Institut des hautes \u00e9tudes de d\u00e9fense nationale (IHEDN) is looking for its future apprentice digital project manager.","breadcrumb":{"@id":"https:\/\/ihedn.fr\/nous-rejoindre\/apprentissage\/apprenti-chef-de-projet-numerique-f-h\/#breadcrumb"},"inLanguage":"en-GB","potentialAction":[{"@type":"ReadAction","target":["https:\/\/ihedn.fr\/nous-rejoindre\/apprentissage\/apprenti-chef-de-projet-numerique-f-h\/"]}]},{"@type":"BreadcrumbList","@id":"https:\/\/ihedn.fr\/nous-rejoindre\/apprentissage\/apprenti-chef-de-projet-numerique-f-h\/#breadcrumb","itemListElement":[{"@type":"ListItem","position":1,"name":"Accueil","item":"https:\/\/ihedn.fr\/"},{"@type":"ListItem","position":2,"name":"Annonces d&#8217;emploi","item":"https:\/\/ihedn.fr\/nous-rejoindre\/"},{"@type":"ListItem","position":3,"name":"apprentissage","item":"https:\/\/ihedn.fr\/nous-rejoindre\/apprentissage\/"},{"@type":"ListItem","position":4,"name":"Apprenti chef de projet num\u00e9rique (F\/H)"}]},{"@type":"WebSite","@id":"https:\/\/ihedn.fr\/#website","url":"https:\/\/ihedn.fr\/","name":"IHEDN: Institut des hautes \u00e9tudes de d\u00e9fense nationale (Institute for Higher National Defence Studies)","description":"Official website of the IHEDN under the supervision of the Prime Minister.","publisher":{"@id":"https:\/\/ihedn.fr\/#organization"},"potentialAction":[{"@type":"SearchAction","target":{"@type":"EntryPoint","urlTemplate":"https:\/\/ihedn.fr\/?s={search_term_string}"},"query-input":{"@type":"PropertyValueSpecification","valueRequired":true,"valueName":"search_term_string"}}],"inLanguage":"en-GB"},{"@type":"Organization","@id":"https:\/\/ihedn.fr\/#organization","name":"IHEDN - Institute for Higher National Defence Studies","url":"https:\/\/ihedn.fr\/","logo":{"@type":"ImageObject","inLanguage":"en-GB","@id":"https:\/\/ihedn.fr\/#\/schema\/logo\/image\/","url":"https:\/\/ihedn.fr\/wp-content\/uploads\/2020\/11\/BLOC_RF_IHEDN_WEB.png","contentUrl":"https:\/\/ihedn.fr\/wp-content\/uploads\/2020\/11\/BLOC_RF_IHEDN_WEB.png","width":500,"height":237,"caption":"IHEDN - Institut des Hautes Etudes de D\u00e9fense Nationale"},"image":{"@id":"https:\/\/ihedn.fr\/#\/schema\/logo\/image\/"},"sameAs":["https:\/\/www.facebook.com\/ihedn\/","https:\/\/x.com\/IHEDN","https:\/\/www.instagram.com\/ihedn\/","https:\/\/www.linkedin.com\/school\/ihedn\/","https:\/\/fr.wikipedia.org\/wiki\/Institut_des_hautes_\u00e9tudes_de_D\u00e9fense_nationale"]}]}},"publishpress_future_action":{"enabled":false,"date":"2026-05-06 08:01:24","action":"change-status","newStatus":"draft","terms":[],"taxonomy":"","extraData":[]},"publishpress_future_workflow_manual_trigger":{"enabledWorkflows":[]},"_links":{"self":[{"href":"https:\/\/ihedn.fr\/en\/wp-json\/wp\/v2\/pages\/54029","targetHints":{"allow":["GET"]}}],"collection":[{"href":"https:\/\/ihedn.fr\/en\/wp-json\/wp\/v2\/pages"}],"about":[{"href":"https:\/\/ihedn.fr\/en\/wp-json\/wp\/v2\/types\/page"}],"author":[{"embeddable":true,"href":"https:\/\/ihedn.fr\/en\/wp-json\/wp\/v2\/users\/10"}],"replies":[{"embeddable":true,"href":"https:\/\/ihedn.fr\/en\/wp-json\/wp\/v2\/comments?post=54029"}],"version-history":[{"count":10,"href":"https:\/\/ihedn.fr\/en\/wp-json\/wp\/v2\/pages\/54029\/revisions"}],"predecessor-version":[{"id":54095,"href":"https:\/\/ihedn.fr\/en\/wp-json\/wp\/v2\/pages\/54029\/revisions\/54095"}],"up":[{"embeddable":true,"href":"https:\/\/ihedn.fr\/en\/wp-json\/wp\/v2\/pages\/40500"}],"wp:attachment":[{"href":"https:\/\/ihedn.fr\/en\/wp-json\/wp\/v2\/media?parent=54029"}],"curies":[{"name":"wp","href":"https:\/\/api.w.org\/{rel}","templated":true}]}}