{"id":56282,"date":"2025-10-21T08:57:35","date_gmt":"2025-10-21T07:57:35","guid":{"rendered":"https:\/\/ihedn.fr\/?page_id=56282"},"modified":"2025-10-21T10:00:04","modified_gmt":"2025-10-21T09:00:04","slug":"248e-session-en-region","status":"publish","type":"page","link":"https:\/\/ihedn.fr\/en\/248e-session-en-region\/","title":{"rendered":"248th Regional Session - Burgundy Franche-Comt\u00e9"},"content":{"rendered":"<div data-elementor-type=\"wp-page\" data-elementor-id=\"56282\" class=\"elementor elementor-56282\" data-elementor-post-type=\"page\">\n\t\t\t\t<div data-particle_enable=\"false\" data-particle-mobile-disabled=\"false\" class=\"elementor-element elementor-element-83233b7 e-con-full e-flex e-con e-child\" data-id=\"83233b7\" data-element_type=\"container\" data-e-type=\"container\">\n\t\t\t\t<div class=\"elementor-element elementor-element-8e9d326 elementor-widget__width-inherit elementor-widget-tablet__width-initial elementor-widget elementor-widget-heading\" data-id=\"8e9d326\" data-element_type=\"widget\" data-e-type=\"widget\" data-widget_type=\"heading.default\">\n\t\t\t\t<div class=\"elementor-widget-container\">\n\t\t\t\t\t<h1 class=\"elementor-heading-title elementor-size-default\"><b>248<sup>e<\/sup> regional session<\/b>\n\n<br> Burgundy Franche-Comt\u00e9<\/h1>\t\t\t\t<\/div>\n\t\t\t\t<\/div>\n\t\t\t\t<div class=\"elementor-element elementor-element-4e185c8 elementor-widget-divider--view-line elementor-invisible elementor-widget elementor-widget-divider\" data-id=\"4e185c8\" data-element_type=\"widget\" data-e-type=\"widget\" data-settings=\"{&quot;_animation&quot;:&quot;fadeInUp&quot;,&quot;_animation_delay&quot;:100}\" data-widget_type=\"divider.default\">\n\t\t\t\t<div class=\"elementor-widget-container\">\n\t\t\t\t\t\t\t<div class=\"elementor-divider\">\n\t\t\t<span class=\"elementor-divider-separator\">\n\t\t\t\t\t\t<\/span>\n\t\t<\/div>\n\t\t\t\t\t\t<\/div>\n\t\t\t\t<\/div>\n\t\t\t\t<div class=\"elementor-element elementor-element-bc8304d elementor-widget elementor-widget-text-editor\" data-id=\"bc8304d\" data-element_type=\"widget\" data-e-type=\"widget\" data-widget_type=\"text-editor.default\">\n\t\t\t\t<div class=\"elementor-widget-container\">\n\t\t\t\t\t\t\t\t\t<p style=\"text-align: left;\"><span style=\"color: #000091;\"><b>A 4-week training course with national content adapted to each region <\/b><\/span><\/p>\t\t\t\t\t\t\t\t<\/div>\n\t\t\t\t<\/div>\n\t\t\t\t<\/div>\n\t\t<div data-particle_enable=\"false\" data-particle-mobile-disabled=\"false\" class=\"elementor-element elementor-element-f9e8af3 e-flex e-con-boxed e-con e-parent\" data-id=\"f9e8af3\" data-element_type=\"container\" data-e-type=\"container\">\n\t\t\t\t\t<div class=\"e-con-inner\">\n\t\t\t\t<div class=\"elementor-element elementor-element-0be8295 elementor-widget elementor-widget-text-editor\" data-id=\"0be8295\" data-element_type=\"widget\" data-e-type=\"widget\" data-widget_type=\"text-editor.default\">\n\t\t\t\t<div class=\"elementor-widget-container\">\n\t\t\t\t\t\t\t\t\t<p style=\"text-align: left;\">The Institute for Higher National Defence Studies (IHEDN) is a centre for training, reflection and high-level debate on issues of military defence, national defence, national security and international security, open to the world and anchored in the European area.<\/p><p style=\"text-align: left;\">Strengthening its presence in the regions while maintaining its position at a high level of strategic thinking, the Institute trains the nation's executives. To achieve this, it organises regional sessions six times a year, including one overseas, to bring together students from a wide range of sectors, military and civilian, public and private, all driven by a shared desire to understand each other and act together.<\/p><p style=\"text-align: left;\">The course aims to analyse the interplay between the players involved in developing and implementing defence and security policies. It enhances the ability to perceive, identify and take into account emerging threats and risks, while taking into account local and regional realities. It enables students to share experiences, cross points of view and decompartmentalise knowledge.<\/p>\t\t\t\t\t\t\t\t<\/div>\n\t\t\t\t<\/div>\n\t\t\t\t\t<\/div>\n\t\t\t\t<\/div>\n\t\t<div data-particle_enable=\"false\" data-particle-mobile-disabled=\"false\" class=\"elementor-element elementor-element-4e1689e e-con-full e-flex e-con e-child\" data-id=\"4e1689e\" data-element_type=\"container\" data-e-type=\"container\">\n\t\t\t\t<div class=\"elementor-element elementor-element-2a6f382 elementor-widget elementor-widget-menu-anchor\" data-id=\"2a6f382\" data-element_type=\"widget\" data-e-type=\"widget\" data-widget_type=\"menu-anchor.default\">\n\t\t\t\t<div class=\"elementor-widget-container\">\n\t\t\t\t\t\t\t<div class=\"elementor-menu-anchor\" id=\"info\"><\/div>\n\t\t\t\t\t\t<\/div>\n\t\t\t\t<\/div>\n\t\t<div data-particle_enable=\"false\" data-particle-mobile-disabled=\"false\" class=\"elementor-element elementor-element-eeef0fc e-con-full e-flex e-con e-child\" data-id=\"eeef0fc\" data-element_type=\"container\" data-e-type=\"container\">\n\t\t\t\t<div class=\"elementor-element elementor-element-b1a063d elementor-widget elementor-widget-heading\" data-id=\"b1a063d\" data-element_type=\"widget\" data-e-type=\"widget\" data-widget_type=\"heading.default\">\n\t\t\t\t<div class=\"elementor-widget-container\">\n\t\t\t\t\t<h2 class=\"elementor-heading-title elementor-size-default\">practical information<\/h2>\t\t\t\t<\/div>\n\t\t\t\t<\/div>\n\t\t\t\t<div class=\"elementor-element elementor-element-27930f7 elementor-widget-divider--view-line elementor-widget elementor-widget-divider\" data-id=\"27930f7\" data-element_type=\"widget\" data-e-type=\"widget\" data-widget_type=\"divider.default\">\n\t\t\t\t<div class=\"elementor-widget-container\">\n\t\t\t\t\t\t\t<div class=\"elementor-divider\">\n\t\t\t<span class=\"elementor-divider-separator\">\n\t\t\t\t\t\t<\/span>\n\t\t<\/div>\n\t\t\t\t\t\t<\/div>\n\t\t\t\t<\/div>\n\t\t\t\t<div class=\"elementor-element elementor-element-1b82dcb elementor-widget elementor-widget-text-editor\" data-id=\"1b82dcb\" data-element_type=\"widget\" data-e-type=\"widget\" data-widget_type=\"text-editor.default\">\n\t\t\t\t<div class=\"elementor-widget-container\">\n\t\t\t\t\t\t\t\t\t<p style=\"text-align: left;\"><span style=\"color: #000091;\">Belfort - Besan\u00e7on (boarding) - Ch\u00e2lons-sur-Sa\u00f4ne - Dijon<\/span><\/p><p style=\"text-align: left;\"><strong><span style=\"color: #e1000f;\">From 17 March to 17 April 2026<\/span><\/strong><\/p><p style=\"text-align: left;\"><span style=\"color: #000091;\">Register before <strong>14 December 2025.<\/strong><\/span><\/p>\t\t\t\t\t\t\t\t<\/div>\n\t\t\t\t<\/div>\n\t\t\t\t<div class=\"elementor-element elementor-element-cc95d50 elementor-position-inline-end elementor-view-default elementor-mobile-position-block-start elementor-widget elementor-widget-icon-box\" data-id=\"cc95d50\" data-element_type=\"widget\" data-e-type=\"widget\" data-widget_type=\"icon-box.default\">\n\t\t\t\t<div class=\"elementor-widget-container\">\n\t\t\t\t\t\t\t<div class=\"elementor-icon-box-wrapper\">\n\n\t\t\t\t\t\t<div class=\"elementor-icon-box-icon\">\n\t\t\t\t<a href=\"https:\/\/ihedn.fr\/wp-content\/uploads\/2025\/10\/FLYER_SR_248_BOURGOGNE_FC_V2.pdf\" target=\"_blank\" class=\"elementor-icon\" tabindex=\"-1\" aria-label=\"Download the brochure\">\n\t\t\t\t<svg aria-hidden=\"true\" class=\"e-font-icon-svg e-fas-file-download\" viewbox=\"0 0 384 512\" xmlns=\"http:\/\/www.w3.org\/2000\/svg\"><path d=\"M224 136V0H24C10.7 0 0 10.7 0 24v464c0 13.3 10.7 24 24 24h336c13.3 0 24-10.7 24-24V160H248c-13.2 0-24-10.8-24-24zm76.45 211.36l-96.42 95.7c-6.65 6.61-17.39 6.61-24.04 0l-96.42-95.7C73.42 337.29 80.54 320 94.82 320H160v-80c0-8.84 7.16-16 16-16h32c8.84 0 16 7.16 16 16v80h65.18c14.28 0 21.4 17.29 11.27 27.36zM377 105L279.1 7c-4.5-4.5-10.6-7-17-7H256v128h128v-6.1c0-6.3-2.5-12.4-7-16.9z\"><\/path><\/svg>\t\t\t\t<\/a>\n\t\t\t<\/div>\n\t\t\t\n\t\t\t\t\t\t<div class=\"elementor-icon-box-content\">\n\n\t\t\t\t\t\t\t\t\t<h3 class=\"elementor-icon-box-title\">\n\t\t\t\t\t\t<a href=\"https:\/\/ihedn.fr\/wp-content\/uploads\/2025\/10\/FLYER_SR_248_BOURGOGNE_FC_V2.pdf\" target=\"_blank\" >\n\t\t\t\t\t\t\tDownload the brochure\t\t\t\t\t\t<\/a>\n\t\t\t\t\t<\/h3>\n\t\t\t\t\n\t\t\t\t\n\t\t\t<\/div>\n\t\t\t\n\t\t<\/div>\n\t\t\t\t\t\t<\/div>\n\t\t\t\t<\/div>\n\t\t\t\t<div class=\"elementor-element elementor-element-eb52d9f elementor-align-center elementor-mobile-align-center elementor-widget__width-inherit elementor-widget elementor-widget-button\" data-id=\"eb52d9f\" data-element_type=\"widget\" data-e-type=\"widget\" data-widget_type=\"button.default\">\n\t\t\t\t<div class=\"elementor-widget-container\">\n\t\t\t\t\t\t\t\t\t<div class=\"elementor-button-wrapper\">\n\t\t\t\t\t<a class=\"elementor-button elementor-button-link elementor-size-sm\" href=\"https:\/\/www.demarches-simplifiees.fr\/commencer\/candidature-a-la-248e-session-de-l-ihedn-en-region\" target=\"_blank\">\n\t\t\t\t\t\t<span class=\"elementor-button-content-wrapper\">\n\t\t\t\t\t\t\t\t\t<span class=\"elementor-button-text\">I would like to apply<\/span>\n\t\t\t\t\t<\/span>\n\t\t\t\t\t<\/a>\n\t\t\t\t<\/div>\n\t\t\t\t\t\t\t\t<\/div>\n\t\t\t\t<\/div>\n\t\t\t\t<\/div>\n\t\t\t\t<\/div>\n\t\t<div data-particle_enable=\"false\" data-particle-mobile-disabled=\"false\" class=\"elementor-element elementor-element-1c0bc1e e-con-full e-flex e-con e-child\" data-id=\"1c0bc1e\" data-element_type=\"container\" data-e-type=\"container\">\n\t\t\t\t<div class=\"elementor-element elementor-element-785bb17 elementor-widget elementor-widget-menu-anchor\" data-id=\"785bb17\" data-element_type=\"widget\" data-e-type=\"widget\" data-widget_type=\"menu-anchor.default\">\n\t\t\t\t<div class=\"elementor-widget-container\">\n\t\t\t\t\t\t\t<div class=\"elementor-menu-anchor\" id=\"objectifs\"><\/div>\n\t\t\t\t\t\t<\/div>\n\t\t\t\t<\/div>\n\t\t<div data-particle_enable=\"false\" data-particle-mobile-disabled=\"false\" class=\"elementor-element elementor-element-93d56de e-con-full e-flex e-con e-child\" data-id=\"93d56de\" data-element_type=\"container\" data-e-type=\"container\">\n\t\t\t\t<div class=\"elementor-element elementor-element-eb8f3a0 elementor-widget elementor-widget-heading\" data-id=\"eb8f3a0\" data-element_type=\"widget\" data-e-type=\"widget\" data-widget_type=\"heading.default\">\n\t\t\t\t<div class=\"elementor-widget-container\">\n\t\t\t\t\t<h2 class=\"elementor-heading-title elementor-size-default\">Objectives and interests<\/h2>\t\t\t\t<\/div>\n\t\t\t\t<\/div>\n\t\t\t\t<div class=\"elementor-element elementor-element-2493ceb elementor-widget-divider--view-line elementor-widget elementor-widget-divider\" data-id=\"2493ceb\" data-element_type=\"widget\" data-e-type=\"widget\" data-widget_type=\"divider.default\">\n\t\t\t\t<div class=\"elementor-widget-container\">\n\t\t\t\t\t\t\t<div class=\"elementor-divider\">\n\t\t\t<span class=\"elementor-divider-separator\">\n\t\t\t\t\t\t<\/span>\n\t\t<\/div>\n\t\t\t\t\t\t<\/div>\n\t\t\t\t<\/div>\n\t\t\t\t<\/div>\n\t\t<div data-particle_enable=\"false\" data-particle-mobile-disabled=\"false\" class=\"elementor-element elementor-element-7b8c536 e-con-full e-flex e-con e-child\" data-id=\"7b8c536\" data-element_type=\"container\" data-e-type=\"container\">\n\t\t\t\t<div class=\"elementor-element elementor-element-f31e4d5 elementor-widget elementor-widget-text-editor\" data-id=\"f31e4d5\" data-element_type=\"widget\" data-e-type=\"widget\" data-widget_type=\"text-editor.default\">\n\t\t\t\t<div class=\"elementor-widget-container\">\n\t\t\t\t\t\t\t\t\t<p style=\"text-align: left;\"><span style=\"color: #e1000f;\"><strong>Session objectives<\/strong><\/span><\/p><ul><li style=\"text-align: left;\"><b>Contribute <\/b>the development of strategic thinking ;<\/li><li style=\"text-align: left;\"><b>Train\u00a0<\/b>to the complexity of the contemporary world, to the challenges of defence and national security, foreign policy, armaments and defence economics;<\/li><li style=\"text-align: left;\"><b>Strengthen<\/b>In a culturally diverse environment, the ability to analyse and make decisions;<\/li><li style=\"text-align: left;\"><b>Promote<\/b>The exchange of expertise and knowledge between civilians and military personnel in a given area;<\/li><li style=\"text-align: left;\"><b>Develop\u00a0<\/b>a platform for European reflection on cross-disciplinary issues.<\/li><\/ul>\t\t\t\t\t\t\t\t<\/div>\n\t\t\t\t<\/div>\n\t\t\t\t<div class=\"elementor-element elementor-element-41443d9 elementor-widget elementor-widget-text-editor\" data-id=\"41443d9\" data-element_type=\"widget\" data-e-type=\"widget\" data-widget_type=\"text-editor.default\">\n\t\t\t\t<div class=\"elementor-widget-container\">\n\t\t\t\t\t\t\t\t\t<p style=\"text-align: left;\"><span style=\"color: #e1000f;\"><b>Session interests<\/b><\/span><\/p><p style=\"text-align: left;\">Risks and threats, terrorist attacks, natural disasters, the Covid-19 pandemic, cyber-attacks and the war in Eastern Europe all bear witness to the fact that the world has become increasingly vulnerable to the threat of terrorism. <b>diversity of safety issues<\/b>\u00a0These include military, economic, social, cultural, environmental and health issues.<\/p><p style=\"text-align: left;\">These events, which have an impact at national, European and international level, also have an impact on <b>repercussions in the regions <\/b>and justify the need for managers in all sectors of activity to be <b>trained in the issues <\/b>defence and security.<\/p>\t\t\t\t\t\t\t\t<\/div>\n\t\t\t\t<\/div>\n\t\t\t\t<\/div>\n\t\t\t\t<\/div>\n\t\t<div data-particle_enable=\"false\" data-particle-mobile-disabled=\"false\" class=\"elementor-element elementor-element-57b96f9 e-con-full e-flex e-con e-child\" data-id=\"57b96f9\" data-element_type=\"container\" data-e-type=\"container\">\n\t\t\t\t<div class=\"elementor-element elementor-element-03c2925 elementor-widget elementor-widget-menu-anchor\" data-id=\"03c2925\" data-element_type=\"widget\" data-e-type=\"widget\" data-widget_type=\"menu-anchor.default\">\n\t\t\t\t<div class=\"elementor-widget-container\">\n\t\t\t\t\t\t\t<div class=\"elementor-menu-anchor\" id=\"organisation\"><\/div>\n\t\t\t\t\t\t<\/div>\n\t\t\t\t<\/div>\n\t\t<div data-particle_enable=\"false\" data-particle-mobile-disabled=\"false\" class=\"elementor-element elementor-element-67221c6 e-con-full e-flex e-con e-child\" data-id=\"67221c6\" data-element_type=\"container\" data-e-type=\"container\">\n\t\t\t\t<div class=\"elementor-element elementor-element-d55a2b6 elementor-widget elementor-widget-heading\" data-id=\"d55a2b6\" data-element_type=\"widget\" data-e-type=\"widget\" data-widget_type=\"heading.default\">\n\t\t\t\t<div class=\"elementor-widget-container\">\n\t\t\t\t\t<h2 class=\"elementor-heading-title elementor-size-default\">Organisation<\/h2>\t\t\t\t<\/div>\n\t\t\t\t<\/div>\n\t\t\t\t<div class=\"elementor-element elementor-element-c352f4e elementor-widget-divider--view-line elementor-widget elementor-widget-divider\" data-id=\"c352f4e\" data-element_type=\"widget\" data-e-type=\"widget\" data-widget_type=\"divider.default\">\n\t\t\t\t<div class=\"elementor-widget-container\">\n\t\t\t\t\t\t\t<div class=\"elementor-divider\">\n\t\t\t<span class=\"elementor-divider-separator\">\n\t\t\t\t\t\t<\/span>\n\t\t<\/div>\n\t\t\t\t\t\t<\/div>\n\t\t\t\t<\/div>\n\t\t\t\t<\/div>\n\t\t<div data-particle_enable=\"false\" data-particle-mobile-disabled=\"false\" class=\"elementor-element elementor-element-598c6a9 e-con-full e-flex e-con e-child\" data-id=\"598c6a9\" data-element_type=\"container\" data-e-type=\"container\">\n\t\t\t\t<div class=\"elementor-element elementor-element-0165605 elementor-widget elementor-widget-text-editor\" data-id=\"0165605\" data-element_type=\"widget\" data-e-type=\"widget\" data-widget_type=\"text-editor.default\">\n\t\t\t\t<div class=\"elementor-widget-container\">\n\t\t\t\t\t\t\t\t\t<p style=\"text-align: left;\">Regional sessions take place over 4 weeks, from Tuesday to Friday, with a one-week break between the 2<sup>e<\/sup> week and the 3<sup>e<\/sup> week. The 2<sup>e<\/sup> week is spent in a boarding school.<\/p><p style=\"text-align: left;\">They represent a total of 16 days of training, or around 112 hours.<\/p><p style=\"text-align: left;\">They are organised in 4 different areas of the region concerned, from 4 different towns. The aim is to ensure that the training is firmly rooted in the diversity of the region and that it is as close as possible to the environments of the students on the one hand, and the civil and military authorities on the other.<\/p><p style=\"text-align: left;\">There is a session in each region every two and a half years. Sessions are also organised in the French overseas territories, at the rate of one destination per year.<\/p><p style=\"text-align: left;\">In the DROM (overseas departments and regions) and COM (overseas communities), the format of the regional session can be adjusted.<\/p>\t\t\t\t\t\t\t\t<\/div>\n\t\t\t\t<\/div>\n\t\t\t\t<\/div>\n\t\t\t\t<\/div>\n\t\t<div data-particle_enable=\"false\" data-particle-mobile-disabled=\"false\" class=\"elementor-element elementor-element-0e096a2 e-con-full e-flex e-con e-child\" data-id=\"0e096a2\" data-element_type=\"container\" data-e-type=\"container\">\n\t\t\t\t<div class=\"elementor-element elementor-element-a2f7216 elementor-widget elementor-widget-menu-anchor\" data-id=\"a2f7216\" data-element_type=\"widget\" data-e-type=\"widget\" data-widget_type=\"menu-anchor.default\">\n\t\t\t\t<div class=\"elementor-widget-container\">\n\t\t\t\t\t\t\t<div class=\"elementor-menu-anchor\" id=\"format\"><\/div>\n\t\t\t\t\t\t<\/div>\n\t\t\t\t<\/div>\n\t\t<div data-particle_enable=\"false\" data-particle-mobile-disabled=\"false\" class=\"elementor-element elementor-element-671ffb9 e-con-full e-flex e-con e-child\" data-id=\"671ffb9\" data-element_type=\"container\" data-e-type=\"container\">\n\t\t\t\t<div class=\"elementor-element elementor-element-db80c43 elementor-widget elementor-widget-heading\" data-id=\"db80c43\" data-element_type=\"widget\" data-e-type=\"widget\" data-widget_type=\"heading.default\">\n\t\t\t\t<div class=\"elementor-widget-container\">\n\t\t\t\t\t<h2 class=\"elementor-heading-title elementor-size-default\">pedagogical format<\/h2>\t\t\t\t<\/div>\n\t\t\t\t<\/div>\n\t\t\t\t<div class=\"elementor-element elementor-element-093d976 elementor-widget-divider--view-line elementor-widget elementor-widget-divider\" data-id=\"093d976\" data-element_type=\"widget\" data-e-type=\"widget\" data-widget_type=\"divider.default\">\n\t\t\t\t<div class=\"elementor-widget-container\">\n\t\t\t\t\t\t\t<div class=\"elementor-divider\">\n\t\t\t<span class=\"elementor-divider-separator\">\n\t\t\t\t\t\t<\/span>\n\t\t<\/div>\n\t\t\t\t\t\t<\/div>\n\t\t\t\t<\/div>\n\t\t\t\t<\/div>\n\t\t<div data-particle_enable=\"false\" data-particle-mobile-disabled=\"false\" class=\"elementor-element elementor-element-815ec0a e-con-full e-flex e-con e-child\" data-id=\"815ec0a\" data-element_type=\"container\" data-e-type=\"container\">\n\t\t\t\t<div class=\"elementor-element elementor-element-b2d580a elementor-widget elementor-widget-text-editor\" data-id=\"b2d580a\" data-element_type=\"widget\" data-e-type=\"widget\" data-widget_type=\"text-editor.default\">\n\t\t\t\t<div class=\"elementor-widget-container\">\n\t\t\t\t\t\t\t\t\t<p style=\"text-align: center;\"><strong><span style=\"color: #e1000f;\"><i>\"understanding in order to act, understanding each other in order to act together\".<\/i><\/span><\/strong><\/p>\t\t\t\t\t\t\t\t<\/div>\n\t\t\t\t<\/div>\n\t\t\t\t<div class=\"elementor-element elementor-element-660b77c elementor-widget elementor-widget-text-editor\" data-id=\"660b77c\" data-element_type=\"widget\" data-e-type=\"widget\" data-widget_type=\"text-editor.default\">\n\t\t\t\t<div class=\"elementor-widget-container\">\n\t\t\t\t\t\t\t\t\t<p style=\"text-align: left;\"><span style=\"color: #000091;\"><b>The educational triptych :<\/b><\/span><\/p><p style=\"text-align: left;\">The teaching methods used at the regional sessions are based on a <b>triptych <\/b>the link between theory and practice, while respecting the principles of the <b>Chatham house rule <\/b>:<\/p><ul><li style=\"text-align: left;\"><b>Lecture-debates <\/b>providing elements for analysis, discussion and understanding of the subjects covered;<\/li><li style=\"text-align: left;\"><b>Committee work<\/b>The aim is to develop collegial thinking. With this in mind, the regional sessions offer all listeners an opportunity to exchange ideas and experiences.\u00a0<b>common method for developing a strategy <\/b>aimed at developing their decision-making skills;<\/li><li style=\"text-align: left;\"><b>Field visits <\/b>with high added value in terms of defence and security issues, enabling us to base our thinking on practical experience.<\/li><\/ul>\t\t\t\t\t\t\t\t<\/div>\n\t\t\t\t<\/div>\n\t\t\t\t<div class=\"elementor-element elementor-element-e84e678 elementor-widget elementor-widget-text-editor\" data-id=\"e84e678\" data-element_type=\"widget\" data-e-type=\"widget\" data-widget_type=\"text-editor.default\">\n\t\t\t\t<div class=\"elementor-widget-container\">\n\t\t\t\t\t\t\t\t\t<p style=\"text-align: left;\"><span style=\"color: #000091;\"><b>The 4 modules of the regional sessions:<\/b><\/span><\/p><p style=\"text-align: left;\">Regional sessions are divided into modules (one per week) to provide a comprehensive understanding of defence and security issues.<\/p>\t\t\t\t\t\t\t\t<\/div>\n\t\t\t\t<\/div>\n\t\t\t\t<div class=\"elementor-element elementor-element-70f8631 elementor-tabs-view-horizontal elementor-widget elementor-widget-tabs\" data-id=\"70f8631\" data-element_type=\"widget\" data-e-type=\"widget\" data-widget_type=\"tabs.default\">\n\t\t\t\t<div class=\"elementor-widget-container\">\n\t\t\t\t\t\t\t<div class=\"elementor-tabs\">\n\t\t\t<div class=\"elementor-tabs-wrapper\" role=\"tablist\" >\n\t\t\t\t\t\t\t\t\t<div id=\"elementor-tab-title-1181\" class=\"elementor-tab-title elementor-tab-desktop-title\" aria-selected=\"true\" data-tab=\"1\" role=\"tab\" tabindex=\"0\" aria-controls=\"elementor-tab-content-1181\" aria-expanded=\"false\">Module 1<\/div>\n\t\t\t\t\t\t\t\t\t<div id=\"elementor-tab-title-1182\" class=\"elementor-tab-title elementor-tab-desktop-title\" aria-selected=\"false\" data-tab=\"2\" role=\"tab\" tabindex=\"-1\" aria-controls=\"elementor-tab-content-1182\" aria-expanded=\"false\">Module 2<\/div>\n\t\t\t\t\t\t\t\t\t<div id=\"elementor-tab-title-1183\" class=\"elementor-tab-title elementor-tab-desktop-title\" aria-selected=\"false\" data-tab=\"3\" role=\"tab\" tabindex=\"-1\" aria-controls=\"elementor-tab-content-1183\" aria-expanded=\"false\">Module 3<\/div>\n\t\t\t\t\t\t\t\t\t<div id=\"elementor-tab-title-1184\" class=\"elementor-tab-title elementor-tab-desktop-title\" aria-selected=\"false\" data-tab=\"4\" role=\"tab\" tabindex=\"-1\" aria-controls=\"elementor-tab-content-1184\" aria-expanded=\"false\">Module 4<\/div>\n\t\t\t\t\t\t\t<\/div>\n\t\t\t<div class=\"elementor-tabs-content-wrapper\" role=\"tablist\" aria-orientation=\"vertical\">\n\t\t\t\t\t\t\t\t\t<div class=\"elementor-tab-title elementor-tab-mobile-title\" aria-selected=\"true\" data-tab=\"1\" role=\"tab\" tabindex=\"0\" aria-controls=\"elementor-tab-content-1181\" aria-expanded=\"false\">Module 1<\/div>\n\t\t\t\t\t<div id=\"elementor-tab-content-1181\" class=\"elementor-tab-content elementor-clearfix\" data-tab=\"1\" role=\"tabpanel\" aria-labelledby=\"elementor-tab-title-1181\" tabindex=\"0\" hidden=\"false\"><p style=\"text-align: left;\"><span style=\"color: #e1000f;\"><strong>STRATEGIC ISSUES<\/strong><\/span><\/p><p style=\"text-align: left;\">Introduction to the global context in which France's defence and security operate.<\/p><\/div>\n\t\t\t\t\t\t\t\t\t<div class=\"elementor-tab-title elementor-tab-mobile-title\" aria-selected=\"false\" data-tab=\"2\" role=\"tab\" tabindex=\"-1\" aria-controls=\"elementor-tab-content-1182\" aria-expanded=\"false\">Module 2<\/div>\n\t\t\t\t\t<div id=\"elementor-tab-content-1182\" class=\"elementor-tab-content elementor-clearfix\" data-tab=\"2\" role=\"tabpanel\" aria-labelledby=\"elementor-tab-title-1182\" tabindex=\"0\" hidden=\"hidden\"><p style=\"text-align: left;\"><span style=\"color: #e1000f;\"><strong>KNOWLEDGE OF FRANCE'S ARMED FORCES AND DEFENCE SYSTEM<\/strong><\/span><\/p><p style=\"text-align: left;\">A national presentation of the foundations of French defence, its organisation, resources and means of action.<\/p><\/div>\n\t\t\t\t\t\t\t\t\t<div class=\"elementor-tab-title elementor-tab-mobile-title\" aria-selected=\"false\" data-tab=\"3\" role=\"tab\" tabindex=\"-1\" aria-controls=\"elementor-tab-content-1183\" aria-expanded=\"false\">Module 3<\/div>\n\t\t\t\t\t<div id=\"elementor-tab-content-1183\" class=\"elementor-tab-content elementor-clearfix\" data-tab=\"3\" role=\"tabpanel\" aria-labelledby=\"elementor-tab-title-1183\" tabindex=\"0\" hidden=\"hidden\"><p style=\"text-align: left;\"><span style=\"color: #e1000f;\"><strong>RISK AND CRISIS MANAGEMENT<\/strong><\/span><\/p><p style=\"text-align: left;\">Understanding local safety issues.<\/p><\/div>\n\t\t\t\t\t\t\t\t\t<div class=\"elementor-tab-title elementor-tab-mobile-title\" aria-selected=\"false\" data-tab=\"4\" role=\"tab\" tabindex=\"-1\" aria-controls=\"elementor-tab-content-1184\" aria-expanded=\"false\">Module 4<\/div>\n\t\t\t\t\t<div id=\"elementor-tab-content-1184\" class=\"elementor-tab-content elementor-clearfix\" data-tab=\"4\" role=\"tabpanel\" aria-labelledby=\"elementor-tab-title-1184\" tabindex=\"0\" hidden=\"hidden\"><p style=\"text-align: left;\"><span style=\"color: #e1000f;\"><strong>INTERNATIONAL COOPERATION AND CONFLICT<\/strong><\/span><\/p><p style=\"text-align: left;\">Open discussion on the cooperation to be developed to promote defence and security.<\/p><\/div>\n\t\t\t\t\t\t\t<\/div>\n\t\t<\/div>\n\t\t\t\t\t\t<\/div>\n\t\t\t\t<\/div>\n\t\t\t\t<\/div>\n\t\t\t\t<\/div>\n\t\t<div data-particle_enable=\"false\" data-particle-mobile-disabled=\"false\" class=\"elementor-element elementor-element-bba639b e-con-full e-flex e-con e-child\" data-id=\"bba639b\" data-element_type=\"container\" data-e-type=\"container\">\n\t\t\t\t<div class=\"elementor-element elementor-element-7dae51a elementor-widget elementor-widget-menu-anchor\" data-id=\"7dae51a\" data-element_type=\"widget\" data-e-type=\"widget\" data-widget_type=\"menu-anchor.default\">\n\t\t\t\t<div class=\"elementor-widget-container\">\n\t\t\t\t\t\t\t<div class=\"elementor-menu-anchor\" id=\"auditeur\"><\/div>\n\t\t\t\t\t\t<\/div>\n\t\t\t\t<\/div>\n\t\t<div data-particle_enable=\"false\" data-particle-mobile-disabled=\"false\" class=\"elementor-element elementor-element-f9e7567 e-con-full e-flex e-con e-child\" data-id=\"f9e7567\" data-element_type=\"container\" data-e-type=\"container\">\n\t\t\t\t<div class=\"elementor-element elementor-element-1f90e53 elementor-widget elementor-widget-heading\" data-id=\"1f90e53\" data-element_type=\"widget\" data-e-type=\"widget\" data-widget_type=\"heading.default\">\n\t\t\t\t<div class=\"elementor-widget-container\">\n\t\t\t\t\t<h2 class=\"elementor-heading-title elementor-size-default\">becoming an auditor<\/h2>\t\t\t\t<\/div>\n\t\t\t\t<\/div>\n\t\t\t\t<div class=\"elementor-element elementor-element-c5d8fc4 elementor-widget-divider--view-line elementor-widget elementor-widget-divider\" data-id=\"c5d8fc4\" data-element_type=\"widget\" data-e-type=\"widget\" data-widget_type=\"divider.default\">\n\t\t\t\t<div class=\"elementor-widget-container\">\n\t\t\t\t\t\t\t<div class=\"elementor-divider\">\n\t\t\t<span class=\"elementor-divider-separator\">\n\t\t\t\t\t\t<\/span>\n\t\t<\/div>\n\t\t\t\t\t\t<\/div>\n\t\t\t\t<\/div>\n\t\t\t\t<\/div>\n\t\t<div data-particle_enable=\"false\" data-particle-mobile-disabled=\"false\" class=\"elementor-element elementor-element-f981ae4 e-con-full e-flex e-con e-child\" data-id=\"f981ae4\" data-element_type=\"container\" data-e-type=\"container\">\n\t\t\t\t<div class=\"elementor-element elementor-element-45aa0a2 elementor-widget elementor-widget-text-editor\" data-id=\"45aa0a2\" data-element_type=\"widget\" data-e-type=\"widget\" data-widget_type=\"text-editor.default\">\n\t\t\t\t<div class=\"elementor-widget-container\">\n\t\t\t\t\t\t\t\t\t<p style=\"text-align: left;\"><span style=\"color: #e1000f;\"><b>\u25ba Target group<\/b><\/span><\/p><p style=\"text-align: left;\">The session brings together a maximum of 50 auditors of French nationality aged at least 30 and generally under 55:<\/p><ul style=\"text-align: left;\"><li>Category A\/A+ civil servants and public employees in the 3 civil services (State, regional and hospital);<\/li><li>senior officers ;<\/li><li>senior executives in the public and private sectors;<\/li><li>elected representatives ;<\/li><li>lawyers, consultants and entrepreneurs ;<\/li><li>academics ;<\/li><li>players in research, education and training ;<\/li><li>journalists ;<\/li><li>employees in the voluntary sector ;<\/li><li>religious representatives.<\/li><\/ul><p style=\"text-align: left;\">The course is accessible to people with disabilities, subject to special assistance and within the limits of the requirements for travel (in France and abroad) and teaching activities.<\/p><p style=\"text-align: left;\">The IHEDN disability correspondent can be contacted at : <a href=\"mailto:Correspondant.Handicap@ihedn.fr\">\u00a0Correspondant.Handicap@ihedn.fr<\/a><\/p>\t\t\t\t\t\t\t\t<\/div>\n\t\t\t\t<\/div>\n\t\t\t\t<div class=\"elementor-element elementor-element-a950eb0 elementor-widget elementor-widget-text-editor\" data-id=\"a950eb0\" data-element_type=\"widget\" data-e-type=\"widget\" data-widget_type=\"text-editor.default\">\n\t\t\t\t<div class=\"elementor-widget-container\">\n\t\t\t\t\t\t\t\t\t<p style=\"text-align: left;\"><span style=\"color: #000091;\"><b>IHEDN auditor status is awarded by decision of the IHEDN Director on completion of the course.<\/b><\/span><\/p>\t\t\t\t\t\t\t\t<\/div>\n\t\t\t\t<\/div>\n\t\t\t\t<div class=\"elementor-element elementor-element-162f8df elementor-widget elementor-widget-text-editor\" data-id=\"162f8df\" data-element_type=\"widget\" data-e-type=\"widget\" data-widget_type=\"text-editor.default\">\n\t\t\t\t<div class=\"elementor-widget-container\">\n\t\t\t\t\t\t\t\t\t<p style=\"text-align: left;\"><span style=\"color: #e1000f;\"><b>\u25ba Number of places<\/b><\/span><\/p><p style=\"text-align: left;\">Each regional session is attended by a maximum of 50 people.<\/p>\t\t\t\t\t\t\t\t<\/div>\n\t\t\t\t<\/div>\n\t\t\t\t<div class=\"elementor-element elementor-element-4b000d2 elementor-widget elementor-widget-text-editor\" data-id=\"4b000d2\" data-element_type=\"widget\" data-e-type=\"widget\" data-widget_type=\"text-editor.default\">\n\t\t\t\t<div class=\"elementor-widget-container\">\n\t\t\t\t\t\t\t\t\t<p style=\"text-align: left;\"><span style=\"color: #e1000f;\"><b>\u25ba Apply<\/b><\/span><\/p>\n<p style=\"text-align: left;\">No pre-requisites are required, apart from compliance with the following conditions:<\/p>\n<ul style=\"text-align: left;\">\n<li>register on the website and submit an application in the required digital format before the closing date for registration set for each session;<\/li>\n<li><b>only complete applications will be examined<\/b>.<\/li>\n<\/ul>\n<p style=\"text-align: left;\">Candidates are informed of the acceptance or rejection of their application within ten working days of the close of registration. Candidates who are not accepted in the first session may be placed on a supplementary list if they so wish. They will be contacted if the candidates on the main list withdraw.<\/p>\n<p style=\"text-align: left;\">To register &gt; go directly to the \"forthcoming sessions\" section<\/p>\t\t\t\t\t\t\t\t<\/div>\n\t\t\t\t<\/div>\n\t\t\t\t<div class=\"elementor-element elementor-element-c4f15d8 elementor-widget elementor-widget-text-editor\" data-id=\"c4f15d8\" data-element_type=\"widget\" data-e-type=\"widget\" data-widget_type=\"text-editor.default\">\n\t\t\t\t<div class=\"elementor-widget-container\">\n\t\t\t\t\t\t\t\t\t<p style=\"text-align: left;\"><span style=\"color: #e1000f;\"><b>\u25ba Selection criteria<\/b><\/span><\/p><p style=\"text-align: left;\">The main criteria used to select candidates are as follows:<\/p><ul style=\"text-align: left;\"><li style=\"text-align: left;\"><b><\/b>Professional background and experience ;<\/li><li style=\"text-align: left;\"><b> <\/b>A proven interest in defence and security issues;<\/li><li style=\"text-align: left;\"><b> <\/b>Willingness to commit during and after the session;<\/li><li style=\"text-align: left;\"><b><\/b> The ability to interact and integrate.<\/li><\/ul><p style=\"text-align: left;\">Residence and professional activity in the region visited by the IHEDN are taken into account and assessed during the selection process, but are not compulsory. Candidates living or working outside the region may also apply. Selection is based above all on motivation and the quality of professional experience.<\/p>\t\t\t\t\t\t\t\t<\/div>\n\t\t\t\t<\/div>\n\t\t\t\t<div class=\"elementor-element elementor-element-ed7c63f elementor-widget elementor-widget-text-editor\" data-id=\"ed7c63f\" data-element_type=\"widget\" data-e-type=\"widget\" data-widget_type=\"text-editor.default\">\n\t\t\t\t<div class=\"elementor-widget-container\">\n\t\t\t\t\t\t\t\t\t<p style=\"text-align: left;\"><span style=\"color: #e1000f;\"><b>\u25ba Rates and financing<\/b><\/span><\/p><p style=\"text-align: left;\"><b>Information about using the Personal Training Account (CPF) :<\/b><\/p><p style=\"text-align: left;\">All regional sessions are eligible for the CPF. Each session is open on <b>\"\u00a0<\/b><b>mytrainingaccount<\/b><b>\u00a0\" <\/b>within<b>one month <\/b>before the start of the course.<\/p><p style=\"text-align: left;\">Auditors wishing to use their CPF are invited to prepare their account and their application, but to submit their request only once their application has been accepted and in accordance with the instructions given to them by the IHEDN.<\/p><p style=\"text-align: left;\"><b>The cost of the session is :<\/b><\/p><ul style=\"text-align: left;\"><li><b> <\/b><span style=\"color: #000091;\"><b>1600 \u20ac<\/b><\/span> for the private sector;<\/li><li><b> <\/b><span style=\"color: #000091;\"><b>1200 \u20ac<\/b><\/span> for the public sector (including the military, elected representatives, academics, public officials, opinion leaders and journalists).<\/li><\/ul><p style=\"text-align: left;\">The choice of rate is declaratory (and validated by the IHEDN after examining the application).<\/p><p style=\"text-align: left;\">For each session in French overseas departments and territories, the Board of Directors votes on a price adapted to the realities of these territories.<\/p><p><strong>For sessions scheduled from 1 September 2025, the contribution to the cost of the session is :<\/strong><\/p><ul><li><span style=\"color: #000091;\"><b>1650 \u20ac<\/b><\/span> for the private sector ;<\/li><li><span style=\"color: #000091;\"><b>1240 \u20ac<\/b><\/span> for the public sector (including the military, elected representatives, academics, public officials, opinion leaders and journalists).<\/li><\/ul>\t\t\t\t\t\t\t\t<\/div>\n\t\t\t\t<\/div>\n\t\t\t\t<div class=\"elementor-element elementor-element-35cb3f4 elementor-widget elementor-widget-text-editor\" data-id=\"35cb3f4\" data-element_type=\"widget\" data-e-type=\"widget\" data-widget_type=\"text-editor.default\">\n\t\t\t\t<div class=\"elementor-widget-container\">\n\t\t\t\t\t\t\t\t\t<p style=\"text-align: left;\"><span style=\"color: #e1000f;\"><b>\u25ba Auditor satisfaction rate<\/b><\/span><\/p><p style=\"text-align: left;\">At the end of the course, participants will be asked to complete a satisfaction questionnaire. For all regional sessions organised between September 2024 and June 2025,\u00a0<b>88 % auditors\u00a0<\/b>were satisfied with the training.<\/p>\t\t\t\t\t\t\t\t<\/div>\n\t\t\t\t<\/div>\n\t\t\t\t<\/div>\n\t\t\t\t<\/div>\n\t\t<div data-particle_enable=\"false\" data-particle-mobile-disabled=\"false\" class=\"elementor-element elementor-element-eb9c806 e-con-full e-flex e-con e-child\" data-id=\"eb9c806\" data-element_type=\"container\" data-e-type=\"container\">\n\t\t\t\t<div class=\"elementor-element elementor-element-74fe1ce elementor-widget elementor-widget-menu-anchor\" data-id=\"74fe1ce\" data-element_type=\"widget\" data-e-type=\"widget\" data-widget_type=\"menu-anchor.default\">\n\t\t\t\t<div class=\"elementor-widget-container\">\n\t\t\t\t\t\t\t<div class=\"elementor-menu-anchor\" id=\"evaluation\"><\/div>\n\t\t\t\t\t\t<\/div>\n\t\t\t\t<\/div>\n\t\t<div data-particle_enable=\"false\" data-particle-mobile-disabled=\"false\" class=\"elementor-element elementor-element-431797b e-con-full e-flex e-con e-child\" data-id=\"431797b\" data-element_type=\"container\" data-e-type=\"container\">\n\t\t\t\t<div class=\"elementor-element elementor-element-07952e6 elementor-widget elementor-widget-heading\" data-id=\"07952e6\" data-element_type=\"widget\" data-e-type=\"widget\" data-widget_type=\"heading.default\">\n\t\t\t\t<div class=\"elementor-widget-container\">\n\t\t\t\t\t<h2 class=\"elementor-heading-title elementor-size-default\">training assessment and skills certification\n<\/h2>\t\t\t\t<\/div>\n\t\t\t\t<\/div>\n\t\t\t\t<div class=\"elementor-element elementor-element-5898223 elementor-widget-divider--view-line elementor-widget elementor-widget-divider\" data-id=\"5898223\" data-element_type=\"widget\" data-e-type=\"widget\" data-widget_type=\"divider.default\">\n\t\t\t\t<div class=\"elementor-widget-container\">\n\t\t\t\t\t\t\t<div class=\"elementor-divider\">\n\t\t\t<span class=\"elementor-divider-separator\">\n\t\t\t\t\t\t<\/span>\n\t\t<\/div>\n\t\t\t\t\t\t<\/div>\n\t\t\t\t<\/div>\n\t\t\t\t<\/div>\n\t\t<div data-particle_enable=\"false\" data-particle-mobile-disabled=\"false\" class=\"elementor-element elementor-element-2dc512e e-con-full e-flex e-con e-child\" data-id=\"2dc512e\" data-element_type=\"container\" data-e-type=\"container\">\n\t\t\t\t<div class=\"elementor-element elementor-element-e2df2aa elementor-widget elementor-widget-text-editor\" data-id=\"e2df2aa\" data-element_type=\"widget\" data-e-type=\"widget\" data-widget_type=\"text-editor.default\">\n\t\t\t\t<div class=\"elementor-widget-container\">\n\t\t\t\t\t\t\t\t\t<p style=\"text-align: left;\">IHEDN's regional sessions prepare auditors who wish to do so for the certification of competence entitled \"Mastering defence and security issues in order to formulate operational recommendations\", registered with the French Ministry of Defence.<a href=\"https:\/\/www.francecompetences.fr\/recherche\/rs\/5606\/\" target=\"_blank\" rel=\"noopener\"><span style=\"color: #000091;\"> Specific France Comp\u00e9tences directory under <u>RS number<\/u><\/span><u><span style=\"color: #000091;\">5606<\/span><\/u><\/a> <span style=\"color: #000000;\">from 24 November 2021.<\/span><\/p><p style=\"text-align: left;\">Certification of competence is based on four assessment methods:<\/p><p style=\"text-align: left;\">\u25ba 2 specific procedures for awarding IHEDN auditor status:<\/p><ul style=\"text-align: left;\"><li>a collective report ;<\/li><li>an assessment of the knowledge acquired at the conferences, in the form of a multiple-choice questionnaire.<\/li><\/ul><p style=\"text-align: left;\">\u25ba 2 specific procedures for obtaining certification of competence :<\/p><ul style=\"text-align: left;\"><li>an individual summary (due within 15 calendar days of the last day of the session) ;<\/li><li>an individual operational note (due within 15 calendar days of the last day of the session).<\/li><\/ul><p style=\"text-align: left;\">The four deliverables must be sent in by the deadlines and according to the procedures indicated at the beginning of the session. It will not be possible to make up or partially validate skills.<\/p><p style=\"text-align: left;\">Over 2022\/2023, <span style=\"color: #000091;\"><b>93.8%<\/b> <\/span>of the auditors who took part in the certification validated the target competency.<\/p>\t\t\t\t\t\t\t\t<\/div>\n\t\t\t\t<\/div>\n\t\t\t\t<\/div>\n\t\t\t\t<\/div>\n\t\t<div data-particle_enable=\"false\" data-particle-mobile-disabled=\"false\" class=\"elementor-element elementor-element-23ebb41 e-con-full e-flex e-con e-child\" data-id=\"23ebb41\" data-element_type=\"container\" data-e-type=\"container\">\n\t\t\t\t<div class=\"elementor-element elementor-element-ff2a7c1 elementor-widget elementor-widget-menu-anchor\" data-id=\"ff2a7c1\" data-element_type=\"widget\" data-e-type=\"widget\" data-widget_type=\"menu-anchor.default\">\n\t\t\t\t<div class=\"elementor-widget-container\">\n\t\t\t\t\t\t\t<div class=\"elementor-menu-anchor\" id=\"contact\"><\/div>\n\t\t\t\t\t\t<\/div>\n\t\t\t\t<\/div>\n\t\t<div data-particle_enable=\"false\" data-particle-mobile-disabled=\"false\" class=\"elementor-element elementor-element-1a159d8 e-con-full e-flex e-con e-child\" data-id=\"1a159d8\" data-element_type=\"container\" data-e-type=\"container\">\n\t\t\t\t<div class=\"elementor-element elementor-element-96c694e elementor-widget elementor-widget-heading\" data-id=\"96c694e\" data-element_type=\"widget\" data-e-type=\"widget\" data-widget_type=\"heading.default\">\n\t\t\t\t<div class=\"elementor-widget-container\">\n\t\t\t\t\t<h2 class=\"elementor-heading-title elementor-size-default\">contact<\/h2>\t\t\t\t<\/div>\n\t\t\t\t<\/div>\n\t\t\t\t<div class=\"elementor-element elementor-element-8679281 elementor-widget-divider--view-line elementor-widget elementor-widget-divider\" data-id=\"8679281\" data-element_type=\"widget\" data-e-type=\"widget\" data-widget_type=\"divider.default\">\n\t\t\t\t<div class=\"elementor-widget-container\">\n\t\t\t\t\t\t\t<div class=\"elementor-divider\">\n\t\t\t<span class=\"elementor-divider-separator\">\n\t\t\t\t\t\t<\/span>\n\t\t<\/div>\n\t\t\t\t\t\t<\/div>\n\t\t\t\t<\/div>\n\t\t\t\t<\/div>\n\t\t<div data-particle_enable=\"false\" data-particle-mobile-disabled=\"false\" class=\"elementor-element elementor-element-c52d96c e-con-full e-flex e-con e-child\" data-id=\"c52d96c\" data-element_type=\"container\" data-e-type=\"container\">\n\t\t\t\t<div class=\"elementor-element elementor-element-974af3a elementor-widget elementor-widget-text-editor\" data-id=\"974af3a\" data-element_type=\"widget\" data-e-type=\"widget\" data-widget_type=\"text-editor.default\">\n\t\t\t\t<div class=\"elementor-widget-container\">\n\t\t\t\t\t\t\t\t\t<p style=\"text-align: left;\"><strong>If you have any questions about regional sessions, please contact :\u00a0<\/strong><\/p><p style=\"text-align: left;\"><a href=\"mailto:sr@ihedn.fr\">sr@ihedn.fr<\/a><\/p>\t\t\t\t\t\t\t\t<\/div>\n\t\t\t\t<\/div>\n\t\t<div data-particle_enable=\"false\" data-particle-mobile-disabled=\"false\" class=\"elementor-element elementor-element-9a40b48 e-con-full e-flex e-con e-child\" data-id=\"9a40b48\" data-element_type=\"container\" data-e-type=\"container\">\n\t\t\t\t<div class=\"elementor-element elementor-element-22ce143 elementor-widget elementor-widget-text-editor\" data-id=\"22ce143\" data-element_type=\"widget\" data-e-type=\"widget\" data-widget_type=\"text-editor.default\">\n\t\t\t\t<div class=\"elementor-widget-container\">\n\t\t\t\t\t\t\t\t\t<p>Last modified on :<\/p>\t\t\t\t\t\t\t\t<\/div>\n\t\t\t\t<\/div>\n\t\t\t\t<div class=\"elementor-element elementor-element-2c94471 elementor-widget elementor-widget-text-editor\" data-id=\"2c94471\" data-element_type=\"widget\" data-e-type=\"widget\" data-widget_type=\"text-editor.default\">\n\t\t\t\t<div class=\"elementor-widget-container\">\n\t\t\t\t\t\t\t\t\t21 October 2025\t\t\t\t\t\t\t\t<\/div>\n\t\t\t\t<\/div>\n\t\t\t\t<\/div>\n\t\t\t\t<\/div>\n\t\t\t\t<\/div>\n\t\t<div data-particle_enable=\"false\" data-particle-mobile-disabled=\"false\" class=\"elementor-element elementor-element-cffcb7e e-con-full elementor-hidden-tablet elementor-hidden-mobile e-flex e-con e-parent\" data-id=\"cffcb7e\" data-element_type=\"container\" data-e-type=\"container\" data-settings=\"{&quot;position&quot;:&quot;fixed&quot;}\">\n\t\t\t\t<div class=\"elementor-element elementor-element-c23bb27 elementor-widget elementor-widget-jet-listing-dynamic-link\" data-id=\"c23bb27\" data-element_type=\"widget\" data-e-type=\"widget\" data-widget_type=\"jet-listing-dynamic-link.default\">\n\t\t\t\t<div class=\"elementor-widget-container\">\n\t\t\t\t\t<div class=\"jet-listing jet-listing-dynamic-link\"><a href=\"https:\/\/ihedn.fr\/en\/248e-session-en-region\/#info\" class=\"jet-listing-dynamic-link__link\"><span class=\"jet-listing-dynamic-link__label\">Practical information<\/span><\/a><\/div>\t\t\t\t<\/div>\n\t\t\t\t<\/div>\n\t\t\t\t<div class=\"elementor-element elementor-element-9f5e22b elementor-widget elementor-widget-jet-listing-dynamic-link\" data-id=\"9f5e22b\" data-element_type=\"widget\" data-e-type=\"widget\" data-widget_type=\"jet-listing-dynamic-link.default\">\n\t\t\t\t<div class=\"elementor-widget-container\">\n\t\t\t\t\t<div class=\"jet-listing jet-listing-dynamic-link\"><a href=\"https:\/\/ihedn.fr\/en\/248e-session-en-region\/#objectifs\" class=\"jet-listing-dynamic-link__link\"><span class=\"jet-listing-dynamic-link__label\">Objectives and interests<\/span><\/a><\/div>\t\t\t\t<\/div>\n\t\t\t\t<\/div>\n\t\t\t\t<div class=\"elementor-element elementor-element-c19b6f2 elementor-widget elementor-widget-jet-listing-dynamic-link\" data-id=\"c19b6f2\" data-element_type=\"widget\" data-e-type=\"widget\" data-widget_type=\"jet-listing-dynamic-link.default\">\n\t\t\t\t<div class=\"elementor-widget-container\">\n\t\t\t\t\t<div class=\"jet-listing jet-listing-dynamic-link\"><a href=\"https:\/\/ihedn.fr\/en\/248e-session-en-region\/#organisation\" class=\"jet-listing-dynamic-link__link\"><span class=\"jet-listing-dynamic-link__label\">Organisation<\/span><\/a><\/div>\t\t\t\t<\/div>\n\t\t\t\t<\/div>\n\t\t\t\t<div class=\"elementor-element elementor-element-040220c elementor-widget elementor-widget-jet-listing-dynamic-link\" data-id=\"040220c\" data-element_type=\"widget\" data-e-type=\"widget\" data-widget_type=\"jet-listing-dynamic-link.default\">\n\t\t\t\t<div class=\"elementor-widget-container\">\n\t\t\t\t\t<div class=\"jet-listing jet-listing-dynamic-link\"><a href=\"https:\/\/ihedn.fr\/en\/248e-session-en-region\/#format\" class=\"jet-listing-dynamic-link__link\"><span class=\"jet-listing-dynamic-link__label\">Educational format<\/span><\/a><\/div>\t\t\t\t<\/div>\n\t\t\t\t<\/div>\n\t\t\t\t<div class=\"elementor-element elementor-element-ccbe872 elementor-widget elementor-widget-jet-listing-dynamic-link\" data-id=\"ccbe872\" data-element_type=\"widget\" data-e-type=\"widget\" data-widget_type=\"jet-listing-dynamic-link.default\">\n\t\t\t\t<div class=\"elementor-widget-container\">\n\t\t\t\t\t<div class=\"jet-listing jet-listing-dynamic-link\"><a href=\"https:\/\/ihedn.fr\/en\/248e-session-en-region\/#auditeur\" class=\"jet-listing-dynamic-link__link\"><span class=\"jet-listing-dynamic-link__label\">Becoming an auditor<\/span><\/a><\/div>\t\t\t\t<\/div>\n\t\t\t\t<\/div>\n\t\t\t\t<div class=\"elementor-element elementor-element-36fae07 elementor-widget elementor-widget-jet-listing-dynamic-link\" data-id=\"36fae07\" data-element_type=\"widget\" data-e-type=\"widget\" data-widget_type=\"jet-listing-dynamic-link.default\">\n\t\t\t\t<div class=\"elementor-widget-container\">\n\t\t\t\t\t<div class=\"jet-listing jet-listing-dynamic-link\"><a href=\"https:\/\/ihedn.fr\/en\/248e-session-en-region\/#evaluation\" class=\"jet-listing-dynamic-link__link\"><span class=\"jet-listing-dynamic-link__label\">Assessment of training<\/span><\/a><\/div>\t\t\t\t<\/div>\n\t\t\t\t<\/div>\n\t\t\t\t<div class=\"elementor-element elementor-element-7d61ad1 elementor-widget elementor-widget-jet-listing-dynamic-link\" data-id=\"7d61ad1\" data-element_type=\"widget\" data-e-type=\"widget\" data-widget_type=\"jet-listing-dynamic-link.default\">\n\t\t\t\t<div class=\"elementor-widget-container\">\n\t\t\t\t\t<div class=\"jet-listing jet-listing-dynamic-link\"><a href=\"https:\/\/ihedn.fr\/en\/248e-session-en-region\/#contact\" class=\"jet-listing-dynamic-link__link\"><span class=\"jet-listing-dynamic-link__label\">Contact<\/span><\/a><\/div>\t\t\t\t<\/div>\n\t\t\t\t<\/div>\n\t\t\t\t<\/div>\n\t\t\t\t<\/div>","protected":false},"excerpt":{"rendered":"<p>248e session en r\u00e9gion Bourgogne Franche-Comt\u00e9 Une formation au contenu national d\u00e9clin\u00e9e dans une r\u00e9gion en 4 semaines L\u2019Institut des hautes \u00e9tude de d\u00e9fense nationale est un lieu de formation, de r\u00e9flexion et de d\u00e9bats de haut niveau sur les questions de d\u00e9fense militaire, de d\u00e9fense nationale, de s\u00e9curit\u00e9 nationale et de s\u00e9curit\u00e9 internationale, ouvert [&hellip;]<\/p>\n","protected":false},"author":14,"featured_media":0,"parent":0,"menu_order":0,"comment_status":"closed","ping_status":"closed","template":"","meta":{"footnotes":""},"class_list":["post-56282","page","type-page","status-publish","hentry"],"yoast_head":"<!-- This site is optimized with the Yoast SEO plugin v27.5 - https:\/\/yoast.com\/product\/yoast-seo-wordpress\/ -->\n<title>248e Session en r\u00e9gion - Bourgogne Franche-Comt\u00e9 - L&#039;IHEDN : Institut des hautes \u00e9tudes de d\u00e9fense nationale<\/title>\n<meta name=\"description\" content=\"&quot;Participez aux sessions en r\u00e9gion de l&#039;IHEDN, des formations d\u00e9di\u00e9es aux enjeux de d\u00e9fense et de s\u00e9curit\u00e9, pour renforcer la culture strat\u00e9gique au c\u0153ur des territoires et cr\u00e9er des liens entre acteurs civils et militaires.\" \/>\n<meta name=\"robots\" content=\"index, follow, max-snippet:-1, max-image-preview:large, max-video-preview:-1\" \/>\n<link rel=\"canonical\" href=\"https:\/\/ihedn.fr\/en\/248e-session-en-region\/\" \/>\n<meta property=\"og:locale\" content=\"en_GB\" \/>\n<meta property=\"og:type\" content=\"article\" \/>\n<meta property=\"og:title\" content=\"L&#039;IHEDN : Institut des hautes \u00e9tudes de d\u00e9fense nationale\" \/>\n<meta property=\"og:description\" content=\"&quot;Participez aux sessions en r\u00e9gion de l&#039;IHEDN, des formations d\u00e9di\u00e9es aux enjeux de d\u00e9fense et de s\u00e9curit\u00e9, pour renforcer la culture strat\u00e9gique au c\u0153ur des territoires et cr\u00e9er des liens entre acteurs civils et militaires.\" \/>\n<meta property=\"og:url\" content=\"https:\/\/ihedn.fr\/en\/248e-session-en-region\/\" \/>\n<meta property=\"og:site_name\" content=\"L&#039;IHEDN : Institut des hautes \u00e9tudes de d\u00e9fense nationale\" \/>\n<meta property=\"article:publisher\" content=\"https:\/\/www.facebook.com\/ihedn\/\" \/>\n<meta property=\"article:modified_time\" content=\"2025-10-21T09:00:04+00:00\" \/>\n<meta name=\"twitter:card\" content=\"summary_large_image\" \/>\n<meta name=\"twitter:title\" content=\"L&#039;IHEDN : Institut des hautes \u00e9tudes de d\u00e9fense nationale\" \/>\n<meta name=\"twitter:description\" content=\"&quot;Participez aux sessions en r\u00e9gion de l&#039;IHEDN, des formations d\u00e9di\u00e9es aux enjeux de d\u00e9fense et de s\u00e9curit\u00e9, pour renforcer la culture strat\u00e9gique au c\u0153ur des territoires et cr\u00e9er des liens entre acteurs civils et militaires.\" \/>\n<meta name=\"twitter:site\" content=\"@IHEDN\" \/>\n<meta name=\"twitter:label1\" content=\"Estimated reading time\" \/>\n\t<meta name=\"twitter:data1\" content=\"9 minutes\" \/>\n<script type=\"application\/ld+json\" class=\"yoast-schema-graph\">{\"@context\":\"https:\\\/\\\/schema.org\",\"@graph\":[{\"@type\":\"WebPage\",\"@id\":\"https:\\\/\\\/ihedn.fr\\\/248e-session-en-region\\\/\",\"url\":\"https:\\\/\\\/ihedn.fr\\\/248e-session-en-region\\\/\",\"name\":\"248e Session en r\u00e9gion - Bourgogne Franche-Comt\u00e9 - L&#039;IHEDN : Institut des hautes \u00e9tudes de d\u00e9fense nationale\",\"isPartOf\":{\"@id\":\"https:\\\/\\\/ihedn.fr\\\/#website\"},\"datePublished\":\"2025-10-21T07:57:35+00:00\",\"dateModified\":\"2025-10-21T09:00:04+00:00\",\"description\":\"\\\"Participez aux sessions en r\u00e9gion de l'IHEDN, des formations d\u00e9di\u00e9es aux enjeux de d\u00e9fense et de s\u00e9curit\u00e9, pour renforcer la culture strat\u00e9gique au c\u0153ur des territoires et cr\u00e9er des liens entre acteurs civils et militaires.\",\"breadcrumb\":{\"@id\":\"https:\\\/\\\/ihedn.fr\\\/248e-session-en-region\\\/#breadcrumb\"},\"inLanguage\":\"en-GB\",\"potentialAction\":[{\"@type\":\"ReadAction\",\"target\":[\"https:\\\/\\\/ihedn.fr\\\/248e-session-en-region\\\/\"]}]},{\"@type\":\"BreadcrumbList\",\"@id\":\"https:\\\/\\\/ihedn.fr\\\/248e-session-en-region\\\/#breadcrumb\",\"itemListElement\":[{\"@type\":\"ListItem\",\"position\":1,\"name\":\"Accueil\",\"item\":\"https:\\\/\\\/ihedn.fr\\\/\"},{\"@type\":\"ListItem\",\"position\":2,\"name\":\"248e Session en r\u00e9gion &#8211; Bourgogne Franche-Comt\u00e9\"}]},{\"@type\":\"WebSite\",\"@id\":\"https:\\\/\\\/ihedn.fr\\\/#website\",\"url\":\"https:\\\/\\\/ihedn.fr\\\/\",\"name\":\"IHEDN : Institut des hautes \u00e9tudes de d\u00e9fense nationale |\",\"description\":\"Site officiel de l&#039;IHEDN plac\u00e9 sous la tutelle du Premier ministre.\",\"publisher\":{\"@id\":\"https:\\\/\\\/ihedn.fr\\\/#organization\"},\"potentialAction\":[{\"@type\":\"SearchAction\",\"target\":{\"@type\":\"EntryPoint\",\"urlTemplate\":\"https:\\\/\\\/ihedn.fr\\\/?s={search_term_string}\"},\"query-input\":{\"@type\":\"PropertyValueSpecification\",\"valueRequired\":true,\"valueName\":\"search_term_string\"}}],\"inLanguage\":\"en-GB\"},{\"@type\":\"Organization\",\"@id\":\"https:\\\/\\\/ihedn.fr\\\/#organization\",\"name\":\"IHEDN - Institut des Hautes Etudes de D\u00e9fense Nationale\",\"url\":\"https:\\\/\\\/ihedn.fr\\\/\",\"logo\":{\"@type\":\"ImageObject\",\"inLanguage\":\"en-GB\",\"@id\":\"https:\\\/\\\/ihedn.fr\\\/#\\\/schema\\\/logo\\\/image\\\/\",\"url\":\"https:\\\/\\\/ihedn.fr\\\/wp-content\\\/uploads\\\/2020\\\/11\\\/BLOC_RF_IHEDN_WEB.png\",\"contentUrl\":\"https:\\\/\\\/ihedn.fr\\\/wp-content\\\/uploads\\\/2020\\\/11\\\/BLOC_RF_IHEDN_WEB.png\",\"width\":500,\"height\":237,\"caption\":\"IHEDN - Institut des Hautes Etudes de D\u00e9fense Nationale\"},\"image\":{\"@id\":\"https:\\\/\\\/ihedn.fr\\\/#\\\/schema\\\/logo\\\/image\\\/\"},\"sameAs\":[\"https:\\\/\\\/www.facebook.com\\\/ihedn\\\/\",\"https:\\\/\\\/x.com\\\/IHEDN\",\"https:\\\/\\\/www.instagram.com\\\/ihedn\\\/\",\"https:\\\/\\\/www.linkedin.com\\\/school\\\/ihedn\\\/\",\"https:\\\/\\\/fr.wikipedia.org\\\/wiki\\\/Institut_des_hautes_\u00e9tudes_de_D\u00e9fense_nationale\"]}]}<\/script>\n<!-- \/ Yoast SEO plugin. -->","yoast_head_json":{"title":"248e Session en r\u00e9gion - Bourgogne Franche-Comt\u00e9 - L&#039;IHEDN : Institut des hautes \u00e9tudes de d\u00e9fense nationale","description":"\"Take part in the IHEDN's regional sessions, training courses dedicated to defence and security issues, to strengthen the strategic culture at the heart of the regions and create links between civilian and military players.","robots":{"index":"index","follow":"follow","max-snippet":"max-snippet:-1","max-image-preview":"max-image-preview:large","max-video-preview":"max-video-preview:-1"},"canonical":"https:\/\/ihedn.fr\/en\/248e-session-en-region\/","og_locale":"en_GB","og_type":"article","og_title":"L&#039;IHEDN : Institut des hautes \u00e9tudes de d\u00e9fense nationale","og_description":"\"Participez aux sessions en r\u00e9gion de l'IHEDN, des formations d\u00e9di\u00e9es aux enjeux de d\u00e9fense et de s\u00e9curit\u00e9, pour renforcer la culture strat\u00e9gique au c\u0153ur des territoires et cr\u00e9er des liens entre acteurs civils et militaires.","og_url":"https:\/\/ihedn.fr\/en\/248e-session-en-region\/","og_site_name":"L&#039;IHEDN : Institut des hautes \u00e9tudes de d\u00e9fense nationale","article_publisher":"https:\/\/www.facebook.com\/ihedn\/","article_modified_time":"2025-10-21T09:00:04+00:00","twitter_card":"summary_large_image","twitter_title":"L&#039;IHEDN : Institut des hautes \u00e9tudes de d\u00e9fense nationale","twitter_description":"\"Participez aux sessions en r\u00e9gion de l'IHEDN, des formations d\u00e9di\u00e9es aux enjeux de d\u00e9fense et de s\u00e9curit\u00e9, pour renforcer la culture strat\u00e9gique au c\u0153ur des territoires et cr\u00e9er des liens entre acteurs civils et militaires.","twitter_site":"@IHEDN","twitter_misc":{"Estimated reading time":"9 minutes"},"schema":{"@context":"https:\/\/schema.org","@graph":[{"@type":"WebPage","@id":"https:\/\/ihedn.fr\/248e-session-en-region\/","url":"https:\/\/ihedn.fr\/248e-session-en-region\/","name":"248e Session en r\u00e9gion - Bourgogne Franche-Comt\u00e9 - L&#039;IHEDN : Institut des hautes \u00e9tudes de d\u00e9fense nationale","isPartOf":{"@id":"https:\/\/ihedn.fr\/#website"},"datePublished":"2025-10-21T07:57:35+00:00","dateModified":"2025-10-21T09:00:04+00:00","description":"\"Take part in the IHEDN's regional sessions, training courses dedicated to defence and security issues, to strengthen the strategic culture at the heart of the regions and create links between civilian and military players.","breadcrumb":{"@id":"https:\/\/ihedn.fr\/248e-session-en-region\/#breadcrumb"},"inLanguage":"en-GB","potentialAction":[{"@type":"ReadAction","target":["https:\/\/ihedn.fr\/248e-session-en-region\/"]}]},{"@type":"BreadcrumbList","@id":"https:\/\/ihedn.fr\/248e-session-en-region\/#breadcrumb","itemListElement":[{"@type":"ListItem","position":1,"name":"Accueil","item":"https:\/\/ihedn.fr\/"},{"@type":"ListItem","position":2,"name":"248e Session en r\u00e9gion &#8211; Bourgogne Franche-Comt\u00e9"}]},{"@type":"WebSite","@id":"https:\/\/ihedn.fr\/#website","url":"https:\/\/ihedn.fr\/","name":"IHEDN: Institut des hautes \u00e9tudes de d\u00e9fense nationale (Institute for Higher National Defence Studies)","description":"Official website of the IHEDN under the supervision of the Prime Minister.","publisher":{"@id":"https:\/\/ihedn.fr\/#organization"},"potentialAction":[{"@type":"SearchAction","target":{"@type":"EntryPoint","urlTemplate":"https:\/\/ihedn.fr\/?s={search_term_string}"},"query-input":{"@type":"PropertyValueSpecification","valueRequired":true,"valueName":"search_term_string"}}],"inLanguage":"en-GB"},{"@type":"Organization","@id":"https:\/\/ihedn.fr\/#organization","name":"IHEDN - Institute for Higher National Defence Studies","url":"https:\/\/ihedn.fr\/","logo":{"@type":"ImageObject","inLanguage":"en-GB","@id":"https:\/\/ihedn.fr\/#\/schema\/logo\/image\/","url":"https:\/\/ihedn.fr\/wp-content\/uploads\/2020\/11\/BLOC_RF_IHEDN_WEB.png","contentUrl":"https:\/\/ihedn.fr\/wp-content\/uploads\/2020\/11\/BLOC_RF_IHEDN_WEB.png","width":500,"height":237,"caption":"IHEDN - Institut des Hautes Etudes de D\u00e9fense Nationale"},"image":{"@id":"https:\/\/ihedn.fr\/#\/schema\/logo\/image\/"},"sameAs":["https:\/\/www.facebook.com\/ihedn\/","https:\/\/x.com\/IHEDN","https:\/\/www.instagram.com\/ihedn\/","https:\/\/www.linkedin.com\/school\/ihedn\/","https:\/\/fr.wikipedia.org\/wiki\/Institut_des_hautes_\u00e9tudes_de_D\u00e9fense_nationale"]}]}},"publishpress_future_action":{"enabled":false,"date":"2026-05-06 05:52:04","action":"change-status","newStatus":"draft","terms":[],"taxonomy":"","extraData":[]},"publishpress_future_workflow_manual_trigger":{"enabledWorkflows":[]},"_links":{"self":[{"href":"https:\/\/ihedn.fr\/en\/wp-json\/wp\/v2\/pages\/56282","targetHints":{"allow":["GET"]}}],"collection":[{"href":"https:\/\/ihedn.fr\/en\/wp-json\/wp\/v2\/pages"}],"about":[{"href":"https:\/\/ihedn.fr\/en\/wp-json\/wp\/v2\/types\/page"}],"author":[{"embeddable":true,"href":"https:\/\/ihedn.fr\/en\/wp-json\/wp\/v2\/users\/14"}],"replies":[{"embeddable":true,"href":"https:\/\/ihedn.fr\/en\/wp-json\/wp\/v2\/comments?post=56282"}],"version-history":[{"count":22,"href":"https:\/\/ihedn.fr\/en\/wp-json\/wp\/v2\/pages\/56282\/revisions"}],"predecessor-version":[{"id":56305,"href":"https:\/\/ihedn.fr\/en\/wp-json\/wp\/v2\/pages\/56282\/revisions\/56305"}],"wp:attachment":[{"href":"https:\/\/ihedn.fr\/en\/wp-json\/wp\/v2\/media?parent=56282"}],"curies":[{"name":"wp","href":"https:\/\/api.w.org\/{rel}","templated":true}]}}