{"id":56610,"date":"2025-11-07T09:35:13","date_gmt":"2025-11-07T08:35:13","guid":{"rendered":"https:\/\/ihedn.fr\/?page_id=56610"},"modified":"2026-03-31T08:28:23","modified_gmt":"2026-03-31T07:28:23","slug":"adjoint-au-chef-du-departement-des-etudes-et-de-la-recherche-f-h","status":"publish","type":"page","link":"https:\/\/ihedn.fr\/en\/nous-rejoindre\/emploi\/adjoint-au-chef-du-departement-des-etudes-et-de-la-recherche-f-h\/","title":{"rendered":"Deputy Head of Studies and Research Department (F\/H)"},"content":{"rendered":"<div data-elementor-type=\"wp-page\" data-elementor-id=\"56610\" class=\"elementor elementor-56610\" data-elementor-post-type=\"page\">\n\t\t\t\t<div data-particle_enable=\"false\" data-particle-mobile-disabled=\"false\" class=\"elementor-element elementor-element-009436b e-con-full e-flex e-con e-parent\" data-id=\"009436b\" data-element_type=\"container\" data-e-type=\"container\">\n\t\t\t\t<div class=\"elementor-element elementor-element-457d536 elementor-widget__width-inherit elementor-widget-tablet__width-initial elementor-widget elementor-widget-heading\" data-id=\"457d536\" data-element_type=\"widget\" data-e-type=\"widget\" data-widget_type=\"heading.default\">\n\t\t\t\t<div class=\"elementor-widget-container\">\n\t\t\t\t\t<h1 class=\"elementor-heading-title elementor-size-default\">Deputy Head of Studies and Research Department (F\/H)<\/h1>\t\t\t\t<\/div>\n\t\t\t\t<\/div>\n\t\t\t\t<div class=\"elementor-element elementor-element-5be0e03 elementor-widget-divider--view-line elementor-invisible elementor-widget elementor-widget-divider\" data-id=\"5be0e03\" data-element_type=\"widget\" data-e-type=\"widget\" data-settings=\"{&quot;_animation&quot;:&quot;fadeInUp&quot;,&quot;_animation_delay&quot;:100}\" data-widget_type=\"divider.default\">\n\t\t\t\t<div class=\"elementor-widget-container\">\n\t\t\t\t\t\t\t<div class=\"elementor-divider\">\n\t\t\t<span class=\"elementor-divider-separator\">\n\t\t\t\t\t\t<\/span>\n\t\t<\/div>\n\t\t\t\t\t\t<\/div>\n\t\t\t\t<\/div>\n\t\t\t\t<\/div>\n\t\t<div data-particle_enable=\"false\" data-particle-mobile-disabled=\"false\" class=\"elementor-element elementor-element-fa3ecfc e-flex e-con-boxed e-con e-parent\" data-id=\"fa3ecfc\" data-element_type=\"container\" data-e-type=\"container\">\n\t\t\t\t\t<div class=\"e-con-inner\">\n\t\t<div data-particle_enable=\"false\" data-particle-mobile-disabled=\"false\" class=\"elementor-element elementor-element-01bb0c5 e-con-full e-flex e-con e-child\" data-id=\"01bb0c5\" data-element_type=\"container\" data-e-type=\"container\">\n\t\t\t\t<div class=\"elementor-element elementor-element-a8e7961 elementor-widget elementor-widget-heading\" data-id=\"a8e7961\" data-element_type=\"widget\" data-e-type=\"widget\" data-widget_type=\"heading.default\">\n\t\t\t\t<div class=\"elementor-widget-container\">\n\t\t\t\t\t<h2 class=\"elementor-heading-title elementor-size-default\">Who are we?<\/h2>\t\t\t\t<\/div>\n\t\t\t\t<\/div>\n\t\t\t\t<div class=\"elementor-element elementor-element-33f9499 elementor-hidden-tablet elementor-widget-divider--view-line elementor-invisible elementor-widget elementor-widget-divider\" data-id=\"33f9499\" data-element_type=\"widget\" data-e-type=\"widget\" data-settings=\"{&quot;_animation&quot;:&quot;fadeInUp&quot;,&quot;_animation_delay&quot;:100}\" data-widget_type=\"divider.default\">\n\t\t\t\t<div class=\"elementor-widget-container\">\n\t\t\t\t\t\t\t<div class=\"elementor-divider\">\n\t\t\t<span class=\"elementor-divider-separator\">\n\t\t\t\t\t\t<\/span>\n\t\t<\/div>\n\t\t\t\t\t\t<\/div>\n\t\t\t\t<\/div>\n\t\t\t\t<\/div>\n\t\t\t\t<div class=\"elementor-element elementor-element-34e8caa elementor-widget elementor-widget-text-editor\" data-id=\"34e8caa\" data-element_type=\"widget\" data-e-type=\"widget\" data-widget_type=\"text-editor.default\">\n\t\t\t\t<div class=\"elementor-widget-container\">\n\t\t\t\t\t\t\t\t\t<div class=\"text-clamp--text\"><p style=\"text-align: left;\"><strong>Institute for Advanced Studies in National Defence<\/strong><\/p><p style=\"text-align: left;\">The Institut des hautes \u00e9tudes de d\u00e9fense nationale (IHEDN) is a national public administrative body under the supervision of the Prime Minister and, more specifically, of the Secr\u00e9tariat g\u00e9n\u00e9ral \u00e0 la d\u00e9fense et \u00e0 la s\u00e9curit\u00e9 nationale (SGDSN).<\/p><p style=\"text-align: left;\">The Institut des hautes \u00e9tudes de d\u00e9fense nationale (IHEDN) prepares leaders from all spheres of activity to assume the highest responsibilities by developing their understanding of national defence and security issues, their knowledge of related public policies, their perception of the interplay of players involved in their implementation, and their aptitude for strategic thinking. The training provided as part of the national session is designed to enable all students to grasp from the outset the cross-sectoral, interdisciplinary, interministerial, European and international dimensions of defence and security issues through a common foundation and in-depth study of 5 major areas (Armament and the Defence Economy, Economic Defence and Security, Maritime Issues and Strategies, Defence Policy, Digital Sovereignty and Cybersecurity).<\/p><\/div><div id=\"id-64954bf4869dd\" class=\"text-clamp--hiddentext fr-mt-2w\" tabindex=\"-1\"><p style=\"text-align: left;\">The IHEDN, working to build and disseminate a common defence culture, helps to forge lasting links between senior public and private, civilian and military officials.<\/p><\/div>\t\t\t\t\t\t\t\t<\/div>\n\t\t\t\t<\/div>\n\t\t\t\t\t<\/div>\n\t\t\t\t<\/div>\n\t\t<div data-particle_enable=\"false\" data-particle-mobile-disabled=\"false\" class=\"elementor-element elementor-element-8e12c73 e-flex e-con-boxed e-con e-parent\" data-id=\"8e12c73\" data-element_type=\"container\" data-e-type=\"container\">\n\t\t\t\t\t<div class=\"e-con-inner\">\n\t\t<div data-particle_enable=\"false\" data-particle-mobile-disabled=\"false\" class=\"elementor-element elementor-element-99d3b17 e-con-full e-flex e-con e-child\" data-id=\"99d3b17\" data-element_type=\"container\" data-e-type=\"container\">\n\t\t\t\t<div class=\"elementor-element elementor-element-9571db0 elementor-widget elementor-widget-heading\" data-id=\"9571db0\" data-element_type=\"widget\" data-e-type=\"widget\" data-widget_type=\"heading.default\">\n\t\t\t\t<div class=\"elementor-widget-container\">\n\t\t\t\t\t<h2 class=\"elementor-heading-title elementor-size-default\">Job description<\/h2>\t\t\t\t<\/div>\n\t\t\t\t<\/div>\n\t\t\t\t<div class=\"elementor-element elementor-element-c7ad3f9 elementor-hidden-tablet elementor-widget-divider--view-line elementor-invisible elementor-widget elementor-widget-divider\" data-id=\"c7ad3f9\" data-element_type=\"widget\" data-e-type=\"widget\" data-settings=\"{&quot;_animation&quot;:&quot;fadeInUp&quot;,&quot;_animation_delay&quot;:100}\" data-widget_type=\"divider.default\">\n\t\t\t\t<div class=\"elementor-widget-container\">\n\t\t\t\t\t\t\t<div class=\"elementor-divider\">\n\t\t\t<span class=\"elementor-divider-separator\">\n\t\t\t\t\t\t<\/span>\n\t\t<\/div>\n\t\t\t\t\t\t<\/div>\n\t\t\t\t<\/div>\n\t\t\t\t<\/div>\n\t\t\t\t<div class=\"elementor-element elementor-element-5f4dac1 elementor-widget elementor-widget-text-editor\" data-id=\"5f4dac1\" data-element_type=\"widget\" data-e-type=\"widget\" data-widget_type=\"text-editor.default\">\n\t\t\t\t<div class=\"elementor-widget-container\">\n\t\t\t\t\t\t\t\t\t<div class=\"text-clamp--text\"><p style=\"text-align: left;\"><strong>Main activities<\/strong><\/p><\/div>\t\t\t\t\t\t\t\t<\/div>\n\t\t\t\t<\/div>\n\t\t\t\t<div class=\"elementor-element elementor-element-59b3dd7 elementor-widget elementor-widget-text-editor\" data-id=\"59b3dd7\" data-element_type=\"widget\" data-e-type=\"widget\" data-widget_type=\"text-editor.default\">\n\t\t\t\t<div class=\"elementor-widget-container\">\n\t\t\t\t\t\t\t\t\t<p>The Deputy Head of the Studies and Research Department will assist the Head of Department in the performance of his\/her duties, and more specifically in :<\/p><div class=\"text-clamp--text fr-mb-3w\"><ul><li>Guaranteeing the scientific and educational quality of IHEDN's training programmes, in accordance with the Institute's contract of objectives and performance; ;<\/li><li>Deployment of the quality approach within the Institute (France Comp\u00e9tences, Qualiopi) ;<\/li><li>Support for the design of training courses and the coaching of auditors. This support is based on monitoring and reflection activities, leading to choices in terms of pedagogical engineering, methodology, mobilisation of expertise, and definition of relevant themes for committee work.<\/li><\/ul><\/div><div id=\"id-69cb72f8a9451\" class=\"text-clamp--hiddentext fr-mb-0\" tabindex=\"-1\"><ul><li>Structuring and running the Institute's educational systems and functions; ;<\/li><li>Promoting the intellectual life of the Institute, by promoting existing work, awarding scientific prizes and organising strategic debates; more specifically, it is responsible for the editorial follow-up of scientific publications; ;<\/li><li>Preparing the Institute's Scientific Council ;<\/li><li>Preparing the Institute's Teaching Council ;<\/li><li>Establishing national and international partnerships;<\/li><li>Supervising and coordinating the activities of the department's staff ;<\/li><li>Budget dialogue with other departments.<\/li><\/ul><p>\u00a0<\/p><p>He is a member of the IHEDN extended steering committee.<\/p><p>He acts as interim head of the DER, and replaces him whenever the department's activities so require. He\/she contributes to the management of DER agents.<\/p><\/div>\t\t\t\t\t\t\t\t<\/div>\n\t\t\t\t<\/div>\n\t\t\t\t\t<\/div>\n\t\t\t\t<\/div>\n\t\t<div data-particle_enable=\"false\" data-particle-mobile-disabled=\"false\" class=\"elementor-element elementor-element-7f40074 e-flex e-con-boxed e-con e-parent\" data-id=\"7f40074\" data-element_type=\"container\" data-e-type=\"container\">\n\t\t\t\t\t<div class=\"e-con-inner\">\n\t\t<div data-particle_enable=\"false\" data-particle-mobile-disabled=\"false\" class=\"elementor-element elementor-element-00c6ee6 e-con-full e-flex e-con e-child\" data-id=\"00c6ee6\" data-element_type=\"container\" data-e-type=\"container\">\n\t\t\t\t<div class=\"elementor-element elementor-element-d77f835 elementor-widget elementor-widget-heading\" data-id=\"d77f835\" data-element_type=\"widget\" data-e-type=\"widget\" data-widget_type=\"heading.default\">\n\t\t\t\t<div class=\"elementor-widget-container\">\n\t\t\t\t\t<h2 class=\"elementor-heading-title elementor-size-default\">Expected skills\n<\/h2>\t\t\t\t<\/div>\n\t\t\t\t<\/div>\n\t\t\t\t<div class=\"elementor-element elementor-element-c366c22 elementor-hidden-tablet elementor-widget-divider--view-line elementor-invisible elementor-widget elementor-widget-divider\" data-id=\"c366c22\" data-element_type=\"widget\" data-e-type=\"widget\" data-settings=\"{&quot;_animation&quot;:&quot;fadeInUp&quot;,&quot;_animation_delay&quot;:100}\" data-widget_type=\"divider.default\">\n\t\t\t\t<div class=\"elementor-widget-container\">\n\t\t\t\t\t\t\t<div class=\"elementor-divider\">\n\t\t\t<span class=\"elementor-divider-separator\">\n\t\t\t\t\t\t<\/span>\n\t\t<\/div>\n\t\t\t\t\t\t<\/div>\n\t\t\t\t<\/div>\n\t\t\t\t<\/div>\n\t\t\t\t<div class=\"elementor-element elementor-element-39614fb elementor-widget elementor-widget-text-editor\" data-id=\"39614fb\" data-element_type=\"widget\" data-e-type=\"widget\" data-widget_type=\"text-editor.default\">\n\t\t\t\t<div class=\"elementor-widget-container\">\n\t\t\t\t\t\t\t\t\t<div class=\"text-clamp--text\"><p style=\"text-align: left;\"><strong>Knowing how to be<\/strong><\/p><ul><li>Be autonomous and take the initiative<\/li><li>Demonstrate your ability to teach and listen<\/li><li>Be organised and know how to set priorities<\/li><li>A sense of responsibility<\/li><li>Represent<\/li><\/ul><\/div>\t\t\t\t\t\t\t\t<\/div>\n\t\t\t\t<\/div>\n\t\t\t\t<div class=\"elementor-element elementor-element-df5c435 elementor-widget elementor-widget-text-editor\" data-id=\"df5c435\" data-element_type=\"widget\" data-e-type=\"widget\" data-widget_type=\"text-editor.default\">\n\t\t\t\t<div class=\"elementor-widget-container\">\n\t\t\t\t\t\t\t\t\t<div class=\"text-clamp--text\"><p><strong>Know-how<\/strong><\/p><div class=\"text-clamp--text\"><div id=\"id-690da60127f48\" class=\"text-clamp--hiddentext\" tabindex=\"-1\"><div class=\"text-clamp--text\"><ul><li>Professional experience in education<\/li><li>Designing appropriate training engineering methods<\/li><li>Advising and liaising with departments on educational matters<\/li><li>Managing and federating teams of Level I managers<\/li><\/ul><\/div><div id=\"id-69cb72f8a94c2\" class=\"text-clamp--hiddentext\" tabindex=\"-1\"><ul><li>Communicating and leading meetings<\/li><li>Managing a project and processes<\/li><li>Arbitrating decisions and supporting change<\/li><li>Contribute to the development of a network<\/li><\/ul><\/div><\/div><\/div><\/div>\t\t\t\t\t\t\t\t<\/div>\n\t\t\t\t<\/div>\n\t\t\t\t<div class=\"elementor-element elementor-element-b7d7934 elementor-widget elementor-widget-text-editor\" data-id=\"b7d7934\" data-element_type=\"widget\" data-e-type=\"widget\" data-widget_type=\"text-editor.default\">\n\t\t\t\t<div class=\"elementor-widget-container\">\n\t\t\t\t\t\t\t\t\t<div class=\"text-clamp--text\"><p style=\"text-align: left;\"><strong>Knowledge<\/strong><\/p><ul><li>Areas of defence and security covered by training courses<\/li><li>the scientific and institutional environment related to the fields covered by the courses (universities, research centres, think-tanks, etc.)<\/li><li>The professional contexts of the people for whom the training is intended (missions, activities and conditions of implementation)<\/li><li>Training law<\/li><li>Standards, quality benchmarks and certifications (Qualiopi)<\/li><li>Office automation, documentary research and monitoring tools<\/li><\/ul><\/div>\t\t\t\t\t\t\t\t<\/div>\n\t\t\t\t<\/div>\n\t\t\t\t\t<\/div>\n\t\t\t\t<\/div>\n\t\t<div data-particle_enable=\"false\" data-particle-mobile-disabled=\"false\" class=\"elementor-element elementor-element-94f657b e-flex e-con-boxed e-con e-parent\" data-id=\"94f657b\" data-element_type=\"container\" data-e-type=\"container\">\n\t\t\t\t\t<div class=\"e-con-inner\">\n\t\t<div data-particle_enable=\"false\" data-particle-mobile-disabled=\"false\" class=\"elementor-element elementor-element-b0c51bd e-con-full e-flex e-con e-child\" data-id=\"b0c51bd\" data-element_type=\"container\" data-e-type=\"container\">\n\t\t\t\t<div class=\"elementor-element elementor-element-8a67cd5 elementor-widget elementor-widget-heading\" data-id=\"8a67cd5\" data-element_type=\"widget\" data-e-type=\"widget\" data-widget_type=\"heading.default\">\n\t\t\t\t<div class=\"elementor-widget-container\">\n\t\t\t\t\t<h2 class=\"elementor-heading-title elementor-size-default\">Profile required<\/h2>\t\t\t\t<\/div>\n\t\t\t\t<\/div>\n\t\t\t\t<div class=\"elementor-element elementor-element-0958266 elementor-hidden-tablet elementor-widget-divider--view-line elementor-invisible elementor-widget elementor-widget-divider\" data-id=\"0958266\" data-element_type=\"widget\" data-e-type=\"widget\" data-settings=\"{&quot;_animation&quot;:&quot;fadeInUp&quot;,&quot;_animation_delay&quot;:100}\" data-widget_type=\"divider.default\">\n\t\t\t\t<div class=\"elementor-widget-container\">\n\t\t\t\t\t\t\t<div class=\"elementor-divider\">\n\t\t\t<span class=\"elementor-divider-separator\">\n\t\t\t\t\t\t<\/span>\n\t\t<\/div>\n\t\t\t\t\t\t<\/div>\n\t\t\t\t<\/div>\n\t\t\t\t<\/div>\n\t\t\t\t<div class=\"elementor-element elementor-element-2199794 elementor-widget elementor-widget-text-editor\" data-id=\"2199794\" data-element_type=\"widget\" data-e-type=\"widget\" data-widget_type=\"text-editor.default\">\n\t\t\t\t<div class=\"elementor-widget-container\">\n\t\t\t\t\t\t\t\t\t<p>Doctorate in human and social sciences from a university or Institut d'Etudes Politiques, or Master 2 with at least 10 years' significant professional experience directly related to the role.<\/p>\t\t\t\t\t\t\t\t<\/div>\n\t\t\t\t<\/div>\n\t\t\t\t\t<\/div>\n\t\t\t\t<\/div>\n\t\t<div data-particle_enable=\"false\" data-particle-mobile-disabled=\"false\" class=\"elementor-element elementor-element-df2bb62 e-flex e-con-boxed e-con e-parent\" data-id=\"df2bb62\" data-element_type=\"container\" data-e-type=\"container\">\n\t\t\t\t\t<div class=\"e-con-inner\">\n\t\t\t\t<div class=\"elementor-element elementor-element-1d0e7d2 elementor-widget elementor-widget-text-editor\" data-id=\"1d0e7d2\" data-element_type=\"widget\" data-e-type=\"widget\" data-widget_type=\"text-editor.default\">\n\t\t\t\t<div class=\"elementor-widget-container\">\n\t\t\t\t\t\t\t\t\t<p style=\"text-align: center;\">See the advert on\u00a0<a href=\"https:\/\/choisirleservicepublic.gouv.fr\/offre-emploi\/adjoint-au-chef-du-departement-des-etudes-et-de-la-recherche-fh-reference-2026-2224160\/\" target=\"_blank\" rel=\"noopener\"><strong>the civil service portal<\/strong><\/a><\/p><p style=\"text-align: center;\">or apply to <a href=\"mailto:recrutement@ihedn.fr\">recrutement@ihedn.fr\u00a0<\/a><\/p>\t\t\t\t\t\t\t\t<\/div>\n\t\t\t\t<\/div>\n\t\t\t\t\t<\/div>\n\t\t\t\t<\/div>\n\t\t\t\t<\/div>","protected":false},"excerpt":{"rendered":"<p>Chef de la majeure \u00ab D\u00e9fense et s\u00e9curit\u00e9 \u00e9conomiques \u00bb de la Session Nationale (F\/H) Qui sommes-nous ? L\u2019Institut des hautes \u00e9tudes de d\u00e9fense nationale \u00c9tablissement public national \u00e0 caract\u00e8re administratif, l\u2019Institut des hautes \u00e9tudes de d\u00e9fense nationale (IHEDN) est plac\u00e9 sous la tutelle de la Premi\u00e8re ministre et plus particuli\u00e8rement du Secr\u00e9tariat g\u00e9n\u00e9ral \u00e0 [&hellip;]<\/p>\n","protected":false},"author":14,"featured_media":0,"parent":40593,"menu_order":0,"comment_status":"closed","ping_status":"closed","template":"","meta":{"footnotes":""},"class_list":["post-56610","page","type-page","status-publish","hentry"],"yoast_head":"<!-- This site is optimized with the Yoast SEO plugin v27.5 - https:\/\/yoast.com\/product\/yoast-seo-wordpress\/ -->\n<title>Adjoint au chef du D\u00e9partement des \u00e9tudes et de la recherche (F\/H) - L&#039;IHEDN : Institut des hautes \u00e9tudes de d\u00e9fense nationale<\/title>\n<meta name=\"description\" content=\"L&#039;institut des hautes \u00e9tudes de d\u00e9fense nationale (IHEDN) recherche son ou sa futur(e) responsable p\u00e9dagogique de la majeure \u00ab Souverainet\u00e9 Num\u00e9rique et Cybers\u00e9curit\u00e9 \u00bb\" \/>\n<meta name=\"robots\" content=\"index, follow, max-snippet:-1, max-image-preview:large, max-video-preview:-1\" \/>\n<link rel=\"canonical\" href=\"https:\/\/ihedn.fr\/en\/nous-rejoindre\/emploi\/adjoint-au-chef-du-departement-des-etudes-et-de-la-recherche-f-h\/\" \/>\n<meta property=\"og:locale\" content=\"en_GB\" \/>\n<meta property=\"og:type\" content=\"article\" \/>\n<meta property=\"og:title\" content=\"Adjoint au chef du D\u00e9partement des \u00e9tudes et de la recherche (F\/H)\" \/>\n<meta property=\"og:description\" content=\"L&#039;institut des hautes \u00e9tudes de d\u00e9fense nationale (IHEDN) recherche son ou sa futur(e) responsable p\u00e9dagogique de la majeure \u00ab Souverainet\u00e9 Num\u00e9rique et Cybers\u00e9curit\u00e9 \u00bb\" \/>\n<meta property=\"og:url\" content=\"https:\/\/ihedn.fr\/en\/nous-rejoindre\/emploi\/adjoint-au-chef-du-departement-des-etudes-et-de-la-recherche-f-h\/\" \/>\n<meta property=\"og:site_name\" content=\"L&#039;IHEDN : Institut des hautes \u00e9tudes de d\u00e9fense nationale\" \/>\n<meta property=\"article:publisher\" content=\"https:\/\/www.facebook.com\/ihedn\/\" \/>\n<meta property=\"article:modified_time\" content=\"2026-03-31T07:28:23+00:00\" \/>\n<meta name=\"twitter:card\" content=\"summary_large_image\" \/>\n<meta name=\"twitter:title\" content=\"Adjoint au chef du D\u00e9partement des \u00e9tudes et de la recherche (F\/H)\" \/>\n<meta name=\"twitter:description\" content=\"L&#039;institut des hautes \u00e9tudes de d\u00e9fense nationale (IHEDN) recherche son ou sa futur(e) responsable p\u00e9dagogique de la majeure \u00ab Souverainet\u00e9 Num\u00e9rique et Cybers\u00e9curit\u00e9 \u00bb\" \/>\n<meta name=\"twitter:site\" content=\"@IHEDN\" \/>\n<meta name=\"twitter:label1\" content=\"Estimated reading time\" \/>\n\t<meta name=\"twitter:data1\" content=\"5 minutes\" \/>\n<script type=\"application\/ld+json\" class=\"yoast-schema-graph\">{\"@context\":\"https:\\\/\\\/schema.org\",\"@graph\":[{\"@type\":\"WebPage\",\"@id\":\"https:\\\/\\\/ihedn.fr\\\/nous-rejoindre\\\/emploi\\\/adjoint-au-chef-du-departement-des-etudes-et-de-la-recherche-f-h\\\/\",\"url\":\"https:\\\/\\\/ihedn.fr\\\/nous-rejoindre\\\/emploi\\\/adjoint-au-chef-du-departement-des-etudes-et-de-la-recherche-f-h\\\/\",\"name\":\"Adjoint au chef du D\u00e9partement des \u00e9tudes et de la recherche (F\\\/H) - L&#039;IHEDN : Institut des hautes \u00e9tudes de d\u00e9fense nationale\",\"isPartOf\":{\"@id\":\"https:\\\/\\\/ihedn.fr\\\/#website\"},\"datePublished\":\"2025-11-07T08:35:13+00:00\",\"dateModified\":\"2026-03-31T07:28:23+00:00\",\"description\":\"L'institut des hautes \u00e9tudes de d\u00e9fense nationale (IHEDN) recherche son ou sa futur(e) responsable p\u00e9dagogique de la majeure \u00ab Souverainet\u00e9 Num\u00e9rique et Cybers\u00e9curit\u00e9 \u00bb\",\"breadcrumb\":{\"@id\":\"https:\\\/\\\/ihedn.fr\\\/nous-rejoindre\\\/emploi\\\/adjoint-au-chef-du-departement-des-etudes-et-de-la-recherche-f-h\\\/#breadcrumb\"},\"inLanguage\":\"en-GB\",\"potentialAction\":[{\"@type\":\"ReadAction\",\"target\":[\"https:\\\/\\\/ihedn.fr\\\/nous-rejoindre\\\/emploi\\\/adjoint-au-chef-du-departement-des-etudes-et-de-la-recherche-f-h\\\/\"]}]},{\"@type\":\"BreadcrumbList\",\"@id\":\"https:\\\/\\\/ihedn.fr\\\/nous-rejoindre\\\/emploi\\\/adjoint-au-chef-du-departement-des-etudes-et-de-la-recherche-f-h\\\/#breadcrumb\",\"itemListElement\":[{\"@type\":\"ListItem\",\"position\":1,\"name\":\"Accueil\",\"item\":\"https:\\\/\\\/ihedn.fr\\\/\"},{\"@type\":\"ListItem\",\"position\":2,\"name\":\"Annonces d&#8217;emploi\",\"item\":\"https:\\\/\\\/ihedn.fr\\\/nous-rejoindre\\\/\"},{\"@type\":\"ListItem\",\"position\":3,\"name\":\"Emploi\",\"item\":\"https:\\\/\\\/ihedn.fr\\\/nous-rejoindre\\\/emploi\\\/\"},{\"@type\":\"ListItem\",\"position\":4,\"name\":\"Adjoint au chef du D\u00e9partement des \u00e9tudes et de la recherche (F\\\/H)\"}]},{\"@type\":\"WebSite\",\"@id\":\"https:\\\/\\\/ihedn.fr\\\/#website\",\"url\":\"https:\\\/\\\/ihedn.fr\\\/\",\"name\":\"IHEDN : Institut des hautes \u00e9tudes de d\u00e9fense nationale |\",\"description\":\"Site officiel de l&#039;IHEDN plac\u00e9 sous la tutelle du Premier ministre.\",\"publisher\":{\"@id\":\"https:\\\/\\\/ihedn.fr\\\/#organization\"},\"potentialAction\":[{\"@type\":\"SearchAction\",\"target\":{\"@type\":\"EntryPoint\",\"urlTemplate\":\"https:\\\/\\\/ihedn.fr\\\/?s={search_term_string}\"},\"query-input\":{\"@type\":\"PropertyValueSpecification\",\"valueRequired\":true,\"valueName\":\"search_term_string\"}}],\"inLanguage\":\"en-GB\"},{\"@type\":\"Organization\",\"@id\":\"https:\\\/\\\/ihedn.fr\\\/#organization\",\"name\":\"IHEDN - Institut des Hautes Etudes de D\u00e9fense Nationale\",\"url\":\"https:\\\/\\\/ihedn.fr\\\/\",\"logo\":{\"@type\":\"ImageObject\",\"inLanguage\":\"en-GB\",\"@id\":\"https:\\\/\\\/ihedn.fr\\\/#\\\/schema\\\/logo\\\/image\\\/\",\"url\":\"https:\\\/\\\/ihedn.fr\\\/wp-content\\\/uploads\\\/2020\\\/11\\\/BLOC_RF_IHEDN_WEB.png\",\"contentUrl\":\"https:\\\/\\\/ihedn.fr\\\/wp-content\\\/uploads\\\/2020\\\/11\\\/BLOC_RF_IHEDN_WEB.png\",\"width\":500,\"height\":237,\"caption\":\"IHEDN - Institut des Hautes Etudes de D\u00e9fense Nationale\"},\"image\":{\"@id\":\"https:\\\/\\\/ihedn.fr\\\/#\\\/schema\\\/logo\\\/image\\\/\"},\"sameAs\":[\"https:\\\/\\\/www.facebook.com\\\/ihedn\\\/\",\"https:\\\/\\\/x.com\\\/IHEDN\",\"https:\\\/\\\/www.instagram.com\\\/ihedn\\\/\",\"https:\\\/\\\/www.linkedin.com\\\/school\\\/ihedn\\\/\",\"https:\\\/\\\/fr.wikipedia.org\\\/wiki\\\/Institut_des_hautes_\u00e9tudes_de_D\u00e9fense_nationale\"]}]}<\/script>\n<!-- \/ Yoast SEO plugin. -->","yoast_head_json":{"title":"Deputy Head of Studies and Research Department (F\/H) - L'IHEDN : Institut des hautes \u00e9tudes de d\u00e9fense nationale","description":"The Institut des Hautes \u00c9tudes de D\u00e9fense Nationale (IHEDN) is looking for a future Head of Studies for its \"Digital Sovereignty and Cybersecurity\" major.","robots":{"index":"index","follow":"follow","max-snippet":"max-snippet:-1","max-image-preview":"max-image-preview:large","max-video-preview":"max-video-preview:-1"},"canonical":"https:\/\/ihedn.fr\/en\/nous-rejoindre\/emploi\/adjoint-au-chef-du-departement-des-etudes-et-de-la-recherche-f-h\/","og_locale":"en_GB","og_type":"article","og_title":"Adjoint au chef du D\u00e9partement des \u00e9tudes et de la recherche (F\/H)","og_description":"L'institut des hautes \u00e9tudes de d\u00e9fense nationale (IHEDN) recherche son ou sa futur(e) responsable p\u00e9dagogique de la majeure \u00ab Souverainet\u00e9 Num\u00e9rique et Cybers\u00e9curit\u00e9 \u00bb","og_url":"https:\/\/ihedn.fr\/en\/nous-rejoindre\/emploi\/adjoint-au-chef-du-departement-des-etudes-et-de-la-recherche-f-h\/","og_site_name":"L&#039;IHEDN : Institut des hautes \u00e9tudes de d\u00e9fense nationale","article_publisher":"https:\/\/www.facebook.com\/ihedn\/","article_modified_time":"2026-03-31T07:28:23+00:00","twitter_card":"summary_large_image","twitter_title":"Adjoint au chef du D\u00e9partement des \u00e9tudes et de la recherche (F\/H)","twitter_description":"L'institut des hautes \u00e9tudes de d\u00e9fense nationale (IHEDN) recherche son ou sa futur(e) responsable p\u00e9dagogique de la majeure \u00ab Souverainet\u00e9 Num\u00e9rique et Cybers\u00e9curit\u00e9 \u00bb","twitter_site":"@IHEDN","twitter_misc":{"Estimated reading time":"5 minutes"},"schema":{"@context":"https:\/\/schema.org","@graph":[{"@type":"WebPage","@id":"https:\/\/ihedn.fr\/nous-rejoindre\/emploi\/adjoint-au-chef-du-departement-des-etudes-et-de-la-recherche-f-h\/","url":"https:\/\/ihedn.fr\/nous-rejoindre\/emploi\/adjoint-au-chef-du-departement-des-etudes-et-de-la-recherche-f-h\/","name":"Deputy Head of Studies and Research Department (F\/H) - L'IHEDN : Institut des hautes \u00e9tudes de d\u00e9fense nationale","isPartOf":{"@id":"https:\/\/ihedn.fr\/#website"},"datePublished":"2025-11-07T08:35:13+00:00","dateModified":"2026-03-31T07:28:23+00:00","description":"The Institut des Hautes \u00c9tudes de D\u00e9fense Nationale (IHEDN) is looking for a future Head of Studies for its \"Digital Sovereignty and Cybersecurity\" major.","breadcrumb":{"@id":"https:\/\/ihedn.fr\/nous-rejoindre\/emploi\/adjoint-au-chef-du-departement-des-etudes-et-de-la-recherche-f-h\/#breadcrumb"},"inLanguage":"en-GB","potentialAction":[{"@type":"ReadAction","target":["https:\/\/ihedn.fr\/nous-rejoindre\/emploi\/adjoint-au-chef-du-departement-des-etudes-et-de-la-recherche-f-h\/"]}]},{"@type":"BreadcrumbList","@id":"https:\/\/ihedn.fr\/nous-rejoindre\/emploi\/adjoint-au-chef-du-departement-des-etudes-et-de-la-recherche-f-h\/#breadcrumb","itemListElement":[{"@type":"ListItem","position":1,"name":"Accueil","item":"https:\/\/ihedn.fr\/"},{"@type":"ListItem","position":2,"name":"Annonces d&#8217;emploi","item":"https:\/\/ihedn.fr\/nous-rejoindre\/"},{"@type":"ListItem","position":3,"name":"Emploi","item":"https:\/\/ihedn.fr\/nous-rejoindre\/emploi\/"},{"@type":"ListItem","position":4,"name":"Adjoint au chef du D\u00e9partement des \u00e9tudes et de la recherche (F\/H)"}]},{"@type":"WebSite","@id":"https:\/\/ihedn.fr\/#website","url":"https:\/\/ihedn.fr\/","name":"IHEDN: Institut des hautes \u00e9tudes de d\u00e9fense nationale (Institute for Higher National Defence Studies)","description":"Official website of the IHEDN under the supervision of the Prime Minister.","publisher":{"@id":"https:\/\/ihedn.fr\/#organization"},"potentialAction":[{"@type":"SearchAction","target":{"@type":"EntryPoint","urlTemplate":"https:\/\/ihedn.fr\/?s={search_term_string}"},"query-input":{"@type":"PropertyValueSpecification","valueRequired":true,"valueName":"search_term_string"}}],"inLanguage":"en-GB"},{"@type":"Organization","@id":"https:\/\/ihedn.fr\/#organization","name":"IHEDN - Institute for Higher National Defence Studies","url":"https:\/\/ihedn.fr\/","logo":{"@type":"ImageObject","inLanguage":"en-GB","@id":"https:\/\/ihedn.fr\/#\/schema\/logo\/image\/","url":"https:\/\/ihedn.fr\/wp-content\/uploads\/2020\/11\/BLOC_RF_IHEDN_WEB.png","contentUrl":"https:\/\/ihedn.fr\/wp-content\/uploads\/2020\/11\/BLOC_RF_IHEDN_WEB.png","width":500,"height":237,"caption":"IHEDN - Institut des Hautes Etudes de D\u00e9fense Nationale"},"image":{"@id":"https:\/\/ihedn.fr\/#\/schema\/logo\/image\/"},"sameAs":["https:\/\/www.facebook.com\/ihedn\/","https:\/\/x.com\/IHEDN","https:\/\/www.instagram.com\/ihedn\/","https:\/\/www.linkedin.com\/school\/ihedn\/","https:\/\/fr.wikipedia.org\/wiki\/Institut_des_hautes_\u00e9tudes_de_D\u00e9fense_nationale"]}]}},"publishpress_future_action":{"enabled":false,"date":"2026-05-09 04:21:03","action":"change-status","newStatus":"draft","terms":[],"taxonomy":"","extraData":[]},"publishpress_future_workflow_manual_trigger":{"enabledWorkflows":[]},"_links":{"self":[{"href":"https:\/\/ihedn.fr\/en\/wp-json\/wp\/v2\/pages\/56610","targetHints":{"allow":["GET"]}}],"collection":[{"href":"https:\/\/ihedn.fr\/en\/wp-json\/wp\/v2\/pages"}],"about":[{"href":"https:\/\/ihedn.fr\/en\/wp-json\/wp\/v2\/types\/page"}],"author":[{"embeddable":true,"href":"https:\/\/ihedn.fr\/en\/wp-json\/wp\/v2\/users\/14"}],"replies":[{"embeddable":true,"href":"https:\/\/ihedn.fr\/en\/wp-json\/wp\/v2\/comments?post=56610"}],"version-history":[{"count":13,"href":"https:\/\/ihedn.fr\/en\/wp-json\/wp\/v2\/pages\/56610\/revisions"}],"predecessor-version":[{"id":59150,"href":"https:\/\/ihedn.fr\/en\/wp-json\/wp\/v2\/pages\/56610\/revisions\/59150"}],"up":[{"embeddable":true,"href":"https:\/\/ihedn.fr\/en\/wp-json\/wp\/v2\/pages\/40593"}],"wp:attachment":[{"href":"https:\/\/ihedn.fr\/en\/wp-json\/wp\/v2\/media?parent=56610"}],"curies":[{"name":"wp","href":"https:\/\/api.w.org\/{rel}","templated":true}]}}