{"id":57685,"date":"2026-01-06T14:28:22","date_gmt":"2026-01-06T13:28:22","guid":{"rendered":"https:\/\/ihedn.fr\/?page_id=57685"},"modified":"2026-04-10T10:19:12","modified_gmt":"2026-04-10T09:19:12","slug":"charge-detudes-pole-europe-au-departement-de-leurope-et-des-affaires-internationales-h-f","status":"publish","type":"page","link":"https:\/\/ihedn.fr\/en\/nous-rejoindre\/emploi\/charge-detudes-pole-europe-au-departement-de-leurope-et-des-affaires-internationales-h-f\/","title":{"rendered":"Project Manager - Europe Unit in the Department of Europe and International Affairs M\/F"},"content":{"rendered":"<div data-elementor-type=\"wp-page\" data-elementor-id=\"57685\" class=\"elementor elementor-57685\" data-elementor-post-type=\"page\">\n\t\t\t\t<div data-particle_enable=\"false\" data-particle-mobile-disabled=\"false\" class=\"elementor-element elementor-element-009436b e-con-full e-flex e-con e-parent\" data-id=\"009436b\" data-element_type=\"container\" data-e-type=\"container\">\n\t\t\t\t<div class=\"elementor-element elementor-element-457d536 elementor-widget__width-inherit elementor-widget-tablet__width-initial elementor-widget elementor-widget-heading\" data-id=\"457d536\" data-element_type=\"widget\" data-e-type=\"widget\" data-widget_type=\"heading.default\">\n\t\t\t\t<div class=\"elementor-widget-container\">\n\t\t\t\t\t<h1 class=\"elementor-heading-title elementor-size-default\">Project Manager - Europe Unit in the Department of Europe and International Affairs M\/F<\/h1>\t\t\t\t<\/div>\n\t\t\t\t<\/div>\n\t\t\t\t<div class=\"elementor-element elementor-element-5be0e03 elementor-widget-divider--view-line elementor-invisible elementor-widget elementor-widget-divider\" data-id=\"5be0e03\" data-element_type=\"widget\" data-e-type=\"widget\" data-settings=\"{&quot;_animation&quot;:&quot;fadeInUp&quot;,&quot;_animation_delay&quot;:100}\" data-widget_type=\"divider.default\">\n\t\t\t\t<div class=\"elementor-widget-container\">\n\t\t\t\t\t\t\t<div class=\"elementor-divider\">\n\t\t\t<span class=\"elementor-divider-separator\">\n\t\t\t\t\t\t<\/span>\n\t\t<\/div>\n\t\t\t\t\t\t<\/div>\n\t\t\t\t<\/div>\n\t\t\t\t<div class=\"elementor-element elementor-element-85722bf elementor-widget elementor-widget-text-editor\" data-id=\"85722bf\" data-element_type=\"widget\" data-e-type=\"widget\" data-widget_type=\"text-editor.default\">\n\t\t\t\t<div class=\"elementor-widget-container\">\n\t\t\t\t\t\t\t\t\t<div class=\"text-clamp--text\"><p style=\"text-align: left;\"><span style=\"color: #000000;\">Position available from <strong>May <\/strong><\/span><span style=\"color: #000000;\"><strong>2026.<\/strong><\/span><\/p><\/div>\t\t\t\t\t\t\t\t<\/div>\n\t\t\t\t<\/div>\n\t\t\t\t<\/div>\n\t\t<div data-particle_enable=\"false\" data-particle-mobile-disabled=\"false\" class=\"elementor-element elementor-element-fa3ecfc e-flex e-con-boxed e-con e-parent\" data-id=\"fa3ecfc\" data-element_type=\"container\" data-e-type=\"container\">\n\t\t\t\t\t<div class=\"e-con-inner\">\n\t\t<div data-particle_enable=\"false\" data-particle-mobile-disabled=\"false\" class=\"elementor-element elementor-element-01bb0c5 e-con-full e-flex e-con e-child\" data-id=\"01bb0c5\" data-element_type=\"container\" data-e-type=\"container\">\n\t\t\t\t<div class=\"elementor-element elementor-element-a8e7961 elementor-widget elementor-widget-heading\" data-id=\"a8e7961\" data-element_type=\"widget\" data-e-type=\"widget\" data-widget_type=\"heading.default\">\n\t\t\t\t<div class=\"elementor-widget-container\">\n\t\t\t\t\t<h2 class=\"elementor-heading-title elementor-size-default\">Who are we?<\/h2>\t\t\t\t<\/div>\n\t\t\t\t<\/div>\n\t\t\t\t<div class=\"elementor-element elementor-element-33f9499 elementor-hidden-tablet elementor-widget-divider--view-line elementor-invisible elementor-widget elementor-widget-divider\" data-id=\"33f9499\" data-element_type=\"widget\" data-e-type=\"widget\" data-settings=\"{&quot;_animation&quot;:&quot;fadeInUp&quot;,&quot;_animation_delay&quot;:100}\" data-widget_type=\"divider.default\">\n\t\t\t\t<div class=\"elementor-widget-container\">\n\t\t\t\t\t\t\t<div class=\"elementor-divider\">\n\t\t\t<span class=\"elementor-divider-separator\">\n\t\t\t\t\t\t<\/span>\n\t\t<\/div>\n\t\t\t\t\t\t<\/div>\n\t\t\t\t<\/div>\n\t\t\t\t<\/div>\n\t\t\t\t<div class=\"elementor-element elementor-element-34e8caa elementor-widget elementor-widget-text-editor\" data-id=\"34e8caa\" data-element_type=\"widget\" data-e-type=\"widget\" data-widget_type=\"text-editor.default\">\n\t\t\t\t<div class=\"elementor-widget-container\">\n\t\t\t\t\t\t\t\t\t<div class=\"text-clamp--text\"><p style=\"text-align: left;\"><strong>Institute for Advanced Studies in National Defence<\/strong><\/p><p style=\"text-align: left;\">The Institut des hautes \u00e9tudes de d\u00e9fense nationale (IHEDN) is a national public administrative body under the supervision of the Prime Minister and, more specifically, of the Secr\u00e9tariat g\u00e9n\u00e9ral \u00e0 la d\u00e9fense et \u00e0 la s\u00e9curit\u00e9 nationale (SGDSN).<\/p><p style=\"text-align: left;\">The Institut des hautes \u00e9tudes de d\u00e9fense nationale (IHEDN) prepares leaders from all spheres of activity to assume the highest responsibilities by developing their understanding of national defence and security issues, their knowledge of related public policies, their perception of the interplay of players involved in their implementation, and their aptitude for strategic thinking. The training provided as part of the national session is designed to enable all students to grasp from the outset the cross-sectoral, interdisciplinary, interministerial, European and international dimensions of defence and security issues through a common foundation and in-depth study of 5 major areas (Armament and the Defence Economy, Economic Defence and Security, Maritime Issues and Strategies, Defence Policy, Digital Sovereignty and Cybersecurity).<\/p><\/div><div id=\"id-64954bf4869dd\" class=\"text-clamp--hiddentext fr-mt-2w\" tabindex=\"-1\"><p style=\"text-align: left;\">The IHEDN, working to build and disseminate a common defence culture, helps to forge lasting links between senior public and private, civilian and military officials.<\/p><\/div>\t\t\t\t\t\t\t\t<\/div>\n\t\t\t\t<\/div>\n\t\t\t\t\t<\/div>\n\t\t\t\t<\/div>\n\t\t<div data-particle_enable=\"false\" data-particle-mobile-disabled=\"false\" class=\"elementor-element elementor-element-8e12c73 e-flex e-con-boxed e-con e-parent\" data-id=\"8e12c73\" data-element_type=\"container\" data-e-type=\"container\">\n\t\t\t\t\t<div class=\"e-con-inner\">\n\t\t<div data-particle_enable=\"false\" data-particle-mobile-disabled=\"false\" class=\"elementor-element elementor-element-99d3b17 e-con-full e-flex e-con e-child\" data-id=\"99d3b17\" data-element_type=\"container\" data-e-type=\"container\">\n\t\t\t\t<div class=\"elementor-element elementor-element-9571db0 elementor-widget elementor-widget-heading\" data-id=\"9571db0\" data-element_type=\"widget\" data-e-type=\"widget\" data-widget_type=\"heading.default\">\n\t\t\t\t<div class=\"elementor-widget-container\">\n\t\t\t\t\t<h2 class=\"elementor-heading-title elementor-size-default\">Job description<\/h2>\t\t\t\t<\/div>\n\t\t\t\t<\/div>\n\t\t\t\t<div class=\"elementor-element elementor-element-c7ad3f9 elementor-hidden-tablet elementor-widget-divider--view-line elementor-invisible elementor-widget elementor-widget-divider\" data-id=\"c7ad3f9\" data-element_type=\"widget\" data-e-type=\"widget\" data-settings=\"{&quot;_animation&quot;:&quot;fadeInUp&quot;,&quot;_animation_delay&quot;:100}\" data-widget_type=\"divider.default\">\n\t\t\t\t<div class=\"elementor-widget-container\">\n\t\t\t\t\t\t\t<div class=\"elementor-divider\">\n\t\t\t<span class=\"elementor-divider-separator\">\n\t\t\t\t\t\t<\/span>\n\t\t<\/div>\n\t\t\t\t\t\t<\/div>\n\t\t\t\t<\/div>\n\t\t\t\t<\/div>\n\t\t\t\t<div class=\"elementor-element elementor-element-c95b2b3 elementor-widget elementor-widget-text-editor\" data-id=\"c95b2b3\" data-element_type=\"widget\" data-e-type=\"widget\" data-widget_type=\"text-editor.default\">\n\t\t\t\t<div class=\"elementor-widget-container\">\n\t\t\t\t\t\t\t\t\t<p>Designing, implementing and evaluating awareness-raising, training and outreach programmes in various forms and for the benefit of the three main prescribers: Ministry of Europe and Foreign Affairs (DCSD, ADC), Ministry of the Armed Forces (DGA), European Security and Defence College (ESDC).<\/p>\t\t\t\t\t\t\t\t<\/div>\n\t\t\t\t<\/div>\n\t\t\t\t<div class=\"elementor-element elementor-element-f04974c elementor-widget elementor-widget-text-editor\" data-id=\"f04974c\" data-element_type=\"widget\" data-e-type=\"widget\" data-widget_type=\"text-editor.default\">\n\t\t\t\t<div class=\"elementor-widget-container\">\n\t\t\t\t\t\t\t\t\t<p>Acting as project manager for one or more of the following activities, with cross-functional responsibility for the others:<\/p><div class=\"text-clamp--text fr-mb-3w\"><div class=\"text-clamp--text fr-mb-3w\"><ul><li>Managing the department's activities within the European Security and Defence College (ESDC), including seminars and high-level sessions (Senior Strategic Course, High Level Course on ESDC); ;<\/li><li>Educational responsibilities: defining the theme of the session, the topics of the lectures and committee work, finding speakers; ;<\/li><li>Logistical\/event responsibilities: ordering various services (meals, accommodation, transport), organising visits to military or industrial sites, booking rooms, lecture theatres, audiovisual equipment); ;<\/li><li>Preparing and conducting European bilateral activities;<\/li><li>Participate in the coordination and design of the international division's activities, in particular sessions organised jointly with the MEAE's Directorate for Cooperation and Defence (DCSD).<\/li><\/ul><\/div><\/div>\t\t\t\t\t\t\t\t<\/div>\n\t\t\t\t<\/div>\n\t\t\t\t\t<\/div>\n\t\t\t\t<\/div>\n\t\t<div data-particle_enable=\"false\" data-particle-mobile-disabled=\"false\" class=\"elementor-element elementor-element-94f657b e-flex e-con-boxed e-con e-parent\" data-id=\"94f657b\" data-element_type=\"container\" data-e-type=\"container\">\n\t\t\t\t\t<div class=\"e-con-inner\">\n\t\t<div data-particle_enable=\"false\" data-particle-mobile-disabled=\"false\" class=\"elementor-element elementor-element-b0c51bd e-con-full e-flex e-con e-child\" data-id=\"b0c51bd\" data-element_type=\"container\" data-e-type=\"container\">\n\t\t\t\t<div class=\"elementor-element elementor-element-8a67cd5 elementor-widget elementor-widget-heading\" data-id=\"8a67cd5\" data-element_type=\"widget\" data-e-type=\"widget\" data-widget_type=\"heading.default\">\n\t\t\t\t<div class=\"elementor-widget-container\">\n\t\t\t\t\t<h2 class=\"elementor-heading-title elementor-size-default\">Expected skills<\/h2>\t\t\t\t<\/div>\n\t\t\t\t<\/div>\n\t\t\t\t<div class=\"elementor-element elementor-element-0958266 elementor-hidden-tablet elementor-widget-divider--view-line elementor-invisible elementor-widget elementor-widget-divider\" data-id=\"0958266\" data-element_type=\"widget\" data-e-type=\"widget\" data-settings=\"{&quot;_animation&quot;:&quot;fadeInUp&quot;,&quot;_animation_delay&quot;:100}\" data-widget_type=\"divider.default\">\n\t\t\t\t<div class=\"elementor-widget-container\">\n\t\t\t\t\t\t\t<div class=\"elementor-divider\">\n\t\t\t<span class=\"elementor-divider-separator\">\n\t\t\t\t\t\t<\/span>\n\t\t<\/div>\n\t\t\t\t\t\t<\/div>\n\t\t\t\t<\/div>\n\t\t\t\t<\/div>\n\t\t\t\t<div class=\"elementor-element elementor-element-2199794 elementor-widget elementor-widget-text-editor\" data-id=\"2199794\" data-element_type=\"widget\" data-e-type=\"widget\" data-widget_type=\"text-editor.default\">\n\t\t\t\t<div class=\"elementor-widget-container\">\n\t\t\t\t\t\t\t\t\t<div class=\"text-clamp--text\"><p><strong>Knowing how to be<\/strong><\/p><ul><li>Extremely rigorous, good work capacity,<\/li><li>Ability to work alone or in a small team,<\/li><li>Commitment to efficiency and excellence,<\/li><li>Internal and external relations in French and English (bilingual),<\/li><li>Presentation and conduct in front of high-level auditors and speakers.<\/li><\/ul><\/div>\t\t\t\t\t\t\t\t<\/div>\n\t\t\t\t<\/div>\n\t\t\t\t<div class=\"elementor-element elementor-element-eb0a480 elementor-widget elementor-widget-text-editor\" data-id=\"eb0a480\" data-element_type=\"widget\" data-e-type=\"widget\" data-widget_type=\"text-editor.default\">\n\t\t\t\t<div class=\"elementor-widget-container\">\n\t\t\t\t\t\t\t\t\t<div class=\"text-clamp--text\"><p><strong>Know-how<\/strong><\/p><div class=\"text-clamp--text\"><div class=\"text-clamp--text\"><ul><li>Managing a team of two to five people during the sessions,<\/li><li>Anticipating and scheduling activities and monitoring budgets and logistics,<\/li><\/ul><\/div><div id=\"id-69d8bd7d2e50c\" class=\"text-clamp--hiddentext\" tabindex=\"-1\"><ul><li>Ability to work and interact with a high-level foreign audience.<\/li><\/ul><\/div><\/div><\/div>\t\t\t\t\t\t\t\t<\/div>\n\t\t\t\t<\/div>\n\t\t\t\t<div class=\"elementor-element elementor-element-2d57cf6 elementor-widget elementor-widget-text-editor\" data-id=\"2d57cf6\" data-element_type=\"widget\" data-e-type=\"widget\" data-widget_type=\"text-editor.default\">\n\t\t\t\t<div class=\"elementor-widget-container\">\n\t\t\t\t\t\t\t\t\t<div class=\"text-clamp--text\"><p><strong>Knowledge<\/strong><\/p><ul><li>Knowledge of European institutions, policies implemented in the field of defence and crisis management (CFSP - CSDP),<\/li><li>Knowledge of the organisation and operation of the Ministry of the Armed Forces and the Ministry of Europe and Foreign Affairs,<\/li><li>Fluency in English essential (written, read, spoken), other languages highly appreciated.<\/li><\/ul><\/div>\t\t\t\t\t\t\t\t<\/div>\n\t\t\t\t<\/div>\n\t\t\t\t\t<\/div>\n\t\t\t\t<\/div>\n\t\t<div data-particle_enable=\"false\" data-particle-mobile-disabled=\"false\" class=\"elementor-element elementor-element-b16687e e-flex e-con-boxed e-con e-parent\" data-id=\"b16687e\" data-element_type=\"container\" data-e-type=\"container\">\n\t\t\t\t\t<div class=\"e-con-inner\">\n\t\t<div data-particle_enable=\"false\" data-particle-mobile-disabled=\"false\" class=\"elementor-element elementor-element-e08633e e-con-full e-flex e-con e-child\" data-id=\"e08633e\" data-element_type=\"container\" data-e-type=\"container\">\n\t\t\t\t<div class=\"elementor-element elementor-element-c97fc73 elementor-widget elementor-widget-heading\" data-id=\"c97fc73\" data-element_type=\"widget\" data-e-type=\"widget\" data-widget_type=\"heading.default\">\n\t\t\t\t<div class=\"elementor-widget-container\">\n\t\t\t\t\t<h2 class=\"elementor-heading-title elementor-size-default\">Profile required\n<\/h2>\t\t\t\t<\/div>\n\t\t\t\t<\/div>\n\t\t\t\t<div class=\"elementor-element elementor-element-9861b36 elementor-hidden-tablet elementor-widget-divider--view-line elementor-invisible elementor-widget elementor-widget-divider\" data-id=\"9861b36\" data-element_type=\"widget\" data-e-type=\"widget\" data-settings=\"{&quot;_animation&quot;:&quot;fadeInUp&quot;,&quot;_animation_delay&quot;:100}\" data-widget_type=\"divider.default\">\n\t\t\t\t<div class=\"elementor-widget-container\">\n\t\t\t\t\t\t\t<div class=\"elementor-divider\">\n\t\t\t<span class=\"elementor-divider-separator\">\n\t\t\t\t\t\t<\/span>\n\t\t<\/div>\n\t\t\t\t\t\t<\/div>\n\t\t\t\t<\/div>\n\t\t\t\t<\/div>\n\t\t\t\t<div class=\"elementor-element elementor-element-aa4ed72 elementor-widget elementor-widget-text-editor\" data-id=\"aa4ed72\" data-element_type=\"widget\" data-e-type=\"widget\" data-widget_type=\"text-editor.default\">\n\t\t\t\t<div class=\"elementor-widget-container\">\n\t\t\t\t\t\t\t\t\t<p>Master 2 in European affairs, international relations, security\/defence, Master 2 in event project management with a strong interest in international relations and security\/defence issues,<\/p><p>An expert capable of working independently; preference will be given to candidates who combine knowledge and experience of defence issues with an understanding of French administration and the European institutions.\u00a0<\/p>\t\t\t\t\t\t\t\t<\/div>\n\t\t\t\t<\/div>\n\t\t\t\t\t<\/div>\n\t\t\t\t<\/div>\n\t\t<div data-particle_enable=\"false\" data-particle-mobile-disabled=\"false\" class=\"elementor-element elementor-element-df2bb62 e-flex e-con-boxed e-con e-parent\" data-id=\"df2bb62\" data-element_type=\"container\" data-e-type=\"container\">\n\t\t\t\t\t<div class=\"e-con-inner\">\n\t\t\t\t<div class=\"elementor-element elementor-element-1d0e7d2 elementor-widget elementor-widget-text-editor\" data-id=\"1d0e7d2\" data-element_type=\"widget\" data-e-type=\"widget\" data-widget_type=\"text-editor.default\">\n\t\t\t\t<div class=\"elementor-widget-container\">\n\t\t\t\t\t\t\t\t\t<p style=\"text-align: center;\">See the advert on\u00a0<a href=\"https:\/\/choisirleservicepublic.gouv.fr\/offre-emploi\/ihedn---charge-d-etudes--pole-europe-au-departement-de-l-europe-et-des-affaires-internationales-hf-reference-2026-2240623\/\" target=\"_blank\" rel=\"noopener\"><strong>the civil service portal<\/strong><\/a><\/p><p style=\"text-align: center;\">or apply to\u00a0<a href=\"mailto:recrutement@ihedn.fr\">recrutement@ihedn.fr<\/a><\/p>\t\t\t\t\t\t\t\t<\/div>\n\t\t\t\t<\/div>\n\t\t\t\t\t<\/div>\n\t\t\t\t<\/div>\n\t\t\t\t<\/div>","protected":false},"excerpt":{"rendered":"<p>Charg\u00e9 d&rsquo;\u00e9tudes \u2013 P\u00f4le Europe au d\u00e9partement de l&rsquo;Europe et des affaires internationales H\/F Poste \u00e0 pourvoir \u00e0 compter de mai 2026. Qui sommes-nous ? L\u2019Institut des hautes \u00e9tudes de d\u00e9fense nationale \u00c9tablissement public national \u00e0 caract\u00e8re administratif, l\u2019Institut des hautes \u00e9tudes de d\u00e9fense nationale (IHEDN) est plac\u00e9 sous la tutelle de la Premi\u00e8re ministre [&hellip;]<\/p>\n","protected":false},"author":14,"featured_media":0,"parent":40593,"menu_order":0,"comment_status":"closed","ping_status":"closed","template":"","meta":{"footnotes":""},"class_list":["post-57685","page","type-page","status-publish","hentry"],"yoast_head":"<!-- This site is optimized with the Yoast SEO plugin v27.5 - https:\/\/yoast.com\/product\/yoast-seo-wordpress\/ -->\n<title>Charg\u00e9 d&#039;\u00e9tudes \u2013 P\u00f4le Europe au d\u00e9partement de l&#039;Europe et des affaires internationales H\/F - L&#039;IHEDN : Institut des hautes \u00e9tudes de d\u00e9fense nationale<\/title>\n<meta name=\"description\" content=\"L&#039;institut des hautes \u00e9tudes de d\u00e9fense nationale (IHEDN) recherche son ou sa futur(e) charg\u00e9(e) d&#039;\u00e9tudes \u2013 P\u00f4le Europe au d\u00e9partement de l&#039;Europe et des affaires internationales\" \/>\n<meta name=\"robots\" content=\"index, follow, max-snippet:-1, max-image-preview:large, max-video-preview:-1\" \/>\n<link rel=\"canonical\" href=\"https:\/\/ihedn.fr\/en\/nous-rejoindre\/emploi\/charge-detudes-pole-europe-au-departement-de-leurope-et-des-affaires-internationales-h-f\/\" \/>\n<meta property=\"og:locale\" content=\"en_GB\" \/>\n<meta property=\"og:type\" content=\"article\" \/>\n<meta property=\"og:title\" content=\"Charg\u00e9 d&#039;\u00e9tudes \u2013 P\u00f4le Europe au d\u00e9partement de l&#039;Europe et des affaires internationales H\/F\" \/>\n<meta property=\"og:description\" content=\"L&#039;institut des hautes \u00e9tudes de d\u00e9fense nationale (IHEDN) recherche son ou sa futur(e) charg\u00e9(e) d&#039;\u00e9tudes \u2013 P\u00f4le Europe au d\u00e9partement de l&#039;Europe et des affaires internationales\" \/>\n<meta property=\"og:url\" content=\"https:\/\/ihedn.fr\/en\/nous-rejoindre\/emploi\/charge-detudes-pole-europe-au-departement-de-leurope-et-des-affaires-internationales-h-f\/\" \/>\n<meta property=\"og:site_name\" content=\"L&#039;IHEDN : Institut des hautes \u00e9tudes de d\u00e9fense nationale\" \/>\n<meta property=\"article:publisher\" content=\"https:\/\/www.facebook.com\/ihedn\/\" \/>\n<meta property=\"article:modified_time\" content=\"2026-04-10T09:19:12+00:00\" \/>\n<meta name=\"twitter:card\" content=\"summary_large_image\" \/>\n<meta name=\"twitter:title\" content=\"Charg\u00e9 d&#039;\u00e9tudes \u2013 P\u00f4le Europe au d\u00e9partement de l&#039;Europe et des affaires internationales H\/F\" \/>\n<meta name=\"twitter:description\" content=\"L&#039;institut des hautes \u00e9tudes de d\u00e9fense nationale (IHEDN) recherche son ou sa futur(e) charg\u00e9(e) d&#039;\u00e9tudes \u2013 P\u00f4le Europe au d\u00e9partement de l&#039;Europe et des affaires internationales\" \/>\n<meta name=\"twitter:site\" content=\"@IHEDN\" \/>\n<meta name=\"twitter:label1\" content=\"Estimated reading time\" \/>\n\t<meta name=\"twitter:data1\" content=\"4 minutes\" \/>\n<script type=\"application\/ld+json\" class=\"yoast-schema-graph\">{\"@context\":\"https:\\\/\\\/schema.org\",\"@graph\":[{\"@type\":\"WebPage\",\"@id\":\"https:\\\/\\\/ihedn.fr\\\/nous-rejoindre\\\/emploi\\\/charge-detudes-pole-europe-au-departement-de-leurope-et-des-affaires-internationales-h-f\\\/\",\"url\":\"https:\\\/\\\/ihedn.fr\\\/nous-rejoindre\\\/emploi\\\/charge-detudes-pole-europe-au-departement-de-leurope-et-des-affaires-internationales-h-f\\\/\",\"name\":\"Charg\u00e9 d'\u00e9tudes \u2013 P\u00f4le Europe au d\u00e9partement de l'Europe et des affaires internationales H\\\/F - L&#039;IHEDN : Institut des hautes \u00e9tudes de d\u00e9fense nationale\",\"isPartOf\":{\"@id\":\"https:\\\/\\\/ihedn.fr\\\/#website\"},\"datePublished\":\"2026-01-06T13:28:22+00:00\",\"dateModified\":\"2026-04-10T09:19:12+00:00\",\"description\":\"L'institut des hautes \u00e9tudes de d\u00e9fense nationale (IHEDN) recherche son ou sa futur(e) charg\u00e9(e) d'\u00e9tudes \u2013 P\u00f4le Europe au d\u00e9partement de l'Europe et des affaires internationales\",\"breadcrumb\":{\"@id\":\"https:\\\/\\\/ihedn.fr\\\/nous-rejoindre\\\/emploi\\\/charge-detudes-pole-europe-au-departement-de-leurope-et-des-affaires-internationales-h-f\\\/#breadcrumb\"},\"inLanguage\":\"en-GB\",\"potentialAction\":[{\"@type\":\"ReadAction\",\"target\":[\"https:\\\/\\\/ihedn.fr\\\/nous-rejoindre\\\/emploi\\\/charge-detudes-pole-europe-au-departement-de-leurope-et-des-affaires-internationales-h-f\\\/\"]}]},{\"@type\":\"BreadcrumbList\",\"@id\":\"https:\\\/\\\/ihedn.fr\\\/nous-rejoindre\\\/emploi\\\/charge-detudes-pole-europe-au-departement-de-leurope-et-des-affaires-internationales-h-f\\\/#breadcrumb\",\"itemListElement\":[{\"@type\":\"ListItem\",\"position\":1,\"name\":\"Accueil\",\"item\":\"https:\\\/\\\/ihedn.fr\\\/\"},{\"@type\":\"ListItem\",\"position\":2,\"name\":\"Annonces d&#8217;emploi\",\"item\":\"https:\\\/\\\/ihedn.fr\\\/nous-rejoindre\\\/\"},{\"@type\":\"ListItem\",\"position\":3,\"name\":\"Emploi\",\"item\":\"https:\\\/\\\/ihedn.fr\\\/nous-rejoindre\\\/emploi\\\/\"},{\"@type\":\"ListItem\",\"position\":4,\"name\":\"Charg\u00e9 d&rsquo;\u00e9tudes \u2013 P\u00f4le Europe au d\u00e9partement de l&rsquo;Europe et des affaires internationales H\\\/F\"}]},{\"@type\":\"WebSite\",\"@id\":\"https:\\\/\\\/ihedn.fr\\\/#website\",\"url\":\"https:\\\/\\\/ihedn.fr\\\/\",\"name\":\"IHEDN : Institut des hautes \u00e9tudes de d\u00e9fense nationale |\",\"description\":\"Site officiel de l&#039;IHEDN plac\u00e9 sous la tutelle du Premier ministre.\",\"publisher\":{\"@id\":\"https:\\\/\\\/ihedn.fr\\\/#organization\"},\"potentialAction\":[{\"@type\":\"SearchAction\",\"target\":{\"@type\":\"EntryPoint\",\"urlTemplate\":\"https:\\\/\\\/ihedn.fr\\\/?s={search_term_string}\"},\"query-input\":{\"@type\":\"PropertyValueSpecification\",\"valueRequired\":true,\"valueName\":\"search_term_string\"}}],\"inLanguage\":\"en-GB\"},{\"@type\":\"Organization\",\"@id\":\"https:\\\/\\\/ihedn.fr\\\/#organization\",\"name\":\"IHEDN - Institut des Hautes Etudes de D\u00e9fense Nationale\",\"url\":\"https:\\\/\\\/ihedn.fr\\\/\",\"logo\":{\"@type\":\"ImageObject\",\"inLanguage\":\"en-GB\",\"@id\":\"https:\\\/\\\/ihedn.fr\\\/#\\\/schema\\\/logo\\\/image\\\/\",\"url\":\"https:\\\/\\\/ihedn.fr\\\/wp-content\\\/uploads\\\/2020\\\/11\\\/BLOC_RF_IHEDN_WEB.png\",\"contentUrl\":\"https:\\\/\\\/ihedn.fr\\\/wp-content\\\/uploads\\\/2020\\\/11\\\/BLOC_RF_IHEDN_WEB.png\",\"width\":500,\"height\":237,\"caption\":\"IHEDN - Institut des Hautes Etudes de D\u00e9fense Nationale\"},\"image\":{\"@id\":\"https:\\\/\\\/ihedn.fr\\\/#\\\/schema\\\/logo\\\/image\\\/\"},\"sameAs\":[\"https:\\\/\\\/www.facebook.com\\\/ihedn\\\/\",\"https:\\\/\\\/x.com\\\/IHEDN\",\"https:\\\/\\\/www.instagram.com\\\/ihedn\\\/\",\"https:\\\/\\\/www.linkedin.com\\\/school\\\/ihedn\\\/\",\"https:\\\/\\\/fr.wikipedia.org\\\/wiki\\\/Institut_des_hautes_\u00e9tudes_de_D\u00e9fense_nationale\"]}]}<\/script>\n<!-- \/ Yoast SEO plugin. -->","yoast_head_json":{"title":"Head of Studies - Europe Unit in the Europe and International Affairs Department - IHEDN : Institut des hautes \u00e9tudes de d\u00e9fense nationale (Graduate Institute of National Defence)","description":"The Institut des hautes \u00e9tudes de d\u00e9fense nationale (IHEDN) is looking for a future researcher - Europe Unit in the Europe and International Affairs Department","robots":{"index":"index","follow":"follow","max-snippet":"max-snippet:-1","max-image-preview":"max-image-preview:large","max-video-preview":"max-video-preview:-1"},"canonical":"https:\/\/ihedn.fr\/en\/nous-rejoindre\/emploi\/charge-detudes-pole-europe-au-departement-de-leurope-et-des-affaires-internationales-h-f\/","og_locale":"en_GB","og_type":"article","og_title":"Charg\u00e9 d'\u00e9tudes \u2013 P\u00f4le Europe au d\u00e9partement de l'Europe et des affaires internationales H\/F","og_description":"L'institut des hautes \u00e9tudes de d\u00e9fense nationale (IHEDN) recherche son ou sa futur(e) charg\u00e9(e) d'\u00e9tudes \u2013 P\u00f4le Europe au d\u00e9partement de l'Europe et des affaires internationales","og_url":"https:\/\/ihedn.fr\/en\/nous-rejoindre\/emploi\/charge-detudes-pole-europe-au-departement-de-leurope-et-des-affaires-internationales-h-f\/","og_site_name":"L&#039;IHEDN : Institut des hautes \u00e9tudes de d\u00e9fense nationale","article_publisher":"https:\/\/www.facebook.com\/ihedn\/","article_modified_time":"2026-04-10T09:19:12+00:00","twitter_card":"summary_large_image","twitter_title":"Charg\u00e9 d'\u00e9tudes \u2013 P\u00f4le Europe au d\u00e9partement de l'Europe et des affaires internationales H\/F","twitter_description":"L'institut des hautes \u00e9tudes de d\u00e9fense nationale (IHEDN) recherche son ou sa futur(e) charg\u00e9(e) d'\u00e9tudes \u2013 P\u00f4le Europe au d\u00e9partement de l'Europe et des affaires internationales","twitter_site":"@IHEDN","twitter_misc":{"Estimated reading time":"4 minutes"},"schema":{"@context":"https:\/\/schema.org","@graph":[{"@type":"WebPage","@id":"https:\/\/ihedn.fr\/nous-rejoindre\/emploi\/charge-detudes-pole-europe-au-departement-de-leurope-et-des-affaires-internationales-h-f\/","url":"https:\/\/ihedn.fr\/nous-rejoindre\/emploi\/charge-detudes-pole-europe-au-departement-de-leurope-et-des-affaires-internationales-h-f\/","name":"Head of Studies - Europe Unit in the Europe and International Affairs Department - IHEDN : Institut des hautes \u00e9tudes de d\u00e9fense nationale (Graduate Institute of National Defence)","isPartOf":{"@id":"https:\/\/ihedn.fr\/#website"},"datePublished":"2026-01-06T13:28:22+00:00","dateModified":"2026-04-10T09:19:12+00:00","description":"The Institut des hautes \u00e9tudes de d\u00e9fense nationale (IHEDN) is looking for a future researcher - Europe Unit in the Europe and International Affairs Department","breadcrumb":{"@id":"https:\/\/ihedn.fr\/nous-rejoindre\/emploi\/charge-detudes-pole-europe-au-departement-de-leurope-et-des-affaires-internationales-h-f\/#breadcrumb"},"inLanguage":"en-GB","potentialAction":[{"@type":"ReadAction","target":["https:\/\/ihedn.fr\/nous-rejoindre\/emploi\/charge-detudes-pole-europe-au-departement-de-leurope-et-des-affaires-internationales-h-f\/"]}]},{"@type":"BreadcrumbList","@id":"https:\/\/ihedn.fr\/nous-rejoindre\/emploi\/charge-detudes-pole-europe-au-departement-de-leurope-et-des-affaires-internationales-h-f\/#breadcrumb","itemListElement":[{"@type":"ListItem","position":1,"name":"Accueil","item":"https:\/\/ihedn.fr\/"},{"@type":"ListItem","position":2,"name":"Annonces d&#8217;emploi","item":"https:\/\/ihedn.fr\/nous-rejoindre\/"},{"@type":"ListItem","position":3,"name":"Emploi","item":"https:\/\/ihedn.fr\/nous-rejoindre\/emploi\/"},{"@type":"ListItem","position":4,"name":"Charg\u00e9 d&rsquo;\u00e9tudes \u2013 P\u00f4le Europe au d\u00e9partement de l&rsquo;Europe et des affaires internationales H\/F"}]},{"@type":"WebSite","@id":"https:\/\/ihedn.fr\/#website","url":"https:\/\/ihedn.fr\/","name":"IHEDN: Institut des hautes \u00e9tudes de d\u00e9fense nationale (Institute for Higher National Defence Studies)","description":"Official website of the IHEDN under the supervision of the Prime Minister.","publisher":{"@id":"https:\/\/ihedn.fr\/#organization"},"potentialAction":[{"@type":"SearchAction","target":{"@type":"EntryPoint","urlTemplate":"https:\/\/ihedn.fr\/?s={search_term_string}"},"query-input":{"@type":"PropertyValueSpecification","valueRequired":true,"valueName":"search_term_string"}}],"inLanguage":"en-GB"},{"@type":"Organization","@id":"https:\/\/ihedn.fr\/#organization","name":"IHEDN - Institute for Higher National Defence Studies","url":"https:\/\/ihedn.fr\/","logo":{"@type":"ImageObject","inLanguage":"en-GB","@id":"https:\/\/ihedn.fr\/#\/schema\/logo\/image\/","url":"https:\/\/ihedn.fr\/wp-content\/uploads\/2020\/11\/BLOC_RF_IHEDN_WEB.png","contentUrl":"https:\/\/ihedn.fr\/wp-content\/uploads\/2020\/11\/BLOC_RF_IHEDN_WEB.png","width":500,"height":237,"caption":"IHEDN - Institut des Hautes Etudes de D\u00e9fense Nationale"},"image":{"@id":"https:\/\/ihedn.fr\/#\/schema\/logo\/image\/"},"sameAs":["https:\/\/www.facebook.com\/ihedn\/","https:\/\/x.com\/IHEDN","https:\/\/www.instagram.com\/ihedn\/","https:\/\/www.linkedin.com\/school\/ihedn\/","https:\/\/fr.wikipedia.org\/wiki\/Institut_des_hautes_\u00e9tudes_de_D\u00e9fense_nationale"]}]}},"publishpress_future_action":{"enabled":false,"date":"2026-05-06 08:12:02","action":"change-status","newStatus":"draft","terms":[],"taxonomy":"","extraData":[]},"publishpress_future_workflow_manual_trigger":{"enabledWorkflows":[]},"_links":{"self":[{"href":"https:\/\/ihedn.fr\/en\/wp-json\/wp\/v2\/pages\/57685","targetHints":{"allow":["GET"]}}],"collection":[{"href":"https:\/\/ihedn.fr\/en\/wp-json\/wp\/v2\/pages"}],"about":[{"href":"https:\/\/ihedn.fr\/en\/wp-json\/wp\/v2\/types\/page"}],"author":[{"embeddable":true,"href":"https:\/\/ihedn.fr\/en\/wp-json\/wp\/v2\/users\/14"}],"replies":[{"embeddable":true,"href":"https:\/\/ihedn.fr\/en\/wp-json\/wp\/v2\/comments?post=57685"}],"version-history":[{"count":13,"href":"https:\/\/ihedn.fr\/en\/wp-json\/wp\/v2\/pages\/57685\/revisions"}],"predecessor-version":[{"id":59557,"href":"https:\/\/ihedn.fr\/en\/wp-json\/wp\/v2\/pages\/57685\/revisions\/59557"}],"up":[{"embeddable":true,"href":"https:\/\/ihedn.fr\/en\/wp-json\/wp\/v2\/pages\/40593"}],"wp:attachment":[{"href":"https:\/\/ihedn.fr\/en\/wp-json\/wp\/v2\/media?parent=57685"}],"curies":[{"name":"wp","href":"https:\/\/api.w.org\/{rel}","templated":true}]}}