{"id":920,"date":"2022-11-30T03:00:43","date_gmt":"2022-11-30T02:00:43","guid":{"rendered":"https:\/\/ihedn.concilium.click\/?page_id=920"},"modified":"2023-01-06T15:10:06","modified_gmt":"2023-01-06T14:10:06","slug":"podcasts","status":"publish","type":"page","link":"https:\/\/ihedn.fr\/en\/publications\/podcasts\/","title":{"rendered":"Podcasts"},"content":{"rendered":"\t\t<div data-elementor-type=\"wp-page\" data-elementor-id=\"920\" class=\"elementor elementor-920\" data-elementor-post-type=\"page\">\n\t\t\t\t\t\t<section data-particle_enable=\"false\" data-particle-mobile-disabled=\"false\" class=\"elementor-section elementor-top-section elementor-element elementor-element-291dd01 elementor-section-boxed elementor-section-height-default elementor-section-height-default\" data-id=\"291dd01\" data-element_type=\"section\" data-e-type=\"section\">\n\t\t\t\t\t\t<div class=\"elementor-container elementor-column-gap-default\">\n\t\t\t\t\t<div class=\"elementor-column elementor-col-100 elementor-top-column elementor-element elementor-element-e804d5a\" data-id=\"e804d5a\" data-element_type=\"column\" data-e-type=\"column\">\n\t\t\t<div class=\"elementor-widget-wrap elementor-element-populated\">\n\t\t\t\t\t\t<div class=\"elementor-element elementor-element-fe01ca0 elementor-widget elementor-widget-heading\" data-id=\"fe01ca0\" data-element_type=\"widget\" data-e-type=\"widget\" data-widget_type=\"heading.default\">\n\t\t\t\t<div class=\"elementor-widget-container\">\n\t\t\t\t\t<h1 class=\"elementor-heading-title elementor-size-default\">les podcasts<\/h1>\t\t\t\t<\/div>\n\t\t\t\t<\/div>\n\t\t\t\t<div class=\"elementor-element elementor-element-478f165 elementor-widget-divider--view-line elementor-widget elementor-widget-divider\" data-id=\"478f165\" data-element_type=\"widget\" data-e-type=\"widget\" data-widget_type=\"divider.default\">\n\t\t\t\t<div class=\"elementor-widget-container\">\n\t\t\t\t\t\t\t<div class=\"elementor-divider\">\n\t\t\t<span class=\"elementor-divider-separator\">\n\t\t\t\t\t\t<\/span>\n\t\t<\/div>\n\t\t\t\t\t\t<\/div>\n\t\t\t\t<\/div>\n\t\t\t\t\t<\/div>\n\t\t<\/div>\n\t\t\t\t\t<\/div>\n\t\t<\/section>\n\t\t\t\t<section data-particle_enable=\"false\" data-particle-mobile-disabled=\"false\" class=\"elementor-section elementor-top-section elementor-element elementor-element-0772c44 elementor-section-boxed elementor-section-height-default elementor-section-height-default\" data-id=\"0772c44\" data-element_type=\"section\" data-e-type=\"section\">\n\t\t\t\t\t\t<div class=\"elementor-container elementor-column-gap-default\">\n\t\t\t\t\t<div class=\"elementor-column elementor-col-100 elementor-top-column elementor-element elementor-element-c982d37\" data-id=\"c982d37\" data-element_type=\"column\" data-e-type=\"column\">\n\t\t\t<div class=\"elementor-widget-wrap elementor-element-populated\">\n\t\t\t\t\t\t<div class=\"elementor-element elementor-element-9f8b4a3 elementor-widget elementor-widget-eael-post-list\" data-id=\"9f8b4a3\" data-element_type=\"widget\" data-e-type=\"widget\" data-widget_type=\"eael-post-list.default\">\n\t\t\t\t<div class=\"elementor-widget-container\">\n\t\t\t\t\t<div class=\"eael-post-list-container default layout-default\"><div class=\"eael-post-list-wrap\"><div class=\"eael-post-list-posts-wrap eael-post-appender eael-post-appender-9f8b4a3\"><div class=\"eael-post-list-post eael-empty-thumbnail\"><div class=\"eael-post-list-content\"><h3 class=\"eael-post-list-title\"><a href=\"https:\/\/ihedn.fr\/en\/veille-strategique\/puissance-et-impuissance-du-parlement-europeen\/\" >Puissance et impuissance du Parlement europ\u00e9en<\/a><\/h3><div class=\"meta\"><span class=\"eael-post-published-date\"><i class=\"far fa-calendar-alt\"><\/i> 31 May 2024<\/span><\/div><p>S\u00e9rie de podcasts avec Julie GACON. \u00a0 CULTURE MONDES,\u00a0 mai 2024 \u00c9couter<\/p><a href=\"https:\/\/ihedn.fr\/en\/veille-strategique\/puissance-et-impuissance-du-parlement-europeen\/\" class=\"eael-post-elements-readmore-btn\" >L&#039;\u00e9couter &gt;&gt;<\/a><\/div><\/div><div class=\"eael-post-list-post eael-empty-thumbnail\"><div class=\"eael-post-list-content\"><h3 class=\"eael-post-list-title\"><a href=\"https:\/\/ihedn.fr\/en\/veille-strategique\/le-collimateur-ukraine-le-front-craque-t-il\/\" >Le Collimateur, Ukraine : le front craque-t-il ?<\/a><\/h3><div class=\"meta\"><span class=\"eael-post-published-date\"><i class=\"far fa-calendar-alt\"><\/i> 31 May 2024<\/span><\/div><p>Avec :\u00a0 Alexandre JUBELIN (Le Collimateur) C\u00e9dric MAS (Mediapart) \u00a0 LE RUBICON, 21 mai 2024 \u00c9couter<\/p><a href=\"https:\/\/ihedn.fr\/en\/veille-strategique\/le-collimateur-ukraine-le-front-craque-t-il\/\" class=\"eael-post-elements-readmore-btn\" >L&#039;\u00e9couter &gt;&gt;<\/a><\/div><\/div><div class=\"eael-post-list-post eael-empty-thumbnail\"><div class=\"eael-post-list-content\"><h3 class=\"eael-post-list-title\"><a href=\"https:\/\/ihedn.fr\/en\/veille-strategique\/la-terre-au-carre-ecologie-le-nouvel-enjeu-de-larmee\/\" >La terre au carr\u00e9, Ecologie, le nouvel enjeu de l\u2019arm\u00e9e<\/a><\/h3><div class=\"meta\"><span class=\"eael-post-published-date\"><i class=\"far fa-calendar-alt\"><\/i> 31 May 2024<\/span><\/div><p>Avec :\u00a0 Adrien ESTEVE (CERI) Marine DE GUIGLIELMO WEBER (IRIS) \u00a0 FRANCE INTER, 22 avril 2024 \u00c9couter<\/p><a href=\"https:\/\/ihedn.fr\/en\/veille-strategique\/la-terre-au-carre-ecologie-le-nouvel-enjeu-de-larmee\/\" class=\"eael-post-elements-readmore-btn\" >L&#039;\u00e9couter &gt;&gt;<\/a><\/div><\/div><div class=\"eael-post-list-post eael-empty-thumbnail\"><div class=\"eael-post-list-content\"><h3 class=\"eael-post-list-title\"><a href=\"https:\/\/ihedn.fr\/en\/veille-strategique\/iran-israel-quatre-fronts-pour-un-meme-conflit-une-serie-de-quatre-podcasts-sur-la-dissuasion-nucleaire-iranienne-sur-le-hezbollah-sur-le-hamas-et-sur-les-houthis\/\" >Iran \u2013 Isra\u00ebl : quatre fronts pour un m\u00eame conflit, une s\u00e9rie de quatre podcasts sur la dissuasion nucl\u00e9aire iranienne, sur le Hezbollah, sur le Hamas, et sur les Houthis<\/a><\/h3><div class=\"meta\"><span class=\"eael-post-published-date\"><i class=\"far fa-calendar-alt\"><\/i> 13 May 2024<\/span><\/div><p>France culture, 23-25 avril 2024 \u00c9couter<\/p><a href=\"https:\/\/ihedn.fr\/en\/veille-strategique\/iran-israel-quatre-fronts-pour-un-meme-conflit-une-serie-de-quatre-podcasts-sur-la-dissuasion-nucleaire-iranienne-sur-le-hezbollah-sur-le-hamas-et-sur-les-houthis\/\" class=\"eael-post-elements-readmore-btn\" >L&#039;\u00e9couter &gt;&gt;<\/a><\/div><\/div><div class=\"eael-post-list-post eael-empty-thumbnail\"><div class=\"eael-post-list-content\"><h3 class=\"eael-post-list-title\"><a href=\"https:\/\/ihedn.fr\/en\/veille-strategique\/dissuasion-et-proliferation-comprendre-la-dimension-nucleaire-des-conflits-actuels\/\" >Dissuasion et prolif\u00e9ration : comprendre la dimension nucl\u00e9aire des conflits actuels<\/a><\/h3><div class=\"meta\"><span class=\"eael-post-published-date\"><i class=\"far fa-calendar-alt\"><\/i> 13 May 2024<\/span><\/div><p>Avec :\u00a0 H\u00e9lo\u00efse FAYET (Ifri) \u00a0 Le monde selon l&rsquo;Ifri, 22 avril 2024 \u00c9couter<\/p><a href=\"https:\/\/ihedn.fr\/en\/veille-strategique\/dissuasion-et-proliferation-comprendre-la-dimension-nucleaire-des-conflits-actuels\/\" class=\"eael-post-elements-readmore-btn\" >L&#039;\u00e9couter &gt;&gt;<\/a><\/div><\/div><div class=\"eael-post-list-post eael-empty-thumbnail\"><div class=\"eael-post-list-content\"><h3 class=\"eael-post-list-title\"><a href=\"https:\/\/ihedn.fr\/en\/veille-strategique\/renseignement-et-democratie\/\" >Renseignement et d\u00e9mocratie<\/a><\/h3><div class=\"meta\"><span class=\"eael-post-published-date\"><i class=\"far fa-calendar-alt\"><\/i> 13 May 2024<\/span><\/div><p>Avec :\u00a0 Jean-Fran\u00e7ois GAYRAUD Philippe HAYEZ Bruno DRAN \u00a0 Pensez strat\u00e9gique, ACADEM, 18 avril 2024 \u00c9couter<\/p><a href=\"https:\/\/ihedn.fr\/en\/veille-strategique\/renseignement-et-democratie\/\" class=\"eael-post-elements-readmore-btn\" >L&#039;\u00e9couter &gt;&gt;<\/a><\/div><\/div><div class=\"eael-post-list-post eael-empty-thumbnail\"><div class=\"eael-post-list-content\"><h3 class=\"eael-post-list-title\"><a href=\"https:\/\/ihedn.fr\/en\/veille-strategique\/la-geopolitique-mondiale-des-ressources-minerales\/\" >La g\u00e9opolitique mondiale des ressources min\u00e9rales<\/a><\/h3><div class=\"meta\"><span class=\"eael-post-published-date\"><i class=\"far fa-calendar-alt\"><\/i> 13 May 2024<\/span><\/div><p>Avec :\u00a0 Patrice CHRISTMANN (Krysmine) \u00a0 D\u00e9cider les sciences, 10 avril 2024 \u00c9couter<\/p><a href=\"https:\/\/ihedn.fr\/en\/veille-strategique\/la-geopolitique-mondiale-des-ressources-minerales\/\" class=\"eael-post-elements-readmore-btn\" >L&#039;\u00e9couter &gt;&gt;<\/a><\/div><\/div><div class=\"eael-post-list-post eael-empty-thumbnail\"><div class=\"eael-post-list-content\"><h3 class=\"eael-post-list-title\"><a href=\"https:\/\/ihedn.fr\/en\/veille-strategique\/le-destin-de-lordre-international-liberal-a-t-il-une-perspective-davenir\/\" >Le destin de l\u2019ordre international lib\u00e9ral : a-t-il une perspective d\u2019avenir ?<\/a><\/h3><div class=\"meta\"><span class=\"eael-post-published-date\"><i class=\"far fa-calendar-alt\"><\/i> 13 May 2024<\/span><\/div><p>Avec :\u00a0 M. G. John IKENBERRY (Universit\u00e9 de Princeton) \u00a0 Chaire des grands enjeux strat\u00e9giques contemporains, 14 mars 2024\u00a0 Visionner<\/p><a href=\"https:\/\/ihedn.fr\/en\/veille-strategique\/le-destin-de-lordre-international-liberal-a-t-il-une-perspective-davenir\/\" class=\"eael-post-elements-readmore-btn\" >L&#039;\u00e9couter &gt;&gt;<\/a><\/div><\/div><div class=\"eael-post-list-post eael-empty-thumbnail\"><div class=\"eael-post-list-content\"><h3 class=\"eael-post-list-title\"><a href=\"https:\/\/ihedn.fr\/en\/veille-strategique\/etudier-la-strategie-a-lheure-de-la-guerre-en-ukraine\/\" >\u00c9tudier la strat\u00e9gie \u00e0 l\u2019heure de la guerre en Ukraine<\/a><\/h3><div class=\"meta\"><span class=\"eael-post-published-date\"><i class=\"far fa-calendar-alt\"><\/i> 13 May 2024<\/span><\/div><p>Avec :\u00a0 Beno\u00eet DURIEUX (ACADEM) Olivier SCHMITT (Center for War Studies, SDU) Paul J. ROCK (National Defense University) Christine NEAU-LEDUC (Universit\u00e9 Paris 1 Panth\u00e9on-Sorbonne) Fin MONAHAN (minist\u00e8re de la D\u00e9fense britannique) \u00a0 PDSF, 13 mars 2024\u00a0 Visionner<\/p><a href=\"https:\/\/ihedn.fr\/en\/veille-strategique\/etudier-la-strategie-a-lheure-de-la-guerre-en-ukraine\/\" class=\"eael-post-elements-readmore-btn\" >L&#039;\u00e9couter &gt;&gt;<\/a><\/div><\/div><div class=\"eael-post-list-post eael-empty-thumbnail\"><div class=\"eael-post-list-content\"><h3 class=\"eael-post-list-title\"><a href=\"https:\/\/ihedn.fr\/en\/veille-strategique\/robots-tueurs-des-armes-aux-mains-de-lia\/\" >Robots tueurs, des armes aux mains de l\u2019IA<\/a><\/h3><div class=\"meta\"><span class=\"eael-post-published-date\"><i class=\"far fa-calendar-alt\"><\/i> 13 May 2024<\/span><\/div><p>ARTE, 2023 Visionner<\/p><a href=\"https:\/\/ihedn.fr\/en\/veille-strategique\/robots-tueurs-des-armes-aux-mains-de-lia\/\" class=\"eael-post-elements-readmore-btn\" >L&#039;\u00e9couter &gt;&gt;<\/a><\/div><\/div><div class=\"eael-post-list-post eael-empty-thumbnail\"><div class=\"eael-post-list-content\"><h3 class=\"eael-post-list-title\"><a href=\"https:\/\/ihedn.fr\/en\/veille-strategique\/larmee-israelienne-face-a-ses-limites\/\" >L\u2019arm\u00e9e isra\u00e9lienne face \u00e0 ses limites<\/a><\/h3><div class=\"meta\"><span class=\"eael-post-published-date\"><i class=\"far fa-calendar-alt\"><\/i> 28 March 2024<\/span><\/div><p>LE COLLIMATEUR, avec Michel GOYA, 12 mars 2024 \u00c9couter<\/p><a href=\"https:\/\/ihedn.fr\/en\/veille-strategique\/larmee-israelienne-face-a-ses-limites\/\" class=\"eael-post-elements-readmore-btn\" >L&#039;\u00e9couter &gt;&gt;<\/a><\/div><\/div><div class=\"eael-post-list-post eael-empty-thumbnail\"><div class=\"eael-post-list-content\"><h3 class=\"eael-post-list-title\"><a href=\"https:\/\/ihedn.fr\/en\/veille-strategique\/leurope-en-economie-de-guerre-combien-de-divisions\/\" >L\u2019Europe en \u00e9conomie de guerre : combien de divisions ?<\/a><\/h3><div class=\"meta\"><span class=\"eael-post-published-date\"><i class=\"far fa-calendar-alt\"><\/i> 28 March 2024<\/span><\/div><p>FRANCE INTER, avec Renaud BELLAIS (ENSTA Bretagne), 6 mars 2024 \u00c9couter<\/p><a href=\"https:\/\/ihedn.fr\/en\/veille-strategique\/leurope-en-economie-de-guerre-combien-de-divisions\/\" class=\"eael-post-elements-readmore-btn\" >L&#039;\u00e9couter &gt;&gt;<\/a><\/div><\/div><div class=\"eael-post-list-post eael-empty-thumbnail\"><div class=\"eael-post-list-content\"><h3 class=\"eael-post-list-title\"><a href=\"https:\/\/ihedn.fr\/en\/veille-strategique\/une-nouvelle-ere-pour-la-puissance-maritime\/\" >Une nouvelle \u00e8re pour la puissance maritime<\/a><\/h3><div class=\"meta\"><span class=\"eael-post-published-date\"><i class=\"far fa-calendar-alt\"><\/i> 28 March 2024<\/span><\/div><p>G\u00e9opolitique, avec Matthieu DUCH\u00c2TEL (Institut Montaigne), l\u2019amiral Marc-Antoine DE SAINT-GERMAIN, Cyrille COUTANSAIS (CESM), RFI, 3 mars 2024 \u00c9couter<\/p><a href=\"https:\/\/ihedn.fr\/en\/veille-strategique\/une-nouvelle-ere-pour-la-puissance-maritime\/\" class=\"eael-post-elements-readmore-btn\" >L&#039;\u00e9couter &gt;&gt;<\/a><\/div><\/div><div class=\"eael-post-list-post eael-empty-thumbnail\"><div class=\"eael-post-list-content\"><h3 class=\"eael-post-list-title\"><a href=\"https:\/\/ihedn.fr\/en\/veille-strategique\/vaincre-en-mer-au-xxieme-siecle-partie-3-conduite-des-operations\/\" >Vaincre en mer au XXI\u00e8me si\u00e8cle &#8211; Partie 3 : Conduite des op\u00e9rations<\/a><\/h3><div class=\"meta\"><span class=\"eael-post-published-date\"><i class=\"far fa-calendar-alt\"><\/i> 28 March 2024<\/span><\/div><p>ECHO, avec Thibault LAVERNHE, commandant en second du porte-avions Charles-de-Gaulle,\u00a0 29 f\u00e9vrier 2024 \u00c9couter<\/p><a href=\"https:\/\/ihedn.fr\/en\/veille-strategique\/vaincre-en-mer-au-xxieme-siecle-partie-3-conduite-des-operations\/\" class=\"eael-post-elements-readmore-btn\" >L&#039;\u00e9couter &gt;&gt;<\/a><\/div><\/div><div class=\"eael-post-list-post eael-empty-thumbnail\"><div class=\"eael-post-list-content\"><h3 class=\"eael-post-list-title\"><a href=\"https:\/\/ihedn.fr\/en\/veille-strategique\/transformation-technologique-et-strategique-de-la-guerre\/\" >Transformation technologique et strat\u00e9gique de la guerre<\/a><\/h3><div class=\"meta\"><span class=\"eael-post-published-date\"><i class=\"far fa-calendar-alt\"><\/i> 28 March 2024<\/span><\/div><p>Chaire grands enjeux strat\u00e9giques contemporains, avec Ulrike FRANKE (ECFR), 29 f\u00e9vrier 2024 Visionner<\/p><a href=\"https:\/\/ihedn.fr\/en\/veille-strategique\/transformation-technologique-et-strategique-de-la-guerre\/\" class=\"eael-post-elements-readmore-btn\" >L&#039;\u00e9couter &gt;&gt;<\/a><\/div><\/div><div class=\"eael-post-list-post eael-empty-thumbnail\"><div class=\"eael-post-list-content\"><h3 class=\"eael-post-list-title\"><a href=\"https:\/\/ihedn.fr\/en\/veille-strategique\/ukraine-2-ans-de-guerre-en-europe\/\" >Ukraine : 2 ans de guerre en Europe<\/a><\/h3><div class=\"meta\"><span class=\"eael-post-published-date\"><i class=\"far fa-calendar-alt\"><\/i> 11 March 2024<\/span><\/div><p>Pensez strat\u00e9gique avec C\u00e9line MARANGE (IRSEM), g\u00e9n\u00e9ral Vincent BRETON (CICDE), Julien MALIZARD (Chaire Ecodef de l&rsquo;IHEDN), Academ, 23 f\u00e9vrier 2024 \u00c9couter<\/p><a href=\"https:\/\/ihedn.fr\/en\/veille-strategique\/ukraine-2-ans-de-guerre-en-europe\/\" class=\"eael-post-elements-readmore-btn\" >L&#039;\u00e9couter &gt;&gt;<\/a><\/div><\/div><div class=\"eael-post-list-post eael-empty-thumbnail\"><div class=\"eael-post-list-content\"><h3 class=\"eael-post-list-title\"><a href=\"https:\/\/ihedn.fr\/en\/veille-strategique\/otan-la-france-avait-elle-raison-sur-la-defense-europeenne\/\" >OTAN : la France avait-elle raison sur la d\u00e9fense europ\u00e9enne ?<\/a><\/h3><div class=\"meta\"><span class=\"eael-post-published-date\"><i class=\"far fa-calendar-alt\"><\/i> 11 March 2024<\/span><\/div><p>Le Temps du d\u00e9bat, avec Michael SHURKIN (Shurbros Global Strategies), Tara VARMA (ECFR), Nicole KOENIG (Conf\u00e9rence de Munich), Pavel FISCHER (s\u00e9nateur de Prague), France Culture, 15 f\u00e9vrier 2024 \u00c9couter<\/p><a href=\"https:\/\/ihedn.fr\/en\/veille-strategique\/otan-la-france-avait-elle-raison-sur-la-defense-europeenne\/\" class=\"eael-post-elements-readmore-btn\" >L&#039;\u00e9couter &gt;&gt;<\/a><\/div><\/div><div class=\"eael-post-list-post eael-empty-thumbnail\"><div class=\"eael-post-list-content\"><h3 class=\"eael-post-list-title\"><a href=\"https:\/\/ihedn.fr\/en\/veille-strategique\/vaincre-en-mer-au-21eme-siecle-partie-2-les-tendances-de-la-tactique-navale\/\" >Vaincre en mer au 21\u00e8me si\u00e8cle . Partie 2 : Les tendances de la tactique navale<\/a><\/h3><div class=\"meta\"><span class=\"eael-post-published-date\"><i class=\"far fa-calendar-alt\"><\/i> 11 March 2024<\/span><\/div><p>\u00a0ECHO, avec le capitaine de vaisseau Thibault LAVERNHE, 15 f\u00e9vrier 2024 \u00c9couter<\/p><a href=\"https:\/\/ihedn.fr\/en\/veille-strategique\/vaincre-en-mer-au-21eme-siecle-partie-2-les-tendances-de-la-tactique-navale\/\" class=\"eael-post-elements-readmore-btn\" >L&#039;\u00e9couter &gt;&gt;<\/a><\/div><\/div><div class=\"eael-post-list-post eael-empty-thumbnail\"><div class=\"eael-post-list-content\"><h3 class=\"eael-post-list-title\"><a href=\"https:\/\/ihedn.fr\/en\/veille-strategique\/le-ble-lautre-arme-de-poutine\/\" >Le bl\u00e9, l&rsquo;autre arme de Poutine<\/a><\/h3><div class=\"meta\"><span class=\"eael-post-published-date\"><i class=\"far fa-calendar-alt\"><\/i> 11 March 2024<\/span><\/div><p>Arte, 13 f\u00e9vrier 2024 Visionner<\/p><a href=\"https:\/\/ihedn.fr\/en\/veille-strategique\/le-ble-lautre-arme-de-poutine\/\" class=\"eael-post-elements-readmore-btn\" >L&#039;\u00e9couter &gt;&gt;<\/a><\/div><\/div><div class=\"eael-post-list-post eael-empty-thumbnail\"><div class=\"eael-post-list-content\"><h3 class=\"eael-post-list-title\"><a href=\"https:\/\/ihedn.fr\/en\/veille-strategique\/la-geoeconomie-a-lepreuve-des-rivalites-de-puissance\/\" >La g\u00e9o\u00e9conomie \u00e0 l&rsquo;\u00e9preuve des rivalit\u00e9s de puissance<\/a><\/h3><div class=\"meta\"><span class=\"eael-post-published-date\"><i class=\"far fa-calendar-alt\"><\/i> 11 March 2024<\/span><\/div><p>\u00a0Le Monde selon l&rsquo;Ifri, avec S\u00e9bastien JEAN (CEPII), Ifri, 12 f\u00e9vrier 2024 \u00c9couter<\/p><a href=\"https:\/\/ihedn.fr\/en\/veille-strategique\/la-geoeconomie-a-lepreuve-des-rivalites-de-puissance\/\" class=\"eael-post-elements-readmore-btn\" >L&#039;\u00e9couter &gt;&gt;<\/a><\/div><\/div><div class=\"eael-post-list-post eael-empty-thumbnail\"><div class=\"eael-post-list-content\"><h3 class=\"eael-post-list-title\"><a href=\"https:\/\/ihedn.fr\/en\/veille-strategique\/la-defense-europeenne-deux-ans-apres-linvasion\/\" >La d\u00e9fense europ\u00e9enne, deux ans apr\u00e8s l\u2019invasion<\/a><\/h3><div class=\"meta\"><span class=\"eael-post-published-date\"><i class=\"far fa-calendar-alt\"><\/i> 11 March 2024<\/span><\/div><p>Affaires \u00e9trang\u00e8res, avec Claudia MAJOR (SWP), Pierre HAROCHE (Universit\u00e9 Queen Mary de Londres), Bruno TERTRAIS (FRS), Camille GRAND (ECFR), France Culture, 10 f\u00e9vrier 2024 \u00c9couter<\/p><a href=\"https:\/\/ihedn.fr\/en\/veille-strategique\/la-defense-europeenne-deux-ans-apres-linvasion\/\" class=\"eael-post-elements-readmore-btn\" >L&#039;\u00e9couter &gt;&gt;<\/a><\/div><\/div><div class=\"eael-post-list-post eael-empty-thumbnail\"><div class=\"eael-post-list-content\"><h3 class=\"eael-post-list-title\"><a href=\"https:\/\/ihedn.fr\/en\/veille-strategique\/quelle-securite-energetique-pour-leurope\/\" >Quelle s\u00e9curit\u00e9 \u00e9nerg\u00e9tique pour l\u2019Europe ?<\/a><\/h3><div class=\"meta\"><span class=\"eael-post-published-date\"><i class=\"far fa-calendar-alt\"><\/i> 11 March 2024<\/span><\/div><p>\u00a0BNF et FRS, 8 f\u00e9vrier 2024 Visionner<\/p><a href=\"https:\/\/ihedn.fr\/en\/veille-strategique\/quelle-securite-energetique-pour-leurope\/\" class=\"eael-post-elements-readmore-btn\" >L&#039;\u00e9couter &gt;&gt;<\/a><\/div><\/div><div class=\"eael-post-list-post eael-empty-thumbnail\"><div class=\"eael-post-list-content\"><h3 class=\"eael-post-list-title\"><a href=\"https:\/\/ihedn.fr\/en\/veille-strategique\/et-si-trump-revenait-serions-nous-prets\/\" >Et si Trump revenait\u2026 Serions-nous pr\u00eats ?<\/a><\/h3><div class=\"meta\"><span class=\"eael-post-published-date\"><i class=\"far fa-calendar-alt\"><\/i> 11 March 2024<\/span><\/div><p>Le Collimateur, avec Ulrike FRANKE (ECFR), \u00c9lie TENENBAUM (Ifri), Rym MOMTAZ (IISS), Le Rubicon, 6 f\u00e9vrier 2024 \u00c9couter<\/p><a href=\"https:\/\/ihedn.fr\/en\/veille-strategique\/et-si-trump-revenait-serions-nous-prets\/\" class=\"eael-post-elements-readmore-btn\" >L&#039;\u00e9couter &gt;&gt;<\/a><\/div><\/div><div class=\"eael-post-list-post eael-empty-thumbnail\"><div class=\"eael-post-list-content\"><h3 class=\"eael-post-list-title\"><a href=\"https:\/\/ihedn.fr\/en\/veille-strategique\/missile-proliferation-transparency-and-control\/\" >Missile proliferation, transparency and control<\/a><\/h3><div class=\"meta\"><span class=\"eael-post-published-date\"><i class=\"far fa-calendar-alt\"><\/i> 11 March 2024<\/span><\/div><p>The Arms Control Poseur, avec Emmanuelle MAITRE (FRS), 1er f\u00e9vrier 2024 \u00c9couter<\/p><a href=\"https:\/\/ihedn.fr\/en\/veille-strategique\/missile-proliferation-transparency-and-control\/\" class=\"eael-post-elements-readmore-btn\" >L&#039;\u00e9couter &gt;&gt;<\/a><\/div><\/div><div class=\"eael-post-list-post eael-empty-thumbnail\"><div class=\"eael-post-list-content\"><h3 class=\"eael-post-list-title\"><a href=\"https:\/\/ihedn.fr\/en\/veille-strategique\/vaincre-en-mer-au-21eme-siecle-partie-1-les-principes-de-la-tactique-navale\/\" >Vaincre en mer au 21\u00e8me si\u00e8cle. Partie 1 : Les principes de la tactique navale<\/a><\/h3><div class=\"meta\"><span class=\"eael-post-published-date\"><i class=\"far fa-calendar-alt\"><\/i> 11 March 2024<\/span><\/div><p>ECHO, avec le capitaine de vaisseau Thibault LAVERNHE, 1er f\u00e9vrier 2024 \u00c9couter<\/p><a href=\"https:\/\/ihedn.fr\/en\/veille-strategique\/vaincre-en-mer-au-21eme-siecle-partie-1-les-principes-de-la-tactique-navale\/\" class=\"eael-post-elements-readmore-btn\" >L&#039;\u00e9couter &gt;&gt;<\/a><\/div><\/div><div class=\"eael-post-list-post eael-empty-thumbnail\"><div class=\"eael-post-list-content\"><h3 class=\"eael-post-list-title\"><a href=\"https:\/\/ihedn.fr\/en\/veille-strategique\/les-paix-en-conflit\/\" >Les paix en conflit ?<\/a><\/h3><div class=\"meta\"><span class=\"eael-post-published-date\"><i class=\"far fa-calendar-alt\"><\/i> 11 March 2024<\/span><\/div><p>Institut pour la paix, podcast du colloque organis\u00e9 en octobre 2022 \u00c9couter<\/p><a href=\"https:\/\/ihedn.fr\/en\/veille-strategique\/les-paix-en-conflit\/\" class=\"eael-post-elements-readmore-btn\" >L&#039;\u00e9couter &gt;&gt;<\/a><\/div><\/div><div class=\"eael-post-list-post eael-empty-thumbnail\"><div class=\"eael-post-list-content\"><h3 class=\"eael-post-list-title\"><a href=\"https:\/\/ihedn.fr\/en\/veille-strategique\/mer-rouge-lautre-front-de-la-guerre-au-moyen-orient\/\" >\u00ab Mer rouge : l\u2019autre front de la guerre au Moyen-Orient \u00bb<\/a><\/h3><div class=\"meta\"><span class=\"eael-post-published-date\"><i class=\"far fa-calendar-alt\"><\/i> 2 February 2024<\/span><\/div><p>France Culture, 20 janvier 2024 \u00c9couter<\/p><a href=\"https:\/\/ihedn.fr\/en\/veille-strategique\/mer-rouge-lautre-front-de-la-guerre-au-moyen-orient\/\" class=\"eael-post-elements-readmore-btn\" >L&#039;\u00e9couter &gt;&gt;<\/a><\/div><\/div><div class=\"eael-post-list-post eael-empty-thumbnail\"><div class=\"eael-post-list-content\"><h3 class=\"eael-post-list-title\"><a href=\"https:\/\/ihedn.fr\/en\/veille-strategique\/israel-hamas-faire-la-guerre-par-les-images\/\" >\u00ab Isra\u00ebl-Hamas : Faire la guerre par les images \u00bb<\/a><\/h3><div class=\"meta\"><span class=\"eael-post-published-date\"><i class=\"far fa-calendar-alt\"><\/i> 2 February 2024<\/span><\/div><p>avec Laurence Bindner et Am\u00e9lie Ferey, Le Collimateur, 16 janvier 2024 \u00c9couter<\/p><a href=\"https:\/\/ihedn.fr\/en\/veille-strategique\/israel-hamas-faire-la-guerre-par-les-images\/\" class=\"eael-post-elements-readmore-btn\" >L&#039;\u00e9couter &gt;&gt;<\/a><\/div><\/div><div class=\"eael-post-list-post eael-empty-thumbnail\"><div class=\"eael-post-list-content\"><h3 class=\"eael-post-list-title\"><a href=\"https:\/\/ihedn.fr\/en\/veille-strategique\/kosovo-siege-autour-du-poste-frontiere-dans-le-viseur-61\/\" >\u00ab Kosovo : Si\u00e8ge autour du poste-fronti\u00e8re [Dans le viseur #61] \u00bb<\/a><\/h3><div class=\"meta\"><span class=\"eael-post-published-date\"><i class=\"far fa-calendar-alt\"><\/i> 2 February 2024<\/span><\/div><p>Alexandre Jubelin, Le Collimateur, 12 janvier 2024 \u00c9couter<\/p><a href=\"https:\/\/ihedn.fr\/en\/veille-strategique\/kosovo-siege-autour-du-poste-frontiere-dans-le-viseur-61\/\" class=\"eael-post-elements-readmore-btn\" >L&#039;\u00e9couter &gt;&gt;<\/a><\/div><\/div><div class=\"eael-post-list-post eael-empty-thumbnail\"><div class=\"eael-post-list-content\"><h3 class=\"eael-post-list-title\"><a href=\"https:\/\/ihedn.fr\/en\/veille-strategique\/proche-orient-vers-lembrasement\/\" >\u00ab Proche-Orient : vers l&#8217;embrasement ? \u00bb<\/a><\/h3><div class=\"meta\"><span class=\"eael-post-published-date\"><i class=\"far fa-calendar-alt\"><\/i> 2 February 2024<\/span><\/div><p>avec Georges Malbrunot, Entretiens g\u00e9opo, 11 janvier 2024 \u00c9couter<\/p><a href=\"https:\/\/ihedn.fr\/en\/veille-strategique\/proche-orient-vers-lembrasement\/\" class=\"eael-post-elements-readmore-btn\" >L&#039;\u00e9couter &gt;&gt;<\/a><\/div><\/div><div class=\"eael-post-list-post eael-empty-thumbnail\"><div class=\"eael-post-list-content\"><h3 class=\"eael-post-list-title\"><a href=\"https:\/\/ihedn.fr\/en\/veille-strategique\/mines-et-ied-quand-le-danger-vient-du-sol\/\" >\u00ab Mines et IED : Quand le danger vient du sol \u00bb<\/a><\/h3><div class=\"meta\"><span class=\"eael-post-published-date\"><i class=\"far fa-calendar-alt\"><\/i> 2 February 2024<\/span><\/div><p>avec Isabelle Dufour et St\u00e9phane Audrand, Le Collimateur, 9 janvier 2024 \u00c9couter<\/p><a href=\"https:\/\/ihedn.fr\/en\/veille-strategique\/mines-et-ied-quand-le-danger-vient-du-sol\/\" class=\"eael-post-elements-readmore-btn\" >L&#039;\u00e9couter &gt;&gt;<\/a><\/div><\/div><div class=\"eael-post-list-post eael-empty-thumbnail\"><div class=\"eael-post-list-content\"><h3 class=\"eael-post-list-title\"><a href=\"https:\/\/ihedn.fr\/en\/veille-strategique\/sommes-nous-entres-en-economie-de-guerre-spoiler-non\/\" >\u00ab Sommes-nous entr\u00e9s en \u00ab \u00e9conomie de guerre ? (Spoiler : non) \u00bb<\/a><\/h3><div class=\"meta\"><span class=\"eael-post-published-date\"><i class=\"far fa-calendar-alt\"><\/i> 2 February 2024<\/span><\/div><p>Le Collimateur, avec Am\u00e9lie F\u00e9rey et Renaud Bellais, 2 janvier 2024 \u00c9couter<\/p><a href=\"https:\/\/ihedn.fr\/en\/veille-strategique\/sommes-nous-entres-en-economie-de-guerre-spoiler-non\/\" class=\"eael-post-elements-readmore-btn\" >L&#039;\u00e9couter &gt;&gt;<\/a><\/div><\/div><div class=\"eael-post-list-post eael-empty-thumbnail\"><div class=\"eael-post-list-content\"><h3 class=\"eael-post-list-title\"><a href=\"https:\/\/ihedn.fr\/en\/veille-strategique\/israel-une-offensive-sans-limite-avec-rony-brauman\/\" >\u00ab Isra\u00ebl : une offensive sans limite avec Rony Brauman \u00bb<\/a><\/h3><div class=\"meta\"><span class=\"eael-post-published-date\"><i class=\"far fa-calendar-alt\"><\/i> 2 February 2024<\/span><\/div><p>avec Rony Brauman, Entretiens g\u00e9opo, d\u00e9cembre 2023 \u00c9couter<\/p><a href=\"https:\/\/ihedn.fr\/en\/veille-strategique\/israel-une-offensive-sans-limite-avec-rony-brauman\/\" class=\"eael-post-elements-readmore-btn\" >L&#039;\u00e9couter &gt;&gt;<\/a><\/div><\/div><div class=\"eael-post-list-post eael-empty-thumbnail\"><div class=\"eael-post-list-content\"><h3 class=\"eael-post-list-title\"><a href=\"https:\/\/ihedn.fr\/en\/veille-strategique\/la-realpolitik-appliquee-aux-conflits-actuels\/\" >\u00ab La realpolitik appliqu\u00e9e aux conflits actuels \u00bb<\/a><\/h3><div class=\"meta\"><span class=\"eael-post-published-date\"><i class=\"far fa-calendar-alt\"><\/i> 2 February 2024<\/span><\/div><p>avec G\u00e9rard Araud, Entretiens g\u00e9opo, d\u00e9cembre 2023 \u00c9couter<\/p><a href=\"https:\/\/ihedn.fr\/en\/veille-strategique\/la-realpolitik-appliquee-aux-conflits-actuels\/\" class=\"eael-post-elements-readmore-btn\" >L&#039;\u00e9couter &gt;&gt;<\/a><\/div><\/div><div class=\"eael-post-list-post eael-empty-thumbnail\"><div class=\"eael-post-list-content\"><h3 class=\"eael-post-list-title\"><a href=\"https:\/\/ihedn.fr\/en\/veille-strategique\/geopolitique-des-metaux-le-nouvel-or-noir\/\" >\u00ab G\u00e9opolitique des m\u00e9taux : le nouvel or noir ? \u00bb<\/a><\/h3><div class=\"meta\"><span class=\"eael-post-published-date\"><i class=\"far fa-calendar-alt\"><\/i> 2 February 2024<\/span><\/div><p>avec Emmanuel Hache, Entretiens g\u00e9opo, d\u00e9cembre 2023 \u00c9couter<\/p><a href=\"https:\/\/ihedn.fr\/en\/veille-strategique\/geopolitique-des-metaux-le-nouvel-or-noir\/\" class=\"eael-post-elements-readmore-btn\" >L&#039;\u00e9couter &gt;&gt;<\/a><\/div><\/div><div class=\"eael-post-list-post eael-empty-thumbnail\"><div class=\"eael-post-list-content\"><h3 class=\"eael-post-list-title\"><a href=\"https:\/\/ihedn.fr\/en\/veille-strategique\/triades-la-mafia-chinoise-a-la-conquete-du-monde\/\" >\u00ab Triades &#8211; La mafia chinoise \u00e0 la conqu\u00eate du monde \u00bb<\/a><\/h3><div class=\"meta\"><span class=\"eael-post-published-date\"><i class=\"far fa-calendar-alt\"><\/i> 2 February 2024<\/span><\/div><p>Arte, 26 d\u00e9cembre 2023 (trois \u00e9pisodes) Visionner<\/p><a href=\"https:\/\/ihedn.fr\/en\/veille-strategique\/triades-la-mafia-chinoise-a-la-conquete-du-monde\/\" class=\"eael-post-elements-readmore-btn\" >L&#039;\u00e9couter &gt;&gt;<\/a><\/div><\/div><div class=\"eael-post-list-post eael-empty-thumbnail\"><div class=\"eael-post-list-content\"><h3 class=\"eael-post-list-title\"><a href=\"https:\/\/ihedn.fr\/en\/veille-strategique\/yemen-la-montee-en-puissance-des-houthistes\/\" >\u00ab Y\u00e9men, la mont\u00e9e en puissance des houthistes \u00bb<\/a><\/h3><div class=\"meta\"><span class=\"eael-post-published-date\"><i class=\"far fa-calendar-alt\"><\/i> 2 February 2024<\/span><\/div><p>avec Thomas Juneau, Le Collimateur, 26 d\u00e9cembre 2023 \u00c9couter<\/p><a href=\"https:\/\/ihedn.fr\/en\/veille-strategique\/yemen-la-montee-en-puissance-des-houthistes\/\" class=\"eael-post-elements-readmore-btn\" >L&#039;\u00e9couter &gt;&gt;<\/a><\/div><\/div><div class=\"eael-post-list-post eael-empty-thumbnail\"><div class=\"eael-post-list-content\"><h3 class=\"eael-post-list-title\"><a href=\"https:\/\/ihedn.fr\/en\/veille-strategique\/mafias-et-banques\/\" >\u00ab Mafias et banques \u00bb<\/a><\/h3><div class=\"meta\"><span class=\"eael-post-published-date\"><i class=\"far fa-calendar-alt\"><\/i> 5 January 2024<\/span><\/div><p>Arte, 2023 Visionner<\/p><a href=\"https:\/\/ihedn.fr\/en\/veille-strategique\/mafias-et-banques\/\" class=\"eael-post-elements-readmore-btn\" >L&#039;\u00e9couter &gt;&gt;<\/a><\/div><\/div><div class=\"eael-post-list-post eael-empty-thumbnail\"><div class=\"eael-post-list-content\"><h3 class=\"eael-post-list-title\"><a href=\"https:\/\/ihedn.fr\/en\/veille-strategique\/la-longue-guerre-iran-israel-usa\/\" >\u00ab La longue guerre Iran-Isra\u00ebl-USA \u00bb<\/a><\/h3><div class=\"meta\"><span class=\"eael-post-published-date\"><i class=\"far fa-calendar-alt\"><\/i> 5 January 2024<\/span><\/div><p>Arte, 2023 Visionner<\/p><a href=\"https:\/\/ihedn.fr\/en\/veille-strategique\/la-longue-guerre-iran-israel-usa\/\" class=\"eael-post-elements-readmore-btn\" >L&#039;\u00e9couter &gt;&gt;<\/a><\/div><\/div><div class=\"eael-post-list-post eael-empty-thumbnail\"><div class=\"eael-post-list-content\"><h3 class=\"eael-post-list-title\"><a href=\"https:\/\/ihedn.fr\/en\/veille-strategique\/la-bataille-de-jerusalem\/\" >\u00ab La bataille de J\u00e9rusalem \u00bb<\/a><\/h3><div class=\"meta\"><span class=\"eael-post-published-date\"><i class=\"far fa-calendar-alt\"><\/i> 5 January 2024<\/span><\/div><p>Arte, 2023 Visionner<\/p><a href=\"https:\/\/ihedn.fr\/en\/veille-strategique\/la-bataille-de-jerusalem\/\" class=\"eael-post-elements-readmore-btn\" >L&#039;\u00e9couter &gt;&gt;<\/a><\/div><\/div><div class=\"eael-post-list-post eael-empty-thumbnail\"><div class=\"eael-post-list-content\"><h3 class=\"eael-post-list-title\"><a href=\"https:\/\/ihedn.fr\/en\/veille-strategique\/gaza-quelles-recompositions-politiques-et-geopolitiques\/\" >\u00ab Gaza : quelles recompositions politiques et g\u00e9opolitiques ? \u00bb<\/a><\/h3><div class=\"meta\"><span class=\"eael-post-published-date\"><i class=\"far fa-calendar-alt\"><\/i> 5 January 2024<\/span><\/div><p>Avec :\u00a0 \u00a0Joan DEAS \u00a0Entretiens g\u00e9opo, 24 novembre 2023 \u00c9couter<\/p><a href=\"https:\/\/ihedn.fr\/en\/veille-strategique\/gaza-quelles-recompositions-politiques-et-geopolitiques\/\" class=\"eael-post-elements-readmore-btn\" >L&#039;\u00e9couter &gt;&gt;<\/a><\/div><\/div><\/div><\/div>\n\t\t<\/div>\t\t\t\t<\/div>\n\t\t\t\t<\/div>\n\t\t\t\t\t<\/div>\n\t\t<\/div>\n\t\t\t\t\t<\/div>\n\t\t<\/section>\n\t\t\t\t<\/div>\n\t\t","protected":false},"excerpt":{"rendered":"<p>les podcasts Quelle est la strat\u00e9gie de la France ? 6 janvier 2023 Le Collimateur avec Elie TENENBAUM (IFRI), Tara VARMA (ECFR), Isabelle DUFOUR (Eurocrise), IRSEM. L&#039;\u00e9couter &gt;&gt; Vendre son arme au diable ?Pourquoi le commerce mondial des armes est-il devenu un commerce aussi florissant, par son importance \u00e0 la fois diplomatique et \u00e9conomique ? [&hellip;]<\/p>\n","protected":false},"author":1,"featured_media":0,"parent":469,"menu_order":0,"comment_status":"closed","ping_status":"closed","template":"","meta":{"footnotes":""},"class_list":["post-920","page","type-page","status-publish","hentry"],"yoast_head":"<!-- This site is optimized with the Yoast SEO plugin v27.5 - https:\/\/yoast.com\/product\/yoast-seo-wordpress\/ -->\n<title>Les podcasts - L&#039;IHEDN : Institut des hautes \u00e9tudes de d\u00e9fense nationale<\/title>\n<meta name=\"robots\" content=\"index, follow, max-snippet:-1, max-image-preview:large, max-video-preview:-1\" \/>\n<link rel=\"canonical\" href=\"https:\/\/ihedn.fr\/en\/publications\/podcasts\/\" \/>\n<meta property=\"og:locale\" content=\"en_GB\" \/>\n<meta property=\"og:type\" content=\"article\" \/>\n<meta property=\"og:title\" content=\"Les podcasts - L&#039;IHEDN : Institut des hautes \u00e9tudes de d\u00e9fense nationale\" \/>\n<meta property=\"og:description\" content=\"les podcasts Quelle est la strat\u00e9gie de la France ? 6 janvier 2023 Le Collimateur avec Elie TENENBAUM (IFRI), Tara VARMA (ECFR), Isabelle DUFOUR (Eurocrise), IRSEM. L&#039;\u00e9couter &gt;&gt; Vendre son arme au diable ?Pourquoi le commerce mondial des armes est-il devenu un commerce aussi florissant, par son importance \u00e0 la fois diplomatique et \u00e9conomique ? [&hellip;]\" \/>\n<meta property=\"og:url\" content=\"https:\/\/ihedn.fr\/en\/publications\/podcasts\/\" \/>\n<meta property=\"og:site_name\" content=\"L&#039;IHEDN : Institut des hautes \u00e9tudes de d\u00e9fense nationale\" \/>\n<meta property=\"article:publisher\" content=\"https:\/\/www.facebook.com\/ihedn\/\" \/>\n<meta property=\"article:modified_time\" content=\"2023-01-06T14:10:06+00:00\" \/>\n<meta name=\"twitter:card\" content=\"summary_large_image\" \/>\n<meta name=\"twitter:site\" content=\"@IHEDN\" \/>\n<meta name=\"twitter:label1\" content=\"Estimated reading time\" \/>\n\t<meta name=\"twitter:data1\" content=\"3 minutes\" \/>\n<script type=\"application\/ld+json\" class=\"yoast-schema-graph\">{\"@context\":\"https:\\\/\\\/schema.org\",\"@graph\":[{\"@type\":\"WebPage\",\"@id\":\"https:\\\/\\\/ihedn.fr\\\/publications\\\/podcasts\\\/\",\"url\":\"https:\\\/\\\/ihedn.fr\\\/publications\\\/podcasts\\\/\",\"name\":\"Les podcasts - L&#039;IHEDN : Institut des hautes \u00e9tudes de d\u00e9fense nationale\",\"isPartOf\":{\"@id\":\"https:\\\/\\\/ihedn.fr\\\/#website\"},\"datePublished\":\"2022-11-30T02:00:43+00:00\",\"dateModified\":\"2023-01-06T14:10:06+00:00\",\"breadcrumb\":{\"@id\":\"https:\\\/\\\/ihedn.fr\\\/publications\\\/podcasts\\\/#breadcrumb\"},\"inLanguage\":\"en-GB\",\"potentialAction\":[{\"@type\":\"ReadAction\",\"target\":[\"https:\\\/\\\/ihedn.fr\\\/publications\\\/podcasts\\\/\"]}]},{\"@type\":\"BreadcrumbList\",\"@id\":\"https:\\\/\\\/ihedn.fr\\\/publications\\\/podcasts\\\/#breadcrumb\",\"itemListElement\":[{\"@type\":\"ListItem\",\"position\":1,\"name\":\"Accueil\",\"item\":\"https:\\\/\\\/ihedn.fr\\\/\"},{\"@type\":\"ListItem\",\"position\":2,\"name\":\"Publications\",\"item\":\"https:\\\/\\\/ihedn.fr\\\/publications\\\/\"},{\"@type\":\"ListItem\",\"position\":3,\"name\":\"Les podcasts\"}]},{\"@type\":\"WebSite\",\"@id\":\"https:\\\/\\\/ihedn.fr\\\/#website\",\"url\":\"https:\\\/\\\/ihedn.fr\\\/\",\"name\":\"IHEDN : Institut des hautes \u00e9tudes de d\u00e9fense nationale |\",\"description\":\"Site officiel de l&#039;IHEDN plac\u00e9 sous la tutelle du Premier ministre.\",\"publisher\":{\"@id\":\"https:\\\/\\\/ihedn.fr\\\/#organization\"},\"potentialAction\":[{\"@type\":\"SearchAction\",\"target\":{\"@type\":\"EntryPoint\",\"urlTemplate\":\"https:\\\/\\\/ihedn.fr\\\/?s={search_term_string}\"},\"query-input\":{\"@type\":\"PropertyValueSpecification\",\"valueRequired\":true,\"valueName\":\"search_term_string\"}}],\"inLanguage\":\"en-GB\"},{\"@type\":\"Organization\",\"@id\":\"https:\\\/\\\/ihedn.fr\\\/#organization\",\"name\":\"IHEDN - Institut des Hautes Etudes de D\u00e9fense Nationale\",\"url\":\"https:\\\/\\\/ihedn.fr\\\/\",\"logo\":{\"@type\":\"ImageObject\",\"inLanguage\":\"en-GB\",\"@id\":\"https:\\\/\\\/ihedn.fr\\\/#\\\/schema\\\/logo\\\/image\\\/\",\"url\":\"https:\\\/\\\/ihedn.fr\\\/wp-content\\\/uploads\\\/2020\\\/11\\\/BLOC_RF_IHEDN_WEB.png\",\"contentUrl\":\"https:\\\/\\\/ihedn.fr\\\/wp-content\\\/uploads\\\/2020\\\/11\\\/BLOC_RF_IHEDN_WEB.png\",\"width\":500,\"height\":237,\"caption\":\"IHEDN - Institut des Hautes Etudes de D\u00e9fense Nationale\"},\"image\":{\"@id\":\"https:\\\/\\\/ihedn.fr\\\/#\\\/schema\\\/logo\\\/image\\\/\"},\"sameAs\":[\"https:\\\/\\\/www.facebook.com\\\/ihedn\\\/\",\"https:\\\/\\\/x.com\\\/IHEDN\",\"https:\\\/\\\/www.instagram.com\\\/ihedn\\\/\",\"https:\\\/\\\/www.linkedin.com\\\/school\\\/ihedn\\\/\",\"https:\\\/\\\/fr.wikipedia.org\\\/wiki\\\/Institut_des_hautes_\u00e9tudes_de_D\u00e9fense_nationale\"]}]}<\/script>\n<!-- \/ Yoast SEO plugin. -->","yoast_head_json":{"title":"Podcasts - IHEDN: Institut des hautes \u00e9tudes de d\u00e9fense nationale (French Institute for Advanced National Defence Studies)","robots":{"index":"index","follow":"follow","max-snippet":"max-snippet:-1","max-image-preview":"max-image-preview:large","max-video-preview":"max-video-preview:-1"},"canonical":"https:\/\/ihedn.fr\/en\/publications\/podcasts\/","og_locale":"en_GB","og_type":"article","og_title":"Les podcasts - L&#039;IHEDN : Institut des hautes \u00e9tudes de d\u00e9fense nationale","og_description":"les podcasts Quelle est la strat\u00e9gie de la France ? 6 janvier 2023 Le Collimateur avec Elie TENENBAUM (IFRI), Tara VARMA (ECFR), Isabelle DUFOUR (Eurocrise), IRSEM. L&#039;\u00e9couter &gt;&gt; Vendre son arme au diable ?Pourquoi le commerce mondial des armes est-il devenu un commerce aussi florissant, par son importance \u00e0 la fois diplomatique et \u00e9conomique ? [&hellip;]","og_url":"https:\/\/ihedn.fr\/en\/publications\/podcasts\/","og_site_name":"L&#039;IHEDN : Institut des hautes \u00e9tudes de d\u00e9fense nationale","article_publisher":"https:\/\/www.facebook.com\/ihedn\/","article_modified_time":"2023-01-06T14:10:06+00:00","twitter_card":"summary_large_image","twitter_site":"@IHEDN","twitter_misc":{"Estimated reading time":"3 minutes"},"schema":{"@context":"https:\/\/schema.org","@graph":[{"@type":"WebPage","@id":"https:\/\/ihedn.fr\/publications\/podcasts\/","url":"https:\/\/ihedn.fr\/publications\/podcasts\/","name":"Podcasts - IHEDN: Institut des hautes \u00e9tudes de d\u00e9fense nationale (French Institute for Advanced National Defence Studies)","isPartOf":{"@id":"https:\/\/ihedn.fr\/#website"},"datePublished":"2022-11-30T02:00:43+00:00","dateModified":"2023-01-06T14:10:06+00:00","breadcrumb":{"@id":"https:\/\/ihedn.fr\/publications\/podcasts\/#breadcrumb"},"inLanguage":"en-GB","potentialAction":[{"@type":"ReadAction","target":["https:\/\/ihedn.fr\/publications\/podcasts\/"]}]},{"@type":"BreadcrumbList","@id":"https:\/\/ihedn.fr\/publications\/podcasts\/#breadcrumb","itemListElement":[{"@type":"ListItem","position":1,"name":"Accueil","item":"https:\/\/ihedn.fr\/"},{"@type":"ListItem","position":2,"name":"Publications","item":"https:\/\/ihedn.fr\/publications\/"},{"@type":"ListItem","position":3,"name":"Les podcasts"}]},{"@type":"WebSite","@id":"https:\/\/ihedn.fr\/#website","url":"https:\/\/ihedn.fr\/","name":"IHEDN: Institut des hautes \u00e9tudes de d\u00e9fense nationale (Institute for Higher National Defence Studies)","description":"Official website of the IHEDN under the supervision of the Prime Minister.","publisher":{"@id":"https:\/\/ihedn.fr\/#organization"},"potentialAction":[{"@type":"SearchAction","target":{"@type":"EntryPoint","urlTemplate":"https:\/\/ihedn.fr\/?s={search_term_string}"},"query-input":{"@type":"PropertyValueSpecification","valueRequired":true,"valueName":"search_term_string"}}],"inLanguage":"en-GB"},{"@type":"Organization","@id":"https:\/\/ihedn.fr\/#organization","name":"IHEDN - Institute for Higher National Defence Studies","url":"https:\/\/ihedn.fr\/","logo":{"@type":"ImageObject","inLanguage":"en-GB","@id":"https:\/\/ihedn.fr\/#\/schema\/logo\/image\/","url":"https:\/\/ihedn.fr\/wp-content\/uploads\/2020\/11\/BLOC_RF_IHEDN_WEB.png","contentUrl":"https:\/\/ihedn.fr\/wp-content\/uploads\/2020\/11\/BLOC_RF_IHEDN_WEB.png","width":500,"height":237,"caption":"IHEDN - Institut des Hautes Etudes de D\u00e9fense Nationale"},"image":{"@id":"https:\/\/ihedn.fr\/#\/schema\/logo\/image\/"},"sameAs":["https:\/\/www.facebook.com\/ihedn\/","https:\/\/x.com\/IHEDN","https:\/\/www.instagram.com\/ihedn\/","https:\/\/www.linkedin.com\/school\/ihedn\/","https:\/\/fr.wikipedia.org\/wiki\/Institut_des_hautes_\u00e9tudes_de_D\u00e9fense_nationale"]}]}},"publishpress_future_action":{"enabled":false,"date":"2026-05-07 18:13:54","action":"change-status","newStatus":"draft","terms":[],"taxonomy":"","extraData":[]},"publishpress_future_workflow_manual_trigger":{"enabledWorkflows":[]},"_links":{"self":[{"href":"https:\/\/ihedn.fr\/en\/wp-json\/wp\/v2\/pages\/920","targetHints":{"allow":["GET"]}}],"collection":[{"href":"https:\/\/ihedn.fr\/en\/wp-json\/wp\/v2\/pages"}],"about":[{"href":"https:\/\/ihedn.fr\/en\/wp-json\/wp\/v2\/types\/page"}],"author":[{"embeddable":true,"href":"https:\/\/ihedn.fr\/en\/wp-json\/wp\/v2\/users\/1"}],"replies":[{"embeddable":true,"href":"https:\/\/ihedn.fr\/en\/wp-json\/wp\/v2\/comments?post=920"}],"version-history":[{"count":28,"href":"https:\/\/ihedn.fr\/en\/wp-json\/wp\/v2\/pages\/920\/revisions"}],"predecessor-version":[{"id":32293,"href":"https:\/\/ihedn.fr\/en\/wp-json\/wp\/v2\/pages\/920\/revisions\/32293"}],"up":[{"embeddable":true,"href":"https:\/\/ihedn.fr\/en\/wp-json\/wp\/v2\/pages\/469"}],"wp:attachment":[{"href":"https:\/\/ihedn.fr\/en\/wp-json\/wp\/v2\/media?parent=920"}],"curies":[{"name":"wp","href":"https:\/\/api.w.org\/{rel}","templated":true}]}}